{"id":1204,"date":"2025-06-10T17:12:21","date_gmt":"2025-06-10T14:12:21","guid":{"rendered":"https:\/\/vanavorumaamuuseumid.ee\/?post_type=karilatsi-naitus&#038;p=1204"},"modified":"2025-10-16T14:18:52","modified_gmt":"2025-10-16T11:18:52","slug":"hooajanaitus-kula-laul-ja-hall-lindas","status":"publish","type":"karilatsi-naitus","link":"https:\/\/vanavorumaamuuseumid.ee\/vo\/karilatsi-naitus\/hooajanaitus-kula-laul-ja-hall-lindas\/","title":{"rendered":"Hooajan\u00e4itus &#8220;K\u00fcl\u00e4 laul ja h\u00e4ll lindas&#8221;"},"content":{"rendered":"<p><\/p>\n\n\n\n<p><\/p>\n\n\n\n<div class=\"wp-block-media-text is-stacked-on-mobile\"><figure class=\"wp-block-media-text__media\"><img decoding=\"async\" width=\"1024\" height=\"768\" src=\"https:\/\/vanavorumaamuuseumid.ee\/wp-content\/uploads\/2025\/06\/kooli-uksele-1024x768.jpg\" alt=\"\" class=\"wp-image-3034 size-full\" srcset=\"https:\/\/vanavorumaamuuseumid.ee\/wp-content\/uploads\/2025\/06\/kooli-uksele-980x735.jpg 980w, https:\/\/vanavorumaamuuseumid.ee\/wp-content\/uploads\/2025\/06\/kooli-uksele-480x360.jpg 480w\" sizes=\"(min-width: 0px) and (max-width: 480px) 480px, (min-width: 481px) and (max-width: 980px) 980px, (min-width: 981px) 1024px, 100vw\" \/><\/figure><div class=\"wp-block-media-text__content\">\n<p>Karilatsi Vaba\u00f5humuuseumi hooajan\u00e4itus \u201eK\u00fcl\u00e4 laul ja h\u00e4ll lindas\u201c (eesti k: &#8220;K\u00fcla laulab ja kiik lendab&#8221;) v\u00f5imaldab heita pilgu sellele, kuidas maarahvas 19.\u201320. sajandi vahetusel vaba aega veetis. Vana-V\u00f5romaa rahva jaoks olid toona k\u00f5ige olulisemad kogunemis- ja meelelahutuspaigad k\u00f5rtsid, k\u00fclavainud, laadaplatsid ja talgud. Ent need polnud ka pelgalt ajaviitekohad, vaid kujunesid omamoodi sotsiaalseteks keskusteks, kus meelelahutusega p\u00f5imusid t\u00f6\u00f6, kaubandus- ja kogukondlik elu. Sellised kokkusaamised aitasid tugevdada k\u00fclaidentiteeti, v\u00f5imaldasid infot vahetada ja pakkusid koostegevuse k\u00f5rval v\u00f5imalust argimuredest vabaneda.<\/p>\n<\/div><\/div>","protected":false},"featured_media":4184,"template":"","class_list":["post-1204","karilatsi-naitus","type-karilatsi-naitus","status-publish","has-post-thumbnail","hentry"],"acf":[],"yoast_head":"<!-- This site is optimized with the Yoast SEO plugin v27.4 - https:\/\/yoast.com\/product\/yoast-seo-wordpress\/ -->\n<title>Hooajan\u00e4itus &quot;K\u00fcl\u00e4 laul ja h\u00e4ll lindas&quot; - Vana-V\u00f5rumaa muuseumid<\/title>\n<meta name=\"robots\" content=\"index, follow, max-snippet:-1, max-image-preview:large, max-video-preview:-1\" \/>\n<link rel=\"canonical\" href=\"https:\/\/vanavorumaamuuseumid.ee\/vo\/karilatsi-naitus\/hooajanaitus-kula-laul-ja-hall-lindas\/\" \/>\n<meta property=\"og:locale\" content=\"en_US\" \/>\n<meta property=\"og:type\" content=\"article\" \/>\n<meta property=\"og:title\" content=\"Hooajan\u00e4itus &quot;K\u00fcl\u00e4 laul ja h\u00e4ll lindas&quot; - Vana-V\u00f5rumaa muuseumid\" \/>\n<meta property=\"og:description\" content=\"Karilatsi Vaba\u00f5humuuseumi hooajan\u00e4itus \u201eK\u00fcl\u00e4 laul ja h\u00e4ll lindas\u201c (eesti k: &#8220;K\u00fcla laulab [&hellip;]\" \/>\n<meta property=\"og:url\" content=\"https:\/\/vanavorumaamuuseumid.ee\/vo\/karilatsi-naitus\/hooajanaitus-kula-laul-ja-hall-lindas\/\" \/>\n<meta property=\"og:site_name\" content=\"Vana-V\u00f5rumaa muuseumid\" \/>\n<meta property=\"article:modified_time\" content=\"2025-10-16T11:18:52+00:00\" \/>\n<meta property=\"og:image\" content=\"https:\/\/vanavorumaamuuseumid.ee\/wp-content\/uploads\/2025\/06\/laadapildistaja.jpg\" \/>\n\t<meta property=\"og:image:width\" content=\"2040\" \/>\n\t<meta property=\"og:image:height\" content=\"1530\" \/>\n\t<meta property=\"og:image:type\" content=\"image\/jpeg\" \/>\n<meta name=\"twitter:card\" content=\"summary_large_image\" \/>\n<meta name=\"twitter:label1\" content=\"Est. reading time\" \/>\n\t<meta name=\"twitter:data1\" content=\"1 minute\" \/>\n<script type=\"application\/ld+json\" class=\"yoast-schema-graph\">{\"@context\":\"https:\\\/\\\/schema.org\",\"@graph\":[{\"@type\":\"WebPage\",\"@id\":\"https:\\\/\\\/vanavorumaamuuseumid.ee\\\/karilatsi-naitus\\\/hooajanaitus-kula-laul-ja-hall-lindas\\\/\",\"url\":\"https:\\\/\\\/vanavorumaamuuseumid.ee\\\/karilatsi-naitus\\\/hooajanaitus-kula-laul-ja-hall-lindas\\\/\",\"name\":\"Hooajan\u00e4itus \\\"K\u00fcl\u00e4 laul ja h\u00e4ll lindas\\\" - Vana-V\u00f5rumaa muuseumid\",\"isPartOf\":{\"@id\":\"https:\\\/\\\/vanavorumaamuuseumid.ee\\\/#website\"},\"primaryImageOfPage\":{\"@id\":\"https:\\\/\\\/vanavorumaamuuseumid.ee\\\/karilatsi-naitus\\\/hooajanaitus-kula-laul-ja-hall-lindas\\\/#primaryimage\"},\"image\":{\"@id\":\"https:\\\/\\\/vanavorumaamuuseumid.ee\\\/karilatsi-naitus\\\/hooajanaitus-kula-laul-ja-hall-lindas\\\/#primaryimage\"},\"thumbnailUrl\":\"https:\\\/\\\/vanavorumaamuuseumid.ee\\\/wp-content\\\/uploads\\\/2025\\\/06\\\/laadapildistaja.jpg\",\"datePublished\":\"2025-06-10T14:12:21+00:00\",\"dateModified\":\"2025-10-16T11:18:52+00:00\",\"breadcrumb\":{\"@id\":\"https:\\\/\\\/vanavorumaamuuseumid.ee\\\/karilatsi-naitus\\\/hooajanaitus-kula-laul-ja-hall-lindas\\\/#breadcrumb\"},\"inLanguage\":\"vo\",\"potentialAction\":[{\"@type\":\"ReadAction\",\"target\":[\"https:\\\/\\\/vanavorumaamuuseumid.ee\\\/karilatsi-naitus\\\/hooajanaitus-kula-laul-ja-hall-lindas\\\/\"]}]},{\"@type\":\"ImageObject\",\"inLanguage\":\"vo\",\"@id\":\"https:\\\/\\\/vanavorumaamuuseumid.ee\\\/karilatsi-naitus\\\/hooajanaitus-kula-laul-ja-hall-lindas\\\/#primaryimage\",\"url\":\"https:\\\/\\\/vanavorumaamuuseumid.ee\\\/wp-content\\\/uploads\\\/2025\\\/06\\\/laadapildistaja.jpg\",\"contentUrl\":\"https:\\\/\\\/vanavorumaamuuseumid.ee\\\/wp-content\\\/uploads\\\/2025\\\/06\\\/laadapildistaja.jpg\",\"width\":2040,\"height\":1530},{\"@type\":\"BreadcrumbList\",\"@id\":\"https:\\\/\\\/vanavorumaamuuseumid.ee\\\/karilatsi-naitus\\\/hooajanaitus-kula-laul-ja-hall-lindas\\\/#breadcrumb\",\"itemListElement\":[{\"@type\":\"ListItem\",\"position\":1,\"name\":\"Home\",\"item\":\"https:\\\/\\\/vanavorumaamuuseumid.ee\\\/\"},{\"@type\":\"ListItem\",\"position\":2,\"name\":\"Hooajan\u00e4itus &#8220;K\u00fcl\u00e4 laul ja h\u00e4ll lindas&#8221;\"}]},{\"@type\":\"WebSite\",\"@id\":\"https:\\\/\\\/vanavorumaamuuseumid.ee\\\/#website\",\"url\":\"https:\\\/\\\/vanavorumaamuuseumid.ee\\\/\",\"name\":\"Vana-V\u00f5rumaa Muuseumid\",\"description\":\"V\u00f5rumaa Muuseum, Dr. Fr. R. Kreutzwaldi Memoriaalmuuseum, M\u00f5niste Talurahvamuuseum ja Karilatsi Vaba\u00f5humuuseum\",\"publisher\":{\"@id\":\"https:\\\/\\\/vanavorumaamuuseumid.ee\\\/#organization\"},\"potentialAction\":[{\"@type\":\"SearchAction\",\"target\":{\"@type\":\"EntryPoint\",\"urlTemplate\":\"https:\\\/\\\/vanavorumaamuuseumid.ee\\\/?s={search_term_string}\"},\"query-input\":{\"@type\":\"PropertyValueSpecification\",\"valueRequired\":true,\"valueName\":\"search_term_string\"}}],\"inLanguage\":\"vo\"},{\"@type\":\"Organization\",\"@id\":\"https:\\\/\\\/vanavorumaamuuseumid.ee\\\/#organization\",\"name\":\"V\u00f5ru Instituut\",\"url\":\"https:\\\/\\\/vanavorumaamuuseumid.ee\\\/\",\"logo\":{\"@type\":\"ImageObject\",\"inLanguage\":\"vo\",\"@id\":\"https:\\\/\\\/vanavorumaamuuseumid.ee\\\/#\\\/schema\\\/logo\\\/image\\\/\",\"url\":\"https:\\\/\\\/vanavorumaamuuseumid.ee\\\/wp-content\\\/uploads\\\/2025\\\/05\\\/vana-voromaa-muusoumi-250516.svg\",\"contentUrl\":\"https:\\\/\\\/vanavorumaamuuseumid.ee\\\/wp-content\\\/uploads\\\/2025\\\/05\\\/vana-voromaa-muusoumi-250516.svg\",\"width\":567,\"height\":80,\"caption\":\"V\u00f5ru Instituut\"},\"image\":{\"@id\":\"https:\\\/\\\/vanavorumaamuuseumid.ee\\\/#\\\/schema\\\/logo\\\/image\\\/\"}}]}<\/script>\n<!-- \/ Yoast SEO plugin. -->","yoast_head_json":{"title":"Hooajan\u00e4itus \"K\u00fcl\u00e4 laul ja h\u00e4ll lindas\" - Vana-V\u00f5rumaa muuseumid","robots":{"index":"index","follow":"follow","max-snippet":"max-snippet:-1","max-image-preview":"max-image-preview:large","max-video-preview":"max-video-preview:-1"},"canonical":"https:\/\/vanavorumaamuuseumid.ee\/vo\/karilatsi-naitus\/hooajanaitus-kula-laul-ja-hall-lindas\/","og_locale":"en_US","og_type":"article","og_title":"Hooajan\u00e4itus \"K\u00fcl\u00e4 laul ja h\u00e4ll lindas\" - Vana-V\u00f5rumaa muuseumid","og_description":"Karilatsi Vaba\u00f5humuuseumi hooajan\u00e4itus \u201eK\u00fcl\u00e4 laul ja h\u00e4ll lindas\u201c (eesti k: &#8220;K\u00fcla laulab [&hellip;]","og_url":"https:\/\/vanavorumaamuuseumid.ee\/vo\/karilatsi-naitus\/hooajanaitus-kula-laul-ja-hall-lindas\/","og_site_name":"Vana-V\u00f5rumaa muuseumid","article_modified_time":"2025-10-16T11:18:52+00:00","og_image":[{"width":2040,"height":1530,"url":"https:\/\/vanavorumaamuuseumid.ee\/wp-content\/uploads\/2025\/06\/laadapildistaja.jpg","type":"image\/jpeg"}],"twitter_card":"summary_large_image","twitter_misc":{"Est. reading time":"1 minute"},"schema":{"@context":"https:\/\/schema.org","@graph":[{"@type":"WebPage","@id":"https:\/\/vanavorumaamuuseumid.ee\/karilatsi-naitus\/hooajanaitus-kula-laul-ja-hall-lindas\/","url":"https:\/\/vanavorumaamuuseumid.ee\/karilatsi-naitus\/hooajanaitus-kula-laul-ja-hall-lindas\/","name":"Hooajan\u00e4itus \"K\u00fcl\u00e4 laul ja h\u00e4ll lindas\" - Vana-V\u00f5rumaa muuseumid","isPartOf":{"@id":"https:\/\/vanavorumaamuuseumid.ee\/#website"},"primaryImageOfPage":{"@id":"https:\/\/vanavorumaamuuseumid.ee\/karilatsi-naitus\/hooajanaitus-kula-laul-ja-hall-lindas\/#primaryimage"},"image":{"@id":"https:\/\/vanavorumaamuuseumid.ee\/karilatsi-naitus\/hooajanaitus-kula-laul-ja-hall-lindas\/#primaryimage"},"thumbnailUrl":"https:\/\/vanavorumaamuuseumid.ee\/wp-content\/uploads\/2025\/06\/laadapildistaja.jpg","datePublished":"2025-06-10T14:12:21+00:00","dateModified":"2025-10-16T11:18:52+00:00","breadcrumb":{"@id":"https:\/\/vanavorumaamuuseumid.ee\/karilatsi-naitus\/hooajanaitus-kula-laul-ja-hall-lindas\/#breadcrumb"},"inLanguage":"vo","potentialAction":[{"@type":"ReadAction","target":["https:\/\/vanavorumaamuuseumid.ee\/karilatsi-naitus\/hooajanaitus-kula-laul-ja-hall-lindas\/"]}]},{"@type":"ImageObject","inLanguage":"vo","@id":"https:\/\/vanavorumaamuuseumid.ee\/karilatsi-naitus\/hooajanaitus-kula-laul-ja-hall-lindas\/#primaryimage","url":"https:\/\/vanavorumaamuuseumid.ee\/wp-content\/uploads\/2025\/06\/laadapildistaja.jpg","contentUrl":"https:\/\/vanavorumaamuuseumid.ee\/wp-content\/uploads\/2025\/06\/laadapildistaja.jpg","width":2040,"height":1530},{"@type":"BreadcrumbList","@id":"https:\/\/vanavorumaamuuseumid.ee\/karilatsi-naitus\/hooajanaitus-kula-laul-ja-hall-lindas\/#breadcrumb","itemListElement":[{"@type":"ListItem","position":1,"name":"Home","item":"https:\/\/vanavorumaamuuseumid.ee\/"},{"@type":"ListItem","position":2,"name":"Hooajan\u00e4itus &#8220;K\u00fcl\u00e4 laul ja h\u00e4ll lindas&#8221;"}]},{"@type":"WebSite","@id":"https:\/\/vanavorumaamuuseumid.ee\/#website","url":"https:\/\/vanavorumaamuuseumid.ee\/","name":"Vana-V\u00f5rumaa Muuseumid","description":"V\u00f5rumaa Muuseum, Dr. Fr. R. Kreutzwaldi Memoriaalmuuseum, M\u00f5niste Talurahvamuuseum ja Karilatsi Vaba\u00f5humuuseum","publisher":{"@id":"https:\/\/vanavorumaamuuseumid.ee\/#organization"},"potentialAction":[{"@type":"SearchAction","target":{"@type":"EntryPoint","urlTemplate":"https:\/\/vanavorumaamuuseumid.ee\/?s={search_term_string}"},"query-input":{"@type":"PropertyValueSpecification","valueRequired":true,"valueName":"search_term_string"}}],"inLanguage":"vo"},{"@type":"Organization","@id":"https:\/\/vanavorumaamuuseumid.ee\/#organization","name":"V\u00f5ru Instituut","url":"https:\/\/vanavorumaamuuseumid.ee\/","logo":{"@type":"ImageObject","inLanguage":"vo","@id":"https:\/\/vanavorumaamuuseumid.ee\/#\/schema\/logo\/image\/","url":"https:\/\/vanavorumaamuuseumid.ee\/wp-content\/uploads\/2025\/05\/vana-voromaa-muusoumi-250516.svg","contentUrl":"https:\/\/vanavorumaamuuseumid.ee\/wp-content\/uploads\/2025\/05\/vana-voromaa-muusoumi-250516.svg","width":567,"height":80,"caption":"V\u00f5ru Instituut"},"image":{"@id":"https:\/\/vanavorumaamuuseumid.ee\/#\/schema\/logo\/image\/"}}]}},"_links":{"self":[{"href":"https:\/\/vanavorumaamuuseumid.ee\/vo\/wp-json\/wp\/v2\/karilatsi-naitus\/1204","targetHints":{"allow":["GET"]}}],"collection":[{"href":"https:\/\/vanavorumaamuuseumid.ee\/vo\/wp-json\/wp\/v2\/karilatsi-naitus"}],"about":[{"href":"https:\/\/vanavorumaamuuseumid.ee\/vo\/wp-json\/wp\/v2\/types\/karilatsi-naitus"}],"wp:featuredmedia":[{"embeddable":true,"href":"https:\/\/vanavorumaamuuseumid.ee\/vo\/wp-json\/wp\/v2\/media\/4184"}],"wp:attachment":[{"href":"https:\/\/vanavorumaamuuseumid.ee\/vo\/wp-json\/wp\/v2\/media?parent=1204"}],"curies":[{"name":"wp","href":"https:\/\/api.w.org\/{rel}","templated":true}]}}