{"id":4175,"date":"2025-10-16T12:53:36","date_gmt":"2025-10-16T09:53:36","guid":{"rendered":"https:\/\/vanavorumaamuuseumid.ee\/?post_type=karilatsi-naitus&#038;p=4175"},"modified":"2025-10-29T09:24:36","modified_gmt":"2025-10-29T07:24:36","slug":"pusinaitus-kuke-kannul-kooliteel","status":"publish","type":"karilatsi-naitus","link":"https:\/\/vanavorumaamuuseumid.ee\/vo\/karilatsi-naitus\/pusinaitus-kuke-kannul-kooliteel\/","title":{"rendered":"Alalin\u00f5 n\u00e4\u00fct\u00fcs \u201eKikas kuts\u00f5 koolitarr\u00f5\u201c"},"content":{"rendered":"<figure class=\"wp-block-image alignright\"><img decoding=\"async\" src=\"https:\/\/karilatsimuuseum.ee\/wp-content\/uploads\/2019\/12\/kuke-n%C3%A4itus-300x199.jpg\" alt=\"\" class=\"wp-image-1857\"\/><\/figure>\n\n\n\n<p>Innemb\u00e4dse Karilatsi algkooli edim\u00e4dse k\u00f5rra p\u00e4\u00e4l uut k\u00fcl\u00e4liisi v\u00e4ll\u00e4pan\u00f5k, mi\u00e4 n\u00e4\u00fct\u00e4s\nkooliello ja pakk \u00fctek\u00f5rraga nii \u00e4rtundmis\u00f5r\u00f5\u00f5mu ku ka vahtsit tiidmiisi.<\/p>\n\n\n\n<p>Klassitar\u00f5 om sisse s\u00e4et 20. aastagasaa edim\u00e4dse pool\u00f5 vaimun: klapp\u00f5ga koolipingi,\nkriiditahvli, oppaja kantsli ni harmoonium. Klassitar\u00f5 k\u00f5rvalt saa hiili ka koolipapa eloruum\u00f5.<\/p>\n\n\n\n<p>N\u00e4\u00fct\u00fcs \u201eKikas kuts\u00f5 koolitarr\u00f5\u201c lask tundma oppi latsi koolitamis\u00f5 k\u00e4\u00e4ndligast tiid Vanal-\nV\u00f5romaal \u2013karalatsi m\u00e4ngomaast ja edim\u00e4idsist kuulmeistriist p\u00e4\u00e4le kooni Eesti Vabariigi\nalostus\u00f5aastini. Umaette kotus om ant N\u00f5vvukogo ao koolielole. Saa n\u00e4t\u00e4 toonatsit\nopiraamatit, kooliasjo, pioneeriv\u00e4rki ni koolivorm\u00f5, mi\u00e4 pakva \u00e4rtundmist mitm\u00f5l\u00f5\nsugup\u00f5lv\u00f5l\u00f5.<\/p>\n\n\n\n<p><\/p>","protected":false},"featured_media":4163,"template":"","class_list":["post-4175","karilatsi-naitus","type-karilatsi-naitus","status-publish","has-post-thumbnail","hentry"],"acf":[],"yoast_head":"<!-- This site is optimized with the Yoast SEO plugin v27.4 - https:\/\/yoast.com\/product\/yoast-seo-wordpress\/ -->\n<title>P\u00fcsin\u00e4itus &quot;Kuke kannul kooliteel&quot; - Vana-V\u00f5rumaa muuseumid<\/title>\n<meta name=\"robots\" content=\"index, follow, max-snippet:-1, max-image-preview:large, max-video-preview:-1\" \/>\n<link rel=\"canonical\" href=\"https:\/\/vanavorumaamuuseumid.ee\/vo\/karilatsi-naitus\/pusinaitus-kuke-kannul-kooliteel\/\" \/>\n<meta property=\"og:locale\" content=\"en_US\" \/>\n<meta property=\"og:type\" content=\"article\" \/>\n<meta property=\"og:title\" content=\"P\u00fcsin\u00e4itus &quot;Kuke kannul kooliteel&quot; - Vana-V\u00f5rumaa muuseumid\" \/>\n<meta property=\"og:description\" content=\"Endise Karilatsi algkooli esimesel korrusel ootab k\u00fclastajaid koolielule p\u00fchendatud v\u00e4ljapanek, mis pakub [&hellip;]\" \/>\n<meta property=\"og:url\" content=\"https:\/\/vanavorumaamuuseumid.ee\/vo\/karilatsi-naitus\/pusinaitus-kuke-kannul-kooliteel\/\" \/>\n<meta property=\"og:site_name\" content=\"Vana-V\u00f5rumaa muuseumid\" \/>\n<meta property=\"article:modified_time\" content=\"2025-10-29T07:24:36+00:00\" \/>\n<meta property=\"og:image\" content=\"https:\/\/vanavorumaamuuseumid.ee\/wp-content\/uploads\/2025\/10\/kuke-pilt.jpg\" \/>\n\t<meta property=\"og:image:width\" content=\"1920\" \/>\n\t<meta property=\"og:image:height\" content=\"1440\" \/>\n\t<meta property=\"og:image:type\" content=\"image\/jpeg\" \/>\n<meta name=\"twitter:card\" content=\"summary_large_image\" \/>\n<meta name=\"twitter:label1\" content=\"Est. reading time\" \/>\n\t<meta name=\"twitter:data1\" content=\"1 minute\" \/>\n<script type=\"application\/ld+json\" class=\"yoast-schema-graph\">{\"@context\":\"https:\\\/\\\/schema.org\",\"@graph\":[{\"@type\":\"WebPage\",\"@id\":\"https:\\\/\\\/vanavorumaamuuseumid.ee\\\/karilatsi-naitus\\\/pusinaitus-kuke-kannul-kooliteel\\\/\",\"url\":\"https:\\\/\\\/vanavorumaamuuseumid.ee\\\/karilatsi-naitus\\\/pusinaitus-kuke-kannul-kooliteel\\\/\",\"name\":\"P\u00fcsin\u00e4itus \\\"Kuke kannul kooliteel\\\" - Vana-V\u00f5rumaa muuseumid\",\"isPartOf\":{\"@id\":\"https:\\\/\\\/vanavorumaamuuseumid.ee\\\/#website\"},\"primaryImageOfPage\":{\"@id\":\"https:\\\/\\\/vanavorumaamuuseumid.ee\\\/karilatsi-naitus\\\/pusinaitus-kuke-kannul-kooliteel\\\/#primaryimage\"},\"image\":{\"@id\":\"https:\\\/\\\/vanavorumaamuuseumid.ee\\\/karilatsi-naitus\\\/pusinaitus-kuke-kannul-kooliteel\\\/#primaryimage\"},\"thumbnailUrl\":\"https:\\\/\\\/vanavorumaamuuseumid.ee\\\/wp-content\\\/uploads\\\/2025\\\/10\\\/kuke-pilt.jpg\",\"datePublished\":\"2025-10-16T09:53:36+00:00\",\"dateModified\":\"2025-10-29T07:24:36+00:00\",\"breadcrumb\":{\"@id\":\"https:\\\/\\\/vanavorumaamuuseumid.ee\\\/karilatsi-naitus\\\/pusinaitus-kuke-kannul-kooliteel\\\/#breadcrumb\"},\"inLanguage\":\"vo\",\"potentialAction\":[{\"@type\":\"ReadAction\",\"target\":[\"https:\\\/\\\/vanavorumaamuuseumid.ee\\\/karilatsi-naitus\\\/pusinaitus-kuke-kannul-kooliteel\\\/\"]}]},{\"@type\":\"ImageObject\",\"inLanguage\":\"vo\",\"@id\":\"https:\\\/\\\/vanavorumaamuuseumid.ee\\\/karilatsi-naitus\\\/pusinaitus-kuke-kannul-kooliteel\\\/#primaryimage\",\"url\":\"https:\\\/\\\/vanavorumaamuuseumid.ee\\\/wp-content\\\/uploads\\\/2025\\\/10\\\/kuke-pilt.jpg\",\"contentUrl\":\"https:\\\/\\\/vanavorumaamuuseumid.ee\\\/wp-content\\\/uploads\\\/2025\\\/10\\\/kuke-pilt.jpg\",\"width\":1920,\"height\":1440},{\"@type\":\"BreadcrumbList\",\"@id\":\"https:\\\/\\\/vanavorumaamuuseumid.ee\\\/karilatsi-naitus\\\/pusinaitus-kuke-kannul-kooliteel\\\/#breadcrumb\",\"itemListElement\":[{\"@type\":\"ListItem\",\"position\":1,\"name\":\"Home\",\"item\":\"https:\\\/\\\/vanavorumaamuuseumid.ee\\\/\"},{\"@type\":\"ListItem\",\"position\":2,\"name\":\"P\u00fcsin\u00e4itus &#8220;Kuke kannul kooliteel&#8221;\"}]},{\"@type\":\"WebSite\",\"@id\":\"https:\\\/\\\/vanavorumaamuuseumid.ee\\\/#website\",\"url\":\"https:\\\/\\\/vanavorumaamuuseumid.ee\\\/\",\"name\":\"Vana-V\u00f5rumaa Muuseumid\",\"description\":\"V\u00f5rumaa Muuseum, Dr. Fr. R. Kreutzwaldi Memoriaalmuuseum, M\u00f5niste Talurahvamuuseum ja Karilatsi Vaba\u00f5humuuseum\",\"publisher\":{\"@id\":\"https:\\\/\\\/vanavorumaamuuseumid.ee\\\/#organization\"},\"potentialAction\":[{\"@type\":\"SearchAction\",\"target\":{\"@type\":\"EntryPoint\",\"urlTemplate\":\"https:\\\/\\\/vanavorumaamuuseumid.ee\\\/?s={search_term_string}\"},\"query-input\":{\"@type\":\"PropertyValueSpecification\",\"valueRequired\":true,\"valueName\":\"search_term_string\"}}],\"inLanguage\":\"vo\"},{\"@type\":\"Organization\",\"@id\":\"https:\\\/\\\/vanavorumaamuuseumid.ee\\\/#organization\",\"name\":\"V\u00f5ru Instituut\",\"url\":\"https:\\\/\\\/vanavorumaamuuseumid.ee\\\/\",\"logo\":{\"@type\":\"ImageObject\",\"inLanguage\":\"vo\",\"@id\":\"https:\\\/\\\/vanavorumaamuuseumid.ee\\\/#\\\/schema\\\/logo\\\/image\\\/\",\"url\":\"https:\\\/\\\/vanavorumaamuuseumid.ee\\\/wp-content\\\/uploads\\\/2025\\\/05\\\/vana-voromaa-muusoumi-250516.svg\",\"contentUrl\":\"https:\\\/\\\/vanavorumaamuuseumid.ee\\\/wp-content\\\/uploads\\\/2025\\\/05\\\/vana-voromaa-muusoumi-250516.svg\",\"width\":567,\"height\":80,\"caption\":\"V\u00f5ru Instituut\"},\"image\":{\"@id\":\"https:\\\/\\\/vanavorumaamuuseumid.ee\\\/#\\\/schema\\\/logo\\\/image\\\/\"}}]}<\/script>\n<!-- \/ Yoast SEO plugin. -->","yoast_head_json":{"title":"P\u00fcsin\u00e4itus \"Kuke kannul kooliteel\" - Vana-V\u00f5rumaa muuseumid","robots":{"index":"index","follow":"follow","max-snippet":"max-snippet:-1","max-image-preview":"max-image-preview:large","max-video-preview":"max-video-preview:-1"},"canonical":"https:\/\/vanavorumaamuuseumid.ee\/vo\/karilatsi-naitus\/pusinaitus-kuke-kannul-kooliteel\/","og_locale":"en_US","og_type":"article","og_title":"P\u00fcsin\u00e4itus \"Kuke kannul kooliteel\" - Vana-V\u00f5rumaa muuseumid","og_description":"Endise Karilatsi algkooli esimesel korrusel ootab k\u00fclastajaid koolielule p\u00fchendatud v\u00e4ljapanek, mis pakub [&hellip;]","og_url":"https:\/\/vanavorumaamuuseumid.ee\/vo\/karilatsi-naitus\/pusinaitus-kuke-kannul-kooliteel\/","og_site_name":"Vana-V\u00f5rumaa muuseumid","article_modified_time":"2025-10-29T07:24:36+00:00","og_image":[{"width":1920,"height":1440,"url":"https:\/\/vanavorumaamuuseumid.ee\/wp-content\/uploads\/2025\/10\/kuke-pilt.jpg","type":"image\/jpeg"}],"twitter_card":"summary_large_image","twitter_misc":{"Est. reading time":"1 minute"},"schema":{"@context":"https:\/\/schema.org","@graph":[{"@type":"WebPage","@id":"https:\/\/vanavorumaamuuseumid.ee\/karilatsi-naitus\/pusinaitus-kuke-kannul-kooliteel\/","url":"https:\/\/vanavorumaamuuseumid.ee\/karilatsi-naitus\/pusinaitus-kuke-kannul-kooliteel\/","name":"P\u00fcsin\u00e4itus \"Kuke kannul kooliteel\" - Vana-V\u00f5rumaa muuseumid","isPartOf":{"@id":"https:\/\/vanavorumaamuuseumid.ee\/#website"},"primaryImageOfPage":{"@id":"https:\/\/vanavorumaamuuseumid.ee\/karilatsi-naitus\/pusinaitus-kuke-kannul-kooliteel\/#primaryimage"},"image":{"@id":"https:\/\/vanavorumaamuuseumid.ee\/karilatsi-naitus\/pusinaitus-kuke-kannul-kooliteel\/#primaryimage"},"thumbnailUrl":"https:\/\/vanavorumaamuuseumid.ee\/wp-content\/uploads\/2025\/10\/kuke-pilt.jpg","datePublished":"2025-10-16T09:53:36+00:00","dateModified":"2025-10-29T07:24:36+00:00","breadcrumb":{"@id":"https:\/\/vanavorumaamuuseumid.ee\/karilatsi-naitus\/pusinaitus-kuke-kannul-kooliteel\/#breadcrumb"},"inLanguage":"vo","potentialAction":[{"@type":"ReadAction","target":["https:\/\/vanavorumaamuuseumid.ee\/karilatsi-naitus\/pusinaitus-kuke-kannul-kooliteel\/"]}]},{"@type":"ImageObject","inLanguage":"vo","@id":"https:\/\/vanavorumaamuuseumid.ee\/karilatsi-naitus\/pusinaitus-kuke-kannul-kooliteel\/#primaryimage","url":"https:\/\/vanavorumaamuuseumid.ee\/wp-content\/uploads\/2025\/10\/kuke-pilt.jpg","contentUrl":"https:\/\/vanavorumaamuuseumid.ee\/wp-content\/uploads\/2025\/10\/kuke-pilt.jpg","width":1920,"height":1440},{"@type":"BreadcrumbList","@id":"https:\/\/vanavorumaamuuseumid.ee\/karilatsi-naitus\/pusinaitus-kuke-kannul-kooliteel\/#breadcrumb","itemListElement":[{"@type":"ListItem","position":1,"name":"Home","item":"https:\/\/vanavorumaamuuseumid.ee\/"},{"@type":"ListItem","position":2,"name":"P\u00fcsin\u00e4itus &#8220;Kuke kannul kooliteel&#8221;"}]},{"@type":"WebSite","@id":"https:\/\/vanavorumaamuuseumid.ee\/#website","url":"https:\/\/vanavorumaamuuseumid.ee\/","name":"Vana-V\u00f5rumaa Muuseumid","description":"V\u00f5rumaa Muuseum, Dr. Fr. R. Kreutzwaldi Memoriaalmuuseum, M\u00f5niste Talurahvamuuseum ja Karilatsi Vaba\u00f5humuuseum","publisher":{"@id":"https:\/\/vanavorumaamuuseumid.ee\/#organization"},"potentialAction":[{"@type":"SearchAction","target":{"@type":"EntryPoint","urlTemplate":"https:\/\/vanavorumaamuuseumid.ee\/?s={search_term_string}"},"query-input":{"@type":"PropertyValueSpecification","valueRequired":true,"valueName":"search_term_string"}}],"inLanguage":"vo"},{"@type":"Organization","@id":"https:\/\/vanavorumaamuuseumid.ee\/#organization","name":"V\u00f5ru Instituut","url":"https:\/\/vanavorumaamuuseumid.ee\/","logo":{"@type":"ImageObject","inLanguage":"vo","@id":"https:\/\/vanavorumaamuuseumid.ee\/#\/schema\/logo\/image\/","url":"https:\/\/vanavorumaamuuseumid.ee\/wp-content\/uploads\/2025\/05\/vana-voromaa-muusoumi-250516.svg","contentUrl":"https:\/\/vanavorumaamuuseumid.ee\/wp-content\/uploads\/2025\/05\/vana-voromaa-muusoumi-250516.svg","width":567,"height":80,"caption":"V\u00f5ru Instituut"},"image":{"@id":"https:\/\/vanavorumaamuuseumid.ee\/#\/schema\/logo\/image\/"}}]}},"_links":{"self":[{"href":"https:\/\/vanavorumaamuuseumid.ee\/vo\/wp-json\/wp\/v2\/karilatsi-naitus\/4175","targetHints":{"allow":["GET"]}}],"collection":[{"href":"https:\/\/vanavorumaamuuseumid.ee\/vo\/wp-json\/wp\/v2\/karilatsi-naitus"}],"about":[{"href":"https:\/\/vanavorumaamuuseumid.ee\/vo\/wp-json\/wp\/v2\/types\/karilatsi-naitus"}],"wp:featuredmedia":[{"embeddable":true,"href":"https:\/\/vanavorumaamuuseumid.ee\/vo\/wp-json\/wp\/v2\/media\/4163"}],"wp:attachment":[{"href":"https:\/\/vanavorumaamuuseumid.ee\/vo\/wp-json\/wp\/v2\/media?parent=4175"}],"curies":[{"name":"wp","href":"https:\/\/api.w.org\/{rel}","templated":true}]}}