{"id":4203,"date":"2025-10-16T15:24:41","date_gmt":"2025-10-16T12:24:41","guid":{"rendered":"https:\/\/vanavorumaamuuseumid.ee\/?post_type=karilatsi-naitus&#038;p=4203"},"modified":"2025-10-16T15:25:46","modified_gmt":"2025-10-16T12:25:46","slug":"4203","status":"publish","type":"karilatsi-naitus","link":"https:\/\/vanavorumaamuuseumid.ee\/vo\/karilatsi-naitus\/4203\/","title":{"rendered":"Vanda Juhansoo m\u00e4leht\u00fcstar\u00f5"},"content":{"rendered":"<div class=\"wp-block-media-text is-stacked-on-mobile\"><figure class=\"wp-block-media-text__media\"><img decoding=\"async\" width=\"783\" height=\"600\" src=\"https:\/\/vanavorumaamuuseumid.ee\/wp-content\/uploads\/2025\/10\/PTMF57_72-F6_1_pisipilt-1.jpg\" alt=\"\" class=\"wp-image-4204 size-full\" srcset=\"https:\/\/vanavorumaamuuseumid.ee\/wp-content\/uploads\/2025\/10\/PTMF57_72-F6_1_pisipilt-1.jpg 783w, https:\/\/vanavorumaamuuseumid.ee\/wp-content\/uploads\/2025\/10\/PTMF57_72-F6_1_pisipilt-1-480x368.jpg 480w\" sizes=\"(min-width: 0px) and (max-width: 480px) 480px, (min-width: 481px) 783px, 100vw\" \/><\/figure><div class=\"wp-block-media-text__content\">\n<p>Muus\u00f5umi p\u00e4\u00e4huun\u00f5 t\u00f5\u00f5s\u00f5 k\u00f5rra p\u00e4\u00e4l om m\u00e4leht\u00fcstar\u00f5, mi\u00e4 om p\u00fchendet kunstnik Vanda\nJuhansool\u00f5 (1889\u20131966), Eesti \u00fctele edim\u00e4dsele naissuust tarb\u00f5taidrul\u00f5.<\/p>\n\n\n\n<p>Vanda oll s\u00fcnd\u00fcn\u00fc Ahja vallan, opp Helsingi kunstikoolin ja t\u00fc\u00fct p\u00e4\u00e4lt tuu Talinan ja Tarton\nkunsti- ni joonistusoppajan. Vanda Juhansoo suv\u00f5 kulluva sag\u00f5h\u00f5he reise p\u00e4\u00e4le, kon t\u00e4 vaimu\nvirgut mitm\u00f5sugumaidsi rahvid\u00f5 kunst. T\u00e4 oll el\u00e4v\u00e4 ettekujotus\u00f5 ni vallalids\u00f5 meelega taidru,\nkink t\u00f6id panti n\u00e4\u00fct\u00fcisile nii Eestin ku v\u00e4l\u00e4maal.<\/p>\n\n\n\n<p>1931. aastagal soet Vanda Juhansoo Valg\u00f5m\u00f5tsa suv\u00f5maja ja pand uma elo tuu p\u00e4\u00e4le, et\nmajal\u00f5 ni \u00fcmbreol\u00f5val\u00f5 aial\u00f5 kuio anda. Salan\u00f5 majak\u00f5n\u00f5 \u00fcten aiaga, kon oll l\u00f6\u00fcd\u00e4 luudusliidsi kokkos\u00e4et\u00fcisi, kivve, lat\u00f5rnit ni kujok\u00f5isi, sai niipallo kuulsas, et rahvas naas\ntuud kutsma Valg\u00f5m\u00f5tsa n\u00f5iamajas.<\/p>\n\n\n\n<p>P\u00e4\u00e4lt kunstnigu kuulmis\u00f5 l\u00e4ts maja m\u00fc\u00fcki ja osa tim\u00e4 per\u00e4nd\u00fcsest jouds\u00f5 Karilatsi\nmuus\u00f5ummi. Vanda Juhansoo m\u00e4leht\u00fcstar\u00f5 pruum edesi anda kib\u00f5nak\u00f5ist taidru\numan\u00e4olids\u00f5st loomingust ni imelidse aia \u00f5hkkunnast.<\/p>\n<\/div><\/div>","protected":false},"featured_media":4186,"template":"","class_list":["post-4203","karilatsi-naitus","type-karilatsi-naitus","status-publish","has-post-thumbnail","hentry"],"acf":[],"yoast_head":"<!-- This site is optimized with the Yoast SEO plugin v27.4 - https:\/\/yoast.com\/product\/yoast-seo-wordpress\/ -->\n<title>Vanda Juhansoo m\u00e4lestustuba - Vana-V\u00f5rumaa muuseumid<\/title>\n<meta name=\"robots\" content=\"index, follow, max-snippet:-1, max-image-preview:large, max-video-preview:-1\" \/>\n<link rel=\"canonical\" href=\"https:\/\/vanavorumaamuuseumid.ee\/vo\/karilatsi-naitus\/4203\/\" \/>\n<meta property=\"og:locale\" content=\"en_US\" \/>\n<meta property=\"og:type\" content=\"article\" \/>\n<meta property=\"og:title\" content=\"Vanda Juhansoo m\u00e4lestustuba - Vana-V\u00f5rumaa muuseumid\" \/>\n<meta property=\"og:description\" content=\"Muuseumi peahoone teisel korrusel asub m\u00e4lestustuba, mis on p\u00fchendatud kunstnik Vanda Juhansoole [&hellip;]\" \/>\n<meta property=\"og:url\" content=\"https:\/\/vanavorumaamuuseumid.ee\/vo\/karilatsi-naitus\/4203\/\" \/>\n<meta property=\"og:site_name\" content=\"Vana-V\u00f5rumaa muuseumid\" \/>\n<meta property=\"article:modified_time\" content=\"2025-10-16T12:25:46+00:00\" \/>\n<meta property=\"og:image\" content=\"https:\/\/vanavorumaamuuseumid.ee\/wp-content\/uploads\/2025\/10\/Vanda-Juhansoo-tuba-005.jpg\" \/>\n\t<meta property=\"og:image:width\" content=\"1440\" \/>\n\t<meta property=\"og:image:height\" content=\"1920\" \/>\n\t<meta property=\"og:image:type\" content=\"image\/jpeg\" \/>\n<meta name=\"twitter:card\" content=\"summary_large_image\" \/>\n<meta name=\"twitter:label1\" content=\"Est. reading time\" \/>\n\t<meta name=\"twitter:data1\" content=\"2 minutes\" \/>\n<script type=\"application\/ld+json\" class=\"yoast-schema-graph\">{\"@context\":\"https:\\\/\\\/schema.org\",\"@graph\":[{\"@type\":\"WebPage\",\"@id\":\"https:\\\/\\\/vanavorumaamuuseumid.ee\\\/karilatsi-naitus\\\/4203\\\/\",\"url\":\"https:\\\/\\\/vanavorumaamuuseumid.ee\\\/karilatsi-naitus\\\/4203\\\/\",\"name\":\"Vanda Juhansoo m\u00e4lestustuba - Vana-V\u00f5rumaa muuseumid\",\"isPartOf\":{\"@id\":\"https:\\\/\\\/vanavorumaamuuseumid.ee\\\/#website\"},\"primaryImageOfPage\":{\"@id\":\"https:\\\/\\\/vanavorumaamuuseumid.ee\\\/karilatsi-naitus\\\/4203\\\/#primaryimage\"},\"image\":{\"@id\":\"https:\\\/\\\/vanavorumaamuuseumid.ee\\\/karilatsi-naitus\\\/4203\\\/#primaryimage\"},\"thumbnailUrl\":\"https:\\\/\\\/vanavorumaamuuseumid.ee\\\/wp-content\\\/uploads\\\/2025\\\/10\\\/Vanda-Juhansoo-tuba-005.jpg\",\"datePublished\":\"2025-10-16T12:24:41+00:00\",\"dateModified\":\"2025-10-16T12:25:46+00:00\",\"breadcrumb\":{\"@id\":\"https:\\\/\\\/vanavorumaamuuseumid.ee\\\/karilatsi-naitus\\\/4203\\\/#breadcrumb\"},\"inLanguage\":\"vo\",\"potentialAction\":[{\"@type\":\"ReadAction\",\"target\":[\"https:\\\/\\\/vanavorumaamuuseumid.ee\\\/karilatsi-naitus\\\/4203\\\/\"]}]},{\"@type\":\"ImageObject\",\"inLanguage\":\"vo\",\"@id\":\"https:\\\/\\\/vanavorumaamuuseumid.ee\\\/karilatsi-naitus\\\/4203\\\/#primaryimage\",\"url\":\"https:\\\/\\\/vanavorumaamuuseumid.ee\\\/wp-content\\\/uploads\\\/2025\\\/10\\\/Vanda-Juhansoo-tuba-005.jpg\",\"contentUrl\":\"https:\\\/\\\/vanavorumaamuuseumid.ee\\\/wp-content\\\/uploads\\\/2025\\\/10\\\/Vanda-Juhansoo-tuba-005.jpg\",\"width\":1440,\"height\":1920,\"caption\":\"OLYMPUS DIGITAL CAMERA\"},{\"@type\":\"BreadcrumbList\",\"@id\":\"https:\\\/\\\/vanavorumaamuuseumid.ee\\\/karilatsi-naitus\\\/4203\\\/#breadcrumb\",\"itemListElement\":[{\"@type\":\"ListItem\",\"position\":1,\"name\":\"Home\",\"item\":\"https:\\\/\\\/vanavorumaamuuseumid.ee\\\/\"},{\"@type\":\"ListItem\",\"position\":2,\"name\":\"Vanda Juhansoo m\u00e4lestustuba\"}]},{\"@type\":\"WebSite\",\"@id\":\"https:\\\/\\\/vanavorumaamuuseumid.ee\\\/#website\",\"url\":\"https:\\\/\\\/vanavorumaamuuseumid.ee\\\/\",\"name\":\"Vana-V\u00f5rumaa Muuseumid\",\"description\":\"V\u00f5rumaa Muuseum, Dr. Fr. R. Kreutzwaldi Memoriaalmuuseum, M\u00f5niste Talurahvamuuseum ja Karilatsi Vaba\u00f5humuuseum\",\"publisher\":{\"@id\":\"https:\\\/\\\/vanavorumaamuuseumid.ee\\\/#organization\"},\"potentialAction\":[{\"@type\":\"SearchAction\",\"target\":{\"@type\":\"EntryPoint\",\"urlTemplate\":\"https:\\\/\\\/vanavorumaamuuseumid.ee\\\/?s={search_term_string}\"},\"query-input\":{\"@type\":\"PropertyValueSpecification\",\"valueRequired\":true,\"valueName\":\"search_term_string\"}}],\"inLanguage\":\"vo\"},{\"@type\":\"Organization\",\"@id\":\"https:\\\/\\\/vanavorumaamuuseumid.ee\\\/#organization\",\"name\":\"V\u00f5ru Instituut\",\"url\":\"https:\\\/\\\/vanavorumaamuuseumid.ee\\\/\",\"logo\":{\"@type\":\"ImageObject\",\"inLanguage\":\"vo\",\"@id\":\"https:\\\/\\\/vanavorumaamuuseumid.ee\\\/#\\\/schema\\\/logo\\\/image\\\/\",\"url\":\"https:\\\/\\\/vanavorumaamuuseumid.ee\\\/wp-content\\\/uploads\\\/2025\\\/05\\\/vana-voromaa-muusoumi-250516.svg\",\"contentUrl\":\"https:\\\/\\\/vanavorumaamuuseumid.ee\\\/wp-content\\\/uploads\\\/2025\\\/05\\\/vana-voromaa-muusoumi-250516.svg\",\"width\":567,\"height\":80,\"caption\":\"V\u00f5ru Instituut\"},\"image\":{\"@id\":\"https:\\\/\\\/vanavorumaamuuseumid.ee\\\/#\\\/schema\\\/logo\\\/image\\\/\"}}]}<\/script>\n<!-- \/ Yoast SEO plugin. -->","yoast_head_json":{"title":"Vanda Juhansoo m\u00e4lestustuba - Vana-V\u00f5rumaa muuseumid","robots":{"index":"index","follow":"follow","max-snippet":"max-snippet:-1","max-image-preview":"max-image-preview:large","max-video-preview":"max-video-preview:-1"},"canonical":"https:\/\/vanavorumaamuuseumid.ee\/vo\/karilatsi-naitus\/4203\/","og_locale":"en_US","og_type":"article","og_title":"Vanda Juhansoo m\u00e4lestustuba - Vana-V\u00f5rumaa muuseumid","og_description":"Muuseumi peahoone teisel korrusel asub m\u00e4lestustuba, mis on p\u00fchendatud kunstnik Vanda Juhansoole [&hellip;]","og_url":"https:\/\/vanavorumaamuuseumid.ee\/vo\/karilatsi-naitus\/4203\/","og_site_name":"Vana-V\u00f5rumaa muuseumid","article_modified_time":"2025-10-16T12:25:46+00:00","og_image":[{"width":1440,"height":1920,"url":"https:\/\/vanavorumaamuuseumid.ee\/wp-content\/uploads\/2025\/10\/Vanda-Juhansoo-tuba-005.jpg","type":"image\/jpeg"}],"twitter_card":"summary_large_image","twitter_misc":{"Est. reading time":"2 minutes"},"schema":{"@context":"https:\/\/schema.org","@graph":[{"@type":"WebPage","@id":"https:\/\/vanavorumaamuuseumid.ee\/karilatsi-naitus\/4203\/","url":"https:\/\/vanavorumaamuuseumid.ee\/karilatsi-naitus\/4203\/","name":"Vanda Juhansoo m\u00e4lestustuba - Vana-V\u00f5rumaa muuseumid","isPartOf":{"@id":"https:\/\/vanavorumaamuuseumid.ee\/#website"},"primaryImageOfPage":{"@id":"https:\/\/vanavorumaamuuseumid.ee\/karilatsi-naitus\/4203\/#primaryimage"},"image":{"@id":"https:\/\/vanavorumaamuuseumid.ee\/karilatsi-naitus\/4203\/#primaryimage"},"thumbnailUrl":"https:\/\/vanavorumaamuuseumid.ee\/wp-content\/uploads\/2025\/10\/Vanda-Juhansoo-tuba-005.jpg","datePublished":"2025-10-16T12:24:41+00:00","dateModified":"2025-10-16T12:25:46+00:00","breadcrumb":{"@id":"https:\/\/vanavorumaamuuseumid.ee\/karilatsi-naitus\/4203\/#breadcrumb"},"inLanguage":"vo","potentialAction":[{"@type":"ReadAction","target":["https:\/\/vanavorumaamuuseumid.ee\/karilatsi-naitus\/4203\/"]}]},{"@type":"ImageObject","inLanguage":"vo","@id":"https:\/\/vanavorumaamuuseumid.ee\/karilatsi-naitus\/4203\/#primaryimage","url":"https:\/\/vanavorumaamuuseumid.ee\/wp-content\/uploads\/2025\/10\/Vanda-Juhansoo-tuba-005.jpg","contentUrl":"https:\/\/vanavorumaamuuseumid.ee\/wp-content\/uploads\/2025\/10\/Vanda-Juhansoo-tuba-005.jpg","width":1440,"height":1920,"caption":"OLYMPUS DIGITAL CAMERA"},{"@type":"BreadcrumbList","@id":"https:\/\/vanavorumaamuuseumid.ee\/karilatsi-naitus\/4203\/#breadcrumb","itemListElement":[{"@type":"ListItem","position":1,"name":"Home","item":"https:\/\/vanavorumaamuuseumid.ee\/"},{"@type":"ListItem","position":2,"name":"Vanda Juhansoo m\u00e4lestustuba"}]},{"@type":"WebSite","@id":"https:\/\/vanavorumaamuuseumid.ee\/#website","url":"https:\/\/vanavorumaamuuseumid.ee\/","name":"Vana-V\u00f5rumaa Muuseumid","description":"V\u00f5rumaa Muuseum, Dr. Fr. R. Kreutzwaldi Memoriaalmuuseum, M\u00f5niste Talurahvamuuseum ja Karilatsi Vaba\u00f5humuuseum","publisher":{"@id":"https:\/\/vanavorumaamuuseumid.ee\/#organization"},"potentialAction":[{"@type":"SearchAction","target":{"@type":"EntryPoint","urlTemplate":"https:\/\/vanavorumaamuuseumid.ee\/?s={search_term_string}"},"query-input":{"@type":"PropertyValueSpecification","valueRequired":true,"valueName":"search_term_string"}}],"inLanguage":"vo"},{"@type":"Organization","@id":"https:\/\/vanavorumaamuuseumid.ee\/#organization","name":"V\u00f5ru Instituut","url":"https:\/\/vanavorumaamuuseumid.ee\/","logo":{"@type":"ImageObject","inLanguage":"vo","@id":"https:\/\/vanavorumaamuuseumid.ee\/#\/schema\/logo\/image\/","url":"https:\/\/vanavorumaamuuseumid.ee\/wp-content\/uploads\/2025\/05\/vana-voromaa-muusoumi-250516.svg","contentUrl":"https:\/\/vanavorumaamuuseumid.ee\/wp-content\/uploads\/2025\/05\/vana-voromaa-muusoumi-250516.svg","width":567,"height":80,"caption":"V\u00f5ru Instituut"},"image":{"@id":"https:\/\/vanavorumaamuuseumid.ee\/#\/schema\/logo\/image\/"}}]}},"_links":{"self":[{"href":"https:\/\/vanavorumaamuuseumid.ee\/vo\/wp-json\/wp\/v2\/karilatsi-naitus\/4203","targetHints":{"allow":["GET"]}}],"collection":[{"href":"https:\/\/vanavorumaamuuseumid.ee\/vo\/wp-json\/wp\/v2\/karilatsi-naitus"}],"about":[{"href":"https:\/\/vanavorumaamuuseumid.ee\/vo\/wp-json\/wp\/v2\/types\/karilatsi-naitus"}],"wp:featuredmedia":[{"embeddable":true,"href":"https:\/\/vanavorumaamuuseumid.ee\/vo\/wp-json\/wp\/v2\/media\/4186"}],"wp:attachment":[{"href":"https:\/\/vanavorumaamuuseumid.ee\/vo\/wp-json\/wp\/v2\/media?parent=4203"}],"curies":[{"name":"wp","href":"https:\/\/api.w.org\/{rel}","templated":true}]}}