{"id":1178,"date":"2025-06-10T16:18:04","date_gmt":"2025-06-10T13:18:04","guid":{"rendered":"https:\/\/vanavorumaamuuseumid.ee\/?post_type=karilatsi-sundmus&#038;p=1178"},"modified":"2025-06-10T16:18:04","modified_gmt":"2025-06-10T13:18:04","slug":"kula-laul-ja-hall-lindas","status":"publish","type":"karilatsi-sundmus","link":"https:\/\/vanavorumaamuuseumid.ee\/vo\/karilatsi-sundmus\/kula-laul-ja-hall-lindas\/","title":{"rendered":"K\u00fcl\u00e4 laul ja h\u00e4ll lindas"},"content":{"rendered":"<p>Vana-V\u00f5romaa rahva kogunemispaigad ja meelelahutustraditsioonid olid rohkem kui lihtsalt ajaviide: need kujundasid ja kinnistasid \u00fchiskondlikke suhteid ning v\u00f5imaldasid \u00fchiselt nii t\u00f6\u00f6d teha kui ka pidutseda.<\/p>\n\n\n\n<p>Kiigeplatsid toetasid noorte sotsialiseerumist ning pakkusid v\u00f5imalusi paarisuhteid luua. K\u00f5rtsid olid mitmeotstarbelised keskused, kus said kokku kaubandus, meelelahutus ja poliitilised arutelud, samas t\u00f5id sealsed kokkusaamised liigse alkoholitarbimise t\u00f5ttu kaasa ka sotsiaalseid probleeme. Talgud sidusid omavahel t\u00f6\u00f6 ja meelelahutuse, tugevdades kogukondlikku \u00fchtsustunnet. Laadad olid olulised nii kaubanduslike kui ka sotsiaalsete kontaktide loomise kohad, kus toimusid kultuurivahetus ja \u00fchised pidustused.<\/p>\n\n\n\n<p>Ka puskariajamine, kuigi mitteametlik ja sageli varjatud tegevus, m\u00e4ngis seltsielus oma rolli, oli osa pidudest ja omavahelisest l\u00e4bik\u00e4imisest, tuues endaga samas kaasa v\u00f5imude sekkumise ning moraaliprobleemid.<\/p>\n\n\n\n<p>\u00dcldiselt peegeldasid need kogunemispaigad maarahva eluolu, v\u00e4\u00e4rtushinnanguid ning kogukondlikku identiteeti 19. sajandi l\u00f5pust 20. sajandi alguseni, aitasid hoida alal traditsioone ja tugevdada sotsiaalseid sidemeid kogukonnas.<\/p>","protected":false},"featured_media":329,"template":"","class_list":["post-1178","karilatsi-sundmus","type-karilatsi-sundmus","status-publish","has-post-thumbnail","hentry"],"acf":[],"yoast_head":"<!-- This site is optimized with the Yoast SEO plugin v27.4 - https:\/\/yoast.com\/product\/yoast-seo-wordpress\/ -->\n<title>K\u00fcl\u00e4 laul ja h\u00e4ll lindas - Vana-V\u00f5rumaa muuseumid<\/title>\n<meta name=\"robots\" content=\"index, follow, max-snippet:-1, max-image-preview:large, max-video-preview:-1\" \/>\n<link rel=\"canonical\" href=\"https:\/\/vanavorumaamuuseumid.ee\/vo\/karilatsi-sundmus\/kula-laul-ja-hall-lindas\/\" \/>\n<meta property=\"og:locale\" content=\"en_US\" \/>\n<meta property=\"og:type\" content=\"article\" \/>\n<meta property=\"og:title\" content=\"K\u00fcl\u00e4 laul ja h\u00e4ll lindas - Vana-V\u00f5rumaa muuseumid\" \/>\n<meta property=\"og:description\" content=\"Vana-V\u00f5romaa rahva kogunemispaigad ja meelelahutustraditsioonid olid rohkem kui lihtsalt ajaviide: need kujundasid [&hellip;]\" \/>\n<meta property=\"og:url\" content=\"https:\/\/vanavorumaamuuseumid.ee\/vo\/karilatsi-sundmus\/kula-laul-ja-hall-lindas\/\" \/>\n<meta property=\"og:site_name\" content=\"Vana-V\u00f5rumaa muuseumid\" \/>\n<meta property=\"og:image\" content=\"https:\/\/vanavorumaamuuseumid.ee\/wp-content\/uploads\/2025\/05\/karilatsi-vabaohumuuseum-hero-bg-250509.jpg\" \/>\n\t<meta property=\"og:image:width\" content=\"1920\" \/>\n\t<meta property=\"og:image:height\" content=\"1080\" \/>\n\t<meta property=\"og:image:type\" content=\"image\/jpeg\" \/>\n<meta name=\"twitter:card\" content=\"summary_large_image\" \/>\n<meta name=\"twitter:label1\" content=\"Est. reading time\" \/>\n\t<meta name=\"twitter:data1\" content=\"1 minute\" \/>\n<script type=\"application\/ld+json\" class=\"yoast-schema-graph\">{\"@context\":\"https:\\\/\\\/schema.org\",\"@graph\":[{\"@type\":\"WebPage\",\"@id\":\"https:\\\/\\\/vanavorumaamuuseumid.ee\\\/karilatsi-sundmus\\\/kula-laul-ja-hall-lindas\\\/\",\"url\":\"https:\\\/\\\/vanavorumaamuuseumid.ee\\\/karilatsi-sundmus\\\/kula-laul-ja-hall-lindas\\\/\",\"name\":\"K\u00fcl\u00e4 laul ja h\u00e4ll lindas - Vana-V\u00f5rumaa muuseumid\",\"isPartOf\":{\"@id\":\"https:\\\/\\\/vanavorumaamuuseumid.ee\\\/#website\"},\"primaryImageOfPage\":{\"@id\":\"https:\\\/\\\/vanavorumaamuuseumid.ee\\\/karilatsi-sundmus\\\/kula-laul-ja-hall-lindas\\\/#primaryimage\"},\"image\":{\"@id\":\"https:\\\/\\\/vanavorumaamuuseumid.ee\\\/karilatsi-sundmus\\\/kula-laul-ja-hall-lindas\\\/#primaryimage\"},\"thumbnailUrl\":\"https:\\\/\\\/vanavorumaamuuseumid.ee\\\/wp-content\\\/uploads\\\/2025\\\/05\\\/karilatsi-vabaohumuuseum-hero-bg-250509.jpg\",\"datePublished\":\"2025-06-10T13:18:04+00:00\",\"breadcrumb\":{\"@id\":\"https:\\\/\\\/vanavorumaamuuseumid.ee\\\/karilatsi-sundmus\\\/kula-laul-ja-hall-lindas\\\/#breadcrumb\"},\"inLanguage\":\"vo\",\"potentialAction\":[{\"@type\":\"ReadAction\",\"target\":[\"https:\\\/\\\/vanavorumaamuuseumid.ee\\\/karilatsi-sundmus\\\/kula-laul-ja-hall-lindas\\\/\"]}]},{\"@type\":\"ImageObject\",\"inLanguage\":\"vo\",\"@id\":\"https:\\\/\\\/vanavorumaamuuseumid.ee\\\/karilatsi-sundmus\\\/kula-laul-ja-hall-lindas\\\/#primaryimage\",\"url\":\"https:\\\/\\\/vanavorumaamuuseumid.ee\\\/wp-content\\\/uploads\\\/2025\\\/05\\\/karilatsi-vabaohumuuseum-hero-bg-250509.jpg\",\"contentUrl\":\"https:\\\/\\\/vanavorumaamuuseumid.ee\\\/wp-content\\\/uploads\\\/2025\\\/05\\\/karilatsi-vabaohumuuseum-hero-bg-250509.jpg\",\"width\":1920,\"height\":1080,\"caption\":\"Karilatsi Vaba\u00f5humuuseum\"},{\"@type\":\"BreadcrumbList\",\"@id\":\"https:\\\/\\\/vanavorumaamuuseumid.ee\\\/karilatsi-sundmus\\\/kula-laul-ja-hall-lindas\\\/#breadcrumb\",\"itemListElement\":[{\"@type\":\"ListItem\",\"position\":1,\"name\":\"Home\",\"item\":\"https:\\\/\\\/vanavorumaamuuseumid.ee\\\/\"},{\"@type\":\"ListItem\",\"position\":2,\"name\":\"K\u00fcl\u00e4 laul ja h\u00e4ll lindas\"}]},{\"@type\":\"WebSite\",\"@id\":\"https:\\\/\\\/vanavorumaamuuseumid.ee\\\/#website\",\"url\":\"https:\\\/\\\/vanavorumaamuuseumid.ee\\\/\",\"name\":\"Vana-V\u00f5rumaa Muuseumid\",\"description\":\"V\u00f5rumaa Muuseum, Dr. Fr. R. Kreutzwaldi Memoriaalmuuseum, M\u00f5niste Talurahvamuuseum ja Karilatsi Vaba\u00f5humuuseum\",\"publisher\":{\"@id\":\"https:\\\/\\\/vanavorumaamuuseumid.ee\\\/#organization\"},\"potentialAction\":[{\"@type\":\"SearchAction\",\"target\":{\"@type\":\"EntryPoint\",\"urlTemplate\":\"https:\\\/\\\/vanavorumaamuuseumid.ee\\\/?s={search_term_string}\"},\"query-input\":{\"@type\":\"PropertyValueSpecification\",\"valueRequired\":true,\"valueName\":\"search_term_string\"}}],\"inLanguage\":\"vo\"},{\"@type\":\"Organization\",\"@id\":\"https:\\\/\\\/vanavorumaamuuseumid.ee\\\/#organization\",\"name\":\"V\u00f5ru Instituut\",\"url\":\"https:\\\/\\\/vanavorumaamuuseumid.ee\\\/\",\"logo\":{\"@type\":\"ImageObject\",\"inLanguage\":\"vo\",\"@id\":\"https:\\\/\\\/vanavorumaamuuseumid.ee\\\/#\\\/schema\\\/logo\\\/image\\\/\",\"url\":\"https:\\\/\\\/vanavorumaamuuseumid.ee\\\/wp-content\\\/uploads\\\/2025\\\/05\\\/vana-voromaa-muusoumi-250516.svg\",\"contentUrl\":\"https:\\\/\\\/vanavorumaamuuseumid.ee\\\/wp-content\\\/uploads\\\/2025\\\/05\\\/vana-voromaa-muusoumi-250516.svg\",\"width\":567,\"height\":80,\"caption\":\"V\u00f5ru Instituut\"},\"image\":{\"@id\":\"https:\\\/\\\/vanavorumaamuuseumid.ee\\\/#\\\/schema\\\/logo\\\/image\\\/\"}}]}<\/script>\n<!-- \/ Yoast SEO plugin. -->","yoast_head_json":{"title":"K\u00fcl\u00e4 laul ja h\u00e4ll lindas - Vana-V\u00f5rumaa muuseumid","robots":{"index":"index","follow":"follow","max-snippet":"max-snippet:-1","max-image-preview":"max-image-preview:large","max-video-preview":"max-video-preview:-1"},"canonical":"https:\/\/vanavorumaamuuseumid.ee\/vo\/karilatsi-sundmus\/kula-laul-ja-hall-lindas\/","og_locale":"en_US","og_type":"article","og_title":"K\u00fcl\u00e4 laul ja h\u00e4ll lindas - Vana-V\u00f5rumaa muuseumid","og_description":"Vana-V\u00f5romaa rahva kogunemispaigad ja meelelahutustraditsioonid olid rohkem kui lihtsalt ajaviide: need kujundasid [&hellip;]","og_url":"https:\/\/vanavorumaamuuseumid.ee\/vo\/karilatsi-sundmus\/kula-laul-ja-hall-lindas\/","og_site_name":"Vana-V\u00f5rumaa muuseumid","og_image":[{"width":1920,"height":1080,"url":"https:\/\/vanavorumaamuuseumid.ee\/wp-content\/uploads\/2025\/05\/karilatsi-vabaohumuuseum-hero-bg-250509.jpg","type":"image\/jpeg"}],"twitter_card":"summary_large_image","twitter_misc":{"Est. reading time":"1 minute"},"schema":{"@context":"https:\/\/schema.org","@graph":[{"@type":"WebPage","@id":"https:\/\/vanavorumaamuuseumid.ee\/karilatsi-sundmus\/kula-laul-ja-hall-lindas\/","url":"https:\/\/vanavorumaamuuseumid.ee\/karilatsi-sundmus\/kula-laul-ja-hall-lindas\/","name":"K\u00fcl\u00e4 laul ja h\u00e4ll lindas - Vana-V\u00f5rumaa muuseumid","isPartOf":{"@id":"https:\/\/vanavorumaamuuseumid.ee\/#website"},"primaryImageOfPage":{"@id":"https:\/\/vanavorumaamuuseumid.ee\/karilatsi-sundmus\/kula-laul-ja-hall-lindas\/#primaryimage"},"image":{"@id":"https:\/\/vanavorumaamuuseumid.ee\/karilatsi-sundmus\/kula-laul-ja-hall-lindas\/#primaryimage"},"thumbnailUrl":"https:\/\/vanavorumaamuuseumid.ee\/wp-content\/uploads\/2025\/05\/karilatsi-vabaohumuuseum-hero-bg-250509.jpg","datePublished":"2025-06-10T13:18:04+00:00","breadcrumb":{"@id":"https:\/\/vanavorumaamuuseumid.ee\/karilatsi-sundmus\/kula-laul-ja-hall-lindas\/#breadcrumb"},"inLanguage":"vo","potentialAction":[{"@type":"ReadAction","target":["https:\/\/vanavorumaamuuseumid.ee\/karilatsi-sundmus\/kula-laul-ja-hall-lindas\/"]}]},{"@type":"ImageObject","inLanguage":"vo","@id":"https:\/\/vanavorumaamuuseumid.ee\/karilatsi-sundmus\/kula-laul-ja-hall-lindas\/#primaryimage","url":"https:\/\/vanavorumaamuuseumid.ee\/wp-content\/uploads\/2025\/05\/karilatsi-vabaohumuuseum-hero-bg-250509.jpg","contentUrl":"https:\/\/vanavorumaamuuseumid.ee\/wp-content\/uploads\/2025\/05\/karilatsi-vabaohumuuseum-hero-bg-250509.jpg","width":1920,"height":1080,"caption":"Karilatsi Vaba\u00f5humuuseum"},{"@type":"BreadcrumbList","@id":"https:\/\/vanavorumaamuuseumid.ee\/karilatsi-sundmus\/kula-laul-ja-hall-lindas\/#breadcrumb","itemListElement":[{"@type":"ListItem","position":1,"name":"Home","item":"https:\/\/vanavorumaamuuseumid.ee\/"},{"@type":"ListItem","position":2,"name":"K\u00fcl\u00e4 laul ja h\u00e4ll lindas"}]},{"@type":"WebSite","@id":"https:\/\/vanavorumaamuuseumid.ee\/#website","url":"https:\/\/vanavorumaamuuseumid.ee\/","name":"Vana-V\u00f5rumaa Muuseumid","description":"V\u00f5rumaa Muuseum, Dr. Fr. R. Kreutzwaldi Memoriaalmuuseum, M\u00f5niste Talurahvamuuseum ja Karilatsi Vaba\u00f5humuuseum","publisher":{"@id":"https:\/\/vanavorumaamuuseumid.ee\/#organization"},"potentialAction":[{"@type":"SearchAction","target":{"@type":"EntryPoint","urlTemplate":"https:\/\/vanavorumaamuuseumid.ee\/?s={search_term_string}"},"query-input":{"@type":"PropertyValueSpecification","valueRequired":true,"valueName":"search_term_string"}}],"inLanguage":"vo"},{"@type":"Organization","@id":"https:\/\/vanavorumaamuuseumid.ee\/#organization","name":"V\u00f5ru Instituut","url":"https:\/\/vanavorumaamuuseumid.ee\/","logo":{"@type":"ImageObject","inLanguage":"vo","@id":"https:\/\/vanavorumaamuuseumid.ee\/#\/schema\/logo\/image\/","url":"https:\/\/vanavorumaamuuseumid.ee\/wp-content\/uploads\/2025\/05\/vana-voromaa-muusoumi-250516.svg","contentUrl":"https:\/\/vanavorumaamuuseumid.ee\/wp-content\/uploads\/2025\/05\/vana-voromaa-muusoumi-250516.svg","width":567,"height":80,"caption":"V\u00f5ru Instituut"},"image":{"@id":"https:\/\/vanavorumaamuuseumid.ee\/#\/schema\/logo\/image\/"}}]}},"_links":{"self":[{"href":"https:\/\/vanavorumaamuuseumid.ee\/vo\/wp-json\/wp\/v2\/karilatsi-sundmus\/1178","targetHints":{"allow":["GET"]}}],"collection":[{"href":"https:\/\/vanavorumaamuuseumid.ee\/vo\/wp-json\/wp\/v2\/karilatsi-sundmus"}],"about":[{"href":"https:\/\/vanavorumaamuuseumid.ee\/vo\/wp-json\/wp\/v2\/types\/karilatsi-sundmus"}],"wp:featuredmedia":[{"embeddable":true,"href":"https:\/\/vanavorumaamuuseumid.ee\/vo\/wp-json\/wp\/v2\/media\/329"}],"wp:attachment":[{"href":"https:\/\/vanavorumaamuuseumid.ee\/vo\/wp-json\/wp\/v2\/media?parent=1178"}],"curies":[{"name":"wp","href":"https:\/\/api.w.org\/{rel}","templated":true}]}}