{"id":4157,"date":"2025-10-15T12:03:06","date_gmt":"2025-10-15T09:03:06","guid":{"rendered":"https:\/\/vanavorumaamuuseumid.ee\/?post_type=karilatsi-sundmus&#038;p=4157"},"modified":"2025-10-29T10:35:32","modified_gmt":"2025-10-29T08:35:32","slug":"karilatsi-mardi-kadrinadalad","status":"publish","type":"karilatsi-sundmus","link":"https:\/\/vanavorumaamuuseumid.ee\/vo\/karilatsi-sundmus\/karilatsi-mardi-kadrinadalad\/","title":{"rendered":"Mardi- ja kadrin\u00e4dalad Karilatsis 6.\u201325. novembrini"},"content":{"rendered":"<p>M\u00e4rdikuusse ehk novembrisse j\u00e4\u00e4b kaks meie rahvakalendri vahest k\u00f5ige l\u00f5busamat t\u00e4htp\u00e4eva \u2013 mardip\u00e4ev 10. ja kadrip\u00e4ev 25. novembril. Vanarahva jaoks oli see ka hingedeaeg ja eks maskeeritult ringi luusivad mardi- ja kadriseltskonnad neid esivanemate hingi ka kujutasid. Perest peresse k\u00e4ies uuriti, kuis saak salve on saanud, ning tulevase hea saagi\u00f5nne nimel k\u00fcsiti ande ka enda sandikotti. Toona, jah, oli saagikoristus l\u00f5ppenud ja talvevarud keldrisse-aita viidud ning oligi aeg pisukeseks hinget\u00f5mbeks. Ei olnud siis ju kodudes elektrivalgust, r\u00e4\u00e4kimata telekast ja arvutist \u2013 hoopis santide n\u00e4item\u00e4ng oli sel pimedal ja udusel ajal muhe meelelahutus.<\/p>\n\n\n\n<p>Karilatsi Vaba\u00f5humuuseumi mardi- ja kadrin\u00e4dalate muuseumitunnis r\u00e4\u00e4gime nende kalendrit\u00e4htp\u00e4evade taustast ja tagam\u00f5ttest, jagame soovitusi t\u00e4nap\u00e4evaseks mardi- ja kadrijooksuks ning teeme laulud-tantsud-m\u00e4ngud ka praktiliselt l\u00e4bi.<\/p>\n\n\n\n<p>Muuseumitund kestab ligi poolteist tundi ning maksab osalejale 3 eurot (t\u00e4iskasvanutele 7 eurot), \u00f5petajad ja bussijuht saavad osaleda tasuta. K\u00fclastusaja saab kokku leppida telefonidel 5801 8601, 797 0310 v\u00f5i kirjutades <a href=\"\/vo\/&\/#109;a&#x69;l&#x74;o&#x3a;p&#x6f;l&#x76;a&#x6d;&#97;&#x61;&#64;&#x77;&#105;&#x2e;&#101;&#x65;\">p&#111;&#108;&#x76;&#x61;m&#97;&#97;&#x40;&#x77;&#x69;&#46;&#101;&#101;<\/a>. Sihtr\u00fchm on eelk\u00f5ige koolieelikud ja noorema kooliastme \u00f5pilased, kuid teadmisi jagame ka vanemate kooliastmete \u00f5pilastele ning t\u00e4iskasvanute gruppidele.<\/p>\n\n\n\n<p>V\u00f5ru keele n\u00e4dalal saab tundi tellida ka v\u00f5ru keeles. Pane soojalt riidesse ja lisaks teadmistele saad ka punased p\u00f5sed kargest s\u00fcgisilmast. Vaata lisaks: <a href=\"https:\/\/vanavorumaamuuseumid.ee\/vo\/karilatsimuuseum\/\">Karilatsi Vaba\u00f5humuuseum &#8211; Vana-V\u00f5rumaa muuseumid<\/a><\/p>\n\n\n\n<h2 class=\"wp-block-heading\"><\/h2>\n\n\n\n<p><\/p>","protected":false},"featured_media":4269,"template":"","class_list":["post-4157","karilatsi-sundmus","type-karilatsi-sundmus","status-publish","has-post-thumbnail","hentry"],"acf":[],"yoast_head":"<!-- This site is optimized with the Yoast SEO plugin v27.4 - https:\/\/yoast.com\/product\/yoast-seo-wordpress\/ -->\n<title>Mardi- ja kadrin\u00e4dalad Karilatsis 6.\u201325. novembrini - Vana-V\u00f5rumaa muuseumid<\/title>\n<meta name=\"robots\" content=\"index, follow, max-snippet:-1, max-image-preview:large, max-video-preview:-1\" \/>\n<link rel=\"canonical\" href=\"https:\/\/vanavorumaamuuseumid.ee\/vo\/karilatsi-sundmus\/karilatsi-mardi-kadrinadalad\/\" \/>\n<meta property=\"og:locale\" content=\"en_US\" \/>\n<meta property=\"og:type\" content=\"article\" \/>\n<meta property=\"og:title\" content=\"Mardi- ja kadrin\u00e4dalad Karilatsis 6.\u201325. novembrini - Vana-V\u00f5rumaa muuseumid\" \/>\n<meta property=\"og:description\" content=\"M\u00e4rdikuusse ehk novembrisse j\u00e4\u00e4b kaks meie rahvakalendri vahest k\u00f5ige l\u00f5busamat t\u00e4htp\u00e4eva \u2013 [&hellip;]\" \/>\n<meta property=\"og:url\" content=\"https:\/\/vanavorumaamuuseumid.ee\/vo\/karilatsi-sundmus\/karilatsi-mardi-kadrinadalad\/\" \/>\n<meta property=\"og:site_name\" content=\"Vana-V\u00f5rumaa muuseumid\" \/>\n<meta property=\"article:modified_time\" content=\"2025-10-29T08:35:32+00:00\" \/>\n<meta property=\"og:image\" content=\"https:\/\/vanavorumaamuuseumid.ee\/wp-content\/uploads\/2025\/10\/MARTKADRI_UUS_2025.jpg\" \/>\n\t<meta property=\"og:image:width\" content=\"1040\" \/>\n\t<meta property=\"og:image:height\" content=\"720\" \/>\n\t<meta property=\"og:image:type\" content=\"image\/jpeg\" \/>\n<meta name=\"twitter:card\" content=\"summary_large_image\" \/>\n<meta name=\"twitter:label1\" content=\"Est. reading time\" \/>\n\t<meta name=\"twitter:data1\" content=\"2 minutes\" \/>\n<script type=\"application\/ld+json\" class=\"yoast-schema-graph\">{\"@context\":\"https:\\\/\\\/schema.org\",\"@graph\":[{\"@type\":\"WebPage\",\"@id\":\"https:\\\/\\\/vanavorumaamuuseumid.ee\\\/karilatsi-sundmus\\\/karilatsi-mardi-kadrinadalad\\\/\",\"url\":\"https:\\\/\\\/vanavorumaamuuseumid.ee\\\/karilatsi-sundmus\\\/karilatsi-mardi-kadrinadalad\\\/\",\"name\":\"Mardi- ja kadrin\u00e4dalad Karilatsis 6.\u201325. novembrini - Vana-V\u00f5rumaa muuseumid\",\"isPartOf\":{\"@id\":\"https:\\\/\\\/vanavorumaamuuseumid.ee\\\/#website\"},\"primaryImageOfPage\":{\"@id\":\"https:\\\/\\\/vanavorumaamuuseumid.ee\\\/karilatsi-sundmus\\\/karilatsi-mardi-kadrinadalad\\\/#primaryimage\"},\"image\":{\"@id\":\"https:\\\/\\\/vanavorumaamuuseumid.ee\\\/karilatsi-sundmus\\\/karilatsi-mardi-kadrinadalad\\\/#primaryimage\"},\"thumbnailUrl\":\"https:\\\/\\\/vanavorumaamuuseumid.ee\\\/wp-content\\\/uploads\\\/2025\\\/10\\\/MARTKADRI_UUS_2025.jpg\",\"datePublished\":\"2025-10-15T09:03:06+00:00\",\"dateModified\":\"2025-10-29T08:35:32+00:00\",\"breadcrumb\":{\"@id\":\"https:\\\/\\\/vanavorumaamuuseumid.ee\\\/karilatsi-sundmus\\\/karilatsi-mardi-kadrinadalad\\\/#breadcrumb\"},\"inLanguage\":\"vo\",\"potentialAction\":[{\"@type\":\"ReadAction\",\"target\":[\"https:\\\/\\\/vanavorumaamuuseumid.ee\\\/karilatsi-sundmus\\\/karilatsi-mardi-kadrinadalad\\\/\"]}]},{\"@type\":\"ImageObject\",\"inLanguage\":\"vo\",\"@id\":\"https:\\\/\\\/vanavorumaamuuseumid.ee\\\/karilatsi-sundmus\\\/karilatsi-mardi-kadrinadalad\\\/#primaryimage\",\"url\":\"https:\\\/\\\/vanavorumaamuuseumid.ee\\\/wp-content\\\/uploads\\\/2025\\\/10\\\/MARTKADRI_UUS_2025.jpg\",\"contentUrl\":\"https:\\\/\\\/vanavorumaamuuseumid.ee\\\/wp-content\\\/uploads\\\/2025\\\/10\\\/MARTKADRI_UUS_2025.jpg\",\"width\":1040,\"height\":720},{\"@type\":\"BreadcrumbList\",\"@id\":\"https:\\\/\\\/vanavorumaamuuseumid.ee\\\/karilatsi-sundmus\\\/karilatsi-mardi-kadrinadalad\\\/#breadcrumb\",\"itemListElement\":[{\"@type\":\"ListItem\",\"position\":1,\"name\":\"Home\",\"item\":\"https:\\\/\\\/vanavorumaamuuseumid.ee\\\/\"},{\"@type\":\"ListItem\",\"position\":2,\"name\":\"Mardi- ja kadrin\u00e4dalad Karilatsis 6.\u201325. novembrini\"}]},{\"@type\":\"WebSite\",\"@id\":\"https:\\\/\\\/vanavorumaamuuseumid.ee\\\/#website\",\"url\":\"https:\\\/\\\/vanavorumaamuuseumid.ee\\\/\",\"name\":\"Vana-V\u00f5rumaa Muuseumid\",\"description\":\"V\u00f5rumaa Muuseum, Dr. Fr. R. Kreutzwaldi Memoriaalmuuseum, M\u00f5niste Talurahvamuuseum ja Karilatsi Vaba\u00f5humuuseum\",\"publisher\":{\"@id\":\"https:\\\/\\\/vanavorumaamuuseumid.ee\\\/#organization\"},\"potentialAction\":[{\"@type\":\"SearchAction\",\"target\":{\"@type\":\"EntryPoint\",\"urlTemplate\":\"https:\\\/\\\/vanavorumaamuuseumid.ee\\\/?s={search_term_string}\"},\"query-input\":{\"@type\":\"PropertyValueSpecification\",\"valueRequired\":true,\"valueName\":\"search_term_string\"}}],\"inLanguage\":\"vo\"},{\"@type\":\"Organization\",\"@id\":\"https:\\\/\\\/vanavorumaamuuseumid.ee\\\/#organization\",\"name\":\"V\u00f5ru Instituut\",\"url\":\"https:\\\/\\\/vanavorumaamuuseumid.ee\\\/\",\"logo\":{\"@type\":\"ImageObject\",\"inLanguage\":\"vo\",\"@id\":\"https:\\\/\\\/vanavorumaamuuseumid.ee\\\/#\\\/schema\\\/logo\\\/image\\\/\",\"url\":\"https:\\\/\\\/vanavorumaamuuseumid.ee\\\/wp-content\\\/uploads\\\/2025\\\/05\\\/vana-voromaa-muusoumi-250516.svg\",\"contentUrl\":\"https:\\\/\\\/vanavorumaamuuseumid.ee\\\/wp-content\\\/uploads\\\/2025\\\/05\\\/vana-voromaa-muusoumi-250516.svg\",\"width\":567,\"height\":80,\"caption\":\"V\u00f5ru Instituut\"},\"image\":{\"@id\":\"https:\\\/\\\/vanavorumaamuuseumid.ee\\\/#\\\/schema\\\/logo\\\/image\\\/\"}}]}<\/script>\n<!-- \/ Yoast SEO plugin. -->","yoast_head_json":{"title":"Mardi- ja kadrin\u00e4dalad Karilatsis 6.\u201325. novembrini - Vana-V\u00f5rumaa muuseumid","robots":{"index":"index","follow":"follow","max-snippet":"max-snippet:-1","max-image-preview":"max-image-preview:large","max-video-preview":"max-video-preview:-1"},"canonical":"https:\/\/vanavorumaamuuseumid.ee\/vo\/karilatsi-sundmus\/karilatsi-mardi-kadrinadalad\/","og_locale":"en_US","og_type":"article","og_title":"Mardi- ja kadrin\u00e4dalad Karilatsis 6.\u201325. novembrini - Vana-V\u00f5rumaa muuseumid","og_description":"M\u00e4rdikuusse ehk novembrisse j\u00e4\u00e4b kaks meie rahvakalendri vahest k\u00f5ige l\u00f5busamat t\u00e4htp\u00e4eva \u2013 [&hellip;]","og_url":"https:\/\/vanavorumaamuuseumid.ee\/vo\/karilatsi-sundmus\/karilatsi-mardi-kadrinadalad\/","og_site_name":"Vana-V\u00f5rumaa muuseumid","article_modified_time":"2025-10-29T08:35:32+00:00","og_image":[{"width":1040,"height":720,"url":"https:\/\/vanavorumaamuuseumid.ee\/wp-content\/uploads\/2025\/10\/MARTKADRI_UUS_2025.jpg","type":"image\/jpeg"}],"twitter_card":"summary_large_image","twitter_misc":{"Est. reading time":"2 minutes"},"schema":{"@context":"https:\/\/schema.org","@graph":[{"@type":"WebPage","@id":"https:\/\/vanavorumaamuuseumid.ee\/karilatsi-sundmus\/karilatsi-mardi-kadrinadalad\/","url":"https:\/\/vanavorumaamuuseumid.ee\/karilatsi-sundmus\/karilatsi-mardi-kadrinadalad\/","name":"Mardi- ja kadrin\u00e4dalad Karilatsis 6.\u201325. novembrini - Vana-V\u00f5rumaa muuseumid","isPartOf":{"@id":"https:\/\/vanavorumaamuuseumid.ee\/#website"},"primaryImageOfPage":{"@id":"https:\/\/vanavorumaamuuseumid.ee\/karilatsi-sundmus\/karilatsi-mardi-kadrinadalad\/#primaryimage"},"image":{"@id":"https:\/\/vanavorumaamuuseumid.ee\/karilatsi-sundmus\/karilatsi-mardi-kadrinadalad\/#primaryimage"},"thumbnailUrl":"https:\/\/vanavorumaamuuseumid.ee\/wp-content\/uploads\/2025\/10\/MARTKADRI_UUS_2025.jpg","datePublished":"2025-10-15T09:03:06+00:00","dateModified":"2025-10-29T08:35:32+00:00","breadcrumb":{"@id":"https:\/\/vanavorumaamuuseumid.ee\/karilatsi-sundmus\/karilatsi-mardi-kadrinadalad\/#breadcrumb"},"inLanguage":"vo","potentialAction":[{"@type":"ReadAction","target":["https:\/\/vanavorumaamuuseumid.ee\/karilatsi-sundmus\/karilatsi-mardi-kadrinadalad\/"]}]},{"@type":"ImageObject","inLanguage":"vo","@id":"https:\/\/vanavorumaamuuseumid.ee\/karilatsi-sundmus\/karilatsi-mardi-kadrinadalad\/#primaryimage","url":"https:\/\/vanavorumaamuuseumid.ee\/wp-content\/uploads\/2025\/10\/MARTKADRI_UUS_2025.jpg","contentUrl":"https:\/\/vanavorumaamuuseumid.ee\/wp-content\/uploads\/2025\/10\/MARTKADRI_UUS_2025.jpg","width":1040,"height":720},{"@type":"BreadcrumbList","@id":"https:\/\/vanavorumaamuuseumid.ee\/karilatsi-sundmus\/karilatsi-mardi-kadrinadalad\/#breadcrumb","itemListElement":[{"@type":"ListItem","position":1,"name":"Home","item":"https:\/\/vanavorumaamuuseumid.ee\/"},{"@type":"ListItem","position":2,"name":"Mardi- ja kadrin\u00e4dalad Karilatsis 6.\u201325. novembrini"}]},{"@type":"WebSite","@id":"https:\/\/vanavorumaamuuseumid.ee\/#website","url":"https:\/\/vanavorumaamuuseumid.ee\/","name":"Vana-V\u00f5rumaa Muuseumid","description":"V\u00f5rumaa Muuseum, Dr. Fr. R. Kreutzwaldi Memoriaalmuuseum, M\u00f5niste Talurahvamuuseum ja Karilatsi Vaba\u00f5humuuseum","publisher":{"@id":"https:\/\/vanavorumaamuuseumid.ee\/#organization"},"potentialAction":[{"@type":"SearchAction","target":{"@type":"EntryPoint","urlTemplate":"https:\/\/vanavorumaamuuseumid.ee\/?s={search_term_string}"},"query-input":{"@type":"PropertyValueSpecification","valueRequired":true,"valueName":"search_term_string"}}],"inLanguage":"vo"},{"@type":"Organization","@id":"https:\/\/vanavorumaamuuseumid.ee\/#organization","name":"V\u00f5ru Instituut","url":"https:\/\/vanavorumaamuuseumid.ee\/","logo":{"@type":"ImageObject","inLanguage":"vo","@id":"https:\/\/vanavorumaamuuseumid.ee\/#\/schema\/logo\/image\/","url":"https:\/\/vanavorumaamuuseumid.ee\/wp-content\/uploads\/2025\/05\/vana-voromaa-muusoumi-250516.svg","contentUrl":"https:\/\/vanavorumaamuuseumid.ee\/wp-content\/uploads\/2025\/05\/vana-voromaa-muusoumi-250516.svg","width":567,"height":80,"caption":"V\u00f5ru Instituut"},"image":{"@id":"https:\/\/vanavorumaamuuseumid.ee\/#\/schema\/logo\/image\/"}}]}},"_links":{"self":[{"href":"https:\/\/vanavorumaamuuseumid.ee\/vo\/wp-json\/wp\/v2\/karilatsi-sundmus\/4157","targetHints":{"allow":["GET"]}}],"collection":[{"href":"https:\/\/vanavorumaamuuseumid.ee\/vo\/wp-json\/wp\/v2\/karilatsi-sundmus"}],"about":[{"href":"https:\/\/vanavorumaamuuseumid.ee\/vo\/wp-json\/wp\/v2\/types\/karilatsi-sundmus"}],"wp:featuredmedia":[{"embeddable":true,"href":"https:\/\/vanavorumaamuuseumid.ee\/vo\/wp-json\/wp\/v2\/media\/4269"}],"wp:attachment":[{"href":"https:\/\/vanavorumaamuuseumid.ee\/vo\/wp-json\/wp\/v2\/media?parent=4157"}],"curies":[{"name":"wp","href":"https:\/\/api.w.org\/{rel}","templated":true}]}}