{"id":4943,"date":"2025-12-30T09:56:11","date_gmt":"2025-12-30T07:56:11","guid":{"rendered":"https:\/\/vanavorumaamuuseumid.ee\/?post_type=karilatsi-sundmus&#038;p=4943"},"modified":"2025-12-30T10:02:56","modified_gmt":"2025-12-30T08:02:56","slug":"tule-muuseumi-ka-talvehooajal","status":"publish","type":"karilatsi-sundmus","link":"https:\/\/vanavorumaamuuseumid.ee\/vo\/karilatsi-sundmus\/tule-muuseumi-ka-talvehooajal\/","title":{"rendered":"Tule muuseumi ka talvehooajal!"},"content":{"rendered":"<p>Karilatsi Vaba\u00f5humuuseum ootab k\u00fclastama ka talvekuudel, mil siinne loodus pakub silmailu isegi siis, kui lumevaip on \u00f5huke. Muuseumi peamaja \u2013 vana Karilatsi koolimaja ahjud on k\u00f6etud ja koolipingis saab tunnetada, milline oli koolielu pool sajandit tagasi v\u00f5i varemgi. \u00dcksiktulijal on v\u00f5imalik istuda koolipingis, lahendada \u00fclesandeid ja lugeda ning kirjutada tindi-sulega. Koolmeistri toa puhvetisahtlist piiluvad vanad j\u00f5uluehted, mis on taas vati sisse peidetud ja ootavad uut aastavahetust. N\u00e4itusel \u201eKuke kannul kooliteel\u201c on v\u00f5imalik rahulikult lugeda jutte sellest, kuidas L\u00f5una-Eesti lapsed on aastak\u00fcmneid oma kooliteed k\u00e4inud ja koolitarkusi omandanud. Tule ja saa teada, kuidas lapsed talvel \u00f5ppisid ja mida tegid vahetunnis. Koolis \u00f5ppimas k\u00e4idi just talvel, sest suvel olid vana aja lapsed ju karjas ehk valvasid loomi.<\/p>\n\n\n\n<p>Muuseumi\u00f5petaja ootab ka teistesse muuseumitundidesse. Lisaks koolitunnile pakume talvehooajal tulest ja valgustusest pajatavat muuseumitundi \u201eTuli \u2013 k\u00f5ige peremees\u201c. Veebruaris r\u00e4\u00e4gime vastlap\u00e4evast ja t\u00e4histame Eesti s\u00fcnnip\u00e4evan\u00e4dalat. Nii need talvekuud m\u00f6\u00f6duvadki ja varsti on taas kevad.<\/p>\n\n\n\n<p>Kunstnik Vanda Juhansoo m\u00e4lestustuba viib k\u00fclastaja N\u00f5iamaja interj\u00f6\u00f6ri ja kunstniku omap\u00e4rasesse loomeilma. Sirvida saab k\u00fclalisraamatut, kuhu on m\u00f5tteid, luuletusi ja joonistusi j\u00e4tnud paljud tuntud inimesed.<\/p>","protected":false},"featured_media":4945,"template":"","class_list":["post-4943","karilatsi-sundmus","type-karilatsi-sundmus","status-publish","has-post-thumbnail","hentry"],"acf":[],"yoast_head":"<!-- This site is optimized with the Yoast SEO plugin v27.4 - https:\/\/yoast.com\/product\/yoast-seo-wordpress\/ -->\n<title>Tule muuseumi ka talvehooajal! - Vana-V\u00f5rumaa muuseumid<\/title>\n<meta name=\"robots\" content=\"index, follow, max-snippet:-1, max-image-preview:large, max-video-preview:-1\" \/>\n<link rel=\"canonical\" href=\"https:\/\/vanavorumaamuuseumid.ee\/vo\/karilatsi-sundmus\/tule-muuseumi-ka-talvehooajal\/\" \/>\n<meta property=\"og:locale\" content=\"en_US\" \/>\n<meta property=\"og:type\" content=\"article\" \/>\n<meta property=\"og:title\" content=\"Tule muuseumi ka talvehooajal! - Vana-V\u00f5rumaa muuseumid\" \/>\n<meta property=\"og:description\" content=\"Karilatsi Vaba\u00f5humuuseum ootab k\u00fclastama ka talvekuudel, mil siinne loodus pakub silmailu isegi [&hellip;]\" \/>\n<meta property=\"og:url\" content=\"https:\/\/vanavorumaamuuseumid.ee\/vo\/karilatsi-sundmus\/tule-muuseumi-ka-talvehooajal\/\" \/>\n<meta property=\"og:site_name\" content=\"Vana-V\u00f5rumaa muuseumid\" \/>\n<meta property=\"article:modified_time\" content=\"2025-12-30T08:02:56+00:00\" \/>\n<meta property=\"og:image\" content=\"https:\/\/vanavorumaamuuseumid.ee\/wp-content\/uploads\/2025\/12\/2026-joulud-1.jpg\" \/>\n\t<meta property=\"og:image:width\" content=\"1920\" \/>\n\t<meta property=\"og:image:height\" content=\"1275\" \/>\n\t<meta property=\"og:image:type\" content=\"image\/jpeg\" \/>\n<meta name=\"twitter:card\" content=\"summary_large_image\" \/>\n<meta name=\"twitter:label1\" content=\"Est. reading time\" \/>\n\t<meta name=\"twitter:data1\" content=\"2 minutes\" \/>\n<script type=\"application\/ld+json\" class=\"yoast-schema-graph\">{\"@context\":\"https:\\\/\\\/schema.org\",\"@graph\":[{\"@type\":\"WebPage\",\"@id\":\"https:\\\/\\\/vanavorumaamuuseumid.ee\\\/karilatsi-sundmus\\\/tule-muuseumi-ka-talvehooajal\\\/\",\"url\":\"https:\\\/\\\/vanavorumaamuuseumid.ee\\\/karilatsi-sundmus\\\/tule-muuseumi-ka-talvehooajal\\\/\",\"name\":\"Tule muuseumi ka talvehooajal! - Vana-V\u00f5rumaa muuseumid\",\"isPartOf\":{\"@id\":\"https:\\\/\\\/vanavorumaamuuseumid.ee\\\/#website\"},\"primaryImageOfPage\":{\"@id\":\"https:\\\/\\\/vanavorumaamuuseumid.ee\\\/karilatsi-sundmus\\\/tule-muuseumi-ka-talvehooajal\\\/#primaryimage\"},\"image\":{\"@id\":\"https:\\\/\\\/vanavorumaamuuseumid.ee\\\/karilatsi-sundmus\\\/tule-muuseumi-ka-talvehooajal\\\/#primaryimage\"},\"thumbnailUrl\":\"https:\\\/\\\/vanavorumaamuuseumid.ee\\\/wp-content\\\/uploads\\\/2025\\\/12\\\/2026-joulud-1.jpg\",\"datePublished\":\"2025-12-30T07:56:11+00:00\",\"dateModified\":\"2025-12-30T08:02:56+00:00\",\"breadcrumb\":{\"@id\":\"https:\\\/\\\/vanavorumaamuuseumid.ee\\\/karilatsi-sundmus\\\/tule-muuseumi-ka-talvehooajal\\\/#breadcrumb\"},\"inLanguage\":\"vo\",\"potentialAction\":[{\"@type\":\"ReadAction\",\"target\":[\"https:\\\/\\\/vanavorumaamuuseumid.ee\\\/karilatsi-sundmus\\\/tule-muuseumi-ka-talvehooajal\\\/\"]}]},{\"@type\":\"ImageObject\",\"inLanguage\":\"vo\",\"@id\":\"https:\\\/\\\/vanavorumaamuuseumid.ee\\\/karilatsi-sundmus\\\/tule-muuseumi-ka-talvehooajal\\\/#primaryimage\",\"url\":\"https:\\\/\\\/vanavorumaamuuseumid.ee\\\/wp-content\\\/uploads\\\/2025\\\/12\\\/2026-joulud-1.jpg\",\"contentUrl\":\"https:\\\/\\\/vanavorumaamuuseumid.ee\\\/wp-content\\\/uploads\\\/2025\\\/12\\\/2026-joulud-1.jpg\",\"width\":1920,\"height\":1275},{\"@type\":\"BreadcrumbList\",\"@id\":\"https:\\\/\\\/vanavorumaamuuseumid.ee\\\/karilatsi-sundmus\\\/tule-muuseumi-ka-talvehooajal\\\/#breadcrumb\",\"itemListElement\":[{\"@type\":\"ListItem\",\"position\":1,\"name\":\"Home\",\"item\":\"https:\\\/\\\/vanavorumaamuuseumid.ee\\\/\"},{\"@type\":\"ListItem\",\"position\":2,\"name\":\"Tule muuseumi ka talvehooajal!\"}]},{\"@type\":\"WebSite\",\"@id\":\"https:\\\/\\\/vanavorumaamuuseumid.ee\\\/#website\",\"url\":\"https:\\\/\\\/vanavorumaamuuseumid.ee\\\/\",\"name\":\"Vana-V\u00f5rumaa Muuseumid\",\"description\":\"V\u00f5rumaa Muuseum, Dr. Fr. R. Kreutzwaldi Memoriaalmuuseum, M\u00f5niste Talurahvamuuseum ja Karilatsi Vaba\u00f5humuuseum\",\"publisher\":{\"@id\":\"https:\\\/\\\/vanavorumaamuuseumid.ee\\\/#organization\"},\"potentialAction\":[{\"@type\":\"SearchAction\",\"target\":{\"@type\":\"EntryPoint\",\"urlTemplate\":\"https:\\\/\\\/vanavorumaamuuseumid.ee\\\/?s={search_term_string}\"},\"query-input\":{\"@type\":\"PropertyValueSpecification\",\"valueRequired\":true,\"valueName\":\"search_term_string\"}}],\"inLanguage\":\"vo\"},{\"@type\":\"Organization\",\"@id\":\"https:\\\/\\\/vanavorumaamuuseumid.ee\\\/#organization\",\"name\":\"V\u00f5ru Instituut\",\"url\":\"https:\\\/\\\/vanavorumaamuuseumid.ee\\\/\",\"logo\":{\"@type\":\"ImageObject\",\"inLanguage\":\"vo\",\"@id\":\"https:\\\/\\\/vanavorumaamuuseumid.ee\\\/#\\\/schema\\\/logo\\\/image\\\/\",\"url\":\"https:\\\/\\\/vanavorumaamuuseumid.ee\\\/wp-content\\\/uploads\\\/2025\\\/05\\\/vana-voromaa-muusoumi-250516.svg\",\"contentUrl\":\"https:\\\/\\\/vanavorumaamuuseumid.ee\\\/wp-content\\\/uploads\\\/2025\\\/05\\\/vana-voromaa-muusoumi-250516.svg\",\"width\":567,\"height\":80,\"caption\":\"V\u00f5ru Instituut\"},\"image\":{\"@id\":\"https:\\\/\\\/vanavorumaamuuseumid.ee\\\/#\\\/schema\\\/logo\\\/image\\\/\"}}]}<\/script>\n<!-- \/ Yoast SEO plugin. -->","yoast_head_json":{"title":"Tule muuseumi ka talvehooajal! - Vana-V\u00f5rumaa muuseumid","robots":{"index":"index","follow":"follow","max-snippet":"max-snippet:-1","max-image-preview":"max-image-preview:large","max-video-preview":"max-video-preview:-1"},"canonical":"https:\/\/vanavorumaamuuseumid.ee\/vo\/karilatsi-sundmus\/tule-muuseumi-ka-talvehooajal\/","og_locale":"en_US","og_type":"article","og_title":"Tule muuseumi ka talvehooajal! - Vana-V\u00f5rumaa muuseumid","og_description":"Karilatsi Vaba\u00f5humuuseum ootab k\u00fclastama ka talvekuudel, mil siinne loodus pakub silmailu isegi [&hellip;]","og_url":"https:\/\/vanavorumaamuuseumid.ee\/vo\/karilatsi-sundmus\/tule-muuseumi-ka-talvehooajal\/","og_site_name":"Vana-V\u00f5rumaa muuseumid","article_modified_time":"2025-12-30T08:02:56+00:00","og_image":[{"width":1920,"height":1275,"url":"https:\/\/vanavorumaamuuseumid.ee\/wp-content\/uploads\/2025\/12\/2026-joulud-1.jpg","type":"image\/jpeg"}],"twitter_card":"summary_large_image","twitter_misc":{"Est. reading time":"2 minutes"},"schema":{"@context":"https:\/\/schema.org","@graph":[{"@type":"WebPage","@id":"https:\/\/vanavorumaamuuseumid.ee\/karilatsi-sundmus\/tule-muuseumi-ka-talvehooajal\/","url":"https:\/\/vanavorumaamuuseumid.ee\/karilatsi-sundmus\/tule-muuseumi-ka-talvehooajal\/","name":"Tule muuseumi ka talvehooajal! - Vana-V\u00f5rumaa muuseumid","isPartOf":{"@id":"https:\/\/vanavorumaamuuseumid.ee\/#website"},"primaryImageOfPage":{"@id":"https:\/\/vanavorumaamuuseumid.ee\/karilatsi-sundmus\/tule-muuseumi-ka-talvehooajal\/#primaryimage"},"image":{"@id":"https:\/\/vanavorumaamuuseumid.ee\/karilatsi-sundmus\/tule-muuseumi-ka-talvehooajal\/#primaryimage"},"thumbnailUrl":"https:\/\/vanavorumaamuuseumid.ee\/wp-content\/uploads\/2025\/12\/2026-joulud-1.jpg","datePublished":"2025-12-30T07:56:11+00:00","dateModified":"2025-12-30T08:02:56+00:00","breadcrumb":{"@id":"https:\/\/vanavorumaamuuseumid.ee\/karilatsi-sundmus\/tule-muuseumi-ka-talvehooajal\/#breadcrumb"},"inLanguage":"vo","potentialAction":[{"@type":"ReadAction","target":["https:\/\/vanavorumaamuuseumid.ee\/karilatsi-sundmus\/tule-muuseumi-ka-talvehooajal\/"]}]},{"@type":"ImageObject","inLanguage":"vo","@id":"https:\/\/vanavorumaamuuseumid.ee\/karilatsi-sundmus\/tule-muuseumi-ka-talvehooajal\/#primaryimage","url":"https:\/\/vanavorumaamuuseumid.ee\/wp-content\/uploads\/2025\/12\/2026-joulud-1.jpg","contentUrl":"https:\/\/vanavorumaamuuseumid.ee\/wp-content\/uploads\/2025\/12\/2026-joulud-1.jpg","width":1920,"height":1275},{"@type":"BreadcrumbList","@id":"https:\/\/vanavorumaamuuseumid.ee\/karilatsi-sundmus\/tule-muuseumi-ka-talvehooajal\/#breadcrumb","itemListElement":[{"@type":"ListItem","position":1,"name":"Home","item":"https:\/\/vanavorumaamuuseumid.ee\/"},{"@type":"ListItem","position":2,"name":"Tule muuseumi ka talvehooajal!"}]},{"@type":"WebSite","@id":"https:\/\/vanavorumaamuuseumid.ee\/#website","url":"https:\/\/vanavorumaamuuseumid.ee\/","name":"Vana-V\u00f5rumaa Muuseumid","description":"V\u00f5rumaa Muuseum, Dr. Fr. R. Kreutzwaldi Memoriaalmuuseum, M\u00f5niste Talurahvamuuseum ja Karilatsi Vaba\u00f5humuuseum","publisher":{"@id":"https:\/\/vanavorumaamuuseumid.ee\/#organization"},"potentialAction":[{"@type":"SearchAction","target":{"@type":"EntryPoint","urlTemplate":"https:\/\/vanavorumaamuuseumid.ee\/?s={search_term_string}"},"query-input":{"@type":"PropertyValueSpecification","valueRequired":true,"valueName":"search_term_string"}}],"inLanguage":"vo"},{"@type":"Organization","@id":"https:\/\/vanavorumaamuuseumid.ee\/#organization","name":"V\u00f5ru Instituut","url":"https:\/\/vanavorumaamuuseumid.ee\/","logo":{"@type":"ImageObject","inLanguage":"vo","@id":"https:\/\/vanavorumaamuuseumid.ee\/#\/schema\/logo\/image\/","url":"https:\/\/vanavorumaamuuseumid.ee\/wp-content\/uploads\/2025\/05\/vana-voromaa-muusoumi-250516.svg","contentUrl":"https:\/\/vanavorumaamuuseumid.ee\/wp-content\/uploads\/2025\/05\/vana-voromaa-muusoumi-250516.svg","width":567,"height":80,"caption":"V\u00f5ru Instituut"},"image":{"@id":"https:\/\/vanavorumaamuuseumid.ee\/#\/schema\/logo\/image\/"}}]}},"_links":{"self":[{"href":"https:\/\/vanavorumaamuuseumid.ee\/vo\/wp-json\/wp\/v2\/karilatsi-sundmus\/4943","targetHints":{"allow":["GET"]}}],"collection":[{"href":"https:\/\/vanavorumaamuuseumid.ee\/vo\/wp-json\/wp\/v2\/karilatsi-sundmus"}],"about":[{"href":"https:\/\/vanavorumaamuuseumid.ee\/vo\/wp-json\/wp\/v2\/types\/karilatsi-sundmus"}],"wp:featuredmedia":[{"embeddable":true,"href":"https:\/\/vanavorumaamuuseumid.ee\/vo\/wp-json\/wp\/v2\/media\/4945"}],"wp:attachment":[{"href":"https:\/\/vanavorumaamuuseumid.ee\/vo\/wp-json\/wp\/v2\/media?parent=4943"}],"curies":[{"name":"wp","href":"https:\/\/api.w.org\/{rel}","templated":true}]}}