{"id":4944,"date":"2025-12-30T09:57:29","date_gmt":"2025-12-30T07:57:29","guid":{"rendered":"https:\/\/vanavorumaamuuseumid.ee\/?post_type=karilatsi-sundmus&#038;p=4944"},"modified":"2025-12-30T10:03:38","modified_gmt":"2025-12-30T08:03:38","slug":"karilatsi-vabaohumuuseumi-tahistab-sunnipaeva","status":"publish","type":"karilatsi-sundmus","link":"https:\/\/vanavorumaamuuseumid.ee\/vo\/karilatsi-sundmus\/karilatsi-vabaohumuuseumi-tahistab-sunnipaeva\/","title":{"rendered":"Karilatsi Vaba\u00f5humuuseumi t\u00e4histab s\u00fcnnip\u00e4eva"},"content":{"rendered":"<p>Muuseumis toimuvast kirjutab direktor J\u00fcri Nopri kohalikus ajalehes Koit (28.05.1981) nii:<\/p>\n\n\n\n<p><em>Rajamisel olev P\u00f5lva Talurahvamuuseum asub Karilatsi k\u00fclas. Kagu-Eesti loodus oma vaheldusrikkusega on alati pakkunud nauditavat vaatepilti. Karilatsi pole selles suhtes erand. Lainjatel kinkudel asuvad p\u00f5llud vahelduvad lopsakate metsasaludega, p\u00f5ldude ja niitude vahel lookleb Ts\u00e4hkna oja, mis oli energiaallikaks kohalikule vesiveskile. Meeldiv on t\u00f5deda, et siinse kauni looduse r\u00fcpes s\u00f5idetava maantee \u00e4\u00e4res asuvad suhteliselt kompleksselt m\u00f6\u00f6dunud sajandi l\u00f5pu ja k\u00e4esoleva sajandi alguse k\u00fcla \u00fchiskondlikud hooned (koolimaja, \u00f5petajate elamu, laut, ait, maa-alune kelder, vesiveski, suitsusaun, vaestemaja, magasiait jt). Seega on meil tegemist omalaadse k\u00fclaarhitektuuri ansambliga, kus hooned on algses asukohas. Nimetatud maa-ala 10,7 ha v\u00f5etakse riikliku kaitse alla ja moodustab regionaalse vaba\u00f5humuuseumi t\u00fc\u00fcpi P\u00f5lva Talurahvamuuseumi.<\/em><\/p>\n\n\n\n<p><em>Praegu toimuvad ulatuslikud projekteerimist\u00f6\u00f6d, et l\u00e4hematel aastatel alustada restaureerimist\u00f6\u00f6dega. K\u00f5igile k\u00fclastajatele on muuseum aga avatud ka praegu. Kogu kompleksist saab n\u00e4ha k\u00fcll ainult \u00fchte hoonet \u2013 koolimaja \u2013, mis on praegu ka muuseumit\u00f6\u00f6 keskseks hooneks. Sisustatud on klassiruum. Rajooni t\u00e4nap\u00e4eva ekspositsioon tutvustab suuremaid t\u00f6\u00f6stusettev\u00f5tteid, nende toodangut ning annab \u00fclevaate meie s\u00f5prusrajoonidest teistest liiduvabariikidest. Samas saab vaadata etnograafiakogu, t\u00f6\u00f6riistu, toidun\u00f5usid ja majapidamistarbeid sajandivahetusest. S\u00f5prusparki on istutatud hulgaliselt lehtpuid rajooni k\u00fclaliste ja vabariigi \u00fchiskonna- ja kultuuritegelaste poolt. Huvipakkuvaks on kindlasti rajooni kaart maastikul, kus on n\u00e4idatud t\u00e4htsamad keskused, liiklusteed, kultuuriloolised paigad. Kaardil teostame k\u00fcll uuendust\u00f6id, kuid see ei sega uudistamist. Eriti noortele meeldib viibida tuuleveskis ja vaadata p\u00f5llut\u00f6\u00f6masinate kogu. Rajatav P\u00f5lva Talurahvamuuseum kujuneb ainulaadseks talurahvaarhitektuuri eksponeerimise ja s\u00e4ilitamise kohaks. Siin on l\u00e4htutud t\u00e4nap\u00e4eva taluarhitektuuri kaitse uutest suundadest, kus r\u00f5hutatakse ajaloolis-etnograafiliste ehitiste kompleksset kaitset nende algses asukohas. Selline viis tagab hoonetele loomuliku keskkonna, mis aitab m\u00f5ista k\u00fcla ehitiste omap\u00e4ra<\/em>.<\/p>","protected":false},"featured_media":4863,"template":"","class_list":["post-4944","karilatsi-sundmus","type-karilatsi-sundmus","status-publish","has-post-thumbnail","hentry"],"acf":[],"yoast_head":"<!-- This site is optimized with the Yoast SEO plugin v27.4 - https:\/\/yoast.com\/product\/yoast-seo-wordpress\/ -->\n<title>Karilatsi Vaba\u00f5humuuseumi t\u00e4histab s\u00fcnnip\u00e4eva - Vana-V\u00f5rumaa muuseumid<\/title>\n<meta name=\"robots\" content=\"index, follow, max-snippet:-1, max-image-preview:large, max-video-preview:-1\" \/>\n<link rel=\"canonical\" href=\"https:\/\/vanavorumaamuuseumid.ee\/vo\/karilatsi-sundmus\/karilatsi-vabaohumuuseumi-tahistab-sunnipaeva\/\" \/>\n<meta property=\"og:locale\" content=\"en_US\" \/>\n<meta property=\"og:type\" content=\"article\" \/>\n<meta property=\"og:title\" content=\"Karilatsi Vaba\u00f5humuuseumi t\u00e4histab s\u00fcnnip\u00e4eva - Vana-V\u00f5rumaa muuseumid\" \/>\n<meta property=\"og:description\" content=\"Muuseumis toimuvast kirjutab direktor J\u00fcri Nopri kohalikus ajalehes Koit (28.05.1981) nii: Rajamisel [&hellip;]\" \/>\n<meta property=\"og:url\" content=\"https:\/\/vanavorumaamuuseumid.ee\/vo\/karilatsi-sundmus\/karilatsi-vabaohumuuseumi-tahistab-sunnipaeva\/\" \/>\n<meta property=\"og:site_name\" content=\"Vana-V\u00f5rumaa muuseumid\" \/>\n<meta property=\"article:modified_time\" content=\"2025-12-30T08:03:38+00:00\" \/>\n<meta property=\"og:image\" content=\"https:\/\/vanavorumaamuuseumid.ee\/wp-content\/uploads\/2025\/12\/24.-november-2025.-a._2.jfif\" \/>\n\t<meta property=\"og:image:width\" content=\"2048\" \/>\n\t<meta property=\"og:image:height\" content=\"1536\" \/>\n\t<meta property=\"og:image:type\" content=\"image\/jpeg\" \/>\n<meta name=\"twitter:card\" content=\"summary_large_image\" \/>\n<meta name=\"twitter:label1\" content=\"Est. reading time\" \/>\n\t<meta name=\"twitter:data1\" content=\"2 minutes\" \/>\n<script type=\"application\/ld+json\" class=\"yoast-schema-graph\">{\"@context\":\"https:\\\/\\\/schema.org\",\"@graph\":[{\"@type\":\"WebPage\",\"@id\":\"https:\\\/\\\/vanavorumaamuuseumid.ee\\\/karilatsi-sundmus\\\/karilatsi-vabaohumuuseumi-tahistab-sunnipaeva\\\/\",\"url\":\"https:\\\/\\\/vanavorumaamuuseumid.ee\\\/karilatsi-sundmus\\\/karilatsi-vabaohumuuseumi-tahistab-sunnipaeva\\\/\",\"name\":\"Karilatsi Vaba\u00f5humuuseumi t\u00e4histab s\u00fcnnip\u00e4eva - Vana-V\u00f5rumaa muuseumid\",\"isPartOf\":{\"@id\":\"https:\\\/\\\/vanavorumaamuuseumid.ee\\\/#website\"},\"primaryImageOfPage\":{\"@id\":\"https:\\\/\\\/vanavorumaamuuseumid.ee\\\/karilatsi-sundmus\\\/karilatsi-vabaohumuuseumi-tahistab-sunnipaeva\\\/#primaryimage\"},\"image\":{\"@id\":\"https:\\\/\\\/vanavorumaamuuseumid.ee\\\/karilatsi-sundmus\\\/karilatsi-vabaohumuuseumi-tahistab-sunnipaeva\\\/#primaryimage\"},\"thumbnailUrl\":\"https:\\\/\\\/vanavorumaamuuseumid.ee\\\/wp-content\\\/uploads\\\/2025\\\/12\\\/24.-november-2025.-a._2.jfif\",\"datePublished\":\"2025-12-30T07:57:29+00:00\",\"dateModified\":\"2025-12-30T08:03:38+00:00\",\"breadcrumb\":{\"@id\":\"https:\\\/\\\/vanavorumaamuuseumid.ee\\\/karilatsi-sundmus\\\/karilatsi-vabaohumuuseumi-tahistab-sunnipaeva\\\/#breadcrumb\"},\"inLanguage\":\"vo\",\"potentialAction\":[{\"@type\":\"ReadAction\",\"target\":[\"https:\\\/\\\/vanavorumaamuuseumid.ee\\\/karilatsi-sundmus\\\/karilatsi-vabaohumuuseumi-tahistab-sunnipaeva\\\/\"]}]},{\"@type\":\"ImageObject\",\"inLanguage\":\"vo\",\"@id\":\"https:\\\/\\\/vanavorumaamuuseumid.ee\\\/karilatsi-sundmus\\\/karilatsi-vabaohumuuseumi-tahistab-sunnipaeva\\\/#primaryimage\",\"url\":\"https:\\\/\\\/vanavorumaamuuseumid.ee\\\/wp-content\\\/uploads\\\/2025\\\/12\\\/24.-november-2025.-a._2.jfif\",\"contentUrl\":\"https:\\\/\\\/vanavorumaamuuseumid.ee\\\/wp-content\\\/uploads\\\/2025\\\/12\\\/24.-november-2025.-a._2.jfif\",\"width\":2048,\"height\":1536},{\"@type\":\"BreadcrumbList\",\"@id\":\"https:\\\/\\\/vanavorumaamuuseumid.ee\\\/karilatsi-sundmus\\\/karilatsi-vabaohumuuseumi-tahistab-sunnipaeva\\\/#breadcrumb\",\"itemListElement\":[{\"@type\":\"ListItem\",\"position\":1,\"name\":\"Home\",\"item\":\"https:\\\/\\\/vanavorumaamuuseumid.ee\\\/\"},{\"@type\":\"ListItem\",\"position\":2,\"name\":\"Karilatsi Vaba\u00f5humuuseumi t\u00e4histab s\u00fcnnip\u00e4eva\"}]},{\"@type\":\"WebSite\",\"@id\":\"https:\\\/\\\/vanavorumaamuuseumid.ee\\\/#website\",\"url\":\"https:\\\/\\\/vanavorumaamuuseumid.ee\\\/\",\"name\":\"Vana-V\u00f5rumaa Muuseumid\",\"description\":\"V\u00f5rumaa Muuseum, Dr. Fr. R. Kreutzwaldi Memoriaalmuuseum, M\u00f5niste Talurahvamuuseum ja Karilatsi Vaba\u00f5humuuseum\",\"publisher\":{\"@id\":\"https:\\\/\\\/vanavorumaamuuseumid.ee\\\/#organization\"},\"potentialAction\":[{\"@type\":\"SearchAction\",\"target\":{\"@type\":\"EntryPoint\",\"urlTemplate\":\"https:\\\/\\\/vanavorumaamuuseumid.ee\\\/?s={search_term_string}\"},\"query-input\":{\"@type\":\"PropertyValueSpecification\",\"valueRequired\":true,\"valueName\":\"search_term_string\"}}],\"inLanguage\":\"vo\"},{\"@type\":\"Organization\",\"@id\":\"https:\\\/\\\/vanavorumaamuuseumid.ee\\\/#organization\",\"name\":\"V\u00f5ru Instituut\",\"url\":\"https:\\\/\\\/vanavorumaamuuseumid.ee\\\/\",\"logo\":{\"@type\":\"ImageObject\",\"inLanguage\":\"vo\",\"@id\":\"https:\\\/\\\/vanavorumaamuuseumid.ee\\\/#\\\/schema\\\/logo\\\/image\\\/\",\"url\":\"https:\\\/\\\/vanavorumaamuuseumid.ee\\\/wp-content\\\/uploads\\\/2025\\\/05\\\/vana-voromaa-muusoumi-250516.svg\",\"contentUrl\":\"https:\\\/\\\/vanavorumaamuuseumid.ee\\\/wp-content\\\/uploads\\\/2025\\\/05\\\/vana-voromaa-muusoumi-250516.svg\",\"width\":567,\"height\":80,\"caption\":\"V\u00f5ru Instituut\"},\"image\":{\"@id\":\"https:\\\/\\\/vanavorumaamuuseumid.ee\\\/#\\\/schema\\\/logo\\\/image\\\/\"}}]}<\/script>\n<!-- \/ Yoast SEO plugin. -->","yoast_head_json":{"title":"Karilatsi Vaba\u00f5humuuseumi t\u00e4histab s\u00fcnnip\u00e4eva - Vana-V\u00f5rumaa muuseumid","robots":{"index":"index","follow":"follow","max-snippet":"max-snippet:-1","max-image-preview":"max-image-preview:large","max-video-preview":"max-video-preview:-1"},"canonical":"https:\/\/vanavorumaamuuseumid.ee\/vo\/karilatsi-sundmus\/karilatsi-vabaohumuuseumi-tahistab-sunnipaeva\/","og_locale":"en_US","og_type":"article","og_title":"Karilatsi Vaba\u00f5humuuseumi t\u00e4histab s\u00fcnnip\u00e4eva - Vana-V\u00f5rumaa muuseumid","og_description":"Muuseumis toimuvast kirjutab direktor J\u00fcri Nopri kohalikus ajalehes Koit (28.05.1981) nii: Rajamisel [&hellip;]","og_url":"https:\/\/vanavorumaamuuseumid.ee\/vo\/karilatsi-sundmus\/karilatsi-vabaohumuuseumi-tahistab-sunnipaeva\/","og_site_name":"Vana-V\u00f5rumaa muuseumid","article_modified_time":"2025-12-30T08:03:38+00:00","og_image":[{"width":2048,"height":1536,"url":"https:\/\/vanavorumaamuuseumid.ee\/wp-content\/uploads\/2025\/12\/24.-november-2025.-a._2.jfif","type":"image\/jpeg"}],"twitter_card":"summary_large_image","twitter_misc":{"Est. reading time":"2 minutes"},"schema":{"@context":"https:\/\/schema.org","@graph":[{"@type":"WebPage","@id":"https:\/\/vanavorumaamuuseumid.ee\/karilatsi-sundmus\/karilatsi-vabaohumuuseumi-tahistab-sunnipaeva\/","url":"https:\/\/vanavorumaamuuseumid.ee\/karilatsi-sundmus\/karilatsi-vabaohumuuseumi-tahistab-sunnipaeva\/","name":"Karilatsi Vaba\u00f5humuuseumi t\u00e4histab s\u00fcnnip\u00e4eva - Vana-V\u00f5rumaa muuseumid","isPartOf":{"@id":"https:\/\/vanavorumaamuuseumid.ee\/#website"},"primaryImageOfPage":{"@id":"https:\/\/vanavorumaamuuseumid.ee\/karilatsi-sundmus\/karilatsi-vabaohumuuseumi-tahistab-sunnipaeva\/#primaryimage"},"image":{"@id":"https:\/\/vanavorumaamuuseumid.ee\/karilatsi-sundmus\/karilatsi-vabaohumuuseumi-tahistab-sunnipaeva\/#primaryimage"},"thumbnailUrl":"https:\/\/vanavorumaamuuseumid.ee\/wp-content\/uploads\/2025\/12\/24.-november-2025.-a._2.jfif","datePublished":"2025-12-30T07:57:29+00:00","dateModified":"2025-12-30T08:03:38+00:00","breadcrumb":{"@id":"https:\/\/vanavorumaamuuseumid.ee\/karilatsi-sundmus\/karilatsi-vabaohumuuseumi-tahistab-sunnipaeva\/#breadcrumb"},"inLanguage":"vo","potentialAction":[{"@type":"ReadAction","target":["https:\/\/vanavorumaamuuseumid.ee\/karilatsi-sundmus\/karilatsi-vabaohumuuseumi-tahistab-sunnipaeva\/"]}]},{"@type":"ImageObject","inLanguage":"vo","@id":"https:\/\/vanavorumaamuuseumid.ee\/karilatsi-sundmus\/karilatsi-vabaohumuuseumi-tahistab-sunnipaeva\/#primaryimage","url":"https:\/\/vanavorumaamuuseumid.ee\/wp-content\/uploads\/2025\/12\/24.-november-2025.-a._2.jfif","contentUrl":"https:\/\/vanavorumaamuuseumid.ee\/wp-content\/uploads\/2025\/12\/24.-november-2025.-a._2.jfif","width":2048,"height":1536},{"@type":"BreadcrumbList","@id":"https:\/\/vanavorumaamuuseumid.ee\/karilatsi-sundmus\/karilatsi-vabaohumuuseumi-tahistab-sunnipaeva\/#breadcrumb","itemListElement":[{"@type":"ListItem","position":1,"name":"Home","item":"https:\/\/vanavorumaamuuseumid.ee\/"},{"@type":"ListItem","position":2,"name":"Karilatsi Vaba\u00f5humuuseumi t\u00e4histab s\u00fcnnip\u00e4eva"}]},{"@type":"WebSite","@id":"https:\/\/vanavorumaamuuseumid.ee\/#website","url":"https:\/\/vanavorumaamuuseumid.ee\/","name":"Vana-V\u00f5rumaa Muuseumid","description":"V\u00f5rumaa Muuseum, Dr. Fr. R. Kreutzwaldi Memoriaalmuuseum, M\u00f5niste Talurahvamuuseum ja Karilatsi Vaba\u00f5humuuseum","publisher":{"@id":"https:\/\/vanavorumaamuuseumid.ee\/#organization"},"potentialAction":[{"@type":"SearchAction","target":{"@type":"EntryPoint","urlTemplate":"https:\/\/vanavorumaamuuseumid.ee\/?s={search_term_string}"},"query-input":{"@type":"PropertyValueSpecification","valueRequired":true,"valueName":"search_term_string"}}],"inLanguage":"vo"},{"@type":"Organization","@id":"https:\/\/vanavorumaamuuseumid.ee\/#organization","name":"V\u00f5ru Instituut","url":"https:\/\/vanavorumaamuuseumid.ee\/","logo":{"@type":"ImageObject","inLanguage":"vo","@id":"https:\/\/vanavorumaamuuseumid.ee\/#\/schema\/logo\/image\/","url":"https:\/\/vanavorumaamuuseumid.ee\/wp-content\/uploads\/2025\/05\/vana-voromaa-muusoumi-250516.svg","contentUrl":"https:\/\/vanavorumaamuuseumid.ee\/wp-content\/uploads\/2025\/05\/vana-voromaa-muusoumi-250516.svg","width":567,"height":80,"caption":"V\u00f5ru Instituut"},"image":{"@id":"https:\/\/vanavorumaamuuseumid.ee\/#\/schema\/logo\/image\/"}}]}},"_links":{"self":[{"href":"https:\/\/vanavorumaamuuseumid.ee\/vo\/wp-json\/wp\/v2\/karilatsi-sundmus\/4944","targetHints":{"allow":["GET"]}}],"collection":[{"href":"https:\/\/vanavorumaamuuseumid.ee\/vo\/wp-json\/wp\/v2\/karilatsi-sundmus"}],"about":[{"href":"https:\/\/vanavorumaamuuseumid.ee\/vo\/wp-json\/wp\/v2\/types\/karilatsi-sundmus"}],"wp:featuredmedia":[{"embeddable":true,"href":"https:\/\/vanavorumaamuuseumid.ee\/vo\/wp-json\/wp\/v2\/media\/4863"}],"wp:attachment":[{"href":"https:\/\/vanavorumaamuuseumid.ee\/vo\/wp-json\/wp\/v2\/media?parent=4944"}],"curies":[{"name":"wp","href":"https:\/\/api.w.org\/{rel}","templated":true}]}}