{"id":5189,"date":"2026-01-23T14:46:22","date_gmt":"2026-01-23T12:46:22","guid":{"rendered":"https:\/\/vanavorumaamuuseumid.ee\/?post_type=karilatsi-sundmus&#038;p=5189"},"modified":"2026-01-30T13:21:31","modified_gmt":"2026-01-30T11:21:31","slug":"vastlapaeva-perepaev-hoissa-vastlad","status":"publish","type":"karilatsi-sundmus","link":"https:\/\/vanavorumaamuuseumid.ee\/vo\/karilatsi-sundmus\/vastlapaeva-perepaev-hoissa-vastlad\/","title":{"rendered":"S\u00f5bralik perep\u00e4ev &#8220;H\u00f5issa, vastlad!&#8221;"},"content":{"rendered":"<p>Karilatsi Vaba\u00f5humuuseum kutsub 14. veebruaril kell 12-15 perep\u00e4evale.<\/p>\n\n\n\n<p>Meie aastaringi k\u00f5ige talvisem kuu \u2013 k\u00fc\u00fcnlakuu \u2013 v\u00f5\u00f5rustab ka sel aastal vastlap\u00e4eva. Vastlap\u00e4ev selline tore liugumisp\u00fcha, mis ei satu aastati \u00fchele ja samale kuup\u00e4evale, aga n\u00f5uab alati teisip\u00e4eva ja noort kuud. Nii langeb lihaheitep\u00e4ev t\u00e4navu 17. veebruarile. Karilatsi Vaba\u00f5humuuseum kutsub vastlap\u00e4eva eelsel laup\u00e4eval, 14. veebruaril noori ja vanu, peresid ja seltskondi s\u00f5bralikule perep\u00e4evale. Muuseumi lumised n\u00f5lvad ootavad alates kella 12 kuni 15ni liugu laskma nii oma isikliku kui ka vanamoodsate, muuseumis leiduvate s\u00f5iduvahenditega. Vanast ajast on teada: mida pikem liug, seda parem linasaak. Et meil aga t\u00e4nap\u00e4eval lina ei kasvatata ja linaseid kehakatteid tavatseme kaubandusv\u00f5rgust osta, siis peakski varakult v\u00e4lja m\u00f5tlema, mida kasulikku v\u00f5iks pikk liug tuua t\u00e4nasel p\u00e4eval \u2013 edu, tervist, armastust?!&#8230; Lisaks liugumisele saab muuseumis ka suusatada, lumem\u00e4nge m\u00e4ngida, l\u00f5kkel pannkooki k\u00fcpsetada ja katlast vaarikavarre teed ammutada. Magasiaida v\u00e4ljapanekus saab tutvuda omaaegse vastlap\u00e4eva \u201ep\u00f5hitegija\u201c &#8211; linataime ja tema \u201esaatusega\u201c. Nina saab sooja pista Karilatsi vanas koolimajas. Koolimajas jagame muuseumi poolt ka \u00f5petuss\u00f5nu vastlap\u00e4eva kohta, jutustame vastlakommetest, uurime, miks vastlap\u00e4eval on nii mitu nime ja kuidas vastlap\u00e4eva kuup\u00e4eva arvestada, ning loomulikult vuristame vastlavurri. Huvilised saavad valmistada s\u00f5brap\u00e4evakaardi ja punuda s\u00f5brapaela, sest on ju kalendris s\u00f5brap\u00e4ev ning paelte punumine kuulus ka vastlap\u00e4eva kommete hulka.<\/p>\n\n\n\n<p>Lisateavet s\u00f5braliku perep\u00e4eva kohta saad vaadata muuseumi kodulehelt <a href=\"https:\/\/vanavorumaamuuseumid.ee\/vo\/karilatsimuuseum\/\">Karilatsi Vaba\u00f5humuuseum &#8211; Vana-V\u00f5rumaa muuseumid<\/a> v\u00f5i helista telefonidel 797 0310 v\u00f5i 5801 8601 v\u00f5i kirjuta &#112;o&#x6c;v&#x61;&#109;&#x61;&#97;&#x40;&#119;i&#x2e;e&#x65;<\/p>","protected":false},"featured_media":5192,"template":"","class_list":["post-5189","karilatsi-sundmus","type-karilatsi-sundmus","status-publish","has-post-thumbnail","hentry"],"acf":[],"yoast_head":"<!-- This site is optimized with the Yoast SEO plugin v27.4 - https:\/\/yoast.com\/product\/yoast-seo-wordpress\/ -->\n<title>S\u00f5bralik perep\u00e4ev &quot;H\u00f5issa, vastlad!&quot; - Vana-V\u00f5rumaa muuseumid<\/title>\n<meta name=\"robots\" content=\"index, follow, max-snippet:-1, max-image-preview:large, max-video-preview:-1\" \/>\n<link rel=\"canonical\" href=\"https:\/\/vanavorumaamuuseumid.ee\/vo\/karilatsi-sundmus\/vastlapaeva-perepaev-hoissa-vastlad\/\" \/>\n<meta property=\"og:locale\" content=\"en_US\" \/>\n<meta property=\"og:type\" content=\"article\" \/>\n<meta property=\"og:title\" content=\"S\u00f5bralik perep\u00e4ev &quot;H\u00f5issa, vastlad!&quot; - Vana-V\u00f5rumaa muuseumid\" \/>\n<meta property=\"og:description\" content=\"Karilatsi Vaba\u00f5humuuseum kutsub 14. veebruaril kell 12-15 perep\u00e4evale. Meie aastaringi k\u00f5ige talvisem [&hellip;]\" \/>\n<meta property=\"og:url\" content=\"https:\/\/vanavorumaamuuseumid.ee\/vo\/karilatsi-sundmus\/vastlapaeva-perepaev-hoissa-vastlad\/\" \/>\n<meta property=\"og:site_name\" content=\"Vana-V\u00f5rumaa muuseumid\" \/>\n<meta property=\"article:modified_time\" content=\"2026-01-30T11:21:31+00:00\" \/>\n<meta property=\"og:image\" content=\"https:\/\/vanavorumaamuuseumid.ee\/wp-content\/uploads\/2026\/01\/Vastlapaev-1.jpg\" \/>\n\t<meta property=\"og:image:width\" content=\"977\" \/>\n\t<meta property=\"og:image:height\" content=\"608\" \/>\n\t<meta property=\"og:image:type\" content=\"image\/jpeg\" \/>\n<meta name=\"twitter:card\" content=\"summary_large_image\" \/>\n<meta name=\"twitter:label1\" content=\"Est. reading time\" \/>\n\t<meta name=\"twitter:data1\" content=\"2 minutes\" \/>\n<script type=\"application\/ld+json\" class=\"yoast-schema-graph\">{\"@context\":\"https:\\\/\\\/schema.org\",\"@graph\":[{\"@type\":\"WebPage\",\"@id\":\"https:\\\/\\\/vanavorumaamuuseumid.ee\\\/karilatsi-sundmus\\\/vastlapaeva-perepaev-hoissa-vastlad\\\/\",\"url\":\"https:\\\/\\\/vanavorumaamuuseumid.ee\\\/karilatsi-sundmus\\\/vastlapaeva-perepaev-hoissa-vastlad\\\/\",\"name\":\"S\u00f5bralik perep\u00e4ev \\\"H\u00f5issa, vastlad!\\\" - Vana-V\u00f5rumaa muuseumid\",\"isPartOf\":{\"@id\":\"https:\\\/\\\/vanavorumaamuuseumid.ee\\\/#website\"},\"primaryImageOfPage\":{\"@id\":\"https:\\\/\\\/vanavorumaamuuseumid.ee\\\/karilatsi-sundmus\\\/vastlapaeva-perepaev-hoissa-vastlad\\\/#primaryimage\"},\"image\":{\"@id\":\"https:\\\/\\\/vanavorumaamuuseumid.ee\\\/karilatsi-sundmus\\\/vastlapaeva-perepaev-hoissa-vastlad\\\/#primaryimage\"},\"thumbnailUrl\":\"https:\\\/\\\/vanavorumaamuuseumid.ee\\\/wp-content\\\/uploads\\\/2026\\\/01\\\/Vastlapaev-1.jpg\",\"datePublished\":\"2026-01-23T12:46:22+00:00\",\"dateModified\":\"2026-01-30T11:21:31+00:00\",\"breadcrumb\":{\"@id\":\"https:\\\/\\\/vanavorumaamuuseumid.ee\\\/karilatsi-sundmus\\\/vastlapaeva-perepaev-hoissa-vastlad\\\/#breadcrumb\"},\"inLanguage\":\"vo\",\"potentialAction\":[{\"@type\":\"ReadAction\",\"target\":[\"https:\\\/\\\/vanavorumaamuuseumid.ee\\\/karilatsi-sundmus\\\/vastlapaeva-perepaev-hoissa-vastlad\\\/\"]}]},{\"@type\":\"ImageObject\",\"inLanguage\":\"vo\",\"@id\":\"https:\\\/\\\/vanavorumaamuuseumid.ee\\\/karilatsi-sundmus\\\/vastlapaeva-perepaev-hoissa-vastlad\\\/#primaryimage\",\"url\":\"https:\\\/\\\/vanavorumaamuuseumid.ee\\\/wp-content\\\/uploads\\\/2026\\\/01\\\/Vastlapaev-1.jpg\",\"contentUrl\":\"https:\\\/\\\/vanavorumaamuuseumid.ee\\\/wp-content\\\/uploads\\\/2026\\\/01\\\/Vastlapaev-1.jpg\",\"width\":977,\"height\":608},{\"@type\":\"BreadcrumbList\",\"@id\":\"https:\\\/\\\/vanavorumaamuuseumid.ee\\\/karilatsi-sundmus\\\/vastlapaeva-perepaev-hoissa-vastlad\\\/#breadcrumb\",\"itemListElement\":[{\"@type\":\"ListItem\",\"position\":1,\"name\":\"Home\",\"item\":\"https:\\\/\\\/vanavorumaamuuseumid.ee\\\/\"},{\"@type\":\"ListItem\",\"position\":2,\"name\":\"S\u00f5bralik perep\u00e4ev &#8220;H\u00f5issa, vastlad!&#8221;\"}]},{\"@type\":\"WebSite\",\"@id\":\"https:\\\/\\\/vanavorumaamuuseumid.ee\\\/#website\",\"url\":\"https:\\\/\\\/vanavorumaamuuseumid.ee\\\/\",\"name\":\"Vana-V\u00f5rumaa Muuseumid\",\"description\":\"V\u00f5rumaa Muuseum, Dr. Fr. R. Kreutzwaldi Memoriaalmuuseum, M\u00f5niste Talurahvamuuseum ja Karilatsi Vaba\u00f5humuuseum\",\"publisher\":{\"@id\":\"https:\\\/\\\/vanavorumaamuuseumid.ee\\\/#organization\"},\"potentialAction\":[{\"@type\":\"SearchAction\",\"target\":{\"@type\":\"EntryPoint\",\"urlTemplate\":\"https:\\\/\\\/vanavorumaamuuseumid.ee\\\/?s={search_term_string}\"},\"query-input\":{\"@type\":\"PropertyValueSpecification\",\"valueRequired\":true,\"valueName\":\"search_term_string\"}}],\"inLanguage\":\"vo\"},{\"@type\":\"Organization\",\"@id\":\"https:\\\/\\\/vanavorumaamuuseumid.ee\\\/#organization\",\"name\":\"V\u00f5ru Instituut\",\"url\":\"https:\\\/\\\/vanavorumaamuuseumid.ee\\\/\",\"logo\":{\"@type\":\"ImageObject\",\"inLanguage\":\"vo\",\"@id\":\"https:\\\/\\\/vanavorumaamuuseumid.ee\\\/#\\\/schema\\\/logo\\\/image\\\/\",\"url\":\"https:\\\/\\\/vanavorumaamuuseumid.ee\\\/wp-content\\\/uploads\\\/2025\\\/05\\\/vana-voromaa-muusoumi-250516.svg\",\"contentUrl\":\"https:\\\/\\\/vanavorumaamuuseumid.ee\\\/wp-content\\\/uploads\\\/2025\\\/05\\\/vana-voromaa-muusoumi-250516.svg\",\"width\":567,\"height\":80,\"caption\":\"V\u00f5ru Instituut\"},\"image\":{\"@id\":\"https:\\\/\\\/vanavorumaamuuseumid.ee\\\/#\\\/schema\\\/logo\\\/image\\\/\"}}]}<\/script>\n<!-- \/ Yoast SEO plugin. -->","yoast_head_json":{"title":"S\u00f5bralik perep\u00e4ev \"H\u00f5issa, vastlad!\" - Vana-V\u00f5rumaa muuseumid","robots":{"index":"index","follow":"follow","max-snippet":"max-snippet:-1","max-image-preview":"max-image-preview:large","max-video-preview":"max-video-preview:-1"},"canonical":"https:\/\/vanavorumaamuuseumid.ee\/vo\/karilatsi-sundmus\/vastlapaeva-perepaev-hoissa-vastlad\/","og_locale":"en_US","og_type":"article","og_title":"S\u00f5bralik perep\u00e4ev \"H\u00f5issa, vastlad!\" - Vana-V\u00f5rumaa muuseumid","og_description":"Karilatsi Vaba\u00f5humuuseum kutsub 14. veebruaril kell 12-15 perep\u00e4evale. Meie aastaringi k\u00f5ige talvisem [&hellip;]","og_url":"https:\/\/vanavorumaamuuseumid.ee\/vo\/karilatsi-sundmus\/vastlapaeva-perepaev-hoissa-vastlad\/","og_site_name":"Vana-V\u00f5rumaa muuseumid","article_modified_time":"2026-01-30T11:21:31+00:00","og_image":[{"width":977,"height":608,"url":"https:\/\/vanavorumaamuuseumid.ee\/wp-content\/uploads\/2026\/01\/Vastlapaev-1.jpg","type":"image\/jpeg"}],"twitter_card":"summary_large_image","twitter_misc":{"Est. reading time":"2 minutes"},"schema":{"@context":"https:\/\/schema.org","@graph":[{"@type":"WebPage","@id":"https:\/\/vanavorumaamuuseumid.ee\/karilatsi-sundmus\/vastlapaeva-perepaev-hoissa-vastlad\/","url":"https:\/\/vanavorumaamuuseumid.ee\/karilatsi-sundmus\/vastlapaeva-perepaev-hoissa-vastlad\/","name":"S\u00f5bralik perep\u00e4ev \"H\u00f5issa, vastlad!\" - Vana-V\u00f5rumaa muuseumid","isPartOf":{"@id":"https:\/\/vanavorumaamuuseumid.ee\/#website"},"primaryImageOfPage":{"@id":"https:\/\/vanavorumaamuuseumid.ee\/karilatsi-sundmus\/vastlapaeva-perepaev-hoissa-vastlad\/#primaryimage"},"image":{"@id":"https:\/\/vanavorumaamuuseumid.ee\/karilatsi-sundmus\/vastlapaeva-perepaev-hoissa-vastlad\/#primaryimage"},"thumbnailUrl":"https:\/\/vanavorumaamuuseumid.ee\/wp-content\/uploads\/2026\/01\/Vastlapaev-1.jpg","datePublished":"2026-01-23T12:46:22+00:00","dateModified":"2026-01-30T11:21:31+00:00","breadcrumb":{"@id":"https:\/\/vanavorumaamuuseumid.ee\/karilatsi-sundmus\/vastlapaeva-perepaev-hoissa-vastlad\/#breadcrumb"},"inLanguage":"vo","potentialAction":[{"@type":"ReadAction","target":["https:\/\/vanavorumaamuuseumid.ee\/karilatsi-sundmus\/vastlapaeva-perepaev-hoissa-vastlad\/"]}]},{"@type":"ImageObject","inLanguage":"vo","@id":"https:\/\/vanavorumaamuuseumid.ee\/karilatsi-sundmus\/vastlapaeva-perepaev-hoissa-vastlad\/#primaryimage","url":"https:\/\/vanavorumaamuuseumid.ee\/wp-content\/uploads\/2026\/01\/Vastlapaev-1.jpg","contentUrl":"https:\/\/vanavorumaamuuseumid.ee\/wp-content\/uploads\/2026\/01\/Vastlapaev-1.jpg","width":977,"height":608},{"@type":"BreadcrumbList","@id":"https:\/\/vanavorumaamuuseumid.ee\/karilatsi-sundmus\/vastlapaeva-perepaev-hoissa-vastlad\/#breadcrumb","itemListElement":[{"@type":"ListItem","position":1,"name":"Home","item":"https:\/\/vanavorumaamuuseumid.ee\/"},{"@type":"ListItem","position":2,"name":"S\u00f5bralik perep\u00e4ev &#8220;H\u00f5issa, vastlad!&#8221;"}]},{"@type":"WebSite","@id":"https:\/\/vanavorumaamuuseumid.ee\/#website","url":"https:\/\/vanavorumaamuuseumid.ee\/","name":"Vana-V\u00f5rumaa Muuseumid","description":"V\u00f5rumaa Muuseum, Dr. Fr. R. Kreutzwaldi Memoriaalmuuseum, M\u00f5niste Talurahvamuuseum ja Karilatsi Vaba\u00f5humuuseum","publisher":{"@id":"https:\/\/vanavorumaamuuseumid.ee\/#organization"},"potentialAction":[{"@type":"SearchAction","target":{"@type":"EntryPoint","urlTemplate":"https:\/\/vanavorumaamuuseumid.ee\/?s={search_term_string}"},"query-input":{"@type":"PropertyValueSpecification","valueRequired":true,"valueName":"search_term_string"}}],"inLanguage":"vo"},{"@type":"Organization","@id":"https:\/\/vanavorumaamuuseumid.ee\/#organization","name":"V\u00f5ru Instituut","url":"https:\/\/vanavorumaamuuseumid.ee\/","logo":{"@type":"ImageObject","inLanguage":"vo","@id":"https:\/\/vanavorumaamuuseumid.ee\/#\/schema\/logo\/image\/","url":"https:\/\/vanavorumaamuuseumid.ee\/wp-content\/uploads\/2025\/05\/vana-voromaa-muusoumi-250516.svg","contentUrl":"https:\/\/vanavorumaamuuseumid.ee\/wp-content\/uploads\/2025\/05\/vana-voromaa-muusoumi-250516.svg","width":567,"height":80,"caption":"V\u00f5ru Instituut"},"image":{"@id":"https:\/\/vanavorumaamuuseumid.ee\/#\/schema\/logo\/image\/"}}]}},"_links":{"self":[{"href":"https:\/\/vanavorumaamuuseumid.ee\/vo\/wp-json\/wp\/v2\/karilatsi-sundmus\/5189","targetHints":{"allow":["GET"]}}],"collection":[{"href":"https:\/\/vanavorumaamuuseumid.ee\/vo\/wp-json\/wp\/v2\/karilatsi-sundmus"}],"about":[{"href":"https:\/\/vanavorumaamuuseumid.ee\/vo\/wp-json\/wp\/v2\/types\/karilatsi-sundmus"}],"wp:featuredmedia":[{"embeddable":true,"href":"https:\/\/vanavorumaamuuseumid.ee\/vo\/wp-json\/wp\/v2\/media\/5192"}],"wp:attachment":[{"href":"https:\/\/vanavorumaamuuseumid.ee\/vo\/wp-json\/wp\/v2\/media?parent=5189"}],"curies":[{"name":"wp","href":"https:\/\/api.w.org\/{rel}","templated":true}]}}