{"id":1202,"date":"2025-06-10T17:10:44","date_gmt":"2025-06-10T14:10:44","guid":{"rendered":"https:\/\/vanavorumaamuuseumid.ee\/?post_type=lauluisa-naitus&#038;p=1202"},"modified":"2025-09-18T10:57:53","modified_gmt":"2025-09-18T07:57:53","slug":"uus-naitus-eesti-kirjandusmaastik","status":"publish","type":"lauluisa-naitus","link":"https:\/\/vanavorumaamuuseumid.ee\/vo\/lauluisa-naitus\/uus-naitus-eesti-kirjandusmaastik\/","title":{"rendered":"\u201eEesti kirjandusmaastik\u201c"},"content":{"rendered":"<p>Juunist kuni septembrini saab muuseumi teetoas vaadata humoorikat \u00f5pilast\u00f6\u00f6de n\u00e4itust \u201eEesti kirjandusmaastik\u201c. T\u00e4navu on <strong>Eesti Raamatu Aasta<\/strong>. V\u00f5ru Kreutzwaldi Kool koos Kreutzwaldi muuseumiga kutsusid seep\u00e4rast kunsti\u00f5petajaid \u00fcles avastama eesti kirjandust veidi harjumatul kujul \u2013 maastikumaalina. Paljudel eesti kirjanikel on nimi, mis seotud loodusega. See andis v\u00f5imaluse kujutada maastikku nii, et n\u00e4eme vihjeid erinevatele kirjanikele, aga miks mitte ka nende loomingule.<\/p>\n\n\n\n<p><strong>Eesti kirjandusmaastik<\/strong><\/p>\n\n\n\n<p>Muuseumi saabus 55 t\u00f6\u00f6d l\u00e4hemalt ja kaugemalt: V\u00f5rust, Haanjast ja Puigalt, aga ka J\u00f5hvist. Tulemus on v\u00e4rvirohke ja vaimukas. V\u00f5ib-olla kohtas noor autor m\u00f5nd nime elus esimest korda, j\u00e4rgmisel korral seda nime raamatukoguriiulil m\u00e4rgates tundub ta juba tuttavana ja ehk julgetakse kaante vahelegi sukelduda.<\/p>\n\n\n\n<p>28 t\u00f6\u00f6d, mis n\u00e4itusele on valitud, ootavad vaatajate h\u00e4\u00e4li. Oran\u017ei t\u00e4piga on m\u00e4rgitud 6.\u20137. klassi \u00f5pilaste t\u00f6\u00f6d, rohelisega 8. klassi \u00f5pilaste ja punasega 9. klassi \u00f5pilaste t\u00f6\u00f6d. \u00dcks sinise t\u00e4piga g\u00fcmnasist on ka teiste hulgas. S\u00fcgiseks on ilmselt selge, millised t\u00f6\u00f6d k\u00f5ige rohkem silma j\u00e4id ja meeldisid.<\/p>\n\n\n\n<p>Raili Leesalu<\/p>","protected":false},"featured_media":782,"template":"","class_list":["post-1202","lauluisa-naitus","type-lauluisa-naitus","status-publish","has-post-thumbnail","hentry"],"acf":[],"yoast_head":"<!-- This site is optimized with the Yoast SEO plugin v27.4 - https:\/\/yoast.com\/product\/yoast-seo-wordpress\/ -->\n<title>\u201eEesti kirjandusmaastik\u201c - Vana-V\u00f5rumaa muuseumid<\/title>\n<meta name=\"robots\" content=\"index, follow, max-snippet:-1, max-image-preview:large, max-video-preview:-1\" \/>\n<link rel=\"canonical\" href=\"https:\/\/vanavorumaamuuseumid.ee\/vo\/lauluisa-naitus\/uus-naitus-eesti-kirjandusmaastik\/\" \/>\n<meta property=\"og:locale\" content=\"en_US\" \/>\n<meta property=\"og:type\" content=\"article\" \/>\n<meta property=\"og:title\" content=\"\u201eEesti kirjandusmaastik\u201c - Vana-V\u00f5rumaa muuseumid\" \/>\n<meta property=\"og:description\" content=\"Juunist kuni septembrini saab muuseumi teetoas vaadata humoorikat \u00f5pilast\u00f6\u00f6de n\u00e4itust \u201eEesti kirjandusmaastik\u201c. [&hellip;]\" \/>\n<meta property=\"og:url\" content=\"https:\/\/vanavorumaamuuseumid.ee\/vo\/lauluisa-naitus\/uus-naitus-eesti-kirjandusmaastik\/\" \/>\n<meta property=\"og:site_name\" content=\"Vana-V\u00f5rumaa muuseumid\" \/>\n<meta property=\"article:modified_time\" content=\"2025-09-18T07:57:53+00:00\" \/>\n<meta property=\"og:image\" content=\"https:\/\/vanavorumaamuuseumid.ee\/wp-content\/uploads\/2025\/05\/eesti-kirjandusmaastik-250529.jpg\" \/>\n\t<meta property=\"og:image:width\" content=\"1920\" \/>\n\t<meta property=\"og:image:height\" content=\"1348\" \/>\n\t<meta property=\"og:image:type\" content=\"image\/jpeg\" \/>\n<meta name=\"twitter:card\" content=\"summary_large_image\" \/>\n<meta name=\"twitter:label1\" content=\"Est. reading time\" \/>\n\t<meta name=\"twitter:data1\" content=\"1 minute\" \/>\n<script type=\"application\/ld+json\" class=\"yoast-schema-graph\">{\"@context\":\"https:\\\/\\\/schema.org\",\"@graph\":[{\"@type\":\"WebPage\",\"@id\":\"https:\\\/\\\/vanavorumaamuuseumid.ee\\\/lauluisa-naitus\\\/uus-naitus-eesti-kirjandusmaastik\\\/\",\"url\":\"https:\\\/\\\/vanavorumaamuuseumid.ee\\\/lauluisa-naitus\\\/uus-naitus-eesti-kirjandusmaastik\\\/\",\"name\":\"\u201eEesti kirjandusmaastik\u201c - Vana-V\u00f5rumaa muuseumid\",\"isPartOf\":{\"@id\":\"https:\\\/\\\/vanavorumaamuuseumid.ee\\\/#website\"},\"primaryImageOfPage\":{\"@id\":\"https:\\\/\\\/vanavorumaamuuseumid.ee\\\/lauluisa-naitus\\\/uus-naitus-eesti-kirjandusmaastik\\\/#primaryimage\"},\"image\":{\"@id\":\"https:\\\/\\\/vanavorumaamuuseumid.ee\\\/lauluisa-naitus\\\/uus-naitus-eesti-kirjandusmaastik\\\/#primaryimage\"},\"thumbnailUrl\":\"https:\\\/\\\/vanavorumaamuuseumid.ee\\\/wp-content\\\/uploads\\\/2025\\\/05\\\/eesti-kirjandusmaastik-250529.jpg\",\"datePublished\":\"2025-06-10T14:10:44+00:00\",\"dateModified\":\"2025-09-18T07:57:53+00:00\",\"breadcrumb\":{\"@id\":\"https:\\\/\\\/vanavorumaamuuseumid.ee\\\/lauluisa-naitus\\\/uus-naitus-eesti-kirjandusmaastik\\\/#breadcrumb\"},\"inLanguage\":\"vo\",\"potentialAction\":[{\"@type\":\"ReadAction\",\"target\":[\"https:\\\/\\\/vanavorumaamuuseumid.ee\\\/lauluisa-naitus\\\/uus-naitus-eesti-kirjandusmaastik\\\/\"]}]},{\"@type\":\"ImageObject\",\"inLanguage\":\"vo\",\"@id\":\"https:\\\/\\\/vanavorumaamuuseumid.ee\\\/lauluisa-naitus\\\/uus-naitus-eesti-kirjandusmaastik\\\/#primaryimage\",\"url\":\"https:\\\/\\\/vanavorumaamuuseumid.ee\\\/wp-content\\\/uploads\\\/2025\\\/05\\\/eesti-kirjandusmaastik-250529.jpg\",\"contentUrl\":\"https:\\\/\\\/vanavorumaamuuseumid.ee\\\/wp-content\\\/uploads\\\/2025\\\/05\\\/eesti-kirjandusmaastik-250529.jpg\",\"width\":1920,\"height\":1348,\"caption\":\"Eesti kirjandusmaastik\"},{\"@type\":\"BreadcrumbList\",\"@id\":\"https:\\\/\\\/vanavorumaamuuseumid.ee\\\/lauluisa-naitus\\\/uus-naitus-eesti-kirjandusmaastik\\\/#breadcrumb\",\"itemListElement\":[{\"@type\":\"ListItem\",\"position\":1,\"name\":\"Home\",\"item\":\"https:\\\/\\\/vanavorumaamuuseumid.ee\\\/\"},{\"@type\":\"ListItem\",\"position\":2,\"name\":\"\u201eEesti kirjandusmaastik\u201c\"}]},{\"@type\":\"WebSite\",\"@id\":\"https:\\\/\\\/vanavorumaamuuseumid.ee\\\/#website\",\"url\":\"https:\\\/\\\/vanavorumaamuuseumid.ee\\\/\",\"name\":\"Vana-V\u00f5rumaa Muuseumid\",\"description\":\"V\u00f5rumaa Muuseum, Dr. Fr. R. Kreutzwaldi Memoriaalmuuseum, M\u00f5niste Talurahvamuuseum ja Karilatsi Vaba\u00f5humuuseum\",\"publisher\":{\"@id\":\"https:\\\/\\\/vanavorumaamuuseumid.ee\\\/#organization\"},\"potentialAction\":[{\"@type\":\"SearchAction\",\"target\":{\"@type\":\"EntryPoint\",\"urlTemplate\":\"https:\\\/\\\/vanavorumaamuuseumid.ee\\\/?s={search_term_string}\"},\"query-input\":{\"@type\":\"PropertyValueSpecification\",\"valueRequired\":true,\"valueName\":\"search_term_string\"}}],\"inLanguage\":\"vo\"},{\"@type\":\"Organization\",\"@id\":\"https:\\\/\\\/vanavorumaamuuseumid.ee\\\/#organization\",\"name\":\"V\u00f5ru Instituut\",\"url\":\"https:\\\/\\\/vanavorumaamuuseumid.ee\\\/\",\"logo\":{\"@type\":\"ImageObject\",\"inLanguage\":\"vo\",\"@id\":\"https:\\\/\\\/vanavorumaamuuseumid.ee\\\/#\\\/schema\\\/logo\\\/image\\\/\",\"url\":\"https:\\\/\\\/vanavorumaamuuseumid.ee\\\/wp-content\\\/uploads\\\/2025\\\/05\\\/vana-voromaa-muusoumi-250516.svg\",\"contentUrl\":\"https:\\\/\\\/vanavorumaamuuseumid.ee\\\/wp-content\\\/uploads\\\/2025\\\/05\\\/vana-voromaa-muusoumi-250516.svg\",\"width\":567,\"height\":80,\"caption\":\"V\u00f5ru Instituut\"},\"image\":{\"@id\":\"https:\\\/\\\/vanavorumaamuuseumid.ee\\\/#\\\/schema\\\/logo\\\/image\\\/\"}}]}<\/script>\n<!-- \/ Yoast SEO plugin. -->","yoast_head_json":{"title":"\u201eEesti kirjandusmaastik\u201c - Vana-V\u00f5rumaa muuseumid","robots":{"index":"index","follow":"follow","max-snippet":"max-snippet:-1","max-image-preview":"max-image-preview:large","max-video-preview":"max-video-preview:-1"},"canonical":"https:\/\/vanavorumaamuuseumid.ee\/vo\/lauluisa-naitus\/uus-naitus-eesti-kirjandusmaastik\/","og_locale":"en_US","og_type":"article","og_title":"\u201eEesti kirjandusmaastik\u201c - Vana-V\u00f5rumaa muuseumid","og_description":"Juunist kuni septembrini saab muuseumi teetoas vaadata humoorikat \u00f5pilast\u00f6\u00f6de n\u00e4itust \u201eEesti kirjandusmaastik\u201c. [&hellip;]","og_url":"https:\/\/vanavorumaamuuseumid.ee\/vo\/lauluisa-naitus\/uus-naitus-eesti-kirjandusmaastik\/","og_site_name":"Vana-V\u00f5rumaa muuseumid","article_modified_time":"2025-09-18T07:57:53+00:00","og_image":[{"width":1920,"height":1348,"url":"https:\/\/vanavorumaamuuseumid.ee\/wp-content\/uploads\/2025\/05\/eesti-kirjandusmaastik-250529.jpg","type":"image\/jpeg"}],"twitter_card":"summary_large_image","twitter_misc":{"Est. reading time":"1 minute"},"schema":{"@context":"https:\/\/schema.org","@graph":[{"@type":"WebPage","@id":"https:\/\/vanavorumaamuuseumid.ee\/lauluisa-naitus\/uus-naitus-eesti-kirjandusmaastik\/","url":"https:\/\/vanavorumaamuuseumid.ee\/lauluisa-naitus\/uus-naitus-eesti-kirjandusmaastik\/","name":"\u201eEesti kirjandusmaastik\u201c - Vana-V\u00f5rumaa muuseumid","isPartOf":{"@id":"https:\/\/vanavorumaamuuseumid.ee\/#website"},"primaryImageOfPage":{"@id":"https:\/\/vanavorumaamuuseumid.ee\/lauluisa-naitus\/uus-naitus-eesti-kirjandusmaastik\/#primaryimage"},"image":{"@id":"https:\/\/vanavorumaamuuseumid.ee\/lauluisa-naitus\/uus-naitus-eesti-kirjandusmaastik\/#primaryimage"},"thumbnailUrl":"https:\/\/vanavorumaamuuseumid.ee\/wp-content\/uploads\/2025\/05\/eesti-kirjandusmaastik-250529.jpg","datePublished":"2025-06-10T14:10:44+00:00","dateModified":"2025-09-18T07:57:53+00:00","breadcrumb":{"@id":"https:\/\/vanavorumaamuuseumid.ee\/lauluisa-naitus\/uus-naitus-eesti-kirjandusmaastik\/#breadcrumb"},"inLanguage":"vo","potentialAction":[{"@type":"ReadAction","target":["https:\/\/vanavorumaamuuseumid.ee\/lauluisa-naitus\/uus-naitus-eesti-kirjandusmaastik\/"]}]},{"@type":"ImageObject","inLanguage":"vo","@id":"https:\/\/vanavorumaamuuseumid.ee\/lauluisa-naitus\/uus-naitus-eesti-kirjandusmaastik\/#primaryimage","url":"https:\/\/vanavorumaamuuseumid.ee\/wp-content\/uploads\/2025\/05\/eesti-kirjandusmaastik-250529.jpg","contentUrl":"https:\/\/vanavorumaamuuseumid.ee\/wp-content\/uploads\/2025\/05\/eesti-kirjandusmaastik-250529.jpg","width":1920,"height":1348,"caption":"Eesti kirjandusmaastik"},{"@type":"BreadcrumbList","@id":"https:\/\/vanavorumaamuuseumid.ee\/lauluisa-naitus\/uus-naitus-eesti-kirjandusmaastik\/#breadcrumb","itemListElement":[{"@type":"ListItem","position":1,"name":"Home","item":"https:\/\/vanavorumaamuuseumid.ee\/"},{"@type":"ListItem","position":2,"name":"\u201eEesti kirjandusmaastik\u201c"}]},{"@type":"WebSite","@id":"https:\/\/vanavorumaamuuseumid.ee\/#website","url":"https:\/\/vanavorumaamuuseumid.ee\/","name":"Vana-V\u00f5rumaa Muuseumid","description":"V\u00f5rumaa Muuseum, Dr. Fr. R. Kreutzwaldi Memoriaalmuuseum, M\u00f5niste Talurahvamuuseum ja Karilatsi Vaba\u00f5humuuseum","publisher":{"@id":"https:\/\/vanavorumaamuuseumid.ee\/#organization"},"potentialAction":[{"@type":"SearchAction","target":{"@type":"EntryPoint","urlTemplate":"https:\/\/vanavorumaamuuseumid.ee\/?s={search_term_string}"},"query-input":{"@type":"PropertyValueSpecification","valueRequired":true,"valueName":"search_term_string"}}],"inLanguage":"vo"},{"@type":"Organization","@id":"https:\/\/vanavorumaamuuseumid.ee\/#organization","name":"V\u00f5ru Instituut","url":"https:\/\/vanavorumaamuuseumid.ee\/","logo":{"@type":"ImageObject","inLanguage":"vo","@id":"https:\/\/vanavorumaamuuseumid.ee\/#\/schema\/logo\/image\/","url":"https:\/\/vanavorumaamuuseumid.ee\/wp-content\/uploads\/2025\/05\/vana-voromaa-muusoumi-250516.svg","contentUrl":"https:\/\/vanavorumaamuuseumid.ee\/wp-content\/uploads\/2025\/05\/vana-voromaa-muusoumi-250516.svg","width":567,"height":80,"caption":"V\u00f5ru Instituut"},"image":{"@id":"https:\/\/vanavorumaamuuseumid.ee\/#\/schema\/logo\/image\/"}}]}},"_links":{"self":[{"href":"https:\/\/vanavorumaamuuseumid.ee\/vo\/wp-json\/wp\/v2\/lauluisa-naitus\/1202","targetHints":{"allow":["GET"]}}],"collection":[{"href":"https:\/\/vanavorumaamuuseumid.ee\/vo\/wp-json\/wp\/v2\/lauluisa-naitus"}],"about":[{"href":"https:\/\/vanavorumaamuuseumid.ee\/vo\/wp-json\/wp\/v2\/types\/lauluisa-naitus"}],"wp:featuredmedia":[{"embeddable":true,"href":"https:\/\/vanavorumaamuuseumid.ee\/vo\/wp-json\/wp\/v2\/media\/782"}],"wp:attachment":[{"href":"https:\/\/vanavorumaamuuseumid.ee\/vo\/wp-json\/wp\/v2\/media?parent=1202"}],"curies":[{"name":"wp","href":"https:\/\/api.w.org\/{rel}","templated":true}]}}