{"id":2950,"date":"2025-09-17T12:43:10","date_gmt":"2025-09-17T09:43:10","guid":{"rendered":"https:\/\/vanavorumaamuuseumid.ee\/?post_type=lauluisa-naitus&#038;p=2950"},"modified":"2025-11-18T08:52:45","modified_gmt":"2025-11-18T06:52:45","slug":"pusinaitused","status":"publish","type":"lauluisa-naitus","link":"https:\/\/vanavorumaamuuseumid.ee\/vo\/lauluisa-naitus\/pusinaitused\/","title":{"rendered":"P\u00dcSIN\u00c4ITUSED"},"content":{"rendered":"<p class=\"has-vivid-red-color has-text-color has-link-color has-medium-font-size wp-elements-da97ee538db7995c263dc02075519f7d\"><strong>Sisekujondus-v\u00e4ll\u00e4pan\u00f5k Kreutzwaldi elomajan<\/strong><\/p>\n\n\n\n<p class=\"has-vivid-red-color has-text-color has-link-color has-medium-font-size wp-elements-afda34a6b9243212eab02bd9389ef56c\"><strong>Kir\u00e4nd\u00fcsline v\u00e4ll\u00e4pan\u00f5k k\u00f5rvalhuun\u00f5n<\/strong><\/p>\n\n\n\n<p class=\"has-vivid-red-color has-text-color has-link-color has-medium-font-size wp-elements-9c9b033823d524b0dcd3a7ab3cbe4a4a\"><strong>Kreutzwaldi loomingust m\u00f5ot\u00f5t kunst aidan<\/strong><\/p>\n\n\n\n<p><\/p>\n\n\n\n<p class=\"has-medium-font-size\"><strong>\u00dclene selet\u00fcs alaliidsi n\u00e4\u00fct\u00fcisi kotsil\u00f5<\/strong><\/p>\n\n\n\n<p>T\u00e4hendellen suuri \u00fctsikinemiisi l\u00f6\u00fcd kultuur \u00fcles inemist ku s\u00e4\u00e4nest k\u00f5g\u00f5n tim\u00e4 vastaossuisi\nt\u00e4\u00fcs rikkus\u00f5n \u2013 nuu t\u00e4hendelemise k\u00fc\u00fcn\u00fcse edesi l\u00e4bi aastagasato p\u00e4\u00e4lt suur\u00f5kujo\nkuulmis\u00f5, s\u00e4\u00e4dv\u00e4 hindit k\u00f5rrast vahtsid\u00f5 maitsid\u00f5 perr\u00e4, ilma kokkov\u00f5tva laus\u00f5ni joudmalda\n(J. Undusk \u201eEksistentsiaalne Kreutzwald\u201d, 2004).<\/p>\n\n\n\n<p>Dr. Fr. R. Kreutzwaldi Memoriaalmuus\u00f5umi nel\u00e4s v\u00e4ll\u00e4pan\u00f5k sai valmis k\u00f5rd-k\u00f5rrast \u2013 1989 \u2013\nelomaja sisekujondus; kir\u00e4nd\u00fcsline osa 1991\/1992 (tekst viil n\u00f5udmiisi perr\u00e4 ka vinne\nkeelen), t\u00f5llakuur ja jutus\u00f5tar\u00f5 1993, sann, laub\u00f5, ts\u00e4imaja (fondiruum).<\/p>\n\n\n\n<p>Kokkos\u00e4\u00e4dj\u00e4: Aimi Hollo, Siiri Toomik (1994-2012 muus\u00f5umi direktri); kujondaja: Leila\nP\u00e4rtelpoeg (elomaja sisekujondus), Marika Laretei (kir\u00e4nd\u00fcsline jago k\u00f5rvalmajan ni aidan).<\/p>\n\n\n\n<p>1987.\/1988. aastagal sai naada sisse s\u00e4\u00e4dm\u00e4 Kreutzwaldi elomaia. P\u00e4\u00e4mine muudatus oll\nkir\u00e4nd\u00fcslidse osa ja sisekujondus\u00f5 lahutamin\u00f5 ja terve kompleksi t\u00e4vveline v\u00e4ll\u00e4ar\u00f5ndamin\u00f5,\nminkast unist\u00f5di jo muus\u00f5umi luumis\u00f5 aigo. Kreutzwaldi elomaja inneskidses tegemine k\u00e4ve\nmaja aoluulids\u00f5 \u00f5i\u00f5ndus\u00f5 perr\u00e4, mille oll kokko pandnu Niina Raid. K\u00f5rvalhuun\u00f5st kol\u00f5va\nv\u00e4ll\u00e4 \u00fc\u00fcrnigu ja aloman\u00f5 k\u00f5rd ehitedi \u00fcmbre v\u00e4ll\u00e4pan\u00f5giruumis, aida manoehit\u00fcs laot\u00f5di \u00e4r ja\ntagasi tetti aoluulin\u00f5 v\u00e4ll\u00e4n\u00e4gemine, \u00fcles ehitedi ka 1948. aastagal mahapalanu laut ni tall.\nKreutzwaldi umandus\u00f5n olnu krundi piirest v\u00e4ll\u00e4pool\u00f5 j\u00e4\u00e4v\u00e4le maal\u00f5 ehitedi muus\u00f5umi k\u00e4en\nol\u00f5va kuuri as\u00f5m\u00f5l\u00f5 kogoni vahts\u00f5n\u00f5 hoon\u00f5, kon om ts\u00e4itar\u00f5, fondiruum ni peldigu. Aian\nl\u00f5p\u00f5t\u00f5di \u00e4r t\u00fc\u00fct\u00e4jile pindremai\u00f5 jagamin\u00f5, t\u00fc\u00fch\u00fc v\u00f5eti aidnik, alost\u00f5di kujondamist\u00f6iega.<\/p>\n\n\n\n<p>Tsihis oll s\u00e4\u00e4d\u00e4 Kreutzwaldi kodo sisse nii, nigu tuu v\u00f5is\u00f5 olla tim\u00e4 V\u00f5ro-aastil 19.\naastagasaa kesken. Taa oll tohtri ni v\u00f5rolas\u00f5 kodo 44 aastakka, tan s\u00fcnd\u00fc eesti\nrahvakir\u00e4nd\u00fcs, tan oll kesk umma aigo \u00fctsind\u00e4 saisva luuja paopaik. Kahtluisi ni haihk\u00f5l\u00f5mist\noll kuhaga. Kas tohis siin olla ka m\u00f5ni tuu ilma aon\u00f5 asi, mi\u00e4 ol\u00f5-i olnu perrekunna jago? Kas\nesin\u00e4olids\u00f5 v\u00e4ll\u00e4pan\u00f5gi viien huun\u00f5n s\u00fcnn\u00fcse k\u00fcl\u00e4lise jaos kokko nigu \u00fcts terve? V\u00e4ega\nt\u00e4hts\u00e4s tug\u00f5jas ni \u00fctenm\u00f5tl\u00f5jas oll muus\u00f5umin\u00f5vvukogo (Rudolf P\u00f5ldm\u00e4e, Endel Nirk, Heivi\nPullerits, Jaan Eilart, Elmut Laane, Ilmar Reiman).<\/p>\n\n\n\n<p>No v\u00f5i \u00fcld\u00e4, et toonads\u00f5 otsus\u00f5 olli p\u00f5ha pool\u00f5st \u00f5ig\u00f5: muus\u00f5umil omma mitm\u00f5sugumads\u00f5\nv\u00e4ll\u00e4pan\u00f5gi, mi\u00e4 lupas\u00f5 pakku l\u00e4biel\u00e4miisist rikka ringk\u00e4\u00fcgi k\u00f5igil\u00f5 k\u00fcl\u00e4liisile nii, et om\nrehkendet n\u00e4ide i\u00e4ga ja kaemis\u00f5 jaos plaanidu aoga. S\u00fcvemb\u00e4he minegi man omma abis\nt\u00fc\u00fclehe ja ain\u00f5l\u00f5 vastava filmi, muinasjutum\u00e4ngo jaos pupi, t\u00fc\u00fctar\u00f5n v\u00f5imalus meisterd\u00e4\nvalmis muus\u00f5umimeel\u00fcs. Muus\u00f5umin saa k\u00f5rralda in\u00e4mb mitm\u00f5sugumaidsi tegemiisi ni\nettev\u00f5tmiisi. \u00d5nn\u00f5 k\u00f5g\u00f5 tuu man pi\u00e4t inemisemuus\u00f5um j\u00e4\u00e4m\u00e4 \u00f5ks \u00f5kvalt tuu inemise\nmuus\u00f5umis, kink meelenhoitmis\u00f5s t\u00e4 om m\u00f5t\u00f5ld.<\/p>\n\n\n\n<figure class=\"wp-block-gallery has-nested-images columns-default is-cropped wp-block-gallery-1 is-layout-flex wp-block-gallery-is-layout-flex\">\n<figure class=\"wp-block-image size-large\"><img decoding=\"async\" width=\"1024\" height=\"768\" data-id=\"2951\" src=\"https:\/\/vanavorumaamuuseumid.ee\/wp-content\/uploads\/2025\/09\/2020.07.03-aia-vaated-10-1024x768.jpg\" alt=\"\" class=\"wp-image-2951\" srcset=\"https:\/\/vanavorumaamuuseumid.ee\/wp-content\/uploads\/2025\/09\/2020.07.03-aia-vaated-10-980x735.jpg 980w, https:\/\/vanavorumaamuuseumid.ee\/wp-content\/uploads\/2025\/09\/2020.07.03-aia-vaated-10-480x360.jpg 480w\" sizes=\"(min-width: 0px) and (max-width: 480px) 480px, (min-width: 481px) and (max-width: 980px) 980px, (min-width: 981px) 1024px, 100vw\" \/><\/figure>\n\n\n\n<figure class=\"wp-block-image size-large\"><img decoding=\"async\" width=\"1024\" height=\"305\" data-id=\"2952\" src=\"https:\/\/vanavorumaamuuseumid.ee\/wp-content\/uploads\/2025\/09\/2020-Kreutzwaldi-muuseumi-aed-1024x305.jpg\" alt=\"\" class=\"wp-image-2952\" srcset=\"https:\/\/vanavorumaamuuseumid.ee\/wp-content\/uploads\/2025\/09\/2020-Kreutzwaldi-muuseumi-aed-980x291.jpg 980w, https:\/\/vanavorumaamuuseumid.ee\/wp-content\/uploads\/2025\/09\/2020-Kreutzwaldi-muuseumi-aed-480x143.jpg 480w\" sizes=\"(min-width: 0px) and (max-width: 480px) 480px, (min-width: 481px) and (max-width: 980px) 980px, (min-width: 981px) 1024px, 100vw\" \/><\/figure>\n\n\n\n<figure class=\"wp-block-image size-large\"><img decoding=\"async\" width=\"1024\" height=\"683\" data-id=\"2953\" src=\"https:\/\/vanavorumaamuuseumid.ee\/wp-content\/uploads\/2025\/09\/MG_0384-1024x683.jpg\" alt=\"\" class=\"wp-image-2953\" srcset=\"https:\/\/vanavorumaamuuseumid.ee\/wp-content\/uploads\/2025\/09\/MG_0384-980x653.jpg 980w, https:\/\/vanavorumaamuuseumid.ee\/wp-content\/uploads\/2025\/09\/MG_0384-480x320.jpg 480w\" sizes=\"(min-width: 0px) and (max-width: 480px) 480px, (min-width: 481px) and (max-width: 980px) 980px, (min-width: 981px) 1024px, 100vw\" \/><\/figure>\n\n\n\n<figure class=\"wp-block-image size-large\"><img decoding=\"async\" width=\"1024\" height=\"683\" data-id=\"2954\" src=\"https:\/\/vanavorumaamuuseumid.ee\/wp-content\/uploads\/2025\/09\/MG_0388-1024x683.jpg\" alt=\"\" class=\"wp-image-2954\" srcset=\"https:\/\/vanavorumaamuuseumid.ee\/wp-content\/uploads\/2025\/09\/MG_0388-980x653.jpg 980w, https:\/\/vanavorumaamuuseumid.ee\/wp-content\/uploads\/2025\/09\/MG_0388-480x320.jpg 480w\" sizes=\"(min-width: 0px) and (max-width: 480px) 480px, (min-width: 481px) and (max-width: 980px) 980px, (min-width: 981px) 1024px, 100vw\" \/><\/figure>\n\n\n\n<figure class=\"wp-block-image size-large\"><img decoding=\"async\" width=\"1024\" height=\"683\" data-id=\"2955\" src=\"https:\/\/vanavorumaamuuseumid.ee\/wp-content\/uploads\/2025\/09\/3-tk-MG_0376-1024x683.jpg\" alt=\"\" class=\"wp-image-2955\" srcset=\"https:\/\/vanavorumaamuuseumid.ee\/wp-content\/uploads\/2025\/09\/3-tk-MG_0376-980x653.jpg 980w, https:\/\/vanavorumaamuuseumid.ee\/wp-content\/uploads\/2025\/09\/3-tk-MG_0376-480x320.jpg 480w\" sizes=\"(min-width: 0px) and (max-width: 480px) 480px, (min-width: 481px) and (max-width: 980px) 980px, (min-width: 981px) 1024px, 100vw\" \/><\/figure>\n\n\n\n<figure class=\"wp-block-image size-large\"><img decoding=\"async\" width=\"1024\" height=\"683\" data-id=\"2956\" src=\"https:\/\/vanavorumaamuuseumid.ee\/wp-content\/uploads\/2025\/09\/MG_0375-1024x683.jpg\" alt=\"\" class=\"wp-image-2956\" srcset=\"https:\/\/vanavorumaamuuseumid.ee\/wp-content\/uploads\/2025\/09\/MG_0375-980x653.jpg 980w, https:\/\/vanavorumaamuuseumid.ee\/wp-content\/uploads\/2025\/09\/MG_0375-480x320.jpg 480w\" sizes=\"(min-width: 0px) and (max-width: 480px) 480px, (min-width: 481px) and (max-width: 980px) 980px, (min-width: 981px) 1024px, 100vw\" \/><\/figure>\n\n\n\n<figure class=\"wp-block-image size-large\"><img decoding=\"async\" width=\"1024\" height=\"683\" data-id=\"2957\" src=\"https:\/\/vanavorumaamuuseumid.ee\/wp-content\/uploads\/2025\/09\/MG_0377-1024x683.jpg\" alt=\"\" class=\"wp-image-2957\" srcset=\"https:\/\/vanavorumaamuuseumid.ee\/wp-content\/uploads\/2025\/09\/MG_0377-980x653.jpg 980w, https:\/\/vanavorumaamuuseumid.ee\/wp-content\/uploads\/2025\/09\/MG_0377-480x320.jpg 480w\" sizes=\"(min-width: 0px) and (max-width: 480px) 480px, (min-width: 481px) and (max-width: 980px) 980px, (min-width: 981px) 1024px, 100vw\" \/><\/figure>\n\n\n\n<figure class=\"wp-block-image size-large\"><img decoding=\"async\" width=\"1024\" height=\"683\" data-id=\"2958\" src=\"https:\/\/vanavorumaamuuseumid.ee\/wp-content\/uploads\/2025\/09\/MG_8226-1024x683.jpg\" alt=\"\" class=\"wp-image-2958\" srcset=\"https:\/\/vanavorumaamuuseumid.ee\/wp-content\/uploads\/2025\/09\/MG_8226-980x653.jpg 980w, https:\/\/vanavorumaamuuseumid.ee\/wp-content\/uploads\/2025\/09\/MG_8226-480x320.jpg 480w\" sizes=\"(min-width: 0px) and (max-width: 480px) 480px, (min-width: 481px) and (max-width: 980px) 980px, (min-width: 981px) 1024px, 100vw\" \/><\/figure>\n\n\n\n<figure class=\"wp-block-image size-large\"><img decoding=\"async\" width=\"1024\" height=\"683\" data-id=\"2959\" src=\"https:\/\/vanavorumaamuuseumid.ee\/wp-content\/uploads\/2025\/09\/MG_8229-1024x683.jpg\" alt=\"\" class=\"wp-image-2959\" srcset=\"https:\/\/vanavorumaamuuseumid.ee\/wp-content\/uploads\/2025\/09\/MG_8229-980x653.jpg 980w, https:\/\/vanavorumaamuuseumid.ee\/wp-content\/uploads\/2025\/09\/MG_8229-480x320.jpg 480w\" sizes=\"(min-width: 0px) and (max-width: 480px) 480px, (min-width: 481px) and (max-width: 980px) 980px, (min-width: 981px) 1024px, 100vw\" \/><\/figure>\n\n\n\n<figure class=\"wp-block-image size-large\"><img decoding=\"async\" width=\"1024\" height=\"683\" data-id=\"2960\" src=\"https:\/\/vanavorumaamuuseumid.ee\/wp-content\/uploads\/2025\/09\/MG_8245-1024x683.jpg\" alt=\"\" class=\"wp-image-2960\" srcset=\"https:\/\/vanavorumaamuuseumid.ee\/wp-content\/uploads\/2025\/09\/MG_8245-980x653.jpg 980w, https:\/\/vanavorumaamuuseumid.ee\/wp-content\/uploads\/2025\/09\/MG_8245-480x320.jpg 480w\" sizes=\"(min-width: 0px) and (max-width: 480px) 480px, (min-width: 481px) and (max-width: 980px) 980px, (min-width: 981px) 1024px, 100vw\" \/><\/figure>\n\n\n\n<figure class=\"wp-block-image size-large\"><img decoding=\"async\" width=\"1024\" height=\"683\" data-id=\"2961\" src=\"https:\/\/vanavorumaamuuseumid.ee\/wp-content\/uploads\/2025\/09\/MG_8271-1024x683.jpg\" alt=\"\" class=\"wp-image-2961\" srcset=\"https:\/\/vanavorumaamuuseumid.ee\/wp-content\/uploads\/2025\/09\/MG_8271-980x653.jpg 980w, https:\/\/vanavorumaamuuseumid.ee\/wp-content\/uploads\/2025\/09\/MG_8271-480x320.jpg 480w\" sizes=\"(min-width: 0px) and (max-width: 480px) 480px, (min-width: 481px) and (max-width: 980px) 980px, (min-width: 981px) 1024px, 100vw\" \/><\/figure>\n\n\n\n<figure class=\"wp-block-image size-large\"><img decoding=\"async\" width=\"1024\" height=\"683\" data-id=\"2962\" src=\"https:\/\/vanavorumaamuuseumid.ee\/wp-content\/uploads\/2025\/09\/MG_8278-1024x683.jpg\" alt=\"\" class=\"wp-image-2962\" srcset=\"https:\/\/vanavorumaamuuseumid.ee\/wp-content\/uploads\/2025\/09\/MG_8278-980x653.jpg 980w, https:\/\/vanavorumaamuuseumid.ee\/wp-content\/uploads\/2025\/09\/MG_8278-480x320.jpg 480w\" sizes=\"(min-width: 0px) and (max-width: 480px) 480px, (min-width: 481px) and (max-width: 980px) 980px, (min-width: 981px) 1024px, 100vw\" \/><\/figure>\n\n\n\n<figure class=\"wp-block-image size-large\"><img decoding=\"async\" width=\"1024\" height=\"683\" data-id=\"2963\" src=\"https:\/\/vanavorumaamuuseumid.ee\/wp-content\/uploads\/2025\/09\/MG_8343-1024x683.jpg\" alt=\"\" class=\"wp-image-2963\" srcset=\"https:\/\/vanavorumaamuuseumid.ee\/wp-content\/uploads\/2025\/09\/MG_8343-980x653.jpg 980w, https:\/\/vanavorumaamuuseumid.ee\/wp-content\/uploads\/2025\/09\/MG_8343-480x320.jpg 480w\" sizes=\"(min-width: 0px) and (max-width: 480px) 480px, (min-width: 481px) and (max-width: 980px) 980px, (min-width: 981px) 1024px, 100vw\" \/><\/figure>\n<\/figure>","protected":false},"featured_media":2958,"template":"","class_list":["post-2950","lauluisa-naitus","type-lauluisa-naitus","status-publish","has-post-thumbnail","hentry"],"acf":[],"yoast_head":"<!-- This site is optimized with the Yoast SEO plugin v27.4 - https:\/\/yoast.com\/product\/yoast-seo-wordpress\/ -->\n<title>P\u00dcSIN\u00c4ITUSED - Vana-V\u00f5rumaa muuseumid<\/title>\n<meta name=\"robots\" content=\"index, follow, max-snippet:-1, max-image-preview:large, max-video-preview:-1\" \/>\n<link rel=\"canonical\" href=\"https:\/\/vanavorumaamuuseumid.ee\/vo\/lauluisa-naitus\/pusinaitused\/\" \/>\n<meta property=\"og:locale\" content=\"en_US\" \/>\n<meta property=\"og:type\" content=\"article\" \/>\n<meta property=\"og:title\" content=\"P\u00dcSIN\u00c4ITUSED - Vana-V\u00f5rumaa muuseumid\" \/>\n<meta property=\"og:description\" content=\"Interj\u00f6\u00f6r- ekspositsioon Kreutzwaldi elumajas Kirjanduslik ekspositsioon k\u00f5rvalhoones Kreutzwaldi loomingust inspireeritud kunst aidas [&hellip;]\" \/>\n<meta property=\"og:url\" content=\"https:\/\/vanavorumaamuuseumid.ee\/vo\/lauluisa-naitus\/pusinaitused\/\" \/>\n<meta property=\"og:site_name\" content=\"Vana-V\u00f5rumaa muuseumid\" \/>\n<meta property=\"article:modified_time\" content=\"2025-11-18T06:52:45+00:00\" \/>\n<meta property=\"og:image\" content=\"https:\/\/vanavorumaamuuseumid.ee\/wp-content\/uploads\/2025\/09\/MG_8226.jpg\" \/>\n\t<meta property=\"og:image:width\" content=\"1920\" \/>\n\t<meta property=\"og:image:height\" content=\"1280\" \/>\n\t<meta property=\"og:image:type\" content=\"image\/jpeg\" \/>\n<meta name=\"twitter:card\" content=\"summary_large_image\" \/>\n<meta name=\"twitter:label1\" content=\"Est. reading time\" \/>\n\t<meta name=\"twitter:data1\" content=\"5 minutes\" \/>\n<script type=\"application\/ld+json\" class=\"yoast-schema-graph\">{\"@context\":\"https:\\\/\\\/schema.org\",\"@graph\":[{\"@type\":\"WebPage\",\"@id\":\"https:\\\/\\\/vanavorumaamuuseumid.ee\\\/lauluisa-naitus\\\/pusinaitused\\\/\",\"url\":\"https:\\\/\\\/vanavorumaamuuseumid.ee\\\/lauluisa-naitus\\\/pusinaitused\\\/\",\"name\":\"P\u00dcSIN\u00c4ITUSED - Vana-V\u00f5rumaa muuseumid\",\"isPartOf\":{\"@id\":\"https:\\\/\\\/vanavorumaamuuseumid.ee\\\/#website\"},\"primaryImageOfPage\":{\"@id\":\"https:\\\/\\\/vanavorumaamuuseumid.ee\\\/lauluisa-naitus\\\/pusinaitused\\\/#primaryimage\"},\"image\":{\"@id\":\"https:\\\/\\\/vanavorumaamuuseumid.ee\\\/lauluisa-naitus\\\/pusinaitused\\\/#primaryimage\"},\"thumbnailUrl\":\"https:\\\/\\\/vanavorumaamuuseumid.ee\\\/wp-content\\\/uploads\\\/2025\\\/09\\\/MG_8226.jpg\",\"datePublished\":\"2025-09-17T09:43:10+00:00\",\"dateModified\":\"2025-11-18T06:52:45+00:00\",\"breadcrumb\":{\"@id\":\"https:\\\/\\\/vanavorumaamuuseumid.ee\\\/lauluisa-naitus\\\/pusinaitused\\\/#breadcrumb\"},\"inLanguage\":\"vo\",\"potentialAction\":[{\"@type\":\"ReadAction\",\"target\":[\"https:\\\/\\\/vanavorumaamuuseumid.ee\\\/lauluisa-naitus\\\/pusinaitused\\\/\"]}]},{\"@type\":\"ImageObject\",\"inLanguage\":\"vo\",\"@id\":\"https:\\\/\\\/vanavorumaamuuseumid.ee\\\/lauluisa-naitus\\\/pusinaitused\\\/#primaryimage\",\"url\":\"https:\\\/\\\/vanavorumaamuuseumid.ee\\\/wp-content\\\/uploads\\\/2025\\\/09\\\/MG_8226.jpg\",\"contentUrl\":\"https:\\\/\\\/vanavorumaamuuseumid.ee\\\/wp-content\\\/uploads\\\/2025\\\/09\\\/MG_8226.jpg\",\"width\":1920,\"height\":1280},{\"@type\":\"BreadcrumbList\",\"@id\":\"https:\\\/\\\/vanavorumaamuuseumid.ee\\\/lauluisa-naitus\\\/pusinaitused\\\/#breadcrumb\",\"itemListElement\":[{\"@type\":\"ListItem\",\"position\":1,\"name\":\"Home\",\"item\":\"https:\\\/\\\/vanavorumaamuuseumid.ee\\\/\"},{\"@type\":\"ListItem\",\"position\":2,\"name\":\"P\u00dcSIN\u00c4ITUSED\"}]},{\"@type\":\"WebSite\",\"@id\":\"https:\\\/\\\/vanavorumaamuuseumid.ee\\\/#website\",\"url\":\"https:\\\/\\\/vanavorumaamuuseumid.ee\\\/\",\"name\":\"Vana-V\u00f5rumaa Muuseumid\",\"description\":\"V\u00f5rumaa Muuseum, Dr. Fr. R. Kreutzwaldi Memoriaalmuuseum, M\u00f5niste Talurahvamuuseum ja Karilatsi Vaba\u00f5humuuseum\",\"publisher\":{\"@id\":\"https:\\\/\\\/vanavorumaamuuseumid.ee\\\/#organization\"},\"potentialAction\":[{\"@type\":\"SearchAction\",\"target\":{\"@type\":\"EntryPoint\",\"urlTemplate\":\"https:\\\/\\\/vanavorumaamuuseumid.ee\\\/?s={search_term_string}\"},\"query-input\":{\"@type\":\"PropertyValueSpecification\",\"valueRequired\":true,\"valueName\":\"search_term_string\"}}],\"inLanguage\":\"vo\"},{\"@type\":\"Organization\",\"@id\":\"https:\\\/\\\/vanavorumaamuuseumid.ee\\\/#organization\",\"name\":\"V\u00f5ru Instituut\",\"url\":\"https:\\\/\\\/vanavorumaamuuseumid.ee\\\/\",\"logo\":{\"@type\":\"ImageObject\",\"inLanguage\":\"vo\",\"@id\":\"https:\\\/\\\/vanavorumaamuuseumid.ee\\\/#\\\/schema\\\/logo\\\/image\\\/\",\"url\":\"https:\\\/\\\/vanavorumaamuuseumid.ee\\\/wp-content\\\/uploads\\\/2025\\\/05\\\/vana-voromaa-muusoumi-250516.svg\",\"contentUrl\":\"https:\\\/\\\/vanavorumaamuuseumid.ee\\\/wp-content\\\/uploads\\\/2025\\\/05\\\/vana-voromaa-muusoumi-250516.svg\",\"width\":567,\"height\":80,\"caption\":\"V\u00f5ru Instituut\"},\"image\":{\"@id\":\"https:\\\/\\\/vanavorumaamuuseumid.ee\\\/#\\\/schema\\\/logo\\\/image\\\/\"}}]}<\/script>\n<!-- \/ Yoast SEO plugin. -->","yoast_head_json":{"title":"P\u00dcSIN\u00c4ITUSED - Vana-V\u00f5rumaa muuseumid","robots":{"index":"index","follow":"follow","max-snippet":"max-snippet:-1","max-image-preview":"max-image-preview:large","max-video-preview":"max-video-preview:-1"},"canonical":"https:\/\/vanavorumaamuuseumid.ee\/vo\/lauluisa-naitus\/pusinaitused\/","og_locale":"en_US","og_type":"article","og_title":"P\u00dcSIN\u00c4ITUSED - Vana-V\u00f5rumaa muuseumid","og_description":"Interj\u00f6\u00f6r- ekspositsioon Kreutzwaldi elumajas Kirjanduslik ekspositsioon k\u00f5rvalhoones Kreutzwaldi loomingust inspireeritud kunst aidas [&hellip;]","og_url":"https:\/\/vanavorumaamuuseumid.ee\/vo\/lauluisa-naitus\/pusinaitused\/","og_site_name":"Vana-V\u00f5rumaa muuseumid","article_modified_time":"2025-11-18T06:52:45+00:00","og_image":[{"width":1920,"height":1280,"url":"https:\/\/vanavorumaamuuseumid.ee\/wp-content\/uploads\/2025\/09\/MG_8226.jpg","type":"image\/jpeg"}],"twitter_card":"summary_large_image","twitter_misc":{"Est. reading time":"5 minutes"},"schema":{"@context":"https:\/\/schema.org","@graph":[{"@type":"WebPage","@id":"https:\/\/vanavorumaamuuseumid.ee\/lauluisa-naitus\/pusinaitused\/","url":"https:\/\/vanavorumaamuuseumid.ee\/lauluisa-naitus\/pusinaitused\/","name":"P\u00dcSIN\u00c4ITUSED - Vana-V\u00f5rumaa muuseumid","isPartOf":{"@id":"https:\/\/vanavorumaamuuseumid.ee\/#website"},"primaryImageOfPage":{"@id":"https:\/\/vanavorumaamuuseumid.ee\/lauluisa-naitus\/pusinaitused\/#primaryimage"},"image":{"@id":"https:\/\/vanavorumaamuuseumid.ee\/lauluisa-naitus\/pusinaitused\/#primaryimage"},"thumbnailUrl":"https:\/\/vanavorumaamuuseumid.ee\/wp-content\/uploads\/2025\/09\/MG_8226.jpg","datePublished":"2025-09-17T09:43:10+00:00","dateModified":"2025-11-18T06:52:45+00:00","breadcrumb":{"@id":"https:\/\/vanavorumaamuuseumid.ee\/lauluisa-naitus\/pusinaitused\/#breadcrumb"},"inLanguage":"vo","potentialAction":[{"@type":"ReadAction","target":["https:\/\/vanavorumaamuuseumid.ee\/lauluisa-naitus\/pusinaitused\/"]}]},{"@type":"ImageObject","inLanguage":"vo","@id":"https:\/\/vanavorumaamuuseumid.ee\/lauluisa-naitus\/pusinaitused\/#primaryimage","url":"https:\/\/vanavorumaamuuseumid.ee\/wp-content\/uploads\/2025\/09\/MG_8226.jpg","contentUrl":"https:\/\/vanavorumaamuuseumid.ee\/wp-content\/uploads\/2025\/09\/MG_8226.jpg","width":1920,"height":1280},{"@type":"BreadcrumbList","@id":"https:\/\/vanavorumaamuuseumid.ee\/lauluisa-naitus\/pusinaitused\/#breadcrumb","itemListElement":[{"@type":"ListItem","position":1,"name":"Home","item":"https:\/\/vanavorumaamuuseumid.ee\/"},{"@type":"ListItem","position":2,"name":"P\u00dcSIN\u00c4ITUSED"}]},{"@type":"WebSite","@id":"https:\/\/vanavorumaamuuseumid.ee\/#website","url":"https:\/\/vanavorumaamuuseumid.ee\/","name":"Vana-V\u00f5rumaa Muuseumid","description":"V\u00f5rumaa Muuseum, Dr. Fr. R. Kreutzwaldi Memoriaalmuuseum, M\u00f5niste Talurahvamuuseum ja Karilatsi Vaba\u00f5humuuseum","publisher":{"@id":"https:\/\/vanavorumaamuuseumid.ee\/#organization"},"potentialAction":[{"@type":"SearchAction","target":{"@type":"EntryPoint","urlTemplate":"https:\/\/vanavorumaamuuseumid.ee\/?s={search_term_string}"},"query-input":{"@type":"PropertyValueSpecification","valueRequired":true,"valueName":"search_term_string"}}],"inLanguage":"vo"},{"@type":"Organization","@id":"https:\/\/vanavorumaamuuseumid.ee\/#organization","name":"V\u00f5ru Instituut","url":"https:\/\/vanavorumaamuuseumid.ee\/","logo":{"@type":"ImageObject","inLanguage":"vo","@id":"https:\/\/vanavorumaamuuseumid.ee\/#\/schema\/logo\/image\/","url":"https:\/\/vanavorumaamuuseumid.ee\/wp-content\/uploads\/2025\/05\/vana-voromaa-muusoumi-250516.svg","contentUrl":"https:\/\/vanavorumaamuuseumid.ee\/wp-content\/uploads\/2025\/05\/vana-voromaa-muusoumi-250516.svg","width":567,"height":80,"caption":"V\u00f5ru Instituut"},"image":{"@id":"https:\/\/vanavorumaamuuseumid.ee\/#\/schema\/logo\/image\/"}}]}},"_links":{"self":[{"href":"https:\/\/vanavorumaamuuseumid.ee\/vo\/wp-json\/wp\/v2\/lauluisa-naitus\/2950","targetHints":{"allow":["GET"]}}],"collection":[{"href":"https:\/\/vanavorumaamuuseumid.ee\/vo\/wp-json\/wp\/v2\/lauluisa-naitus"}],"about":[{"href":"https:\/\/vanavorumaamuuseumid.ee\/vo\/wp-json\/wp\/v2\/types\/lauluisa-naitus"}],"wp:featuredmedia":[{"embeddable":true,"href":"https:\/\/vanavorumaamuuseumid.ee\/vo\/wp-json\/wp\/v2\/media\/2958"}],"wp:attachment":[{"href":"https:\/\/vanavorumaamuuseumid.ee\/vo\/wp-json\/wp\/v2\/media?parent=2950"}],"curies":[{"name":"wp","href":"https:\/\/api.w.org\/{rel}","templated":true}]}}