{"id":3030,"date":"2025-09-05T10:20:48","date_gmt":"2025-09-05T07:20:48","guid":{"rendered":"https:\/\/vanavorumaamuuseumid.ee\/?post_type=lauluisa-sundumus&#038;p=3030"},"modified":"2025-09-29T13:17:04","modified_gmt":"2025-09-29T10:17:04","slug":"kalevipoja-paev","status":"publish","type":"lauluisa-sundumus","link":"https:\/\/vanavorumaamuuseumid.ee\/vo\/lauluisa-sundumus\/kalevipoja-paev\/","title":{"rendered":"Kalevipoja p\u00e4ev"},"content":{"rendered":"<p>Alates 20. maist 2017 on k\u00fclastajaid muuseumi aidatrepil tervitanud puidust skulptuur \u201eKalevipoeg\u201c. Kuju oli tolleks ajaks juba kaks aastat ringi r\u00e4nnanud ja otsinud sobivat kohta, kus leida varju ja olla ka teejuht eepose juurde. T\u00e4nu Raoul Annionile sai selleks kohaks Kreutzwaldi majamuuseum. N\u00fc\u00fcd on kuju restaureeritud ja selle taasavamine toimub&nbsp;<strong>10. septembril kell 10<\/strong>. Kavas on p\u00e4evakohased s\u00f5nav\u00f5tud, \u201eKalevipoja\u201c lugemine, liisuheitmine, paremate autasustamine ja kuningaks kroonimine. Tegevus toimub Vanemuise kandlehelide saatel \u00f5ues ja aias.<\/p>","protected":false},"featured_media":3031,"template":"","class_list":["post-3030","lauluisa-sundumus","type-lauluisa-sundumus","status-publish","has-post-thumbnail","hentry"],"acf":[],"yoast_head":"<!-- This site is optimized with the Yoast SEO plugin v27.4 - https:\/\/yoast.com\/product\/yoast-seo-wordpress\/ -->\n<title>Kalevipoja p\u00e4ev - Vana-V\u00f5rumaa muuseumid<\/title>\n<meta name=\"robots\" content=\"index, follow, max-snippet:-1, max-image-preview:large, max-video-preview:-1\" \/>\n<link rel=\"canonical\" href=\"https:\/\/vanavorumaamuuseumid.ee\/vo\/lauluisa-sundumus\/kalevipoja-paev\/\" \/>\n<meta property=\"og:locale\" content=\"en_US\" \/>\n<meta property=\"og:type\" content=\"article\" \/>\n<meta property=\"og:title\" content=\"Kalevipoja p\u00e4ev - Vana-V\u00f5rumaa muuseumid\" \/>\n<meta property=\"og:description\" content=\"Alates 20. maist 2017 on k\u00fclastajaid muuseumi aidatrepil tervitanud puidust skulptuur \u201eKalevipoeg\u201c. [&hellip;]\" \/>\n<meta property=\"og:url\" content=\"https:\/\/vanavorumaamuuseumid.ee\/vo\/lauluisa-sundumus\/kalevipoja-paev\/\" \/>\n<meta property=\"og:site_name\" content=\"Vana-V\u00f5rumaa muuseumid\" \/>\n<meta property=\"article:modified_time\" content=\"2025-09-29T10:17:04+00:00\" \/>\n<meta property=\"og:image\" content=\"https:\/\/vanavorumaamuuseumid.ee\/wp-content\/uploads\/2025\/09\/kalevipoja-paev.jpg\" \/>\n\t<meta property=\"og:image:width\" content=\"1920\" \/>\n\t<meta property=\"og:image:height\" content=\"1358\" \/>\n\t<meta property=\"og:image:type\" content=\"image\/jpeg\" \/>\n<meta name=\"twitter:card\" content=\"summary_large_image\" \/>\n<script type=\"application\/ld+json\" class=\"yoast-schema-graph\">{\"@context\":\"https:\\\/\\\/schema.org\",\"@graph\":[{\"@type\":\"WebPage\",\"@id\":\"https:\\\/\\\/vanavorumaamuuseumid.ee\\\/lauluisa-sundumus\\\/kalevipoja-paev\\\/\",\"url\":\"https:\\\/\\\/vanavorumaamuuseumid.ee\\\/lauluisa-sundumus\\\/kalevipoja-paev\\\/\",\"name\":\"Kalevipoja p\u00e4ev - Vana-V\u00f5rumaa muuseumid\",\"isPartOf\":{\"@id\":\"https:\\\/\\\/vanavorumaamuuseumid.ee\\\/#website\"},\"primaryImageOfPage\":{\"@id\":\"https:\\\/\\\/vanavorumaamuuseumid.ee\\\/lauluisa-sundumus\\\/kalevipoja-paev\\\/#primaryimage\"},\"image\":{\"@id\":\"https:\\\/\\\/vanavorumaamuuseumid.ee\\\/lauluisa-sundumus\\\/kalevipoja-paev\\\/#primaryimage\"},\"thumbnailUrl\":\"https:\\\/\\\/vanavorumaamuuseumid.ee\\\/wp-content\\\/uploads\\\/2025\\\/09\\\/kalevipoja-paev.jpg\",\"datePublished\":\"2025-09-05T07:20:48+00:00\",\"dateModified\":\"2025-09-29T10:17:04+00:00\",\"breadcrumb\":{\"@id\":\"https:\\\/\\\/vanavorumaamuuseumid.ee\\\/lauluisa-sundumus\\\/kalevipoja-paev\\\/#breadcrumb\"},\"inLanguage\":\"vo\",\"potentialAction\":[{\"@type\":\"ReadAction\",\"target\":[\"https:\\\/\\\/vanavorumaamuuseumid.ee\\\/lauluisa-sundumus\\\/kalevipoja-paev\\\/\"]}]},{\"@type\":\"ImageObject\",\"inLanguage\":\"vo\",\"@id\":\"https:\\\/\\\/vanavorumaamuuseumid.ee\\\/lauluisa-sundumus\\\/kalevipoja-paev\\\/#primaryimage\",\"url\":\"https:\\\/\\\/vanavorumaamuuseumid.ee\\\/wp-content\\\/uploads\\\/2025\\\/09\\\/kalevipoja-paev.jpg\",\"contentUrl\":\"https:\\\/\\\/vanavorumaamuuseumid.ee\\\/wp-content\\\/uploads\\\/2025\\\/09\\\/kalevipoja-paev.jpg\",\"width\":1920,\"height\":1358},{\"@type\":\"BreadcrumbList\",\"@id\":\"https:\\\/\\\/vanavorumaamuuseumid.ee\\\/lauluisa-sundumus\\\/kalevipoja-paev\\\/#breadcrumb\",\"itemListElement\":[{\"@type\":\"ListItem\",\"position\":1,\"name\":\"Home\",\"item\":\"https:\\\/\\\/vanavorumaamuuseumid.ee\\\/\"},{\"@type\":\"ListItem\",\"position\":2,\"name\":\"Kalevipoja p\u00e4ev\"}]},{\"@type\":\"WebSite\",\"@id\":\"https:\\\/\\\/vanavorumaamuuseumid.ee\\\/#website\",\"url\":\"https:\\\/\\\/vanavorumaamuuseumid.ee\\\/\",\"name\":\"Vana-V\u00f5rumaa Muuseumid\",\"description\":\"V\u00f5rumaa Muuseum, Dr. Fr. R. Kreutzwaldi Memoriaalmuuseum, M\u00f5niste Talurahvamuuseum ja Karilatsi Vaba\u00f5humuuseum\",\"publisher\":{\"@id\":\"https:\\\/\\\/vanavorumaamuuseumid.ee\\\/#organization\"},\"potentialAction\":[{\"@type\":\"SearchAction\",\"target\":{\"@type\":\"EntryPoint\",\"urlTemplate\":\"https:\\\/\\\/vanavorumaamuuseumid.ee\\\/?s={search_term_string}\"},\"query-input\":{\"@type\":\"PropertyValueSpecification\",\"valueRequired\":true,\"valueName\":\"search_term_string\"}}],\"inLanguage\":\"vo\"},{\"@type\":\"Organization\",\"@id\":\"https:\\\/\\\/vanavorumaamuuseumid.ee\\\/#organization\",\"name\":\"V\u00f5ru Instituut\",\"url\":\"https:\\\/\\\/vanavorumaamuuseumid.ee\\\/\",\"logo\":{\"@type\":\"ImageObject\",\"inLanguage\":\"vo\",\"@id\":\"https:\\\/\\\/vanavorumaamuuseumid.ee\\\/#\\\/schema\\\/logo\\\/image\\\/\",\"url\":\"https:\\\/\\\/vanavorumaamuuseumid.ee\\\/wp-content\\\/uploads\\\/2025\\\/05\\\/vana-voromaa-muusoumi-250516.svg\",\"contentUrl\":\"https:\\\/\\\/vanavorumaamuuseumid.ee\\\/wp-content\\\/uploads\\\/2025\\\/05\\\/vana-voromaa-muusoumi-250516.svg\",\"width\":567,\"height\":80,\"caption\":\"V\u00f5ru Instituut\"},\"image\":{\"@id\":\"https:\\\/\\\/vanavorumaamuuseumid.ee\\\/#\\\/schema\\\/logo\\\/image\\\/\"}}]}<\/script>\n<!-- \/ Yoast SEO plugin. -->","yoast_head_json":{"title":"Kalevipoja p\u00e4ev - Vana-V\u00f5rumaa muuseumid","robots":{"index":"index","follow":"follow","max-snippet":"max-snippet:-1","max-image-preview":"max-image-preview:large","max-video-preview":"max-video-preview:-1"},"canonical":"https:\/\/vanavorumaamuuseumid.ee\/vo\/lauluisa-sundumus\/kalevipoja-paev\/","og_locale":"en_US","og_type":"article","og_title":"Kalevipoja p\u00e4ev - Vana-V\u00f5rumaa muuseumid","og_description":"Alates 20. maist 2017 on k\u00fclastajaid muuseumi aidatrepil tervitanud puidust skulptuur \u201eKalevipoeg\u201c. [&hellip;]","og_url":"https:\/\/vanavorumaamuuseumid.ee\/vo\/lauluisa-sundumus\/kalevipoja-paev\/","og_site_name":"Vana-V\u00f5rumaa muuseumid","article_modified_time":"2025-09-29T10:17:04+00:00","og_image":[{"width":1920,"height":1358,"url":"https:\/\/vanavorumaamuuseumid.ee\/wp-content\/uploads\/2025\/09\/kalevipoja-paev.jpg","type":"image\/jpeg"}],"twitter_card":"summary_large_image","schema":{"@context":"https:\/\/schema.org","@graph":[{"@type":"WebPage","@id":"https:\/\/vanavorumaamuuseumid.ee\/lauluisa-sundumus\/kalevipoja-paev\/","url":"https:\/\/vanavorumaamuuseumid.ee\/lauluisa-sundumus\/kalevipoja-paev\/","name":"Kalevipoja p\u00e4ev - Vana-V\u00f5rumaa muuseumid","isPartOf":{"@id":"https:\/\/vanavorumaamuuseumid.ee\/#website"},"primaryImageOfPage":{"@id":"https:\/\/vanavorumaamuuseumid.ee\/lauluisa-sundumus\/kalevipoja-paev\/#primaryimage"},"image":{"@id":"https:\/\/vanavorumaamuuseumid.ee\/lauluisa-sundumus\/kalevipoja-paev\/#primaryimage"},"thumbnailUrl":"https:\/\/vanavorumaamuuseumid.ee\/wp-content\/uploads\/2025\/09\/kalevipoja-paev.jpg","datePublished":"2025-09-05T07:20:48+00:00","dateModified":"2025-09-29T10:17:04+00:00","breadcrumb":{"@id":"https:\/\/vanavorumaamuuseumid.ee\/lauluisa-sundumus\/kalevipoja-paev\/#breadcrumb"},"inLanguage":"vo","potentialAction":[{"@type":"ReadAction","target":["https:\/\/vanavorumaamuuseumid.ee\/lauluisa-sundumus\/kalevipoja-paev\/"]}]},{"@type":"ImageObject","inLanguage":"vo","@id":"https:\/\/vanavorumaamuuseumid.ee\/lauluisa-sundumus\/kalevipoja-paev\/#primaryimage","url":"https:\/\/vanavorumaamuuseumid.ee\/wp-content\/uploads\/2025\/09\/kalevipoja-paev.jpg","contentUrl":"https:\/\/vanavorumaamuuseumid.ee\/wp-content\/uploads\/2025\/09\/kalevipoja-paev.jpg","width":1920,"height":1358},{"@type":"BreadcrumbList","@id":"https:\/\/vanavorumaamuuseumid.ee\/lauluisa-sundumus\/kalevipoja-paev\/#breadcrumb","itemListElement":[{"@type":"ListItem","position":1,"name":"Home","item":"https:\/\/vanavorumaamuuseumid.ee\/"},{"@type":"ListItem","position":2,"name":"Kalevipoja p\u00e4ev"}]},{"@type":"WebSite","@id":"https:\/\/vanavorumaamuuseumid.ee\/#website","url":"https:\/\/vanavorumaamuuseumid.ee\/","name":"Vana-V\u00f5rumaa Muuseumid","description":"V\u00f5rumaa Muuseum, Dr. Fr. R. Kreutzwaldi Memoriaalmuuseum, M\u00f5niste Talurahvamuuseum ja Karilatsi Vaba\u00f5humuuseum","publisher":{"@id":"https:\/\/vanavorumaamuuseumid.ee\/#organization"},"potentialAction":[{"@type":"SearchAction","target":{"@type":"EntryPoint","urlTemplate":"https:\/\/vanavorumaamuuseumid.ee\/?s={search_term_string}"},"query-input":{"@type":"PropertyValueSpecification","valueRequired":true,"valueName":"search_term_string"}}],"inLanguage":"vo"},{"@type":"Organization","@id":"https:\/\/vanavorumaamuuseumid.ee\/#organization","name":"V\u00f5ru Instituut","url":"https:\/\/vanavorumaamuuseumid.ee\/","logo":{"@type":"ImageObject","inLanguage":"vo","@id":"https:\/\/vanavorumaamuuseumid.ee\/#\/schema\/logo\/image\/","url":"https:\/\/vanavorumaamuuseumid.ee\/wp-content\/uploads\/2025\/05\/vana-voromaa-muusoumi-250516.svg","contentUrl":"https:\/\/vanavorumaamuuseumid.ee\/wp-content\/uploads\/2025\/05\/vana-voromaa-muusoumi-250516.svg","width":567,"height":80,"caption":"V\u00f5ru Instituut"},"image":{"@id":"https:\/\/vanavorumaamuuseumid.ee\/#\/schema\/logo\/image\/"}}]}},"_links":{"self":[{"href":"https:\/\/vanavorumaamuuseumid.ee\/vo\/wp-json\/wp\/v2\/lauluisa-sundumus\/3030","targetHints":{"allow":["GET"]}}],"collection":[{"href":"https:\/\/vanavorumaamuuseumid.ee\/vo\/wp-json\/wp\/v2\/lauluisa-sundumus"}],"about":[{"href":"https:\/\/vanavorumaamuuseumid.ee\/vo\/wp-json\/wp\/v2\/types\/lauluisa-sundumus"}],"wp:featuredmedia":[{"embeddable":true,"href":"https:\/\/vanavorumaamuuseumid.ee\/vo\/wp-json\/wp\/v2\/media\/3031"}],"wp:attachment":[{"href":"https:\/\/vanavorumaamuuseumid.ee\/vo\/wp-json\/wp\/v2\/media?parent=3030"}],"curies":[{"name":"wp","href":"https:\/\/api.w.org\/{rel}","templated":true}]}}