{"id":4262,"date":"2025-10-29T09:25:30","date_gmt":"2025-10-29T07:25:30","guid":{"rendered":"https:\/\/vanavorumaamuuseumid.ee\/?post_type=lauluisa-sundumus&#038;p=4262"},"modified":"2025-10-29T09:28:26","modified_gmt":"2025-10-29T07:28:26","slug":"vastseliina-koolerakalmistu-sai-infotahvli","status":"publish","type":"lauluisa-sundumus","link":"https:\/\/vanavorumaamuuseumid.ee\/vo\/lauluisa-sundumus\/vastseliina-koolerakalmistu-sai-infotahvli\/","title":{"rendered":"Vastseliina koolerakalmistu sai infotahvli\u00a0"},"content":{"rendered":"<hr class=\"wp-block-separator has-alpha-channel-opacity\"\/>\n\n\n\n<p><a id=\"_msocom_1\"><\/a><\/p>\n\n\n\n<p><em>Foto: Ago Ruus<\/em><\/p>\n\n\n\n<p>Vastseliina koolerakalmistule paigaldati 8. oktoobril infotahvel, kus tunnustatakse Fr. R. Kreutzwaldi kui arsti, kes aitas Vastseliinas kooleraga v\u00f5idelda. Vastseliina rajati 1830. aastal koguni sanitaarkordon. Kordonit valvas s\u00f5jav\u00e4gi. Piirati inimeste liikumist, nakkuspiirkonnast tulnud inimesed pandi 14 p\u00e4evaks karantiini, reisijate riided pesti l\u00e4bi. Kui Kreutzwald oli Riiast Tartusse tagasi j\u00f5udnud, sai temagi kutse Vastseliina lossi, kus k\u00f5hut\u00f5bi v\u00e4ga kurjasti m\u00e4ratses\u2026<\/p>\n\n\n\n<!--more-->\n\n\n\n<p><strong>Koolerakalmistu&nbsp;sai infotahvli<\/strong><\/p>\n\n\n\n<p>\u201eHalb oksele ajav maik suus, ilane suu, puuduv s\u00f6\u00f6giisu, p\u00e4\u00e4p\u00f6\u00f6ritus, rahutu olek, unepuudus, higistamine, pleekinud n\u00e4gu ja vedel sage pasandus ilma k\u00f5huvaluta, kusjuures pisut kolinat sisikondas kuulda on.\u201c (\u201eEestirahva tervishoidmise ja arstit\u00e4\u00e4duse kirjakogu\u201c nr 1, 1885)<\/p>\n\n\n\n<p>Tegemist on koolera, omaaegses k\u00f5nepruugis koolera pasandushaigusega.<\/p>\n\n\n\n<p>Ohvriterohke haiguspuhang Eesti- ja Liivimaal leidis aset 1831.\u20131833. aastal. Pandeemia sai alguse Aasiast, kust see Venemaa kaudu tasapisi Euroopa poole liikuma hakkas. Suremus oli v\u00e4ga suur. N\u00e4iteks Astrahanis suri 90,8% k\u00f5igist haigestunutest.<\/p>\n\n\n\n<p>Koolera tekkep\u00f5hjus polnud tol ajal teada. Arstiteadlane K. E. von Baer seostas oma 1814. aasta doktorit\u00f6\u00f6s haiguse teket n\u00e4iteks halva \u00f5hu ning soodest hoovavate aurudega. Peterburis k\u00e4sitles politsei koolerat kui kuritegu. K\u00f5ik haigestunud toimetati sunniviisil laatsaretti. See tekitas rahva hulgas viha. R\u00fcnnati kooleravankreid ja haiglaid. Levisid m\u00fcrgitamiskuulujutud ja pogrommid v\u00e4lismaalaste vastu. Tartus kahtlustati arstitudengeid kaevude m\u00fcrgitamises. Alles 1854. aastal avastas Briti arst John Snow, et koolera levib saastunud vee kaudu.<\/p>\n\n\n\n<p>Vastseliinas rajati 1830. aastal sanitaarkordon. Kordonit valvas s\u00f5jav\u00e4gi. Piirati inimeste liikumist, nakkuspiirkonnast tulnud inimesed pandi 14 p\u00e4evaks karantiini, kirjad aurutati ja reisijate riided pesti. Riiga j\u00f5udis haigus mais 1831, sealt edasi \u00fcsna pea ka Liivimaale. Vastseliinas andis oma panuse kooleraga v\u00f5itlemisse tollane arstitudeng F. R. Kreutzwald.&nbsp; Aastal 1831 registreeriti Eesti ja Liivimaa kubermangus 950 haigusjuhtumit, millest 587 l\u00f5ppesid surmaga.&nbsp;<\/p>\n\n\n\n<p>19. sajandil laastas Eesti alasid viis suuremat koolerapandeemiat. Ohtlikke nakkushaigusi liikus teisigi. Nii r\u00e4sis Vastseliina kihelkonda tugevalt 1860. aastal alanud t\u00fc\u00fcfuseepideemia.<\/p>\n\n\n\n<p>Koolera on madala elatustasemega riikides probleemiks t\u00e4nap\u00e4evalgi. Puhta joogivee puudumise t\u00f5ttu kaotavad oma elu k\u00fcmned kuni sajad tuhanded inimesed aastas.<\/p>\n\n\n\n<figure class=\"wp-block-image size-large is-resized\"><a  href=\"https:\/\/vanavorumaamuuseumid.ee\/wp-content\/uploads\/2025\/10\/Koolerakalmistu_03.jpg\" data-rel=\"lightbox-gallery-0\" data-rl_title=\"\" data-rl_caption=\"\" title=\"\"><img decoding=\"async\" width=\"1024\" height=\"768\" src=\"https:\/\/vanavorumaamuuseumid.ee\/wp-content\/uploads\/2025\/10\/Koolerakalmistu_03-1024x768.jpg\" alt=\"\" class=\"wp-image-4264\" style=\"width:500px;height:auto\" srcset=\"https:\/\/vanavorumaamuuseumid.ee\/wp-content\/uploads\/2025\/10\/Koolerakalmistu_03-980x735.jpg 980w, https:\/\/vanavorumaamuuseumid.ee\/wp-content\/uploads\/2025\/10\/Koolerakalmistu_03-480x360.jpg 480w\" sizes=\"(min-width: 0px) and (max-width: 480px) 480px, (min-width: 481px) and (max-width: 980px) 980px, (min-width: 981px) 1024px, 100vw\" \/><\/a><\/figure>\n\n\n\n<p>Pildil infotahvli p\u00fcstitajad (vasakult): Geenart\u00a0 Nagel, Jalvar Vislap, Urmas Juhkam, Ene Pant, Kaja Tuul, Kerttu Laane ja Anneli L\u00f5hmus.<br><em>Foto: Ago Ruus<\/em><\/p>\n\n\n\n<hr class=\"wp-block-separator has-alpha-channel-opacity\"\/>\n\n\n\n<p><a id=\"_msocom_1\"><\/a><\/p>\n\n\n\n<p><\/p>","protected":false},"featured_media":4263,"template":"","class_list":["post-4262","lauluisa-sundumus","type-lauluisa-sundumus","status-publish","has-post-thumbnail","hentry"],"acf":[],"yoast_head":"<!-- This site is optimized with the Yoast SEO plugin v27.4 - https:\/\/yoast.com\/product\/yoast-seo-wordpress\/ -->\n<title>Vastseliina koolerakalmistu sai infotahvli\u00a0 - Vana-V\u00f5rumaa muuseumid<\/title>\n<meta name=\"robots\" content=\"index, follow, max-snippet:-1, max-image-preview:large, max-video-preview:-1\" \/>\n<link rel=\"canonical\" href=\"https:\/\/vanavorumaamuuseumid.ee\/vo\/lauluisa-sundumus\/vastseliina-koolerakalmistu-sai-infotahvli\/\" \/>\n<meta property=\"og:locale\" content=\"en_US\" \/>\n<meta property=\"og:type\" content=\"article\" \/>\n<meta property=\"og:title\" content=\"Vastseliina koolerakalmistu sai infotahvli\u00a0 - Vana-V\u00f5rumaa muuseumid\" \/>\n<meta property=\"og:description\" content=\"Foto: Ago Ruus Vastseliina koolerakalmistule paigaldati 8. oktoobril infotahvel, kus tunnustatakse Fr. [&hellip;]\" \/>\n<meta property=\"og:url\" content=\"https:\/\/vanavorumaamuuseumid.ee\/vo\/lauluisa-sundumus\/vastseliina-koolerakalmistu-sai-infotahvli\/\" \/>\n<meta property=\"og:site_name\" content=\"Vana-V\u00f5rumaa muuseumid\" \/>\n<meta property=\"article:modified_time\" content=\"2025-10-29T07:28:26+00:00\" \/>\n<meta property=\"og:image\" content=\"https:\/\/vanavorumaamuuseumid.ee\/wp-content\/uploads\/2025\/10\/Koolerakalmistu_01.jpg\" \/>\n\t<meta property=\"og:image:width\" content=\"1440\" \/>\n\t<meta property=\"og:image:height\" content=\"1920\" \/>\n\t<meta property=\"og:image:type\" content=\"image\/jpeg\" \/>\n<meta name=\"twitter:card\" content=\"summary_large_image\" \/>\n<meta name=\"twitter:label1\" content=\"Est. reading time\" \/>\n\t<meta name=\"twitter:data1\" content=\"3 minutes\" \/>\n<script type=\"application\/ld+json\" class=\"yoast-schema-graph\">{\"@context\":\"https:\\\/\\\/schema.org\",\"@graph\":[{\"@type\":\"WebPage\",\"@id\":\"https:\\\/\\\/vanavorumaamuuseumid.ee\\\/lauluisa-sundumus\\\/vastseliina-koolerakalmistu-sai-infotahvli\\\/\",\"url\":\"https:\\\/\\\/vanavorumaamuuseumid.ee\\\/lauluisa-sundumus\\\/vastseliina-koolerakalmistu-sai-infotahvli\\\/\",\"name\":\"Vastseliina koolerakalmistu sai infotahvli\u00a0 - Vana-V\u00f5rumaa muuseumid\",\"isPartOf\":{\"@id\":\"https:\\\/\\\/vanavorumaamuuseumid.ee\\\/#website\"},\"primaryImageOfPage\":{\"@id\":\"https:\\\/\\\/vanavorumaamuuseumid.ee\\\/lauluisa-sundumus\\\/vastseliina-koolerakalmistu-sai-infotahvli\\\/#primaryimage\"},\"image\":{\"@id\":\"https:\\\/\\\/vanavorumaamuuseumid.ee\\\/lauluisa-sundumus\\\/vastseliina-koolerakalmistu-sai-infotahvli\\\/#primaryimage\"},\"thumbnailUrl\":\"https:\\\/\\\/vanavorumaamuuseumid.ee\\\/wp-content\\\/uploads\\\/2025\\\/10\\\/Koolerakalmistu_01.jpg\",\"datePublished\":\"2025-10-29T07:25:30+00:00\",\"dateModified\":\"2025-10-29T07:28:26+00:00\",\"breadcrumb\":{\"@id\":\"https:\\\/\\\/vanavorumaamuuseumid.ee\\\/lauluisa-sundumus\\\/vastseliina-koolerakalmistu-sai-infotahvli\\\/#breadcrumb\"},\"inLanguage\":\"vo\",\"potentialAction\":[{\"@type\":\"ReadAction\",\"target\":[\"https:\\\/\\\/vanavorumaamuuseumid.ee\\\/lauluisa-sundumus\\\/vastseliina-koolerakalmistu-sai-infotahvli\\\/\"]}]},{\"@type\":\"ImageObject\",\"inLanguage\":\"vo\",\"@id\":\"https:\\\/\\\/vanavorumaamuuseumid.ee\\\/lauluisa-sundumus\\\/vastseliina-koolerakalmistu-sai-infotahvli\\\/#primaryimage\",\"url\":\"https:\\\/\\\/vanavorumaamuuseumid.ee\\\/wp-content\\\/uploads\\\/2025\\\/10\\\/Koolerakalmistu_01.jpg\",\"contentUrl\":\"https:\\\/\\\/vanavorumaamuuseumid.ee\\\/wp-content\\\/uploads\\\/2025\\\/10\\\/Koolerakalmistu_01.jpg\",\"width\":1440,\"height\":1920},{\"@type\":\"BreadcrumbList\",\"@id\":\"https:\\\/\\\/vanavorumaamuuseumid.ee\\\/lauluisa-sundumus\\\/vastseliina-koolerakalmistu-sai-infotahvli\\\/#breadcrumb\",\"itemListElement\":[{\"@type\":\"ListItem\",\"position\":1,\"name\":\"Home\",\"item\":\"https:\\\/\\\/vanavorumaamuuseumid.ee\\\/\"},{\"@type\":\"ListItem\",\"position\":2,\"name\":\"Vastseliina koolerakalmistu sai infotahvli\u00a0\"}]},{\"@type\":\"WebSite\",\"@id\":\"https:\\\/\\\/vanavorumaamuuseumid.ee\\\/#website\",\"url\":\"https:\\\/\\\/vanavorumaamuuseumid.ee\\\/\",\"name\":\"Vana-V\u00f5rumaa Muuseumid\",\"description\":\"V\u00f5rumaa Muuseum, Dr. Fr. R. Kreutzwaldi Memoriaalmuuseum, M\u00f5niste Talurahvamuuseum ja Karilatsi Vaba\u00f5humuuseum\",\"publisher\":{\"@id\":\"https:\\\/\\\/vanavorumaamuuseumid.ee\\\/#organization\"},\"potentialAction\":[{\"@type\":\"SearchAction\",\"target\":{\"@type\":\"EntryPoint\",\"urlTemplate\":\"https:\\\/\\\/vanavorumaamuuseumid.ee\\\/?s={search_term_string}\"},\"query-input\":{\"@type\":\"PropertyValueSpecification\",\"valueRequired\":true,\"valueName\":\"search_term_string\"}}],\"inLanguage\":\"vo\"},{\"@type\":\"Organization\",\"@id\":\"https:\\\/\\\/vanavorumaamuuseumid.ee\\\/#organization\",\"name\":\"V\u00f5ru Instituut\",\"url\":\"https:\\\/\\\/vanavorumaamuuseumid.ee\\\/\",\"logo\":{\"@type\":\"ImageObject\",\"inLanguage\":\"vo\",\"@id\":\"https:\\\/\\\/vanavorumaamuuseumid.ee\\\/#\\\/schema\\\/logo\\\/image\\\/\",\"url\":\"https:\\\/\\\/vanavorumaamuuseumid.ee\\\/wp-content\\\/uploads\\\/2025\\\/05\\\/vana-voromaa-muusoumi-250516.svg\",\"contentUrl\":\"https:\\\/\\\/vanavorumaamuuseumid.ee\\\/wp-content\\\/uploads\\\/2025\\\/05\\\/vana-voromaa-muusoumi-250516.svg\",\"width\":567,\"height\":80,\"caption\":\"V\u00f5ru Instituut\"},\"image\":{\"@id\":\"https:\\\/\\\/vanavorumaamuuseumid.ee\\\/#\\\/schema\\\/logo\\\/image\\\/\"}}]}<\/script>\n<!-- \/ Yoast SEO plugin. -->","yoast_head_json":{"title":"Vastseliina koolerakalmistu sai infotahvli\u00a0 - Vana-V\u00f5rumaa muuseumid","robots":{"index":"index","follow":"follow","max-snippet":"max-snippet:-1","max-image-preview":"max-image-preview:large","max-video-preview":"max-video-preview:-1"},"canonical":"https:\/\/vanavorumaamuuseumid.ee\/vo\/lauluisa-sundumus\/vastseliina-koolerakalmistu-sai-infotahvli\/","og_locale":"en_US","og_type":"article","og_title":"Vastseliina koolerakalmistu sai infotahvli\u00a0 - Vana-V\u00f5rumaa muuseumid","og_description":"Foto: Ago Ruus Vastseliina koolerakalmistule paigaldati 8. oktoobril infotahvel, kus tunnustatakse Fr. [&hellip;]","og_url":"https:\/\/vanavorumaamuuseumid.ee\/vo\/lauluisa-sundumus\/vastseliina-koolerakalmistu-sai-infotahvli\/","og_site_name":"Vana-V\u00f5rumaa muuseumid","article_modified_time":"2025-10-29T07:28:26+00:00","og_image":[{"width":1440,"height":1920,"url":"https:\/\/vanavorumaamuuseumid.ee\/wp-content\/uploads\/2025\/10\/Koolerakalmistu_01.jpg","type":"image\/jpeg"}],"twitter_card":"summary_large_image","twitter_misc":{"Est. reading time":"3 minutes"},"schema":{"@context":"https:\/\/schema.org","@graph":[{"@type":"WebPage","@id":"https:\/\/vanavorumaamuuseumid.ee\/lauluisa-sundumus\/vastseliina-koolerakalmistu-sai-infotahvli\/","url":"https:\/\/vanavorumaamuuseumid.ee\/lauluisa-sundumus\/vastseliina-koolerakalmistu-sai-infotahvli\/","name":"Vastseliina koolerakalmistu sai infotahvli\u00a0 - Vana-V\u00f5rumaa muuseumid","isPartOf":{"@id":"https:\/\/vanavorumaamuuseumid.ee\/#website"},"primaryImageOfPage":{"@id":"https:\/\/vanavorumaamuuseumid.ee\/lauluisa-sundumus\/vastseliina-koolerakalmistu-sai-infotahvli\/#primaryimage"},"image":{"@id":"https:\/\/vanavorumaamuuseumid.ee\/lauluisa-sundumus\/vastseliina-koolerakalmistu-sai-infotahvli\/#primaryimage"},"thumbnailUrl":"https:\/\/vanavorumaamuuseumid.ee\/wp-content\/uploads\/2025\/10\/Koolerakalmistu_01.jpg","datePublished":"2025-10-29T07:25:30+00:00","dateModified":"2025-10-29T07:28:26+00:00","breadcrumb":{"@id":"https:\/\/vanavorumaamuuseumid.ee\/lauluisa-sundumus\/vastseliina-koolerakalmistu-sai-infotahvli\/#breadcrumb"},"inLanguage":"vo","potentialAction":[{"@type":"ReadAction","target":["https:\/\/vanavorumaamuuseumid.ee\/lauluisa-sundumus\/vastseliina-koolerakalmistu-sai-infotahvli\/"]}]},{"@type":"ImageObject","inLanguage":"vo","@id":"https:\/\/vanavorumaamuuseumid.ee\/lauluisa-sundumus\/vastseliina-koolerakalmistu-sai-infotahvli\/#primaryimage","url":"https:\/\/vanavorumaamuuseumid.ee\/wp-content\/uploads\/2025\/10\/Koolerakalmistu_01.jpg","contentUrl":"https:\/\/vanavorumaamuuseumid.ee\/wp-content\/uploads\/2025\/10\/Koolerakalmistu_01.jpg","width":1440,"height":1920},{"@type":"BreadcrumbList","@id":"https:\/\/vanavorumaamuuseumid.ee\/lauluisa-sundumus\/vastseliina-koolerakalmistu-sai-infotahvli\/#breadcrumb","itemListElement":[{"@type":"ListItem","position":1,"name":"Home","item":"https:\/\/vanavorumaamuuseumid.ee\/"},{"@type":"ListItem","position":2,"name":"Vastseliina koolerakalmistu sai infotahvli\u00a0"}]},{"@type":"WebSite","@id":"https:\/\/vanavorumaamuuseumid.ee\/#website","url":"https:\/\/vanavorumaamuuseumid.ee\/","name":"Vana-V\u00f5rumaa Muuseumid","description":"V\u00f5rumaa Muuseum, Dr. Fr. R. Kreutzwaldi Memoriaalmuuseum, M\u00f5niste Talurahvamuuseum ja Karilatsi Vaba\u00f5humuuseum","publisher":{"@id":"https:\/\/vanavorumaamuuseumid.ee\/#organization"},"potentialAction":[{"@type":"SearchAction","target":{"@type":"EntryPoint","urlTemplate":"https:\/\/vanavorumaamuuseumid.ee\/?s={search_term_string}"},"query-input":{"@type":"PropertyValueSpecification","valueRequired":true,"valueName":"search_term_string"}}],"inLanguage":"vo"},{"@type":"Organization","@id":"https:\/\/vanavorumaamuuseumid.ee\/#organization","name":"V\u00f5ru Instituut","url":"https:\/\/vanavorumaamuuseumid.ee\/","logo":{"@type":"ImageObject","inLanguage":"vo","@id":"https:\/\/vanavorumaamuuseumid.ee\/#\/schema\/logo\/image\/","url":"https:\/\/vanavorumaamuuseumid.ee\/wp-content\/uploads\/2025\/05\/vana-voromaa-muusoumi-250516.svg","contentUrl":"https:\/\/vanavorumaamuuseumid.ee\/wp-content\/uploads\/2025\/05\/vana-voromaa-muusoumi-250516.svg","width":567,"height":80,"caption":"V\u00f5ru Instituut"},"image":{"@id":"https:\/\/vanavorumaamuuseumid.ee\/#\/schema\/logo\/image\/"}}]}},"_links":{"self":[{"href":"https:\/\/vanavorumaamuuseumid.ee\/vo\/wp-json\/wp\/v2\/lauluisa-sundumus\/4262","targetHints":{"allow":["GET"]}}],"collection":[{"href":"https:\/\/vanavorumaamuuseumid.ee\/vo\/wp-json\/wp\/v2\/lauluisa-sundumus"}],"about":[{"href":"https:\/\/vanavorumaamuuseumid.ee\/vo\/wp-json\/wp\/v2\/types\/lauluisa-sundumus"}],"wp:featuredmedia":[{"embeddable":true,"href":"https:\/\/vanavorumaamuuseumid.ee\/vo\/wp-json\/wp\/v2\/media\/4263"}],"wp:attachment":[{"href":"https:\/\/vanavorumaamuuseumid.ee\/vo\/wp-json\/wp\/v2\/media?parent=4262"}],"curies":[{"name":"wp","href":"https:\/\/api.w.org\/{rel}","templated":true}]}}