{"id":4653,"date":"2025-11-27T09:24:32","date_gmt":"2025-11-27T07:24:32","guid":{"rendered":"https:\/\/vanavorumaamuuseumid.ee\/?post_type=lauluisa-sundumus&#038;p=4653"},"modified":"2025-11-27T09:25:27","modified_gmt":"2025-11-27T07:25:27","slug":"kreutzwaldi-malestuspaev-toimub-14-detsembril","status":"publish","type":"lauluisa-sundumus","link":"https:\/\/vanavorumaamuuseumid.ee\/vo\/lauluisa-sundumus\/kreutzwaldi-malestuspaev-toimub-14-detsembril\/","title":{"rendered":"Kreutzwaldi m\u00e4lestusp\u00e4ev toimub 14. detsembril"},"content":{"rendered":"<p><strong>14. detsembril kell 14<\/strong> toimub muuseumis traditsiooniline Kreutzwaldi m\u00e4lestusp\u00e4ev. Antakse k\u00e4tte Kreutzwaldi m\u00e4lestusmedal ja stipendium. Ettekandega Kreutzwaldi arstitegevusest esineb doktor Rein Suija. Kuulutatakse v\u00e4lja uus kooli\u00f5pilastele m\u00f5eldud kirjat\u00f6\u00f6de v\u00f5istlus \u201eKellele p\u00fcstitaksin ausamba?\u201c. P\u00e4ev l\u00f5petatakse k\u00fc\u00fcnalde s\u00fc\u00fctamisega Kreutzwaldi m\u00e4lestussamba juures.<\/p>\n\n\n\n<!--more-->\n\n\n\n<p><strong>Doktor Rein Suija (05.02.1941)<\/strong><\/p>\n\n\n\n<p>Rein Suija on arst, kes kogu erialase tegevuse jooksul on j\u00e4rjepidevalt tutvustanud Fr. R. Kreutzwaldi kui oma suurt eeskuju ja ajast ees olevat arsti.<\/p>\n\n\n\n<p>\u201eFr. R. Kreutzwald kui arst ja tervise\u00f5petuse arendaja, humanistliku hoolduse ja p\u00f5etuse propageerija\u201c, 2003.<\/p>\n\n\n\n<p>\u201eFr. R. Kreutzwald arstina ja raamatu \u201eL\u00fchikene \u00f5petus tervise hoidmisest\u201c autorina\u201c, 2004.<\/p>\n\n\n\n<p>\u201eFr. R. Kreutzwald haiguste p\u00f5hjuste kohta\u201c,&nbsp; 2022.<\/p>\n\n\n\n<p>\u201eMeenutades Fr. R. Kreutzwaldi tegevust V\u00f5rus\u201c, 2023.<\/p>\n\n\n\n<p>\u201eDoktor Fr. R. Kreutzwald rahva tervise kaitsjana\u201c,&nbsp; 2024.<\/p>\n\n\n\n<p>\u201eVaimsest tervisest doktor Fr. R. Kreutzwaldi k\u00e4sitluses\u201c, 2025.<\/p>\n\n\n\n<p>Fr. R. Kreutzwald, \u201eL\u00fchikene \u00f5petus tervise hoidmisest\u201c. 3. tr\u00fckk 1860. Faksiimile. Rein Suija eess\u00f5na.<\/p>","protected":false},"featured_media":4654,"template":"","class_list":["post-4653","lauluisa-sundumus","type-lauluisa-sundumus","status-publish","has-post-thumbnail","hentry"],"acf":[],"yoast_head":"<!-- This site is optimized with the Yoast SEO plugin v27.4 - https:\/\/yoast.com\/product\/yoast-seo-wordpress\/ -->\n<title>Kreutzwaldi m\u00e4lestusp\u00e4ev toimub 14. detsembril - Vana-V\u00f5rumaa muuseumid<\/title>\n<meta name=\"robots\" content=\"index, follow, max-snippet:-1, max-image-preview:large, max-video-preview:-1\" \/>\n<link rel=\"canonical\" href=\"https:\/\/vanavorumaamuuseumid.ee\/vo\/lauluisa-sundumus\/kreutzwaldi-malestuspaev-toimub-14-detsembril\/\" \/>\n<meta property=\"og:locale\" content=\"en_US\" \/>\n<meta property=\"og:type\" content=\"article\" \/>\n<meta property=\"og:title\" content=\"Kreutzwaldi m\u00e4lestusp\u00e4ev toimub 14. detsembril - Vana-V\u00f5rumaa muuseumid\" \/>\n<meta property=\"og:description\" content=\"14. detsembril kell 14 toimub muuseumis traditsiooniline Kreutzwaldi m\u00e4lestusp\u00e4ev. Antakse k\u00e4tte Kreutzwaldi [&hellip;]\" \/>\n<meta property=\"og:url\" content=\"https:\/\/vanavorumaamuuseumid.ee\/vo\/lauluisa-sundumus\/kreutzwaldi-malestuspaev-toimub-14-detsembril\/\" \/>\n<meta property=\"og:site_name\" content=\"Vana-V\u00f5rumaa muuseumid\" \/>\n<meta property=\"article:modified_time\" content=\"2025-11-27T07:25:27+00:00\" \/>\n<meta property=\"og:image\" content=\"https:\/\/vanavorumaamuuseumid.ee\/wp-content\/uploads\/2025\/11\/Malestuspaev-2025.jpg\" \/>\n\t<meta property=\"og:image:width\" content=\"1920\" \/>\n\t<meta property=\"og:image:height\" content=\"1358\" \/>\n\t<meta property=\"og:image:type\" content=\"image\/jpeg\" \/>\n<meta name=\"twitter:card\" content=\"summary_large_image\" \/>\n<meta name=\"twitter:label1\" content=\"Est. reading time\" \/>\n\t<meta name=\"twitter:data1\" content=\"1 minute\" \/>\n<script type=\"application\/ld+json\" class=\"yoast-schema-graph\">{\"@context\":\"https:\\\/\\\/schema.org\",\"@graph\":[{\"@type\":\"WebPage\",\"@id\":\"https:\\\/\\\/vanavorumaamuuseumid.ee\\\/lauluisa-sundumus\\\/kreutzwaldi-malestuspaev-toimub-14-detsembril\\\/\",\"url\":\"https:\\\/\\\/vanavorumaamuuseumid.ee\\\/lauluisa-sundumus\\\/kreutzwaldi-malestuspaev-toimub-14-detsembril\\\/\",\"name\":\"Kreutzwaldi m\u00e4lestusp\u00e4ev toimub 14. detsembril - Vana-V\u00f5rumaa muuseumid\",\"isPartOf\":{\"@id\":\"https:\\\/\\\/vanavorumaamuuseumid.ee\\\/#website\"},\"primaryImageOfPage\":{\"@id\":\"https:\\\/\\\/vanavorumaamuuseumid.ee\\\/lauluisa-sundumus\\\/kreutzwaldi-malestuspaev-toimub-14-detsembril\\\/#primaryimage\"},\"image\":{\"@id\":\"https:\\\/\\\/vanavorumaamuuseumid.ee\\\/lauluisa-sundumus\\\/kreutzwaldi-malestuspaev-toimub-14-detsembril\\\/#primaryimage\"},\"thumbnailUrl\":\"https:\\\/\\\/vanavorumaamuuseumid.ee\\\/wp-content\\\/uploads\\\/2025\\\/11\\\/Malestuspaev-2025.jpg\",\"datePublished\":\"2025-11-27T07:24:32+00:00\",\"dateModified\":\"2025-11-27T07:25:27+00:00\",\"breadcrumb\":{\"@id\":\"https:\\\/\\\/vanavorumaamuuseumid.ee\\\/lauluisa-sundumus\\\/kreutzwaldi-malestuspaev-toimub-14-detsembril\\\/#breadcrumb\"},\"inLanguage\":\"vo\",\"potentialAction\":[{\"@type\":\"ReadAction\",\"target\":[\"https:\\\/\\\/vanavorumaamuuseumid.ee\\\/lauluisa-sundumus\\\/kreutzwaldi-malestuspaev-toimub-14-detsembril\\\/\"]}]},{\"@type\":\"ImageObject\",\"inLanguage\":\"vo\",\"@id\":\"https:\\\/\\\/vanavorumaamuuseumid.ee\\\/lauluisa-sundumus\\\/kreutzwaldi-malestuspaev-toimub-14-detsembril\\\/#primaryimage\",\"url\":\"https:\\\/\\\/vanavorumaamuuseumid.ee\\\/wp-content\\\/uploads\\\/2025\\\/11\\\/Malestuspaev-2025.jpg\",\"contentUrl\":\"https:\\\/\\\/vanavorumaamuuseumid.ee\\\/wp-content\\\/uploads\\\/2025\\\/11\\\/Malestuspaev-2025.jpg\",\"width\":1920,\"height\":1358},{\"@type\":\"BreadcrumbList\",\"@id\":\"https:\\\/\\\/vanavorumaamuuseumid.ee\\\/lauluisa-sundumus\\\/kreutzwaldi-malestuspaev-toimub-14-detsembril\\\/#breadcrumb\",\"itemListElement\":[{\"@type\":\"ListItem\",\"position\":1,\"name\":\"Home\",\"item\":\"https:\\\/\\\/vanavorumaamuuseumid.ee\\\/\"},{\"@type\":\"ListItem\",\"position\":2,\"name\":\"Kreutzwaldi m\u00e4lestusp\u00e4ev toimub 14. detsembril\"}]},{\"@type\":\"WebSite\",\"@id\":\"https:\\\/\\\/vanavorumaamuuseumid.ee\\\/#website\",\"url\":\"https:\\\/\\\/vanavorumaamuuseumid.ee\\\/\",\"name\":\"Vana-V\u00f5rumaa Muuseumid\",\"description\":\"V\u00f5rumaa Muuseum, Dr. Fr. R. Kreutzwaldi Memoriaalmuuseum, M\u00f5niste Talurahvamuuseum ja Karilatsi Vaba\u00f5humuuseum\",\"publisher\":{\"@id\":\"https:\\\/\\\/vanavorumaamuuseumid.ee\\\/#organization\"},\"potentialAction\":[{\"@type\":\"SearchAction\",\"target\":{\"@type\":\"EntryPoint\",\"urlTemplate\":\"https:\\\/\\\/vanavorumaamuuseumid.ee\\\/?s={search_term_string}\"},\"query-input\":{\"@type\":\"PropertyValueSpecification\",\"valueRequired\":true,\"valueName\":\"search_term_string\"}}],\"inLanguage\":\"vo\"},{\"@type\":\"Organization\",\"@id\":\"https:\\\/\\\/vanavorumaamuuseumid.ee\\\/#organization\",\"name\":\"V\u00f5ru Instituut\",\"url\":\"https:\\\/\\\/vanavorumaamuuseumid.ee\\\/\",\"logo\":{\"@type\":\"ImageObject\",\"inLanguage\":\"vo\",\"@id\":\"https:\\\/\\\/vanavorumaamuuseumid.ee\\\/#\\\/schema\\\/logo\\\/image\\\/\",\"url\":\"https:\\\/\\\/vanavorumaamuuseumid.ee\\\/wp-content\\\/uploads\\\/2025\\\/05\\\/vana-voromaa-muusoumi-250516.svg\",\"contentUrl\":\"https:\\\/\\\/vanavorumaamuuseumid.ee\\\/wp-content\\\/uploads\\\/2025\\\/05\\\/vana-voromaa-muusoumi-250516.svg\",\"width\":567,\"height\":80,\"caption\":\"V\u00f5ru Instituut\"},\"image\":{\"@id\":\"https:\\\/\\\/vanavorumaamuuseumid.ee\\\/#\\\/schema\\\/logo\\\/image\\\/\"}}]}<\/script>\n<!-- \/ Yoast SEO plugin. -->","yoast_head_json":{"title":"Kreutzwaldi m\u00e4lestusp\u00e4ev toimub 14. detsembril - Vana-V\u00f5rumaa muuseumid","robots":{"index":"index","follow":"follow","max-snippet":"max-snippet:-1","max-image-preview":"max-image-preview:large","max-video-preview":"max-video-preview:-1"},"canonical":"https:\/\/vanavorumaamuuseumid.ee\/vo\/lauluisa-sundumus\/kreutzwaldi-malestuspaev-toimub-14-detsembril\/","og_locale":"en_US","og_type":"article","og_title":"Kreutzwaldi m\u00e4lestusp\u00e4ev toimub 14. detsembril - Vana-V\u00f5rumaa muuseumid","og_description":"14. detsembril kell 14 toimub muuseumis traditsiooniline Kreutzwaldi m\u00e4lestusp\u00e4ev. Antakse k\u00e4tte Kreutzwaldi [&hellip;]","og_url":"https:\/\/vanavorumaamuuseumid.ee\/vo\/lauluisa-sundumus\/kreutzwaldi-malestuspaev-toimub-14-detsembril\/","og_site_name":"Vana-V\u00f5rumaa muuseumid","article_modified_time":"2025-11-27T07:25:27+00:00","og_image":[{"width":1920,"height":1358,"url":"https:\/\/vanavorumaamuuseumid.ee\/wp-content\/uploads\/2025\/11\/Malestuspaev-2025.jpg","type":"image\/jpeg"}],"twitter_card":"summary_large_image","twitter_misc":{"Est. reading time":"1 minute"},"schema":{"@context":"https:\/\/schema.org","@graph":[{"@type":"WebPage","@id":"https:\/\/vanavorumaamuuseumid.ee\/lauluisa-sundumus\/kreutzwaldi-malestuspaev-toimub-14-detsembril\/","url":"https:\/\/vanavorumaamuuseumid.ee\/lauluisa-sundumus\/kreutzwaldi-malestuspaev-toimub-14-detsembril\/","name":"Kreutzwaldi m\u00e4lestusp\u00e4ev toimub 14. detsembril - Vana-V\u00f5rumaa muuseumid","isPartOf":{"@id":"https:\/\/vanavorumaamuuseumid.ee\/#website"},"primaryImageOfPage":{"@id":"https:\/\/vanavorumaamuuseumid.ee\/lauluisa-sundumus\/kreutzwaldi-malestuspaev-toimub-14-detsembril\/#primaryimage"},"image":{"@id":"https:\/\/vanavorumaamuuseumid.ee\/lauluisa-sundumus\/kreutzwaldi-malestuspaev-toimub-14-detsembril\/#primaryimage"},"thumbnailUrl":"https:\/\/vanavorumaamuuseumid.ee\/wp-content\/uploads\/2025\/11\/Malestuspaev-2025.jpg","datePublished":"2025-11-27T07:24:32+00:00","dateModified":"2025-11-27T07:25:27+00:00","breadcrumb":{"@id":"https:\/\/vanavorumaamuuseumid.ee\/lauluisa-sundumus\/kreutzwaldi-malestuspaev-toimub-14-detsembril\/#breadcrumb"},"inLanguage":"vo","potentialAction":[{"@type":"ReadAction","target":["https:\/\/vanavorumaamuuseumid.ee\/lauluisa-sundumus\/kreutzwaldi-malestuspaev-toimub-14-detsembril\/"]}]},{"@type":"ImageObject","inLanguage":"vo","@id":"https:\/\/vanavorumaamuuseumid.ee\/lauluisa-sundumus\/kreutzwaldi-malestuspaev-toimub-14-detsembril\/#primaryimage","url":"https:\/\/vanavorumaamuuseumid.ee\/wp-content\/uploads\/2025\/11\/Malestuspaev-2025.jpg","contentUrl":"https:\/\/vanavorumaamuuseumid.ee\/wp-content\/uploads\/2025\/11\/Malestuspaev-2025.jpg","width":1920,"height":1358},{"@type":"BreadcrumbList","@id":"https:\/\/vanavorumaamuuseumid.ee\/lauluisa-sundumus\/kreutzwaldi-malestuspaev-toimub-14-detsembril\/#breadcrumb","itemListElement":[{"@type":"ListItem","position":1,"name":"Home","item":"https:\/\/vanavorumaamuuseumid.ee\/"},{"@type":"ListItem","position":2,"name":"Kreutzwaldi m\u00e4lestusp\u00e4ev toimub 14. detsembril"}]},{"@type":"WebSite","@id":"https:\/\/vanavorumaamuuseumid.ee\/#website","url":"https:\/\/vanavorumaamuuseumid.ee\/","name":"Vana-V\u00f5rumaa Muuseumid","description":"V\u00f5rumaa Muuseum, Dr. Fr. R. Kreutzwaldi Memoriaalmuuseum, M\u00f5niste Talurahvamuuseum ja Karilatsi Vaba\u00f5humuuseum","publisher":{"@id":"https:\/\/vanavorumaamuuseumid.ee\/#organization"},"potentialAction":[{"@type":"SearchAction","target":{"@type":"EntryPoint","urlTemplate":"https:\/\/vanavorumaamuuseumid.ee\/?s={search_term_string}"},"query-input":{"@type":"PropertyValueSpecification","valueRequired":true,"valueName":"search_term_string"}}],"inLanguage":"vo"},{"@type":"Organization","@id":"https:\/\/vanavorumaamuuseumid.ee\/#organization","name":"V\u00f5ru Instituut","url":"https:\/\/vanavorumaamuuseumid.ee\/","logo":{"@type":"ImageObject","inLanguage":"vo","@id":"https:\/\/vanavorumaamuuseumid.ee\/#\/schema\/logo\/image\/","url":"https:\/\/vanavorumaamuuseumid.ee\/wp-content\/uploads\/2025\/05\/vana-voromaa-muusoumi-250516.svg","contentUrl":"https:\/\/vanavorumaamuuseumid.ee\/wp-content\/uploads\/2025\/05\/vana-voromaa-muusoumi-250516.svg","width":567,"height":80,"caption":"V\u00f5ru Instituut"},"image":{"@id":"https:\/\/vanavorumaamuuseumid.ee\/#\/schema\/logo\/image\/"}}]}},"_links":{"self":[{"href":"https:\/\/vanavorumaamuuseumid.ee\/vo\/wp-json\/wp\/v2\/lauluisa-sundumus\/4653","targetHints":{"allow":["GET"]}}],"collection":[{"href":"https:\/\/vanavorumaamuuseumid.ee\/vo\/wp-json\/wp\/v2\/lauluisa-sundumus"}],"about":[{"href":"https:\/\/vanavorumaamuuseumid.ee\/vo\/wp-json\/wp\/v2\/types\/lauluisa-sundumus"}],"wp:featuredmedia":[{"embeddable":true,"href":"https:\/\/vanavorumaamuuseumid.ee\/vo\/wp-json\/wp\/v2\/media\/4654"}],"wp:attachment":[{"href":"https:\/\/vanavorumaamuuseumid.ee\/vo\/wp-json\/wp\/v2\/media?parent=4653"}],"curies":[{"name":"wp","href":"https:\/\/api.w.org\/{rel}","templated":true}]}}