{"id":4928,"date":"2025-12-29T12:05:00","date_gmt":"2025-12-29T10:05:00","guid":{"rendered":"https:\/\/vanavorumaamuuseumid.ee\/?post_type=lauluisa-sundumus&#038;p=4928"},"modified":"2025-12-29T12:10:33","modified_gmt":"2025-12-29T10:10:33","slug":"valjapanek-eesti-raamatu-aasta-tulmest","status":"publish","type":"lauluisa-sundumus","link":"https:\/\/vanavorumaamuuseumid.ee\/vo\/lauluisa-sundumus\/valjapanek-eesti-raamatu-aasta-tulmest\/","title":{"rendered":"V\u00e4ljapanek Eesti Raamatu Aasta tulmest"},"content":{"rendered":"<p>Alates 2023. aastast on 30. jaanuar eesti kirjanduse p\u00e4ev. Sel p\u00e4eval v\u00e4\u00e4rtustatakse eesti kirjandust ja kirjanikke. President Alar Karis tunnustab aasta parimat kirjandus\u00f5petajat.<\/p>\n\n\n\n<p>Muuseumis avame sel puhul v\u00e4ljapaneku eesti raamatu aastal kogu rikastanud tr\u00fckistest.<\/p>\n\n\n\n<p>Eesti kirjanduse p\u00e4eval on muuseum avatud tasuta.<\/p>\n\n\n\n<!--more-->\n\n\n\n<p><\/p>\n\n\n\n<p><em>Pole vaja leinalaule laulda raamatule!<\/em><\/p>\n\n\n\n<p><em>N\u00fc\u00fcdki keegi kaane avab, lambis s\u00fc\u00fctab tule,<\/em><\/p>\n\n\n\n<p><em>sisenedes valgusvihus rikkasse maailma,<\/em><\/p>\n\n\n\n<p><em>argimurest lugemise ajaks j\u00e4\u00e4des ilma.<\/em><\/p>\n\n\n\n<p>&nbsp;Leelo Tungal<\/p>\n\n\n\n<p>V\u00e4ljapanek tutvustab eesk\u00e4tt neid raamatuid, mis on seotud Fr. R. Kreutzwaldi loominguga.&nbsp;&nbsp; Andrus Kivir\u00e4hki \u201eEesti rahva uued muinasjutud\u201c on inspireeritud Kreutzwaldi \u201eEesti rahva ennemuistsetest juttudest\u201c. Illustreerinud Peeter Laurits.<\/p>\n\n\n\n<p>Traditsioonilist k\u00e4sitlust kannavad Matthias Johann Eiseni v\u00e4ljaanded. \u201eEesti muistendid&nbsp; I\u201c&nbsp; sisaldab 50 eesti k\u00f5ige tuntumat muistendit. \u201eEesti muistendid II\u201c on kogumik, kus on eesti k\u00f5ige tuntumad hiiu- ja v\u00e4gilasmuistendid: Kalev, Kalevipoeg, Suur T\u00f5ll, Leiger.<\/p>\n\n\n\n<p>\u201eEesti raamatu lood\u201c t\u00e4histab eestikeelse raamatu 500. s\u00fcnnip\u00e4eva. Kirjanikud Leelo Tungal, Urmas Vadi, Meelis Friedenthal, Indrek Hargla ja Kristiina Ehin on valanud raamatuloo ilukirjanduslikku vormi. Ehin on poeetiliselt seostanud loos \u201eRaamatute Raamat ja Laulude Laul\u201c Kalevipoja ja regiv\u00e4rsi maailma. Loodame, et lugejad leiavad raamatud \u00fcles, need ei ole \u201emuuseumikirstudesse kinni pandud\u201c.<\/p>","protected":false},"featured_media":4926,"template":"","class_list":["post-4928","lauluisa-sundumus","type-lauluisa-sundumus","status-publish","has-post-thumbnail","hentry"],"acf":[],"yoast_head":"<!-- This site is optimized with the Yoast SEO plugin v27.4 - https:\/\/yoast.com\/product\/yoast-seo-wordpress\/ -->\n<title>V\u00e4ljapanek Eesti Raamatu Aasta tulmest - Vana-V\u00f5rumaa muuseumid<\/title>\n<meta name=\"robots\" content=\"index, follow, max-snippet:-1, max-image-preview:large, max-video-preview:-1\" \/>\n<link rel=\"canonical\" href=\"https:\/\/vanavorumaamuuseumid.ee\/vo\/lauluisa-sundumus\/valjapanek-eesti-raamatu-aasta-tulmest\/\" \/>\n<meta property=\"og:locale\" content=\"en_US\" \/>\n<meta property=\"og:type\" content=\"article\" \/>\n<meta property=\"og:title\" content=\"V\u00e4ljapanek Eesti Raamatu Aasta tulmest - Vana-V\u00f5rumaa muuseumid\" \/>\n<meta property=\"og:description\" content=\"Alates 2023. aastast on 30. jaanuar eesti kirjanduse p\u00e4ev. Sel p\u00e4eval v\u00e4\u00e4rtustatakse [&hellip;]\" \/>\n<meta property=\"og:url\" content=\"https:\/\/vanavorumaamuuseumid.ee\/vo\/lauluisa-sundumus\/valjapanek-eesti-raamatu-aasta-tulmest\/\" \/>\n<meta property=\"og:site_name\" content=\"Vana-V\u00f5rumaa muuseumid\" \/>\n<meta property=\"article:modified_time\" content=\"2025-12-29T10:10:33+00:00\" \/>\n<meta property=\"og:image\" content=\"https:\/\/vanavorumaamuuseumid.ee\/wp-content\/uploads\/2025\/12\/Eesti-raamatu-lood-e1767003022492.jpg\" \/>\n\t<meta property=\"og:image:width\" content=\"500\" \/>\n\t<meta property=\"og:image:height\" content=\"719\" \/>\n\t<meta property=\"og:image:type\" content=\"image\/jpeg\" \/>\n<meta name=\"twitter:card\" content=\"summary_large_image\" \/>\n<meta name=\"twitter:label1\" content=\"Est. reading time\" \/>\n\t<meta name=\"twitter:data1\" content=\"2 minutes\" \/>\n<script type=\"application\/ld+json\" class=\"yoast-schema-graph\">{\"@context\":\"https:\\\/\\\/schema.org\",\"@graph\":[{\"@type\":\"WebPage\",\"@id\":\"https:\\\/\\\/vanavorumaamuuseumid.ee\\\/lauluisa-sundumus\\\/valjapanek-eesti-raamatu-aasta-tulmest\\\/\",\"url\":\"https:\\\/\\\/vanavorumaamuuseumid.ee\\\/lauluisa-sundumus\\\/valjapanek-eesti-raamatu-aasta-tulmest\\\/\",\"name\":\"V\u00e4ljapanek Eesti Raamatu Aasta tulmest - Vana-V\u00f5rumaa muuseumid\",\"isPartOf\":{\"@id\":\"https:\\\/\\\/vanavorumaamuuseumid.ee\\\/#website\"},\"primaryImageOfPage\":{\"@id\":\"https:\\\/\\\/vanavorumaamuuseumid.ee\\\/lauluisa-sundumus\\\/valjapanek-eesti-raamatu-aasta-tulmest\\\/#primaryimage\"},\"image\":{\"@id\":\"https:\\\/\\\/vanavorumaamuuseumid.ee\\\/lauluisa-sundumus\\\/valjapanek-eesti-raamatu-aasta-tulmest\\\/#primaryimage\"},\"thumbnailUrl\":\"https:\\\/\\\/vanavorumaamuuseumid.ee\\\/wp-content\\\/uploads\\\/2025\\\/12\\\/Eesti-raamatu-lood-e1767003022492.jpg\",\"datePublished\":\"2025-12-29T10:05:00+00:00\",\"dateModified\":\"2025-12-29T10:10:33+00:00\",\"breadcrumb\":{\"@id\":\"https:\\\/\\\/vanavorumaamuuseumid.ee\\\/lauluisa-sundumus\\\/valjapanek-eesti-raamatu-aasta-tulmest\\\/#breadcrumb\"},\"inLanguage\":\"vo\",\"potentialAction\":[{\"@type\":\"ReadAction\",\"target\":[\"https:\\\/\\\/vanavorumaamuuseumid.ee\\\/lauluisa-sundumus\\\/valjapanek-eesti-raamatu-aasta-tulmest\\\/\"]}]},{\"@type\":\"ImageObject\",\"inLanguage\":\"vo\",\"@id\":\"https:\\\/\\\/vanavorumaamuuseumid.ee\\\/lauluisa-sundumus\\\/valjapanek-eesti-raamatu-aasta-tulmest\\\/#primaryimage\",\"url\":\"https:\\\/\\\/vanavorumaamuuseumid.ee\\\/wp-content\\\/uploads\\\/2025\\\/12\\\/Eesti-raamatu-lood-e1767003022492.jpg\",\"contentUrl\":\"https:\\\/\\\/vanavorumaamuuseumid.ee\\\/wp-content\\\/uploads\\\/2025\\\/12\\\/Eesti-raamatu-lood-e1767003022492.jpg\",\"width\":500,\"height\":719},{\"@type\":\"BreadcrumbList\",\"@id\":\"https:\\\/\\\/vanavorumaamuuseumid.ee\\\/lauluisa-sundumus\\\/valjapanek-eesti-raamatu-aasta-tulmest\\\/#breadcrumb\",\"itemListElement\":[{\"@type\":\"ListItem\",\"position\":1,\"name\":\"Home\",\"item\":\"https:\\\/\\\/vanavorumaamuuseumid.ee\\\/\"},{\"@type\":\"ListItem\",\"position\":2,\"name\":\"V\u00e4ljapanek Eesti Raamatu Aasta tulmest\"}]},{\"@type\":\"WebSite\",\"@id\":\"https:\\\/\\\/vanavorumaamuuseumid.ee\\\/#website\",\"url\":\"https:\\\/\\\/vanavorumaamuuseumid.ee\\\/\",\"name\":\"Vana-V\u00f5rumaa Muuseumid\",\"description\":\"V\u00f5rumaa Muuseum, Dr. Fr. R. Kreutzwaldi Memoriaalmuuseum, M\u00f5niste Talurahvamuuseum ja Karilatsi Vaba\u00f5humuuseum\",\"publisher\":{\"@id\":\"https:\\\/\\\/vanavorumaamuuseumid.ee\\\/#organization\"},\"potentialAction\":[{\"@type\":\"SearchAction\",\"target\":{\"@type\":\"EntryPoint\",\"urlTemplate\":\"https:\\\/\\\/vanavorumaamuuseumid.ee\\\/?s={search_term_string}\"},\"query-input\":{\"@type\":\"PropertyValueSpecification\",\"valueRequired\":true,\"valueName\":\"search_term_string\"}}],\"inLanguage\":\"vo\"},{\"@type\":\"Organization\",\"@id\":\"https:\\\/\\\/vanavorumaamuuseumid.ee\\\/#organization\",\"name\":\"V\u00f5ru Instituut\",\"url\":\"https:\\\/\\\/vanavorumaamuuseumid.ee\\\/\",\"logo\":{\"@type\":\"ImageObject\",\"inLanguage\":\"vo\",\"@id\":\"https:\\\/\\\/vanavorumaamuuseumid.ee\\\/#\\\/schema\\\/logo\\\/image\\\/\",\"url\":\"https:\\\/\\\/vanavorumaamuuseumid.ee\\\/wp-content\\\/uploads\\\/2025\\\/05\\\/vana-voromaa-muusoumi-250516.svg\",\"contentUrl\":\"https:\\\/\\\/vanavorumaamuuseumid.ee\\\/wp-content\\\/uploads\\\/2025\\\/05\\\/vana-voromaa-muusoumi-250516.svg\",\"width\":567,\"height\":80,\"caption\":\"V\u00f5ru Instituut\"},\"image\":{\"@id\":\"https:\\\/\\\/vanavorumaamuuseumid.ee\\\/#\\\/schema\\\/logo\\\/image\\\/\"}}]}<\/script>\n<!-- \/ Yoast SEO plugin. -->","yoast_head_json":{"title":"V\u00e4ljapanek Eesti Raamatu Aasta tulmest - Vana-V\u00f5rumaa muuseumid","robots":{"index":"index","follow":"follow","max-snippet":"max-snippet:-1","max-image-preview":"max-image-preview:large","max-video-preview":"max-video-preview:-1"},"canonical":"https:\/\/vanavorumaamuuseumid.ee\/vo\/lauluisa-sundumus\/valjapanek-eesti-raamatu-aasta-tulmest\/","og_locale":"en_US","og_type":"article","og_title":"V\u00e4ljapanek Eesti Raamatu Aasta tulmest - Vana-V\u00f5rumaa muuseumid","og_description":"Alates 2023. aastast on 30. jaanuar eesti kirjanduse p\u00e4ev. Sel p\u00e4eval v\u00e4\u00e4rtustatakse [&hellip;]","og_url":"https:\/\/vanavorumaamuuseumid.ee\/vo\/lauluisa-sundumus\/valjapanek-eesti-raamatu-aasta-tulmest\/","og_site_name":"Vana-V\u00f5rumaa muuseumid","article_modified_time":"2025-12-29T10:10:33+00:00","og_image":[{"width":500,"height":719,"url":"https:\/\/vanavorumaamuuseumid.ee\/wp-content\/uploads\/2025\/12\/Eesti-raamatu-lood-e1767003022492.jpg","type":"image\/jpeg"}],"twitter_card":"summary_large_image","twitter_misc":{"Est. reading time":"2 minutes"},"schema":{"@context":"https:\/\/schema.org","@graph":[{"@type":"WebPage","@id":"https:\/\/vanavorumaamuuseumid.ee\/lauluisa-sundumus\/valjapanek-eesti-raamatu-aasta-tulmest\/","url":"https:\/\/vanavorumaamuuseumid.ee\/lauluisa-sundumus\/valjapanek-eesti-raamatu-aasta-tulmest\/","name":"V\u00e4ljapanek Eesti Raamatu Aasta tulmest - Vana-V\u00f5rumaa muuseumid","isPartOf":{"@id":"https:\/\/vanavorumaamuuseumid.ee\/#website"},"primaryImageOfPage":{"@id":"https:\/\/vanavorumaamuuseumid.ee\/lauluisa-sundumus\/valjapanek-eesti-raamatu-aasta-tulmest\/#primaryimage"},"image":{"@id":"https:\/\/vanavorumaamuuseumid.ee\/lauluisa-sundumus\/valjapanek-eesti-raamatu-aasta-tulmest\/#primaryimage"},"thumbnailUrl":"https:\/\/vanavorumaamuuseumid.ee\/wp-content\/uploads\/2025\/12\/Eesti-raamatu-lood-e1767003022492.jpg","datePublished":"2025-12-29T10:05:00+00:00","dateModified":"2025-12-29T10:10:33+00:00","breadcrumb":{"@id":"https:\/\/vanavorumaamuuseumid.ee\/lauluisa-sundumus\/valjapanek-eesti-raamatu-aasta-tulmest\/#breadcrumb"},"inLanguage":"vo","potentialAction":[{"@type":"ReadAction","target":["https:\/\/vanavorumaamuuseumid.ee\/lauluisa-sundumus\/valjapanek-eesti-raamatu-aasta-tulmest\/"]}]},{"@type":"ImageObject","inLanguage":"vo","@id":"https:\/\/vanavorumaamuuseumid.ee\/lauluisa-sundumus\/valjapanek-eesti-raamatu-aasta-tulmest\/#primaryimage","url":"https:\/\/vanavorumaamuuseumid.ee\/wp-content\/uploads\/2025\/12\/Eesti-raamatu-lood-e1767003022492.jpg","contentUrl":"https:\/\/vanavorumaamuuseumid.ee\/wp-content\/uploads\/2025\/12\/Eesti-raamatu-lood-e1767003022492.jpg","width":500,"height":719},{"@type":"BreadcrumbList","@id":"https:\/\/vanavorumaamuuseumid.ee\/lauluisa-sundumus\/valjapanek-eesti-raamatu-aasta-tulmest\/#breadcrumb","itemListElement":[{"@type":"ListItem","position":1,"name":"Home","item":"https:\/\/vanavorumaamuuseumid.ee\/"},{"@type":"ListItem","position":2,"name":"V\u00e4ljapanek Eesti Raamatu Aasta tulmest"}]},{"@type":"WebSite","@id":"https:\/\/vanavorumaamuuseumid.ee\/#website","url":"https:\/\/vanavorumaamuuseumid.ee\/","name":"Vana-V\u00f5rumaa Muuseumid","description":"V\u00f5rumaa Muuseum, Dr. Fr. R. Kreutzwaldi Memoriaalmuuseum, M\u00f5niste Talurahvamuuseum ja Karilatsi Vaba\u00f5humuuseum","publisher":{"@id":"https:\/\/vanavorumaamuuseumid.ee\/#organization"},"potentialAction":[{"@type":"SearchAction","target":{"@type":"EntryPoint","urlTemplate":"https:\/\/vanavorumaamuuseumid.ee\/?s={search_term_string}"},"query-input":{"@type":"PropertyValueSpecification","valueRequired":true,"valueName":"search_term_string"}}],"inLanguage":"vo"},{"@type":"Organization","@id":"https:\/\/vanavorumaamuuseumid.ee\/#organization","name":"V\u00f5ru Instituut","url":"https:\/\/vanavorumaamuuseumid.ee\/","logo":{"@type":"ImageObject","inLanguage":"vo","@id":"https:\/\/vanavorumaamuuseumid.ee\/#\/schema\/logo\/image\/","url":"https:\/\/vanavorumaamuuseumid.ee\/wp-content\/uploads\/2025\/05\/vana-voromaa-muusoumi-250516.svg","contentUrl":"https:\/\/vanavorumaamuuseumid.ee\/wp-content\/uploads\/2025\/05\/vana-voromaa-muusoumi-250516.svg","width":567,"height":80,"caption":"V\u00f5ru Instituut"},"image":{"@id":"https:\/\/vanavorumaamuuseumid.ee\/#\/schema\/logo\/image\/"}}]}},"_links":{"self":[{"href":"https:\/\/vanavorumaamuuseumid.ee\/vo\/wp-json\/wp\/v2\/lauluisa-sundumus\/4928","targetHints":{"allow":["GET"]}}],"collection":[{"href":"https:\/\/vanavorumaamuuseumid.ee\/vo\/wp-json\/wp\/v2\/lauluisa-sundumus"}],"about":[{"href":"https:\/\/vanavorumaamuuseumid.ee\/vo\/wp-json\/wp\/v2\/types\/lauluisa-sundumus"}],"wp:featuredmedia":[{"embeddable":true,"href":"https:\/\/vanavorumaamuuseumid.ee\/vo\/wp-json\/wp\/v2\/media\/4926"}],"wp:attachment":[{"href":"https:\/\/vanavorumaamuuseumid.ee\/vo\/wp-json\/wp\/v2\/media?parent=4928"}],"curies":[{"name":"wp","href":"https:\/\/api.w.org\/{rel}","templated":true}]}}