{"id":3153,"date":"2025-09-24T12:08:42","date_gmt":"2025-09-24T09:08:42","guid":{"rendered":"https:\/\/vanavorumaamuuseumid.ee\/?post_type=moniste-diginaitused&#038;p=3153"},"modified":"2025-09-24T12:39:06","modified_gmt":"2025-09-24T09:39:06","slug":"kellad-ja-kellukesed","status":"publish","type":"moniste-diginaitused","link":"https:\/\/vanavorumaamuuseumid.ee\/vo\/moniste-diginaitused\/kellad-ja-kellukesed\/","title":{"rendered":"Kellad ja kellukesed"},"content":{"rendered":"<p>Detsembris ja jaanuaris olid M\u00f5niste Talurahvamuuseumi peamajas v\u00e4ljapanekul erinevad kellad ning kellukesed Riho Lehiste erakogust. Antud postituses tutvustame m\u00f5nda neist natuke l\u00e4hemalt.<\/p>\n\n\n\n<div style=\"height:40px\" aria-hidden=\"true\" class=\"wp-block-spacer\"><\/div>\n\n\n\n<h2 class=\"wp-block-heading\">India elevandikell (elevandijala-kell)<\/h2>\n\n\n\n<figure class=\"wp-block-image size-large\"><img decoding=\"async\" width=\"1024\" height=\"447\" src=\"https:\/\/vanavorumaamuuseumid.ee\/wp-content\/uploads\/2025\/09\/elevant-1024x447.jpg\" alt=\"\" class=\"wp-image-3159\" srcset=\"https:\/\/vanavorumaamuuseumid.ee\/wp-content\/uploads\/2025\/09\/elevant-980x428.jpg 980w, https:\/\/vanavorumaamuuseumid.ee\/wp-content\/uploads\/2025\/09\/elevant-480x210.jpg 480w\" sizes=\"(min-width: 0px) and (max-width: 480px) 480px, (min-width: 481px) and (max-width: 980px) 980px, (min-width: 981px) 1024px, 100vw\" \/><\/figure>\n\n\n\n<div style=\"height:15px\" aria-hidden=\"true\" class=\"wp-block-spacer\"><\/div>\n\n\n\n<p>Algselt pronksivalamist valmistatud kellad on kasutuses juba v\u00e4hemalt 17. sajandist peale, mil neid v\u00f5is n\u00e4ha kodustatud elevantide kaela \u00fcmber v\u00f5i sadula k\u00fcljes rippumas. Elevandikellade \u00fclesandeks oli n\u00e4idata, et loom on kodustatud ning samuti aitas pidevalt helisev kell l\u00e4henevast elevandist m\u00e4rku anda. V\u00e4iksemaid variante elevandikelladest kasutati ka teiste koduloomade m\u00e4rgistamiseks. Kellukesele erip\u00e4rase kuju andev n\u00f6 \u201eseenekujuline\u201c k\u00e4epide funktsioneeris n\u00f6\u00f6bina ning h\u00f5lbustas selle kinnitamist sadularihmade v\u00f5i n\u00f6\u00f6ri k\u00fclge.<\/p>\n\n\n\n<p>Aja jooksul muutus kellukeste p\u00f5hiotstarve praktilisest loomakellast peamiselt tseremoniaalseks ehteks, mida riputati elevandisadulate k\u00fclge vaid festivalide ajal. Pronksi asemel tuli materjalina kasutusele messing, kellukesed muutusid m\u00f5\u00f5tudelt v\u00e4iksemaks ja neid hakati kaunistama graveeringute ning emailiga.<\/p>\n\n\n\n<p>Elevandikellad on Briti kolonisatsiooni algusest saadik olnud v\u00e4ga populaarsed suveniirid Indiat k\u00fclastanud turistide seas.<\/p>\n\n\n\n<div style=\"height:40px\" aria-hidden=\"true\" class=\"wp-block-spacer\"><\/div>\n\n\n\n<h2 class=\"wp-block-heading\">Altarikell<\/h2>\n\n\n\n<figure class=\"wp-block-image size-large\"><img decoding=\"async\" width=\"1024\" height=\"648\" src=\"https:\/\/vanavorumaamuuseumid.ee\/wp-content\/uploads\/2025\/09\/altarikell-1024x648.jpg\" alt=\"\" class=\"wp-image-3161\" srcset=\"https:\/\/vanavorumaamuuseumid.ee\/wp-content\/uploads\/2025\/09\/altarikell-980x620.jpg 980w, https:\/\/vanavorumaamuuseumid.ee\/wp-content\/uploads\/2025\/09\/altarikell-480x304.jpg 480w\" sizes=\"(min-width: 0px) and (max-width: 480px) 480px, (min-width: 481px) and (max-width: 980px) 980px, (min-width: 981px) 1024px, 100vw\" \/><\/figure>\n\n\n\n<div style=\"height:15px\" aria-hidden=\"true\" class=\"wp-block-spacer\"><\/div>\n\n\n\n<p>Altarikellasid kasutatakse katoliku, luteri, metodisti ja anglikaani kirikutes usutalituste ajal \u201ejumalale r\u00f5\u00f5mu valmistava\u201c heli tekitamiseks, et t\u00e4nada teda altaril toimuva ime eest. Samuti aitab kellahelin kirikus k\u00e4ijate t\u00e4helepanu altaril toimuva juurde suunata.<\/p>\n\n\n\n<p>Altarikellade ajalugu ulatub keskaega, mil missad toimusid ladina keeles ja tihtipeale vaiksel toonil ning letner takistas vaadet altarile. Nendest tingimustest tulenevalt oli vaja leida viis, kuidas kogudusele&nbsp; usutalitust segamata m\u00e4rku anda, et altaril toimub midagi m\u00e4rkimisv\u00e4\u00e4rset.<\/p>\n\n\n\n<p>Kuigi algne praktiline vajadus altarikellade j\u00e4rgi on aja jooksul v\u00e4henenud, kasutatakse neid endiselt peamiselt tseremoniaalsetel eesm\u00e4rkidel, r\u00f5hutades kirikus toimuva p\u00fchadust.<\/p>\n\n\n\n<p>Muuseumi v\u00e4ljapanekul olnud altarikella peal on kujutatud nelja elusolendit: lammas (<em>agnus<\/em>), l\u00f5vi (<em>leo<\/em>), kotkas (<em>aquila<\/em>) ning pelikan (<em>pelicanus<\/em>).<\/p>\n\n\n\n<p>Lammas s\u00fcmboliseerib Jeesus Kristust, Jumala talle ning head karjast. L\u00f5vi aga kuningav\u00f5imu Taevases Kuningriigis. Samuti on l\u00f5vi evangelist Markuse s\u00fcmbol. K\u00f5rgel taevas lendav kotkas s\u00fcmboliseerib jumalikkust ja on evangelist Johannese s\u00fcmbol.<\/p>\n\n\n\n<p>Viimane kellal kujutatud elusolend, pelikan, s\u00fcmboliseerib lunastust ning Kristuse verd, mida ta inimkonna pattude heastamiseks ohverdas. Vanasti levinud legendi kohaselt torkavad pelikanid enda rinnakusse haava ning toidavad sealt voolava verega oma poegi.<\/p>\n\n\n\n<div style=\"height:40px\" aria-hidden=\"true\" class=\"wp-block-spacer\"><\/div>\n\n\n\n<h2 class=\"wp-block-heading\">Eeldatavasti India p\u00e4ritolu kelluke<\/h2>\n\n\n\n<figure class=\"wp-block-image size-large\"><img decoding=\"async\" width=\"1024\" height=\"737\" src=\"https:\/\/vanavorumaamuuseumid.ee\/wp-content\/uploads\/2025\/09\/india-kell-1024x737.jpg\" alt=\"\" class=\"wp-image-3162\" srcset=\"https:\/\/vanavorumaamuuseumid.ee\/wp-content\/uploads\/2025\/09\/india-kell-980x705.jpg 980w, https:\/\/vanavorumaamuuseumid.ee\/wp-content\/uploads\/2025\/09\/india-kell-480x345.jpg 480w\" sizes=\"(min-width: 0px) and (max-width: 480px) 480px, (min-width: 481px) and (max-width: 980px) 980px, (min-width: 981px) 1024px, 100vw\" \/><\/figure>\n\n\n\n<div style=\"height:15px\" aria-hidden=\"true\" class=\"wp-block-spacer\"><\/div>\n\n\n\n<p><br>Kellukese kuju ning valmistamiseks kasutatud t\u00f6\u00f6v\u00f5tted annavad alust arvata, et tegemist on L\u00f5una-Aasias valmistatud kellukesega.<\/p>\n\n\n\n<p>Sarnaseid kellukesi kasutatakse n\u00e4iteks hindu Puja tseremoonias ning Puja mantap altarite kaunistamiseks.<\/p>\n\n\n\n<div style=\"height:40px\" aria-hidden=\"true\" class=\"wp-block-spacer\"><\/div>\n\n\n\n<h2 class=\"wp-block-heading\">K\u00e4epidemega kellukesed<\/h2>\n\n\n\n<figure class=\"wp-block-image size-large\"><img decoding=\"async\" width=\"1024\" height=\"965\" src=\"https:\/\/vanavorumaamuuseumid.ee\/wp-content\/uploads\/2025\/09\/kasikellad-1024x965.jpg\" alt=\"\" class=\"wp-image-3163\" srcset=\"https:\/\/vanavorumaamuuseumid.ee\/wp-content\/uploads\/2025\/09\/kasikellad-980x924.jpg 980w, https:\/\/vanavorumaamuuseumid.ee\/wp-content\/uploads\/2025\/09\/kasikellad-480x453.jpg 480w\" sizes=\"(min-width: 0px) and (max-width: 480px) 480px, (min-width: 481px) and (max-width: 980px) 980px, (min-width: 981px) 1024px, 100vw\" \/><\/figure>\n\n\n\n<div style=\"height:15px\" aria-hidden=\"true\" class=\"wp-block-spacer\"><\/div>\n\n\n\n<p>Selliseid kellukesi kasutati eri ajaperioodidel t\u00e4helepanu t\u00f5mbamiseks ning teenijaskonna kutsumiseks. Samuti s\u00f6\u00f6gikordade kuulutamiseks. Sarnaseid kellukesi kasutatakse ka j\u00f5ululaulude saateks (eng.&nbsp;<em>caroling<\/em>).<\/p>\n\n\n\n<p>19. sajandil olid k\u00e4epidemega kellukesed osa h\u00e4rraste kirjutuslaual olevast garnituurist.<\/p>\n\n\n\n<div style=\"height:40px\" aria-hidden=\"true\" class=\"wp-block-spacer\"><\/div>\n\n\n\n<h2 class=\"wp-block-heading\">Karjakell\/lehmakell<\/h2>\n\n\n\n<figure class=\"wp-block-image size-large\"><img decoding=\"async\" width=\"1024\" height=\"471\" src=\"https:\/\/vanavorumaamuuseumid.ee\/wp-content\/uploads\/2025\/09\/lehmakellad-1024x471.jpg\" alt=\"\" class=\"wp-image-3164\" srcset=\"https:\/\/vanavorumaamuuseumid.ee\/wp-content\/uploads\/2025\/09\/lehmakellad-980x451.jpg 980w, https:\/\/vanavorumaamuuseumid.ee\/wp-content\/uploads\/2025\/09\/lehmakellad-480x221.jpg 480w\" sizes=\"(min-width: 0px) and (max-width: 480px) 480px, (min-width: 481px) and (max-width: 980px) 980px, (min-width: 981px) 1024px, 100vw\" \/><\/figure>\n\n\n\n<div style=\"height:15px\" aria-hidden=\"true\" class=\"wp-block-spacer\"><\/div>\n\n\n\n<p>Teadaolevalt vanimad lehmakellad on \u00fcle 5000 aasta tagusest ajast p\u00e4rinevad keraamilised kellad, mis leiti praeguse Hiina aladelt. Arvatavalt kasutati kellasid kitsede, lammaste ning lehmade karjatamisel. Esimesed metallist lehmakellad, samuti leitud Hiinast, on hinnanguliselt umbes 4000 aasta vanad.<\/p>\n\n\n\n<p>Aasiast levisid karjakellad L\u00e4\u00e4ne poole: neid leidus nii keldi, foiniikia, kreeka kui ka rooma kultuurides. Aja jooksul v\u00f5eti kellad kasutusele \u00fcle maailma kuid m\u00f5nes piirkonnas t\u00e4hendasid nad rohkemat kui lihtsalt karjalooma m\u00e4rgistamise vahendit, n\u00e4iteks \u0160veitsis on klassikaline karjakell Trychel (pildil paremal) tihedalt seotud kohaliku folklooriga.<\/p>\n\n\n\n<div style=\"height:40px\" aria-hidden=\"true\" class=\"wp-block-spacer\"><\/div>\n\n\n\n<h2 class=\"wp-block-heading\">Mora kell<\/h2>\n\n\n\n<figure class=\"wp-block-image size-large\"><img decoding=\"async\" width=\"1024\" height=\"671\" src=\"https:\/\/vanavorumaamuuseumid.ee\/wp-content\/uploads\/2025\/09\/morell-1024x671.jpg\" alt=\"\" class=\"wp-image-3166\" srcset=\"https:\/\/vanavorumaamuuseumid.ee\/wp-content\/uploads\/2025\/09\/morell-980x642.jpg 980w, https:\/\/vanavorumaamuuseumid.ee\/wp-content\/uploads\/2025\/09\/morell-480x315.jpg 480w\" sizes=\"(min-width: 0px) and (max-width: 480px) 480px, (min-width: 481px) and (max-width: 980px) 980px, (min-width: 981px) 1024px, 100vw\" \/><\/figure>\n\n\n\n<div style=\"height:15px\" aria-hidden=\"true\" class=\"wp-block-spacer\"><\/div>\n\n\n\n<p><br>Valmistatud Rootsis Dalarna maakonnas Moras Erik Morell Metallgjuteris. T\u00f6\u00f6koda asutati 1921. aastal ning selle p\u00f5hitoodanguks olid aisakellad. 1932. aastal laiendati tootmist laevadel kasutatavatele kinnitustele ja s\u00f5lmedele ning alates aastast 1945 toodeti E.Morell Metallgjuteris lisaks muule veel k\u00fc\u00fcnlajalgu, dekoratiivornamente ja laevakellasid.<\/p>\n\n\n\n<p>Morelli kellade disain matkib piirkonnas asuva Mora kiriku kellatorni kella v\u00e4limust. Kiriku kella kinkis 16. sajandil Dalarna rahvale kuningas Gustav Vasa, et t\u00e4nada kohalikke Rootsi nimel v\u00f5itlemise eest.<\/p>\n\n\n\n<p>Klassikaline Mora kell koosneb \u201eKellapronkist\u201c ehk siis 85% vase ning 15% tina segust. Legendi kohaselt lisas Morell oma kellade valusulamile h\u00f5bedat, et saavutada parem kellahelin.<\/p>\n\n\n\n<p>Lisaks kohalikule kellavabrikule teeb Mora ajaloo p\u00f5nevaks piirkonnas 1669. aastal toimunud n\u00f5iajaht, mille k\u00e4igus hukati 15 s\u00fc\u00fcdim\u00f5istetud n\u00f5ida. V\u00e4idetavalt andis Mora n\u00f5idade hukkamist kujutav illustratsioon inspiratsiooni kurikuulsat Salemi n\u00f5iajahti l\u00e4biviinutele.<\/p>","protected":false},"featured_media":3155,"template":"","class_list":["post-3153","moniste-diginaitused","type-moniste-diginaitused","status-publish","has-post-thumbnail","hentry"],"acf":[],"yoast_head":"<!-- This site is optimized with the Yoast SEO plugin v27.4 - https:\/\/yoast.com\/product\/yoast-seo-wordpress\/ -->\n<title>Kellad ja kellukesed - Vana-V\u00f5rumaa muuseumid<\/title>\n<meta name=\"robots\" content=\"index, follow, max-snippet:-1, max-image-preview:large, max-video-preview:-1\" \/>\n<link rel=\"canonical\" href=\"https:\/\/vanavorumaamuuseumid.ee\/vo\/moniste-diginaitused\/kellad-ja-kellukesed\/\" \/>\n<meta property=\"og:locale\" content=\"en_US\" \/>\n<meta property=\"og:type\" content=\"article\" \/>\n<meta property=\"og:title\" content=\"Kellad ja kellukesed - Vana-V\u00f5rumaa muuseumid\" \/>\n<meta property=\"og:description\" content=\"Detsembris ja jaanuaris olid M\u00f5niste Talurahvamuuseumi peamajas v\u00e4ljapanekul erinevad kellad ning kellukesed [&hellip;]\" \/>\n<meta property=\"og:url\" content=\"https:\/\/vanavorumaamuuseumid.ee\/vo\/moniste-diginaitused\/kellad-ja-kellukesed\/\" \/>\n<meta property=\"og:site_name\" content=\"Vana-V\u00f5rumaa muuseumid\" \/>\n<meta property=\"article:modified_time\" content=\"2025-09-24T09:39:06+00:00\" \/>\n<meta property=\"og:image\" content=\"https:\/\/vanavorumaamuuseumid.ee\/wp-content\/uploads\/2025\/09\/kellad-banner2.jpg\" \/>\n\t<meta property=\"og:image:width\" content=\"1071\" \/>\n\t<meta property=\"og:image:height\" content=\"468\" \/>\n\t<meta property=\"og:image:type\" content=\"image\/jpeg\" \/>\n<meta name=\"twitter:card\" content=\"summary_large_image\" \/>\n<meta name=\"twitter:label1\" content=\"Est. reading time\" \/>\n\t<meta name=\"twitter:data1\" content=\"3 minutes\" \/>\n<script type=\"application\/ld+json\" class=\"yoast-schema-graph\">{\"@context\":\"https:\\\/\\\/schema.org\",\"@graph\":[{\"@type\":\"WebPage\",\"@id\":\"https:\\\/\\\/vanavorumaamuuseumid.ee\\\/moniste-diginaitused\\\/kellad-ja-kellukesed\\\/\",\"url\":\"https:\\\/\\\/vanavorumaamuuseumid.ee\\\/moniste-diginaitused\\\/kellad-ja-kellukesed\\\/\",\"name\":\"Kellad ja kellukesed - Vana-V\u00f5rumaa muuseumid\",\"isPartOf\":{\"@id\":\"https:\\\/\\\/vanavorumaamuuseumid.ee\\\/#website\"},\"primaryImageOfPage\":{\"@id\":\"https:\\\/\\\/vanavorumaamuuseumid.ee\\\/moniste-diginaitused\\\/kellad-ja-kellukesed\\\/#primaryimage\"},\"image\":{\"@id\":\"https:\\\/\\\/vanavorumaamuuseumid.ee\\\/moniste-diginaitused\\\/kellad-ja-kellukesed\\\/#primaryimage\"},\"thumbnailUrl\":\"https:\\\/\\\/vanavorumaamuuseumid.ee\\\/wp-content\\\/uploads\\\/2025\\\/09\\\/kellad-banner2.jpg\",\"datePublished\":\"2025-09-24T09:08:42+00:00\",\"dateModified\":\"2025-09-24T09:39:06+00:00\",\"breadcrumb\":{\"@id\":\"https:\\\/\\\/vanavorumaamuuseumid.ee\\\/moniste-diginaitused\\\/kellad-ja-kellukesed\\\/#breadcrumb\"},\"inLanguage\":\"vo\",\"potentialAction\":[{\"@type\":\"ReadAction\",\"target\":[\"https:\\\/\\\/vanavorumaamuuseumid.ee\\\/moniste-diginaitused\\\/kellad-ja-kellukesed\\\/\"]}]},{\"@type\":\"ImageObject\",\"inLanguage\":\"vo\",\"@id\":\"https:\\\/\\\/vanavorumaamuuseumid.ee\\\/moniste-diginaitused\\\/kellad-ja-kellukesed\\\/#primaryimage\",\"url\":\"https:\\\/\\\/vanavorumaamuuseumid.ee\\\/wp-content\\\/uploads\\\/2025\\\/09\\\/kellad-banner2.jpg\",\"contentUrl\":\"https:\\\/\\\/vanavorumaamuuseumid.ee\\\/wp-content\\\/uploads\\\/2025\\\/09\\\/kellad-banner2.jpg\",\"width\":1071,\"height\":468},{\"@type\":\"BreadcrumbList\",\"@id\":\"https:\\\/\\\/vanavorumaamuuseumid.ee\\\/moniste-diginaitused\\\/kellad-ja-kellukesed\\\/#breadcrumb\",\"itemListElement\":[{\"@type\":\"ListItem\",\"position\":1,\"name\":\"Home\",\"item\":\"https:\\\/\\\/vanavorumaamuuseumid.ee\\\/\"},{\"@type\":\"ListItem\",\"position\":2,\"name\":\"Kellad ja kellukesed\"}]},{\"@type\":\"WebSite\",\"@id\":\"https:\\\/\\\/vanavorumaamuuseumid.ee\\\/#website\",\"url\":\"https:\\\/\\\/vanavorumaamuuseumid.ee\\\/\",\"name\":\"Vana-V\u00f5rumaa Muuseumid\",\"description\":\"V\u00f5rumaa Muuseum, Dr. Fr. R. Kreutzwaldi Memoriaalmuuseum, M\u00f5niste Talurahvamuuseum ja Karilatsi Vaba\u00f5humuuseum\",\"publisher\":{\"@id\":\"https:\\\/\\\/vanavorumaamuuseumid.ee\\\/#organization\"},\"potentialAction\":[{\"@type\":\"SearchAction\",\"target\":{\"@type\":\"EntryPoint\",\"urlTemplate\":\"https:\\\/\\\/vanavorumaamuuseumid.ee\\\/?s={search_term_string}\"},\"query-input\":{\"@type\":\"PropertyValueSpecification\",\"valueRequired\":true,\"valueName\":\"search_term_string\"}}],\"inLanguage\":\"vo\"},{\"@type\":\"Organization\",\"@id\":\"https:\\\/\\\/vanavorumaamuuseumid.ee\\\/#organization\",\"name\":\"V\u00f5ru Instituut\",\"url\":\"https:\\\/\\\/vanavorumaamuuseumid.ee\\\/\",\"logo\":{\"@type\":\"ImageObject\",\"inLanguage\":\"vo\",\"@id\":\"https:\\\/\\\/vanavorumaamuuseumid.ee\\\/#\\\/schema\\\/logo\\\/image\\\/\",\"url\":\"https:\\\/\\\/vanavorumaamuuseumid.ee\\\/wp-content\\\/uploads\\\/2025\\\/05\\\/vana-voromaa-muusoumi-250516.svg\",\"contentUrl\":\"https:\\\/\\\/vanavorumaamuuseumid.ee\\\/wp-content\\\/uploads\\\/2025\\\/05\\\/vana-voromaa-muusoumi-250516.svg\",\"width\":567,\"height\":80,\"caption\":\"V\u00f5ru Instituut\"},\"image\":{\"@id\":\"https:\\\/\\\/vanavorumaamuuseumid.ee\\\/#\\\/schema\\\/logo\\\/image\\\/\"}}]}<\/script>\n<!-- \/ Yoast SEO plugin. -->","yoast_head_json":{"title":"Kellad ja kellukesed - Vana-V\u00f5rumaa muuseumid","robots":{"index":"index","follow":"follow","max-snippet":"max-snippet:-1","max-image-preview":"max-image-preview:large","max-video-preview":"max-video-preview:-1"},"canonical":"https:\/\/vanavorumaamuuseumid.ee\/vo\/moniste-diginaitused\/kellad-ja-kellukesed\/","og_locale":"en_US","og_type":"article","og_title":"Kellad ja kellukesed - Vana-V\u00f5rumaa muuseumid","og_description":"Detsembris ja jaanuaris olid M\u00f5niste Talurahvamuuseumi peamajas v\u00e4ljapanekul erinevad kellad ning kellukesed [&hellip;]","og_url":"https:\/\/vanavorumaamuuseumid.ee\/vo\/moniste-diginaitused\/kellad-ja-kellukesed\/","og_site_name":"Vana-V\u00f5rumaa muuseumid","article_modified_time":"2025-09-24T09:39:06+00:00","og_image":[{"width":1071,"height":468,"url":"https:\/\/vanavorumaamuuseumid.ee\/wp-content\/uploads\/2025\/09\/kellad-banner2.jpg","type":"image\/jpeg"}],"twitter_card":"summary_large_image","twitter_misc":{"Est. reading time":"3 minutes"},"schema":{"@context":"https:\/\/schema.org","@graph":[{"@type":"WebPage","@id":"https:\/\/vanavorumaamuuseumid.ee\/moniste-diginaitused\/kellad-ja-kellukesed\/","url":"https:\/\/vanavorumaamuuseumid.ee\/moniste-diginaitused\/kellad-ja-kellukesed\/","name":"Kellad ja kellukesed - Vana-V\u00f5rumaa muuseumid","isPartOf":{"@id":"https:\/\/vanavorumaamuuseumid.ee\/#website"},"primaryImageOfPage":{"@id":"https:\/\/vanavorumaamuuseumid.ee\/moniste-diginaitused\/kellad-ja-kellukesed\/#primaryimage"},"image":{"@id":"https:\/\/vanavorumaamuuseumid.ee\/moniste-diginaitused\/kellad-ja-kellukesed\/#primaryimage"},"thumbnailUrl":"https:\/\/vanavorumaamuuseumid.ee\/wp-content\/uploads\/2025\/09\/kellad-banner2.jpg","datePublished":"2025-09-24T09:08:42+00:00","dateModified":"2025-09-24T09:39:06+00:00","breadcrumb":{"@id":"https:\/\/vanavorumaamuuseumid.ee\/moniste-diginaitused\/kellad-ja-kellukesed\/#breadcrumb"},"inLanguage":"vo","potentialAction":[{"@type":"ReadAction","target":["https:\/\/vanavorumaamuuseumid.ee\/moniste-diginaitused\/kellad-ja-kellukesed\/"]}]},{"@type":"ImageObject","inLanguage":"vo","@id":"https:\/\/vanavorumaamuuseumid.ee\/moniste-diginaitused\/kellad-ja-kellukesed\/#primaryimage","url":"https:\/\/vanavorumaamuuseumid.ee\/wp-content\/uploads\/2025\/09\/kellad-banner2.jpg","contentUrl":"https:\/\/vanavorumaamuuseumid.ee\/wp-content\/uploads\/2025\/09\/kellad-banner2.jpg","width":1071,"height":468},{"@type":"BreadcrumbList","@id":"https:\/\/vanavorumaamuuseumid.ee\/moniste-diginaitused\/kellad-ja-kellukesed\/#breadcrumb","itemListElement":[{"@type":"ListItem","position":1,"name":"Home","item":"https:\/\/vanavorumaamuuseumid.ee\/"},{"@type":"ListItem","position":2,"name":"Kellad ja kellukesed"}]},{"@type":"WebSite","@id":"https:\/\/vanavorumaamuuseumid.ee\/#website","url":"https:\/\/vanavorumaamuuseumid.ee\/","name":"Vana-V\u00f5rumaa Muuseumid","description":"V\u00f5rumaa Muuseum, Dr. Fr. R. Kreutzwaldi Memoriaalmuuseum, M\u00f5niste Talurahvamuuseum ja Karilatsi Vaba\u00f5humuuseum","publisher":{"@id":"https:\/\/vanavorumaamuuseumid.ee\/#organization"},"potentialAction":[{"@type":"SearchAction","target":{"@type":"EntryPoint","urlTemplate":"https:\/\/vanavorumaamuuseumid.ee\/?s={search_term_string}"},"query-input":{"@type":"PropertyValueSpecification","valueRequired":true,"valueName":"search_term_string"}}],"inLanguage":"vo"},{"@type":"Organization","@id":"https:\/\/vanavorumaamuuseumid.ee\/#organization","name":"V\u00f5ru Instituut","url":"https:\/\/vanavorumaamuuseumid.ee\/","logo":{"@type":"ImageObject","inLanguage":"vo","@id":"https:\/\/vanavorumaamuuseumid.ee\/#\/schema\/logo\/image\/","url":"https:\/\/vanavorumaamuuseumid.ee\/wp-content\/uploads\/2025\/05\/vana-voromaa-muusoumi-250516.svg","contentUrl":"https:\/\/vanavorumaamuuseumid.ee\/wp-content\/uploads\/2025\/05\/vana-voromaa-muusoumi-250516.svg","width":567,"height":80,"caption":"V\u00f5ru Instituut"},"image":{"@id":"https:\/\/vanavorumaamuuseumid.ee\/#\/schema\/logo\/image\/"}}]}},"_links":{"self":[{"href":"https:\/\/vanavorumaamuuseumid.ee\/vo\/wp-json\/wp\/v2\/moniste-diginaitused\/3153","targetHints":{"allow":["GET"]}}],"collection":[{"href":"https:\/\/vanavorumaamuuseumid.ee\/vo\/wp-json\/wp\/v2\/moniste-diginaitused"}],"about":[{"href":"https:\/\/vanavorumaamuuseumid.ee\/vo\/wp-json\/wp\/v2\/types\/moniste-diginaitused"}],"wp:featuredmedia":[{"embeddable":true,"href":"https:\/\/vanavorumaamuuseumid.ee\/vo\/wp-json\/wp\/v2\/media\/3155"}],"wp:attachment":[{"href":"https:\/\/vanavorumaamuuseumid.ee\/vo\/wp-json\/wp\/v2\/media?parent=3153"}],"curies":[{"name":"wp","href":"https:\/\/api.w.org\/{rel}","templated":true}]}}