{"id":1203,"date":"2025-06-10T17:11:30","date_gmt":"2025-06-10T14:11:30","guid":{"rendered":"https:\/\/vanavorumaamuuseumid.ee\/?post_type=moniste-naitus&#038;p=1203"},"modified":"2025-09-15T12:13:49","modified_gmt":"2025-09-15T09:13:49","slug":"uus-naitus-tutvustab-helisevat-parandit","status":"publish","type":"moniste-naitus","link":"https:\/\/vanavorumaamuuseumid.ee\/vo\/moniste-naitus\/uus-naitus-tutvustab-helisevat-parandit\/","title":{"rendered":"Alalin\u00f5 n\u00e4\u00fct\u00fcs tege tutvas helisev\u00e4 per\u00e4nd\u00fcsega"},"content":{"rendered":"<p><strong>24. lehekuud<\/strong> tetti M\u00f5nist\u00f5 Talorahvamuus\u00f5umin vallal\u00f5 vahts\u00f5n\u00f5 n\u00e4\u00fct\u00fcs \u201e\u00dcte pilli lugu\u201c,\nmink keskpunktin saisva umakandi pillimiis Artur Ammas ni tim\u00e4 l\u00f5\u00f5ts. <\/p>\n\n\n\n<p>Muus\u00f5umi takan elli v\u00e4iksen k\u00f5llats\u00f5n majan Amba Artur \u2013 miis, ki\u00e4 uma pillim\u00e4ngoga saat\naastak\u00fcmnit nii uma perre ku ka kogokunna ettev\u00f5tmiisi. V\u00e4ll\u00e4pan\u00f5k tege k\u00fcl\u00e4liisile n\u00e4tt\u00e4v\u00e4s\nsilm\u00e4pilk\u00f5 Arturi ja tim\u00e4 perre elost Kuudsil. 1990ndil aastil filmiti Arturit innek\u00f5kk\u00f5 tim\u00e4\npillim\u00e4ngo \u00fclesv\u00f5tmis\u00f5 jaos, a pilliluk\u00f5 vaih\u00f5l kuuld tim\u00e4 k\u00e4est ka nalju, m\u00e4leht\u00fcisi\nedim\u00e4idsist pillim\u00e4ngmiisist poisk\u00f5s\u00f5n, johtumiisi s\u00f5av\u00e4est ni muialt kah.<\/p>\n\n\n\n<p>\u201eMa v\u00e4ega looda, et seo v\u00e4ll\u00e4pan\u00f5k virgutas t\u00f5isi kah ummi luk\u00f5 kirj\u00e4 pandma ni jagama,\nolk\u00f5 s\u00f5s takasttoukajas m\u00f5ni asi, pilt vai hoobis nalalin\u00f5 johtumin\u00f5,\u201c kitt n\u00e4\u00fct\u00fcse kokkos\u00e4\u00e4dj\u00e4\nK\u00e4tlin Hirs, Arturi lats\u00f5lats\u00f5lats.<\/p>\n\n\n\n<p>M\u00f5nist\u00f5 Talorahvamuus\u00f5umi juhataja Airi R\u00fc\u00fctli \u00fctles lisas: \u201eMi muus\u00f5um pid\u00e4 t\u00e4hts\u00e4s\nperit\u00fcid luk\u00f5 ni kogokunna m\u00e4leht\u00fcisi. Seokandi noor\u00f5l sugup\u00f5lv\u00f5l laskva s\u00e4\u00e4ndse\nv\u00e4ll\u00e4pan\u00f5gi par\u00f5mbid\u00f5 ummi juuri tundma oppi, kavv\u00f5mbast tulnuil\u00f5 k\u00fcl\u00e4liisile tegev\u00e4 neo\nvallal\u00f5 vahtsit ussi seonuka el\u00e4mise-ol\u00f5mis\u00f5 ni rahvaper\u00e4nd\u00fcse mano.\u201c<\/p>\n\n\n\n<p>Amba Arturi umandus\u00f5st muus\u00f5ummi joudnu Hohneri h\u00e4rmoonik om seenimaani h\u00e4\u00e4n\nk\u00f5rran ja m\u00f5istjil pillim\u00e4ngjil lubatas tuu p\u00e4\u00e4l ka k\u00e4tt pruuvi.<\/p>","protected":false},"featured_media":2552,"template":"","class_list":["post-1203","moniste-naitus","type-moniste-naitus","status-publish","has-post-thumbnail","hentry"],"acf":[],"yoast_head":"<!-- This site is optimized with the Yoast SEO plugin v27.4 - https:\/\/yoast.com\/product\/yoast-seo-wordpress\/ -->\n<title>Uus p\u00fcsin\u00e4itus tutvustab helisevat p\u00e4randit - Vana-V\u00f5rumaa muuseumid<\/title>\n<meta name=\"robots\" content=\"index, follow, max-snippet:-1, max-image-preview:large, max-video-preview:-1\" \/>\n<link rel=\"canonical\" href=\"https:\/\/vanavorumaamuuseumid.ee\/vo\/moniste-naitus\/uus-naitus-tutvustab-helisevat-parandit\/\" \/>\n<meta property=\"og:locale\" content=\"en_US\" \/>\n<meta property=\"og:type\" content=\"article\" \/>\n<meta property=\"og:title\" content=\"Uus p\u00fcsin\u00e4itus tutvustab helisevat p\u00e4randit - Vana-V\u00f5rumaa muuseumid\" \/>\n<meta property=\"og:description\" content=\"24. mail avati M\u00f5niste Talurahvamuuseumis uus n\u00e4itus \u201e\u00dche pilli lugu\u201c, mille keskmes [&hellip;]\" \/>\n<meta property=\"og:url\" content=\"https:\/\/vanavorumaamuuseumid.ee\/vo\/moniste-naitus\/uus-naitus-tutvustab-helisevat-parandit\/\" \/>\n<meta property=\"og:site_name\" content=\"Vana-V\u00f5rumaa muuseumid\" \/>\n<meta property=\"article:modified_time\" content=\"2025-09-15T09:13:49+00:00\" \/>\n<meta property=\"og:image\" content=\"https:\/\/vanavorumaamuuseumid.ee\/wp-content\/uploads\/2025\/06\/Uhe-pilli-lugu_plakat-A3-600dpi-1-waike.jpg\" \/>\n\t<meta property=\"og:image:width\" content=\"1389\" \/>\n\t<meta property=\"og:image:height\" content=\"1920\" \/>\n\t<meta property=\"og:image:type\" content=\"image\/jpeg\" \/>\n<meta name=\"twitter:card\" content=\"summary_large_image\" \/>\n<meta name=\"twitter:label1\" content=\"Est. reading time\" \/>\n\t<meta name=\"twitter:data1\" content=\"1 minute\" \/>\n<script type=\"application\/ld+json\" class=\"yoast-schema-graph\">{\"@context\":\"https:\\\/\\\/schema.org\",\"@graph\":[{\"@type\":\"WebPage\",\"@id\":\"https:\\\/\\\/vanavorumaamuuseumid.ee\\\/moniste-naitus\\\/uus-naitus-tutvustab-helisevat-parandit\\\/\",\"url\":\"https:\\\/\\\/vanavorumaamuuseumid.ee\\\/moniste-naitus\\\/uus-naitus-tutvustab-helisevat-parandit\\\/\",\"name\":\"Uus p\u00fcsin\u00e4itus tutvustab helisevat p\u00e4randit - Vana-V\u00f5rumaa muuseumid\",\"isPartOf\":{\"@id\":\"https:\\\/\\\/vanavorumaamuuseumid.ee\\\/#website\"},\"primaryImageOfPage\":{\"@id\":\"https:\\\/\\\/vanavorumaamuuseumid.ee\\\/moniste-naitus\\\/uus-naitus-tutvustab-helisevat-parandit\\\/#primaryimage\"},\"image\":{\"@id\":\"https:\\\/\\\/vanavorumaamuuseumid.ee\\\/moniste-naitus\\\/uus-naitus-tutvustab-helisevat-parandit\\\/#primaryimage\"},\"thumbnailUrl\":\"https:\\\/\\\/vanavorumaamuuseumid.ee\\\/wp-content\\\/uploads\\\/2025\\\/06\\\/Uhe-pilli-lugu_plakat-A3-600dpi-1-waike.jpg\",\"datePublished\":\"2025-06-10T14:11:30+00:00\",\"dateModified\":\"2025-09-15T09:13:49+00:00\",\"breadcrumb\":{\"@id\":\"https:\\\/\\\/vanavorumaamuuseumid.ee\\\/moniste-naitus\\\/uus-naitus-tutvustab-helisevat-parandit\\\/#breadcrumb\"},\"inLanguage\":\"vo\",\"potentialAction\":[{\"@type\":\"ReadAction\",\"target\":[\"https:\\\/\\\/vanavorumaamuuseumid.ee\\\/moniste-naitus\\\/uus-naitus-tutvustab-helisevat-parandit\\\/\"]}]},{\"@type\":\"ImageObject\",\"inLanguage\":\"vo\",\"@id\":\"https:\\\/\\\/vanavorumaamuuseumid.ee\\\/moniste-naitus\\\/uus-naitus-tutvustab-helisevat-parandit\\\/#primaryimage\",\"url\":\"https:\\\/\\\/vanavorumaamuuseumid.ee\\\/wp-content\\\/uploads\\\/2025\\\/06\\\/Uhe-pilli-lugu_plakat-A3-600dpi-1-waike.jpg\",\"contentUrl\":\"https:\\\/\\\/vanavorumaamuuseumid.ee\\\/wp-content\\\/uploads\\\/2025\\\/06\\\/Uhe-pilli-lugu_plakat-A3-600dpi-1-waike.jpg\",\"width\":1389,\"height\":1920},{\"@type\":\"BreadcrumbList\",\"@id\":\"https:\\\/\\\/vanavorumaamuuseumid.ee\\\/moniste-naitus\\\/uus-naitus-tutvustab-helisevat-parandit\\\/#breadcrumb\",\"itemListElement\":[{\"@type\":\"ListItem\",\"position\":1,\"name\":\"Home\",\"item\":\"https:\\\/\\\/vanavorumaamuuseumid.ee\\\/\"},{\"@type\":\"ListItem\",\"position\":2,\"name\":\"Uus p\u00fcsin\u00e4itus tutvustab helisevat p\u00e4randit\"}]},{\"@type\":\"WebSite\",\"@id\":\"https:\\\/\\\/vanavorumaamuuseumid.ee\\\/#website\",\"url\":\"https:\\\/\\\/vanavorumaamuuseumid.ee\\\/\",\"name\":\"Vana-V\u00f5rumaa Muuseumid\",\"description\":\"V\u00f5rumaa Muuseum, Dr. Fr. R. Kreutzwaldi Memoriaalmuuseum, M\u00f5niste Talurahvamuuseum ja Karilatsi Vaba\u00f5humuuseum\",\"publisher\":{\"@id\":\"https:\\\/\\\/vanavorumaamuuseumid.ee\\\/#organization\"},\"potentialAction\":[{\"@type\":\"SearchAction\",\"target\":{\"@type\":\"EntryPoint\",\"urlTemplate\":\"https:\\\/\\\/vanavorumaamuuseumid.ee\\\/?s={search_term_string}\"},\"query-input\":{\"@type\":\"PropertyValueSpecification\",\"valueRequired\":true,\"valueName\":\"search_term_string\"}}],\"inLanguage\":\"vo\"},{\"@type\":\"Organization\",\"@id\":\"https:\\\/\\\/vanavorumaamuuseumid.ee\\\/#organization\",\"name\":\"V\u00f5ru Instituut\",\"url\":\"https:\\\/\\\/vanavorumaamuuseumid.ee\\\/\",\"logo\":{\"@type\":\"ImageObject\",\"inLanguage\":\"vo\",\"@id\":\"https:\\\/\\\/vanavorumaamuuseumid.ee\\\/#\\\/schema\\\/logo\\\/image\\\/\",\"url\":\"https:\\\/\\\/vanavorumaamuuseumid.ee\\\/wp-content\\\/uploads\\\/2025\\\/05\\\/vana-voromaa-muusoumi-250516.svg\",\"contentUrl\":\"https:\\\/\\\/vanavorumaamuuseumid.ee\\\/wp-content\\\/uploads\\\/2025\\\/05\\\/vana-voromaa-muusoumi-250516.svg\",\"width\":567,\"height\":80,\"caption\":\"V\u00f5ru Instituut\"},\"image\":{\"@id\":\"https:\\\/\\\/vanavorumaamuuseumid.ee\\\/#\\\/schema\\\/logo\\\/image\\\/\"}}]}<\/script>\n<!-- \/ Yoast SEO plugin. -->","yoast_head_json":{"title":"Uus p\u00fcsin\u00e4itus tutvustab helisevat p\u00e4randit - Vana-V\u00f5rumaa muuseumid","robots":{"index":"index","follow":"follow","max-snippet":"max-snippet:-1","max-image-preview":"max-image-preview:large","max-video-preview":"max-video-preview:-1"},"canonical":"https:\/\/vanavorumaamuuseumid.ee\/vo\/moniste-naitus\/uus-naitus-tutvustab-helisevat-parandit\/","og_locale":"en_US","og_type":"article","og_title":"Uus p\u00fcsin\u00e4itus tutvustab helisevat p\u00e4randit - Vana-V\u00f5rumaa muuseumid","og_description":"24. mail avati M\u00f5niste Talurahvamuuseumis uus n\u00e4itus \u201e\u00dche pilli lugu\u201c, mille keskmes [&hellip;]","og_url":"https:\/\/vanavorumaamuuseumid.ee\/vo\/moniste-naitus\/uus-naitus-tutvustab-helisevat-parandit\/","og_site_name":"Vana-V\u00f5rumaa muuseumid","article_modified_time":"2025-09-15T09:13:49+00:00","og_image":[{"width":1389,"height":1920,"url":"https:\/\/vanavorumaamuuseumid.ee\/wp-content\/uploads\/2025\/06\/Uhe-pilli-lugu_plakat-A3-600dpi-1-waike.jpg","type":"image\/jpeg"}],"twitter_card":"summary_large_image","twitter_misc":{"Est. reading time":"1 minute"},"schema":{"@context":"https:\/\/schema.org","@graph":[{"@type":"WebPage","@id":"https:\/\/vanavorumaamuuseumid.ee\/moniste-naitus\/uus-naitus-tutvustab-helisevat-parandit\/","url":"https:\/\/vanavorumaamuuseumid.ee\/moniste-naitus\/uus-naitus-tutvustab-helisevat-parandit\/","name":"Uus p\u00fcsin\u00e4itus tutvustab helisevat p\u00e4randit - Vana-V\u00f5rumaa muuseumid","isPartOf":{"@id":"https:\/\/vanavorumaamuuseumid.ee\/#website"},"primaryImageOfPage":{"@id":"https:\/\/vanavorumaamuuseumid.ee\/moniste-naitus\/uus-naitus-tutvustab-helisevat-parandit\/#primaryimage"},"image":{"@id":"https:\/\/vanavorumaamuuseumid.ee\/moniste-naitus\/uus-naitus-tutvustab-helisevat-parandit\/#primaryimage"},"thumbnailUrl":"https:\/\/vanavorumaamuuseumid.ee\/wp-content\/uploads\/2025\/06\/Uhe-pilli-lugu_plakat-A3-600dpi-1-waike.jpg","datePublished":"2025-06-10T14:11:30+00:00","dateModified":"2025-09-15T09:13:49+00:00","breadcrumb":{"@id":"https:\/\/vanavorumaamuuseumid.ee\/moniste-naitus\/uus-naitus-tutvustab-helisevat-parandit\/#breadcrumb"},"inLanguage":"vo","potentialAction":[{"@type":"ReadAction","target":["https:\/\/vanavorumaamuuseumid.ee\/moniste-naitus\/uus-naitus-tutvustab-helisevat-parandit\/"]}]},{"@type":"ImageObject","inLanguage":"vo","@id":"https:\/\/vanavorumaamuuseumid.ee\/moniste-naitus\/uus-naitus-tutvustab-helisevat-parandit\/#primaryimage","url":"https:\/\/vanavorumaamuuseumid.ee\/wp-content\/uploads\/2025\/06\/Uhe-pilli-lugu_plakat-A3-600dpi-1-waike.jpg","contentUrl":"https:\/\/vanavorumaamuuseumid.ee\/wp-content\/uploads\/2025\/06\/Uhe-pilli-lugu_plakat-A3-600dpi-1-waike.jpg","width":1389,"height":1920},{"@type":"BreadcrumbList","@id":"https:\/\/vanavorumaamuuseumid.ee\/moniste-naitus\/uus-naitus-tutvustab-helisevat-parandit\/#breadcrumb","itemListElement":[{"@type":"ListItem","position":1,"name":"Home","item":"https:\/\/vanavorumaamuuseumid.ee\/"},{"@type":"ListItem","position":2,"name":"Uus p\u00fcsin\u00e4itus tutvustab helisevat p\u00e4randit"}]},{"@type":"WebSite","@id":"https:\/\/vanavorumaamuuseumid.ee\/#website","url":"https:\/\/vanavorumaamuuseumid.ee\/","name":"Vana-V\u00f5rumaa Muuseumid","description":"V\u00f5rumaa Muuseum, Dr. Fr. R. Kreutzwaldi Memoriaalmuuseum, M\u00f5niste Talurahvamuuseum ja Karilatsi Vaba\u00f5humuuseum","publisher":{"@id":"https:\/\/vanavorumaamuuseumid.ee\/#organization"},"potentialAction":[{"@type":"SearchAction","target":{"@type":"EntryPoint","urlTemplate":"https:\/\/vanavorumaamuuseumid.ee\/?s={search_term_string}"},"query-input":{"@type":"PropertyValueSpecification","valueRequired":true,"valueName":"search_term_string"}}],"inLanguage":"vo"},{"@type":"Organization","@id":"https:\/\/vanavorumaamuuseumid.ee\/#organization","name":"V\u00f5ru Instituut","url":"https:\/\/vanavorumaamuuseumid.ee\/","logo":{"@type":"ImageObject","inLanguage":"vo","@id":"https:\/\/vanavorumaamuuseumid.ee\/#\/schema\/logo\/image\/","url":"https:\/\/vanavorumaamuuseumid.ee\/wp-content\/uploads\/2025\/05\/vana-voromaa-muusoumi-250516.svg","contentUrl":"https:\/\/vanavorumaamuuseumid.ee\/wp-content\/uploads\/2025\/05\/vana-voromaa-muusoumi-250516.svg","width":567,"height":80,"caption":"V\u00f5ru Instituut"},"image":{"@id":"https:\/\/vanavorumaamuuseumid.ee\/#\/schema\/logo\/image\/"}}]}},"_links":{"self":[{"href":"https:\/\/vanavorumaamuuseumid.ee\/vo\/wp-json\/wp\/v2\/moniste-naitus\/1203","targetHints":{"allow":["GET"]}}],"collection":[{"href":"https:\/\/vanavorumaamuuseumid.ee\/vo\/wp-json\/wp\/v2\/moniste-naitus"}],"about":[{"href":"https:\/\/vanavorumaamuuseumid.ee\/vo\/wp-json\/wp\/v2\/types\/moniste-naitus"}],"wp:featuredmedia":[{"embeddable":true,"href":"https:\/\/vanavorumaamuuseumid.ee\/vo\/wp-json\/wp\/v2\/media\/2552"}],"wp:attachment":[{"href":"https:\/\/vanavorumaamuuseumid.ee\/vo\/wp-json\/wp\/v2\/media?parent=1203"}],"curies":[{"name":"wp","href":"https:\/\/api.w.org\/{rel}","templated":true}]}}