{"id":2558,"date":"2025-09-09T13:03:56","date_gmt":"2025-09-09T10:03:56","guid":{"rendered":"https:\/\/vanavorumaamuuseumid.ee\/?post_type=moniste-naitus&#038;p=2558"},"modified":"2025-09-11T21:57:58","modified_gmt":"2025-09-11T18:57:58","slug":"valjapanek-klaas-meie-laual","status":"publish","type":"moniste-naitus","link":"https:\/\/vanavorumaamuuseumid.ee\/vo\/moniste-naitus\/valjapanek-klaas-meie-laual\/","title":{"rendered":"V\u00e4ljapanek \u201eKlaas meie laual\u201c"},"content":{"rendered":"<p>M\u00f5niste muuseumis on avatud uus klaasn\u00f5usid tutvustav v\u00e4ljapanek. Kaupmehe eluruumi vitriinkapis on v\u00e4ljas nii Eesti klaasidisaini klassikuid 20. sajandi teisest poolest kui ka vanemaid esemeid 1900ndate algusest. Sealhulgas n\u00e4iteks klaasist noa- ja kahvlialused M\u00f5niste m\u00f5isast ning Tarbeklaasi kunstniku Eino M\u00e4elti 1985. aastal disainitud tsentrifugaalklaasist kauss \u201eKaali\u201c.<\/p>\n\n\n\n<p>Lisaks silmailule pakub v\u00e4ljapanek nii vanematele kui ka noorematele taasavastamisr\u00f5\u00f5mu. J\u00f5uluperioodil saab n\u00f5ude k\u00f5rval imetleda vanu, nostalgiah\u00f5ngulisi klaasist kuuseehteid.<\/p>","protected":false},"featured_media":2560,"template":"","class_list":["post-2558","moniste-naitus","type-moniste-naitus","status-publish","has-post-thumbnail","hentry"],"acf":[],"yoast_head":"<!-- This site is optimized with the Yoast SEO plugin v27.4 - https:\/\/yoast.com\/product\/yoast-seo-wordpress\/ -->\n<title>V\u00e4ljapanek \u201eKlaas meie laual\u201c - Vana-V\u00f5rumaa muuseumid<\/title>\n<meta name=\"robots\" content=\"index, follow, max-snippet:-1, max-image-preview:large, max-video-preview:-1\" \/>\n<link rel=\"canonical\" href=\"https:\/\/vanavorumaamuuseumid.ee\/vo\/moniste-naitus\/valjapanek-klaas-meie-laual\/\" \/>\n<meta property=\"og:locale\" content=\"en_US\" \/>\n<meta property=\"og:type\" content=\"article\" \/>\n<meta property=\"og:title\" content=\"V\u00e4ljapanek \u201eKlaas meie laual\u201c - Vana-V\u00f5rumaa muuseumid\" \/>\n<meta property=\"og:description\" content=\"M\u00f5niste muuseumis on avatud uus klaasn\u00f5usid tutvustav v\u00e4ljapanek. Kaupmehe eluruumi vitriinkapis on [&hellip;]\" \/>\n<meta property=\"og:url\" content=\"https:\/\/vanavorumaamuuseumid.ee\/vo\/moniste-naitus\/valjapanek-klaas-meie-laual\/\" \/>\n<meta property=\"og:site_name\" content=\"Vana-V\u00f5rumaa muuseumid\" \/>\n<meta property=\"article:modified_time\" content=\"2025-09-11T18:57:58+00:00\" \/>\n<meta property=\"og:image\" content=\"https:\/\/vanavorumaamuuseumid.ee\/wp-content\/uploads\/2025\/09\/plakat_klaas-e1757412193542.png\" \/>\n\t<meta property=\"og:image:width\" content=\"1094\" \/>\n\t<meta property=\"og:image:height\" content=\"540\" \/>\n\t<meta property=\"og:image:type\" content=\"image\/png\" \/>\n<meta name=\"twitter:card\" content=\"summary_large_image\" \/>\n<script type=\"application\/ld+json\" class=\"yoast-schema-graph\">{\"@context\":\"https:\\\/\\\/schema.org\",\"@graph\":[{\"@type\":\"WebPage\",\"@id\":\"https:\\\/\\\/vanavorumaamuuseumid.ee\\\/moniste-naitus\\\/valjapanek-klaas-meie-laual\\\/\",\"url\":\"https:\\\/\\\/vanavorumaamuuseumid.ee\\\/moniste-naitus\\\/valjapanek-klaas-meie-laual\\\/\",\"name\":\"V\u00e4ljapanek \u201eKlaas meie laual\u201c - Vana-V\u00f5rumaa muuseumid\",\"isPartOf\":{\"@id\":\"https:\\\/\\\/vanavorumaamuuseumid.ee\\\/#website\"},\"primaryImageOfPage\":{\"@id\":\"https:\\\/\\\/vanavorumaamuuseumid.ee\\\/moniste-naitus\\\/valjapanek-klaas-meie-laual\\\/#primaryimage\"},\"image\":{\"@id\":\"https:\\\/\\\/vanavorumaamuuseumid.ee\\\/moniste-naitus\\\/valjapanek-klaas-meie-laual\\\/#primaryimage\"},\"thumbnailUrl\":\"https:\\\/\\\/vanavorumaamuuseumid.ee\\\/wp-content\\\/uploads\\\/2025\\\/09\\\/plakat_klaas-e1757412193542.png\",\"datePublished\":\"2025-09-09T10:03:56+00:00\",\"dateModified\":\"2025-09-11T18:57:58+00:00\",\"breadcrumb\":{\"@id\":\"https:\\\/\\\/vanavorumaamuuseumid.ee\\\/moniste-naitus\\\/valjapanek-klaas-meie-laual\\\/#breadcrumb\"},\"inLanguage\":\"vo\",\"potentialAction\":[{\"@type\":\"ReadAction\",\"target\":[\"https:\\\/\\\/vanavorumaamuuseumid.ee\\\/moniste-naitus\\\/valjapanek-klaas-meie-laual\\\/\"]}]},{\"@type\":\"ImageObject\",\"inLanguage\":\"vo\",\"@id\":\"https:\\\/\\\/vanavorumaamuuseumid.ee\\\/moniste-naitus\\\/valjapanek-klaas-meie-laual\\\/#primaryimage\",\"url\":\"https:\\\/\\\/vanavorumaamuuseumid.ee\\\/wp-content\\\/uploads\\\/2025\\\/09\\\/plakat_klaas-e1757412193542.png\",\"contentUrl\":\"https:\\\/\\\/vanavorumaamuuseumid.ee\\\/wp-content\\\/uploads\\\/2025\\\/09\\\/plakat_klaas-e1757412193542.png\",\"width\":1094,\"height\":540},{\"@type\":\"BreadcrumbList\",\"@id\":\"https:\\\/\\\/vanavorumaamuuseumid.ee\\\/moniste-naitus\\\/valjapanek-klaas-meie-laual\\\/#breadcrumb\",\"itemListElement\":[{\"@type\":\"ListItem\",\"position\":1,\"name\":\"Home\",\"item\":\"https:\\\/\\\/vanavorumaamuuseumid.ee\\\/\"},{\"@type\":\"ListItem\",\"position\":2,\"name\":\"V\u00e4ljapanek \u201eKlaas meie laual\u201c\"}]},{\"@type\":\"WebSite\",\"@id\":\"https:\\\/\\\/vanavorumaamuuseumid.ee\\\/#website\",\"url\":\"https:\\\/\\\/vanavorumaamuuseumid.ee\\\/\",\"name\":\"Vana-V\u00f5rumaa Muuseumid\",\"description\":\"V\u00f5rumaa Muuseum, Dr. Fr. R. Kreutzwaldi Memoriaalmuuseum, M\u00f5niste Talurahvamuuseum ja Karilatsi Vaba\u00f5humuuseum\",\"publisher\":{\"@id\":\"https:\\\/\\\/vanavorumaamuuseumid.ee\\\/#organization\"},\"potentialAction\":[{\"@type\":\"SearchAction\",\"target\":{\"@type\":\"EntryPoint\",\"urlTemplate\":\"https:\\\/\\\/vanavorumaamuuseumid.ee\\\/?s={search_term_string}\"},\"query-input\":{\"@type\":\"PropertyValueSpecification\",\"valueRequired\":true,\"valueName\":\"search_term_string\"}}],\"inLanguage\":\"vo\"},{\"@type\":\"Organization\",\"@id\":\"https:\\\/\\\/vanavorumaamuuseumid.ee\\\/#organization\",\"name\":\"V\u00f5ru Instituut\",\"url\":\"https:\\\/\\\/vanavorumaamuuseumid.ee\\\/\",\"logo\":{\"@type\":\"ImageObject\",\"inLanguage\":\"vo\",\"@id\":\"https:\\\/\\\/vanavorumaamuuseumid.ee\\\/#\\\/schema\\\/logo\\\/image\\\/\",\"url\":\"https:\\\/\\\/vanavorumaamuuseumid.ee\\\/wp-content\\\/uploads\\\/2025\\\/05\\\/vana-voromaa-muusoumi-250516.svg\",\"contentUrl\":\"https:\\\/\\\/vanavorumaamuuseumid.ee\\\/wp-content\\\/uploads\\\/2025\\\/05\\\/vana-voromaa-muusoumi-250516.svg\",\"width\":567,\"height\":80,\"caption\":\"V\u00f5ru Instituut\"},\"image\":{\"@id\":\"https:\\\/\\\/vanavorumaamuuseumid.ee\\\/#\\\/schema\\\/logo\\\/image\\\/\"}}]}<\/script>\n<!-- \/ Yoast SEO plugin. -->","yoast_head_json":{"title":"V\u00e4ljapanek \u201eKlaas meie laual\u201c - Vana-V\u00f5rumaa muuseumid","robots":{"index":"index","follow":"follow","max-snippet":"max-snippet:-1","max-image-preview":"max-image-preview:large","max-video-preview":"max-video-preview:-1"},"canonical":"https:\/\/vanavorumaamuuseumid.ee\/vo\/moniste-naitus\/valjapanek-klaas-meie-laual\/","og_locale":"en_US","og_type":"article","og_title":"V\u00e4ljapanek \u201eKlaas meie laual\u201c - Vana-V\u00f5rumaa muuseumid","og_description":"M\u00f5niste muuseumis on avatud uus klaasn\u00f5usid tutvustav v\u00e4ljapanek. Kaupmehe eluruumi vitriinkapis on [&hellip;]","og_url":"https:\/\/vanavorumaamuuseumid.ee\/vo\/moniste-naitus\/valjapanek-klaas-meie-laual\/","og_site_name":"Vana-V\u00f5rumaa muuseumid","article_modified_time":"2025-09-11T18:57:58+00:00","og_image":[{"width":1094,"height":540,"url":"https:\/\/vanavorumaamuuseumid.ee\/wp-content\/uploads\/2025\/09\/plakat_klaas-e1757412193542.png","type":"image\/png"}],"twitter_card":"summary_large_image","schema":{"@context":"https:\/\/schema.org","@graph":[{"@type":"WebPage","@id":"https:\/\/vanavorumaamuuseumid.ee\/moniste-naitus\/valjapanek-klaas-meie-laual\/","url":"https:\/\/vanavorumaamuuseumid.ee\/moniste-naitus\/valjapanek-klaas-meie-laual\/","name":"V\u00e4ljapanek \u201eKlaas meie laual\u201c - Vana-V\u00f5rumaa muuseumid","isPartOf":{"@id":"https:\/\/vanavorumaamuuseumid.ee\/#website"},"primaryImageOfPage":{"@id":"https:\/\/vanavorumaamuuseumid.ee\/moniste-naitus\/valjapanek-klaas-meie-laual\/#primaryimage"},"image":{"@id":"https:\/\/vanavorumaamuuseumid.ee\/moniste-naitus\/valjapanek-klaas-meie-laual\/#primaryimage"},"thumbnailUrl":"https:\/\/vanavorumaamuuseumid.ee\/wp-content\/uploads\/2025\/09\/plakat_klaas-e1757412193542.png","datePublished":"2025-09-09T10:03:56+00:00","dateModified":"2025-09-11T18:57:58+00:00","breadcrumb":{"@id":"https:\/\/vanavorumaamuuseumid.ee\/moniste-naitus\/valjapanek-klaas-meie-laual\/#breadcrumb"},"inLanguage":"vo","potentialAction":[{"@type":"ReadAction","target":["https:\/\/vanavorumaamuuseumid.ee\/moniste-naitus\/valjapanek-klaas-meie-laual\/"]}]},{"@type":"ImageObject","inLanguage":"vo","@id":"https:\/\/vanavorumaamuuseumid.ee\/moniste-naitus\/valjapanek-klaas-meie-laual\/#primaryimage","url":"https:\/\/vanavorumaamuuseumid.ee\/wp-content\/uploads\/2025\/09\/plakat_klaas-e1757412193542.png","contentUrl":"https:\/\/vanavorumaamuuseumid.ee\/wp-content\/uploads\/2025\/09\/plakat_klaas-e1757412193542.png","width":1094,"height":540},{"@type":"BreadcrumbList","@id":"https:\/\/vanavorumaamuuseumid.ee\/moniste-naitus\/valjapanek-klaas-meie-laual\/#breadcrumb","itemListElement":[{"@type":"ListItem","position":1,"name":"Home","item":"https:\/\/vanavorumaamuuseumid.ee\/"},{"@type":"ListItem","position":2,"name":"V\u00e4ljapanek \u201eKlaas meie laual\u201c"}]},{"@type":"WebSite","@id":"https:\/\/vanavorumaamuuseumid.ee\/#website","url":"https:\/\/vanavorumaamuuseumid.ee\/","name":"Vana-V\u00f5rumaa Muuseumid","description":"V\u00f5rumaa Muuseum, Dr. Fr. R. Kreutzwaldi Memoriaalmuuseum, M\u00f5niste Talurahvamuuseum ja Karilatsi Vaba\u00f5humuuseum","publisher":{"@id":"https:\/\/vanavorumaamuuseumid.ee\/#organization"},"potentialAction":[{"@type":"SearchAction","target":{"@type":"EntryPoint","urlTemplate":"https:\/\/vanavorumaamuuseumid.ee\/?s={search_term_string}"},"query-input":{"@type":"PropertyValueSpecification","valueRequired":true,"valueName":"search_term_string"}}],"inLanguage":"vo"},{"@type":"Organization","@id":"https:\/\/vanavorumaamuuseumid.ee\/#organization","name":"V\u00f5ru Instituut","url":"https:\/\/vanavorumaamuuseumid.ee\/","logo":{"@type":"ImageObject","inLanguage":"vo","@id":"https:\/\/vanavorumaamuuseumid.ee\/#\/schema\/logo\/image\/","url":"https:\/\/vanavorumaamuuseumid.ee\/wp-content\/uploads\/2025\/05\/vana-voromaa-muusoumi-250516.svg","contentUrl":"https:\/\/vanavorumaamuuseumid.ee\/wp-content\/uploads\/2025\/05\/vana-voromaa-muusoumi-250516.svg","width":567,"height":80,"caption":"V\u00f5ru Instituut"},"image":{"@id":"https:\/\/vanavorumaamuuseumid.ee\/#\/schema\/logo\/image\/"}}]}},"_links":{"self":[{"href":"https:\/\/vanavorumaamuuseumid.ee\/vo\/wp-json\/wp\/v2\/moniste-naitus\/2558","targetHints":{"allow":["GET"]}}],"collection":[{"href":"https:\/\/vanavorumaamuuseumid.ee\/vo\/wp-json\/wp\/v2\/moniste-naitus"}],"about":[{"href":"https:\/\/vanavorumaamuuseumid.ee\/vo\/wp-json\/wp\/v2\/types\/moniste-naitus"}],"wp:featuredmedia":[{"embeddable":true,"href":"https:\/\/vanavorumaamuuseumid.ee\/vo\/wp-json\/wp\/v2\/media\/2560"}],"wp:attachment":[{"href":"https:\/\/vanavorumaamuuseumid.ee\/vo\/wp-json\/wp\/v2\/media?parent=2558"}],"curies":[{"name":"wp","href":"https:\/\/api.w.org\/{rel}","templated":true}]}}