{"id":2570,"date":"2025-09-09T13:19:04","date_gmt":"2025-09-09T10:19:04","guid":{"rendered":"https:\/\/vanavorumaamuuseumid.ee\/?post_type=moniste-naitus&#038;p=2570"},"modified":"2025-09-09T13:19:05","modified_gmt":"2025-09-09T10:19:05","slug":"kellad-naitusel-okva-prolla","status":"publish","type":"moniste-naitus","link":"https:\/\/vanavorumaamuuseumid.ee\/vo\/moniste-naitus\/kellad-naitusel-okva-prolla\/","title":{"rendered":"Kellad n\u00e4itusel \u201e\u00d5kva pr\u00f5lla\u2019!\u201c"},"content":{"rendered":"<p>Alates 21. augustist on M\u00f5niste Talurahvamuuseumi kaupmehe eluruumis avatud uus ajutine v\u00e4ljapanek \u201e\u00d5kva pr\u00f5lla\u2019!\u201c, mis tutvustab erinevaid kellasid muuseumi kogudest.<\/p>\n\n\n\n<p>Lisaks sellele on v\u00f5imalik p\u00f5gusalt tutvuda 19. sajandi l\u00f5pu ning 20. sajandi alguse Saksamaa kellavabrikute ajalooga. N\u00e4iteks saab teada, milline vabrik tegi 1990ndatel maailma k\u00f5ige veekindlama k\u00e4ekella ning mida t\u00e4hendab tekst <em>Le Roi a Paris<\/em> erinevate kellade sihverplaadil.<\/p>","protected":false},"featured_media":2577,"template":"","class_list":["post-2570","moniste-naitus","type-moniste-naitus","status-publish","has-post-thumbnail","hentry"],"acf":[],"yoast_head":"<!-- This site is optimized with the Yoast SEO plugin v27.4 - https:\/\/yoast.com\/product\/yoast-seo-wordpress\/ -->\n<title>Kellad n\u00e4itusel \u201e\u00d5kva pr\u00f5lla\u2019!\u201c - Vana-V\u00f5rumaa muuseumid<\/title>\n<meta name=\"robots\" content=\"index, follow, max-snippet:-1, max-image-preview:large, max-video-preview:-1\" \/>\n<link rel=\"canonical\" href=\"https:\/\/vanavorumaamuuseumid.ee\/vo\/moniste-naitus\/kellad-naitusel-okva-prolla\/\" \/>\n<meta property=\"og:locale\" content=\"en_US\" \/>\n<meta property=\"og:type\" content=\"article\" \/>\n<meta property=\"og:title\" content=\"Kellad n\u00e4itusel \u201e\u00d5kva pr\u00f5lla\u2019!\u201c - Vana-V\u00f5rumaa muuseumid\" \/>\n<meta property=\"og:description\" content=\"Alates 21. augustist on M\u00f5niste Talurahvamuuseumi kaupmehe eluruumis avatud uus ajutine v\u00e4ljapanek [&hellip;]\" \/>\n<meta property=\"og:url\" content=\"https:\/\/vanavorumaamuuseumid.ee\/vo\/moniste-naitus\/kellad-naitusel-okva-prolla\/\" \/>\n<meta property=\"og:site_name\" content=\"Vana-V\u00f5rumaa muuseumid\" \/>\n<meta property=\"article:modified_time\" content=\"2025-09-09T10:19:05+00:00\" \/>\n<meta property=\"og:image\" content=\"https:\/\/vanavorumaamuuseumid.ee\/wp-content\/uploads\/2025\/09\/okwa-pr6lla-e1757413130494.jpg\" \/>\n\t<meta property=\"og:image:width\" content=\"1274\" \/>\n\t<meta property=\"og:image:height\" content=\"627\" \/>\n\t<meta property=\"og:image:type\" content=\"image\/jpeg\" \/>\n<meta name=\"twitter:card\" content=\"summary_large_image\" \/>\n<script type=\"application\/ld+json\" class=\"yoast-schema-graph\">{\"@context\":\"https:\\\/\\\/schema.org\",\"@graph\":[{\"@type\":\"WebPage\",\"@id\":\"https:\\\/\\\/vanavorumaamuuseumid.ee\\\/moniste-naitus\\\/kellad-naitusel-okva-prolla\\\/\",\"url\":\"https:\\\/\\\/vanavorumaamuuseumid.ee\\\/moniste-naitus\\\/kellad-naitusel-okva-prolla\\\/\",\"name\":\"Kellad n\u00e4itusel \u201e\u00d5kva pr\u00f5lla\u2019!\u201c - Vana-V\u00f5rumaa muuseumid\",\"isPartOf\":{\"@id\":\"https:\\\/\\\/vanavorumaamuuseumid.ee\\\/#website\"},\"primaryImageOfPage\":{\"@id\":\"https:\\\/\\\/vanavorumaamuuseumid.ee\\\/moniste-naitus\\\/kellad-naitusel-okva-prolla\\\/#primaryimage\"},\"image\":{\"@id\":\"https:\\\/\\\/vanavorumaamuuseumid.ee\\\/moniste-naitus\\\/kellad-naitusel-okva-prolla\\\/#primaryimage\"},\"thumbnailUrl\":\"https:\\\/\\\/vanavorumaamuuseumid.ee\\\/wp-content\\\/uploads\\\/2025\\\/09\\\/okwa-pr6lla-e1757413130494.jpg\",\"datePublished\":\"2025-09-09T10:19:04+00:00\",\"dateModified\":\"2025-09-09T10:19:05+00:00\",\"breadcrumb\":{\"@id\":\"https:\\\/\\\/vanavorumaamuuseumid.ee\\\/moniste-naitus\\\/kellad-naitusel-okva-prolla\\\/#breadcrumb\"},\"inLanguage\":\"vo\",\"potentialAction\":[{\"@type\":\"ReadAction\",\"target\":[\"https:\\\/\\\/vanavorumaamuuseumid.ee\\\/moniste-naitus\\\/kellad-naitusel-okva-prolla\\\/\"]}]},{\"@type\":\"ImageObject\",\"inLanguage\":\"vo\",\"@id\":\"https:\\\/\\\/vanavorumaamuuseumid.ee\\\/moniste-naitus\\\/kellad-naitusel-okva-prolla\\\/#primaryimage\",\"url\":\"https:\\\/\\\/vanavorumaamuuseumid.ee\\\/wp-content\\\/uploads\\\/2025\\\/09\\\/okwa-pr6lla-e1757413130494.jpg\",\"contentUrl\":\"https:\\\/\\\/vanavorumaamuuseumid.ee\\\/wp-content\\\/uploads\\\/2025\\\/09\\\/okwa-pr6lla-e1757413130494.jpg\",\"width\":1274,\"height\":627},{\"@type\":\"BreadcrumbList\",\"@id\":\"https:\\\/\\\/vanavorumaamuuseumid.ee\\\/moniste-naitus\\\/kellad-naitusel-okva-prolla\\\/#breadcrumb\",\"itemListElement\":[{\"@type\":\"ListItem\",\"position\":1,\"name\":\"Home\",\"item\":\"https:\\\/\\\/vanavorumaamuuseumid.ee\\\/\"},{\"@type\":\"ListItem\",\"position\":2,\"name\":\"Kellad n\u00e4itusel \u201e\u00d5kva pr\u00f5lla\u2019!\u201c\"}]},{\"@type\":\"WebSite\",\"@id\":\"https:\\\/\\\/vanavorumaamuuseumid.ee\\\/#website\",\"url\":\"https:\\\/\\\/vanavorumaamuuseumid.ee\\\/\",\"name\":\"Vana-V\u00f5rumaa Muuseumid\",\"description\":\"V\u00f5rumaa Muuseum, Dr. Fr. R. Kreutzwaldi Memoriaalmuuseum, M\u00f5niste Talurahvamuuseum ja Karilatsi Vaba\u00f5humuuseum\",\"publisher\":{\"@id\":\"https:\\\/\\\/vanavorumaamuuseumid.ee\\\/#organization\"},\"potentialAction\":[{\"@type\":\"SearchAction\",\"target\":{\"@type\":\"EntryPoint\",\"urlTemplate\":\"https:\\\/\\\/vanavorumaamuuseumid.ee\\\/?s={search_term_string}\"},\"query-input\":{\"@type\":\"PropertyValueSpecification\",\"valueRequired\":true,\"valueName\":\"search_term_string\"}}],\"inLanguage\":\"vo\"},{\"@type\":\"Organization\",\"@id\":\"https:\\\/\\\/vanavorumaamuuseumid.ee\\\/#organization\",\"name\":\"V\u00f5ru Instituut\",\"url\":\"https:\\\/\\\/vanavorumaamuuseumid.ee\\\/\",\"logo\":{\"@type\":\"ImageObject\",\"inLanguage\":\"vo\",\"@id\":\"https:\\\/\\\/vanavorumaamuuseumid.ee\\\/#\\\/schema\\\/logo\\\/image\\\/\",\"url\":\"https:\\\/\\\/vanavorumaamuuseumid.ee\\\/wp-content\\\/uploads\\\/2025\\\/05\\\/vana-voromaa-muusoumi-250516.svg\",\"contentUrl\":\"https:\\\/\\\/vanavorumaamuuseumid.ee\\\/wp-content\\\/uploads\\\/2025\\\/05\\\/vana-voromaa-muusoumi-250516.svg\",\"width\":567,\"height\":80,\"caption\":\"V\u00f5ru Instituut\"},\"image\":{\"@id\":\"https:\\\/\\\/vanavorumaamuuseumid.ee\\\/#\\\/schema\\\/logo\\\/image\\\/\"}}]}<\/script>\n<!-- \/ Yoast SEO plugin. -->","yoast_head_json":{"title":"Kellad n\u00e4itusel \u201e\u00d5kva pr\u00f5lla\u2019!\u201c - Vana-V\u00f5rumaa muuseumid","robots":{"index":"index","follow":"follow","max-snippet":"max-snippet:-1","max-image-preview":"max-image-preview:large","max-video-preview":"max-video-preview:-1"},"canonical":"https:\/\/vanavorumaamuuseumid.ee\/vo\/moniste-naitus\/kellad-naitusel-okva-prolla\/","og_locale":"en_US","og_type":"article","og_title":"Kellad n\u00e4itusel \u201e\u00d5kva pr\u00f5lla\u2019!\u201c - Vana-V\u00f5rumaa muuseumid","og_description":"Alates 21. augustist on M\u00f5niste Talurahvamuuseumi kaupmehe eluruumis avatud uus ajutine v\u00e4ljapanek [&hellip;]","og_url":"https:\/\/vanavorumaamuuseumid.ee\/vo\/moniste-naitus\/kellad-naitusel-okva-prolla\/","og_site_name":"Vana-V\u00f5rumaa muuseumid","article_modified_time":"2025-09-09T10:19:05+00:00","og_image":[{"width":1274,"height":627,"url":"https:\/\/vanavorumaamuuseumid.ee\/wp-content\/uploads\/2025\/09\/okwa-pr6lla-e1757413130494.jpg","type":"image\/jpeg"}],"twitter_card":"summary_large_image","schema":{"@context":"https:\/\/schema.org","@graph":[{"@type":"WebPage","@id":"https:\/\/vanavorumaamuuseumid.ee\/moniste-naitus\/kellad-naitusel-okva-prolla\/","url":"https:\/\/vanavorumaamuuseumid.ee\/moniste-naitus\/kellad-naitusel-okva-prolla\/","name":"Kellad n\u00e4itusel \u201e\u00d5kva pr\u00f5lla\u2019!\u201c - Vana-V\u00f5rumaa muuseumid","isPartOf":{"@id":"https:\/\/vanavorumaamuuseumid.ee\/#website"},"primaryImageOfPage":{"@id":"https:\/\/vanavorumaamuuseumid.ee\/moniste-naitus\/kellad-naitusel-okva-prolla\/#primaryimage"},"image":{"@id":"https:\/\/vanavorumaamuuseumid.ee\/moniste-naitus\/kellad-naitusel-okva-prolla\/#primaryimage"},"thumbnailUrl":"https:\/\/vanavorumaamuuseumid.ee\/wp-content\/uploads\/2025\/09\/okwa-pr6lla-e1757413130494.jpg","datePublished":"2025-09-09T10:19:04+00:00","dateModified":"2025-09-09T10:19:05+00:00","breadcrumb":{"@id":"https:\/\/vanavorumaamuuseumid.ee\/moniste-naitus\/kellad-naitusel-okva-prolla\/#breadcrumb"},"inLanguage":"vo","potentialAction":[{"@type":"ReadAction","target":["https:\/\/vanavorumaamuuseumid.ee\/moniste-naitus\/kellad-naitusel-okva-prolla\/"]}]},{"@type":"ImageObject","inLanguage":"vo","@id":"https:\/\/vanavorumaamuuseumid.ee\/moniste-naitus\/kellad-naitusel-okva-prolla\/#primaryimage","url":"https:\/\/vanavorumaamuuseumid.ee\/wp-content\/uploads\/2025\/09\/okwa-pr6lla-e1757413130494.jpg","contentUrl":"https:\/\/vanavorumaamuuseumid.ee\/wp-content\/uploads\/2025\/09\/okwa-pr6lla-e1757413130494.jpg","width":1274,"height":627},{"@type":"BreadcrumbList","@id":"https:\/\/vanavorumaamuuseumid.ee\/moniste-naitus\/kellad-naitusel-okva-prolla\/#breadcrumb","itemListElement":[{"@type":"ListItem","position":1,"name":"Home","item":"https:\/\/vanavorumaamuuseumid.ee\/"},{"@type":"ListItem","position":2,"name":"Kellad n\u00e4itusel \u201e\u00d5kva pr\u00f5lla\u2019!\u201c"}]},{"@type":"WebSite","@id":"https:\/\/vanavorumaamuuseumid.ee\/#website","url":"https:\/\/vanavorumaamuuseumid.ee\/","name":"Vana-V\u00f5rumaa Muuseumid","description":"V\u00f5rumaa Muuseum, Dr. Fr. R. Kreutzwaldi Memoriaalmuuseum, M\u00f5niste Talurahvamuuseum ja Karilatsi Vaba\u00f5humuuseum","publisher":{"@id":"https:\/\/vanavorumaamuuseumid.ee\/#organization"},"potentialAction":[{"@type":"SearchAction","target":{"@type":"EntryPoint","urlTemplate":"https:\/\/vanavorumaamuuseumid.ee\/?s={search_term_string}"},"query-input":{"@type":"PropertyValueSpecification","valueRequired":true,"valueName":"search_term_string"}}],"inLanguage":"vo"},{"@type":"Organization","@id":"https:\/\/vanavorumaamuuseumid.ee\/#organization","name":"V\u00f5ru Instituut","url":"https:\/\/vanavorumaamuuseumid.ee\/","logo":{"@type":"ImageObject","inLanguage":"vo","@id":"https:\/\/vanavorumaamuuseumid.ee\/#\/schema\/logo\/image\/","url":"https:\/\/vanavorumaamuuseumid.ee\/wp-content\/uploads\/2025\/05\/vana-voromaa-muusoumi-250516.svg","contentUrl":"https:\/\/vanavorumaamuuseumid.ee\/wp-content\/uploads\/2025\/05\/vana-voromaa-muusoumi-250516.svg","width":567,"height":80,"caption":"V\u00f5ru Instituut"},"image":{"@id":"https:\/\/vanavorumaamuuseumid.ee\/#\/schema\/logo\/image\/"}}]}},"_links":{"self":[{"href":"https:\/\/vanavorumaamuuseumid.ee\/vo\/wp-json\/wp\/v2\/moniste-naitus\/2570","targetHints":{"allow":["GET"]}}],"collection":[{"href":"https:\/\/vanavorumaamuuseumid.ee\/vo\/wp-json\/wp\/v2\/moniste-naitus"}],"about":[{"href":"https:\/\/vanavorumaamuuseumid.ee\/vo\/wp-json\/wp\/v2\/types\/moniste-naitus"}],"wp:featuredmedia":[{"embeddable":true,"href":"https:\/\/vanavorumaamuuseumid.ee\/vo\/wp-json\/wp\/v2\/media\/2577"}],"wp:attachment":[{"href":"https:\/\/vanavorumaamuuseumid.ee\/vo\/wp-json\/wp\/v2\/media?parent=2570"}],"curies":[{"name":"wp","href":"https:\/\/api.w.org\/{rel}","templated":true}]}}