{"id":2578,"date":"2025-09-09T13:26:59","date_gmt":"2025-09-09T10:26:59","guid":{"rendered":"https:\/\/vanavorumaamuuseumid.ee\/?post_type=moniste-naitus&#038;p=2578"},"modified":"2025-09-11T19:56:16","modified_gmt":"2025-09-11T16:56:16","slug":"valinaitus-avab-mesinduse-ajalugu","status":"publish","type":"moniste-naitus","link":"https:\/\/vanavorumaamuuseumid.ee\/vo\/moniste-naitus\/valinaitus-avab-mesinduse-ajalugu\/","title":{"rendered":"V\u00e4lin\u00e4itus avab mesinduse ajalugu"},"content":{"rendered":"<p>Muuseumi sisehoovis seinal on kaheksale tahvlile koondatud Eesti mesinduse ajalugu. Muinasajast alguse saav ajatelg tutvustab mesinduse arengut Eesti aladel l\u00e4bi eri ajastute kuni N\u00f5ukogude aja l\u00f5puni. Teljel on n\u00e4ha t\u00e4htsamad mesinduse valdkonna leiutised, n\u00e4iteks raamtaru ja meevurr, mis on ka meie mesinike t\u00f6\u00f6d h\u00f5lbustanud. Lisaks annab n\u00e4itus \u00fclevaate Eesti aladel kasutusel olnud tarut\u00fc\u00fcpidest.<\/p>\n\n\n\n<p>Magnetitega mesindusteemalist \u00f5uem\u00e4ngu on v\u00f5imalik m\u00e4ngida muuseumi territooriumil iseseisvalt, aga soovi korral saab kuulata juurde ka lugusid muuseumi giidilt.<\/p>\n\n\n\n<p>Ajaloon\u00e4itus ja \u00f5uem\u00e4ng moodustavad terviku, mida kasutatakse nii kooli- kui ka lasteaiagruppide muuseumitunnis \u201eLinda, linda!\u201c (eesti k \u201eLenda, lenda!\u201c).<\/p>","protected":false},"featured_media":2580,"template":"","class_list":["post-2578","moniste-naitus","type-moniste-naitus","status-publish","has-post-thumbnail","hentry"],"acf":[],"yoast_head":"<!-- This site is optimized with the Yoast SEO plugin v27.4 - https:\/\/yoast.com\/product\/yoast-seo-wordpress\/ -->\n<title>V\u00e4lin\u00e4itus avab mesinduse ajalugu - Vana-V\u00f5rumaa muuseumid<\/title>\n<meta name=\"robots\" content=\"index, follow, max-snippet:-1, max-image-preview:large, max-video-preview:-1\" \/>\n<link rel=\"canonical\" href=\"https:\/\/vanavorumaamuuseumid.ee\/vo\/moniste-naitus\/valinaitus-avab-mesinduse-ajalugu\/\" \/>\n<meta property=\"og:locale\" content=\"en_US\" \/>\n<meta property=\"og:type\" content=\"article\" \/>\n<meta property=\"og:title\" content=\"V\u00e4lin\u00e4itus avab mesinduse ajalugu - Vana-V\u00f5rumaa muuseumid\" \/>\n<meta property=\"og:description\" content=\"Muuseumi sisehoovis seinal on kaheksale tahvlile koondatud Eesti mesinduse ajalugu. Muinasajast alguse [&hellip;]\" \/>\n<meta property=\"og:url\" content=\"https:\/\/vanavorumaamuuseumid.ee\/vo\/moniste-naitus\/valinaitus-avab-mesinduse-ajalugu\/\" \/>\n<meta property=\"og:site_name\" content=\"Vana-V\u00f5rumaa muuseumid\" \/>\n<meta property=\"article:modified_time\" content=\"2025-09-11T16:56:16+00:00\" \/>\n<meta property=\"og:image\" content=\"https:\/\/vanavorumaamuuseumid.ee\/wp-content\/uploads\/2025\/09\/MFF28_7-n_1-e1757413558284.jpg\" \/>\n\t<meta property=\"og:image:width\" content=\"760\" \/>\n\t<meta property=\"og:image:height\" content=\"460\" \/>\n\t<meta property=\"og:image:type\" content=\"image\/jpeg\" \/>\n<meta name=\"twitter:card\" content=\"summary_large_image\" \/>\n<meta name=\"twitter:label1\" content=\"Est. reading time\" \/>\n\t<meta name=\"twitter:data1\" content=\"1 minute\" \/>\n<script type=\"application\/ld+json\" class=\"yoast-schema-graph\">{\"@context\":\"https:\\\/\\\/schema.org\",\"@graph\":[{\"@type\":\"WebPage\",\"@id\":\"https:\\\/\\\/vanavorumaamuuseumid.ee\\\/moniste-naitus\\\/valinaitus-avab-mesinduse-ajalugu\\\/\",\"url\":\"https:\\\/\\\/vanavorumaamuuseumid.ee\\\/moniste-naitus\\\/valinaitus-avab-mesinduse-ajalugu\\\/\",\"name\":\"V\u00e4lin\u00e4itus avab mesinduse ajalugu - Vana-V\u00f5rumaa muuseumid\",\"isPartOf\":{\"@id\":\"https:\\\/\\\/vanavorumaamuuseumid.ee\\\/#website\"},\"primaryImageOfPage\":{\"@id\":\"https:\\\/\\\/vanavorumaamuuseumid.ee\\\/moniste-naitus\\\/valinaitus-avab-mesinduse-ajalugu\\\/#primaryimage\"},\"image\":{\"@id\":\"https:\\\/\\\/vanavorumaamuuseumid.ee\\\/moniste-naitus\\\/valinaitus-avab-mesinduse-ajalugu\\\/#primaryimage\"},\"thumbnailUrl\":\"https:\\\/\\\/vanavorumaamuuseumid.ee\\\/wp-content\\\/uploads\\\/2025\\\/09\\\/MFF28_7-n_1-e1757413558284.jpg\",\"datePublished\":\"2025-09-09T10:26:59+00:00\",\"dateModified\":\"2025-09-11T16:56:16+00:00\",\"breadcrumb\":{\"@id\":\"https:\\\/\\\/vanavorumaamuuseumid.ee\\\/moniste-naitus\\\/valinaitus-avab-mesinduse-ajalugu\\\/#breadcrumb\"},\"inLanguage\":\"vo\",\"potentialAction\":[{\"@type\":\"ReadAction\",\"target\":[\"https:\\\/\\\/vanavorumaamuuseumid.ee\\\/moniste-naitus\\\/valinaitus-avab-mesinduse-ajalugu\\\/\"]}]},{\"@type\":\"ImageObject\",\"inLanguage\":\"vo\",\"@id\":\"https:\\\/\\\/vanavorumaamuuseumid.ee\\\/moniste-naitus\\\/valinaitus-avab-mesinduse-ajalugu\\\/#primaryimage\",\"url\":\"https:\\\/\\\/vanavorumaamuuseumid.ee\\\/wp-content\\\/uploads\\\/2025\\\/09\\\/MFF28_7-n_1-e1757413558284.jpg\",\"contentUrl\":\"https:\\\/\\\/vanavorumaamuuseumid.ee\\\/wp-content\\\/uploads\\\/2025\\\/09\\\/MFF28_7-n_1-e1757413558284.jpg\",\"width\":760,\"height\":460},{\"@type\":\"BreadcrumbList\",\"@id\":\"https:\\\/\\\/vanavorumaamuuseumid.ee\\\/moniste-naitus\\\/valinaitus-avab-mesinduse-ajalugu\\\/#breadcrumb\",\"itemListElement\":[{\"@type\":\"ListItem\",\"position\":1,\"name\":\"Home\",\"item\":\"https:\\\/\\\/vanavorumaamuuseumid.ee\\\/\"},{\"@type\":\"ListItem\",\"position\":2,\"name\":\"V\u00e4lin\u00e4itus avab mesinduse ajalugu\"}]},{\"@type\":\"WebSite\",\"@id\":\"https:\\\/\\\/vanavorumaamuuseumid.ee\\\/#website\",\"url\":\"https:\\\/\\\/vanavorumaamuuseumid.ee\\\/\",\"name\":\"Vana-V\u00f5rumaa Muuseumid\",\"description\":\"V\u00f5rumaa Muuseum, Dr. Fr. R. Kreutzwaldi Memoriaalmuuseum, M\u00f5niste Talurahvamuuseum ja Karilatsi Vaba\u00f5humuuseum\",\"publisher\":{\"@id\":\"https:\\\/\\\/vanavorumaamuuseumid.ee\\\/#organization\"},\"potentialAction\":[{\"@type\":\"SearchAction\",\"target\":{\"@type\":\"EntryPoint\",\"urlTemplate\":\"https:\\\/\\\/vanavorumaamuuseumid.ee\\\/?s={search_term_string}\"},\"query-input\":{\"@type\":\"PropertyValueSpecification\",\"valueRequired\":true,\"valueName\":\"search_term_string\"}}],\"inLanguage\":\"vo\"},{\"@type\":\"Organization\",\"@id\":\"https:\\\/\\\/vanavorumaamuuseumid.ee\\\/#organization\",\"name\":\"V\u00f5ru Instituut\",\"url\":\"https:\\\/\\\/vanavorumaamuuseumid.ee\\\/\",\"logo\":{\"@type\":\"ImageObject\",\"inLanguage\":\"vo\",\"@id\":\"https:\\\/\\\/vanavorumaamuuseumid.ee\\\/#\\\/schema\\\/logo\\\/image\\\/\",\"url\":\"https:\\\/\\\/vanavorumaamuuseumid.ee\\\/wp-content\\\/uploads\\\/2025\\\/05\\\/vana-voromaa-muusoumi-250516.svg\",\"contentUrl\":\"https:\\\/\\\/vanavorumaamuuseumid.ee\\\/wp-content\\\/uploads\\\/2025\\\/05\\\/vana-voromaa-muusoumi-250516.svg\",\"width\":567,\"height\":80,\"caption\":\"V\u00f5ru Instituut\"},\"image\":{\"@id\":\"https:\\\/\\\/vanavorumaamuuseumid.ee\\\/#\\\/schema\\\/logo\\\/image\\\/\"}}]}<\/script>\n<!-- \/ Yoast SEO plugin. -->","yoast_head_json":{"title":"V\u00e4lin\u00e4itus avab mesinduse ajalugu - Vana-V\u00f5rumaa muuseumid","robots":{"index":"index","follow":"follow","max-snippet":"max-snippet:-1","max-image-preview":"max-image-preview:large","max-video-preview":"max-video-preview:-1"},"canonical":"https:\/\/vanavorumaamuuseumid.ee\/vo\/moniste-naitus\/valinaitus-avab-mesinduse-ajalugu\/","og_locale":"en_US","og_type":"article","og_title":"V\u00e4lin\u00e4itus avab mesinduse ajalugu - Vana-V\u00f5rumaa muuseumid","og_description":"Muuseumi sisehoovis seinal on kaheksale tahvlile koondatud Eesti mesinduse ajalugu. Muinasajast alguse [&hellip;]","og_url":"https:\/\/vanavorumaamuuseumid.ee\/vo\/moniste-naitus\/valinaitus-avab-mesinduse-ajalugu\/","og_site_name":"Vana-V\u00f5rumaa muuseumid","article_modified_time":"2025-09-11T16:56:16+00:00","og_image":[{"width":760,"height":460,"url":"https:\/\/vanavorumaamuuseumid.ee\/wp-content\/uploads\/2025\/09\/MFF28_7-n_1-e1757413558284.jpg","type":"image\/jpeg"}],"twitter_card":"summary_large_image","twitter_misc":{"Est. reading time":"1 minute"},"schema":{"@context":"https:\/\/schema.org","@graph":[{"@type":"WebPage","@id":"https:\/\/vanavorumaamuuseumid.ee\/moniste-naitus\/valinaitus-avab-mesinduse-ajalugu\/","url":"https:\/\/vanavorumaamuuseumid.ee\/moniste-naitus\/valinaitus-avab-mesinduse-ajalugu\/","name":"V\u00e4lin\u00e4itus avab mesinduse ajalugu - Vana-V\u00f5rumaa muuseumid","isPartOf":{"@id":"https:\/\/vanavorumaamuuseumid.ee\/#website"},"primaryImageOfPage":{"@id":"https:\/\/vanavorumaamuuseumid.ee\/moniste-naitus\/valinaitus-avab-mesinduse-ajalugu\/#primaryimage"},"image":{"@id":"https:\/\/vanavorumaamuuseumid.ee\/moniste-naitus\/valinaitus-avab-mesinduse-ajalugu\/#primaryimage"},"thumbnailUrl":"https:\/\/vanavorumaamuuseumid.ee\/wp-content\/uploads\/2025\/09\/MFF28_7-n_1-e1757413558284.jpg","datePublished":"2025-09-09T10:26:59+00:00","dateModified":"2025-09-11T16:56:16+00:00","breadcrumb":{"@id":"https:\/\/vanavorumaamuuseumid.ee\/moniste-naitus\/valinaitus-avab-mesinduse-ajalugu\/#breadcrumb"},"inLanguage":"vo","potentialAction":[{"@type":"ReadAction","target":["https:\/\/vanavorumaamuuseumid.ee\/moniste-naitus\/valinaitus-avab-mesinduse-ajalugu\/"]}]},{"@type":"ImageObject","inLanguage":"vo","@id":"https:\/\/vanavorumaamuuseumid.ee\/moniste-naitus\/valinaitus-avab-mesinduse-ajalugu\/#primaryimage","url":"https:\/\/vanavorumaamuuseumid.ee\/wp-content\/uploads\/2025\/09\/MFF28_7-n_1-e1757413558284.jpg","contentUrl":"https:\/\/vanavorumaamuuseumid.ee\/wp-content\/uploads\/2025\/09\/MFF28_7-n_1-e1757413558284.jpg","width":760,"height":460},{"@type":"BreadcrumbList","@id":"https:\/\/vanavorumaamuuseumid.ee\/moniste-naitus\/valinaitus-avab-mesinduse-ajalugu\/#breadcrumb","itemListElement":[{"@type":"ListItem","position":1,"name":"Home","item":"https:\/\/vanavorumaamuuseumid.ee\/"},{"@type":"ListItem","position":2,"name":"V\u00e4lin\u00e4itus avab mesinduse ajalugu"}]},{"@type":"WebSite","@id":"https:\/\/vanavorumaamuuseumid.ee\/#website","url":"https:\/\/vanavorumaamuuseumid.ee\/","name":"Vana-V\u00f5rumaa Muuseumid","description":"V\u00f5rumaa Muuseum, Dr. Fr. R. Kreutzwaldi Memoriaalmuuseum, M\u00f5niste Talurahvamuuseum ja Karilatsi Vaba\u00f5humuuseum","publisher":{"@id":"https:\/\/vanavorumaamuuseumid.ee\/#organization"},"potentialAction":[{"@type":"SearchAction","target":{"@type":"EntryPoint","urlTemplate":"https:\/\/vanavorumaamuuseumid.ee\/?s={search_term_string}"},"query-input":{"@type":"PropertyValueSpecification","valueRequired":true,"valueName":"search_term_string"}}],"inLanguage":"vo"},{"@type":"Organization","@id":"https:\/\/vanavorumaamuuseumid.ee\/#organization","name":"V\u00f5ru Instituut","url":"https:\/\/vanavorumaamuuseumid.ee\/","logo":{"@type":"ImageObject","inLanguage":"vo","@id":"https:\/\/vanavorumaamuuseumid.ee\/#\/schema\/logo\/image\/","url":"https:\/\/vanavorumaamuuseumid.ee\/wp-content\/uploads\/2025\/05\/vana-voromaa-muusoumi-250516.svg","contentUrl":"https:\/\/vanavorumaamuuseumid.ee\/wp-content\/uploads\/2025\/05\/vana-voromaa-muusoumi-250516.svg","width":567,"height":80,"caption":"V\u00f5ru Instituut"},"image":{"@id":"https:\/\/vanavorumaamuuseumid.ee\/#\/schema\/logo\/image\/"}}]}},"_links":{"self":[{"href":"https:\/\/vanavorumaamuuseumid.ee\/vo\/wp-json\/wp\/v2\/moniste-naitus\/2578","targetHints":{"allow":["GET"]}}],"collection":[{"href":"https:\/\/vanavorumaamuuseumid.ee\/vo\/wp-json\/wp\/v2\/moniste-naitus"}],"about":[{"href":"https:\/\/vanavorumaamuuseumid.ee\/vo\/wp-json\/wp\/v2\/types\/moniste-naitus"}],"wp:featuredmedia":[{"embeddable":true,"href":"https:\/\/vanavorumaamuuseumid.ee\/vo\/wp-json\/wp\/v2\/media\/2580"}],"wp:attachment":[{"href":"https:\/\/vanavorumaamuuseumid.ee\/vo\/wp-json\/wp\/v2\/media?parent=2578"}],"curies":[{"name":"wp","href":"https:\/\/api.w.org\/{rel}","templated":true}]}}