{"id":2581,"date":"2025-09-09T13:32:41","date_gmt":"2025-09-09T10:32:41","guid":{"rendered":"https:\/\/vanavorumaamuuseumid.ee\/?post_type=moniste-naitus&#038;p=2581"},"modified":"2025-09-18T12:05:30","modified_gmt":"2025-09-18T09:05:30","slug":"naitus-voi-mis-ti-olti-nii-piinu","status":"publish","type":"moniste-naitus","link":"https:\/\/vanavorumaamuuseumid.ee\/vo\/moniste-naitus\/naitus-voi-mis-ti-olti-nii-piinu\/","title":{"rendered":"N\u00e4itus \u201eV\u00f5i mis ti olti nii piin\u00fc\u2019\u201c"},"content":{"rendered":"<p>Muuseumi peamajas kaupmehe eluruumi vitriinkapis on 1. juulist kuni 1. septembrini v\u00f5imalik uudistada nii muuseumi kui ka erakogust p\u00e4rit olevaid, peamiselt 20. sajandi alguses moes olnud naiste peakatteid. V\u00e4ljapanekus \u201eV\u00f5i mis ti olti nii piin\u00fc\u2019\u201c on eksponeeritud v\u00e4rskelt Konserveerimis- ja Digiteerimiskeskuses Kanut taastatud linnatanud ning naistek\u00fcbarad.<\/p>","protected":false},"featured_media":2582,"template":"","class_list":["post-2581","moniste-naitus","type-moniste-naitus","status-publish","has-post-thumbnail","hentry"],"acf":[],"yoast_head":"<!-- This site is optimized with the Yoast SEO plugin v27.4 - https:\/\/yoast.com\/product\/yoast-seo-wordpress\/ -->\n<title>N\u00e4itus \u201eV\u00f5i mis ti olti nii piin\u00fc\u2019\u201c - Vana-V\u00f5rumaa muuseumid<\/title>\n<meta name=\"robots\" content=\"index, follow, max-snippet:-1, max-image-preview:large, max-video-preview:-1\" \/>\n<link rel=\"canonical\" href=\"https:\/\/vanavorumaamuuseumid.ee\/vo\/moniste-naitus\/naitus-voi-mis-ti-olti-nii-piinu\/\" \/>\n<meta property=\"og:locale\" content=\"en_US\" \/>\n<meta property=\"og:type\" content=\"article\" \/>\n<meta property=\"og:title\" content=\"N\u00e4itus \u201eV\u00f5i mis ti olti nii piin\u00fc\u2019\u201c - Vana-V\u00f5rumaa muuseumid\" \/>\n<meta property=\"og:description\" content=\"Muuseumi peamajas kaupmehe eluruumi vitriinkapis on 1. juulist kuni 1. septembrini v\u00f5imalik [&hellip;]\" \/>\n<meta property=\"og:url\" content=\"https:\/\/vanavorumaamuuseumid.ee\/vo\/moniste-naitus\/naitus-voi-mis-ti-olti-nii-piinu\/\" \/>\n<meta property=\"og:site_name\" content=\"Vana-V\u00f5rumaa muuseumid\" \/>\n<meta property=\"article:modified_time\" content=\"2025-09-18T09:05:30+00:00\" \/>\n<meta property=\"og:image\" content=\"https:\/\/vanavorumaamuuseumid.ee\/wp-content\/uploads\/2025\/09\/woi-mis-ti-olti-nii-piinu2-1-e1757413932780.jpg\" \/>\n\t<meta property=\"og:image:width\" content=\"1353\" \/>\n\t<meta property=\"og:image:height\" content=\"1562\" \/>\n\t<meta property=\"og:image:type\" content=\"image\/jpeg\" \/>\n<meta name=\"twitter:card\" content=\"summary_large_image\" \/>\n<script type=\"application\/ld+json\" class=\"yoast-schema-graph\">{\"@context\":\"https:\\\/\\\/schema.org\",\"@graph\":[{\"@type\":\"WebPage\",\"@id\":\"https:\\\/\\\/vanavorumaamuuseumid.ee\\\/moniste-naitus\\\/naitus-voi-mis-ti-olti-nii-piinu\\\/\",\"url\":\"https:\\\/\\\/vanavorumaamuuseumid.ee\\\/moniste-naitus\\\/naitus-voi-mis-ti-olti-nii-piinu\\\/\",\"name\":\"N\u00e4itus \u201eV\u00f5i mis ti olti nii piin\u00fc\u2019\u201c - Vana-V\u00f5rumaa muuseumid\",\"isPartOf\":{\"@id\":\"https:\\\/\\\/vanavorumaamuuseumid.ee\\\/#website\"},\"primaryImageOfPage\":{\"@id\":\"https:\\\/\\\/vanavorumaamuuseumid.ee\\\/moniste-naitus\\\/naitus-voi-mis-ti-olti-nii-piinu\\\/#primaryimage\"},\"image\":{\"@id\":\"https:\\\/\\\/vanavorumaamuuseumid.ee\\\/moniste-naitus\\\/naitus-voi-mis-ti-olti-nii-piinu\\\/#primaryimage\"},\"thumbnailUrl\":\"https:\\\/\\\/vanavorumaamuuseumid.ee\\\/wp-content\\\/uploads\\\/2025\\\/09\\\/woi-mis-ti-olti-nii-piinu2-1-e1757413932780.jpg\",\"datePublished\":\"2025-09-09T10:32:41+00:00\",\"dateModified\":\"2025-09-18T09:05:30+00:00\",\"breadcrumb\":{\"@id\":\"https:\\\/\\\/vanavorumaamuuseumid.ee\\\/moniste-naitus\\\/naitus-voi-mis-ti-olti-nii-piinu\\\/#breadcrumb\"},\"inLanguage\":\"vo\",\"potentialAction\":[{\"@type\":\"ReadAction\",\"target\":[\"https:\\\/\\\/vanavorumaamuuseumid.ee\\\/moniste-naitus\\\/naitus-voi-mis-ti-olti-nii-piinu\\\/\"]}]},{\"@type\":\"ImageObject\",\"inLanguage\":\"vo\",\"@id\":\"https:\\\/\\\/vanavorumaamuuseumid.ee\\\/moniste-naitus\\\/naitus-voi-mis-ti-olti-nii-piinu\\\/#primaryimage\",\"url\":\"https:\\\/\\\/vanavorumaamuuseumid.ee\\\/wp-content\\\/uploads\\\/2025\\\/09\\\/woi-mis-ti-olti-nii-piinu2-1-e1757413932780.jpg\",\"contentUrl\":\"https:\\\/\\\/vanavorumaamuuseumid.ee\\\/wp-content\\\/uploads\\\/2025\\\/09\\\/woi-mis-ti-olti-nii-piinu2-1-e1757413932780.jpg\",\"width\":1353,\"height\":1562},{\"@type\":\"BreadcrumbList\",\"@id\":\"https:\\\/\\\/vanavorumaamuuseumid.ee\\\/moniste-naitus\\\/naitus-voi-mis-ti-olti-nii-piinu\\\/#breadcrumb\",\"itemListElement\":[{\"@type\":\"ListItem\",\"position\":1,\"name\":\"Home\",\"item\":\"https:\\\/\\\/vanavorumaamuuseumid.ee\\\/\"},{\"@type\":\"ListItem\",\"position\":2,\"name\":\"N\u00e4itus \u201eV\u00f5i mis ti olti nii piin\u00fc\u2019\u201c\"}]},{\"@type\":\"WebSite\",\"@id\":\"https:\\\/\\\/vanavorumaamuuseumid.ee\\\/#website\",\"url\":\"https:\\\/\\\/vanavorumaamuuseumid.ee\\\/\",\"name\":\"Vana-V\u00f5rumaa Muuseumid\",\"description\":\"V\u00f5rumaa Muuseum, Dr. Fr. R. Kreutzwaldi Memoriaalmuuseum, M\u00f5niste Talurahvamuuseum ja Karilatsi Vaba\u00f5humuuseum\",\"publisher\":{\"@id\":\"https:\\\/\\\/vanavorumaamuuseumid.ee\\\/#organization\"},\"potentialAction\":[{\"@type\":\"SearchAction\",\"target\":{\"@type\":\"EntryPoint\",\"urlTemplate\":\"https:\\\/\\\/vanavorumaamuuseumid.ee\\\/?s={search_term_string}\"},\"query-input\":{\"@type\":\"PropertyValueSpecification\",\"valueRequired\":true,\"valueName\":\"search_term_string\"}}],\"inLanguage\":\"vo\"},{\"@type\":\"Organization\",\"@id\":\"https:\\\/\\\/vanavorumaamuuseumid.ee\\\/#organization\",\"name\":\"V\u00f5ru Instituut\",\"url\":\"https:\\\/\\\/vanavorumaamuuseumid.ee\\\/\",\"logo\":{\"@type\":\"ImageObject\",\"inLanguage\":\"vo\",\"@id\":\"https:\\\/\\\/vanavorumaamuuseumid.ee\\\/#\\\/schema\\\/logo\\\/image\\\/\",\"url\":\"https:\\\/\\\/vanavorumaamuuseumid.ee\\\/wp-content\\\/uploads\\\/2025\\\/05\\\/vana-voromaa-muusoumi-250516.svg\",\"contentUrl\":\"https:\\\/\\\/vanavorumaamuuseumid.ee\\\/wp-content\\\/uploads\\\/2025\\\/05\\\/vana-voromaa-muusoumi-250516.svg\",\"width\":567,\"height\":80,\"caption\":\"V\u00f5ru Instituut\"},\"image\":{\"@id\":\"https:\\\/\\\/vanavorumaamuuseumid.ee\\\/#\\\/schema\\\/logo\\\/image\\\/\"}}]}<\/script>\n<!-- \/ Yoast SEO plugin. -->","yoast_head_json":{"title":"N\u00e4itus \u201eV\u00f5i mis ti olti nii piin\u00fc\u2019\u201c - Vana-V\u00f5rumaa muuseumid","robots":{"index":"index","follow":"follow","max-snippet":"max-snippet:-1","max-image-preview":"max-image-preview:large","max-video-preview":"max-video-preview:-1"},"canonical":"https:\/\/vanavorumaamuuseumid.ee\/vo\/moniste-naitus\/naitus-voi-mis-ti-olti-nii-piinu\/","og_locale":"en_US","og_type":"article","og_title":"N\u00e4itus \u201eV\u00f5i mis ti olti nii piin\u00fc\u2019\u201c - Vana-V\u00f5rumaa muuseumid","og_description":"Muuseumi peamajas kaupmehe eluruumi vitriinkapis on 1. juulist kuni 1. septembrini v\u00f5imalik [&hellip;]","og_url":"https:\/\/vanavorumaamuuseumid.ee\/vo\/moniste-naitus\/naitus-voi-mis-ti-olti-nii-piinu\/","og_site_name":"Vana-V\u00f5rumaa muuseumid","article_modified_time":"2025-09-18T09:05:30+00:00","og_image":[{"width":1353,"height":1562,"url":"https:\/\/vanavorumaamuuseumid.ee\/wp-content\/uploads\/2025\/09\/woi-mis-ti-olti-nii-piinu2-1-e1757413932780.jpg","type":"image\/jpeg"}],"twitter_card":"summary_large_image","schema":{"@context":"https:\/\/schema.org","@graph":[{"@type":"WebPage","@id":"https:\/\/vanavorumaamuuseumid.ee\/moniste-naitus\/naitus-voi-mis-ti-olti-nii-piinu\/","url":"https:\/\/vanavorumaamuuseumid.ee\/moniste-naitus\/naitus-voi-mis-ti-olti-nii-piinu\/","name":"N\u00e4itus \u201eV\u00f5i mis ti olti nii piin\u00fc\u2019\u201c - Vana-V\u00f5rumaa muuseumid","isPartOf":{"@id":"https:\/\/vanavorumaamuuseumid.ee\/#website"},"primaryImageOfPage":{"@id":"https:\/\/vanavorumaamuuseumid.ee\/moniste-naitus\/naitus-voi-mis-ti-olti-nii-piinu\/#primaryimage"},"image":{"@id":"https:\/\/vanavorumaamuuseumid.ee\/moniste-naitus\/naitus-voi-mis-ti-olti-nii-piinu\/#primaryimage"},"thumbnailUrl":"https:\/\/vanavorumaamuuseumid.ee\/wp-content\/uploads\/2025\/09\/woi-mis-ti-olti-nii-piinu2-1-e1757413932780.jpg","datePublished":"2025-09-09T10:32:41+00:00","dateModified":"2025-09-18T09:05:30+00:00","breadcrumb":{"@id":"https:\/\/vanavorumaamuuseumid.ee\/moniste-naitus\/naitus-voi-mis-ti-olti-nii-piinu\/#breadcrumb"},"inLanguage":"vo","potentialAction":[{"@type":"ReadAction","target":["https:\/\/vanavorumaamuuseumid.ee\/moniste-naitus\/naitus-voi-mis-ti-olti-nii-piinu\/"]}]},{"@type":"ImageObject","inLanguage":"vo","@id":"https:\/\/vanavorumaamuuseumid.ee\/moniste-naitus\/naitus-voi-mis-ti-olti-nii-piinu\/#primaryimage","url":"https:\/\/vanavorumaamuuseumid.ee\/wp-content\/uploads\/2025\/09\/woi-mis-ti-olti-nii-piinu2-1-e1757413932780.jpg","contentUrl":"https:\/\/vanavorumaamuuseumid.ee\/wp-content\/uploads\/2025\/09\/woi-mis-ti-olti-nii-piinu2-1-e1757413932780.jpg","width":1353,"height":1562},{"@type":"BreadcrumbList","@id":"https:\/\/vanavorumaamuuseumid.ee\/moniste-naitus\/naitus-voi-mis-ti-olti-nii-piinu\/#breadcrumb","itemListElement":[{"@type":"ListItem","position":1,"name":"Home","item":"https:\/\/vanavorumaamuuseumid.ee\/"},{"@type":"ListItem","position":2,"name":"N\u00e4itus \u201eV\u00f5i mis ti olti nii piin\u00fc\u2019\u201c"}]},{"@type":"WebSite","@id":"https:\/\/vanavorumaamuuseumid.ee\/#website","url":"https:\/\/vanavorumaamuuseumid.ee\/","name":"Vana-V\u00f5rumaa Muuseumid","description":"V\u00f5rumaa Muuseum, Dr. Fr. R. Kreutzwaldi Memoriaalmuuseum, M\u00f5niste Talurahvamuuseum ja Karilatsi Vaba\u00f5humuuseum","publisher":{"@id":"https:\/\/vanavorumaamuuseumid.ee\/#organization"},"potentialAction":[{"@type":"SearchAction","target":{"@type":"EntryPoint","urlTemplate":"https:\/\/vanavorumaamuuseumid.ee\/?s={search_term_string}"},"query-input":{"@type":"PropertyValueSpecification","valueRequired":true,"valueName":"search_term_string"}}],"inLanguage":"vo"},{"@type":"Organization","@id":"https:\/\/vanavorumaamuuseumid.ee\/#organization","name":"V\u00f5ru Instituut","url":"https:\/\/vanavorumaamuuseumid.ee\/","logo":{"@type":"ImageObject","inLanguage":"vo","@id":"https:\/\/vanavorumaamuuseumid.ee\/#\/schema\/logo\/image\/","url":"https:\/\/vanavorumaamuuseumid.ee\/wp-content\/uploads\/2025\/05\/vana-voromaa-muusoumi-250516.svg","contentUrl":"https:\/\/vanavorumaamuuseumid.ee\/wp-content\/uploads\/2025\/05\/vana-voromaa-muusoumi-250516.svg","width":567,"height":80,"caption":"V\u00f5ru Instituut"},"image":{"@id":"https:\/\/vanavorumaamuuseumid.ee\/#\/schema\/logo\/image\/"}}]}},"_links":{"self":[{"href":"https:\/\/vanavorumaamuuseumid.ee\/vo\/wp-json\/wp\/v2\/moniste-naitus\/2581","targetHints":{"allow":["GET"]}}],"collection":[{"href":"https:\/\/vanavorumaamuuseumid.ee\/vo\/wp-json\/wp\/v2\/moniste-naitus"}],"about":[{"href":"https:\/\/vanavorumaamuuseumid.ee\/vo\/wp-json\/wp\/v2\/types\/moniste-naitus"}],"wp:featuredmedia":[{"embeddable":true,"href":"https:\/\/vanavorumaamuuseumid.ee\/vo\/wp-json\/wp\/v2\/media\/2582"}],"wp:attachment":[{"href":"https:\/\/vanavorumaamuuseumid.ee\/vo\/wp-json\/wp\/v2\/media?parent=2581"}],"curies":[{"name":"wp","href":"https:\/\/api.w.org\/{rel}","templated":true}]}}