{"id":2585,"date":"2025-09-09T13:42:20","date_gmt":"2025-09-09T10:42:20","guid":{"rendered":"https:\/\/vanavorumaamuuseumid.ee\/?post_type=moniste-naitus&#038;p=2585"},"modified":"2025-09-09T13:42:21","modified_gmt":"2025-09-09T10:42:21","slug":"naitus-paelavalss-tutvustab-imelist-paeltikandit","status":"publish","type":"moniste-naitus","link":"https:\/\/vanavorumaamuuseumid.ee\/vo\/moniste-naitus\/naitus-paelavalss-tutvustab-imelist-paeltikandit\/","title":{"rendered":"N\u00e4itus \u201ePaelavalss\u201c tutvustab imelist paeltikandit"},"content":{"rendered":"<p>1. juulil avatakse M\u00f5niste Talurahvamuuseumis v\u00e4ike n\u00e4itus \u201ePaelavalss\u201c, mis j\u00e4\u00e4b avatuks septembri l\u00f5puni. Vana kapi riiulitel on romantiline v\u00e4ljapanek, mille autorid on \u00dclle Hummal V\u00f5rumaalt ja Irina U\u0161akova Ida-Virumaalt. N\u00e4ha saab erinevaid paeltikandis ehteid ja aksessuaare ning kaunistatud v\u00e4ikeesemeid. \u00dclle ja Irina on m\u00f5lemad tegelnud paeltikandiga \u00fcle 12 aasta, soovivad pakkuda vaatajatele positiivset emotsiooni ning n\u00e4idata oma t\u00f6\u00f6dega paeltikandi erinevaid kasutusv\u00f5imalusi. Samal ajal M\u00f5niste v\u00e4ljapanekuga on avatud nende \u00fchisn\u00e4itus \u201eK\u00f5ik sai alguse n\u00f6\u00f6pidest\u201c Tuglase muuseumis P\u00f5lvamaal.<\/p>\n\n\n\n<p>28. septembril, kui n\u00e4itus l\u00f5peb, on M\u00f5niste muuseumis kavas ka \u00f5pituba, kus \u00dclle Hummal annab n\u00e4pun\u00e4iteid huvilistele, kes soovivad paeltikandit \u00f5ppida. Osalejad saavad valmistada endale ka v\u00e4ikse rinnaehte.<\/p>","protected":false},"featured_media":2586,"template":"","class_list":["post-2585","moniste-naitus","type-moniste-naitus","status-publish","has-post-thumbnail","hentry"],"acf":[],"yoast_head":"<!-- This site is optimized with the Yoast SEO plugin v27.4 - https:\/\/yoast.com\/product\/yoast-seo-wordpress\/ -->\n<title>N\u00e4itus \u201ePaelavalss\u201c tutvustab imelist paeltikandit - Vana-V\u00f5rumaa muuseumid<\/title>\n<meta name=\"robots\" content=\"index, follow, max-snippet:-1, max-image-preview:large, max-video-preview:-1\" \/>\n<link rel=\"canonical\" href=\"https:\/\/vanavorumaamuuseumid.ee\/vo\/moniste-naitus\/naitus-paelavalss-tutvustab-imelist-paeltikandit\/\" \/>\n<meta property=\"og:locale\" content=\"en_US\" \/>\n<meta property=\"og:type\" content=\"article\" \/>\n<meta property=\"og:title\" content=\"N\u00e4itus \u201ePaelavalss\u201c tutvustab imelist paeltikandit - Vana-V\u00f5rumaa muuseumid\" \/>\n<meta property=\"og:description\" content=\"1. juulil avatakse M\u00f5niste Talurahvamuuseumis v\u00e4ike n\u00e4itus \u201ePaelavalss\u201c, mis j\u00e4\u00e4b avatuks septembri [&hellip;]\" \/>\n<meta property=\"og:url\" content=\"https:\/\/vanavorumaamuuseumid.ee\/vo\/moniste-naitus\/naitus-paelavalss-tutvustab-imelist-paeltikandit\/\" \/>\n<meta property=\"og:site_name\" content=\"Vana-V\u00f5rumaa muuseumid\" \/>\n<meta property=\"article:modified_time\" content=\"2025-09-09T10:42:21+00:00\" \/>\n<meta property=\"og:image\" content=\"https:\/\/vanavorumaamuuseumid.ee\/wp-content\/uploads\/2025\/09\/Paelavalss-plakat-e1757414502491.jpg\" \/>\n\t<meta property=\"og:image:width\" content=\"1357\" \/>\n\t<meta property=\"og:image:height\" content=\"982\" \/>\n\t<meta property=\"og:image:type\" content=\"image\/jpeg\" \/>\n<meta name=\"twitter:card\" content=\"summary_large_image\" \/>\n<meta name=\"twitter:label1\" content=\"Est. reading time\" \/>\n\t<meta name=\"twitter:data1\" content=\"1 minute\" \/>\n<script type=\"application\/ld+json\" class=\"yoast-schema-graph\">{\"@context\":\"https:\\\/\\\/schema.org\",\"@graph\":[{\"@type\":\"WebPage\",\"@id\":\"https:\\\/\\\/vanavorumaamuuseumid.ee\\\/moniste-naitus\\\/naitus-paelavalss-tutvustab-imelist-paeltikandit\\\/\",\"url\":\"https:\\\/\\\/vanavorumaamuuseumid.ee\\\/moniste-naitus\\\/naitus-paelavalss-tutvustab-imelist-paeltikandit\\\/\",\"name\":\"N\u00e4itus \u201ePaelavalss\u201c tutvustab imelist paeltikandit - Vana-V\u00f5rumaa muuseumid\",\"isPartOf\":{\"@id\":\"https:\\\/\\\/vanavorumaamuuseumid.ee\\\/#website\"},\"primaryImageOfPage\":{\"@id\":\"https:\\\/\\\/vanavorumaamuuseumid.ee\\\/moniste-naitus\\\/naitus-paelavalss-tutvustab-imelist-paeltikandit\\\/#primaryimage\"},\"image\":{\"@id\":\"https:\\\/\\\/vanavorumaamuuseumid.ee\\\/moniste-naitus\\\/naitus-paelavalss-tutvustab-imelist-paeltikandit\\\/#primaryimage\"},\"thumbnailUrl\":\"https:\\\/\\\/vanavorumaamuuseumid.ee\\\/wp-content\\\/uploads\\\/2025\\\/09\\\/Paelavalss-plakat-e1757414502491.jpg\",\"datePublished\":\"2025-09-09T10:42:20+00:00\",\"dateModified\":\"2025-09-09T10:42:21+00:00\",\"breadcrumb\":{\"@id\":\"https:\\\/\\\/vanavorumaamuuseumid.ee\\\/moniste-naitus\\\/naitus-paelavalss-tutvustab-imelist-paeltikandit\\\/#breadcrumb\"},\"inLanguage\":\"vo\",\"potentialAction\":[{\"@type\":\"ReadAction\",\"target\":[\"https:\\\/\\\/vanavorumaamuuseumid.ee\\\/moniste-naitus\\\/naitus-paelavalss-tutvustab-imelist-paeltikandit\\\/\"]}]},{\"@type\":\"ImageObject\",\"inLanguage\":\"vo\",\"@id\":\"https:\\\/\\\/vanavorumaamuuseumid.ee\\\/moniste-naitus\\\/naitus-paelavalss-tutvustab-imelist-paeltikandit\\\/#primaryimage\",\"url\":\"https:\\\/\\\/vanavorumaamuuseumid.ee\\\/wp-content\\\/uploads\\\/2025\\\/09\\\/Paelavalss-plakat-e1757414502491.jpg\",\"contentUrl\":\"https:\\\/\\\/vanavorumaamuuseumid.ee\\\/wp-content\\\/uploads\\\/2025\\\/09\\\/Paelavalss-plakat-e1757414502491.jpg\",\"width\":1357,\"height\":982},{\"@type\":\"BreadcrumbList\",\"@id\":\"https:\\\/\\\/vanavorumaamuuseumid.ee\\\/moniste-naitus\\\/naitus-paelavalss-tutvustab-imelist-paeltikandit\\\/#breadcrumb\",\"itemListElement\":[{\"@type\":\"ListItem\",\"position\":1,\"name\":\"Home\",\"item\":\"https:\\\/\\\/vanavorumaamuuseumid.ee\\\/\"},{\"@type\":\"ListItem\",\"position\":2,\"name\":\"N\u00e4itus \u201ePaelavalss\u201c tutvustab imelist paeltikandit\"}]},{\"@type\":\"WebSite\",\"@id\":\"https:\\\/\\\/vanavorumaamuuseumid.ee\\\/#website\",\"url\":\"https:\\\/\\\/vanavorumaamuuseumid.ee\\\/\",\"name\":\"Vana-V\u00f5rumaa Muuseumid\",\"description\":\"V\u00f5rumaa Muuseum, Dr. Fr. R. Kreutzwaldi Memoriaalmuuseum, M\u00f5niste Talurahvamuuseum ja Karilatsi Vaba\u00f5humuuseum\",\"publisher\":{\"@id\":\"https:\\\/\\\/vanavorumaamuuseumid.ee\\\/#organization\"},\"potentialAction\":[{\"@type\":\"SearchAction\",\"target\":{\"@type\":\"EntryPoint\",\"urlTemplate\":\"https:\\\/\\\/vanavorumaamuuseumid.ee\\\/?s={search_term_string}\"},\"query-input\":{\"@type\":\"PropertyValueSpecification\",\"valueRequired\":true,\"valueName\":\"search_term_string\"}}],\"inLanguage\":\"vo\"},{\"@type\":\"Organization\",\"@id\":\"https:\\\/\\\/vanavorumaamuuseumid.ee\\\/#organization\",\"name\":\"V\u00f5ru Instituut\",\"url\":\"https:\\\/\\\/vanavorumaamuuseumid.ee\\\/\",\"logo\":{\"@type\":\"ImageObject\",\"inLanguage\":\"vo\",\"@id\":\"https:\\\/\\\/vanavorumaamuuseumid.ee\\\/#\\\/schema\\\/logo\\\/image\\\/\",\"url\":\"https:\\\/\\\/vanavorumaamuuseumid.ee\\\/wp-content\\\/uploads\\\/2025\\\/05\\\/vana-voromaa-muusoumi-250516.svg\",\"contentUrl\":\"https:\\\/\\\/vanavorumaamuuseumid.ee\\\/wp-content\\\/uploads\\\/2025\\\/05\\\/vana-voromaa-muusoumi-250516.svg\",\"width\":567,\"height\":80,\"caption\":\"V\u00f5ru Instituut\"},\"image\":{\"@id\":\"https:\\\/\\\/vanavorumaamuuseumid.ee\\\/#\\\/schema\\\/logo\\\/image\\\/\"}}]}<\/script>\n<!-- \/ Yoast SEO plugin. -->","yoast_head_json":{"title":"N\u00e4itus \u201ePaelavalss\u201c tutvustab imelist paeltikandit - Vana-V\u00f5rumaa muuseumid","robots":{"index":"index","follow":"follow","max-snippet":"max-snippet:-1","max-image-preview":"max-image-preview:large","max-video-preview":"max-video-preview:-1"},"canonical":"https:\/\/vanavorumaamuuseumid.ee\/vo\/moniste-naitus\/naitus-paelavalss-tutvustab-imelist-paeltikandit\/","og_locale":"en_US","og_type":"article","og_title":"N\u00e4itus \u201ePaelavalss\u201c tutvustab imelist paeltikandit - Vana-V\u00f5rumaa muuseumid","og_description":"1. juulil avatakse M\u00f5niste Talurahvamuuseumis v\u00e4ike n\u00e4itus \u201ePaelavalss\u201c, mis j\u00e4\u00e4b avatuks septembri [&hellip;]","og_url":"https:\/\/vanavorumaamuuseumid.ee\/vo\/moniste-naitus\/naitus-paelavalss-tutvustab-imelist-paeltikandit\/","og_site_name":"Vana-V\u00f5rumaa muuseumid","article_modified_time":"2025-09-09T10:42:21+00:00","og_image":[{"width":1357,"height":982,"url":"https:\/\/vanavorumaamuuseumid.ee\/wp-content\/uploads\/2025\/09\/Paelavalss-plakat-e1757414502491.jpg","type":"image\/jpeg"}],"twitter_card":"summary_large_image","twitter_misc":{"Est. reading time":"1 minute"},"schema":{"@context":"https:\/\/schema.org","@graph":[{"@type":"WebPage","@id":"https:\/\/vanavorumaamuuseumid.ee\/moniste-naitus\/naitus-paelavalss-tutvustab-imelist-paeltikandit\/","url":"https:\/\/vanavorumaamuuseumid.ee\/moniste-naitus\/naitus-paelavalss-tutvustab-imelist-paeltikandit\/","name":"N\u00e4itus \u201ePaelavalss\u201c tutvustab imelist paeltikandit - Vana-V\u00f5rumaa muuseumid","isPartOf":{"@id":"https:\/\/vanavorumaamuuseumid.ee\/#website"},"primaryImageOfPage":{"@id":"https:\/\/vanavorumaamuuseumid.ee\/moniste-naitus\/naitus-paelavalss-tutvustab-imelist-paeltikandit\/#primaryimage"},"image":{"@id":"https:\/\/vanavorumaamuuseumid.ee\/moniste-naitus\/naitus-paelavalss-tutvustab-imelist-paeltikandit\/#primaryimage"},"thumbnailUrl":"https:\/\/vanavorumaamuuseumid.ee\/wp-content\/uploads\/2025\/09\/Paelavalss-plakat-e1757414502491.jpg","datePublished":"2025-09-09T10:42:20+00:00","dateModified":"2025-09-09T10:42:21+00:00","breadcrumb":{"@id":"https:\/\/vanavorumaamuuseumid.ee\/moniste-naitus\/naitus-paelavalss-tutvustab-imelist-paeltikandit\/#breadcrumb"},"inLanguage":"vo","potentialAction":[{"@type":"ReadAction","target":["https:\/\/vanavorumaamuuseumid.ee\/moniste-naitus\/naitus-paelavalss-tutvustab-imelist-paeltikandit\/"]}]},{"@type":"ImageObject","inLanguage":"vo","@id":"https:\/\/vanavorumaamuuseumid.ee\/moniste-naitus\/naitus-paelavalss-tutvustab-imelist-paeltikandit\/#primaryimage","url":"https:\/\/vanavorumaamuuseumid.ee\/wp-content\/uploads\/2025\/09\/Paelavalss-plakat-e1757414502491.jpg","contentUrl":"https:\/\/vanavorumaamuuseumid.ee\/wp-content\/uploads\/2025\/09\/Paelavalss-plakat-e1757414502491.jpg","width":1357,"height":982},{"@type":"BreadcrumbList","@id":"https:\/\/vanavorumaamuuseumid.ee\/moniste-naitus\/naitus-paelavalss-tutvustab-imelist-paeltikandit\/#breadcrumb","itemListElement":[{"@type":"ListItem","position":1,"name":"Home","item":"https:\/\/vanavorumaamuuseumid.ee\/"},{"@type":"ListItem","position":2,"name":"N\u00e4itus \u201ePaelavalss\u201c tutvustab imelist paeltikandit"}]},{"@type":"WebSite","@id":"https:\/\/vanavorumaamuuseumid.ee\/#website","url":"https:\/\/vanavorumaamuuseumid.ee\/","name":"Vana-V\u00f5rumaa Muuseumid","description":"V\u00f5rumaa Muuseum, Dr. Fr. R. Kreutzwaldi Memoriaalmuuseum, M\u00f5niste Talurahvamuuseum ja Karilatsi Vaba\u00f5humuuseum","publisher":{"@id":"https:\/\/vanavorumaamuuseumid.ee\/#organization"},"potentialAction":[{"@type":"SearchAction","target":{"@type":"EntryPoint","urlTemplate":"https:\/\/vanavorumaamuuseumid.ee\/?s={search_term_string}"},"query-input":{"@type":"PropertyValueSpecification","valueRequired":true,"valueName":"search_term_string"}}],"inLanguage":"vo"},{"@type":"Organization","@id":"https:\/\/vanavorumaamuuseumid.ee\/#organization","name":"V\u00f5ru Instituut","url":"https:\/\/vanavorumaamuuseumid.ee\/","logo":{"@type":"ImageObject","inLanguage":"vo","@id":"https:\/\/vanavorumaamuuseumid.ee\/#\/schema\/logo\/image\/","url":"https:\/\/vanavorumaamuuseumid.ee\/wp-content\/uploads\/2025\/05\/vana-voromaa-muusoumi-250516.svg","contentUrl":"https:\/\/vanavorumaamuuseumid.ee\/wp-content\/uploads\/2025\/05\/vana-voromaa-muusoumi-250516.svg","width":567,"height":80,"caption":"V\u00f5ru Instituut"},"image":{"@id":"https:\/\/vanavorumaamuuseumid.ee\/#\/schema\/logo\/image\/"}}]}},"_links":{"self":[{"href":"https:\/\/vanavorumaamuuseumid.ee\/vo\/wp-json\/wp\/v2\/moniste-naitus\/2585","targetHints":{"allow":["GET"]}}],"collection":[{"href":"https:\/\/vanavorumaamuuseumid.ee\/vo\/wp-json\/wp\/v2\/moniste-naitus"}],"about":[{"href":"https:\/\/vanavorumaamuuseumid.ee\/vo\/wp-json\/wp\/v2\/types\/moniste-naitus"}],"wp:featuredmedia":[{"embeddable":true,"href":"https:\/\/vanavorumaamuuseumid.ee\/vo\/wp-json\/wp\/v2\/media\/2586"}],"wp:attachment":[{"href":"https:\/\/vanavorumaamuuseumid.ee\/vo\/wp-json\/wp\/v2\/media?parent=2585"}],"curies":[{"name":"wp","href":"https:\/\/api.w.org\/{rel}","templated":true}]}}