{"id":3338,"date":"2025-09-30T14:08:19","date_gmt":"2025-09-30T11:08:19","guid":{"rendered":"https:\/\/vanavorumaamuuseumid.ee\/?post_type=moniste-sundmus&#038;p=3338"},"modified":"2025-09-30T14:08:19","modified_gmt":"2025-09-30T11:08:19","slug":"tegus-koolivaheaja-paev-moniste-muuseumis","status":"publish","type":"moniste-sundmus","link":"https:\/\/vanavorumaamuuseumid.ee\/vo\/moniste-sundmus\/tegus-koolivaheaja-paev-moniste-muuseumis\/","title":{"rendered":"Tegus koolivaheaja p\u00e4ev M\u00f5niste muuseumis"},"content":{"rendered":"<p>Varsti on k\u00e4es selle kooliaasta esimene vaheaeg. 23. oktoobril kella 10\u201314 ootame lapsi muuseumi. Kuna k\u00e4tte j\u00f5udnud ilus s\u00fcgis, siis jalutame v\u00e4rvirohkes metsas. Vaatame ja arutame, milline see s\u00fcgis metsas on, millised linnud on l\u00f5unasse lennanud ja mida metsaasukad s\u00fcgisel teevad. Korjame loodusest kaasa meisterdamiseks vajalikku materjali, et saaksime s\u00fcgise nii-\u00f6elda paberile panna.<\/p>\n\n\n\n<p>Meisterdame soojas toas. Vahepalaks kuulame jutte s\u00fcgisest ja arutame, missuguseid s\u00fcgisande keegi teab ning mida nendest teha saab. Toidust r\u00e4\u00e4kides l\u00e4heb alati k\u00f5ht t\u00fchjaks ja keha kinnitame tee ja n\u00e4ksidega. Kindlasti ka m\u00e4ngime, m\u00f5istatame, loeme vanas\u00f5nu ja teeme vahva aardejahi.<\/p>\n\n\n\n<p>Programmis osalemiseks on vaja registreeruda meili teel <a href=\"\/vo\/&\/#109;a&#x69;l&#x74;o&#x3a;m&#x61;&#114;&#x65;&#46;&#x74;&#97;&#x6d;&#116;i&#107;&#64;&#x77;i&#x2e;e&#x65;\">&#109;&#x61;&#114;&#x65;&#46;&#x74;&#97;&#x6d;&#116;&#x69;&#107;&#x40;w&#x69;&#46;&#x65;e<\/a> v\u00f5i telefonil 5622 8538. Osalustasu 5 eurot.<\/p>","protected":false},"featured_media":3366,"template":"","class_list":["post-3338","moniste-sundmus","type-moniste-sundmus","status-publish","has-post-thumbnail","hentry"],"acf":[],"yoast_head":"<!-- This site is optimized with the Yoast SEO plugin v27.4 - https:\/\/yoast.com\/product\/yoast-seo-wordpress\/ -->\n<title>Tegus koolivaheaja p\u00e4ev M\u00f5niste muuseumis - Vana-V\u00f5rumaa muuseumid<\/title>\n<meta name=\"robots\" content=\"index, follow, max-snippet:-1, max-image-preview:large, max-video-preview:-1\" \/>\n<link rel=\"canonical\" href=\"https:\/\/vanavorumaamuuseumid.ee\/vo\/moniste-sundmus\/tegus-koolivaheaja-paev-moniste-muuseumis\/\" \/>\n<meta property=\"og:locale\" content=\"en_US\" \/>\n<meta property=\"og:type\" content=\"article\" \/>\n<meta property=\"og:title\" content=\"Tegus koolivaheaja p\u00e4ev M\u00f5niste muuseumis - Vana-V\u00f5rumaa muuseumid\" \/>\n<meta property=\"og:description\" content=\"Varsti on k\u00e4es selle kooliaasta esimene vaheaeg. 23. oktoobril kella 10\u201314 ootame [&hellip;]\" \/>\n<meta property=\"og:url\" content=\"https:\/\/vanavorumaamuuseumid.ee\/vo\/moniste-sundmus\/tegus-koolivaheaja-paev-moniste-muuseumis\/\" \/>\n<meta property=\"og:site_name\" content=\"Vana-V\u00f5rumaa muuseumid\" \/>\n<meta property=\"og:image\" content=\"https:\/\/vanavorumaamuuseumid.ee\/wp-content\/uploads\/2025\/09\/20211006_1202110.jpg\" \/>\n\t<meta property=\"og:image:width\" content=\"1920\" \/>\n\t<meta property=\"og:image:height\" content=\"1080\" \/>\n\t<meta property=\"og:image:type\" content=\"image\/jpeg\" \/>\n<meta name=\"twitter:card\" content=\"summary_large_image\" \/>\n<meta name=\"twitter:label1\" content=\"Est. reading time\" \/>\n\t<meta name=\"twitter:data1\" content=\"1 minute\" \/>\n<script type=\"application\/ld+json\" class=\"yoast-schema-graph\">{\"@context\":\"https:\\\/\\\/schema.org\",\"@graph\":[{\"@type\":\"WebPage\",\"@id\":\"https:\\\/\\\/vanavorumaamuuseumid.ee\\\/moniste-sundmus\\\/tegus-koolivaheaja-paev-moniste-muuseumis\\\/\",\"url\":\"https:\\\/\\\/vanavorumaamuuseumid.ee\\\/moniste-sundmus\\\/tegus-koolivaheaja-paev-moniste-muuseumis\\\/\",\"name\":\"Tegus koolivaheaja p\u00e4ev M\u00f5niste muuseumis - Vana-V\u00f5rumaa muuseumid\",\"isPartOf\":{\"@id\":\"https:\\\/\\\/vanavorumaamuuseumid.ee\\\/#website\"},\"primaryImageOfPage\":{\"@id\":\"https:\\\/\\\/vanavorumaamuuseumid.ee\\\/moniste-sundmus\\\/tegus-koolivaheaja-paev-moniste-muuseumis\\\/#primaryimage\"},\"image\":{\"@id\":\"https:\\\/\\\/vanavorumaamuuseumid.ee\\\/moniste-sundmus\\\/tegus-koolivaheaja-paev-moniste-muuseumis\\\/#primaryimage\"},\"thumbnailUrl\":\"https:\\\/\\\/vanavorumaamuuseumid.ee\\\/wp-content\\\/uploads\\\/2025\\\/09\\\/20211006_1202110.jpg\",\"datePublished\":\"2025-09-30T11:08:19+00:00\",\"breadcrumb\":{\"@id\":\"https:\\\/\\\/vanavorumaamuuseumid.ee\\\/moniste-sundmus\\\/tegus-koolivaheaja-paev-moniste-muuseumis\\\/#breadcrumb\"},\"inLanguage\":\"vo\",\"potentialAction\":[{\"@type\":\"ReadAction\",\"target\":[\"https:\\\/\\\/vanavorumaamuuseumid.ee\\\/moniste-sundmus\\\/tegus-koolivaheaja-paev-moniste-muuseumis\\\/\"]}]},{\"@type\":\"ImageObject\",\"inLanguage\":\"vo\",\"@id\":\"https:\\\/\\\/vanavorumaamuuseumid.ee\\\/moniste-sundmus\\\/tegus-koolivaheaja-paev-moniste-muuseumis\\\/#primaryimage\",\"url\":\"https:\\\/\\\/vanavorumaamuuseumid.ee\\\/wp-content\\\/uploads\\\/2025\\\/09\\\/20211006_1202110.jpg\",\"contentUrl\":\"https:\\\/\\\/vanavorumaamuuseumid.ee\\\/wp-content\\\/uploads\\\/2025\\\/09\\\/20211006_1202110.jpg\",\"width\":1920,\"height\":1080},{\"@type\":\"BreadcrumbList\",\"@id\":\"https:\\\/\\\/vanavorumaamuuseumid.ee\\\/moniste-sundmus\\\/tegus-koolivaheaja-paev-moniste-muuseumis\\\/#breadcrumb\",\"itemListElement\":[{\"@type\":\"ListItem\",\"position\":1,\"name\":\"Home\",\"item\":\"https:\\\/\\\/vanavorumaamuuseumid.ee\\\/\"},{\"@type\":\"ListItem\",\"position\":2,\"name\":\"Tegus koolivaheaja p\u00e4ev M\u00f5niste muuseumis\"}]},{\"@type\":\"WebSite\",\"@id\":\"https:\\\/\\\/vanavorumaamuuseumid.ee\\\/#website\",\"url\":\"https:\\\/\\\/vanavorumaamuuseumid.ee\\\/\",\"name\":\"Vana-V\u00f5rumaa Muuseumid\",\"description\":\"V\u00f5rumaa Muuseum, Dr. Fr. R. Kreutzwaldi Memoriaalmuuseum, M\u00f5niste Talurahvamuuseum ja Karilatsi Vaba\u00f5humuuseum\",\"publisher\":{\"@id\":\"https:\\\/\\\/vanavorumaamuuseumid.ee\\\/#organization\"},\"potentialAction\":[{\"@type\":\"SearchAction\",\"target\":{\"@type\":\"EntryPoint\",\"urlTemplate\":\"https:\\\/\\\/vanavorumaamuuseumid.ee\\\/?s={search_term_string}\"},\"query-input\":{\"@type\":\"PropertyValueSpecification\",\"valueRequired\":true,\"valueName\":\"search_term_string\"}}],\"inLanguage\":\"vo\"},{\"@type\":\"Organization\",\"@id\":\"https:\\\/\\\/vanavorumaamuuseumid.ee\\\/#organization\",\"name\":\"V\u00f5ru Instituut\",\"url\":\"https:\\\/\\\/vanavorumaamuuseumid.ee\\\/\",\"logo\":{\"@type\":\"ImageObject\",\"inLanguage\":\"vo\",\"@id\":\"https:\\\/\\\/vanavorumaamuuseumid.ee\\\/#\\\/schema\\\/logo\\\/image\\\/\",\"url\":\"https:\\\/\\\/vanavorumaamuuseumid.ee\\\/wp-content\\\/uploads\\\/2025\\\/05\\\/vana-voromaa-muusoumi-250516.svg\",\"contentUrl\":\"https:\\\/\\\/vanavorumaamuuseumid.ee\\\/wp-content\\\/uploads\\\/2025\\\/05\\\/vana-voromaa-muusoumi-250516.svg\",\"width\":567,\"height\":80,\"caption\":\"V\u00f5ru Instituut\"},\"image\":{\"@id\":\"https:\\\/\\\/vanavorumaamuuseumid.ee\\\/#\\\/schema\\\/logo\\\/image\\\/\"}}]}<\/script>\n<!-- \/ Yoast SEO plugin. -->","yoast_head_json":{"title":"Tegus koolivaheaja p\u00e4ev M\u00f5niste muuseumis - Vana-V\u00f5rumaa muuseumid","robots":{"index":"index","follow":"follow","max-snippet":"max-snippet:-1","max-image-preview":"max-image-preview:large","max-video-preview":"max-video-preview:-1"},"canonical":"https:\/\/vanavorumaamuuseumid.ee\/vo\/moniste-sundmus\/tegus-koolivaheaja-paev-moniste-muuseumis\/","og_locale":"en_US","og_type":"article","og_title":"Tegus koolivaheaja p\u00e4ev M\u00f5niste muuseumis - Vana-V\u00f5rumaa muuseumid","og_description":"Varsti on k\u00e4es selle kooliaasta esimene vaheaeg. 23. oktoobril kella 10\u201314 ootame [&hellip;]","og_url":"https:\/\/vanavorumaamuuseumid.ee\/vo\/moniste-sundmus\/tegus-koolivaheaja-paev-moniste-muuseumis\/","og_site_name":"Vana-V\u00f5rumaa muuseumid","og_image":[{"width":1920,"height":1080,"url":"https:\/\/vanavorumaamuuseumid.ee\/wp-content\/uploads\/2025\/09\/20211006_1202110.jpg","type":"image\/jpeg"}],"twitter_card":"summary_large_image","twitter_misc":{"Est. reading time":"1 minute"},"schema":{"@context":"https:\/\/schema.org","@graph":[{"@type":"WebPage","@id":"https:\/\/vanavorumaamuuseumid.ee\/moniste-sundmus\/tegus-koolivaheaja-paev-moniste-muuseumis\/","url":"https:\/\/vanavorumaamuuseumid.ee\/moniste-sundmus\/tegus-koolivaheaja-paev-moniste-muuseumis\/","name":"Tegus koolivaheaja p\u00e4ev M\u00f5niste muuseumis - Vana-V\u00f5rumaa muuseumid","isPartOf":{"@id":"https:\/\/vanavorumaamuuseumid.ee\/#website"},"primaryImageOfPage":{"@id":"https:\/\/vanavorumaamuuseumid.ee\/moniste-sundmus\/tegus-koolivaheaja-paev-moniste-muuseumis\/#primaryimage"},"image":{"@id":"https:\/\/vanavorumaamuuseumid.ee\/moniste-sundmus\/tegus-koolivaheaja-paev-moniste-muuseumis\/#primaryimage"},"thumbnailUrl":"https:\/\/vanavorumaamuuseumid.ee\/wp-content\/uploads\/2025\/09\/20211006_1202110.jpg","datePublished":"2025-09-30T11:08:19+00:00","breadcrumb":{"@id":"https:\/\/vanavorumaamuuseumid.ee\/moniste-sundmus\/tegus-koolivaheaja-paev-moniste-muuseumis\/#breadcrumb"},"inLanguage":"vo","potentialAction":[{"@type":"ReadAction","target":["https:\/\/vanavorumaamuuseumid.ee\/moniste-sundmus\/tegus-koolivaheaja-paev-moniste-muuseumis\/"]}]},{"@type":"ImageObject","inLanguage":"vo","@id":"https:\/\/vanavorumaamuuseumid.ee\/moniste-sundmus\/tegus-koolivaheaja-paev-moniste-muuseumis\/#primaryimage","url":"https:\/\/vanavorumaamuuseumid.ee\/wp-content\/uploads\/2025\/09\/20211006_1202110.jpg","contentUrl":"https:\/\/vanavorumaamuuseumid.ee\/wp-content\/uploads\/2025\/09\/20211006_1202110.jpg","width":1920,"height":1080},{"@type":"BreadcrumbList","@id":"https:\/\/vanavorumaamuuseumid.ee\/moniste-sundmus\/tegus-koolivaheaja-paev-moniste-muuseumis\/#breadcrumb","itemListElement":[{"@type":"ListItem","position":1,"name":"Home","item":"https:\/\/vanavorumaamuuseumid.ee\/"},{"@type":"ListItem","position":2,"name":"Tegus koolivaheaja p\u00e4ev M\u00f5niste muuseumis"}]},{"@type":"WebSite","@id":"https:\/\/vanavorumaamuuseumid.ee\/#website","url":"https:\/\/vanavorumaamuuseumid.ee\/","name":"Vana-V\u00f5rumaa Muuseumid","description":"V\u00f5rumaa Muuseum, Dr. Fr. R. Kreutzwaldi Memoriaalmuuseum, M\u00f5niste Talurahvamuuseum ja Karilatsi Vaba\u00f5humuuseum","publisher":{"@id":"https:\/\/vanavorumaamuuseumid.ee\/#organization"},"potentialAction":[{"@type":"SearchAction","target":{"@type":"EntryPoint","urlTemplate":"https:\/\/vanavorumaamuuseumid.ee\/?s={search_term_string}"},"query-input":{"@type":"PropertyValueSpecification","valueRequired":true,"valueName":"search_term_string"}}],"inLanguage":"vo"},{"@type":"Organization","@id":"https:\/\/vanavorumaamuuseumid.ee\/#organization","name":"V\u00f5ru Instituut","url":"https:\/\/vanavorumaamuuseumid.ee\/","logo":{"@type":"ImageObject","inLanguage":"vo","@id":"https:\/\/vanavorumaamuuseumid.ee\/#\/schema\/logo\/image\/","url":"https:\/\/vanavorumaamuuseumid.ee\/wp-content\/uploads\/2025\/05\/vana-voromaa-muusoumi-250516.svg","contentUrl":"https:\/\/vanavorumaamuuseumid.ee\/wp-content\/uploads\/2025\/05\/vana-voromaa-muusoumi-250516.svg","width":567,"height":80,"caption":"V\u00f5ru Instituut"},"image":{"@id":"https:\/\/vanavorumaamuuseumid.ee\/#\/schema\/logo\/image\/"}}]}},"_links":{"self":[{"href":"https:\/\/vanavorumaamuuseumid.ee\/vo\/wp-json\/wp\/v2\/moniste-sundmus\/3338","targetHints":{"allow":["GET"]}}],"collection":[{"href":"https:\/\/vanavorumaamuuseumid.ee\/vo\/wp-json\/wp\/v2\/moniste-sundmus"}],"about":[{"href":"https:\/\/vanavorumaamuuseumid.ee\/vo\/wp-json\/wp\/v2\/types\/moniste-sundmus"}],"wp:featuredmedia":[{"embeddable":true,"href":"https:\/\/vanavorumaamuuseumid.ee\/vo\/wp-json\/wp\/v2\/media\/3366"}],"wp:attachment":[{"href":"https:\/\/vanavorumaamuuseumid.ee\/vo\/wp-json\/wp\/v2\/media?parent=3338"}],"curies":[{"name":"wp","href":"https:\/\/api.w.org\/{rel}","templated":true}]}}