{"id":4272,"date":"2025-10-29T12:46:08","date_gmt":"2025-10-29T10:46:08","guid":{"rendered":"https:\/\/vanavorumaamuuseumid.ee\/?post_type=moniste-sundmus&#038;p=4272"},"modified":"2025-10-29T12:56:29","modified_gmt":"2025-10-29T10:56:29","slug":"vorokeeline-sukus-moniston","status":"publish","type":"moniste-sundmus","link":"https:\/\/vanavorumaamuuseumid.ee\/vo\/moniste-sundmus\/vorokeeline-sukus-moniston\/","title":{"rendered":"V\u00f5rokeeline s\u00fck\u00fcs M\u00f5nist\u00f5n"},"content":{"rendered":"<p>Oktoobrikuu oll eestl\u00e4isi kall\u00f5ndrin nimmi pool\u00f5st v\u00e4ega kirriv. N\u00e4\u00fct\u00fcses \u2013 viinakuu. Seo nimi on tulnu saksa keelest ja om k\u00f6\u00fcdet s\u00fcg\u00fcsese viinaajamis\u00f5ga m\u00f5isan. Arvada hingiaost omma tulnu nimit\u00fcse \u201ehingekuu\u201c ja \u201ekooljakuu\u201c.<\/p>\n\n\n\n<p>Edesi j\u00f5vvami novvembrihe, mi\u00e4 nakas p\u00e4\u00e4le hingip\u00e4\u00e4v\u00e4ga. M\u00e4rdikuu edim\u00e4dsel n\u00e4d\u00e4lil om ka <strong>v\u00f5ro keele n\u00e4t\u00e4l.<\/strong> Seol aol omma uma tegemise ja toim\u00f5ndamis\u00f5 ka muus\u00f5umin. Ol\u00f5mi in\u00e4mb\u00fcse aost v\u00e4l\u00e4n ja ku ilm v\u00e4h\u00e4gi lupa, s\u00f5s omma ka v\u00f5ro keele tunni v\u00e4l\u00e4n.<\/p>\n\n\n\n<p>Luudus\u00f5st omma s\u00fcg\u00fcse kiriv\u00e4 v\u00e4rmi joba kaonu ja perr\u00e4 omma j\u00e4\u00e4n\u00fc pruuni ja halli tooni. A M\u00f5niste muus\u00f5umi \u00fcmbrekunna tegev\u00e4 kiriv\u00e4s sildik\u00f5s\u00f5, mille abiga saa v\u00f5ro kiilt miilde tul\u00f5ta ja ka mano oppi.<\/p>\n\n\n\n<p>Muus\u00f5umim\u00e4ng om m\u00f5t\u00f5ldu eg\u00e4n vannus\u00f5n latsil\u00f5. Noor\u00f5mba l\u00e4\u00e4v\u00e4 otsmism\u00e4ngo tegem\u00e4 kuun oppajaga, van\u00f5mba lats\u00f5 m\u00e4ngv\u00e4 paarin vai s\u00f5s \u00fctsind\u00e4. Kokko pi\u00e4t saama pallo \u00f5igit vastussit ja m\u00e4ngon omma ka avvuhinna.<\/p>\n\n\n\n<p>Per\u00e4n saa viil rehetar\u00f5n kull\u00f5lda Juhan Jaigi kaarnakivi-juttu v\u00f5ro keelen.<\/p>\n\n\n\n<p>Muus\u00f5umitund\u00f5 kotsil\u00f5 saa in\u00e4mb teed\u00fcst Tamtiku Mare k\u00e4est telefonil 5622 8538 vai e-kir\u00e4ga <a href=\"\/vo\/&\/#x6d;&#x61;&#x69;&#x6c;&#116;&#111;&#58;&#109;are&#x2e;&#x74;&#x61;&#x6d;&#x74;&#105;&#107;&#64;wi&#46;&#x65;&#x65;\">&#109;&#x61;&#114;&#x65;&#46;&#x74;&#97;&#x6d;&#116;&#x69;&#107;&#x40;&#119;&#x69;&#46;&#x65;&#101;<\/a>.<\/p>","protected":false},"featured_media":4274,"template":"","class_list":["post-4272","moniste-sundmus","type-moniste-sundmus","status-publish","has-post-thumbnail","hentry"],"acf":[],"yoast_head":"<!-- This site is optimized with the Yoast SEO plugin v27.4 - https:\/\/yoast.com\/product\/yoast-seo-wordpress\/ -->\n<title>V\u00f5rokeeline s\u00fck\u00fcs M\u00f5nist\u00f5n - Vana-V\u00f5rumaa muuseumid<\/title>\n<meta name=\"robots\" content=\"index, follow, max-snippet:-1, max-image-preview:large, max-video-preview:-1\" \/>\n<link rel=\"canonical\" href=\"https:\/\/vanavorumaamuuseumid.ee\/vo\/moniste-sundmus\/vorokeeline-sukus-moniston\/\" \/>\n<meta property=\"og:locale\" content=\"en_US\" \/>\n<meta property=\"og:type\" content=\"article\" \/>\n<meta property=\"og:title\" content=\"V\u00f5rokeeline s\u00fck\u00fcs M\u00f5nist\u00f5n - Vana-V\u00f5rumaa muuseumid\" \/>\n<meta property=\"og:description\" content=\"Oktoobrikuu oll eestl\u00e4isi kall\u00f5ndrin nimmi pool\u00f5st v\u00e4ega kirriv. N\u00e4\u00fct\u00fcses \u2013 viinakuu. Seo [&hellip;]\" \/>\n<meta property=\"og:url\" content=\"https:\/\/vanavorumaamuuseumid.ee\/vo\/moniste-sundmus\/vorokeeline-sukus-moniston\/\" \/>\n<meta property=\"og:site_name\" content=\"Vana-V\u00f5rumaa muuseumid\" \/>\n<meta property=\"article:modified_time\" content=\"2025-10-29T10:56:29+00:00\" \/>\n<meta property=\"og:image\" content=\"https:\/\/vanavorumaamuuseumid.ee\/wp-content\/uploads\/2025\/10\/Your-paragraph-text.jpg\" \/>\n\t<meta property=\"og:image:width\" content=\"1920\" \/>\n\t<meta property=\"og:image:height\" content=\"1080\" \/>\n\t<meta property=\"og:image:type\" content=\"image\/jpeg\" \/>\n<meta name=\"twitter:card\" content=\"summary_large_image\" \/>\n<meta name=\"twitter:label1\" content=\"Est. reading time\" \/>\n\t<meta name=\"twitter:data1\" content=\"2 minutes\" \/>\n<script type=\"application\/ld+json\" class=\"yoast-schema-graph\">{\"@context\":\"https:\\\/\\\/schema.org\",\"@graph\":[{\"@type\":\"WebPage\",\"@id\":\"https:\\\/\\\/vanavorumaamuuseumid.ee\\\/moniste-sundmus\\\/vorokeeline-sukus-moniston\\\/\",\"url\":\"https:\\\/\\\/vanavorumaamuuseumid.ee\\\/moniste-sundmus\\\/vorokeeline-sukus-moniston\\\/\",\"name\":\"V\u00f5rokeeline s\u00fck\u00fcs M\u00f5nist\u00f5n - Vana-V\u00f5rumaa muuseumid\",\"isPartOf\":{\"@id\":\"https:\\\/\\\/vanavorumaamuuseumid.ee\\\/#website\"},\"primaryImageOfPage\":{\"@id\":\"https:\\\/\\\/vanavorumaamuuseumid.ee\\\/moniste-sundmus\\\/vorokeeline-sukus-moniston\\\/#primaryimage\"},\"image\":{\"@id\":\"https:\\\/\\\/vanavorumaamuuseumid.ee\\\/moniste-sundmus\\\/vorokeeline-sukus-moniston\\\/#primaryimage\"},\"thumbnailUrl\":\"https:\\\/\\\/vanavorumaamuuseumid.ee\\\/wp-content\\\/uploads\\\/2025\\\/10\\\/Your-paragraph-text.jpg\",\"datePublished\":\"2025-10-29T10:46:08+00:00\",\"dateModified\":\"2025-10-29T10:56:29+00:00\",\"breadcrumb\":{\"@id\":\"https:\\\/\\\/vanavorumaamuuseumid.ee\\\/moniste-sundmus\\\/vorokeeline-sukus-moniston\\\/#breadcrumb\"},\"inLanguage\":\"vo\",\"potentialAction\":[{\"@type\":\"ReadAction\",\"target\":[\"https:\\\/\\\/vanavorumaamuuseumid.ee\\\/moniste-sundmus\\\/vorokeeline-sukus-moniston\\\/\"]}]},{\"@type\":\"ImageObject\",\"inLanguage\":\"vo\",\"@id\":\"https:\\\/\\\/vanavorumaamuuseumid.ee\\\/moniste-sundmus\\\/vorokeeline-sukus-moniston\\\/#primaryimage\",\"url\":\"https:\\\/\\\/vanavorumaamuuseumid.ee\\\/wp-content\\\/uploads\\\/2025\\\/10\\\/Your-paragraph-text.jpg\",\"contentUrl\":\"https:\\\/\\\/vanavorumaamuuseumid.ee\\\/wp-content\\\/uploads\\\/2025\\\/10\\\/Your-paragraph-text.jpg\",\"width\":1920,\"height\":1080},{\"@type\":\"BreadcrumbList\",\"@id\":\"https:\\\/\\\/vanavorumaamuuseumid.ee\\\/moniste-sundmus\\\/vorokeeline-sukus-moniston\\\/#breadcrumb\",\"itemListElement\":[{\"@type\":\"ListItem\",\"position\":1,\"name\":\"Home\",\"item\":\"https:\\\/\\\/vanavorumaamuuseumid.ee\\\/\"},{\"@type\":\"ListItem\",\"position\":2,\"name\":\"V\u00f5rokeeline s\u00fck\u00fcs M\u00f5nist\u00f5n\"}]},{\"@type\":\"WebSite\",\"@id\":\"https:\\\/\\\/vanavorumaamuuseumid.ee\\\/#website\",\"url\":\"https:\\\/\\\/vanavorumaamuuseumid.ee\\\/\",\"name\":\"Vana-V\u00f5rumaa Muuseumid\",\"description\":\"V\u00f5rumaa Muuseum, Dr. Fr. R. Kreutzwaldi Memoriaalmuuseum, M\u00f5niste Talurahvamuuseum ja Karilatsi Vaba\u00f5humuuseum\",\"publisher\":{\"@id\":\"https:\\\/\\\/vanavorumaamuuseumid.ee\\\/#organization\"},\"potentialAction\":[{\"@type\":\"SearchAction\",\"target\":{\"@type\":\"EntryPoint\",\"urlTemplate\":\"https:\\\/\\\/vanavorumaamuuseumid.ee\\\/?s={search_term_string}\"},\"query-input\":{\"@type\":\"PropertyValueSpecification\",\"valueRequired\":true,\"valueName\":\"search_term_string\"}}],\"inLanguage\":\"vo\"},{\"@type\":\"Organization\",\"@id\":\"https:\\\/\\\/vanavorumaamuuseumid.ee\\\/#organization\",\"name\":\"V\u00f5ru Instituut\",\"url\":\"https:\\\/\\\/vanavorumaamuuseumid.ee\\\/\",\"logo\":{\"@type\":\"ImageObject\",\"inLanguage\":\"vo\",\"@id\":\"https:\\\/\\\/vanavorumaamuuseumid.ee\\\/#\\\/schema\\\/logo\\\/image\\\/\",\"url\":\"https:\\\/\\\/vanavorumaamuuseumid.ee\\\/wp-content\\\/uploads\\\/2025\\\/05\\\/vana-voromaa-muusoumi-250516.svg\",\"contentUrl\":\"https:\\\/\\\/vanavorumaamuuseumid.ee\\\/wp-content\\\/uploads\\\/2025\\\/05\\\/vana-voromaa-muusoumi-250516.svg\",\"width\":567,\"height\":80,\"caption\":\"V\u00f5ru Instituut\"},\"image\":{\"@id\":\"https:\\\/\\\/vanavorumaamuuseumid.ee\\\/#\\\/schema\\\/logo\\\/image\\\/\"}}]}<\/script>\n<!-- \/ Yoast SEO plugin. -->","yoast_head_json":{"title":"V\u00f5rokeeline s\u00fck\u00fcs M\u00f5nist\u00f5n - Vana-V\u00f5rumaa muuseumid","robots":{"index":"index","follow":"follow","max-snippet":"max-snippet:-1","max-image-preview":"max-image-preview:large","max-video-preview":"max-video-preview:-1"},"canonical":"https:\/\/vanavorumaamuuseumid.ee\/vo\/moniste-sundmus\/vorokeeline-sukus-moniston\/","og_locale":"en_US","og_type":"article","og_title":"V\u00f5rokeeline s\u00fck\u00fcs M\u00f5nist\u00f5n - Vana-V\u00f5rumaa muuseumid","og_description":"Oktoobrikuu oll eestl\u00e4isi kall\u00f5ndrin nimmi pool\u00f5st v\u00e4ega kirriv. N\u00e4\u00fct\u00fcses \u2013 viinakuu. Seo [&hellip;]","og_url":"https:\/\/vanavorumaamuuseumid.ee\/vo\/moniste-sundmus\/vorokeeline-sukus-moniston\/","og_site_name":"Vana-V\u00f5rumaa muuseumid","article_modified_time":"2025-10-29T10:56:29+00:00","og_image":[{"width":1920,"height":1080,"url":"https:\/\/vanavorumaamuuseumid.ee\/wp-content\/uploads\/2025\/10\/Your-paragraph-text.jpg","type":"image\/jpeg"}],"twitter_card":"summary_large_image","twitter_misc":{"Est. reading time":"2 minutes"},"schema":{"@context":"https:\/\/schema.org","@graph":[{"@type":"WebPage","@id":"https:\/\/vanavorumaamuuseumid.ee\/moniste-sundmus\/vorokeeline-sukus-moniston\/","url":"https:\/\/vanavorumaamuuseumid.ee\/moniste-sundmus\/vorokeeline-sukus-moniston\/","name":"V\u00f5rokeeline s\u00fck\u00fcs M\u00f5nist\u00f5n - Vana-V\u00f5rumaa muuseumid","isPartOf":{"@id":"https:\/\/vanavorumaamuuseumid.ee\/#website"},"primaryImageOfPage":{"@id":"https:\/\/vanavorumaamuuseumid.ee\/moniste-sundmus\/vorokeeline-sukus-moniston\/#primaryimage"},"image":{"@id":"https:\/\/vanavorumaamuuseumid.ee\/moniste-sundmus\/vorokeeline-sukus-moniston\/#primaryimage"},"thumbnailUrl":"https:\/\/vanavorumaamuuseumid.ee\/wp-content\/uploads\/2025\/10\/Your-paragraph-text.jpg","datePublished":"2025-10-29T10:46:08+00:00","dateModified":"2025-10-29T10:56:29+00:00","breadcrumb":{"@id":"https:\/\/vanavorumaamuuseumid.ee\/moniste-sundmus\/vorokeeline-sukus-moniston\/#breadcrumb"},"inLanguage":"vo","potentialAction":[{"@type":"ReadAction","target":["https:\/\/vanavorumaamuuseumid.ee\/moniste-sundmus\/vorokeeline-sukus-moniston\/"]}]},{"@type":"ImageObject","inLanguage":"vo","@id":"https:\/\/vanavorumaamuuseumid.ee\/moniste-sundmus\/vorokeeline-sukus-moniston\/#primaryimage","url":"https:\/\/vanavorumaamuuseumid.ee\/wp-content\/uploads\/2025\/10\/Your-paragraph-text.jpg","contentUrl":"https:\/\/vanavorumaamuuseumid.ee\/wp-content\/uploads\/2025\/10\/Your-paragraph-text.jpg","width":1920,"height":1080},{"@type":"BreadcrumbList","@id":"https:\/\/vanavorumaamuuseumid.ee\/moniste-sundmus\/vorokeeline-sukus-moniston\/#breadcrumb","itemListElement":[{"@type":"ListItem","position":1,"name":"Home","item":"https:\/\/vanavorumaamuuseumid.ee\/"},{"@type":"ListItem","position":2,"name":"V\u00f5rokeeline s\u00fck\u00fcs M\u00f5nist\u00f5n"}]},{"@type":"WebSite","@id":"https:\/\/vanavorumaamuuseumid.ee\/#website","url":"https:\/\/vanavorumaamuuseumid.ee\/","name":"Vana-V\u00f5rumaa Muuseumid","description":"V\u00f5rumaa Muuseum, Dr. Fr. R. Kreutzwaldi Memoriaalmuuseum, M\u00f5niste Talurahvamuuseum ja Karilatsi Vaba\u00f5humuuseum","publisher":{"@id":"https:\/\/vanavorumaamuuseumid.ee\/#organization"},"potentialAction":[{"@type":"SearchAction","target":{"@type":"EntryPoint","urlTemplate":"https:\/\/vanavorumaamuuseumid.ee\/?s={search_term_string}"},"query-input":{"@type":"PropertyValueSpecification","valueRequired":true,"valueName":"search_term_string"}}],"inLanguage":"vo"},{"@type":"Organization","@id":"https:\/\/vanavorumaamuuseumid.ee\/#organization","name":"V\u00f5ru Instituut","url":"https:\/\/vanavorumaamuuseumid.ee\/","logo":{"@type":"ImageObject","inLanguage":"vo","@id":"https:\/\/vanavorumaamuuseumid.ee\/#\/schema\/logo\/image\/","url":"https:\/\/vanavorumaamuuseumid.ee\/wp-content\/uploads\/2025\/05\/vana-voromaa-muusoumi-250516.svg","contentUrl":"https:\/\/vanavorumaamuuseumid.ee\/wp-content\/uploads\/2025\/05\/vana-voromaa-muusoumi-250516.svg","width":567,"height":80,"caption":"V\u00f5ru Instituut"},"image":{"@id":"https:\/\/vanavorumaamuuseumid.ee\/#\/schema\/logo\/image\/"}}]}},"_links":{"self":[{"href":"https:\/\/vanavorumaamuuseumid.ee\/vo\/wp-json\/wp\/v2\/moniste-sundmus\/4272","targetHints":{"allow":["GET"]}}],"collection":[{"href":"https:\/\/vanavorumaamuuseumid.ee\/vo\/wp-json\/wp\/v2\/moniste-sundmus"}],"about":[{"href":"https:\/\/vanavorumaamuuseumid.ee\/vo\/wp-json\/wp\/v2\/types\/moniste-sundmus"}],"wp:featuredmedia":[{"embeddable":true,"href":"https:\/\/vanavorumaamuuseumid.ee\/vo\/wp-json\/wp\/v2\/media\/4274"}],"wp:attachment":[{"href":"https:\/\/vanavorumaamuuseumid.ee\/vo\/wp-json\/wp\/v2\/media?parent=4272"}],"curies":[{"name":"wp","href":"https:\/\/api.w.org\/{rel}","templated":true}]}}