{"id":1585,"date":"2025-07-09T16:11:58","date_gmt":"2025-07-09T13:11:58","guid":{"rendered":"https:\/\/vanavorumaamuuseumid.ee\/?post_type=muuseumitund-kar&#038;p=1585"},"modified":"2026-03-13T15:13:26","modified_gmt":"2026-03-13T13:13:26","slug":"kel-amet-sel-leiba","status":"publish","type":"muuseumitund-kar","link":"https:\/\/vanavorumaamuuseumid.ee\/vo\/muuseumitund-kar\/kel-amet-sel-leiba\/","title":{"rendered":"Kel amet, sel leiba (aprill &#8211; oktoober) * (TASUTA)"},"content":{"rendered":"<p>Muuseumitunnis r\u00e4\u00e4gime vanadest, isegi igivanadest ametitest ning v\u00f5rdleme neid t\u00e4nap\u00e4evaste elukutsetega. K\u00fclastame hooneid, kus jutuks tulevad ametimehed toimetasid.  Arutleme, kuidas on t\u00f6\u00f6 ja t\u00f6\u00f6\u00fclesanded t\u00e4naseks muutunud.<\/p>\n\n\n\n<p>* Piiratud arv\u00a0<strong>TASUTA tunnik\u00fclastusi<\/strong>, kehtib kultuuriministeeriumi kultuurihariduse toetus.<\/p>\n\n\n\n<!--more-->\n\n\n\n<p>Amet k\u00f5ik, mis leiba annab, \u00fctleb vanas\u00f5na. Saad teada, kes on magasivaht ja kus t\u00f6\u00f6tas vallakirjutaja, millised olid peremehe, millised perenaise t\u00f6\u00f6d ning loendame mitut \u201eseppa\u201c me teame, tunneme. Proovime m\u00f5nda t\u00f6\u00f6d ka ise teha. Lapsed saavad tutvustada oma vanemate ameteid.<\/p>\n\n\n\n<p>Ainevaldkond: inimese\u00f5petus, eesti keel, liikumis\u00f5petus<\/p>\n\n\n\n<figure class=\"wp-block-image size-large is-resized\"><img decoding=\"async\" width=\"1024\" height=\"768\" src=\"https:\/\/vanavorumaamuuseumid.ee\/wp-content\/uploads\/2025\/07\/maanteemuuseumilaager-4-1024x768.jpg\" alt=\"\" class=\"wp-image-5301\" style=\"width:407px;height:auto\" srcset=\"https:\/\/vanavorumaamuuseumid.ee\/wp-content\/uploads\/2025\/07\/maanteemuuseumilaager-4-980x735.jpg 980w, https:\/\/vanavorumaamuuseumid.ee\/wp-content\/uploads\/2025\/07\/maanteemuuseumilaager-4-480x360.jpg 480w\" sizes=\"(min-width: 0px) and (max-width: 480px) 480px, (min-width: 481px) and (max-width: 980px) 980px, (min-width: 981px) 1024px, 100vw\" \/><\/figure>","protected":false},"author":5,"featured_media":0,"template":"","kar-mu-cat":[28],"karilatsi-teemapaevad":[],"karilatsi-muuseumkohvris":[],"class_list":["post-1585","muuseumitund-kar","type-muuseumitund-kar","status-publish","hentry","kar-mu-cat-pohikooli-1-aste"],"acf":[],"yoast_head":"<!-- This site is optimized with the Yoast SEO plugin v27.4 - https:\/\/yoast.com\/product\/yoast-seo-wordpress\/ -->\n<title>Kel amet, sel leiba (aprill - oktoober) * (TASUTA) - Vana-V\u00f5rumaa muuseumid<\/title>\n<meta name=\"robots\" content=\"index, follow, max-snippet:-1, max-image-preview:large, max-video-preview:-1\" \/>\n<link rel=\"canonical\" href=\"https:\/\/vanavorumaamuuseumid.ee\/vo\/muuseumitund-kar\/kel-amet-sel-leiba\/\" \/>\n<meta property=\"og:locale\" content=\"en_US\" \/>\n<meta property=\"og:type\" content=\"article\" \/>\n<meta property=\"og:title\" content=\"Kel amet, sel leiba (aprill - oktoober) * (TASUTA) - Vana-V\u00f5rumaa muuseumid\" \/>\n<meta property=\"og:description\" content=\"Muuseumitunnis r\u00e4\u00e4gime vanadest, isegi igivanadest ametitest ning v\u00f5rdleme neid t\u00e4nap\u00e4evaste elukutsetega. K\u00fclastame [&hellip;]\" \/>\n<meta property=\"og:url\" content=\"https:\/\/vanavorumaamuuseumid.ee\/vo\/muuseumitund-kar\/kel-amet-sel-leiba\/\" \/>\n<meta property=\"og:site_name\" content=\"Vana-V\u00f5rumaa muuseumid\" \/>\n<meta property=\"article:modified_time\" content=\"2026-03-13T13:13:26+00:00\" \/>\n<meta property=\"og:image\" content=\"https:\/\/vanavorumaamuuseumid.ee\/wp-content\/uploads\/2025\/07\/maanteemuuseumilaager-4.jpg\" \/>\n\t<meta property=\"og:image:width\" content=\"1920\" \/>\n\t<meta property=\"og:image:height\" content=\"1440\" \/>\n\t<meta property=\"og:image:type\" content=\"image\/jpeg\" \/>\n<meta name=\"twitter:card\" content=\"summary_large_image\" \/>\n<meta name=\"twitter:label1\" content=\"Est. reading time\" \/>\n\t<meta name=\"twitter:data1\" content=\"1 minute\" \/>\n<script type=\"application\/ld+json\" class=\"yoast-schema-graph\">{\"@context\":\"https:\\\/\\\/schema.org\",\"@graph\":[{\"@type\":\"WebPage\",\"@id\":\"https:\\\/\\\/vanavorumaamuuseumid.ee\\\/muuseumitund-kar\\\/kel-amet-sel-leiba\\\/\",\"url\":\"https:\\\/\\\/vanavorumaamuuseumid.ee\\\/muuseumitund-kar\\\/kel-amet-sel-leiba\\\/\",\"name\":\"Kel amet, sel leiba (aprill - oktoober) * (TASUTA) - Vana-V\u00f5rumaa muuseumid\",\"isPartOf\":{\"@id\":\"https:\\\/\\\/vanavorumaamuuseumid.ee\\\/#website\"},\"primaryImageOfPage\":{\"@id\":\"https:\\\/\\\/vanavorumaamuuseumid.ee\\\/muuseumitund-kar\\\/kel-amet-sel-leiba\\\/#primaryimage\"},\"image\":{\"@id\":\"https:\\\/\\\/vanavorumaamuuseumid.ee\\\/muuseumitund-kar\\\/kel-amet-sel-leiba\\\/#primaryimage\"},\"thumbnailUrl\":\"https:\\\/\\\/vanavorumaamuuseumid.ee\\\/wp-content\\\/uploads\\\/2025\\\/07\\\/maanteemuuseumilaager-4-1024x768.jpg\",\"datePublished\":\"2025-07-09T13:11:58+00:00\",\"dateModified\":\"2026-03-13T13:13:26+00:00\",\"breadcrumb\":{\"@id\":\"https:\\\/\\\/vanavorumaamuuseumid.ee\\\/muuseumitund-kar\\\/kel-amet-sel-leiba\\\/#breadcrumb\"},\"inLanguage\":\"vo\",\"potentialAction\":[{\"@type\":\"ReadAction\",\"target\":[\"https:\\\/\\\/vanavorumaamuuseumid.ee\\\/muuseumitund-kar\\\/kel-amet-sel-leiba\\\/\"]}]},{\"@type\":\"ImageObject\",\"inLanguage\":\"vo\",\"@id\":\"https:\\\/\\\/vanavorumaamuuseumid.ee\\\/muuseumitund-kar\\\/kel-amet-sel-leiba\\\/#primaryimage\",\"url\":\"https:\\\/\\\/vanavorumaamuuseumid.ee\\\/wp-content\\\/uploads\\\/2025\\\/07\\\/maanteemuuseumilaager-4-1024x768.jpg\",\"contentUrl\":\"https:\\\/\\\/vanavorumaamuuseumid.ee\\\/wp-content\\\/uploads\\\/2025\\\/07\\\/maanteemuuseumilaager-4-1024x768.jpg\"},{\"@type\":\"BreadcrumbList\",\"@id\":\"https:\\\/\\\/vanavorumaamuuseumid.ee\\\/muuseumitund-kar\\\/kel-amet-sel-leiba\\\/#breadcrumb\",\"itemListElement\":[{\"@type\":\"ListItem\",\"position\":1,\"name\":\"Home\",\"item\":\"https:\\\/\\\/vanavorumaamuuseumid.ee\\\/\"},{\"@type\":\"ListItem\",\"position\":2,\"name\":\"Kel amet, sel leiba (aprill &#8211; oktoober) * (TASUTA)\"}]},{\"@type\":\"WebSite\",\"@id\":\"https:\\\/\\\/vanavorumaamuuseumid.ee\\\/#website\",\"url\":\"https:\\\/\\\/vanavorumaamuuseumid.ee\\\/\",\"name\":\"Vana-V\u00f5rumaa Muuseumid\",\"description\":\"V\u00f5rumaa Muuseum, Dr. Fr. R. Kreutzwaldi Memoriaalmuuseum, M\u00f5niste Talurahvamuuseum ja Karilatsi Vaba\u00f5humuuseum\",\"publisher\":{\"@id\":\"https:\\\/\\\/vanavorumaamuuseumid.ee\\\/#organization\"},\"potentialAction\":[{\"@type\":\"SearchAction\",\"target\":{\"@type\":\"EntryPoint\",\"urlTemplate\":\"https:\\\/\\\/vanavorumaamuuseumid.ee\\\/?s={search_term_string}\"},\"query-input\":{\"@type\":\"PropertyValueSpecification\",\"valueRequired\":true,\"valueName\":\"search_term_string\"}}],\"inLanguage\":\"vo\"},{\"@type\":\"Organization\",\"@id\":\"https:\\\/\\\/vanavorumaamuuseumid.ee\\\/#organization\",\"name\":\"V\u00f5ru Instituut\",\"url\":\"https:\\\/\\\/vanavorumaamuuseumid.ee\\\/\",\"logo\":{\"@type\":\"ImageObject\",\"inLanguage\":\"vo\",\"@id\":\"https:\\\/\\\/vanavorumaamuuseumid.ee\\\/#\\\/schema\\\/logo\\\/image\\\/\",\"url\":\"https:\\\/\\\/vanavorumaamuuseumid.ee\\\/wp-content\\\/uploads\\\/2025\\\/05\\\/vana-voromaa-muusoumi-250516.svg\",\"contentUrl\":\"https:\\\/\\\/vanavorumaamuuseumid.ee\\\/wp-content\\\/uploads\\\/2025\\\/05\\\/vana-voromaa-muusoumi-250516.svg\",\"width\":567,\"height\":80,\"caption\":\"V\u00f5ru Instituut\"},\"image\":{\"@id\":\"https:\\\/\\\/vanavorumaamuuseumid.ee\\\/#\\\/schema\\\/logo\\\/image\\\/\"}}]}<\/script>\n<!-- \/ Yoast SEO plugin. -->","yoast_head_json":{"title":"Kel amet, sel leiba (aprill - oktoober) * (TASUTA) - Vana-V\u00f5rumaa muuseumid","robots":{"index":"index","follow":"follow","max-snippet":"max-snippet:-1","max-image-preview":"max-image-preview:large","max-video-preview":"max-video-preview:-1"},"canonical":"https:\/\/vanavorumaamuuseumid.ee\/vo\/muuseumitund-kar\/kel-amet-sel-leiba\/","og_locale":"en_US","og_type":"article","og_title":"Kel amet, sel leiba (aprill - oktoober) * (TASUTA) - Vana-V\u00f5rumaa muuseumid","og_description":"Muuseumitunnis r\u00e4\u00e4gime vanadest, isegi igivanadest ametitest ning v\u00f5rdleme neid t\u00e4nap\u00e4evaste elukutsetega. K\u00fclastame [&hellip;]","og_url":"https:\/\/vanavorumaamuuseumid.ee\/vo\/muuseumitund-kar\/kel-amet-sel-leiba\/","og_site_name":"Vana-V\u00f5rumaa muuseumid","article_modified_time":"2026-03-13T13:13:26+00:00","og_image":[{"width":1920,"height":1440,"url":"https:\/\/vanavorumaamuuseumid.ee\/wp-content\/uploads\/2025\/07\/maanteemuuseumilaager-4.jpg","type":"image\/jpeg"}],"twitter_card":"summary_large_image","twitter_misc":{"Est. reading time":"1 minute"},"schema":{"@context":"https:\/\/schema.org","@graph":[{"@type":"WebPage","@id":"https:\/\/vanavorumaamuuseumid.ee\/muuseumitund-kar\/kel-amet-sel-leiba\/","url":"https:\/\/vanavorumaamuuseumid.ee\/muuseumitund-kar\/kel-amet-sel-leiba\/","name":"Kel amet, sel leiba (aprill - oktoober) * (TASUTA) - Vana-V\u00f5rumaa muuseumid","isPartOf":{"@id":"https:\/\/vanavorumaamuuseumid.ee\/#website"},"primaryImageOfPage":{"@id":"https:\/\/vanavorumaamuuseumid.ee\/muuseumitund-kar\/kel-amet-sel-leiba\/#primaryimage"},"image":{"@id":"https:\/\/vanavorumaamuuseumid.ee\/muuseumitund-kar\/kel-amet-sel-leiba\/#primaryimage"},"thumbnailUrl":"https:\/\/vanavorumaamuuseumid.ee\/wp-content\/uploads\/2025\/07\/maanteemuuseumilaager-4-1024x768.jpg","datePublished":"2025-07-09T13:11:58+00:00","dateModified":"2026-03-13T13:13:26+00:00","breadcrumb":{"@id":"https:\/\/vanavorumaamuuseumid.ee\/muuseumitund-kar\/kel-amet-sel-leiba\/#breadcrumb"},"inLanguage":"vo","potentialAction":[{"@type":"ReadAction","target":["https:\/\/vanavorumaamuuseumid.ee\/muuseumitund-kar\/kel-amet-sel-leiba\/"]}]},{"@type":"ImageObject","inLanguage":"vo","@id":"https:\/\/vanavorumaamuuseumid.ee\/muuseumitund-kar\/kel-amet-sel-leiba\/#primaryimage","url":"https:\/\/vanavorumaamuuseumid.ee\/wp-content\/uploads\/2025\/07\/maanteemuuseumilaager-4-1024x768.jpg","contentUrl":"https:\/\/vanavorumaamuuseumid.ee\/wp-content\/uploads\/2025\/07\/maanteemuuseumilaager-4-1024x768.jpg"},{"@type":"BreadcrumbList","@id":"https:\/\/vanavorumaamuuseumid.ee\/muuseumitund-kar\/kel-amet-sel-leiba\/#breadcrumb","itemListElement":[{"@type":"ListItem","position":1,"name":"Home","item":"https:\/\/vanavorumaamuuseumid.ee\/"},{"@type":"ListItem","position":2,"name":"Kel amet, sel leiba (aprill &#8211; oktoober) * (TASUTA)"}]},{"@type":"WebSite","@id":"https:\/\/vanavorumaamuuseumid.ee\/#website","url":"https:\/\/vanavorumaamuuseumid.ee\/","name":"Vana-V\u00f5rumaa Muuseumid","description":"V\u00f5rumaa Muuseum, Dr. Fr. R. Kreutzwaldi Memoriaalmuuseum, M\u00f5niste Talurahvamuuseum ja Karilatsi Vaba\u00f5humuuseum","publisher":{"@id":"https:\/\/vanavorumaamuuseumid.ee\/#organization"},"potentialAction":[{"@type":"SearchAction","target":{"@type":"EntryPoint","urlTemplate":"https:\/\/vanavorumaamuuseumid.ee\/?s={search_term_string}"},"query-input":{"@type":"PropertyValueSpecification","valueRequired":true,"valueName":"search_term_string"}}],"inLanguage":"vo"},{"@type":"Organization","@id":"https:\/\/vanavorumaamuuseumid.ee\/#organization","name":"V\u00f5ru Instituut","url":"https:\/\/vanavorumaamuuseumid.ee\/","logo":{"@type":"ImageObject","inLanguage":"vo","@id":"https:\/\/vanavorumaamuuseumid.ee\/#\/schema\/logo\/image\/","url":"https:\/\/vanavorumaamuuseumid.ee\/wp-content\/uploads\/2025\/05\/vana-voromaa-muusoumi-250516.svg","contentUrl":"https:\/\/vanavorumaamuuseumid.ee\/wp-content\/uploads\/2025\/05\/vana-voromaa-muusoumi-250516.svg","width":567,"height":80,"caption":"V\u00f5ru Instituut"},"image":{"@id":"https:\/\/vanavorumaamuuseumid.ee\/#\/schema\/logo\/image\/"}}]}},"_links":{"self":[{"href":"https:\/\/vanavorumaamuuseumid.ee\/vo\/wp-json\/wp\/v2\/muuseumitund-kar\/1585","targetHints":{"allow":["GET"]}}],"collection":[{"href":"https:\/\/vanavorumaamuuseumid.ee\/vo\/wp-json\/wp\/v2\/muuseumitund-kar"}],"about":[{"href":"https:\/\/vanavorumaamuuseumid.ee\/vo\/wp-json\/wp\/v2\/types\/muuseumitund-kar"}],"author":[{"embeddable":true,"href":"https:\/\/vanavorumaamuuseumid.ee\/vo\/wp-json\/wp\/v2\/users\/5"}],"wp:attachment":[{"href":"https:\/\/vanavorumaamuuseumid.ee\/vo\/wp-json\/wp\/v2\/media?parent=1585"}],"wp:term":[{"taxonomy":"kar-mu-cat","embeddable":true,"href":"https:\/\/vanavorumaamuuseumid.ee\/vo\/wp-json\/wp\/v2\/kar-mu-cat?post=1585"},{"taxonomy":"karilatsi-teemapaevad","embeddable":true,"href":"https:\/\/vanavorumaamuuseumid.ee\/vo\/wp-json\/wp\/v2\/karilatsi-teemapaevad?post=1585"},{"taxonomy":"karilatsi-muuseumkohvris","embeddable":true,"href":"https:\/\/vanavorumaamuuseumid.ee\/vo\/wp-json\/wp\/v2\/karilatsi-muuseumkohvris?post=1585"}],"curies":[{"name":"wp","href":"https:\/\/api.w.org\/{rel}","templated":true}]}}