{"id":1593,"date":"2025-07-09T16:21:37","date_gmt":"2025-07-09T13:21:37","guid":{"rendered":"https:\/\/vanavorumaamuuseumid.ee\/?post_type=muuseumitund-kar&#038;p=1593"},"modified":"2026-02-10T15:42:15","modified_gmt":"2026-02-10T13:42:15","slug":"saun-talurahva-tohter","status":"publish","type":"muuseumitund-kar","link":"https:\/\/vanavorumaamuuseumid.ee\/vo\/muuseumitund-kar\/saun-talurahva-tohter\/","title":{"rendered":"Saun &#8211; talurahva tohter (mai &#8211; september)"},"content":{"rendered":"<p>Muuseumitunni teema on saunakombestik l\u00e4bi aegade ja saunatarkused esivanemate p\u00e4randist.<\/p>\n\n\n\n<!--more-->\n\n\n\n<p>K\u00f5igepealt paneme k\u00fctte suitsusauna \u2013 eks seegi n\u00f5ua omajagu tarkust \u2013 ja sel ajal, kui saun k\u00f6eb, vaatame ringi muuseumimajades ning arutleme teemal saunap\u00e4rimus Eestis. V\u00f5tame ette mitmeid praktilisi asju nt otsime \u00f5igeid kerisekive, teeme valmis saunaviha, kordame saunas\u00f5nu. Juttu tuleb ka tuleohutusest, puhtusest ja mustusest ning tervise hoidmisest.<\/p>\n\n\n\n<p>Ainevaldkond: \u00fchiskonna\u00f5petus, eesti keel, ajalugu<\/p>\n\n\n\n<figure class=\"wp-block-image size-large is-resized\"><img decoding=\"async\" width=\"1024\" height=\"680\" src=\"https:\/\/vanavorumaamuuseumid.ee\/wp-content\/uploads\/2026\/01\/saunavihad-1024x680.jpg\" alt=\"\" class=\"wp-image-5052\" style=\"aspect-ratio:1;object-fit:cover;width:362px;height:auto\" srcset=\"https:\/\/vanavorumaamuuseumid.ee\/wp-content\/uploads\/2026\/01\/saunavihad-980x651.jpg 980w, https:\/\/vanavorumaamuuseumid.ee\/wp-content\/uploads\/2026\/01\/saunavihad-480x319.jpg 480w\" sizes=\"(min-width: 0px) and (max-width: 480px) 480px, (min-width: 481px) and (max-width: 980px) 980px, (min-width: 981px) 1024px, 100vw\" \/><\/figure>\n\n\n\n<p><\/p>","protected":false},"author":5,"featured_media":0,"template":"","kar-mu-cat":[33,31,32],"karilatsi-teemapaevad":[],"karilatsi-muuseumkohvris":[],"class_list":["post-1593","muuseumitund-kar","type-muuseumitund-kar","status-publish","hentry","kar-mu-cat-pohikooli-3-aste","kar-mu-cat-gumnaasium","kar-mu-cat-taiskasvanud"],"acf":[],"yoast_head":"<!-- This site is optimized with the Yoast SEO plugin v27.4 - https:\/\/yoast.com\/product\/yoast-seo-wordpress\/ -->\n<title>Saun - talurahva tohter (mai - september) - Vana-V\u00f5rumaa muuseumid<\/title>\n<meta name=\"robots\" content=\"index, follow, max-snippet:-1, max-image-preview:large, max-video-preview:-1\" \/>\n<link rel=\"canonical\" href=\"https:\/\/vanavorumaamuuseumid.ee\/vo\/muuseumitund-kar\/saun-talurahva-tohter\/\" \/>\n<meta property=\"og:locale\" content=\"en_US\" \/>\n<meta property=\"og:type\" content=\"article\" \/>\n<meta property=\"og:title\" content=\"Saun - talurahva tohter (mai - september) - Vana-V\u00f5rumaa muuseumid\" \/>\n<meta property=\"og:description\" content=\"Muuseumitunni teema on saunakombestik l\u00e4bi aegade ja saunatarkused esivanemate p\u00e4randist.\" \/>\n<meta property=\"og:url\" content=\"https:\/\/vanavorumaamuuseumid.ee\/vo\/muuseumitund-kar\/saun-talurahva-tohter\/\" \/>\n<meta property=\"og:site_name\" content=\"Vana-V\u00f5rumaa muuseumid\" \/>\n<meta property=\"article:modified_time\" content=\"2026-02-10T13:42:15+00:00\" \/>\n<meta property=\"og:image\" content=\"https:\/\/vanavorumaamuuseumid.ee\/wp-content\/uploads\/2026\/01\/saunavihad.jpg\" \/>\n\t<meta property=\"og:image:width\" content=\"1735\" \/>\n\t<meta property=\"og:image:height\" content=\"1152\" \/>\n\t<meta property=\"og:image:type\" content=\"image\/jpeg\" \/>\n<meta name=\"twitter:card\" content=\"summary_large_image\" \/>\n<meta name=\"twitter:label1\" content=\"Est. reading time\" \/>\n\t<meta name=\"twitter:data1\" content=\"1 minute\" \/>\n<script type=\"application\/ld+json\" class=\"yoast-schema-graph\">{\"@context\":\"https:\\\/\\\/schema.org\",\"@graph\":[{\"@type\":\"WebPage\",\"@id\":\"https:\\\/\\\/vanavorumaamuuseumid.ee\\\/muuseumitund-kar\\\/saun-talurahva-tohter\\\/\",\"url\":\"https:\\\/\\\/vanavorumaamuuseumid.ee\\\/muuseumitund-kar\\\/saun-talurahva-tohter\\\/\",\"name\":\"Saun - talurahva tohter (mai - september) - Vana-V\u00f5rumaa muuseumid\",\"isPartOf\":{\"@id\":\"https:\\\/\\\/vanavorumaamuuseumid.ee\\\/#website\"},\"primaryImageOfPage\":{\"@id\":\"https:\\\/\\\/vanavorumaamuuseumid.ee\\\/muuseumitund-kar\\\/saun-talurahva-tohter\\\/#primaryimage\"},\"image\":{\"@id\":\"https:\\\/\\\/vanavorumaamuuseumid.ee\\\/muuseumitund-kar\\\/saun-talurahva-tohter\\\/#primaryimage\"},\"thumbnailUrl\":\"https:\\\/\\\/vanavorumaamuuseumid.ee\\\/wp-content\\\/uploads\\\/2026\\\/01\\\/saunavihad-1024x680.jpg\",\"datePublished\":\"2025-07-09T13:21:37+00:00\",\"dateModified\":\"2026-02-10T13:42:15+00:00\",\"breadcrumb\":{\"@id\":\"https:\\\/\\\/vanavorumaamuuseumid.ee\\\/muuseumitund-kar\\\/saun-talurahva-tohter\\\/#breadcrumb\"},\"inLanguage\":\"vo\",\"potentialAction\":[{\"@type\":\"ReadAction\",\"target\":[\"https:\\\/\\\/vanavorumaamuuseumid.ee\\\/muuseumitund-kar\\\/saun-talurahva-tohter\\\/\"]}]},{\"@type\":\"ImageObject\",\"inLanguage\":\"vo\",\"@id\":\"https:\\\/\\\/vanavorumaamuuseumid.ee\\\/muuseumitund-kar\\\/saun-talurahva-tohter\\\/#primaryimage\",\"url\":\"https:\\\/\\\/vanavorumaamuuseumid.ee\\\/wp-content\\\/uploads\\\/2026\\\/01\\\/saunavihad-1024x680.jpg\",\"contentUrl\":\"https:\\\/\\\/vanavorumaamuuseumid.ee\\\/wp-content\\\/uploads\\\/2026\\\/01\\\/saunavihad-1024x680.jpg\"},{\"@type\":\"BreadcrumbList\",\"@id\":\"https:\\\/\\\/vanavorumaamuuseumid.ee\\\/muuseumitund-kar\\\/saun-talurahva-tohter\\\/#breadcrumb\",\"itemListElement\":[{\"@type\":\"ListItem\",\"position\":1,\"name\":\"Home\",\"item\":\"https:\\\/\\\/vanavorumaamuuseumid.ee\\\/\"},{\"@type\":\"ListItem\",\"position\":2,\"name\":\"Saun &#8211; talurahva tohter (mai &#8211; september)\"}]},{\"@type\":\"WebSite\",\"@id\":\"https:\\\/\\\/vanavorumaamuuseumid.ee\\\/#website\",\"url\":\"https:\\\/\\\/vanavorumaamuuseumid.ee\\\/\",\"name\":\"Vana-V\u00f5rumaa Muuseumid\",\"description\":\"V\u00f5rumaa Muuseum, Dr. Fr. R. Kreutzwaldi Memoriaalmuuseum, M\u00f5niste Talurahvamuuseum ja Karilatsi Vaba\u00f5humuuseum\",\"publisher\":{\"@id\":\"https:\\\/\\\/vanavorumaamuuseumid.ee\\\/#organization\"},\"potentialAction\":[{\"@type\":\"SearchAction\",\"target\":{\"@type\":\"EntryPoint\",\"urlTemplate\":\"https:\\\/\\\/vanavorumaamuuseumid.ee\\\/?s={search_term_string}\"},\"query-input\":{\"@type\":\"PropertyValueSpecification\",\"valueRequired\":true,\"valueName\":\"search_term_string\"}}],\"inLanguage\":\"vo\"},{\"@type\":\"Organization\",\"@id\":\"https:\\\/\\\/vanavorumaamuuseumid.ee\\\/#organization\",\"name\":\"V\u00f5ru Instituut\",\"url\":\"https:\\\/\\\/vanavorumaamuuseumid.ee\\\/\",\"logo\":{\"@type\":\"ImageObject\",\"inLanguage\":\"vo\",\"@id\":\"https:\\\/\\\/vanavorumaamuuseumid.ee\\\/#\\\/schema\\\/logo\\\/image\\\/\",\"url\":\"https:\\\/\\\/vanavorumaamuuseumid.ee\\\/wp-content\\\/uploads\\\/2025\\\/05\\\/vana-voromaa-muusoumi-250516.svg\",\"contentUrl\":\"https:\\\/\\\/vanavorumaamuuseumid.ee\\\/wp-content\\\/uploads\\\/2025\\\/05\\\/vana-voromaa-muusoumi-250516.svg\",\"width\":567,\"height\":80,\"caption\":\"V\u00f5ru Instituut\"},\"image\":{\"@id\":\"https:\\\/\\\/vanavorumaamuuseumid.ee\\\/#\\\/schema\\\/logo\\\/image\\\/\"}}]}<\/script>\n<!-- \/ Yoast SEO plugin. -->","yoast_head_json":{"title":"Saun - talurahva tohter (mai - september) - Vana-V\u00f5rumaa muuseumid","robots":{"index":"index","follow":"follow","max-snippet":"max-snippet:-1","max-image-preview":"max-image-preview:large","max-video-preview":"max-video-preview:-1"},"canonical":"https:\/\/vanavorumaamuuseumid.ee\/vo\/muuseumitund-kar\/saun-talurahva-tohter\/","og_locale":"en_US","og_type":"article","og_title":"Saun - talurahva tohter (mai - september) - Vana-V\u00f5rumaa muuseumid","og_description":"Muuseumitunni teema on saunakombestik l\u00e4bi aegade ja saunatarkused esivanemate p\u00e4randist.","og_url":"https:\/\/vanavorumaamuuseumid.ee\/vo\/muuseumitund-kar\/saun-talurahva-tohter\/","og_site_name":"Vana-V\u00f5rumaa muuseumid","article_modified_time":"2026-02-10T13:42:15+00:00","og_image":[{"width":1735,"height":1152,"url":"https:\/\/vanavorumaamuuseumid.ee\/wp-content\/uploads\/2026\/01\/saunavihad.jpg","type":"image\/jpeg"}],"twitter_card":"summary_large_image","twitter_misc":{"Est. reading time":"1 minute"},"schema":{"@context":"https:\/\/schema.org","@graph":[{"@type":"WebPage","@id":"https:\/\/vanavorumaamuuseumid.ee\/muuseumitund-kar\/saun-talurahva-tohter\/","url":"https:\/\/vanavorumaamuuseumid.ee\/muuseumitund-kar\/saun-talurahva-tohter\/","name":"Saun - talurahva tohter (mai - september) - Vana-V\u00f5rumaa muuseumid","isPartOf":{"@id":"https:\/\/vanavorumaamuuseumid.ee\/#website"},"primaryImageOfPage":{"@id":"https:\/\/vanavorumaamuuseumid.ee\/muuseumitund-kar\/saun-talurahva-tohter\/#primaryimage"},"image":{"@id":"https:\/\/vanavorumaamuuseumid.ee\/muuseumitund-kar\/saun-talurahva-tohter\/#primaryimage"},"thumbnailUrl":"https:\/\/vanavorumaamuuseumid.ee\/wp-content\/uploads\/2026\/01\/saunavihad-1024x680.jpg","datePublished":"2025-07-09T13:21:37+00:00","dateModified":"2026-02-10T13:42:15+00:00","breadcrumb":{"@id":"https:\/\/vanavorumaamuuseumid.ee\/muuseumitund-kar\/saun-talurahva-tohter\/#breadcrumb"},"inLanguage":"vo","potentialAction":[{"@type":"ReadAction","target":["https:\/\/vanavorumaamuuseumid.ee\/muuseumitund-kar\/saun-talurahva-tohter\/"]}]},{"@type":"ImageObject","inLanguage":"vo","@id":"https:\/\/vanavorumaamuuseumid.ee\/muuseumitund-kar\/saun-talurahva-tohter\/#primaryimage","url":"https:\/\/vanavorumaamuuseumid.ee\/wp-content\/uploads\/2026\/01\/saunavihad-1024x680.jpg","contentUrl":"https:\/\/vanavorumaamuuseumid.ee\/wp-content\/uploads\/2026\/01\/saunavihad-1024x680.jpg"},{"@type":"BreadcrumbList","@id":"https:\/\/vanavorumaamuuseumid.ee\/muuseumitund-kar\/saun-talurahva-tohter\/#breadcrumb","itemListElement":[{"@type":"ListItem","position":1,"name":"Home","item":"https:\/\/vanavorumaamuuseumid.ee\/"},{"@type":"ListItem","position":2,"name":"Saun &#8211; talurahva tohter (mai &#8211; september)"}]},{"@type":"WebSite","@id":"https:\/\/vanavorumaamuuseumid.ee\/#website","url":"https:\/\/vanavorumaamuuseumid.ee\/","name":"Vana-V\u00f5rumaa Muuseumid","description":"V\u00f5rumaa Muuseum, Dr. Fr. R. Kreutzwaldi Memoriaalmuuseum, M\u00f5niste Talurahvamuuseum ja Karilatsi Vaba\u00f5humuuseum","publisher":{"@id":"https:\/\/vanavorumaamuuseumid.ee\/#organization"},"potentialAction":[{"@type":"SearchAction","target":{"@type":"EntryPoint","urlTemplate":"https:\/\/vanavorumaamuuseumid.ee\/?s={search_term_string}"},"query-input":{"@type":"PropertyValueSpecification","valueRequired":true,"valueName":"search_term_string"}}],"inLanguage":"vo"},{"@type":"Organization","@id":"https:\/\/vanavorumaamuuseumid.ee\/#organization","name":"V\u00f5ru Instituut","url":"https:\/\/vanavorumaamuuseumid.ee\/","logo":{"@type":"ImageObject","inLanguage":"vo","@id":"https:\/\/vanavorumaamuuseumid.ee\/#\/schema\/logo\/image\/","url":"https:\/\/vanavorumaamuuseumid.ee\/wp-content\/uploads\/2025\/05\/vana-voromaa-muusoumi-250516.svg","contentUrl":"https:\/\/vanavorumaamuuseumid.ee\/wp-content\/uploads\/2025\/05\/vana-voromaa-muusoumi-250516.svg","width":567,"height":80,"caption":"V\u00f5ru Instituut"},"image":{"@id":"https:\/\/vanavorumaamuuseumid.ee\/#\/schema\/logo\/image\/"}}]}},"_links":{"self":[{"href":"https:\/\/vanavorumaamuuseumid.ee\/vo\/wp-json\/wp\/v2\/muuseumitund-kar\/1593","targetHints":{"allow":["GET"]}}],"collection":[{"href":"https:\/\/vanavorumaamuuseumid.ee\/vo\/wp-json\/wp\/v2\/muuseumitund-kar"}],"about":[{"href":"https:\/\/vanavorumaamuuseumid.ee\/vo\/wp-json\/wp\/v2\/types\/muuseumitund-kar"}],"author":[{"embeddable":true,"href":"https:\/\/vanavorumaamuuseumid.ee\/vo\/wp-json\/wp\/v2\/users\/5"}],"wp:attachment":[{"href":"https:\/\/vanavorumaamuuseumid.ee\/vo\/wp-json\/wp\/v2\/media?parent=1593"}],"wp:term":[{"taxonomy":"kar-mu-cat","embeddable":true,"href":"https:\/\/vanavorumaamuuseumid.ee\/vo\/wp-json\/wp\/v2\/kar-mu-cat?post=1593"},{"taxonomy":"karilatsi-teemapaevad","embeddable":true,"href":"https:\/\/vanavorumaamuuseumid.ee\/vo\/wp-json\/wp\/v2\/karilatsi-teemapaevad?post=1593"},{"taxonomy":"karilatsi-muuseumkohvris","embeddable":true,"href":"https:\/\/vanavorumaamuuseumid.ee\/vo\/wp-json\/wp\/v2\/karilatsi-muuseumkohvris?post=1593"}],"curies":[{"name":"wp","href":"https:\/\/api.w.org\/{rel}","templated":true}]}}