{"id":4253,"date":"2025-11-07T12:57:15","date_gmt":"2025-11-07T10:57:15","guid":{"rendered":"https:\/\/vanavorumaamuuseumid.ee\/?post_type=muuseumitund-kar&#038;p=4253"},"modified":"2026-03-02T11:56:32","modified_gmt":"2026-03-02T09:56:32","slug":"joulud-karilatsis-6-21-detsember","status":"publish","type":"muuseumitund-kar","link":"https:\/\/vanavorumaamuuseumid.ee\/vo\/muuseumitund-kar\/joulud-karilatsis-6-21-detsember\/","title":{"rendered":"J\u00d5ULUD KARILATSIS (6.-21. detsember 2026)"},"content":{"rendered":"<p>Karilatsi Vaba\u00f5humuuseumis saab j\u00f5uluaeg&nbsp; alguse <strong>nigulap\u00e4eval<\/strong>, 6. detsembril ning kestab kuni <strong>toomap\u00e4evani<\/strong>, 21. detsembril. Mis siis muutub meie muuseumi maastikul? P\u00f5lva kandis \u00f6eldi: <em>Nigulap\u00e4evast hakkab julge talvetee \u00fcle vete, heina- ja puuvedamine p\u00e4\u00e4le, sest nigul olla k\u00f5ik kinni neetnud<\/em>. Nii loodame meiegi, et maale laotub valge lumevaip, mis katab hommikuti meie teejuhid\u2013p\u00e4kapikud ja nii saab vahvad habemikud lumeuinakust puhtaks p\u00fchkida ja neile l\u00f5busatele teejuhtidele j\u00e4rgneda.<\/p>\n\n\n\n<!--more-->\n\n\n\n<figure class=\"wp-block-image size-large is-resized\"><img decoding=\"async\" width=\"1024\" height=\"680\" src=\"https:\/\/vanavorumaamuuseumid.ee\/wp-content\/uploads\/2026\/01\/2-1024x680.jpg\" alt=\"\" class=\"wp-image-5051\" style=\"aspect-ratio:1.5058997732636157;width:612px;height:auto\" srcset=\"https:\/\/vanavorumaamuuseumid.ee\/wp-content\/uploads\/2026\/01\/2-980x651.jpg 980w, https:\/\/vanavorumaamuuseumid.ee\/wp-content\/uploads\/2026\/01\/2-480x319.jpg 480w\" sizes=\"(min-width: 0px) and (max-width: 480px) 480px, (min-width: 481px) and (max-width: 980px) 980px, (min-width: 981px) 1024px, 100vw\" \/><\/figure>\n\n\n\n<ul class=\"wp-block-list\">\n<li>p\u00fchademeeleolu muuseumimajades<\/li>\n\n\n\n<li>j\u00f5ulu- ja n\u00e4\u00e4rikombed<\/li>\n\n\n\n<li>kohtume end muuseumis sisse seadnud vahvate tegelastega<\/li>\n\n\n\n<li>v\u00e4ike kosutus p\u00f5ske pistmiseks ja j\u00f5ulupakike grupile kuuse all<\/li>\n\n\n\n<li>J\u00f5ulutaat tuleb kohale s\u00fcdame soovil (lepi kokku)<\/li>\n\n\n\n<li>Hind 7 eurot osleja, \u00f5petajad, bussijuht tasuta<\/li>\n\n\n\n<li>NB! Huvilised pered saavad meie j\u00f5ulur\u00e4nnakust osa, kui tulevad v\u00e4hemalt <strong>seitsmekesi<\/strong>.<\/li>\n\n\n\n<li>\u00dcks on kindel \u2013 j\u00f5uluprogramm Karilatsis toob kallid p\u00fchad kiiremini kohale. <\/li>\n<\/ul>","protected":false},"author":5,"featured_media":0,"template":"","kar-mu-cat":[27,28,29,32],"karilatsi-teemapaevad":[],"karilatsi-muuseumkohvris":[],"class_list":["post-4253","muuseumitund-kar","type-muuseumitund-kar","status-publish","hentry","kar-mu-cat-lasteaed","kar-mu-cat-pohikooli-1-aste","kar-mu-cat-pohikooli-2-aste","kar-mu-cat-taiskasvanud"],"acf":[],"yoast_head":"<!-- This site is optimized with the Yoast SEO plugin v27.4 - https:\/\/yoast.com\/product\/yoast-seo-wordpress\/ -->\n<title>J\u00d5ULUD KARILATSIS (6.-21. detsember 2026) - Vana-V\u00f5rumaa muuseumid<\/title>\n<meta name=\"robots\" content=\"index, follow, max-snippet:-1, max-image-preview:large, max-video-preview:-1\" \/>\n<link rel=\"canonical\" href=\"https:\/\/vanavorumaamuuseumid.ee\/vo\/muuseumitund-kar\/joulud-karilatsis-6-21-detsember\/\" \/>\n<meta property=\"og:locale\" content=\"en_US\" \/>\n<meta property=\"og:type\" content=\"article\" \/>\n<meta property=\"og:title\" content=\"J\u00d5ULUD KARILATSIS (6.-21. detsember 2026) - Vana-V\u00f5rumaa muuseumid\" \/>\n<meta property=\"og:description\" content=\"Karilatsi Vaba\u00f5humuuseumis saab j\u00f5uluaeg&nbsp; alguse nigulap\u00e4eval, 6. detsembril ning kestab kuni toomap\u00e4evani, [&hellip;]\" \/>\n<meta property=\"og:url\" content=\"https:\/\/vanavorumaamuuseumid.ee\/vo\/muuseumitund-kar\/joulud-karilatsis-6-21-detsember\/\" \/>\n<meta property=\"og:site_name\" content=\"Vana-V\u00f5rumaa muuseumid\" \/>\n<meta property=\"article:modified_time\" content=\"2026-03-02T09:56:32+00:00\" \/>\n<meta property=\"og:image\" content=\"https:\/\/vanavorumaamuuseumid.ee\/wp-content\/uploads\/2026\/01\/2.jpg\" \/>\n\t<meta property=\"og:image:width\" content=\"1920\" \/>\n\t<meta property=\"og:image:height\" content=\"1275\" \/>\n\t<meta property=\"og:image:type\" content=\"image\/jpeg\" \/>\n<meta name=\"twitter:card\" content=\"summary_large_image\" \/>\n<meta name=\"twitter:label1\" content=\"Est. reading time\" \/>\n\t<meta name=\"twitter:data1\" content=\"1 minute\" \/>\n<script type=\"application\/ld+json\" class=\"yoast-schema-graph\">{\"@context\":\"https:\\\/\\\/schema.org\",\"@graph\":[{\"@type\":\"WebPage\",\"@id\":\"https:\\\/\\\/vanavorumaamuuseumid.ee\\\/muuseumitund-kar\\\/joulud-karilatsis-6-21-detsember\\\/\",\"url\":\"https:\\\/\\\/vanavorumaamuuseumid.ee\\\/muuseumitund-kar\\\/joulud-karilatsis-6-21-detsember\\\/\",\"name\":\"J\u00d5ULUD KARILATSIS (6.-21. detsember 2026) - Vana-V\u00f5rumaa muuseumid\",\"isPartOf\":{\"@id\":\"https:\\\/\\\/vanavorumaamuuseumid.ee\\\/#website\"},\"primaryImageOfPage\":{\"@id\":\"https:\\\/\\\/vanavorumaamuuseumid.ee\\\/muuseumitund-kar\\\/joulud-karilatsis-6-21-detsember\\\/#primaryimage\"},\"image\":{\"@id\":\"https:\\\/\\\/vanavorumaamuuseumid.ee\\\/muuseumitund-kar\\\/joulud-karilatsis-6-21-detsember\\\/#primaryimage\"},\"thumbnailUrl\":\"https:\\\/\\\/vanavorumaamuuseumid.ee\\\/wp-content\\\/uploads\\\/2026\\\/01\\\/2-1024x680.jpg\",\"datePublished\":\"2025-11-07T10:57:15+00:00\",\"dateModified\":\"2026-03-02T09:56:32+00:00\",\"breadcrumb\":{\"@id\":\"https:\\\/\\\/vanavorumaamuuseumid.ee\\\/muuseumitund-kar\\\/joulud-karilatsis-6-21-detsember\\\/#breadcrumb\"},\"inLanguage\":\"vo\",\"potentialAction\":[{\"@type\":\"ReadAction\",\"target\":[\"https:\\\/\\\/vanavorumaamuuseumid.ee\\\/muuseumitund-kar\\\/joulud-karilatsis-6-21-detsember\\\/\"]}]},{\"@type\":\"ImageObject\",\"inLanguage\":\"vo\",\"@id\":\"https:\\\/\\\/vanavorumaamuuseumid.ee\\\/muuseumitund-kar\\\/joulud-karilatsis-6-21-detsember\\\/#primaryimage\",\"url\":\"https:\\\/\\\/vanavorumaamuuseumid.ee\\\/wp-content\\\/uploads\\\/2026\\\/01\\\/2-1024x680.jpg\",\"contentUrl\":\"https:\\\/\\\/vanavorumaamuuseumid.ee\\\/wp-content\\\/uploads\\\/2026\\\/01\\\/2-1024x680.jpg\"},{\"@type\":\"BreadcrumbList\",\"@id\":\"https:\\\/\\\/vanavorumaamuuseumid.ee\\\/muuseumitund-kar\\\/joulud-karilatsis-6-21-detsember\\\/#breadcrumb\",\"itemListElement\":[{\"@type\":\"ListItem\",\"position\":1,\"name\":\"Home\",\"item\":\"https:\\\/\\\/vanavorumaamuuseumid.ee\\\/\"},{\"@type\":\"ListItem\",\"position\":2,\"name\":\"J\u00d5ULUD KARILATSIS (6.-21. detsember 2026)\"}]},{\"@type\":\"WebSite\",\"@id\":\"https:\\\/\\\/vanavorumaamuuseumid.ee\\\/#website\",\"url\":\"https:\\\/\\\/vanavorumaamuuseumid.ee\\\/\",\"name\":\"Vana-V\u00f5rumaa Muuseumid\",\"description\":\"V\u00f5rumaa Muuseum, Dr. Fr. R. Kreutzwaldi Memoriaalmuuseum, M\u00f5niste Talurahvamuuseum ja Karilatsi Vaba\u00f5humuuseum\",\"publisher\":{\"@id\":\"https:\\\/\\\/vanavorumaamuuseumid.ee\\\/#organization\"},\"potentialAction\":[{\"@type\":\"SearchAction\",\"target\":{\"@type\":\"EntryPoint\",\"urlTemplate\":\"https:\\\/\\\/vanavorumaamuuseumid.ee\\\/?s={search_term_string}\"},\"query-input\":{\"@type\":\"PropertyValueSpecification\",\"valueRequired\":true,\"valueName\":\"search_term_string\"}}],\"inLanguage\":\"vo\"},{\"@type\":\"Organization\",\"@id\":\"https:\\\/\\\/vanavorumaamuuseumid.ee\\\/#organization\",\"name\":\"V\u00f5ru Instituut\",\"url\":\"https:\\\/\\\/vanavorumaamuuseumid.ee\\\/\",\"logo\":{\"@type\":\"ImageObject\",\"inLanguage\":\"vo\",\"@id\":\"https:\\\/\\\/vanavorumaamuuseumid.ee\\\/#\\\/schema\\\/logo\\\/image\\\/\",\"url\":\"https:\\\/\\\/vanavorumaamuuseumid.ee\\\/wp-content\\\/uploads\\\/2025\\\/05\\\/vana-voromaa-muusoumi-250516.svg\",\"contentUrl\":\"https:\\\/\\\/vanavorumaamuuseumid.ee\\\/wp-content\\\/uploads\\\/2025\\\/05\\\/vana-voromaa-muusoumi-250516.svg\",\"width\":567,\"height\":80,\"caption\":\"V\u00f5ru Instituut\"},\"image\":{\"@id\":\"https:\\\/\\\/vanavorumaamuuseumid.ee\\\/#\\\/schema\\\/logo\\\/image\\\/\"}}]}<\/script>\n<!-- \/ Yoast SEO plugin. -->","yoast_head_json":{"title":"J\u00d5ULUD KARILATSIS (6.-21. detsember 2026) - Vana-V\u00f5rumaa muuseumid","robots":{"index":"index","follow":"follow","max-snippet":"max-snippet:-1","max-image-preview":"max-image-preview:large","max-video-preview":"max-video-preview:-1"},"canonical":"https:\/\/vanavorumaamuuseumid.ee\/vo\/muuseumitund-kar\/joulud-karilatsis-6-21-detsember\/","og_locale":"en_US","og_type":"article","og_title":"J\u00d5ULUD KARILATSIS (6.-21. detsember 2026) - Vana-V\u00f5rumaa muuseumid","og_description":"Karilatsi Vaba\u00f5humuuseumis saab j\u00f5uluaeg&nbsp; alguse nigulap\u00e4eval, 6. detsembril ning kestab kuni toomap\u00e4evani, [&hellip;]","og_url":"https:\/\/vanavorumaamuuseumid.ee\/vo\/muuseumitund-kar\/joulud-karilatsis-6-21-detsember\/","og_site_name":"Vana-V\u00f5rumaa muuseumid","article_modified_time":"2026-03-02T09:56:32+00:00","og_image":[{"width":1920,"height":1275,"url":"https:\/\/vanavorumaamuuseumid.ee\/wp-content\/uploads\/2026\/01\/2.jpg","type":"image\/jpeg"}],"twitter_card":"summary_large_image","twitter_misc":{"Est. reading time":"1 minute"},"schema":{"@context":"https:\/\/schema.org","@graph":[{"@type":"WebPage","@id":"https:\/\/vanavorumaamuuseumid.ee\/muuseumitund-kar\/joulud-karilatsis-6-21-detsember\/","url":"https:\/\/vanavorumaamuuseumid.ee\/muuseumitund-kar\/joulud-karilatsis-6-21-detsember\/","name":"J\u00d5ULUD KARILATSIS (6.-21. detsember 2026) - Vana-V\u00f5rumaa muuseumid","isPartOf":{"@id":"https:\/\/vanavorumaamuuseumid.ee\/#website"},"primaryImageOfPage":{"@id":"https:\/\/vanavorumaamuuseumid.ee\/muuseumitund-kar\/joulud-karilatsis-6-21-detsember\/#primaryimage"},"image":{"@id":"https:\/\/vanavorumaamuuseumid.ee\/muuseumitund-kar\/joulud-karilatsis-6-21-detsember\/#primaryimage"},"thumbnailUrl":"https:\/\/vanavorumaamuuseumid.ee\/wp-content\/uploads\/2026\/01\/2-1024x680.jpg","datePublished":"2025-11-07T10:57:15+00:00","dateModified":"2026-03-02T09:56:32+00:00","breadcrumb":{"@id":"https:\/\/vanavorumaamuuseumid.ee\/muuseumitund-kar\/joulud-karilatsis-6-21-detsember\/#breadcrumb"},"inLanguage":"vo","potentialAction":[{"@type":"ReadAction","target":["https:\/\/vanavorumaamuuseumid.ee\/muuseumitund-kar\/joulud-karilatsis-6-21-detsember\/"]}]},{"@type":"ImageObject","inLanguage":"vo","@id":"https:\/\/vanavorumaamuuseumid.ee\/muuseumitund-kar\/joulud-karilatsis-6-21-detsember\/#primaryimage","url":"https:\/\/vanavorumaamuuseumid.ee\/wp-content\/uploads\/2026\/01\/2-1024x680.jpg","contentUrl":"https:\/\/vanavorumaamuuseumid.ee\/wp-content\/uploads\/2026\/01\/2-1024x680.jpg"},{"@type":"BreadcrumbList","@id":"https:\/\/vanavorumaamuuseumid.ee\/muuseumitund-kar\/joulud-karilatsis-6-21-detsember\/#breadcrumb","itemListElement":[{"@type":"ListItem","position":1,"name":"Home","item":"https:\/\/vanavorumaamuuseumid.ee\/"},{"@type":"ListItem","position":2,"name":"J\u00d5ULUD KARILATSIS (6.-21. detsember 2026)"}]},{"@type":"WebSite","@id":"https:\/\/vanavorumaamuuseumid.ee\/#website","url":"https:\/\/vanavorumaamuuseumid.ee\/","name":"Vana-V\u00f5rumaa Muuseumid","description":"V\u00f5rumaa Muuseum, Dr. Fr. R. Kreutzwaldi Memoriaalmuuseum, M\u00f5niste Talurahvamuuseum ja Karilatsi Vaba\u00f5humuuseum","publisher":{"@id":"https:\/\/vanavorumaamuuseumid.ee\/#organization"},"potentialAction":[{"@type":"SearchAction","target":{"@type":"EntryPoint","urlTemplate":"https:\/\/vanavorumaamuuseumid.ee\/?s={search_term_string}"},"query-input":{"@type":"PropertyValueSpecification","valueRequired":true,"valueName":"search_term_string"}}],"inLanguage":"vo"},{"@type":"Organization","@id":"https:\/\/vanavorumaamuuseumid.ee\/#organization","name":"V\u00f5ru Instituut","url":"https:\/\/vanavorumaamuuseumid.ee\/","logo":{"@type":"ImageObject","inLanguage":"vo","@id":"https:\/\/vanavorumaamuuseumid.ee\/#\/schema\/logo\/image\/","url":"https:\/\/vanavorumaamuuseumid.ee\/wp-content\/uploads\/2025\/05\/vana-voromaa-muusoumi-250516.svg","contentUrl":"https:\/\/vanavorumaamuuseumid.ee\/wp-content\/uploads\/2025\/05\/vana-voromaa-muusoumi-250516.svg","width":567,"height":80,"caption":"V\u00f5ru Instituut"},"image":{"@id":"https:\/\/vanavorumaamuuseumid.ee\/#\/schema\/logo\/image\/"}}]}},"_links":{"self":[{"href":"https:\/\/vanavorumaamuuseumid.ee\/vo\/wp-json\/wp\/v2\/muuseumitund-kar\/4253","targetHints":{"allow":["GET"]}}],"collection":[{"href":"https:\/\/vanavorumaamuuseumid.ee\/vo\/wp-json\/wp\/v2\/muuseumitund-kar"}],"about":[{"href":"https:\/\/vanavorumaamuuseumid.ee\/vo\/wp-json\/wp\/v2\/types\/muuseumitund-kar"}],"author":[{"embeddable":true,"href":"https:\/\/vanavorumaamuuseumid.ee\/vo\/wp-json\/wp\/v2\/users\/5"}],"wp:attachment":[{"href":"https:\/\/vanavorumaamuuseumid.ee\/vo\/wp-json\/wp\/v2\/media?parent=4253"}],"wp:term":[{"taxonomy":"kar-mu-cat","embeddable":true,"href":"https:\/\/vanavorumaamuuseumid.ee\/vo\/wp-json\/wp\/v2\/kar-mu-cat?post=4253"},{"taxonomy":"karilatsi-teemapaevad","embeddable":true,"href":"https:\/\/vanavorumaamuuseumid.ee\/vo\/wp-json\/wp\/v2\/karilatsi-teemapaevad?post=4253"},{"taxonomy":"karilatsi-muuseumkohvris","embeddable":true,"href":"https:\/\/vanavorumaamuuseumid.ee\/vo\/wp-json\/wp\/v2\/karilatsi-muuseumkohvris?post=4253"}],"curies":[{"name":"wp","href":"https:\/\/api.w.org\/{rel}","templated":true}]}}