{"id":5234,"date":"2026-02-20T13:57:56","date_gmt":"2026-02-20T11:57:56","guid":{"rendered":"https:\/\/vanavorumaamuuseumid.ee\/?post_type=muuseumitund-kar&#038;p=5234"},"modified":"2026-02-20T13:57:57","modified_gmt":"2026-02-20T11:57:57","slug":"kiigenadal-karilatsis-30-marts-2-aprill-2026","status":"publish","type":"muuseumitund-kar","link":"https:\/\/vanavorumaamuuseumid.ee\/vo\/muuseumitund-kar\/kiigenadal-karilatsis-30-marts-2-aprill-2026\/","title":{"rendered":"KIIGEN\u00c4DAL KARILATSIS (30. m\u00e4rts &#8211; 2. aprill 2026)"},"content":{"rendered":"<p><\/p>\n\n\n\n<p><strong>Suurel n\u00e4dalal<\/strong>, mida kutsutakse ka <strong>vaikseks n\u00e4dalaks<\/strong> ootame muuseumisse huvilisi kooli- ja lasteaialapsi. <strong>\u00dclest\u00f5usmisp\u00fchade <\/strong>kombestikku tutvustavad muuseumitunnid toimuvad 30. m\u00e4rtsist kuni 2. aprillini. Kaasa tuleb v\u00f5tta<strong> toores muna.<\/strong><\/p>\n\n\n\n<!--more-->\n\n\n\n<p>Vanades muuseumimajades valitseb vaikus ja k\u00fcllap oli suurel n\u00e4dalal vaikne neis majades ka sada v\u00f5i sadaviisk\u00fcmmend aastat tagasi, sest just k\u00e4rarikaste tegevuste keeld oli enne lihav\u00f5ttep\u00fchade k\u00e4tte j\u00f5udmist oluline. Lihav\u00f5tted on liikuvad p\u00fchad, s.t need ei lange igal aastal samale kuup\u00e4evale. T\u00e4navu ei j\u00f5ua kevadki veel v\u00e4ga valitsema hakata, sest on ju p\u00fchad sel korral m\u00e4rtsi- ehk paastukuu l\u00f5pul. Kuid p\u00e4ike k\u00e4ib juba k\u00f5rgemal taevas ja \u00f5ues on kuulda linnulaulu. Liigume muuseumi vanades hoonetes ja otsime p\u00fchadem\u00e4rke nii loodusest kui v\u00e4ljapanekust. Loomulikult v\u00e4rvime ka mune \u2013 selleks tuleb osalejal v\u00f5tta kaasa toores muna. Muuseumitunni l\u00f5puks saavad k\u00f5ik v\u00e4rvijad oma loodud \u201emuna-kunstiteose\u201c koju kaasa. Muuseumis aga m\u00e4ngime ka munaveeretusm\u00e4ngu, kiigume, laulame ja naudime l\u00e4heneva kevade l\u00f5hnu. Osaleja saab teada, mis p\u00fcha on lihav\u00f5tted, miks meie p\u00fchadekombed on just sellised ja v\u00e4ikseid vihjeid, mida n\u00e4dalal\u00f5pul oma peres ette v\u00f5tta. Tund kestab u 1,5 tundi ning osalustasu lapsele\/noorele on 3 eurot.<\/p>\n\n\n\n<p>Teemavaldkond: rahvakalender, kodulugu, emakeel, inimese\u00f5petus, eesti keel, liikumis\u00f5petus, t\u00f6\u00f6\u00f5petus<\/p>\n\n\n\n<figure class=\"wp-block-image size-full is-resized\"><img decoding=\"async\" width=\"960\" height=\"720\" src=\"https:\/\/vanavorumaamuuseumid.ee\/wp-content\/uploads\/2026\/02\/Munapyhad-2026.jpg\" alt=\"\" class=\"wp-image-5235\" style=\"aspect-ratio:4\/3;object-fit:cover;width:452px;height:auto\" srcset=\"https:\/\/vanavorumaamuuseumid.ee\/wp-content\/uploads\/2026\/02\/Munapyhad-2026.jpg 960w, https:\/\/vanavorumaamuuseumid.ee\/wp-content\/uploads\/2026\/02\/Munapyhad-2026-480x360.jpg 480w\" sizes=\"(min-width: 0px) and (max-width: 480px) 480px, (min-width: 481px) 960px, 100vw\" \/><\/figure>","protected":false},"author":5,"featured_media":0,"template":"","kar-mu-cat":[27,28,29],"karilatsi-teemapaevad":[],"karilatsi-muuseumkohvris":[],"class_list":["post-5234","muuseumitund-kar","type-muuseumitund-kar","status-publish","hentry","kar-mu-cat-lasteaed","kar-mu-cat-pohikooli-1-aste","kar-mu-cat-pohikooli-2-aste"],"acf":[],"yoast_head":"<!-- This site is optimized with the Yoast SEO plugin v27.4 - https:\/\/yoast.com\/product\/yoast-seo-wordpress\/ -->\n<title>KIIGEN\u00c4DAL KARILATSIS (30. m\u00e4rts - 2. aprill 2026) - Vana-V\u00f5rumaa muuseumid<\/title>\n<meta name=\"robots\" content=\"index, follow, max-snippet:-1, max-image-preview:large, max-video-preview:-1\" \/>\n<link rel=\"canonical\" href=\"https:\/\/vanavorumaamuuseumid.ee\/vo\/muuseumitund-kar\/kiigenadal-karilatsis-30-marts-2-aprill-2026\/\" \/>\n<meta property=\"og:locale\" content=\"en_US\" \/>\n<meta property=\"og:type\" content=\"article\" \/>\n<meta property=\"og:title\" content=\"KIIGEN\u00c4DAL KARILATSIS (30. m\u00e4rts - 2. aprill 2026) - Vana-V\u00f5rumaa muuseumid\" \/>\n<meta property=\"og:description\" content=\"Suurel n\u00e4dalal, mida kutsutakse ka vaikseks n\u00e4dalaks ootame muuseumisse huvilisi kooli- ja [&hellip;]\" \/>\n<meta property=\"og:url\" content=\"https:\/\/vanavorumaamuuseumid.ee\/vo\/muuseumitund-kar\/kiigenadal-karilatsis-30-marts-2-aprill-2026\/\" \/>\n<meta property=\"og:site_name\" content=\"Vana-V\u00f5rumaa muuseumid\" \/>\n<meta property=\"article:modified_time\" content=\"2026-02-20T11:57:57+00:00\" \/>\n<meta property=\"og:image\" content=\"https:\/\/vanavorumaamuuseumid.ee\/wp-content\/uploads\/2026\/02\/Munapyhad-2026.jpg\" \/>\n\t<meta property=\"og:image:width\" content=\"960\" \/>\n\t<meta property=\"og:image:height\" content=\"720\" \/>\n\t<meta property=\"og:image:type\" content=\"image\/jpeg\" \/>\n<meta name=\"twitter:card\" content=\"summary_large_image\" \/>\n<meta name=\"twitter:label1\" content=\"Est. reading time\" \/>\n\t<meta name=\"twitter:data1\" content=\"2 minutes\" \/>\n<script type=\"application\/ld+json\" class=\"yoast-schema-graph\">{\"@context\":\"https:\\\/\\\/schema.org\",\"@graph\":[{\"@type\":\"WebPage\",\"@id\":\"https:\\\/\\\/vanavorumaamuuseumid.ee\\\/muuseumitund-kar\\\/kiigenadal-karilatsis-30-marts-2-aprill-2026\\\/\",\"url\":\"https:\\\/\\\/vanavorumaamuuseumid.ee\\\/muuseumitund-kar\\\/kiigenadal-karilatsis-30-marts-2-aprill-2026\\\/\",\"name\":\"KIIGEN\u00c4DAL KARILATSIS (30. m\u00e4rts - 2. aprill 2026) - Vana-V\u00f5rumaa muuseumid\",\"isPartOf\":{\"@id\":\"https:\\\/\\\/vanavorumaamuuseumid.ee\\\/#website\"},\"primaryImageOfPage\":{\"@id\":\"https:\\\/\\\/vanavorumaamuuseumid.ee\\\/muuseumitund-kar\\\/kiigenadal-karilatsis-30-marts-2-aprill-2026\\\/#primaryimage\"},\"image\":{\"@id\":\"https:\\\/\\\/vanavorumaamuuseumid.ee\\\/muuseumitund-kar\\\/kiigenadal-karilatsis-30-marts-2-aprill-2026\\\/#primaryimage\"},\"thumbnailUrl\":\"https:\\\/\\\/vanavorumaamuuseumid.ee\\\/wp-content\\\/uploads\\\/2026\\\/02\\\/Munapyhad-2026.jpg\",\"datePublished\":\"2026-02-20T11:57:56+00:00\",\"dateModified\":\"2026-02-20T11:57:57+00:00\",\"breadcrumb\":{\"@id\":\"https:\\\/\\\/vanavorumaamuuseumid.ee\\\/muuseumitund-kar\\\/kiigenadal-karilatsis-30-marts-2-aprill-2026\\\/#breadcrumb\"},\"inLanguage\":\"vo\",\"potentialAction\":[{\"@type\":\"ReadAction\",\"target\":[\"https:\\\/\\\/vanavorumaamuuseumid.ee\\\/muuseumitund-kar\\\/kiigenadal-karilatsis-30-marts-2-aprill-2026\\\/\"]}]},{\"@type\":\"ImageObject\",\"inLanguage\":\"vo\",\"@id\":\"https:\\\/\\\/vanavorumaamuuseumid.ee\\\/muuseumitund-kar\\\/kiigenadal-karilatsis-30-marts-2-aprill-2026\\\/#primaryimage\",\"url\":\"https:\\\/\\\/vanavorumaamuuseumid.ee\\\/wp-content\\\/uploads\\\/2026\\\/02\\\/Munapyhad-2026.jpg\",\"contentUrl\":\"https:\\\/\\\/vanavorumaamuuseumid.ee\\\/wp-content\\\/uploads\\\/2026\\\/02\\\/Munapyhad-2026.jpg\"},{\"@type\":\"BreadcrumbList\",\"@id\":\"https:\\\/\\\/vanavorumaamuuseumid.ee\\\/muuseumitund-kar\\\/kiigenadal-karilatsis-30-marts-2-aprill-2026\\\/#breadcrumb\",\"itemListElement\":[{\"@type\":\"ListItem\",\"position\":1,\"name\":\"Home\",\"item\":\"https:\\\/\\\/vanavorumaamuuseumid.ee\\\/\"},{\"@type\":\"ListItem\",\"position\":2,\"name\":\"KIIGEN\u00c4DAL KARILATSIS (30. m\u00e4rts &#8211; 2. aprill 2026)\"}]},{\"@type\":\"WebSite\",\"@id\":\"https:\\\/\\\/vanavorumaamuuseumid.ee\\\/#website\",\"url\":\"https:\\\/\\\/vanavorumaamuuseumid.ee\\\/\",\"name\":\"Vana-V\u00f5rumaa Muuseumid\",\"description\":\"V\u00f5rumaa Muuseum, Dr. Fr. R. Kreutzwaldi Memoriaalmuuseum, M\u00f5niste Talurahvamuuseum ja Karilatsi Vaba\u00f5humuuseum\",\"publisher\":{\"@id\":\"https:\\\/\\\/vanavorumaamuuseumid.ee\\\/#organization\"},\"potentialAction\":[{\"@type\":\"SearchAction\",\"target\":{\"@type\":\"EntryPoint\",\"urlTemplate\":\"https:\\\/\\\/vanavorumaamuuseumid.ee\\\/?s={search_term_string}\"},\"query-input\":{\"@type\":\"PropertyValueSpecification\",\"valueRequired\":true,\"valueName\":\"search_term_string\"}}],\"inLanguage\":\"vo\"},{\"@type\":\"Organization\",\"@id\":\"https:\\\/\\\/vanavorumaamuuseumid.ee\\\/#organization\",\"name\":\"V\u00f5ru Instituut\",\"url\":\"https:\\\/\\\/vanavorumaamuuseumid.ee\\\/\",\"logo\":{\"@type\":\"ImageObject\",\"inLanguage\":\"vo\",\"@id\":\"https:\\\/\\\/vanavorumaamuuseumid.ee\\\/#\\\/schema\\\/logo\\\/image\\\/\",\"url\":\"https:\\\/\\\/vanavorumaamuuseumid.ee\\\/wp-content\\\/uploads\\\/2025\\\/05\\\/vana-voromaa-muusoumi-250516.svg\",\"contentUrl\":\"https:\\\/\\\/vanavorumaamuuseumid.ee\\\/wp-content\\\/uploads\\\/2025\\\/05\\\/vana-voromaa-muusoumi-250516.svg\",\"width\":567,\"height\":80,\"caption\":\"V\u00f5ru Instituut\"},\"image\":{\"@id\":\"https:\\\/\\\/vanavorumaamuuseumid.ee\\\/#\\\/schema\\\/logo\\\/image\\\/\"}}]}<\/script>\n<!-- \/ Yoast SEO plugin. -->","yoast_head_json":{"title":"KIIGEN\u00c4DAL KARILATSIS (30. m\u00e4rts - 2. aprill 2026) - Vana-V\u00f5rumaa muuseumid","robots":{"index":"index","follow":"follow","max-snippet":"max-snippet:-1","max-image-preview":"max-image-preview:large","max-video-preview":"max-video-preview:-1"},"canonical":"https:\/\/vanavorumaamuuseumid.ee\/vo\/muuseumitund-kar\/kiigenadal-karilatsis-30-marts-2-aprill-2026\/","og_locale":"en_US","og_type":"article","og_title":"KIIGEN\u00c4DAL KARILATSIS (30. m\u00e4rts - 2. aprill 2026) - Vana-V\u00f5rumaa muuseumid","og_description":"Suurel n\u00e4dalal, mida kutsutakse ka vaikseks n\u00e4dalaks ootame muuseumisse huvilisi kooli- ja [&hellip;]","og_url":"https:\/\/vanavorumaamuuseumid.ee\/vo\/muuseumitund-kar\/kiigenadal-karilatsis-30-marts-2-aprill-2026\/","og_site_name":"Vana-V\u00f5rumaa muuseumid","article_modified_time":"2026-02-20T11:57:57+00:00","og_image":[{"width":960,"height":720,"url":"https:\/\/vanavorumaamuuseumid.ee\/wp-content\/uploads\/2026\/02\/Munapyhad-2026.jpg","type":"image\/jpeg"}],"twitter_card":"summary_large_image","twitter_misc":{"Est. reading time":"2 minutes"},"schema":{"@context":"https:\/\/schema.org","@graph":[{"@type":"WebPage","@id":"https:\/\/vanavorumaamuuseumid.ee\/muuseumitund-kar\/kiigenadal-karilatsis-30-marts-2-aprill-2026\/","url":"https:\/\/vanavorumaamuuseumid.ee\/muuseumitund-kar\/kiigenadal-karilatsis-30-marts-2-aprill-2026\/","name":"KIIGEN\u00c4DAL KARILATSIS (30. m\u00e4rts - 2. aprill 2026) - Vana-V\u00f5rumaa muuseumid","isPartOf":{"@id":"https:\/\/vanavorumaamuuseumid.ee\/#website"},"primaryImageOfPage":{"@id":"https:\/\/vanavorumaamuuseumid.ee\/muuseumitund-kar\/kiigenadal-karilatsis-30-marts-2-aprill-2026\/#primaryimage"},"image":{"@id":"https:\/\/vanavorumaamuuseumid.ee\/muuseumitund-kar\/kiigenadal-karilatsis-30-marts-2-aprill-2026\/#primaryimage"},"thumbnailUrl":"https:\/\/vanavorumaamuuseumid.ee\/wp-content\/uploads\/2026\/02\/Munapyhad-2026.jpg","datePublished":"2026-02-20T11:57:56+00:00","dateModified":"2026-02-20T11:57:57+00:00","breadcrumb":{"@id":"https:\/\/vanavorumaamuuseumid.ee\/muuseumitund-kar\/kiigenadal-karilatsis-30-marts-2-aprill-2026\/#breadcrumb"},"inLanguage":"vo","potentialAction":[{"@type":"ReadAction","target":["https:\/\/vanavorumaamuuseumid.ee\/muuseumitund-kar\/kiigenadal-karilatsis-30-marts-2-aprill-2026\/"]}]},{"@type":"ImageObject","inLanguage":"vo","@id":"https:\/\/vanavorumaamuuseumid.ee\/muuseumitund-kar\/kiigenadal-karilatsis-30-marts-2-aprill-2026\/#primaryimage","url":"https:\/\/vanavorumaamuuseumid.ee\/wp-content\/uploads\/2026\/02\/Munapyhad-2026.jpg","contentUrl":"https:\/\/vanavorumaamuuseumid.ee\/wp-content\/uploads\/2026\/02\/Munapyhad-2026.jpg"},{"@type":"BreadcrumbList","@id":"https:\/\/vanavorumaamuuseumid.ee\/muuseumitund-kar\/kiigenadal-karilatsis-30-marts-2-aprill-2026\/#breadcrumb","itemListElement":[{"@type":"ListItem","position":1,"name":"Home","item":"https:\/\/vanavorumaamuuseumid.ee\/"},{"@type":"ListItem","position":2,"name":"KIIGEN\u00c4DAL KARILATSIS (30. m\u00e4rts &#8211; 2. aprill 2026)"}]},{"@type":"WebSite","@id":"https:\/\/vanavorumaamuuseumid.ee\/#website","url":"https:\/\/vanavorumaamuuseumid.ee\/","name":"Vana-V\u00f5rumaa Muuseumid","description":"V\u00f5rumaa Muuseum, Dr. Fr. R. Kreutzwaldi Memoriaalmuuseum, M\u00f5niste Talurahvamuuseum ja Karilatsi Vaba\u00f5humuuseum","publisher":{"@id":"https:\/\/vanavorumaamuuseumid.ee\/#organization"},"potentialAction":[{"@type":"SearchAction","target":{"@type":"EntryPoint","urlTemplate":"https:\/\/vanavorumaamuuseumid.ee\/?s={search_term_string}"},"query-input":{"@type":"PropertyValueSpecification","valueRequired":true,"valueName":"search_term_string"}}],"inLanguage":"vo"},{"@type":"Organization","@id":"https:\/\/vanavorumaamuuseumid.ee\/#organization","name":"V\u00f5ru Instituut","url":"https:\/\/vanavorumaamuuseumid.ee\/","logo":{"@type":"ImageObject","inLanguage":"vo","@id":"https:\/\/vanavorumaamuuseumid.ee\/#\/schema\/logo\/image\/","url":"https:\/\/vanavorumaamuuseumid.ee\/wp-content\/uploads\/2025\/05\/vana-voromaa-muusoumi-250516.svg","contentUrl":"https:\/\/vanavorumaamuuseumid.ee\/wp-content\/uploads\/2025\/05\/vana-voromaa-muusoumi-250516.svg","width":567,"height":80,"caption":"V\u00f5ru Instituut"},"image":{"@id":"https:\/\/vanavorumaamuuseumid.ee\/#\/schema\/logo\/image\/"}}]}},"_links":{"self":[{"href":"https:\/\/vanavorumaamuuseumid.ee\/vo\/wp-json\/wp\/v2\/muuseumitund-kar\/5234","targetHints":{"allow":["GET"]}}],"collection":[{"href":"https:\/\/vanavorumaamuuseumid.ee\/vo\/wp-json\/wp\/v2\/muuseumitund-kar"}],"about":[{"href":"https:\/\/vanavorumaamuuseumid.ee\/vo\/wp-json\/wp\/v2\/types\/muuseumitund-kar"}],"author":[{"embeddable":true,"href":"https:\/\/vanavorumaamuuseumid.ee\/vo\/wp-json\/wp\/v2\/users\/5"}],"wp:attachment":[{"href":"https:\/\/vanavorumaamuuseumid.ee\/vo\/wp-json\/wp\/v2\/media?parent=5234"}],"wp:term":[{"taxonomy":"kar-mu-cat","embeddable":true,"href":"https:\/\/vanavorumaamuuseumid.ee\/vo\/wp-json\/wp\/v2\/kar-mu-cat?post=5234"},{"taxonomy":"karilatsi-teemapaevad","embeddable":true,"href":"https:\/\/vanavorumaamuuseumid.ee\/vo\/wp-json\/wp\/v2\/karilatsi-teemapaevad?post=5234"},{"taxonomy":"karilatsi-muuseumkohvris","embeddable":true,"href":"https:\/\/vanavorumaamuuseumid.ee\/vo\/wp-json\/wp\/v2\/karilatsi-muuseumkohvris?post=5234"}],"curies":[{"name":"wp","href":"https:\/\/api.w.org\/{rel}","templated":true}]}}