{"id":5309,"date":"2026-03-02T12:38:40","date_gmt":"2026-03-02T10:38:40","guid":{"rendered":"https:\/\/vanavorumaamuuseumid.ee\/?post_type=muuseumitund-kar&#038;p=5309"},"modified":"2026-03-02T12:38:40","modified_gmt":"2026-03-02T10:38:40","slug":"leivanadal-karilatsis-5-9-oktoober-2026","status":"publish","type":"muuseumitund-kar","link":"https:\/\/vanavorumaamuuseumid.ee\/vo\/muuseumitund-kar\/leivanadal-karilatsis-5-9-oktoober-2026\/","title":{"rendered":"Leivan\u00e4dal Karilatsis (5.-9. oktoober 2026)"},"content":{"rendered":"<p>Oktoobri algul oleme me muuseumis ikka r\u00e4\u00e4kinud <strong>eestlaste p\u00f5hitoidust \u2013 rukkileivast<\/strong>. Selgi aastal kutsume huvilisi lasteaia- ja kooligruppe osa saama meie leiva loost. Oktoobrikuu algul toimub muusemis traditsiooniline leivan\u00e4dal. Muuseumitunnis k\u00e4ime l\u00e4bi teekonna viljak\u00fclvist leivat\u00fcki suhupanekuni.<\/p>\n\n\n\n<!--more-->\n\n\n\n<p>Meie <strong>rehetare <\/strong>on tore paik, kus suitsuh\u00f5ngulises rehetoas saab elava ettekujutuse sellest, kuidas leib on sajandeid eestlase lauale j\u00f5udnud. Rehetoast ei ole reheahju k\u00fctmise suitsuvine veel p\u00e4riselt kadunud, kui asume perenaisega <strong>astjas leivatainast s\u00f5tkuma<\/strong>. Aga millest koosneb leivatainas? Selle peame n\u00fc\u00fcd k\u00fcll j\u00e4rele uurima ja kui vaja siis ka ise t\u00f6\u00f6le k\u00e4ed k\u00fclge l\u00f6\u00f6ma \u2013 <strong>tutvume k\u00fclimitu, sirbi, vikati, luisu, koodi, sarja ja k\u00e4sikiviga<\/strong>. Kui jahu k\u00e4es ja tainap\u00e4ts kerkimas, saame m\u00f5tiskleda selle \u00fcle, kuidas t\u00e4nap\u00e4eval leib lauale j\u00f5uab. Muuseumitunni jooksul saavad selgeks ka <strong>erinevad teravilja<\/strong>d ja seegi, millisest viljast mida valmistatakse. M\u00e4ngides ja m\u00f5istatades \u00f5pime minevikust, kuidas peaks t\u00e4nap\u00e4eval leiba nagu ka toitu \u00fcldiselt hindama. Loodetavasti pakub perenaine t\u00f6\u00f6de-tegemiste k\u00f5rval ka ahjusooja leiba.<\/p>\n\n\n\n<p>Ainevaldkond: emakeel, inimese\u00f5petus, kodulugu, ajalugu, liikumine<\/p>\n\n\n\n<figure class=\"wp-block-image size-large is-resized\"><img decoding=\"async\" width=\"1024\" height=\"576\" src=\"https:\/\/vanavorumaamuuseumid.ee\/wp-content\/uploads\/2026\/03\/IMG_20190910_101925-1024x576.jpg\" alt=\"\" class=\"wp-image-5310\" style=\"width:405px;height:auto\" srcset=\"https:\/\/vanavorumaamuuseumid.ee\/wp-content\/uploads\/2026\/03\/IMG_20190910_101925-980x551.jpg 980w, https:\/\/vanavorumaamuuseumid.ee\/wp-content\/uploads\/2026\/03\/IMG_20190910_101925-480x270.jpg 480w\" sizes=\"(min-width: 0px) and (max-width: 480px) 480px, (min-width: 481px) and (max-width: 980px) 980px, (min-width: 981px) 1024px, 100vw\" \/><\/figure>\n\n\n\n<figure class=\"wp-block-image size-full is-resized\"><img decoding=\"async\" width=\"264\" height=\"219\" src=\"https:\/\/vanavorumaamuuseumid.ee\/wp-content\/uploads\/2026\/03\/Eesti-toit.jpg\" alt=\"\" class=\"wp-image-5311\" style=\"width:110px;height:auto\" srcset=\"https:\/\/vanavorumaamuuseumid.ee\/wp-content\/uploads\/2026\/03\/Eesti-toit.jpg 264w, https:\/\/vanavorumaamuuseumid.ee\/wp-content\/uploads\/2026\/03\/Eesti-toit-14x12.jpg 14w\" sizes=\"(max-width: 264px) 100vw, 264px\" \/><\/figure>\n\n\n\n<p><\/p>","protected":false},"author":5,"featured_media":0,"template":"","kar-mu-cat":[27,28,29,32],"karilatsi-teemapaevad":[],"karilatsi-muuseumkohvris":[],"class_list":["post-5309","muuseumitund-kar","type-muuseumitund-kar","status-publish","hentry","kar-mu-cat-lasteaed","kar-mu-cat-pohikooli-1-aste","kar-mu-cat-pohikooli-2-aste","kar-mu-cat-taiskasvanud"],"acf":[],"yoast_head":"<!-- This site is optimized with the Yoast SEO plugin v27.4 - https:\/\/yoast.com\/product\/yoast-seo-wordpress\/ -->\n<title>Leivan\u00e4dal Karilatsis (5.-9. oktoober 2026) - Vana-V\u00f5rumaa muuseumid<\/title>\n<meta name=\"robots\" content=\"index, follow, max-snippet:-1, max-image-preview:large, max-video-preview:-1\" \/>\n<link rel=\"canonical\" href=\"https:\/\/vanavorumaamuuseumid.ee\/vo\/muuseumitund-kar\/leivanadal-karilatsis-5-9-oktoober-2026\/\" \/>\n<meta property=\"og:locale\" content=\"en_US\" \/>\n<meta property=\"og:type\" content=\"article\" \/>\n<meta property=\"og:title\" content=\"Leivan\u00e4dal Karilatsis (5.-9. oktoober 2026) - Vana-V\u00f5rumaa muuseumid\" \/>\n<meta property=\"og:description\" content=\"Oktoobri algul oleme me muuseumis ikka r\u00e4\u00e4kinud eestlaste p\u00f5hitoidust \u2013 rukkileivast. Selgi [&hellip;]\" \/>\n<meta property=\"og:url\" content=\"https:\/\/vanavorumaamuuseumid.ee\/vo\/muuseumitund-kar\/leivanadal-karilatsis-5-9-oktoober-2026\/\" \/>\n<meta property=\"og:site_name\" content=\"Vana-V\u00f5rumaa muuseumid\" \/>\n<meta property=\"og:image\" content=\"https:\/\/vanavorumaamuuseumid.ee\/wp-content\/uploads\/2026\/03\/IMG_20190910_101925.jpg\" \/>\n\t<meta property=\"og:image:width\" content=\"1920\" \/>\n\t<meta property=\"og:image:height\" content=\"1080\" \/>\n\t<meta property=\"og:image:type\" content=\"image\/jpeg\" \/>\n<meta name=\"twitter:card\" content=\"summary_large_image\" \/>\n<meta name=\"twitter:label1\" content=\"Est. reading time\" \/>\n\t<meta name=\"twitter:data1\" content=\"2 minutes\" \/>\n<script type=\"application\/ld+json\" class=\"yoast-schema-graph\">{\"@context\":\"https:\\\/\\\/schema.org\",\"@graph\":[{\"@type\":\"WebPage\",\"@id\":\"https:\\\/\\\/vanavorumaamuuseumid.ee\\\/muuseumitund-kar\\\/leivanadal-karilatsis-5-9-oktoober-2026\\\/\",\"url\":\"https:\\\/\\\/vanavorumaamuuseumid.ee\\\/muuseumitund-kar\\\/leivanadal-karilatsis-5-9-oktoober-2026\\\/\",\"name\":\"Leivan\u00e4dal Karilatsis (5.-9. oktoober 2026) - Vana-V\u00f5rumaa muuseumid\",\"isPartOf\":{\"@id\":\"https:\\\/\\\/vanavorumaamuuseumid.ee\\\/#website\"},\"primaryImageOfPage\":{\"@id\":\"https:\\\/\\\/vanavorumaamuuseumid.ee\\\/muuseumitund-kar\\\/leivanadal-karilatsis-5-9-oktoober-2026\\\/#primaryimage\"},\"image\":{\"@id\":\"https:\\\/\\\/vanavorumaamuuseumid.ee\\\/muuseumitund-kar\\\/leivanadal-karilatsis-5-9-oktoober-2026\\\/#primaryimage\"},\"thumbnailUrl\":\"https:\\\/\\\/vanavorumaamuuseumid.ee\\\/wp-content\\\/uploads\\\/2026\\\/03\\\/IMG_20190910_101925-1024x576.jpg\",\"datePublished\":\"2026-03-02T10:38:40+00:00\",\"breadcrumb\":{\"@id\":\"https:\\\/\\\/vanavorumaamuuseumid.ee\\\/muuseumitund-kar\\\/leivanadal-karilatsis-5-9-oktoober-2026\\\/#breadcrumb\"},\"inLanguage\":\"vo\",\"potentialAction\":[{\"@type\":\"ReadAction\",\"target\":[\"https:\\\/\\\/vanavorumaamuuseumid.ee\\\/muuseumitund-kar\\\/leivanadal-karilatsis-5-9-oktoober-2026\\\/\"]}]},{\"@type\":\"ImageObject\",\"inLanguage\":\"vo\",\"@id\":\"https:\\\/\\\/vanavorumaamuuseumid.ee\\\/muuseumitund-kar\\\/leivanadal-karilatsis-5-9-oktoober-2026\\\/#primaryimage\",\"url\":\"https:\\\/\\\/vanavorumaamuuseumid.ee\\\/wp-content\\\/uploads\\\/2026\\\/03\\\/IMG_20190910_101925-1024x576.jpg\",\"contentUrl\":\"https:\\\/\\\/vanavorumaamuuseumid.ee\\\/wp-content\\\/uploads\\\/2026\\\/03\\\/IMG_20190910_101925-1024x576.jpg\"},{\"@type\":\"BreadcrumbList\",\"@id\":\"https:\\\/\\\/vanavorumaamuuseumid.ee\\\/muuseumitund-kar\\\/leivanadal-karilatsis-5-9-oktoober-2026\\\/#breadcrumb\",\"itemListElement\":[{\"@type\":\"ListItem\",\"position\":1,\"name\":\"Home\",\"item\":\"https:\\\/\\\/vanavorumaamuuseumid.ee\\\/\"},{\"@type\":\"ListItem\",\"position\":2,\"name\":\"Leivan\u00e4dal Karilatsis (5.-9. oktoober 2026)\"}]},{\"@type\":\"WebSite\",\"@id\":\"https:\\\/\\\/vanavorumaamuuseumid.ee\\\/#website\",\"url\":\"https:\\\/\\\/vanavorumaamuuseumid.ee\\\/\",\"name\":\"Vana-V\u00f5rumaa Muuseumid\",\"description\":\"V\u00f5rumaa Muuseum, Dr. Fr. R. Kreutzwaldi Memoriaalmuuseum, M\u00f5niste Talurahvamuuseum ja Karilatsi Vaba\u00f5humuuseum\",\"publisher\":{\"@id\":\"https:\\\/\\\/vanavorumaamuuseumid.ee\\\/#organization\"},\"potentialAction\":[{\"@type\":\"SearchAction\",\"target\":{\"@type\":\"EntryPoint\",\"urlTemplate\":\"https:\\\/\\\/vanavorumaamuuseumid.ee\\\/?s={search_term_string}\"},\"query-input\":{\"@type\":\"PropertyValueSpecification\",\"valueRequired\":true,\"valueName\":\"search_term_string\"}}],\"inLanguage\":\"vo\"},{\"@type\":\"Organization\",\"@id\":\"https:\\\/\\\/vanavorumaamuuseumid.ee\\\/#organization\",\"name\":\"V\u00f5ru Instituut\",\"url\":\"https:\\\/\\\/vanavorumaamuuseumid.ee\\\/\",\"logo\":{\"@type\":\"ImageObject\",\"inLanguage\":\"vo\",\"@id\":\"https:\\\/\\\/vanavorumaamuuseumid.ee\\\/#\\\/schema\\\/logo\\\/image\\\/\",\"url\":\"https:\\\/\\\/vanavorumaamuuseumid.ee\\\/wp-content\\\/uploads\\\/2025\\\/05\\\/vana-voromaa-muusoumi-250516.svg\",\"contentUrl\":\"https:\\\/\\\/vanavorumaamuuseumid.ee\\\/wp-content\\\/uploads\\\/2025\\\/05\\\/vana-voromaa-muusoumi-250516.svg\",\"width\":567,\"height\":80,\"caption\":\"V\u00f5ru Instituut\"},\"image\":{\"@id\":\"https:\\\/\\\/vanavorumaamuuseumid.ee\\\/#\\\/schema\\\/logo\\\/image\\\/\"}}]}<\/script>\n<!-- \/ Yoast SEO plugin. -->","yoast_head_json":{"title":"Leivan\u00e4dal Karilatsis (5.-9. oktoober 2026) - Vana-V\u00f5rumaa muuseumid","robots":{"index":"index","follow":"follow","max-snippet":"max-snippet:-1","max-image-preview":"max-image-preview:large","max-video-preview":"max-video-preview:-1"},"canonical":"https:\/\/vanavorumaamuuseumid.ee\/vo\/muuseumitund-kar\/leivanadal-karilatsis-5-9-oktoober-2026\/","og_locale":"en_US","og_type":"article","og_title":"Leivan\u00e4dal Karilatsis (5.-9. oktoober 2026) - Vana-V\u00f5rumaa muuseumid","og_description":"Oktoobri algul oleme me muuseumis ikka r\u00e4\u00e4kinud eestlaste p\u00f5hitoidust \u2013 rukkileivast. Selgi [&hellip;]","og_url":"https:\/\/vanavorumaamuuseumid.ee\/vo\/muuseumitund-kar\/leivanadal-karilatsis-5-9-oktoober-2026\/","og_site_name":"Vana-V\u00f5rumaa muuseumid","og_image":[{"width":1920,"height":1080,"url":"https:\/\/vanavorumaamuuseumid.ee\/wp-content\/uploads\/2026\/03\/IMG_20190910_101925.jpg","type":"image\/jpeg"}],"twitter_card":"summary_large_image","twitter_misc":{"Est. reading time":"2 minutes"},"schema":{"@context":"https:\/\/schema.org","@graph":[{"@type":"WebPage","@id":"https:\/\/vanavorumaamuuseumid.ee\/muuseumitund-kar\/leivanadal-karilatsis-5-9-oktoober-2026\/","url":"https:\/\/vanavorumaamuuseumid.ee\/muuseumitund-kar\/leivanadal-karilatsis-5-9-oktoober-2026\/","name":"Leivan\u00e4dal Karilatsis (5.-9. oktoober 2026) - Vana-V\u00f5rumaa muuseumid","isPartOf":{"@id":"https:\/\/vanavorumaamuuseumid.ee\/#website"},"primaryImageOfPage":{"@id":"https:\/\/vanavorumaamuuseumid.ee\/muuseumitund-kar\/leivanadal-karilatsis-5-9-oktoober-2026\/#primaryimage"},"image":{"@id":"https:\/\/vanavorumaamuuseumid.ee\/muuseumitund-kar\/leivanadal-karilatsis-5-9-oktoober-2026\/#primaryimage"},"thumbnailUrl":"https:\/\/vanavorumaamuuseumid.ee\/wp-content\/uploads\/2026\/03\/IMG_20190910_101925-1024x576.jpg","datePublished":"2026-03-02T10:38:40+00:00","breadcrumb":{"@id":"https:\/\/vanavorumaamuuseumid.ee\/muuseumitund-kar\/leivanadal-karilatsis-5-9-oktoober-2026\/#breadcrumb"},"inLanguage":"vo","potentialAction":[{"@type":"ReadAction","target":["https:\/\/vanavorumaamuuseumid.ee\/muuseumitund-kar\/leivanadal-karilatsis-5-9-oktoober-2026\/"]}]},{"@type":"ImageObject","inLanguage":"vo","@id":"https:\/\/vanavorumaamuuseumid.ee\/muuseumitund-kar\/leivanadal-karilatsis-5-9-oktoober-2026\/#primaryimage","url":"https:\/\/vanavorumaamuuseumid.ee\/wp-content\/uploads\/2026\/03\/IMG_20190910_101925-1024x576.jpg","contentUrl":"https:\/\/vanavorumaamuuseumid.ee\/wp-content\/uploads\/2026\/03\/IMG_20190910_101925-1024x576.jpg"},{"@type":"BreadcrumbList","@id":"https:\/\/vanavorumaamuuseumid.ee\/muuseumitund-kar\/leivanadal-karilatsis-5-9-oktoober-2026\/#breadcrumb","itemListElement":[{"@type":"ListItem","position":1,"name":"Home","item":"https:\/\/vanavorumaamuuseumid.ee\/"},{"@type":"ListItem","position":2,"name":"Leivan\u00e4dal Karilatsis (5.-9. oktoober 2026)"}]},{"@type":"WebSite","@id":"https:\/\/vanavorumaamuuseumid.ee\/#website","url":"https:\/\/vanavorumaamuuseumid.ee\/","name":"Vana-V\u00f5rumaa Muuseumid","description":"V\u00f5rumaa Muuseum, Dr. Fr. R. Kreutzwaldi Memoriaalmuuseum, M\u00f5niste Talurahvamuuseum ja Karilatsi Vaba\u00f5humuuseum","publisher":{"@id":"https:\/\/vanavorumaamuuseumid.ee\/#organization"},"potentialAction":[{"@type":"SearchAction","target":{"@type":"EntryPoint","urlTemplate":"https:\/\/vanavorumaamuuseumid.ee\/?s={search_term_string}"},"query-input":{"@type":"PropertyValueSpecification","valueRequired":true,"valueName":"search_term_string"}}],"inLanguage":"vo"},{"@type":"Organization","@id":"https:\/\/vanavorumaamuuseumid.ee\/#organization","name":"V\u00f5ru Instituut","url":"https:\/\/vanavorumaamuuseumid.ee\/","logo":{"@type":"ImageObject","inLanguage":"vo","@id":"https:\/\/vanavorumaamuuseumid.ee\/#\/schema\/logo\/image\/","url":"https:\/\/vanavorumaamuuseumid.ee\/wp-content\/uploads\/2025\/05\/vana-voromaa-muusoumi-250516.svg","contentUrl":"https:\/\/vanavorumaamuuseumid.ee\/wp-content\/uploads\/2025\/05\/vana-voromaa-muusoumi-250516.svg","width":567,"height":80,"caption":"V\u00f5ru Instituut"},"image":{"@id":"https:\/\/vanavorumaamuuseumid.ee\/#\/schema\/logo\/image\/"}}]}},"_links":{"self":[{"href":"https:\/\/vanavorumaamuuseumid.ee\/vo\/wp-json\/wp\/v2\/muuseumitund-kar\/5309","targetHints":{"allow":["GET"]}}],"collection":[{"href":"https:\/\/vanavorumaamuuseumid.ee\/vo\/wp-json\/wp\/v2\/muuseumitund-kar"}],"about":[{"href":"https:\/\/vanavorumaamuuseumid.ee\/vo\/wp-json\/wp\/v2\/types\/muuseumitund-kar"}],"author":[{"embeddable":true,"href":"https:\/\/vanavorumaamuuseumid.ee\/vo\/wp-json\/wp\/v2\/users\/5"}],"wp:attachment":[{"href":"https:\/\/vanavorumaamuuseumid.ee\/vo\/wp-json\/wp\/v2\/media?parent=5309"}],"wp:term":[{"taxonomy":"kar-mu-cat","embeddable":true,"href":"https:\/\/vanavorumaamuuseumid.ee\/vo\/wp-json\/wp\/v2\/kar-mu-cat?post=5309"},{"taxonomy":"karilatsi-teemapaevad","embeddable":true,"href":"https:\/\/vanavorumaamuuseumid.ee\/vo\/wp-json\/wp\/v2\/karilatsi-teemapaevad?post=5309"},{"taxonomy":"karilatsi-muuseumkohvris","embeddable":true,"href":"https:\/\/vanavorumaamuuseumid.ee\/vo\/wp-json\/wp\/v2\/karilatsi-muuseumkohvris?post=5309"}],"curies":[{"name":"wp","href":"https:\/\/api.w.org\/{rel}","templated":true}]}}