{"id":2873,"date":"2025-09-15T12:54:03","date_gmt":"2025-09-15T09:54:03","guid":{"rendered":"https:\/\/vanavorumaamuuseumid.ee\/?post_type=muuseumitund-mon&#038;p=2873"},"modified":"2026-03-18T11:36:53","modified_gmt":"2026-03-18T09:36:53","slug":"lina-linda-mehilane","status":"publish","type":"muuseumitund-mon","link":"https:\/\/vanavorumaamuuseumid.ee\/vo\/muuseumitund-mon\/lina-linda-mehilane\/","title":{"rendered":"Lina, linda, mehil\u00e4ne! (TASUTA*)"},"content":{"rendered":"<p>Usinad t\u00f6\u00f6mesilased askeldavad meie aedades, lennates sumisedes \u00f5ielt \u00f5iele. Antud programmis vaatame, milline on mesilaste elu tarus ja tarust v\u00e4ljas.<\/p>\n\n\n\n<p>*Piiratud arv TASUTA tunnik\u00fclastusi, millele kehtib Kultuuriministeeriumi kultuurihariduse toetus.<\/p>\n\n\n\n<!--more-->\n\n\n\n<p>\u201eLinda, linda, mehil\u00e4ne!\u201c programmis teeme juttu mesilastest, nende t\u00f6\u00f6jaotusest ja tegemistest. Saame teada, mis on peale mee veel mesilaste toodang. Arutame, mida saame ise teha selle heaks, et need kasulikud putukad ikka meie aedades askeldaksid.<\/p>\n\n\n\n<p>Meisterdame endale kunstk\u00e4rjest k\u00fc\u00fcnla ning m\u00e4ngime nii liikumis- kui ka teadmisi kinnistavaid m\u00e4nge. Lennates nagu mesilased suvele vastu, \u00f5pime m\u00e4ngu kaudu ka v\u00f5ru keelt.<\/p>\n\n\n\n<p>Tegevus toimub peamiselt \u00f5ues ja tunni l\u00f5pus on grupil v\u00f5imalik kaunis looduskeskkonnas l\u00f5kke \u00e4\u00e4res piknikut pidada. \u00dcmberringi on piisavalt liikumisruumi ning saab ka k\u00fc\u00fclikuid ja kanu vaadelda.<\/p>\n\n\n\n<p>\u00d5ppeained: v\u00f5ru keel, loodus\u00f5petus, k\u00e4sit\u00f6\u00f6<\/p>","protected":false},"author":3,"featured_media":0,"template":"","mon-mu-cat":[45,46],"moniste-teemapaevad":[],"moniste-muuseumkohvris":[],"class_list":["post-2873","muuseumitund-mon","type-muuseumitund-mon","status-publish","hentry","mon-mu-cat-pohikooli-1aste","mon-mu-cat-pohikooli-2aste"],"acf":[],"yoast_head":"<!-- This site is optimized with the Yoast SEO plugin v27.4 - https:\/\/yoast.com\/product\/yoast-seo-wordpress\/ -->\n<title>Lina, linda, mehil\u00e4ne! (TASUTA*) - Vana-V\u00f5rumaa muuseumid<\/title>\n<meta name=\"robots\" content=\"index, follow, max-snippet:-1, max-image-preview:large, max-video-preview:-1\" \/>\n<link rel=\"canonical\" href=\"https:\/\/vanavorumaamuuseumid.ee\/vo\/muuseumitund-mon\/lina-linda-mehilane\/\" \/>\n<meta property=\"og:locale\" content=\"en_US\" \/>\n<meta property=\"og:type\" content=\"article\" \/>\n<meta property=\"og:title\" content=\"Lina, linda, mehil\u00e4ne! (TASUTA*) - Vana-V\u00f5rumaa muuseumid\" \/>\n<meta property=\"og:description\" content=\"Usinad t\u00f6\u00f6mesilased askeldavad meie aedades, lennates sumisedes \u00f5ielt \u00f5iele. Antud programmis vaatame, [&hellip;]\" \/>\n<meta property=\"og:url\" content=\"https:\/\/vanavorumaamuuseumid.ee\/vo\/muuseumitund-mon\/lina-linda-mehilane\/\" \/>\n<meta property=\"og:site_name\" content=\"Vana-V\u00f5rumaa muuseumid\" \/>\n<meta property=\"article:modified_time\" content=\"2026-03-18T09:36:53+00:00\" \/>\n<meta name=\"twitter:card\" content=\"summary_large_image\" \/>\n<meta name=\"twitter:label1\" content=\"Est. reading time\" \/>\n\t<meta name=\"twitter:data1\" content=\"1 minute\" \/>\n<script type=\"application\/ld+json\" class=\"yoast-schema-graph\">{\"@context\":\"https:\\\/\\\/schema.org\",\"@graph\":[{\"@type\":\"WebPage\",\"@id\":\"https:\\\/\\\/vanavorumaamuuseumid.ee\\\/muuseumitund-mon\\\/lina-linda-mehilane\\\/\",\"url\":\"https:\\\/\\\/vanavorumaamuuseumid.ee\\\/muuseumitund-mon\\\/lina-linda-mehilane\\\/\",\"name\":\"Lina, linda, mehil\u00e4ne! (TASUTA*) - Vana-V\u00f5rumaa muuseumid\",\"isPartOf\":{\"@id\":\"https:\\\/\\\/vanavorumaamuuseumid.ee\\\/#website\"},\"datePublished\":\"2025-09-15T09:54:03+00:00\",\"dateModified\":\"2026-03-18T09:36:53+00:00\",\"breadcrumb\":{\"@id\":\"https:\\\/\\\/vanavorumaamuuseumid.ee\\\/muuseumitund-mon\\\/lina-linda-mehilane\\\/#breadcrumb\"},\"inLanguage\":\"vo\",\"potentialAction\":[{\"@type\":\"ReadAction\",\"target\":[\"https:\\\/\\\/vanavorumaamuuseumid.ee\\\/muuseumitund-mon\\\/lina-linda-mehilane\\\/\"]}]},{\"@type\":\"BreadcrumbList\",\"@id\":\"https:\\\/\\\/vanavorumaamuuseumid.ee\\\/muuseumitund-mon\\\/lina-linda-mehilane\\\/#breadcrumb\",\"itemListElement\":[{\"@type\":\"ListItem\",\"position\":1,\"name\":\"Home\",\"item\":\"https:\\\/\\\/vanavorumaamuuseumid.ee\\\/\"},{\"@type\":\"ListItem\",\"position\":2,\"name\":\"Lina, linda, mehil\u00e4ne! (TASUTA*)\"}]},{\"@type\":\"WebSite\",\"@id\":\"https:\\\/\\\/vanavorumaamuuseumid.ee\\\/#website\",\"url\":\"https:\\\/\\\/vanavorumaamuuseumid.ee\\\/\",\"name\":\"Vana-V\u00f5rumaa Muuseumid\",\"description\":\"V\u00f5rumaa Muuseum, Dr. Fr. R. Kreutzwaldi Memoriaalmuuseum, M\u00f5niste Talurahvamuuseum ja Karilatsi Vaba\u00f5humuuseum\",\"publisher\":{\"@id\":\"https:\\\/\\\/vanavorumaamuuseumid.ee\\\/#organization\"},\"potentialAction\":[{\"@type\":\"SearchAction\",\"target\":{\"@type\":\"EntryPoint\",\"urlTemplate\":\"https:\\\/\\\/vanavorumaamuuseumid.ee\\\/?s={search_term_string}\"},\"query-input\":{\"@type\":\"PropertyValueSpecification\",\"valueRequired\":true,\"valueName\":\"search_term_string\"}}],\"inLanguage\":\"vo\"},{\"@type\":\"Organization\",\"@id\":\"https:\\\/\\\/vanavorumaamuuseumid.ee\\\/#organization\",\"name\":\"V\u00f5ru Instituut\",\"url\":\"https:\\\/\\\/vanavorumaamuuseumid.ee\\\/\",\"logo\":{\"@type\":\"ImageObject\",\"inLanguage\":\"vo\",\"@id\":\"https:\\\/\\\/vanavorumaamuuseumid.ee\\\/#\\\/schema\\\/logo\\\/image\\\/\",\"url\":\"https:\\\/\\\/vanavorumaamuuseumid.ee\\\/wp-content\\\/uploads\\\/2025\\\/05\\\/vana-voromaa-muusoumi-250516.svg\",\"contentUrl\":\"https:\\\/\\\/vanavorumaamuuseumid.ee\\\/wp-content\\\/uploads\\\/2025\\\/05\\\/vana-voromaa-muusoumi-250516.svg\",\"width\":567,\"height\":80,\"caption\":\"V\u00f5ru Instituut\"},\"image\":{\"@id\":\"https:\\\/\\\/vanavorumaamuuseumid.ee\\\/#\\\/schema\\\/logo\\\/image\\\/\"}}]}<\/script>\n<!-- \/ Yoast SEO plugin. -->","yoast_head_json":{"title":"Lina, linda, mehil\u00e4ne! (TASUTA*) - Vana-V\u00f5rumaa muuseumid","robots":{"index":"index","follow":"follow","max-snippet":"max-snippet:-1","max-image-preview":"max-image-preview:large","max-video-preview":"max-video-preview:-1"},"canonical":"https:\/\/vanavorumaamuuseumid.ee\/vo\/muuseumitund-mon\/lina-linda-mehilane\/","og_locale":"en_US","og_type":"article","og_title":"Lina, linda, mehil\u00e4ne! (TASUTA*) - Vana-V\u00f5rumaa muuseumid","og_description":"Usinad t\u00f6\u00f6mesilased askeldavad meie aedades, lennates sumisedes \u00f5ielt \u00f5iele. Antud programmis vaatame, [&hellip;]","og_url":"https:\/\/vanavorumaamuuseumid.ee\/vo\/muuseumitund-mon\/lina-linda-mehilane\/","og_site_name":"Vana-V\u00f5rumaa muuseumid","article_modified_time":"2026-03-18T09:36:53+00:00","twitter_card":"summary_large_image","twitter_misc":{"Est. reading time":"1 minute"},"schema":{"@context":"https:\/\/schema.org","@graph":[{"@type":"WebPage","@id":"https:\/\/vanavorumaamuuseumid.ee\/muuseumitund-mon\/lina-linda-mehilane\/","url":"https:\/\/vanavorumaamuuseumid.ee\/muuseumitund-mon\/lina-linda-mehilane\/","name":"Lina, linda, mehil\u00e4ne! (TASUTA*) - Vana-V\u00f5rumaa muuseumid","isPartOf":{"@id":"https:\/\/vanavorumaamuuseumid.ee\/#website"},"datePublished":"2025-09-15T09:54:03+00:00","dateModified":"2026-03-18T09:36:53+00:00","breadcrumb":{"@id":"https:\/\/vanavorumaamuuseumid.ee\/muuseumitund-mon\/lina-linda-mehilane\/#breadcrumb"},"inLanguage":"vo","potentialAction":[{"@type":"ReadAction","target":["https:\/\/vanavorumaamuuseumid.ee\/muuseumitund-mon\/lina-linda-mehilane\/"]}]},{"@type":"BreadcrumbList","@id":"https:\/\/vanavorumaamuuseumid.ee\/muuseumitund-mon\/lina-linda-mehilane\/#breadcrumb","itemListElement":[{"@type":"ListItem","position":1,"name":"Home","item":"https:\/\/vanavorumaamuuseumid.ee\/"},{"@type":"ListItem","position":2,"name":"Lina, linda, mehil\u00e4ne! (TASUTA*)"}]},{"@type":"WebSite","@id":"https:\/\/vanavorumaamuuseumid.ee\/#website","url":"https:\/\/vanavorumaamuuseumid.ee\/","name":"Vana-V\u00f5rumaa Muuseumid","description":"V\u00f5rumaa Muuseum, Dr. Fr. R. Kreutzwaldi Memoriaalmuuseum, M\u00f5niste Talurahvamuuseum ja Karilatsi Vaba\u00f5humuuseum","publisher":{"@id":"https:\/\/vanavorumaamuuseumid.ee\/#organization"},"potentialAction":[{"@type":"SearchAction","target":{"@type":"EntryPoint","urlTemplate":"https:\/\/vanavorumaamuuseumid.ee\/?s={search_term_string}"},"query-input":{"@type":"PropertyValueSpecification","valueRequired":true,"valueName":"search_term_string"}}],"inLanguage":"vo"},{"@type":"Organization","@id":"https:\/\/vanavorumaamuuseumid.ee\/#organization","name":"V\u00f5ru Instituut","url":"https:\/\/vanavorumaamuuseumid.ee\/","logo":{"@type":"ImageObject","inLanguage":"vo","@id":"https:\/\/vanavorumaamuuseumid.ee\/#\/schema\/logo\/image\/","url":"https:\/\/vanavorumaamuuseumid.ee\/wp-content\/uploads\/2025\/05\/vana-voromaa-muusoumi-250516.svg","contentUrl":"https:\/\/vanavorumaamuuseumid.ee\/wp-content\/uploads\/2025\/05\/vana-voromaa-muusoumi-250516.svg","width":567,"height":80,"caption":"V\u00f5ru Instituut"},"image":{"@id":"https:\/\/vanavorumaamuuseumid.ee\/#\/schema\/logo\/image\/"}}]}},"_links":{"self":[{"href":"https:\/\/vanavorumaamuuseumid.ee\/vo\/wp-json\/wp\/v2\/muuseumitund-mon\/2873","targetHints":{"allow":["GET"]}}],"collection":[{"href":"https:\/\/vanavorumaamuuseumid.ee\/vo\/wp-json\/wp\/v2\/muuseumitund-mon"}],"about":[{"href":"https:\/\/vanavorumaamuuseumid.ee\/vo\/wp-json\/wp\/v2\/types\/muuseumitund-mon"}],"author":[{"embeddable":true,"href":"https:\/\/vanavorumaamuuseumid.ee\/vo\/wp-json\/wp\/v2\/users\/3"}],"wp:attachment":[{"href":"https:\/\/vanavorumaamuuseumid.ee\/vo\/wp-json\/wp\/v2\/media?parent=2873"}],"wp:term":[{"taxonomy":"mon-mu-cat","embeddable":true,"href":"https:\/\/vanavorumaamuuseumid.ee\/vo\/wp-json\/wp\/v2\/mon-mu-cat?post=2873"},{"taxonomy":"moniste-teemapaevad","embeddable":true,"href":"https:\/\/vanavorumaamuuseumid.ee\/vo\/wp-json\/wp\/v2\/moniste-teemapaevad?post=2873"},{"taxonomy":"moniste-muuseumkohvris","embeddable":true,"href":"https:\/\/vanavorumaamuuseumid.ee\/vo\/wp-json\/wp\/v2\/moniste-muuseumkohvris?post=2873"}],"curies":[{"name":"wp","href":"https:\/\/api.w.org\/{rel}","templated":true}]}}