{"id":2878,"date":"2025-09-15T12:56:51","date_gmt":"2025-09-15T09:56:51","guid":{"rendered":"https:\/\/vanavorumaamuuseumid.ee\/?post_type=muuseumitund-mon&#038;p=2878"},"modified":"2025-09-15T12:56:51","modified_gmt":"2025-09-15T09:56:51","slug":"talupere-kevadtood","status":"publish","type":"muuseumitund-mon","link":"https:\/\/vanavorumaamuuseumid.ee\/vo\/muuseumitund-mon\/talupere-kevadtood\/","title":{"rendered":"Talupere kevadt\u00f6\u00f6d"},"content":{"rendered":"<p>Kevadel, kui maa \u00fcles sulanud oli, hakkas taluperel kibekiire kevadt\u00f6\u00f6de aeg. Antud programmis tutvustame lastele erinevaid talupere kevadt\u00f6id.<\/p>\n\n\n\n<!--more-->\n\n\n\n<p>P\u00f5llut\u00f6\u00f6de kohta k\u00e4ib hea \u00fctlus:&nbsp; \u201eMida kevadel k\u00fclvad, seda s\u00fcgisel l\u00f5ikad\u201c. Vaja oli s\u00f5nnik p\u00f5llule viia, maa k\u00fcnda ja \u2013 tasandada ning kui ilmad lubasid, tuli hakata vilja k\u00fclvama ja kartuleid maha panema. T\u00f6\u00f6d tehti varavalgest kuni pimedani v\u00e4lja. Peale oma p\u00f5ldude tuli vanasti talupoegadel ka m\u00f5isa p\u00f5llud harida.<\/p>\n\n\n\n<p>Meiegi vaatame, milliseid erinevaid vanaaegseid p\u00f5llut\u00f6\u00f6riistu meil muuseumis leidub ning kuidas nendega t\u00f6\u00f6d tehti. Arutame, kuidas erinevad vanaaegsed t\u00f6\u00f6riistad ja t\u00f6\u00f6v\u00f5tted t\u00e4nap\u00e4evastest. Samuti m\u00f5tiskleme, miks on hobune asendunud traktoriga.<\/p>\n\n\n\n<p>L\u00f5puks proovime ka k\u00e4sitsi teravilja k\u00fclvata ning kartuleid maha panna.<\/p>\n\n\n\n<p>\u00d5ppeaine: eesti keel, ajalugu, inimese\u00f5petus.<\/p>","protected":false},"author":3,"featured_media":0,"template":"","mon-mu-cat":[35,45,46],"moniste-teemapaevad":[],"moniste-muuseumkohvris":[],"class_list":["post-2878","muuseumitund-mon","type-muuseumitund-mon","status-publish","hentry","mon-mu-cat-lasteaed","mon-mu-cat-pohikooli-1aste","mon-mu-cat-pohikooli-2aste"],"acf":[],"yoast_head":"<!-- This site is optimized with the Yoast SEO plugin v27.4 - https:\/\/yoast.com\/product\/yoast-seo-wordpress\/ -->\n<title>Talupere kevadt\u00f6\u00f6d - Vana-V\u00f5rumaa muuseumid<\/title>\n<meta name=\"robots\" content=\"index, follow, max-snippet:-1, max-image-preview:large, max-video-preview:-1\" \/>\n<link rel=\"canonical\" href=\"https:\/\/vanavorumaamuuseumid.ee\/vo\/muuseumitund-mon\/talupere-kevadtood\/\" \/>\n<meta property=\"og:locale\" content=\"en_US\" \/>\n<meta property=\"og:type\" content=\"article\" \/>\n<meta property=\"og:title\" content=\"Talupere kevadt\u00f6\u00f6d - Vana-V\u00f5rumaa muuseumid\" \/>\n<meta property=\"og:description\" content=\"Kevadel, kui maa \u00fcles sulanud oli, hakkas taluperel kibekiire kevadt\u00f6\u00f6de aeg. Antud [&hellip;]\" \/>\n<meta property=\"og:url\" content=\"https:\/\/vanavorumaamuuseumid.ee\/vo\/muuseumitund-mon\/talupere-kevadtood\/\" \/>\n<meta property=\"og:site_name\" content=\"Vana-V\u00f5rumaa muuseumid\" \/>\n<meta name=\"twitter:card\" content=\"summary_large_image\" \/>\n<meta name=\"twitter:label1\" content=\"Est. reading time\" \/>\n\t<meta name=\"twitter:data1\" content=\"1 minute\" \/>\n<script type=\"application\/ld+json\" class=\"yoast-schema-graph\">{\"@context\":\"https:\\\/\\\/schema.org\",\"@graph\":[{\"@type\":\"WebPage\",\"@id\":\"https:\\\/\\\/vanavorumaamuuseumid.ee\\\/muuseumitund-mon\\\/talupere-kevadtood\\\/\",\"url\":\"https:\\\/\\\/vanavorumaamuuseumid.ee\\\/muuseumitund-mon\\\/talupere-kevadtood\\\/\",\"name\":\"Talupere kevadt\u00f6\u00f6d - Vana-V\u00f5rumaa muuseumid\",\"isPartOf\":{\"@id\":\"https:\\\/\\\/vanavorumaamuuseumid.ee\\\/#website\"},\"datePublished\":\"2025-09-15T09:56:51+00:00\",\"breadcrumb\":{\"@id\":\"https:\\\/\\\/vanavorumaamuuseumid.ee\\\/muuseumitund-mon\\\/talupere-kevadtood\\\/#breadcrumb\"},\"inLanguage\":\"vo\",\"potentialAction\":[{\"@type\":\"ReadAction\",\"target\":[\"https:\\\/\\\/vanavorumaamuuseumid.ee\\\/muuseumitund-mon\\\/talupere-kevadtood\\\/\"]}]},{\"@type\":\"BreadcrumbList\",\"@id\":\"https:\\\/\\\/vanavorumaamuuseumid.ee\\\/muuseumitund-mon\\\/talupere-kevadtood\\\/#breadcrumb\",\"itemListElement\":[{\"@type\":\"ListItem\",\"position\":1,\"name\":\"Home\",\"item\":\"https:\\\/\\\/vanavorumaamuuseumid.ee\\\/\"},{\"@type\":\"ListItem\",\"position\":2,\"name\":\"Talupere kevadt\u00f6\u00f6d\"}]},{\"@type\":\"WebSite\",\"@id\":\"https:\\\/\\\/vanavorumaamuuseumid.ee\\\/#website\",\"url\":\"https:\\\/\\\/vanavorumaamuuseumid.ee\\\/\",\"name\":\"Vana-V\u00f5rumaa Muuseumid\",\"description\":\"V\u00f5rumaa Muuseum, Dr. Fr. R. Kreutzwaldi Memoriaalmuuseum, M\u00f5niste Talurahvamuuseum ja Karilatsi Vaba\u00f5humuuseum\",\"publisher\":{\"@id\":\"https:\\\/\\\/vanavorumaamuuseumid.ee\\\/#organization\"},\"potentialAction\":[{\"@type\":\"SearchAction\",\"target\":{\"@type\":\"EntryPoint\",\"urlTemplate\":\"https:\\\/\\\/vanavorumaamuuseumid.ee\\\/?s={search_term_string}\"},\"query-input\":{\"@type\":\"PropertyValueSpecification\",\"valueRequired\":true,\"valueName\":\"search_term_string\"}}],\"inLanguage\":\"vo\"},{\"@type\":\"Organization\",\"@id\":\"https:\\\/\\\/vanavorumaamuuseumid.ee\\\/#organization\",\"name\":\"V\u00f5ru Instituut\",\"url\":\"https:\\\/\\\/vanavorumaamuuseumid.ee\\\/\",\"logo\":{\"@type\":\"ImageObject\",\"inLanguage\":\"vo\",\"@id\":\"https:\\\/\\\/vanavorumaamuuseumid.ee\\\/#\\\/schema\\\/logo\\\/image\\\/\",\"url\":\"https:\\\/\\\/vanavorumaamuuseumid.ee\\\/wp-content\\\/uploads\\\/2025\\\/05\\\/vana-voromaa-muusoumi-250516.svg\",\"contentUrl\":\"https:\\\/\\\/vanavorumaamuuseumid.ee\\\/wp-content\\\/uploads\\\/2025\\\/05\\\/vana-voromaa-muusoumi-250516.svg\",\"width\":567,\"height\":80,\"caption\":\"V\u00f5ru Instituut\"},\"image\":{\"@id\":\"https:\\\/\\\/vanavorumaamuuseumid.ee\\\/#\\\/schema\\\/logo\\\/image\\\/\"}}]}<\/script>\n<!-- \/ Yoast SEO plugin. -->","yoast_head_json":{"title":"Talupere kevadt\u00f6\u00f6d - Vana-V\u00f5rumaa muuseumid","robots":{"index":"index","follow":"follow","max-snippet":"max-snippet:-1","max-image-preview":"max-image-preview:large","max-video-preview":"max-video-preview:-1"},"canonical":"https:\/\/vanavorumaamuuseumid.ee\/vo\/muuseumitund-mon\/talupere-kevadtood\/","og_locale":"en_US","og_type":"article","og_title":"Talupere kevadt\u00f6\u00f6d - Vana-V\u00f5rumaa muuseumid","og_description":"Kevadel, kui maa \u00fcles sulanud oli, hakkas taluperel kibekiire kevadt\u00f6\u00f6de aeg. Antud [&hellip;]","og_url":"https:\/\/vanavorumaamuuseumid.ee\/vo\/muuseumitund-mon\/talupere-kevadtood\/","og_site_name":"Vana-V\u00f5rumaa muuseumid","twitter_card":"summary_large_image","twitter_misc":{"Est. reading time":"1 minute"},"schema":{"@context":"https:\/\/schema.org","@graph":[{"@type":"WebPage","@id":"https:\/\/vanavorumaamuuseumid.ee\/muuseumitund-mon\/talupere-kevadtood\/","url":"https:\/\/vanavorumaamuuseumid.ee\/muuseumitund-mon\/talupere-kevadtood\/","name":"Talupere kevadt\u00f6\u00f6d - Vana-V\u00f5rumaa muuseumid","isPartOf":{"@id":"https:\/\/vanavorumaamuuseumid.ee\/#website"},"datePublished":"2025-09-15T09:56:51+00:00","breadcrumb":{"@id":"https:\/\/vanavorumaamuuseumid.ee\/muuseumitund-mon\/talupere-kevadtood\/#breadcrumb"},"inLanguage":"vo","potentialAction":[{"@type":"ReadAction","target":["https:\/\/vanavorumaamuuseumid.ee\/muuseumitund-mon\/talupere-kevadtood\/"]}]},{"@type":"BreadcrumbList","@id":"https:\/\/vanavorumaamuuseumid.ee\/muuseumitund-mon\/talupere-kevadtood\/#breadcrumb","itemListElement":[{"@type":"ListItem","position":1,"name":"Home","item":"https:\/\/vanavorumaamuuseumid.ee\/"},{"@type":"ListItem","position":2,"name":"Talupere kevadt\u00f6\u00f6d"}]},{"@type":"WebSite","@id":"https:\/\/vanavorumaamuuseumid.ee\/#website","url":"https:\/\/vanavorumaamuuseumid.ee\/","name":"Vana-V\u00f5rumaa Muuseumid","description":"V\u00f5rumaa Muuseum, Dr. Fr. R. Kreutzwaldi Memoriaalmuuseum, M\u00f5niste Talurahvamuuseum ja Karilatsi Vaba\u00f5humuuseum","publisher":{"@id":"https:\/\/vanavorumaamuuseumid.ee\/#organization"},"potentialAction":[{"@type":"SearchAction","target":{"@type":"EntryPoint","urlTemplate":"https:\/\/vanavorumaamuuseumid.ee\/?s={search_term_string}"},"query-input":{"@type":"PropertyValueSpecification","valueRequired":true,"valueName":"search_term_string"}}],"inLanguage":"vo"},{"@type":"Organization","@id":"https:\/\/vanavorumaamuuseumid.ee\/#organization","name":"V\u00f5ru Instituut","url":"https:\/\/vanavorumaamuuseumid.ee\/","logo":{"@type":"ImageObject","inLanguage":"vo","@id":"https:\/\/vanavorumaamuuseumid.ee\/#\/schema\/logo\/image\/","url":"https:\/\/vanavorumaamuuseumid.ee\/wp-content\/uploads\/2025\/05\/vana-voromaa-muusoumi-250516.svg","contentUrl":"https:\/\/vanavorumaamuuseumid.ee\/wp-content\/uploads\/2025\/05\/vana-voromaa-muusoumi-250516.svg","width":567,"height":80,"caption":"V\u00f5ru Instituut"},"image":{"@id":"https:\/\/vanavorumaamuuseumid.ee\/#\/schema\/logo\/image\/"}}]}},"_links":{"self":[{"href":"https:\/\/vanavorumaamuuseumid.ee\/vo\/wp-json\/wp\/v2\/muuseumitund-mon\/2878","targetHints":{"allow":["GET"]}}],"collection":[{"href":"https:\/\/vanavorumaamuuseumid.ee\/vo\/wp-json\/wp\/v2\/muuseumitund-mon"}],"about":[{"href":"https:\/\/vanavorumaamuuseumid.ee\/vo\/wp-json\/wp\/v2\/types\/muuseumitund-mon"}],"author":[{"embeddable":true,"href":"https:\/\/vanavorumaamuuseumid.ee\/vo\/wp-json\/wp\/v2\/users\/3"}],"wp:attachment":[{"href":"https:\/\/vanavorumaamuuseumid.ee\/vo\/wp-json\/wp\/v2\/media?parent=2878"}],"wp:term":[{"taxonomy":"mon-mu-cat","embeddable":true,"href":"https:\/\/vanavorumaamuuseumid.ee\/vo\/wp-json\/wp\/v2\/mon-mu-cat?post=2878"},{"taxonomy":"moniste-teemapaevad","embeddable":true,"href":"https:\/\/vanavorumaamuuseumid.ee\/vo\/wp-json\/wp\/v2\/moniste-teemapaevad?post=2878"},{"taxonomy":"moniste-muuseumkohvris","embeddable":true,"href":"https:\/\/vanavorumaamuuseumid.ee\/vo\/wp-json\/wp\/v2\/moniste-muuseumkohvris?post=2878"}],"curies":[{"name":"wp","href":"https:\/\/api.w.org\/{rel}","templated":true}]}}