{"id":2888,"date":"2025-09-15T13:03:17","date_gmt":"2025-09-15T10:03:17","guid":{"rendered":"https:\/\/vanavorumaamuuseumid.ee\/?post_type=muuseumitund-mon&#038;p=2888"},"modified":"2026-03-18T10:16:06","modified_gmt":"2026-03-18T08:16:06","slug":"sobrapaev","status":"publish","type":"muuseumitund-mon","link":"https:\/\/vanavorumaamuuseumid.ee\/vo\/muuseumitund-mon\/sobrapaev\/","title":{"rendered":"S\u00f5brap\u00e4ev 8-12. veebruar"},"content":{"rendered":"<p>S\u00f5brap\u00e4evale eelnevatel p\u00e4evadel on v\u00f5imalik muuseumisse s\u00f5brap\u00e4eva meeneid meisterdama tulla.<\/p>\n\n\n\n<!--more-->\n\n\n\n<p>Lisaks meisterdamisele arutame, kes on hea s\u00f5ber ning kuidas ta \u00e4ra tunda. Uurime lastelt, kas s\u00f5ber peab ilmtingimata inimene olema v\u00f5i v\u00f5ib hea s\u00f5bra leida ka mujalt loomariigist. Samuti tutvustame p\u00f5gusalt ka s\u00f5brap\u00e4eva kombeid.<\/p>\n\n\n\n<p>\u00d5ppeained: inimese\u00f5petus, k\u00e4sit\u00f6\u00f6<\/p>","protected":false},"author":3,"featured_media":0,"template":"","mon-mu-cat":[35,45,46],"moniste-teemapaevad":[],"moniste-muuseumkohvris":[],"class_list":["post-2888","muuseumitund-mon","type-muuseumitund-mon","status-publish","hentry","mon-mu-cat-lasteaed","mon-mu-cat-pohikooli-1aste","mon-mu-cat-pohikooli-2aste"],"acf":[],"yoast_head":"<!-- This site is optimized with the Yoast SEO plugin v27.4 - https:\/\/yoast.com\/product\/yoast-seo-wordpress\/ -->\n<title>S\u00f5brap\u00e4ev 8-12. veebruar - Vana-V\u00f5rumaa muuseumid<\/title>\n<meta name=\"robots\" content=\"index, follow, max-snippet:-1, max-image-preview:large, max-video-preview:-1\" \/>\n<link rel=\"canonical\" href=\"https:\/\/vanavorumaamuuseumid.ee\/vo\/muuseumitund-mon\/sobrapaev\/\" \/>\n<meta property=\"og:locale\" content=\"en_US\" \/>\n<meta property=\"og:type\" content=\"article\" \/>\n<meta property=\"og:title\" content=\"S\u00f5brap\u00e4ev 8-12. veebruar - Vana-V\u00f5rumaa muuseumid\" \/>\n<meta property=\"og:description\" content=\"S\u00f5brap\u00e4evale eelnevatel p\u00e4evadel on v\u00f5imalik muuseumisse s\u00f5brap\u00e4eva meeneid meisterdama tulla.\" \/>\n<meta property=\"og:url\" content=\"https:\/\/vanavorumaamuuseumid.ee\/vo\/muuseumitund-mon\/sobrapaev\/\" \/>\n<meta property=\"og:site_name\" content=\"Vana-V\u00f5rumaa muuseumid\" \/>\n<meta property=\"article:modified_time\" content=\"2026-03-18T08:16:06+00:00\" \/>\n<meta name=\"twitter:card\" content=\"summary_large_image\" \/>\n<meta name=\"twitter:label1\" content=\"Est. reading time\" \/>\n\t<meta name=\"twitter:data1\" content=\"1 minute\" \/>\n<script type=\"application\/ld+json\" class=\"yoast-schema-graph\">{\"@context\":\"https:\\\/\\\/schema.org\",\"@graph\":[{\"@type\":\"WebPage\",\"@id\":\"https:\\\/\\\/vanavorumaamuuseumid.ee\\\/muuseumitund-mon\\\/sobrapaev\\\/\",\"url\":\"https:\\\/\\\/vanavorumaamuuseumid.ee\\\/muuseumitund-mon\\\/sobrapaev\\\/\",\"name\":\"S\u00f5brap\u00e4ev 8-12. veebruar - Vana-V\u00f5rumaa muuseumid\",\"isPartOf\":{\"@id\":\"https:\\\/\\\/vanavorumaamuuseumid.ee\\\/#website\"},\"datePublished\":\"2025-09-15T10:03:17+00:00\",\"dateModified\":\"2026-03-18T08:16:06+00:00\",\"breadcrumb\":{\"@id\":\"https:\\\/\\\/vanavorumaamuuseumid.ee\\\/muuseumitund-mon\\\/sobrapaev\\\/#breadcrumb\"},\"inLanguage\":\"vo\",\"potentialAction\":[{\"@type\":\"ReadAction\",\"target\":[\"https:\\\/\\\/vanavorumaamuuseumid.ee\\\/muuseumitund-mon\\\/sobrapaev\\\/\"]}]},{\"@type\":\"BreadcrumbList\",\"@id\":\"https:\\\/\\\/vanavorumaamuuseumid.ee\\\/muuseumitund-mon\\\/sobrapaev\\\/#breadcrumb\",\"itemListElement\":[{\"@type\":\"ListItem\",\"position\":1,\"name\":\"Home\",\"item\":\"https:\\\/\\\/vanavorumaamuuseumid.ee\\\/\"},{\"@type\":\"ListItem\",\"position\":2,\"name\":\"S\u00f5brap\u00e4ev 8-12. veebruar\"}]},{\"@type\":\"WebSite\",\"@id\":\"https:\\\/\\\/vanavorumaamuuseumid.ee\\\/#website\",\"url\":\"https:\\\/\\\/vanavorumaamuuseumid.ee\\\/\",\"name\":\"Vana-V\u00f5rumaa Muuseumid\",\"description\":\"V\u00f5rumaa Muuseum, Dr. Fr. R. Kreutzwaldi Memoriaalmuuseum, M\u00f5niste Talurahvamuuseum ja Karilatsi Vaba\u00f5humuuseum\",\"publisher\":{\"@id\":\"https:\\\/\\\/vanavorumaamuuseumid.ee\\\/#organization\"},\"potentialAction\":[{\"@type\":\"SearchAction\",\"target\":{\"@type\":\"EntryPoint\",\"urlTemplate\":\"https:\\\/\\\/vanavorumaamuuseumid.ee\\\/?s={search_term_string}\"},\"query-input\":{\"@type\":\"PropertyValueSpecification\",\"valueRequired\":true,\"valueName\":\"search_term_string\"}}],\"inLanguage\":\"vo\"},{\"@type\":\"Organization\",\"@id\":\"https:\\\/\\\/vanavorumaamuuseumid.ee\\\/#organization\",\"name\":\"V\u00f5ru Instituut\",\"url\":\"https:\\\/\\\/vanavorumaamuuseumid.ee\\\/\",\"logo\":{\"@type\":\"ImageObject\",\"inLanguage\":\"vo\",\"@id\":\"https:\\\/\\\/vanavorumaamuuseumid.ee\\\/#\\\/schema\\\/logo\\\/image\\\/\",\"url\":\"https:\\\/\\\/vanavorumaamuuseumid.ee\\\/wp-content\\\/uploads\\\/2025\\\/05\\\/vana-voromaa-muusoumi-250516.svg\",\"contentUrl\":\"https:\\\/\\\/vanavorumaamuuseumid.ee\\\/wp-content\\\/uploads\\\/2025\\\/05\\\/vana-voromaa-muusoumi-250516.svg\",\"width\":567,\"height\":80,\"caption\":\"V\u00f5ru Instituut\"},\"image\":{\"@id\":\"https:\\\/\\\/vanavorumaamuuseumid.ee\\\/#\\\/schema\\\/logo\\\/image\\\/\"}}]}<\/script>\n<!-- \/ Yoast SEO plugin. -->","yoast_head_json":{"title":"S\u00f5brap\u00e4ev 8-12. veebruar - Vana-V\u00f5rumaa muuseumid","robots":{"index":"index","follow":"follow","max-snippet":"max-snippet:-1","max-image-preview":"max-image-preview:large","max-video-preview":"max-video-preview:-1"},"canonical":"https:\/\/vanavorumaamuuseumid.ee\/vo\/muuseumitund-mon\/sobrapaev\/","og_locale":"en_US","og_type":"article","og_title":"S\u00f5brap\u00e4ev 8-12. veebruar - Vana-V\u00f5rumaa muuseumid","og_description":"S\u00f5brap\u00e4evale eelnevatel p\u00e4evadel on v\u00f5imalik muuseumisse s\u00f5brap\u00e4eva meeneid meisterdama tulla.","og_url":"https:\/\/vanavorumaamuuseumid.ee\/vo\/muuseumitund-mon\/sobrapaev\/","og_site_name":"Vana-V\u00f5rumaa muuseumid","article_modified_time":"2026-03-18T08:16:06+00:00","twitter_card":"summary_large_image","twitter_misc":{"Est. reading time":"1 minute"},"schema":{"@context":"https:\/\/schema.org","@graph":[{"@type":"WebPage","@id":"https:\/\/vanavorumaamuuseumid.ee\/muuseumitund-mon\/sobrapaev\/","url":"https:\/\/vanavorumaamuuseumid.ee\/muuseumitund-mon\/sobrapaev\/","name":"S\u00f5brap\u00e4ev 8-12. veebruar - Vana-V\u00f5rumaa muuseumid","isPartOf":{"@id":"https:\/\/vanavorumaamuuseumid.ee\/#website"},"datePublished":"2025-09-15T10:03:17+00:00","dateModified":"2026-03-18T08:16:06+00:00","breadcrumb":{"@id":"https:\/\/vanavorumaamuuseumid.ee\/muuseumitund-mon\/sobrapaev\/#breadcrumb"},"inLanguage":"vo","potentialAction":[{"@type":"ReadAction","target":["https:\/\/vanavorumaamuuseumid.ee\/muuseumitund-mon\/sobrapaev\/"]}]},{"@type":"BreadcrumbList","@id":"https:\/\/vanavorumaamuuseumid.ee\/muuseumitund-mon\/sobrapaev\/#breadcrumb","itemListElement":[{"@type":"ListItem","position":1,"name":"Home","item":"https:\/\/vanavorumaamuuseumid.ee\/"},{"@type":"ListItem","position":2,"name":"S\u00f5brap\u00e4ev 8-12. veebruar"}]},{"@type":"WebSite","@id":"https:\/\/vanavorumaamuuseumid.ee\/#website","url":"https:\/\/vanavorumaamuuseumid.ee\/","name":"Vana-V\u00f5rumaa Muuseumid","description":"V\u00f5rumaa Muuseum, Dr. Fr. R. Kreutzwaldi Memoriaalmuuseum, M\u00f5niste Talurahvamuuseum ja Karilatsi Vaba\u00f5humuuseum","publisher":{"@id":"https:\/\/vanavorumaamuuseumid.ee\/#organization"},"potentialAction":[{"@type":"SearchAction","target":{"@type":"EntryPoint","urlTemplate":"https:\/\/vanavorumaamuuseumid.ee\/?s={search_term_string}"},"query-input":{"@type":"PropertyValueSpecification","valueRequired":true,"valueName":"search_term_string"}}],"inLanguage":"vo"},{"@type":"Organization","@id":"https:\/\/vanavorumaamuuseumid.ee\/#organization","name":"V\u00f5ru Instituut","url":"https:\/\/vanavorumaamuuseumid.ee\/","logo":{"@type":"ImageObject","inLanguage":"vo","@id":"https:\/\/vanavorumaamuuseumid.ee\/#\/schema\/logo\/image\/","url":"https:\/\/vanavorumaamuuseumid.ee\/wp-content\/uploads\/2025\/05\/vana-voromaa-muusoumi-250516.svg","contentUrl":"https:\/\/vanavorumaamuuseumid.ee\/wp-content\/uploads\/2025\/05\/vana-voromaa-muusoumi-250516.svg","width":567,"height":80,"caption":"V\u00f5ru Instituut"},"image":{"@id":"https:\/\/vanavorumaamuuseumid.ee\/#\/schema\/logo\/image\/"}}]}},"_links":{"self":[{"href":"https:\/\/vanavorumaamuuseumid.ee\/vo\/wp-json\/wp\/v2\/muuseumitund-mon\/2888","targetHints":{"allow":["GET"]}}],"collection":[{"href":"https:\/\/vanavorumaamuuseumid.ee\/vo\/wp-json\/wp\/v2\/muuseumitund-mon"}],"about":[{"href":"https:\/\/vanavorumaamuuseumid.ee\/vo\/wp-json\/wp\/v2\/types\/muuseumitund-mon"}],"author":[{"embeddable":true,"href":"https:\/\/vanavorumaamuuseumid.ee\/vo\/wp-json\/wp\/v2\/users\/3"}],"wp:attachment":[{"href":"https:\/\/vanavorumaamuuseumid.ee\/vo\/wp-json\/wp\/v2\/media?parent=2888"}],"wp:term":[{"taxonomy":"mon-mu-cat","embeddable":true,"href":"https:\/\/vanavorumaamuuseumid.ee\/vo\/wp-json\/wp\/v2\/mon-mu-cat?post=2888"},{"taxonomy":"moniste-teemapaevad","embeddable":true,"href":"https:\/\/vanavorumaamuuseumid.ee\/vo\/wp-json\/wp\/v2\/moniste-teemapaevad?post=2888"},{"taxonomy":"moniste-muuseumkohvris","embeddable":true,"href":"https:\/\/vanavorumaamuuseumid.ee\/vo\/wp-json\/wp\/v2\/moniste-muuseumkohvris?post=2888"}],"curies":[{"name":"wp","href":"https:\/\/api.w.org\/{rel}","templated":true}]}}