{"id":3061,"date":"2025-09-18T12:58:16","date_gmt":"2025-09-18T09:58:16","guid":{"rendered":"https:\/\/vanavorumaamuuseumid.ee\/?post_type=muuseumitund-mon&#038;p=3061"},"modified":"2025-09-18T12:58:42","modified_gmt":"2025-09-18T09:58:42","slug":"3061","status":"publish","type":"muuseumitund-mon","link":"https:\/\/vanavorumaamuuseumid.ee\/vo\/muuseumitund-mon\/3061\/","title":{"rendered":"Suitsusauna kombestik"},"content":{"rendered":"<p>Vana-V\u00f5rumaa suitsusaunap\u00e4rand on kantud UNESCO vaimse kultuurip\u00e4randi nimistusse. Antud programmis r\u00e4\u00e4gime erinevatest saunat\u00fc\u00fcpidest, suurema t\u00e4helepanu p\u00f6\u00f6rame suitsusaunale.<\/p>\n\n\n\n<!--more-->\n\n\n\n<p>Suitsusaun pole l\u00e4bi ajaloo olnud ainult pesemise koht. Saun oli kui pereliige, keda tulles teretati ja lahkudes t\u00e4nati, kes kuulas \u00e4ra k\u00f5ik mured ja r\u00f5\u00f5mud, mida temaga jagati. Saunas algas ja l\u00f5ppes elu, viidi l\u00e4bi rituaalseid toimetusi ja parandati tervist. Saun ei olnud kellelegi keelatud: ka v\u00e4sinud teek\u00e4ija tohtis talu sauna sisse astuda ja \u00f6\u00f6bima j\u00e4\u00e4da. Seal oli alati hagu tule alustamiseks ning teek\u00e4ija sai seal sooja ja puhata. Saun oli kui elup\u00e4\u00e4stja.<\/p>\n\n\n\n<p>T\u00e4nap\u00e4eval on saun enamasti l\u00f5\u00f5gastumiseks. See on seltskondliku ja avatud suhtluse paik, kus ei \u00f6elda ega k\u00e4ituta halvasti. Arvamus, et suitsusaun ei puhasta mitte ainult ihu, vaid ka hinge, on j\u00f5us ka praeguste saunaliste seas.<\/p>\n\n\n\n<p>Tunni l\u00f5puks on laps saanud \u00fclevaate suitsusaunakommetest ning vastuse k\u00fcsimusele, kuidas on v\u00f5imalik tervislikult ilma korstnata saunas k\u00e4ia.<\/p>","protected":false},"author":3,"featured_media":0,"template":"","mon-mu-cat":[],"moniste-teemapaevad":[],"moniste-muuseumkohvris":[54,62,63,65],"class_list":["post-3061","muuseumitund-mon","type-muuseumitund-mon","status-publish","hentry","moniste-muuseumkohvris-lasteaed","moniste-muuseumkohvris-pohikool-1aste","moniste-muuseumkohvris-pohikooli-2aste","moniste-muuseumkohvris-pohikooli-3aste"],"acf":[],"yoast_head":"<!-- This site is optimized with the Yoast SEO plugin v27.4 - https:\/\/yoast.com\/product\/yoast-seo-wordpress\/ -->\n<title>Suitsusauna kombestik - Vana-V\u00f5rumaa muuseumid<\/title>\n<meta name=\"robots\" content=\"index, follow, max-snippet:-1, max-image-preview:large, max-video-preview:-1\" \/>\n<link rel=\"canonical\" href=\"https:\/\/vanavorumaamuuseumid.ee\/vo\/muuseumitund-mon\/3061\/\" \/>\n<meta property=\"og:locale\" content=\"en_US\" \/>\n<meta property=\"og:type\" content=\"article\" \/>\n<meta property=\"og:title\" content=\"Suitsusauna kombestik - Vana-V\u00f5rumaa muuseumid\" \/>\n<meta property=\"og:description\" content=\"Vana-V\u00f5rumaa suitsusaunap\u00e4rand on kantud UNESCO vaimse kultuurip\u00e4randi nimistusse. Antud programmis r\u00e4\u00e4gime erinevatest [&hellip;]\" \/>\n<meta property=\"og:url\" content=\"https:\/\/vanavorumaamuuseumid.ee\/vo\/muuseumitund-mon\/3061\/\" \/>\n<meta property=\"og:site_name\" content=\"Vana-V\u00f5rumaa muuseumid\" \/>\n<meta property=\"article:modified_time\" content=\"2025-09-18T09:58:42+00:00\" \/>\n<meta name=\"twitter:card\" content=\"summary_large_image\" \/>\n<meta name=\"twitter:label1\" content=\"Est. reading time\" \/>\n\t<meta name=\"twitter:data1\" content=\"1 minute\" \/>\n<script type=\"application\/ld+json\" class=\"yoast-schema-graph\">{\"@context\":\"https:\\\/\\\/schema.org\",\"@graph\":[{\"@type\":\"WebPage\",\"@id\":\"https:\\\/\\\/vanavorumaamuuseumid.ee\\\/muuseumitund-mon\\\/3061\\\/\",\"url\":\"https:\\\/\\\/vanavorumaamuuseumid.ee\\\/muuseumitund-mon\\\/3061\\\/\",\"name\":\"Suitsusauna kombestik - Vana-V\u00f5rumaa muuseumid\",\"isPartOf\":{\"@id\":\"https:\\\/\\\/vanavorumaamuuseumid.ee\\\/#website\"},\"datePublished\":\"2025-09-18T09:58:16+00:00\",\"dateModified\":\"2025-09-18T09:58:42+00:00\",\"breadcrumb\":{\"@id\":\"https:\\\/\\\/vanavorumaamuuseumid.ee\\\/muuseumitund-mon\\\/3061\\\/#breadcrumb\"},\"inLanguage\":\"vo\",\"potentialAction\":[{\"@type\":\"ReadAction\",\"target\":[\"https:\\\/\\\/vanavorumaamuuseumid.ee\\\/muuseumitund-mon\\\/3061\\\/\"]}]},{\"@type\":\"BreadcrumbList\",\"@id\":\"https:\\\/\\\/vanavorumaamuuseumid.ee\\\/muuseumitund-mon\\\/3061\\\/#breadcrumb\",\"itemListElement\":[{\"@type\":\"ListItem\",\"position\":1,\"name\":\"Home\",\"item\":\"https:\\\/\\\/vanavorumaamuuseumid.ee\\\/\"},{\"@type\":\"ListItem\",\"position\":2,\"name\":\"Suitsusauna kombestik\"}]},{\"@type\":\"WebSite\",\"@id\":\"https:\\\/\\\/vanavorumaamuuseumid.ee\\\/#website\",\"url\":\"https:\\\/\\\/vanavorumaamuuseumid.ee\\\/\",\"name\":\"Vana-V\u00f5rumaa Muuseumid\",\"description\":\"V\u00f5rumaa Muuseum, Dr. Fr. R. Kreutzwaldi Memoriaalmuuseum, M\u00f5niste Talurahvamuuseum ja Karilatsi Vaba\u00f5humuuseum\",\"publisher\":{\"@id\":\"https:\\\/\\\/vanavorumaamuuseumid.ee\\\/#organization\"},\"potentialAction\":[{\"@type\":\"SearchAction\",\"target\":{\"@type\":\"EntryPoint\",\"urlTemplate\":\"https:\\\/\\\/vanavorumaamuuseumid.ee\\\/?s={search_term_string}\"},\"query-input\":{\"@type\":\"PropertyValueSpecification\",\"valueRequired\":true,\"valueName\":\"search_term_string\"}}],\"inLanguage\":\"vo\"},{\"@type\":\"Organization\",\"@id\":\"https:\\\/\\\/vanavorumaamuuseumid.ee\\\/#organization\",\"name\":\"V\u00f5ru Instituut\",\"url\":\"https:\\\/\\\/vanavorumaamuuseumid.ee\\\/\",\"logo\":{\"@type\":\"ImageObject\",\"inLanguage\":\"vo\",\"@id\":\"https:\\\/\\\/vanavorumaamuuseumid.ee\\\/#\\\/schema\\\/logo\\\/image\\\/\",\"url\":\"https:\\\/\\\/vanavorumaamuuseumid.ee\\\/wp-content\\\/uploads\\\/2025\\\/05\\\/vana-voromaa-muusoumi-250516.svg\",\"contentUrl\":\"https:\\\/\\\/vanavorumaamuuseumid.ee\\\/wp-content\\\/uploads\\\/2025\\\/05\\\/vana-voromaa-muusoumi-250516.svg\",\"width\":567,\"height\":80,\"caption\":\"V\u00f5ru Instituut\"},\"image\":{\"@id\":\"https:\\\/\\\/vanavorumaamuuseumid.ee\\\/#\\\/schema\\\/logo\\\/image\\\/\"}}]}<\/script>\n<!-- \/ Yoast SEO plugin. -->","yoast_head_json":{"title":"Suitsusauna kombestik - Vana-V\u00f5rumaa muuseumid","robots":{"index":"index","follow":"follow","max-snippet":"max-snippet:-1","max-image-preview":"max-image-preview:large","max-video-preview":"max-video-preview:-1"},"canonical":"https:\/\/vanavorumaamuuseumid.ee\/vo\/muuseumitund-mon\/3061\/","og_locale":"en_US","og_type":"article","og_title":"Suitsusauna kombestik - Vana-V\u00f5rumaa muuseumid","og_description":"Vana-V\u00f5rumaa suitsusaunap\u00e4rand on kantud UNESCO vaimse kultuurip\u00e4randi nimistusse. Antud programmis r\u00e4\u00e4gime erinevatest [&hellip;]","og_url":"https:\/\/vanavorumaamuuseumid.ee\/vo\/muuseumitund-mon\/3061\/","og_site_name":"Vana-V\u00f5rumaa muuseumid","article_modified_time":"2025-09-18T09:58:42+00:00","twitter_card":"summary_large_image","twitter_misc":{"Est. reading time":"1 minute"},"schema":{"@context":"https:\/\/schema.org","@graph":[{"@type":"WebPage","@id":"https:\/\/vanavorumaamuuseumid.ee\/muuseumitund-mon\/3061\/","url":"https:\/\/vanavorumaamuuseumid.ee\/muuseumitund-mon\/3061\/","name":"Suitsusauna kombestik - Vana-V\u00f5rumaa muuseumid","isPartOf":{"@id":"https:\/\/vanavorumaamuuseumid.ee\/#website"},"datePublished":"2025-09-18T09:58:16+00:00","dateModified":"2025-09-18T09:58:42+00:00","breadcrumb":{"@id":"https:\/\/vanavorumaamuuseumid.ee\/muuseumitund-mon\/3061\/#breadcrumb"},"inLanguage":"vo","potentialAction":[{"@type":"ReadAction","target":["https:\/\/vanavorumaamuuseumid.ee\/muuseumitund-mon\/3061\/"]}]},{"@type":"BreadcrumbList","@id":"https:\/\/vanavorumaamuuseumid.ee\/muuseumitund-mon\/3061\/#breadcrumb","itemListElement":[{"@type":"ListItem","position":1,"name":"Home","item":"https:\/\/vanavorumaamuuseumid.ee\/"},{"@type":"ListItem","position":2,"name":"Suitsusauna kombestik"}]},{"@type":"WebSite","@id":"https:\/\/vanavorumaamuuseumid.ee\/#website","url":"https:\/\/vanavorumaamuuseumid.ee\/","name":"Vana-V\u00f5rumaa Muuseumid","description":"V\u00f5rumaa Muuseum, Dr. Fr. R. Kreutzwaldi Memoriaalmuuseum, M\u00f5niste Talurahvamuuseum ja Karilatsi Vaba\u00f5humuuseum","publisher":{"@id":"https:\/\/vanavorumaamuuseumid.ee\/#organization"},"potentialAction":[{"@type":"SearchAction","target":{"@type":"EntryPoint","urlTemplate":"https:\/\/vanavorumaamuuseumid.ee\/?s={search_term_string}"},"query-input":{"@type":"PropertyValueSpecification","valueRequired":true,"valueName":"search_term_string"}}],"inLanguage":"vo"},{"@type":"Organization","@id":"https:\/\/vanavorumaamuuseumid.ee\/#organization","name":"V\u00f5ru Instituut","url":"https:\/\/vanavorumaamuuseumid.ee\/","logo":{"@type":"ImageObject","inLanguage":"vo","@id":"https:\/\/vanavorumaamuuseumid.ee\/#\/schema\/logo\/image\/","url":"https:\/\/vanavorumaamuuseumid.ee\/wp-content\/uploads\/2025\/05\/vana-voromaa-muusoumi-250516.svg","contentUrl":"https:\/\/vanavorumaamuuseumid.ee\/wp-content\/uploads\/2025\/05\/vana-voromaa-muusoumi-250516.svg","width":567,"height":80,"caption":"V\u00f5ru Instituut"},"image":{"@id":"https:\/\/vanavorumaamuuseumid.ee\/#\/schema\/logo\/image\/"}}]}},"_links":{"self":[{"href":"https:\/\/vanavorumaamuuseumid.ee\/vo\/wp-json\/wp\/v2\/muuseumitund-mon\/3061","targetHints":{"allow":["GET"]}}],"collection":[{"href":"https:\/\/vanavorumaamuuseumid.ee\/vo\/wp-json\/wp\/v2\/muuseumitund-mon"}],"about":[{"href":"https:\/\/vanavorumaamuuseumid.ee\/vo\/wp-json\/wp\/v2\/types\/muuseumitund-mon"}],"author":[{"embeddable":true,"href":"https:\/\/vanavorumaamuuseumid.ee\/vo\/wp-json\/wp\/v2\/users\/3"}],"wp:attachment":[{"href":"https:\/\/vanavorumaamuuseumid.ee\/vo\/wp-json\/wp\/v2\/media?parent=3061"}],"wp:term":[{"taxonomy":"mon-mu-cat","embeddable":true,"href":"https:\/\/vanavorumaamuuseumid.ee\/vo\/wp-json\/wp\/v2\/mon-mu-cat?post=3061"},{"taxonomy":"moniste-teemapaevad","embeddable":true,"href":"https:\/\/vanavorumaamuuseumid.ee\/vo\/wp-json\/wp\/v2\/moniste-teemapaevad?post=3061"},{"taxonomy":"moniste-muuseumkohvris","embeddable":true,"href":"https:\/\/vanavorumaamuuseumid.ee\/vo\/wp-json\/wp\/v2\/moniste-muuseumkohvris?post=3061"}],"curies":[{"name":"wp","href":"https:\/\/api.w.org\/{rel}","templated":true}]}}