{"id":3319,"date":"2025-09-29T11:24:58","date_gmt":"2025-09-29T08:24:58","guid":{"rendered":"https:\/\/vanavorumaamuuseumid.ee\/?post_type=muuseumitund-vor&#038;p=3319"},"modified":"2025-10-01T11:09:36","modified_gmt":"2025-10-01T08:09:36","slug":"eestlaste-toit-ja-4-tahtsamat-teravilja-1-31-oktoober","status":"publish","type":"muuseumitund-vor","link":"https:\/\/vanavorumaamuuseumid.ee\/vo\/muuseumitund-vor\/eestlaste-toit-ja-4-tahtsamat-teravilja-1-31-oktoober\/","title":{"rendered":"Eestlaste toit ja 4 t\u00e4htsamat teravilja (1.-31. oktoober)"},"content":{"rendered":"<p>Tutvume nisu, odra, kaera ja rukkiga. Proovime \u00e4ra arvata, mis teraviljast on tehtud n\u00e4iteks makaronid, kali, sai, leib.<\/p>\n\n\n\n<!--more-->\n\n\n\n<p>Leib on alati olnud eestlase p\u00f5hitoit. Tutvume selle saamislooga ja erinevate teraviljadega. Vaatame, mida peale leiva veel vanasti s\u00f6\u00f6di ja r\u00e4\u00e4gime kui palju m\u00f5jutas aastaaegade vaheldumine meie toidulauda. Teeme ka ise midagi k\u00f5hut\u00e4iteks. Vaatame muuseumifondis olevaid toidun\u00f5usid ja tutvume vanaaegsete lauakommetega.<\/p>\n\n\n\n<div class=\"wp-block-columns is-layout-flex wp-container-core-columns-is-layout-9d6595d7 wp-block-columns-is-layout-flex\">\n<div class=\"wp-block-column is-layout-flow wp-block-column-is-layout-flow\" style=\"flex-basis:100%\"><\/div>\n<\/div>\n\n\n\n<figure class=\"wp-block-gallery has-nested-images columns-default is-cropped wp-block-gallery-1 is-layout-flex wp-block-gallery-is-layout-flex\">\n<figure class=\"wp-block-image size-large\"><img decoding=\"async\" width=\"1024\" height=\"733\" data-id=\"3416\" src=\"https:\/\/vanavorumaamuuseumid.ee\/wp-content\/uploads\/2025\/09\/PXL_20251001_0724319052-6-1024x733.jpg\" alt=\"\" class=\"wp-image-3416\" srcset=\"https:\/\/vanavorumaamuuseumid.ee\/wp-content\/uploads\/2025\/09\/PXL_20251001_0724319052-6-980x702.jpg 980w, https:\/\/vanavorumaamuuseumid.ee\/wp-content\/uploads\/2025\/09\/PXL_20251001_0724319052-6-480x344.jpg 480w\" sizes=\"(min-width: 0px) and (max-width: 480px) 480px, (min-width: 481px) and (max-width: 980px) 980px, (min-width: 981px) 1024px, 100vw\" \/><\/figure>\n\n\n\n<figure class=\"wp-block-image size-large\"><img decoding=\"async\" width=\"1760\" height=\"1320\" data-id=\"3422\" src=\"https:\/\/vanavorumaamuuseumid.ee\/wp-content\/uploads\/2025\/10\/PXL_20251001_0750106012-edited.jpg\" alt=\"\" class=\"wp-image-3422\" srcset=\"https:\/\/vanavorumaamuuseumid.ee\/wp-content\/uploads\/2025\/10\/PXL_20251001_0750106012-edited.jpg 1760w, https:\/\/vanavorumaamuuseumid.ee\/wp-content\/uploads\/2025\/10\/PXL_20251001_0750106012-edited-1280x960.jpg 1280w, https:\/\/vanavorumaamuuseumid.ee\/wp-content\/uploads\/2025\/10\/PXL_20251001_0750106012-edited-980x735.jpg 980w, https:\/\/vanavorumaamuuseumid.ee\/wp-content\/uploads\/2025\/10\/PXL_20251001_0750106012-edited-480x360.jpg 480w\" sizes=\"(min-width: 0px) and (max-width: 480px) 480px, (min-width: 481px) and (max-width: 980px) 980px, (min-width: 981px) and (max-width: 1280px) 1280px, (min-width: 1281px) 1760px, 100vw\" \/><\/figure>\n\n\n\n<figure class=\"wp-block-image size-large is-resized\"><img decoding=\"async\" width=\"1288\" height=\"966\" data-id=\"3421\" src=\"https:\/\/vanavorumaamuuseumid.ee\/wp-content\/uploads\/2025\/10\/PXL_20251001_0703098162-2-edited-1.jpg\" alt=\"\" class=\"wp-image-3421\" style=\"width:508px;height:auto\" srcset=\"https:\/\/vanavorumaamuuseumid.ee\/wp-content\/uploads\/2025\/10\/PXL_20251001_0703098162-2-edited-1.jpg 1288w, https:\/\/vanavorumaamuuseumid.ee\/wp-content\/uploads\/2025\/10\/PXL_20251001_0703098162-2-edited-1-1280x960.jpg 1280w, https:\/\/vanavorumaamuuseumid.ee\/wp-content\/uploads\/2025\/10\/PXL_20251001_0703098162-2-edited-1-980x735.jpg 980w, https:\/\/vanavorumaamuuseumid.ee\/wp-content\/uploads\/2025\/10\/PXL_20251001_0703098162-2-edited-1-480x360.jpg 480w\" sizes=\"(min-width: 0px) and (max-width: 480px) 480px, (min-width: 481px) and (max-width: 980px) 980px, (min-width: 981px) and (max-width: 1280px) 1280px, (min-width: 1281px) 1288px, 100vw\" \/><\/figure>\n<\/figure>","protected":false},"author":6,"featured_media":0,"template":"","vor-mu-cat":[42,67,68],"class_list":["post-3319","muuseumitund-vor","type-muuseumitund-vor","status-publish","hentry","vor-mu-cat-lasteaed","vor-mu-cat-pohikooli-1-aste","vor-mu-cat-pohikooli-2-aste"],"acf":[],"yoast_head":"<!-- This site is optimized with the Yoast SEO plugin v27.4 - https:\/\/yoast.com\/product\/yoast-seo-wordpress\/ -->\n<title>Eestlaste toit ja 4 t\u00e4htsamat teravilja (1.-31. oktoober) - Vana-V\u00f5rumaa muuseumid<\/title>\n<meta name=\"robots\" content=\"index, follow, max-snippet:-1, max-image-preview:large, max-video-preview:-1\" \/>\n<link rel=\"canonical\" href=\"https:\/\/vanavorumaamuuseumid.ee\/vo\/muuseumitund-vor\/eestlaste-toit-ja-4-tahtsamat-teravilja-1-31-oktoober\/\" \/>\n<meta property=\"og:locale\" content=\"en_US\" \/>\n<meta property=\"og:type\" content=\"article\" \/>\n<meta property=\"og:title\" content=\"Eestlaste toit ja 4 t\u00e4htsamat teravilja (1.-31. oktoober) - Vana-V\u00f5rumaa muuseumid\" \/>\n<meta property=\"og:description\" content=\"Tutvume nisu, odra, kaera ja rukkiga. Proovime \u00e4ra arvata, mis teraviljast on [&hellip;]\" \/>\n<meta property=\"og:url\" content=\"https:\/\/vanavorumaamuuseumid.ee\/vo\/muuseumitund-vor\/eestlaste-toit-ja-4-tahtsamat-teravilja-1-31-oktoober\/\" \/>\n<meta property=\"og:site_name\" content=\"Vana-V\u00f5rumaa muuseumid\" \/>\n<meta property=\"article:modified_time\" content=\"2025-10-01T08:09:36+00:00\" \/>\n<meta property=\"og:image\" content=\"https:\/\/vanavorumaamuuseumid.ee\/wp-content\/uploads\/2025\/09\/PXL_20251001_0724319052-6-1024x733.jpg\" \/>\n<meta name=\"twitter:card\" content=\"summary_large_image\" \/>\n<script type=\"application\/ld+json\" class=\"yoast-schema-graph\">{\"@context\":\"https:\\\/\\\/schema.org\",\"@graph\":[{\"@type\":\"WebPage\",\"@id\":\"https:\\\/\\\/vanavorumaamuuseumid.ee\\\/muuseumitund-vor\\\/eestlaste-toit-ja-4-tahtsamat-teravilja-1-31-oktoober\\\/\",\"url\":\"https:\\\/\\\/vanavorumaamuuseumid.ee\\\/muuseumitund-vor\\\/eestlaste-toit-ja-4-tahtsamat-teravilja-1-31-oktoober\\\/\",\"name\":\"Eestlaste toit ja 4 t\u00e4htsamat teravilja (1.-31. oktoober) - Vana-V\u00f5rumaa muuseumid\",\"isPartOf\":{\"@id\":\"https:\\\/\\\/vanavorumaamuuseumid.ee\\\/#website\"},\"primaryImageOfPage\":{\"@id\":\"https:\\\/\\\/vanavorumaamuuseumid.ee\\\/muuseumitund-vor\\\/eestlaste-toit-ja-4-tahtsamat-teravilja-1-31-oktoober\\\/#primaryimage\"},\"image\":{\"@id\":\"https:\\\/\\\/vanavorumaamuuseumid.ee\\\/muuseumitund-vor\\\/eestlaste-toit-ja-4-tahtsamat-teravilja-1-31-oktoober\\\/#primaryimage\"},\"thumbnailUrl\":\"https:\\\/\\\/vanavorumaamuuseumid.ee\\\/wp-content\\\/uploads\\\/2025\\\/09\\\/PXL_20251001_0724319052-6-1024x733.jpg\",\"datePublished\":\"2025-09-29T08:24:58+00:00\",\"dateModified\":\"2025-10-01T08:09:36+00:00\",\"breadcrumb\":{\"@id\":\"https:\\\/\\\/vanavorumaamuuseumid.ee\\\/muuseumitund-vor\\\/eestlaste-toit-ja-4-tahtsamat-teravilja-1-31-oktoober\\\/#breadcrumb\"},\"inLanguage\":\"vo\",\"potentialAction\":[{\"@type\":\"ReadAction\",\"target\":[\"https:\\\/\\\/vanavorumaamuuseumid.ee\\\/muuseumitund-vor\\\/eestlaste-toit-ja-4-tahtsamat-teravilja-1-31-oktoober\\\/\"]}]},{\"@type\":\"ImageObject\",\"inLanguage\":\"vo\",\"@id\":\"https:\\\/\\\/vanavorumaamuuseumid.ee\\\/muuseumitund-vor\\\/eestlaste-toit-ja-4-tahtsamat-teravilja-1-31-oktoober\\\/#primaryimage\",\"url\":\"https:\\\/\\\/vanavorumaamuuseumid.ee\\\/wp-content\\\/uploads\\\/2025\\\/09\\\/PXL_20251001_0724319052-6-1024x733.jpg\",\"contentUrl\":\"https:\\\/\\\/vanavorumaamuuseumid.ee\\\/wp-content\\\/uploads\\\/2025\\\/09\\\/PXL_20251001_0724319052-6-1024x733.jpg\"},{\"@type\":\"BreadcrumbList\",\"@id\":\"https:\\\/\\\/vanavorumaamuuseumid.ee\\\/muuseumitund-vor\\\/eestlaste-toit-ja-4-tahtsamat-teravilja-1-31-oktoober\\\/#breadcrumb\",\"itemListElement\":[{\"@type\":\"ListItem\",\"position\":1,\"name\":\"Home\",\"item\":\"https:\\\/\\\/vanavorumaamuuseumid.ee\\\/\"},{\"@type\":\"ListItem\",\"position\":2,\"name\":\"Eestlaste toit ja 4 t\u00e4htsamat teravilja (1.-31. oktoober)\"}]},{\"@type\":\"WebSite\",\"@id\":\"https:\\\/\\\/vanavorumaamuuseumid.ee\\\/#website\",\"url\":\"https:\\\/\\\/vanavorumaamuuseumid.ee\\\/\",\"name\":\"Vana-V\u00f5rumaa Muuseumid\",\"description\":\"V\u00f5rumaa Muuseum, Dr. Fr. R. Kreutzwaldi Memoriaalmuuseum, M\u00f5niste Talurahvamuuseum ja Karilatsi Vaba\u00f5humuuseum\",\"publisher\":{\"@id\":\"https:\\\/\\\/vanavorumaamuuseumid.ee\\\/#organization\"},\"potentialAction\":[{\"@type\":\"SearchAction\",\"target\":{\"@type\":\"EntryPoint\",\"urlTemplate\":\"https:\\\/\\\/vanavorumaamuuseumid.ee\\\/?s={search_term_string}\"},\"query-input\":{\"@type\":\"PropertyValueSpecification\",\"valueRequired\":true,\"valueName\":\"search_term_string\"}}],\"inLanguage\":\"vo\"},{\"@type\":\"Organization\",\"@id\":\"https:\\\/\\\/vanavorumaamuuseumid.ee\\\/#organization\",\"name\":\"V\u00f5ru Instituut\",\"url\":\"https:\\\/\\\/vanavorumaamuuseumid.ee\\\/\",\"logo\":{\"@type\":\"ImageObject\",\"inLanguage\":\"vo\",\"@id\":\"https:\\\/\\\/vanavorumaamuuseumid.ee\\\/#\\\/schema\\\/logo\\\/image\\\/\",\"url\":\"https:\\\/\\\/vanavorumaamuuseumid.ee\\\/wp-content\\\/uploads\\\/2025\\\/05\\\/vana-voromaa-muusoumi-250516.svg\",\"contentUrl\":\"https:\\\/\\\/vanavorumaamuuseumid.ee\\\/wp-content\\\/uploads\\\/2025\\\/05\\\/vana-voromaa-muusoumi-250516.svg\",\"width\":567,\"height\":80,\"caption\":\"V\u00f5ru Instituut\"},\"image\":{\"@id\":\"https:\\\/\\\/vanavorumaamuuseumid.ee\\\/#\\\/schema\\\/logo\\\/image\\\/\"}}]}<\/script>\n<!-- \/ Yoast SEO plugin. -->","yoast_head_json":{"title":"Eestlaste toit ja 4 t\u00e4htsamat teravilja (1.-31. oktoober) - Vana-V\u00f5rumaa muuseumid","robots":{"index":"index","follow":"follow","max-snippet":"max-snippet:-1","max-image-preview":"max-image-preview:large","max-video-preview":"max-video-preview:-1"},"canonical":"https:\/\/vanavorumaamuuseumid.ee\/vo\/muuseumitund-vor\/eestlaste-toit-ja-4-tahtsamat-teravilja-1-31-oktoober\/","og_locale":"en_US","og_type":"article","og_title":"Eestlaste toit ja 4 t\u00e4htsamat teravilja (1.-31. oktoober) - Vana-V\u00f5rumaa muuseumid","og_description":"Tutvume nisu, odra, kaera ja rukkiga. Proovime \u00e4ra arvata, mis teraviljast on [&hellip;]","og_url":"https:\/\/vanavorumaamuuseumid.ee\/vo\/muuseumitund-vor\/eestlaste-toit-ja-4-tahtsamat-teravilja-1-31-oktoober\/","og_site_name":"Vana-V\u00f5rumaa muuseumid","article_modified_time":"2025-10-01T08:09:36+00:00","og_image":[{"url":"https:\/\/vanavorumaamuuseumid.ee\/wp-content\/uploads\/2025\/09\/PXL_20251001_0724319052-6-1024x733.jpg","type":"","width":"","height":""}],"twitter_card":"summary_large_image","schema":{"@context":"https:\/\/schema.org","@graph":[{"@type":"WebPage","@id":"https:\/\/vanavorumaamuuseumid.ee\/muuseumitund-vor\/eestlaste-toit-ja-4-tahtsamat-teravilja-1-31-oktoober\/","url":"https:\/\/vanavorumaamuuseumid.ee\/muuseumitund-vor\/eestlaste-toit-ja-4-tahtsamat-teravilja-1-31-oktoober\/","name":"Eestlaste toit ja 4 t\u00e4htsamat teravilja (1.-31. oktoober) - Vana-V\u00f5rumaa muuseumid","isPartOf":{"@id":"https:\/\/vanavorumaamuuseumid.ee\/#website"},"primaryImageOfPage":{"@id":"https:\/\/vanavorumaamuuseumid.ee\/muuseumitund-vor\/eestlaste-toit-ja-4-tahtsamat-teravilja-1-31-oktoober\/#primaryimage"},"image":{"@id":"https:\/\/vanavorumaamuuseumid.ee\/muuseumitund-vor\/eestlaste-toit-ja-4-tahtsamat-teravilja-1-31-oktoober\/#primaryimage"},"thumbnailUrl":"https:\/\/vanavorumaamuuseumid.ee\/wp-content\/uploads\/2025\/09\/PXL_20251001_0724319052-6-1024x733.jpg","datePublished":"2025-09-29T08:24:58+00:00","dateModified":"2025-10-01T08:09:36+00:00","breadcrumb":{"@id":"https:\/\/vanavorumaamuuseumid.ee\/muuseumitund-vor\/eestlaste-toit-ja-4-tahtsamat-teravilja-1-31-oktoober\/#breadcrumb"},"inLanguage":"vo","potentialAction":[{"@type":"ReadAction","target":["https:\/\/vanavorumaamuuseumid.ee\/muuseumitund-vor\/eestlaste-toit-ja-4-tahtsamat-teravilja-1-31-oktoober\/"]}]},{"@type":"ImageObject","inLanguage":"vo","@id":"https:\/\/vanavorumaamuuseumid.ee\/muuseumitund-vor\/eestlaste-toit-ja-4-tahtsamat-teravilja-1-31-oktoober\/#primaryimage","url":"https:\/\/vanavorumaamuuseumid.ee\/wp-content\/uploads\/2025\/09\/PXL_20251001_0724319052-6-1024x733.jpg","contentUrl":"https:\/\/vanavorumaamuuseumid.ee\/wp-content\/uploads\/2025\/09\/PXL_20251001_0724319052-6-1024x733.jpg"},{"@type":"BreadcrumbList","@id":"https:\/\/vanavorumaamuuseumid.ee\/muuseumitund-vor\/eestlaste-toit-ja-4-tahtsamat-teravilja-1-31-oktoober\/#breadcrumb","itemListElement":[{"@type":"ListItem","position":1,"name":"Home","item":"https:\/\/vanavorumaamuuseumid.ee\/"},{"@type":"ListItem","position":2,"name":"Eestlaste toit ja 4 t\u00e4htsamat teravilja (1.-31. oktoober)"}]},{"@type":"WebSite","@id":"https:\/\/vanavorumaamuuseumid.ee\/#website","url":"https:\/\/vanavorumaamuuseumid.ee\/","name":"Vana-V\u00f5rumaa Muuseumid","description":"V\u00f5rumaa Muuseum, Dr. Fr. R. Kreutzwaldi Memoriaalmuuseum, M\u00f5niste Talurahvamuuseum ja Karilatsi Vaba\u00f5humuuseum","publisher":{"@id":"https:\/\/vanavorumaamuuseumid.ee\/#organization"},"potentialAction":[{"@type":"SearchAction","target":{"@type":"EntryPoint","urlTemplate":"https:\/\/vanavorumaamuuseumid.ee\/?s={search_term_string}"},"query-input":{"@type":"PropertyValueSpecification","valueRequired":true,"valueName":"search_term_string"}}],"inLanguage":"vo"},{"@type":"Organization","@id":"https:\/\/vanavorumaamuuseumid.ee\/#organization","name":"V\u00f5ru Instituut","url":"https:\/\/vanavorumaamuuseumid.ee\/","logo":{"@type":"ImageObject","inLanguage":"vo","@id":"https:\/\/vanavorumaamuuseumid.ee\/#\/schema\/logo\/image\/","url":"https:\/\/vanavorumaamuuseumid.ee\/wp-content\/uploads\/2025\/05\/vana-voromaa-muusoumi-250516.svg","contentUrl":"https:\/\/vanavorumaamuuseumid.ee\/wp-content\/uploads\/2025\/05\/vana-voromaa-muusoumi-250516.svg","width":567,"height":80,"caption":"V\u00f5ru Instituut"},"image":{"@id":"https:\/\/vanavorumaamuuseumid.ee\/#\/schema\/logo\/image\/"}}]}},"_links":{"self":[{"href":"https:\/\/vanavorumaamuuseumid.ee\/vo\/wp-json\/wp\/v2\/muuseumitund-vor\/3319","targetHints":{"allow":["GET"]}}],"collection":[{"href":"https:\/\/vanavorumaamuuseumid.ee\/vo\/wp-json\/wp\/v2\/muuseumitund-vor"}],"about":[{"href":"https:\/\/vanavorumaamuuseumid.ee\/vo\/wp-json\/wp\/v2\/types\/muuseumitund-vor"}],"author":[{"embeddable":true,"href":"https:\/\/vanavorumaamuuseumid.ee\/vo\/wp-json\/wp\/v2\/users\/6"}],"wp:attachment":[{"href":"https:\/\/vanavorumaamuuseumid.ee\/vo\/wp-json\/wp\/v2\/media?parent=3319"}],"wp:term":[{"taxonomy":"vor-mu-cat","embeddable":true,"href":"https:\/\/vanavorumaamuuseumid.ee\/vo\/wp-json\/wp\/v2\/vor-mu-cat?post=3319"}],"curies":[{"name":"wp","href":"https:\/\/api.w.org\/{rel}","templated":true}]}}