{"id":1088,"date":"2025-06-06T12:34:06","date_gmt":"2025-06-06T09:34:06","guid":{"rendered":"https:\/\/vanavorumaamuuseumid.ee\/?page_id=1088"},"modified":"2026-01-20T14:35:22","modified_gmt":"2026-01-20T12:35:22","slug":"info","status":"publish","type":"page","link":"https:\/\/vanavorumaamuuseumid.ee\/vo\/vorumuuseum\/kunstigalerii\/info\/","title":{"rendered":"Info"},"content":{"rendered":"<p><strong>V\u00f5romaa Muus\u00f5umi ala k\u00e4\u00fc ka kunstigall\u00f5rii.<\/strong><\/p>\n\n\n\n<p><br>Muus\u00f5umi kunstigall\u00f5riid kammand\u00f5das nii, et\ngall\u00f5rist pand eg\u00e4l aastal kokko l\u00e4bim\u00f5t\u00f5ldu n\u00e4\u00fct\u00fcsekava. Tuuga tahetas pakku seo kandi\nkunstis\u00f5brol\u00f5 h\u00e4\u00e4d sisutihts\u00e4t n\u00e4\u00fct\u00fcseprogrammi ni tet\u00e4 rikkambas maanulga kultuuriello.<\/p>\n\n\n\n<p>Kunstigall\u00f5rii rehkend\u00e4s innek\u00f5kk\u00f5 L\u00f5un\u00f5hummogu-Eesti kunstikaejid\u00f5ga ja latsiaia- ni\nkoolilatsiga, ki\u00e4 v\u00f5tva ossa muus\u00f5umitunn\u00f5st. Gall\u00f5rii tsihis om tet\u00e4 kaejit tutvas nii Vana-\nV\u00f5romaa ku ka Eesti ja v\u00e4l\u00e4maa kunstnikk\u00f5 mitm\u00f5n\u00e4olids\u00f5 loominguga.<\/p>\n\n\n\n<p>2013. aastagast p\u00e4\u00e4le t\u00fc\u00fct\u00e4s V\u00f5romaa Muus\u00f5umi gall\u00f5risti amm\u00f5tin Jana Huul. <\/p>\n\n\n\n<p>Fotoalbumi kunstigall\u00f5rii tegemiisist l\u00f6\u00fcd mi <a href=\"https:\/\/www.facebook.com\/voromaamuuseum\">Facebooki<\/a> lehe p\u00e4\u00e4lt ja <a href=\"https:\/\/www.instagram.com\/voromaamuuseum\/\">Instagrammist<\/a>. <\/p>\n\n\n\n<p><\/p>\n\n\n\n<p>Gall\u00f5riil om kats ruumi. <br>Suur\u00f5 saali pindala 130 m\u00b2; saina juuskva miitre 45, n\u00e4\u00fct\u00fcsesaal\u00f5\nkorgus 2.75 m, riputamissiini korgus 2.70 m.<br>V\u00e4iko saali pindala 40 m\u00b2; saina juuskva miitre 17, n\u00e4\u00fct\u00fcsesaal\u00f5 korgus 2.75 m, riputamissiini\nkorgus 2.70 m (saal om l\u00e4bik\u00e4\u00fcd\u00e4v).<\/p>\n\n\n\n<p>Galeriiplaani n\u00e4ed <a  href=\"https:\/\/vanavorumaamuuseumid.ee\/wp-content\/uploads\/2026\/01\/galerii.plaan_-1.jpg\" data-rel=\"lightbox-gallery-0\" data-rl_title=\"\" data-rl_caption=\"\" title=\"\">siit<\/a><\/p>\n\n\n\n<p><\/p>\n\n\n\n<p>Pilte kunstigaleriist:<\/p>\n\n\n\n<figure class=\"wp-block-gallery has-nested-images columns-default is-cropped wp-block-gallery-1 is-layout-flex wp-block-gallery-is-layout-flex\">\n<figure class=\"wp-block-image size-large\"><a  href=\"https:\/\/vanavorumaamuuseumid.ee\/wp-content\/uploads\/2025\/10\/D_7908.jpg\" data-rel=\"lightbox-gallery-0\" data-rl_title=\"\" data-rl_caption=\"\" title=\"\"><img decoding=\"async\" width=\"1024\" height=\"683\" data-id=\"3823\" src=\"https:\/\/vanavorumaamuuseumid.ee\/wp-content\/uploads\/2025\/10\/D_7908-1024x683.jpg\" alt=\"\" class=\"wp-image-3823\" srcset=\"https:\/\/vanavorumaamuuseumid.ee\/wp-content\/uploads\/2025\/10\/D_7908-980x654.jpg 980w, https:\/\/vanavorumaamuuseumid.ee\/wp-content\/uploads\/2025\/10\/D_7908-480x320.jpg 480w\" sizes=\"(min-width: 0px) and (max-width: 480px) 480px, (min-width: 481px) and (max-width: 980px) 980px, (min-width: 981px) 1024px, 100vw\" \/><\/a><\/figure>\n\n\n\n<figure class=\"wp-block-image size-large\"><a  href=\"https:\/\/vanavorumaamuuseumid.ee\/wp-content\/uploads\/2025\/10\/D_8169.jpg\" data-rel=\"lightbox-gallery-0\" data-rl_title=\"\" data-rl_caption=\"\" title=\"\"><img decoding=\"async\" width=\"1024\" height=\"683\" data-id=\"3824\" src=\"https:\/\/vanavorumaamuuseumid.ee\/wp-content\/uploads\/2025\/10\/D_8169-1024x683.jpg\" alt=\"\" class=\"wp-image-3824\" srcset=\"https:\/\/vanavorumaamuuseumid.ee\/wp-content\/uploads\/2025\/10\/D_8169-980x653.jpg 980w, https:\/\/vanavorumaamuuseumid.ee\/wp-content\/uploads\/2025\/10\/D_8169-480x320.jpg 480w\" sizes=\"(min-width: 0px) and (max-width: 480px) 480px, (min-width: 481px) and (max-width: 980px) 980px, (min-width: 981px) 1024px, 100vw\" \/><\/a><\/figure>\n\n\n\n<figure class=\"wp-block-image size-large\"><a  href=\"https:\/\/vanavorumaamuuseumid.ee\/wp-content\/uploads\/2025\/10\/2024_12_06-17_27_52-DSC02481.jpg\" data-rel=\"lightbox-gallery-0\" data-rl_title=\"\" data-rl_caption=\"\" title=\"\"><img decoding=\"async\" width=\"1024\" height=\"683\" data-id=\"3826\" src=\"https:\/\/vanavorumaamuuseumid.ee\/wp-content\/uploads\/2025\/10\/2024_12_06-17_27_52-DSC02481-1024x683.jpg\" alt=\"\" class=\"wp-image-3826\" srcset=\"https:\/\/vanavorumaamuuseumid.ee\/wp-content\/uploads\/2025\/10\/2024_12_06-17_27_52-DSC02481-980x653.jpg 980w, https:\/\/vanavorumaamuuseumid.ee\/wp-content\/uploads\/2025\/10\/2024_12_06-17_27_52-DSC02481-480x320.jpg 480w\" sizes=\"(min-width: 0px) and (max-width: 480px) 480px, (min-width: 481px) and (max-width: 980px) 980px, (min-width: 981px) 1024px, 100vw\" \/><\/a><\/figure>\n\n\n\n<figure class=\"wp-block-image size-large\"><a  href=\"https:\/\/vanavorumaamuuseumid.ee\/wp-content\/uploads\/2025\/10\/DSCF8788_KevinLoigu-1.jpg\" data-rel=\"lightbox-gallery-0\" data-rl_title=\"\" data-rl_caption=\"\" title=\"\"><img decoding=\"async\" width=\"1024\" height=\"683\" data-id=\"3827\" src=\"https:\/\/vanavorumaamuuseumid.ee\/wp-content\/uploads\/2025\/10\/DSCF8788_KevinLoigu-1-1024x683.jpg\" alt=\"\" class=\"wp-image-3827\" srcset=\"https:\/\/vanavorumaamuuseumid.ee\/wp-content\/uploads\/2025\/10\/DSCF8788_KevinLoigu-1-980x653.jpg 980w, https:\/\/vanavorumaamuuseumid.ee\/wp-content\/uploads\/2025\/10\/DSCF8788_KevinLoigu-1-480x320.jpg 480w\" sizes=\"(min-width: 0px) and (max-width: 480px) 480px, (min-width: 481px) and (max-width: 980px) 980px, (min-width: 981px) 1024px, 100vw\" \/><\/a><\/figure>\n\n\n\n<figure class=\"wp-block-image size-large\"><a  href=\"https:\/\/vanavorumaamuuseumid.ee\/wp-content\/uploads\/2025\/10\/DSCF8927_KevinLoigu-1.jpg\" data-rel=\"lightbox-gallery-0\" data-rl_title=\"\" data-rl_caption=\"\" title=\"\"><img decoding=\"async\" width=\"1024\" height=\"683\" data-id=\"3829\" src=\"https:\/\/vanavorumaamuuseumid.ee\/wp-content\/uploads\/2025\/10\/DSCF8927_KevinLoigu-1-1024x683.jpg\" alt=\"\" class=\"wp-image-3829\" srcset=\"https:\/\/vanavorumaamuuseumid.ee\/wp-content\/uploads\/2025\/10\/DSCF8927_KevinLoigu-1-980x653.jpg 980w, https:\/\/vanavorumaamuuseumid.ee\/wp-content\/uploads\/2025\/10\/DSCF8927_KevinLoigu-1-480x320.jpg 480w\" sizes=\"(min-width: 0px) and (max-width: 480px) 480px, (min-width: 481px) and (max-width: 980px) 980px, (min-width: 981px) 1024px, 100vw\" \/><\/a><\/figure>\n\n\n\n<figure class=\"wp-block-image size-large\"><a  href=\"https:\/\/vanavorumaamuuseumid.ee\/wp-content\/uploads\/2025\/10\/DSC00017.jpg\" data-rel=\"lightbox-gallery-0\" data-rl_title=\"\" data-rl_caption=\"\" title=\"\"><img decoding=\"async\" width=\"1024\" height=\"695\" data-id=\"3831\" src=\"https:\/\/vanavorumaamuuseumid.ee\/wp-content\/uploads\/2025\/10\/DSC00017-1024x695.jpg\" alt=\"\" class=\"wp-image-3831\" srcset=\"https:\/\/vanavorumaamuuseumid.ee\/wp-content\/uploads\/2025\/10\/DSC00017-980x665.jpg 980w, https:\/\/vanavorumaamuuseumid.ee\/wp-content\/uploads\/2025\/10\/DSC00017-480x326.jpg 480w\" sizes=\"(min-width: 0px) and (max-width: 480px) 480px, (min-width: 481px) and (max-width: 980px) 980px, (min-width: 981px) 1024px, 100vw\" \/><\/a><\/figure>\n\n\n\n<figure class=\"wp-block-image size-large\"><a  href=\"https:\/\/vanavorumaamuuseumid.ee\/wp-content\/uploads\/2025\/10\/G_5296_treial-1.jpg\" data-rel=\"lightbox-gallery-0\" data-rl_title=\"\" data-rl_caption=\"\" title=\"\"><img decoding=\"async\" width=\"1024\" height=\"644\" data-id=\"3830\" src=\"https:\/\/vanavorumaamuuseumid.ee\/wp-content\/uploads\/2025\/10\/G_5296_treial-1-1024x644.jpg\" alt=\"\" class=\"wp-image-3830\" srcset=\"https:\/\/vanavorumaamuuseumid.ee\/wp-content\/uploads\/2025\/10\/G_5296_treial-1-980x616.jpg 980w, https:\/\/vanavorumaamuuseumid.ee\/wp-content\/uploads\/2025\/10\/G_5296_treial-1-480x302.jpg 480w\" sizes=\"(min-width: 0px) and (max-width: 480px) 480px, (min-width: 481px) and (max-width: 980px) 980px, (min-width: 981px) 1024px, 100vw\" \/><\/a><\/figure>\n\n\n\n<figure class=\"wp-block-image size-large\"><a  href=\"https:\/\/vanavorumaamuuseumid.ee\/wp-content\/uploads\/2025\/10\/D_9646.jpg\" data-rel=\"lightbox-gallery-0\" data-rl_title=\"\" data-rl_caption=\"\" title=\"\"><img decoding=\"async\" width=\"1024\" height=\"684\" data-id=\"3909\" src=\"https:\/\/vanavorumaamuuseumid.ee\/wp-content\/uploads\/2025\/10\/D_9646-1024x684.jpg\" alt=\"\" class=\"wp-image-3909\" srcset=\"https:\/\/vanavorumaamuuseumid.ee\/wp-content\/uploads\/2025\/10\/D_9646-980x654.jpg 980w, https:\/\/vanavorumaamuuseumid.ee\/wp-content\/uploads\/2025\/10\/D_9646-480x321.jpg 480w\" sizes=\"(min-width: 0px) and (max-width: 480px) 480px, (min-width: 481px) and (max-width: 980px) 980px, (min-width: 981px) 1024px, 100vw\" \/><\/a><\/figure>\n\n\n\n<figure class=\"wp-block-image size-large\"><a  href=\"https:\/\/vanavorumaamuuseumid.ee\/wp-content\/uploads\/2025\/10\/DSC07723.jpg\" data-rel=\"lightbox-gallery-0\" data-rl_title=\"\" data-rl_caption=\"\" title=\"\"><img decoding=\"async\" width=\"1024\" height=\"490\" data-id=\"3825\" src=\"https:\/\/vanavorumaamuuseumid.ee\/wp-content\/uploads\/2025\/10\/DSC07723-1024x490.jpg\" alt=\"\" class=\"wp-image-3825\" srcset=\"https:\/\/vanavorumaamuuseumid.ee\/wp-content\/uploads\/2025\/10\/DSC07723-980x469.jpg 980w, https:\/\/vanavorumaamuuseumid.ee\/wp-content\/uploads\/2025\/10\/DSC07723-480x230.jpg 480w\" sizes=\"(min-width: 0px) and (max-width: 480px) 480px, (min-width: 481px) and (max-width: 980px) 980px, (min-width: 981px) 1024px, 100vw\" \/><\/a><\/figure>\n<\/figure>\n\n\n\n<p><\/p>","protected":false},"excerpt":{"rendered":"<p>V\u00f5rumaa Muuseum \u00fchendab endas muuseumi p\u00fcsiekspositsiooni ja kunstigalerii. Tegu on \u00fchega Kagu-Eesti [&hellip;]<\/p>\n","protected":false},"author":1,"featured_media":0,"parent":164,"menu_order":0,"comment_status":"closed","ping_status":"closed","template":"","meta":{"_acf_changed":false,"_et_pb_use_builder":"","_et_pb_old_content":"","_et_gb_content_width":"","footnotes":""},"class_list":["post-1088","page","type-page","status-publish","hentry"],"acf":[],"yoast_head":"<!-- This site is optimized with the Yoast SEO plugin v27.4 - https:\/\/yoast.com\/product\/yoast-seo-wordpress\/ -->\n<title>Info - Vana-V\u00f5rumaa muuseumid<\/title>\n<meta name=\"robots\" content=\"index, follow, max-snippet:-1, max-image-preview:large, max-video-preview:-1\" \/>\n<link rel=\"canonical\" href=\"https:\/\/vanavorumaamuuseumid.ee\/vo\/vorumuuseum\/kunstigalerii\/info\/\" \/>\n<meta property=\"og:locale\" content=\"en_US\" \/>\n<meta property=\"og:type\" content=\"article\" \/>\n<meta property=\"og:title\" content=\"Info - Vana-V\u00f5rumaa muuseumid\" \/>\n<meta property=\"og:description\" content=\"V\u00f5rumaa Muuseum \u00fchendab endas muuseumi p\u00fcsiekspositsiooni ja kunstigalerii. Tegu on \u00fchega Kagu-Eesti [&hellip;]\" \/>\n<meta property=\"og:url\" content=\"https:\/\/vanavorumaamuuseumid.ee\/vo\/vorumuuseum\/kunstigalerii\/info\/\" \/>\n<meta property=\"og:site_name\" content=\"Vana-V\u00f5rumaa muuseumid\" \/>\n<meta property=\"article:modified_time\" content=\"2026-01-20T12:35:22+00:00\" \/>\n<meta property=\"og:image\" content=\"https:\/\/vanavorumaamuuseumid.ee\/wp-content\/uploads\/2025\/10\/D_7908.jpg\" \/>\n\t<meta property=\"og:image:width\" content=\"1920\" \/>\n\t<meta property=\"og:image:height\" content=\"1281\" \/>\n\t<meta property=\"og:image:type\" content=\"image\/jpeg\" \/>\n<meta name=\"twitter:card\" content=\"summary_large_image\" \/>\n<meta name=\"twitter:label1\" content=\"Est. reading time\" \/>\n\t<meta name=\"twitter:data1\" content=\"3 minutes\" \/>\n<script type=\"application\/ld+json\" class=\"yoast-schema-graph\">{\"@context\":\"https:\\\/\\\/schema.org\",\"@graph\":[{\"@type\":\"WebPage\",\"@id\":\"https:\\\/\\\/vanavorumaamuuseumid.ee\\\/vorumuuseum\\\/kunstigalerii\\\/info\\\/\",\"url\":\"https:\\\/\\\/vanavorumaamuuseumid.ee\\\/vorumuuseum\\\/kunstigalerii\\\/info\\\/\",\"name\":\"Info - Vana-V\u00f5rumaa muuseumid\",\"isPartOf\":{\"@id\":\"https:\\\/\\\/vanavorumaamuuseumid.ee\\\/#website\"},\"primaryImageOfPage\":{\"@id\":\"https:\\\/\\\/vanavorumaamuuseumid.ee\\\/vorumuuseum\\\/kunstigalerii\\\/info\\\/#primaryimage\"},\"image\":{\"@id\":\"https:\\\/\\\/vanavorumaamuuseumid.ee\\\/vorumuuseum\\\/kunstigalerii\\\/info\\\/#primaryimage\"},\"thumbnailUrl\":\"https:\\\/\\\/vanavorumaamuuseumid.ee\\\/wp-content\\\/uploads\\\/2025\\\/10\\\/D_7908-1024x683.jpg\",\"datePublished\":\"2025-06-06T09:34:06+00:00\",\"dateModified\":\"2026-01-20T12:35:22+00:00\",\"breadcrumb\":{\"@id\":\"https:\\\/\\\/vanavorumaamuuseumid.ee\\\/vorumuuseum\\\/kunstigalerii\\\/info\\\/#breadcrumb\"},\"inLanguage\":\"vo\",\"potentialAction\":[{\"@type\":\"ReadAction\",\"target\":[\"https:\\\/\\\/vanavorumaamuuseumid.ee\\\/vorumuuseum\\\/kunstigalerii\\\/info\\\/\"]}]},{\"@type\":\"ImageObject\",\"inLanguage\":\"vo\",\"@id\":\"https:\\\/\\\/vanavorumaamuuseumid.ee\\\/vorumuuseum\\\/kunstigalerii\\\/info\\\/#primaryimage\",\"url\":\"https:\\\/\\\/vanavorumaamuuseumid.ee\\\/wp-content\\\/uploads\\\/2025\\\/10\\\/D_7908-1024x683.jpg\",\"contentUrl\":\"https:\\\/\\\/vanavorumaamuuseumid.ee\\\/wp-content\\\/uploads\\\/2025\\\/10\\\/D_7908-1024x683.jpg\"},{\"@type\":\"BreadcrumbList\",\"@id\":\"https:\\\/\\\/vanavorumaamuuseumid.ee\\\/vorumuuseum\\\/kunstigalerii\\\/info\\\/#breadcrumb\",\"itemListElement\":[{\"@type\":\"ListItem\",\"position\":1,\"name\":\"Home\",\"item\":\"https:\\\/\\\/vanavorumaamuuseumid.ee\\\/\"},{\"@type\":\"ListItem\",\"position\":2,\"name\":\"V\u00f5rumaa Muuseum\",\"item\":\"https:\\\/\\\/vanavorumaamuuseumid.ee\\\/vorumuuseum\\\/\"},{\"@type\":\"ListItem\",\"position\":3,\"name\":\"Kunstigalerii\",\"item\":\"https:\\\/\\\/vanavorumaamuuseumid.ee\\\/vorumuuseum\\\/kunstigalerii\\\/\"},{\"@type\":\"ListItem\",\"position\":4,\"name\":\"Info\"}]},{\"@type\":\"WebSite\",\"@id\":\"https:\\\/\\\/vanavorumaamuuseumid.ee\\\/#website\",\"url\":\"https:\\\/\\\/vanavorumaamuuseumid.ee\\\/\",\"name\":\"Vana-V\u00f5rumaa Muuseumid\",\"description\":\"V\u00f5rumaa Muuseum, Dr. Fr. R. Kreutzwaldi Memoriaalmuuseum, M\u00f5niste Talurahvamuuseum ja Karilatsi Vaba\u00f5humuuseum\",\"publisher\":{\"@id\":\"https:\\\/\\\/vanavorumaamuuseumid.ee\\\/#organization\"},\"potentialAction\":[{\"@type\":\"SearchAction\",\"target\":{\"@type\":\"EntryPoint\",\"urlTemplate\":\"https:\\\/\\\/vanavorumaamuuseumid.ee\\\/?s={search_term_string}\"},\"query-input\":{\"@type\":\"PropertyValueSpecification\",\"valueRequired\":true,\"valueName\":\"search_term_string\"}}],\"inLanguage\":\"vo\"},{\"@type\":\"Organization\",\"@id\":\"https:\\\/\\\/vanavorumaamuuseumid.ee\\\/#organization\",\"name\":\"V\u00f5ru Instituut\",\"url\":\"https:\\\/\\\/vanavorumaamuuseumid.ee\\\/\",\"logo\":{\"@type\":\"ImageObject\",\"inLanguage\":\"vo\",\"@id\":\"https:\\\/\\\/vanavorumaamuuseumid.ee\\\/#\\\/schema\\\/logo\\\/image\\\/\",\"url\":\"https:\\\/\\\/vanavorumaamuuseumid.ee\\\/wp-content\\\/uploads\\\/2025\\\/05\\\/vana-voromaa-muusoumi-250516.svg\",\"contentUrl\":\"https:\\\/\\\/vanavorumaamuuseumid.ee\\\/wp-content\\\/uploads\\\/2025\\\/05\\\/vana-voromaa-muusoumi-250516.svg\",\"width\":567,\"height\":80,\"caption\":\"V\u00f5ru Instituut\"},\"image\":{\"@id\":\"https:\\\/\\\/vanavorumaamuuseumid.ee\\\/#\\\/schema\\\/logo\\\/image\\\/\"}}]}<\/script>\n<!-- \/ Yoast SEO plugin. -->","yoast_head_json":{"title":"Info - Vana-V\u00f5rumaa muuseumid","robots":{"index":"index","follow":"follow","max-snippet":"max-snippet:-1","max-image-preview":"max-image-preview:large","max-video-preview":"max-video-preview:-1"},"canonical":"https:\/\/vanavorumaamuuseumid.ee\/vo\/vorumuuseum\/kunstigalerii\/info\/","og_locale":"en_US","og_type":"article","og_title":"Info - Vana-V\u00f5rumaa muuseumid","og_description":"V\u00f5rumaa Muuseum \u00fchendab endas muuseumi p\u00fcsiekspositsiooni ja kunstigalerii. Tegu on \u00fchega Kagu-Eesti [&hellip;]","og_url":"https:\/\/vanavorumaamuuseumid.ee\/vo\/vorumuuseum\/kunstigalerii\/info\/","og_site_name":"Vana-V\u00f5rumaa muuseumid","article_modified_time":"2026-01-20T12:35:22+00:00","og_image":[{"width":1920,"height":1281,"url":"https:\/\/vanavorumaamuuseumid.ee\/wp-content\/uploads\/2025\/10\/D_7908.jpg","type":"image\/jpeg"}],"twitter_card":"summary_large_image","twitter_misc":{"Est. reading time":"3 minutes"},"schema":{"@context":"https:\/\/schema.org","@graph":[{"@type":"WebPage","@id":"https:\/\/vanavorumaamuuseumid.ee\/vorumuuseum\/kunstigalerii\/info\/","url":"https:\/\/vanavorumaamuuseumid.ee\/vorumuuseum\/kunstigalerii\/info\/","name":"Info - Vana-V\u00f5rumaa muuseumid","isPartOf":{"@id":"https:\/\/vanavorumaamuuseumid.ee\/#website"},"primaryImageOfPage":{"@id":"https:\/\/vanavorumaamuuseumid.ee\/vorumuuseum\/kunstigalerii\/info\/#primaryimage"},"image":{"@id":"https:\/\/vanavorumaamuuseumid.ee\/vorumuuseum\/kunstigalerii\/info\/#primaryimage"},"thumbnailUrl":"https:\/\/vanavorumaamuuseumid.ee\/wp-content\/uploads\/2025\/10\/D_7908-1024x683.jpg","datePublished":"2025-06-06T09:34:06+00:00","dateModified":"2026-01-20T12:35:22+00:00","breadcrumb":{"@id":"https:\/\/vanavorumaamuuseumid.ee\/vorumuuseum\/kunstigalerii\/info\/#breadcrumb"},"inLanguage":"vo","potentialAction":[{"@type":"ReadAction","target":["https:\/\/vanavorumaamuuseumid.ee\/vorumuuseum\/kunstigalerii\/info\/"]}]},{"@type":"ImageObject","inLanguage":"vo","@id":"https:\/\/vanavorumaamuuseumid.ee\/vorumuuseum\/kunstigalerii\/info\/#primaryimage","url":"https:\/\/vanavorumaamuuseumid.ee\/wp-content\/uploads\/2025\/10\/D_7908-1024x683.jpg","contentUrl":"https:\/\/vanavorumaamuuseumid.ee\/wp-content\/uploads\/2025\/10\/D_7908-1024x683.jpg"},{"@type":"BreadcrumbList","@id":"https:\/\/vanavorumaamuuseumid.ee\/vorumuuseum\/kunstigalerii\/info\/#breadcrumb","itemListElement":[{"@type":"ListItem","position":1,"name":"Home","item":"https:\/\/vanavorumaamuuseumid.ee\/"},{"@type":"ListItem","position":2,"name":"V\u00f5rumaa Muuseum","item":"https:\/\/vanavorumaamuuseumid.ee\/vorumuuseum\/"},{"@type":"ListItem","position":3,"name":"Kunstigalerii","item":"https:\/\/vanavorumaamuuseumid.ee\/vorumuuseum\/kunstigalerii\/"},{"@type":"ListItem","position":4,"name":"Info"}]},{"@type":"WebSite","@id":"https:\/\/vanavorumaamuuseumid.ee\/#website","url":"https:\/\/vanavorumaamuuseumid.ee\/","name":"Vana-V\u00f5rumaa Muuseumid","description":"V\u00f5rumaa Muuseum, Dr. Fr. R. Kreutzwaldi Memoriaalmuuseum, M\u00f5niste Talurahvamuuseum ja Karilatsi Vaba\u00f5humuuseum","publisher":{"@id":"https:\/\/vanavorumaamuuseumid.ee\/#organization"},"potentialAction":[{"@type":"SearchAction","target":{"@type":"EntryPoint","urlTemplate":"https:\/\/vanavorumaamuuseumid.ee\/?s={search_term_string}"},"query-input":{"@type":"PropertyValueSpecification","valueRequired":true,"valueName":"search_term_string"}}],"inLanguage":"vo"},{"@type":"Organization","@id":"https:\/\/vanavorumaamuuseumid.ee\/#organization","name":"V\u00f5ru Instituut","url":"https:\/\/vanavorumaamuuseumid.ee\/","logo":{"@type":"ImageObject","inLanguage":"vo","@id":"https:\/\/vanavorumaamuuseumid.ee\/#\/schema\/logo\/image\/","url":"https:\/\/vanavorumaamuuseumid.ee\/wp-content\/uploads\/2025\/05\/vana-voromaa-muusoumi-250516.svg","contentUrl":"https:\/\/vanavorumaamuuseumid.ee\/wp-content\/uploads\/2025\/05\/vana-voromaa-muusoumi-250516.svg","width":567,"height":80,"caption":"V\u00f5ru Instituut"},"image":{"@id":"https:\/\/vanavorumaamuuseumid.ee\/#\/schema\/logo\/image\/"}}]}},"_links":{"self":[{"href":"https:\/\/vanavorumaamuuseumid.ee\/vo\/wp-json\/wp\/v2\/pages\/1088","targetHints":{"allow":["GET"]}}],"collection":[{"href":"https:\/\/vanavorumaamuuseumid.ee\/vo\/wp-json\/wp\/v2\/pages"}],"about":[{"href":"https:\/\/vanavorumaamuuseumid.ee\/vo\/wp-json\/wp\/v2\/types\/page"}],"author":[{"embeddable":true,"href":"https:\/\/vanavorumaamuuseumid.ee\/vo\/wp-json\/wp\/v2\/users\/1"}],"replies":[{"embeddable":true,"href":"https:\/\/vanavorumaamuuseumid.ee\/vo\/wp-json\/wp\/v2\/comments?post=1088"}],"version-history":[{"count":12,"href":"https:\/\/vanavorumaamuuseumid.ee\/vo\/wp-json\/wp\/v2\/pages\/1088\/revisions"}],"predecessor-version":[{"id":5176,"href":"https:\/\/vanavorumaamuuseumid.ee\/vo\/wp-json\/wp\/v2\/pages\/1088\/revisions\/5176"}],"up":[{"embeddable":true,"href":"https:\/\/vanavorumaamuuseumid.ee\/vo\/wp-json\/wp\/v2\/pages\/164"}],"wp:attachment":[{"href":"https:\/\/vanavorumaamuuseumid.ee\/vo\/wp-json\/wp\/v2\/media?parent=1088"}],"curies":[{"name":"wp","href":"https:\/\/api.w.org\/{rel}","templated":true}]}}