{"id":152,"date":"2025-05-09T09:59:59","date_gmt":"2025-05-09T06:59:59","guid":{"rendered":"https:\/\/vanavorumaamuuseumid.ee\/?page_id=152"},"modified":"2025-11-11T11:09:50","modified_gmt":"2025-11-11T09:09:50","slug":"muuseumist","status":"publish","type":"page","link":"https:\/\/vanavorumaamuuseumid.ee\/vo\/vorumuuseum\/muuseumist\/","title":{"rendered":"Muus\u00f5umi lugu"},"content":{"rendered":"<p>1961. aastagal luudi Dr. Fr. R. Kreutzwaldi Memoriaalmuus\u00f5umin (asot\u00f5t 1941) V\u00f5ro\nkodoluulin\u00f5 kogo, kohe nakati korjama V\u00f5romaaga k\u00f6\u00fcdet\u00fcid mat\u00f5rjaal\u00f5: asjo, dokustaat\u00f5,\np\u00e4\u00e4v\u00e4pilte.<\/p>\n\n\n\n<p>23. m\u00e4rtekuud 1966 luudi toonads\u00f5 kultuuriministri k\u00e4skkir\u00e4ga Kreutzwaldi\nmemoriaalmuus\u00f5umi kodoluulin\u00f5 t\u00fct\u00e4rasotus V\u00f5ro Kodoluumuus\u00f5um. Olk\u00f5 et V\u00f5romaa aoluu\nuurmis\u00f5 jaos pei muus\u00f5umit\u00fc\u00fct\u00e4j\u00e4 \u00f5ig\u00f5mbas umaette muus\u00f5ummi, ol\u00f5-\u00f5s tuud n\u00f5vvukogo\nv\u00f5imu n\u00f5udmiisi per\u00e4st kerge luvva. Umaette muus\u00f5umi tegemises ol\u00f5si olnu vaia otsust\nministride n\u00f5vvukogu k\u00e4est, a t\u00fct\u00e4rasotus\u00f5 jaos oll k\u00fcl\u00e4nd kultuuriministri k\u00e4skkir\u00e4st.<\/p>\n\n\n\n<p>Umaette muus\u00f5umi asotamist seg\u00e4si viil tuu, et oll ol\u00f5man 1955. aastagal luud Valga\nRajuun\u00f5vaih\u00f5lin\u00f5 Kodoluumuus\u00f5um, kink t\u00fc\u00fcs oll korada ka V\u00f5romaa mat\u00f5rjaal\u00f5. V\u00f5ro\nKodoluumuus\u00f5umin nakas t\u00fc\u00fch\u00fc kats tiid\u00fcst\u00fc\u00fct\u00e4j\u00e4t, ki\u00e4 p\u00e4\u00e4le hariligu muus\u00f5umit\u00fc\u00fc tegemise\nk\u00f5rraldi \u00fcten TA Aoluuinstituudiga v\u00e4ll\u00e4kaibmiisi Tamula veeren Roosisaar\u00f5l, Villa k\u00fcl\u00e4n,\nK\u00e4\u00e4p\u00e4l, P\u00f5lgast\u00f5n ja Tabinil.<\/p>\n\n\n\n<figure class=\"wp-block-gallery has-nested-images columns-default is-cropped wp-block-gallery-1 is-layout-flex wp-block-gallery-is-layout-flex\">\n<figure class=\"wp-block-image size-large\"><img decoding=\"async\" width=\"1024\" height=\"670\" data-id=\"3525\" src=\"https:\/\/vanavorumaamuuseumid.ee\/wp-content\/uploads\/2025\/10\/1974_VKF692_2-1974-2-1024x670.jpg\" alt=\"\" class=\"wp-image-3525\" srcset=\"https:\/\/vanavorumaamuuseumid.ee\/wp-content\/uploads\/2025\/10\/1974_VKF692_2-1974-2-980x641.jpg 980w, https:\/\/vanavorumaamuuseumid.ee\/wp-content\/uploads\/2025\/10\/1974_VKF692_2-1974-2-480x314.jpg 480w\" sizes=\"(min-width: 0px) and (max-width: 480px) 480px, (min-width: 481px) and (max-width: 980px) 980px, (min-width: 981px) 1024px, 100vw\" \/><\/figure>\n\n\n\n<figure class=\"wp-block-image size-large\"><img decoding=\"async\" width=\"1024\" height=\"747\" data-id=\"3527\" src=\"https:\/\/vanavorumaamuuseumid.ee\/wp-content\/uploads\/2025\/10\/1984_VKF998_85F_1-4-1024x747.jpg\" alt=\"\" class=\"wp-image-3527\" srcset=\"https:\/\/vanavorumaamuuseumid.ee\/wp-content\/uploads\/2025\/10\/1984_VKF998_85F_1-4-980x715.jpg 980w, https:\/\/vanavorumaamuuseumid.ee\/wp-content\/uploads\/2025\/10\/1984_VKF998_85F_1-4-480x350.jpg 480w\" sizes=\"(min-width: 0px) and (max-width: 480px) 480px, (min-width: 481px) and (max-width: 980px) 980px, (min-width: 981px) 1024px, 100vw\" \/><\/figure>\n<\/figure>\n\n\n\n<p>Pia mahu-us kogo in\u00e4mb memoriaalmuus\u00f5umi hoitust\u00f5. 10. radokuud 1983 tetti p\u00e4\u00e4le\naastidepikkuisi ehit\u00fcst\u00f6id pidoligult vallal\u00f5 V\u00f5ro Kodoluumuus\u00f5um. Ehit\u00fcst hoits\u00f5 \u00fcllen\nhundamendikands, mi\u00e4 oll\u00b4 kandnu V\u00f5ro \u00fctte suur\u00f5mbat ni muutsambat kivihoon\u00f5t. Huun\u00f5n oll\naastil 1832\u20131866 t\u00fc\u00fct\u00e4n\u00fc Heinrich Kr\u00fcmmeri poisslatsi er\u00e4kuul, mid\u00e4 tunti \u00fcle Liivimaa.\nKoolimaja laot\u00f5di \u00e4r 1960.\u201370. aastil. Edim\u00e4dse vooriga oll Tartu ja Kreutzwaldi huulidsa puuls\u00f5\nhuun\u00f5jao kotsil\u00f5 jo tett V\u00f5ro Spordikuul. V\u00f5ro Kodoluumuus\u00f5umi maja oll toona Eestin\nedim\u00e4ne \u00f5kva muus\u00f5umi jaos projekteerit hoon\u00f5 (pindala kokko 1100 m\u00b2).<\/p>\n\n\n\n<div class=\"wp-block-media-text is-stacked-on-mobile\"><figure class=\"wp-block-media-text__media\"><img decoding=\"async\" width=\"1024\" height=\"749\" src=\"https:\/\/vanavorumaamuuseumid.ee\/wp-content\/uploads\/2025\/10\/VKF975_2F-n_1-1024x749.jpg\" alt=\"\" class=\"wp-image-3518 size-full\" srcset=\"https:\/\/vanavorumaamuuseumid.ee\/wp-content\/uploads\/2025\/10\/VKF975_2F-n_1-980x717.jpg 980w, https:\/\/vanavorumaamuuseumid.ee\/wp-content\/uploads\/2025\/10\/VKF975_2F-n_1-480x351.jpg 480w\" sizes=\"(min-width: 0px) and (max-width: 480px) 480px, (min-width: 481px) and (max-width: 980px) 980px, (min-width: 981px) 1024px, 100vw\" \/><\/figure><div class=\"wp-block-media-text__content\">\n<p>V\u00f5ro Kodoluumuus\u00f5umi huun\u00f5 vallal\u00f5tegemisel 10. radokuud 1983 k\u00f5n\u00f5l\u00f5s\nmuus\u00f5umi direktri Aleksander Krull.<\/p>\n<\/div><\/div>\n\n\n\n<figure class=\"wp-block-gallery has-nested-images columns-default is-cropped wp-block-gallery-2 is-layout-flex wp-block-gallery-is-layout-flex\"><\/figure>\n\n\n\n<p>Muus\u00f5um tetti vallal\u00f5 n\u00e4\u00fct\u00fcisiga \u201eV\u00f5romaa t\u00fc\u00fcst\u00fcs ni p\u00f5llumajandus\u201c ja \u201eEesti rahvar\u00f5iva\u201c\n(kokkos\u00e4\u00e4dj\u00e4 Eesti Rahva Muus\u00f5um). Edim\u00e4ne jago alalids\u00f5st n\u00e4\u00fct\u00fcsest sai valmis 1984.\naastagal, ku t\u00e4histedi V\u00f5ro liina 200 aastaga juub\u00f5lit. Alalin\u00f5 n\u00e4\u00fct\u00fcs (teostegij\u00e4\nkunstikombinaat ARS) V\u00f5romaa aoluust tetti vallal\u00f5 7. radokuud 1985. N\u00e4\u00fct\u00fcse sissu om tulnu\nvahts\u00f5nda, a ARS-i kujondus esi nakkas parhilla jo ol\u00f5ma aoluulids\u00f5n m\u00f5tt\u00f5n kaemis\u00f5 v\u00e4\u00e4rt. <\/p>\n\n\n\n<figure class=\"wp-block-gallery has-nested-images columns-default is-cropped wp-block-gallery-3 is-layout-flex wp-block-gallery-is-layout-flex\">\n<figure class=\"wp-block-image size-large\"><img decoding=\"async\" width=\"1024\" height=\"726\" data-id=\"3533\" src=\"https:\/\/vanavorumaamuuseumid.ee\/wp-content\/uploads\/2025\/10\/VKF1166_8F-n_1-1024x726.jpg\" alt=\"\" class=\"wp-image-3533\" srcset=\"https:\/\/vanavorumaamuuseumid.ee\/wp-content\/uploads\/2025\/10\/VKF1166_8F-n_1-980x695.jpg 980w, https:\/\/vanavorumaamuuseumid.ee\/wp-content\/uploads\/2025\/10\/VKF1166_8F-n_1-480x340.jpg 480w\" sizes=\"(min-width: 0px) and (max-width: 480px) 480px, (min-width: 481px) and (max-width: 980px) 980px, (min-width: 981px) 1024px, 100vw\" \/><\/figure>\n\n\n\n<figure class=\"wp-block-image size-large\"><img decoding=\"async\" width=\"1024\" height=\"685\" data-id=\"3532\" src=\"https:\/\/vanavorumaamuuseumid.ee\/wp-content\/uploads\/2025\/10\/VKF1158_38F-n_1-1024x685.jpg\" alt=\"\" class=\"wp-image-3532\" srcset=\"https:\/\/vanavorumaamuuseumid.ee\/wp-content\/uploads\/2025\/10\/VKF1158_38F-n_1-980x655.jpg 980w, https:\/\/vanavorumaamuuseumid.ee\/wp-content\/uploads\/2025\/10\/VKF1158_38F-n_1-480x321.jpg 480w\" sizes=\"(min-width: 0px) and (max-width: 480px) 480px, (min-width: 481px) and (max-width: 980px) 980px, (min-width: 981px) 1024px, 100vw\" \/><\/figure>\n\n\n\n<figure class=\"wp-block-image size-large\"><img decoding=\"async\" width=\"1024\" height=\"980\" data-id=\"3529\" src=\"https:\/\/vanavorumaamuuseumid.ee\/wp-content\/uploads\/2025\/10\/VKF1166_5F-n_1-1024x980.jpg\" alt=\"\" class=\"wp-image-3529\" srcset=\"https:\/\/vanavorumaamuuseumid.ee\/wp-content\/uploads\/2025\/10\/VKF1166_5F-n_1-980x938.jpg 980w, https:\/\/vanavorumaamuuseumid.ee\/wp-content\/uploads\/2025\/10\/VKF1166_5F-n_1-480x459.jpg 480w\" sizes=\"(min-width: 0px) and (max-width: 480px) 480px, (min-width: 481px) and (max-width: 980px) 980px, (min-width: 981px) 1024px, 100vw\" \/><\/figure>\n\n\n\n<figure class=\"wp-block-image size-large\"><img decoding=\"async\" width=\"1024\" height=\"699\" data-id=\"3530\" src=\"https:\/\/vanavorumaamuuseumid.ee\/wp-content\/uploads\/2025\/10\/VKF1158_11F-n_1-1024x699.jpg\" alt=\"\" class=\"wp-image-3530\" srcset=\"https:\/\/vanavorumaamuuseumid.ee\/wp-content\/uploads\/2025\/10\/VKF1158_11F-n_1-980x669.jpg 980w, https:\/\/vanavorumaamuuseumid.ee\/wp-content\/uploads\/2025\/10\/VKF1158_11F-n_1-480x328.jpg 480w\" sizes=\"(min-width: 0px) and (max-width: 480px) 480px, (min-width: 481px) and (max-width: 980px) 980px, (min-width: 981px) 1024px, 100vw\" \/><\/figure>\n\n\n\n<figure class=\"wp-block-image size-large\"><img decoding=\"async\" width=\"1024\" height=\"701\" data-id=\"3531\" src=\"https:\/\/vanavorumaamuuseumid.ee\/wp-content\/uploads\/2025\/10\/VKF1158_9F-n_1-1024x701.jpg\" alt=\"\" class=\"wp-image-3531\" srcset=\"https:\/\/vanavorumaamuuseumid.ee\/wp-content\/uploads\/2025\/10\/VKF1158_9F-n_1-980x671.jpg 980w, https:\/\/vanavorumaamuuseumid.ee\/wp-content\/uploads\/2025\/10\/VKF1158_9F-n_1-480x329.jpg 480w\" sizes=\"(min-width: 0px) and (max-width: 480px) 480px, (min-width: 481px) and (max-width: 980px) 980px, (min-width: 981px) 1024px, 100vw\" \/><\/figure>\n<\/figure>\n\n\n\n<p>1992. aastagast p\u00e4\u00e4le tetti huuga korjamis\u00f5t\u00fc\u00fcd tuu jaos, et vahts\u00f5nda 20. aastagasaa kotsil\u00f5\nk\u00e4\u00fcv\u00e4t v\u00e4ll\u00e4pan\u00f5gijako. Fondin\u00e4\u00fct\u00fcisiga tetti tutvas Eesti Vabariigi aoluku aastil 1918\u20131940 ja\nV\u00f5romaa ossa riigi vahts\u00f5l hind\u00e4peri saamis\u00f5l. Alalis\u00f5l\u00f5 n\u00e4\u00fct\u00fcsele panti mano umaette osa\nseeni putmalda ain\u00f5valdo kotsil\u00f5 nigu Vabahuss\u00f5da, 1920.\u20131940. aastid\u00f5 V\u00f5romaa kultuurielo,\nII ilmas\u00f5da ja V\u00f5romaa m\u00f5tsamiihi vastapandmisv\u00f5itlus.<\/p>\n\n\n\n<p>2017. aastagal vahts\u00f5nd\u00f5di muistids\u00f5st aost kooni 18. aastagasaani k\u00fc\u00fcnd\u00fcv\u00e4t\nv\u00e4ll\u00e4pan\u00f5gijako (tekste luuja Anti Lillak), \u00e4r saiva n\u00e4\u00fcd\u00e4t\u00fcs Vaba-Hind\u00e4peri Nuuri Kolonni Nr 1\ntegemise (tekste luuja Arnold Unt). Et Vana-V\u00f5romaa savvusannakomb\u00f5 kann\u00f5di UNESCO\n\nvaimlids\u00f5 kultuuriper\u00e4nd\u00fcse ed\u00fcst\u00fcsnimist\u00fche, s\u00f5s sai v\u00e4ll\u00e4pan\u00f5k t\u00e4vvend\u00fcse, mi\u00e4 tege tutvas\nnoid\u00f5 kombid\u00f5ga ja n\u00e4\u00fct\u00e4s ka savvusanna maketti. Per\u00e4n saiva valmis ka v\u00e4ll\u00e4pan\u00f5gi v\u00f5ro\nkeele saamisluust ni Vana-V\u00f5romaa kihlkund\u00f5 rahvar\u00f5ivist. M\u00f5tsamiihi elo kotsil\u00f5 k\u00e4\u00fcv\u00e4t\nv\u00e4ll\u00e4pan\u00f5kit om t\u00e4vvendet vahtsid\u00f5 selet\u00fcisi ni vahtsid\u00f5 l\u00f6vvet\u00fcisi asjoga: palkhuun\u00f5st l\u00f6vvet\np\u00fcss\u00e4k\u00e4k\u00fcs, M\u00e4\u00e4rits\u00e4 talo lahengukotus\u00f5 tiid\u00fcsliidsil v\u00e4ll\u00e4kaibmiisil l\u00f6vvet kraam jm (autor\nArnold Unt). <\/p>\n\n\n\n<p>\u00dcten projekti \u201eKunstnigu korjuisin\u201c edenemisega sai 2018. aastagal kuunt\u00fc\u00fcn kunstnik Marge\nMonkoga valmis v\u00e4ll\u00e4pan\u00f5k \u201ePrii aig ni aoviid\u00fcs V\u00f5romaal 1920\u20131930\u201c. T\u00e4vvend\u00fcses alalids\u00f5l\u00f5\nv\u00e4ll\u00e4pan\u00f5kil\u00f5 tet\u00e4s muus\u00f5umisaalin ka aotliidsi v\u00e4ll\u00e4pan\u00f5kiid muus\u00f5umikogon l\u00f6\u00fcd\u00fcv\u00e4st.<\/p>\n\n\n\n<p>Esi aig\u00f5 seen om muus\u00f5um kandnu ka esi nimmi. V\u00f5ro Kodoluumuus\u00f5umist sai 1994. aastagal\nV\u00f5romaa Muus\u00f5um. Aastil 2013\u20132025 kand muus\u00f5um Vana-V\u00f5romaa Kultuurikua nimme. 8.\nlehekuust 2025 om tarvitus\u00f5l tagasi V\u00f5romaa Muus\u00f5umi nimi.<\/p>\n\n\n\n<p>1. vahts\u00f5aastakuust 2015 p\u00e4\u00e4le om muus\u00f5um osa V\u00f5ro Instituudi muus\u00f5umiosakonnast vai\nVana-V\u00f5romaa muus\u00f5um\u00f5st. Osakunna ala k\u00e4\u00fcv\u00e4 viil Dr. Fr. R. Kreutzwaldi\nMemoriaalmuus\u00f5um, M\u00f5nist\u00f5 Talorahvamuus\u00f5um ni Karilatsi Vaba\u00f5humuus\u00f5um.<\/p>\n\n\n\n<figure class=\"wp-block-gallery has-nested-images columns-default is-cropped wp-block-gallery-4 is-layout-flex wp-block-gallery-is-layout-flex\">\n<figure class=\"wp-block-image size-large\"><img decoding=\"async\" width=\"756\" height=\"426\" data-id=\"3537\" src=\"https:\/\/vanavorumaamuuseumid.ee\/wp-content\/uploads\/2025\/10\/Koda_Kunstnik-Kaido-Ratsep-oma-vaatajaga.jpg\" alt=\"\" class=\"wp-image-3537\" srcset=\"https:\/\/vanavorumaamuuseumid.ee\/wp-content\/uploads\/2025\/10\/Koda_Kunstnik-Kaido-Ratsep-oma-vaatajaga.jpg 756w, https:\/\/vanavorumaamuuseumid.ee\/wp-content\/uploads\/2025\/10\/Koda_Kunstnik-Kaido-Ratsep-oma-vaatajaga-480x270.jpg 480w\" sizes=\"(min-width: 0px) and (max-width: 480px) 480px, (min-width: 481px) 756px, 100vw\" \/><figcaption class=\"wp-element-caption\">II korruse kunstigalerii<\/figcaption><\/figure>\n\n\n\n<figure class=\"wp-block-image size-large\"><img decoding=\"async\" width=\"1024\" height=\"751\" data-id=\"3539\" src=\"https:\/\/vanavorumaamuuseumid.ee\/wp-content\/uploads\/2025\/10\/IMG_20250703_110037-1024x751.jpg\" alt=\"\" class=\"wp-image-3539\" srcset=\"https:\/\/vanavorumaamuuseumid.ee\/wp-content\/uploads\/2025\/10\/IMG_20250703_110037-980x719.jpg 980w, https:\/\/vanavorumaamuuseumid.ee\/wp-content\/uploads\/2025\/10\/IMG_20250703_110037-480x352.jpg 480w\" sizes=\"(min-width: 0px) and (max-width: 480px) 480px, (min-width: 481px) and (max-width: 980px) 980px, (min-width: 981px) 1024px, 100vw\" \/><figcaption class=\"wp-element-caption\">III korruse p\u00fcsin\u00e4itus<\/figcaption><\/figure>\n<\/figure>\n\n\n\n<p>Muuseumimajas tegutseb ka kunstigalerii. Laia temaatikaga&nbsp; vahetuvad n\u00e4itused toovad galeriisse kunstis\u00f5pru \u00fcle Eestimaa. Muuseum pakub mitmeid haridusprogramme ja tegevustunde nii lasteaialastele&nbsp; kui ka kooli\u00f5pilastele. 2024. a. k\u00fclastas Vana-V\u00f5romaa Kultuurikoda 6880 inimest, eksponeeriti 17 n\u00e4itust ja v\u00e4ljapanekut. Muuseumi haridusprogrammides osales 2792 \u00f5pilast.<\/p>\n\n\n\n<pre class=\"wp-block-preformatted\"><\/pre>","protected":false},"excerpt":{"rendered":"<p>1961. a. loodi Dr. Fr. R. Kreutzwaldi Memoriaalmuuseumis (asutatud 1941.a.) V\u00f5ru kodulooline [&hellip;]<\/p>\n","protected":false},"author":1,"featured_media":3384,"parent":143,"menu_order":0,"comment_status":"closed","ping_status":"closed","template":"","meta":{"_acf_changed":false,"_et_pb_use_builder":"","_et_pb_old_content":"","_et_gb_content_width":"","footnotes":"[]"},"class_list":["post-152","page","type-page","status-publish","has-post-thumbnail","hentry"],"acf":[],"yoast_head":"<!-- This site is optimized with the Yoast SEO plugin v27.4 - https:\/\/yoast.com\/product\/yoast-seo-wordpress\/ -->\n<title>Muuseumi lugu - Vana-V\u00f5rumaa muuseumid<\/title>\n<meta name=\"robots\" content=\"index, follow, max-snippet:-1, max-image-preview:large, max-video-preview:-1\" \/>\n<link rel=\"canonical\" href=\"https:\/\/vanavorumaamuuseumid.ee\/vo\/vorumuuseum\/muuseumist\/\" \/>\n<meta property=\"og:locale\" content=\"en_US\" \/>\n<meta property=\"og:type\" content=\"article\" \/>\n<meta property=\"og:title\" content=\"Muuseumi lugu - Vana-V\u00f5rumaa muuseumid\" \/>\n<meta property=\"og:description\" content=\"1961. a. loodi Dr. Fr. R. Kreutzwaldi Memoriaalmuuseumis (asutatud 1941.a.) V\u00f5ru kodulooline [&hellip;]\" \/>\n<meta property=\"og:url\" content=\"https:\/\/vanavorumaamuuseumid.ee\/vo\/vorumuuseum\/muuseumist\/\" \/>\n<meta property=\"og:site_name\" content=\"Vana-V\u00f5rumaa muuseumid\" \/>\n<meta property=\"article:modified_time\" content=\"2025-11-11T09:09:50+00:00\" \/>\n<meta property=\"og:image\" content=\"https:\/\/vanavorumaamuuseumid.ee\/wp-content\/uploads\/2025\/09\/VKF1250_3_1988.jpg\" \/>\n\t<meta property=\"og:image:width\" content=\"800\" \/>\n\t<meta property=\"og:image:height\" content=\"767\" \/>\n\t<meta property=\"og:image:type\" content=\"image\/jpeg\" \/>\n<meta name=\"twitter:card\" content=\"summary_large_image\" \/>\n<meta name=\"twitter:label1\" content=\"Est. reading time\" \/>\n\t<meta name=\"twitter:data1\" content=\"6 minutes\" \/>\n<script type=\"application\/ld+json\" class=\"yoast-schema-graph\">{\"@context\":\"https:\\\/\\\/schema.org\",\"@graph\":[{\"@type\":\"WebPage\",\"@id\":\"https:\\\/\\\/vanavorumaamuuseumid.ee\\\/vorumuuseum\\\/muuseumist\\\/\",\"url\":\"https:\\\/\\\/vanavorumaamuuseumid.ee\\\/vorumuuseum\\\/muuseumist\\\/\",\"name\":\"Muuseumi lugu - Vana-V\u00f5rumaa muuseumid\",\"isPartOf\":{\"@id\":\"https:\\\/\\\/vanavorumaamuuseumid.ee\\\/#website\"},\"primaryImageOfPage\":{\"@id\":\"https:\\\/\\\/vanavorumaamuuseumid.ee\\\/vorumuuseum\\\/muuseumist\\\/#primaryimage\"},\"image\":{\"@id\":\"https:\\\/\\\/vanavorumaamuuseumid.ee\\\/vorumuuseum\\\/muuseumist\\\/#primaryimage\"},\"thumbnailUrl\":\"https:\\\/\\\/vanavorumaamuuseumid.ee\\\/wp-content\\\/uploads\\\/2025\\\/09\\\/VKF1250_3_1988.jpg\",\"datePublished\":\"2025-05-09T06:59:59+00:00\",\"dateModified\":\"2025-11-11T09:09:50+00:00\",\"breadcrumb\":{\"@id\":\"https:\\\/\\\/vanavorumaamuuseumid.ee\\\/vorumuuseum\\\/muuseumist\\\/#breadcrumb\"},\"inLanguage\":\"vo\",\"potentialAction\":[{\"@type\":\"ReadAction\",\"target\":[\"https:\\\/\\\/vanavorumaamuuseumid.ee\\\/vorumuuseum\\\/muuseumist\\\/\"]}]},{\"@type\":\"ImageObject\",\"inLanguage\":\"vo\",\"@id\":\"https:\\\/\\\/vanavorumaamuuseumid.ee\\\/vorumuuseum\\\/muuseumist\\\/#primaryimage\",\"url\":\"https:\\\/\\\/vanavorumaamuuseumid.ee\\\/wp-content\\\/uploads\\\/2025\\\/09\\\/VKF1250_3_1988.jpg\",\"contentUrl\":\"https:\\\/\\\/vanavorumaamuuseumid.ee\\\/wp-content\\\/uploads\\\/2025\\\/09\\\/VKF1250_3_1988.jpg\",\"width\":800,\"height\":767},{\"@type\":\"BreadcrumbList\",\"@id\":\"https:\\\/\\\/vanavorumaamuuseumid.ee\\\/vorumuuseum\\\/muuseumist\\\/#breadcrumb\",\"itemListElement\":[{\"@type\":\"ListItem\",\"position\":1,\"name\":\"Home\",\"item\":\"https:\\\/\\\/vanavorumaamuuseumid.ee\\\/\"},{\"@type\":\"ListItem\",\"position\":2,\"name\":\"V\u00f5rumaa Muuseum\",\"item\":\"https:\\\/\\\/vanavorumaamuuseumid.ee\\\/vorumuuseum\\\/\"},{\"@type\":\"ListItem\",\"position\":3,\"name\":\"Muuseumi lugu\"}]},{\"@type\":\"WebSite\",\"@id\":\"https:\\\/\\\/vanavorumaamuuseumid.ee\\\/#website\",\"url\":\"https:\\\/\\\/vanavorumaamuuseumid.ee\\\/\",\"name\":\"Vana-V\u00f5rumaa Muuseumid\",\"description\":\"V\u00f5rumaa Muuseum, Dr. Fr. R. Kreutzwaldi Memoriaalmuuseum, M\u00f5niste Talurahvamuuseum ja Karilatsi Vaba\u00f5humuuseum\",\"publisher\":{\"@id\":\"https:\\\/\\\/vanavorumaamuuseumid.ee\\\/#organization\"},\"potentialAction\":[{\"@type\":\"SearchAction\",\"target\":{\"@type\":\"EntryPoint\",\"urlTemplate\":\"https:\\\/\\\/vanavorumaamuuseumid.ee\\\/?s={search_term_string}\"},\"query-input\":{\"@type\":\"PropertyValueSpecification\",\"valueRequired\":true,\"valueName\":\"search_term_string\"}}],\"inLanguage\":\"vo\"},{\"@type\":\"Organization\",\"@id\":\"https:\\\/\\\/vanavorumaamuuseumid.ee\\\/#organization\",\"name\":\"V\u00f5ru Instituut\",\"url\":\"https:\\\/\\\/vanavorumaamuuseumid.ee\\\/\",\"logo\":{\"@type\":\"ImageObject\",\"inLanguage\":\"vo\",\"@id\":\"https:\\\/\\\/vanavorumaamuuseumid.ee\\\/#\\\/schema\\\/logo\\\/image\\\/\",\"url\":\"https:\\\/\\\/vanavorumaamuuseumid.ee\\\/wp-content\\\/uploads\\\/2025\\\/05\\\/vana-voromaa-muusoumi-250516.svg\",\"contentUrl\":\"https:\\\/\\\/vanavorumaamuuseumid.ee\\\/wp-content\\\/uploads\\\/2025\\\/05\\\/vana-voromaa-muusoumi-250516.svg\",\"width\":567,\"height\":80,\"caption\":\"V\u00f5ru Instituut\"},\"image\":{\"@id\":\"https:\\\/\\\/vanavorumaamuuseumid.ee\\\/#\\\/schema\\\/logo\\\/image\\\/\"}}]}<\/script>\n<!-- \/ Yoast SEO plugin. -->","yoast_head_json":{"title":"Muuseumi lugu - Vana-V\u00f5rumaa muuseumid","robots":{"index":"index","follow":"follow","max-snippet":"max-snippet:-1","max-image-preview":"max-image-preview:large","max-video-preview":"max-video-preview:-1"},"canonical":"https:\/\/vanavorumaamuuseumid.ee\/vo\/vorumuuseum\/muuseumist\/","og_locale":"en_US","og_type":"article","og_title":"Muuseumi lugu - Vana-V\u00f5rumaa muuseumid","og_description":"1961. a. loodi Dr. Fr. R. Kreutzwaldi Memoriaalmuuseumis (asutatud 1941.a.) V\u00f5ru kodulooline [&hellip;]","og_url":"https:\/\/vanavorumaamuuseumid.ee\/vo\/vorumuuseum\/muuseumist\/","og_site_name":"Vana-V\u00f5rumaa muuseumid","article_modified_time":"2025-11-11T09:09:50+00:00","og_image":[{"width":800,"height":767,"url":"https:\/\/vanavorumaamuuseumid.ee\/wp-content\/uploads\/2025\/09\/VKF1250_3_1988.jpg","type":"image\/jpeg"}],"twitter_card":"summary_large_image","twitter_misc":{"Est. reading time":"6 minutes"},"schema":{"@context":"https:\/\/schema.org","@graph":[{"@type":"WebPage","@id":"https:\/\/vanavorumaamuuseumid.ee\/vorumuuseum\/muuseumist\/","url":"https:\/\/vanavorumaamuuseumid.ee\/vorumuuseum\/muuseumist\/","name":"Muuseumi lugu - Vana-V\u00f5rumaa muuseumid","isPartOf":{"@id":"https:\/\/vanavorumaamuuseumid.ee\/#website"},"primaryImageOfPage":{"@id":"https:\/\/vanavorumaamuuseumid.ee\/vorumuuseum\/muuseumist\/#primaryimage"},"image":{"@id":"https:\/\/vanavorumaamuuseumid.ee\/vorumuuseum\/muuseumist\/#primaryimage"},"thumbnailUrl":"https:\/\/vanavorumaamuuseumid.ee\/wp-content\/uploads\/2025\/09\/VKF1250_3_1988.jpg","datePublished":"2025-05-09T06:59:59+00:00","dateModified":"2025-11-11T09:09:50+00:00","breadcrumb":{"@id":"https:\/\/vanavorumaamuuseumid.ee\/vorumuuseum\/muuseumist\/#breadcrumb"},"inLanguage":"vo","potentialAction":[{"@type":"ReadAction","target":["https:\/\/vanavorumaamuuseumid.ee\/vorumuuseum\/muuseumist\/"]}]},{"@type":"ImageObject","inLanguage":"vo","@id":"https:\/\/vanavorumaamuuseumid.ee\/vorumuuseum\/muuseumist\/#primaryimage","url":"https:\/\/vanavorumaamuuseumid.ee\/wp-content\/uploads\/2025\/09\/VKF1250_3_1988.jpg","contentUrl":"https:\/\/vanavorumaamuuseumid.ee\/wp-content\/uploads\/2025\/09\/VKF1250_3_1988.jpg","width":800,"height":767},{"@type":"BreadcrumbList","@id":"https:\/\/vanavorumaamuuseumid.ee\/vorumuuseum\/muuseumist\/#breadcrumb","itemListElement":[{"@type":"ListItem","position":1,"name":"Home","item":"https:\/\/vanavorumaamuuseumid.ee\/"},{"@type":"ListItem","position":2,"name":"V\u00f5rumaa Muuseum","item":"https:\/\/vanavorumaamuuseumid.ee\/vorumuuseum\/"},{"@type":"ListItem","position":3,"name":"Muuseumi lugu"}]},{"@type":"WebSite","@id":"https:\/\/vanavorumaamuuseumid.ee\/#website","url":"https:\/\/vanavorumaamuuseumid.ee\/","name":"Vana-V\u00f5rumaa Muuseumid","description":"V\u00f5rumaa Muuseum, Dr. Fr. R. Kreutzwaldi Memoriaalmuuseum, M\u00f5niste Talurahvamuuseum ja Karilatsi Vaba\u00f5humuuseum","publisher":{"@id":"https:\/\/vanavorumaamuuseumid.ee\/#organization"},"potentialAction":[{"@type":"SearchAction","target":{"@type":"EntryPoint","urlTemplate":"https:\/\/vanavorumaamuuseumid.ee\/?s={search_term_string}"},"query-input":{"@type":"PropertyValueSpecification","valueRequired":true,"valueName":"search_term_string"}}],"inLanguage":"vo"},{"@type":"Organization","@id":"https:\/\/vanavorumaamuuseumid.ee\/#organization","name":"V\u00f5ru Instituut","url":"https:\/\/vanavorumaamuuseumid.ee\/","logo":{"@type":"ImageObject","inLanguage":"vo","@id":"https:\/\/vanavorumaamuuseumid.ee\/#\/schema\/logo\/image\/","url":"https:\/\/vanavorumaamuuseumid.ee\/wp-content\/uploads\/2025\/05\/vana-voromaa-muusoumi-250516.svg","contentUrl":"https:\/\/vanavorumaamuuseumid.ee\/wp-content\/uploads\/2025\/05\/vana-voromaa-muusoumi-250516.svg","width":567,"height":80,"caption":"V\u00f5ru Instituut"},"image":{"@id":"https:\/\/vanavorumaamuuseumid.ee\/#\/schema\/logo\/image\/"}}]}},"_links":{"self":[{"href":"https:\/\/vanavorumaamuuseumid.ee\/vo\/wp-json\/wp\/v2\/pages\/152","targetHints":{"allow":["GET"]}}],"collection":[{"href":"https:\/\/vanavorumaamuuseumid.ee\/vo\/wp-json\/wp\/v2\/pages"}],"about":[{"href":"https:\/\/vanavorumaamuuseumid.ee\/vo\/wp-json\/wp\/v2\/types\/page"}],"author":[{"embeddable":true,"href":"https:\/\/vanavorumaamuuseumid.ee\/vo\/wp-json\/wp\/v2\/users\/1"}],"replies":[{"embeddable":true,"href":"https:\/\/vanavorumaamuuseumid.ee\/vo\/wp-json\/wp\/v2\/comments?post=152"}],"version-history":[{"count":19,"href":"https:\/\/vanavorumaamuuseumid.ee\/vo\/wp-json\/wp\/v2\/pages\/152\/revisions"}],"predecessor-version":[{"id":4455,"href":"https:\/\/vanavorumaamuuseumid.ee\/vo\/wp-json\/wp\/v2\/pages\/152\/revisions\/4455"}],"up":[{"embeddable":true,"href":"https:\/\/vanavorumaamuuseumid.ee\/vo\/wp-json\/wp\/v2\/pages\/143"}],"wp:featuredmedia":[{"embeddable":true,"href":"https:\/\/vanavorumaamuuseumid.ee\/vo\/wp-json\/wp\/v2\/media\/3384"}],"wp:attachment":[{"href":"https:\/\/vanavorumaamuuseumid.ee\/vo\/wp-json\/wp\/v2\/media?parent=152"}],"curies":[{"name":"wp","href":"https:\/\/api.w.org\/{rel}","templated":true}]}}