{"id":160,"date":"2025-05-09T10:02:28","date_gmt":"2025-05-09T07:02:28","guid":{"rendered":"https:\/\/vanavorumaamuuseumid.ee\/?page_id=160"},"modified":"2025-10-15T16:06:05","modified_gmt":"2025-10-15T13:06:05","slug":"sundmused","status":"publish","type":"page","link":"https:\/\/vanavorumaamuuseumid.ee\/vo\/vorumuuseum\/sundmused\/","title":{"rendered":"Ettev\u00f5tmis\u00f5"},"content":{"rendered":"<div class=\"events-posts\"><div class=\"owl-carousel owl-theme sundmused-items\"><div class=\"item\">\r\n    <div class=\"thumb\">\r\n        <a href=\"https:\/\/vanavorumaamuuseumid.ee\/vo\/vorumaa-sundmus\/urmas-luusi-isikunaituse-issand-kui-sina-oled-igal-pool-siis-miks-mina-olen-veel-kusagil-naituse-avamine-toimub-30-aprillil-kell-17-00\/\"><img decoding=\"async\" width=\"480\" height=\"270\" src=\"https:\/\/vanavorumaamuuseumid.ee\/wp-content\/uploads\/2026\/04\/FB-event-480x270.png\" class=\"attachment-thumbnail size-thumbnail wp-post-image\" alt=\"\" \/><\/a>\r\n    <\/div><div class=\"category category-vorumaa-muuseum\">V\u00f5rumaa Muuseum<\/div>    <h3><a href=\"https:\/\/vanavorumaamuuseumid.ee\/vo\/vorumaa-sundmus\/urmas-luusi-isikunaituse-issand-kui-sina-oled-igal-pool-siis-miks-mina-olen-veel-kusagil-naituse-avamine-toimub-30-aprillil-kell-17-00\/\">Urmas L\u00fc\u00fcsi isikun\u00e4ituse \u201eIssand, kui sina oled igal pool, siis miks mina olen veel kusagil\u201c n\u00e4ituse avamine toimub 30. aprillil kell 17.00<\/a><\/h3>\r\n    \r\n<\/div><div class=\"item\">\r\n    <div class=\"thumb\">\r\n        <a href=\"https:\/\/vanavorumaamuuseumid.ee\/vo\/vorumaa-sundmus\/vorumaa-muuseum-60-naitus-krummeri-koolimaja-lugu\/\"><img decoding=\"async\" width=\"480\" height=\"270\" src=\"https:\/\/vanavorumaamuuseumid.ee\/wp-content\/uploads\/2026\/03\/Untitled-design-1-480x270.jpg\" class=\"attachment-thumbnail size-thumbnail wp-post-image\" alt=\"\" \/><\/a>\r\n    <\/div><div class=\"category category-vorumaa-muuseum\">V\u00f5rumaa Muuseum<\/div>    <h3><a href=\"https:\/\/vanavorumaamuuseumid.ee\/vo\/vorumaa-sundmus\/vorumaa-muuseum-60-naitus-krummeri-koolimaja-lugu\/\">V\u00f5rumaa Muuseum 60: n\u00e4itus \u201eKr\u00fcmmeri koolimaja lugu\u201c<\/a><\/h3>\r\n    \r\n<\/div><div class=\"item\">\r\n    <div class=\"thumb\">\r\n        <a href=\"https:\/\/vanavorumaamuuseumid.ee\/vo\/vorumaa-sundmus\/moekunstnike-uhisnaituse-avamine-13-martsil-kell-17\/\"><img decoding=\"async\" width=\"480\" height=\"270\" src=\"https:\/\/vanavorumaamuuseumid.ee\/wp-content\/uploads\/2026\/02\/Pinnamood_FB_pais-480x270.jpg\" class=\"attachment-thumbnail size-thumbnail wp-post-image\" alt=\"\" \/><\/a>\r\n    <\/div><div class=\"category category-vorumaa-muuseum\">V\u00f5rumaa Muuseum<\/div>    <h3><a href=\"https:\/\/vanavorumaamuuseumid.ee\/vo\/vorumaa-sundmus\/moekunstnike-uhisnaituse-avamine-13-martsil-kell-17\/\">Moekunstnike \u00fchisn\u00e4ituse avamine 13. m\u00e4rtsil kell 17<\/a><\/h3>\r\n    \r\n<\/div><div class=\"item\">\r\n    <div class=\"thumb\">\r\n        <a href=\"https:\/\/vanavorumaamuuseumid.ee\/vo\/vorumaa-sundmus\/sallitud-sini-must-valge-veriora-sovhoosis\/\"><img decoding=\"async\" width=\"480\" height=\"270\" src=\"https:\/\/vanavorumaamuuseumid.ee\/wp-content\/uploads\/2026\/02\/PXL_20260217_115642739-e1772195475845-480x270.jpg\" class=\"attachment-thumbnail size-thumbnail wp-post-image\" alt=\"\" \/><\/a>\r\n    <\/div><div class=\"category category-vorumaa-muuseum\">V\u00f5rumaa Muuseum<\/div>    <h3><a href=\"https:\/\/vanavorumaamuuseumid.ee\/vo\/vorumaa-sundmus\/sallitud-sini-must-valge-veriora-sovhoosis\/\">Sallitud sini-must-valge Veriora sovhoosis<\/a><\/h3>\r\n    \r\n<\/div><div class=\"item\">\r\n    <div class=\"thumb\">\r\n        <a href=\"https:\/\/vanavorumaamuuseumid.ee\/vo\/vorumaa-sundmus\/valdur-ohaka-naituse-viimane-kuraatorituur\/\"><img decoding=\"async\" width=\"480\" height=\"270\" src=\"https:\/\/vanavorumaamuuseumid.ee\/wp-content\/uploads\/2026\/02\/VIIMANETUUR-480x270.jpg\" class=\"attachment-thumbnail size-thumbnail wp-post-image\" alt=\"\" \/><\/a>\r\n    <\/div><div class=\"category category-vorumaa-muuseum\">V\u00f5rumaa Muuseum<\/div>    <h3><a href=\"https:\/\/vanavorumaamuuseumid.ee\/vo\/vorumaa-sundmus\/valdur-ohaka-naituse-viimane-kuraatorituur\/\">Valdur Ohaka n\u00e4ituse viimane kuraatorituur!<\/a><\/h3>\r\n    \r\n<\/div><div class=\"item\">\r\n    <div class=\"thumb\">\r\n        <a href=\"https:\/\/vanavorumaamuuseumid.ee\/vo\/vorumaa-sundmus\/vorumaa-muuseum-60-lammutustoo-enne-muuseumi-rajamist\/\"><img decoding=\"async\" width=\"480\" height=\"270\" src=\"https:\/\/vanavorumaamuuseumid.ee\/wp-content\/uploads\/2026\/02\/PXL_20260119_091108341-480x270.jpg\" class=\"attachment-thumbnail size-thumbnail wp-post-image\" alt=\"\" \/><\/a>\r\n    <\/div><div class=\"category category-vorumaa-muuseum\">V\u00f5rumaa Muuseum<\/div>    <h3><a href=\"https:\/\/vanavorumaamuuseumid.ee\/vo\/vorumaa-sundmus\/vorumaa-muuseum-60-lammutustoo-enne-muuseumi-rajamist\/\">V\u00f5rumaa Muuseum 60: lammutust\u00f6\u00f6 enne muuseumi rajamist<\/a><\/h3>\r\n    \r\n<\/div><div class=\"item\">\r\n    <div class=\"thumb\">\r\n        <a href=\"https:\/\/vanavorumaamuuseumid.ee\/vo\/vorumaa-sundmus\/valdur-ohaka-naituse-kuraatorituurid\/\"><img decoding=\"async\" width=\"480\" height=\"270\" src=\"https:\/\/vanavorumaamuuseumid.ee\/wp-content\/uploads\/2026\/01\/Kuraatorituuride-plakat-FB-480x270.jpg\" class=\"attachment-thumbnail size-thumbnail wp-post-image\" alt=\"\" \/><\/a>\r\n    <\/div><div class=\"category category-vorumaa-muuseum\">V\u00f5rumaa Muuseum<\/div>    <h3><a href=\"https:\/\/vanavorumaamuuseumid.ee\/vo\/vorumaa-sundmus\/valdur-ohaka-naituse-kuraatorituurid\/\">Valdur Ohaka n\u00e4ituse kuraatorituurid<\/a><\/h3>\r\n    \r\n<\/div><div class=\"item\">\r\n    <div class=\"thumb\">\r\n        <a href=\"https:\/\/vanavorumaamuuseumid.ee\/vo\/vorumaa-sundmus\/kirja-pandud-malestused-kooliopetaja-kes-kohtus-leniniga-ja-aitas-asutada-kaitseliidu\/\"><img decoding=\"async\" width=\"480\" height=\"270\" src=\"https:\/\/vanavorumaamuuseumid.ee\/wp-content\/uploads\/2025\/12\/Juhan-Sirk-tsaariarmees-1-480x270.jpg\" class=\"attachment-thumbnail size-thumbnail wp-post-image\" alt=\"\" \/><\/a>\r\n    <\/div><div class=\"category category-vorumaa-muuseum\">V\u00f5rumaa Muuseum<\/div>    <h3><a href=\"https:\/\/vanavorumaamuuseumid.ee\/vo\/vorumaa-sundmus\/kirja-pandud-malestused-kooliopetaja-kes-kohtus-leniniga-ja-aitas-asutada-kaitseliidu\/\">Kirja pandud m\u00e4lestused. Kooli\u00f5petaja, kes kohtus Leniniga ja aitas asutada Kaitseliidu<\/a><\/h3>\r\n    \r\n<\/div><div class=\"item\">\r\n    <div class=\"thumb\">\r\n        <a href=\"https:\/\/vanavorumaamuuseumid.ee\/vo\/vorumaa-sundmus\/avamisajad-puhade-perioodil\/\"><img decoding=\"async\" width=\"480\" height=\"270\" src=\"https:\/\/vanavorumaamuuseumid.ee\/wp-content\/uploads\/2025\/12\/vorumaa-muuseum-joulukaart-480x270.jpg\" class=\"attachment-thumbnail size-thumbnail wp-post-image\" alt=\"\" \/><\/a>\r\n    <\/div><div class=\"category category-vorumaa-muuseum\">V\u00f5rumaa Muuseum<\/div>    <h3><a href=\"https:\/\/vanavorumaamuuseumid.ee\/vo\/vorumaa-sundmus\/avamisajad-puhade-perioodil\/\">Avamisajad p\u00fchade perioodil<\/a><\/h3>\r\n    \r\n<\/div><div class=\"item\">\r\n    <div class=\"thumb\">\r\n        <a href=\"https:\/\/vanavorumaamuuseumid.ee\/vo\/vorumaa-sundmus\/eestist-leiti-seni-vanim-veesoiduk-rooma-rauaaega-dateeritav-uhepuupaat-kirikumae-jarvest\/\"><img decoding=\"async\" width=\"480\" height=\"270\" src=\"https:\/\/vanavorumaamuuseumid.ee\/wp-content\/uploads\/2025\/12\/20250601_121748-480x270.jpg\" class=\"attachment-thumbnail size-thumbnail wp-post-image\" alt=\"\" \/><\/a>\r\n    <\/div><div class=\"category category-vorumaa-muuseum\">V\u00f5rumaa Muuseum<\/div>    <h3><a href=\"https:\/\/vanavorumaamuuseumid.ee\/vo\/vorumaa-sundmus\/eestist-leiti-seni-vanim-veesoiduk-rooma-rauaaega-dateeritav-uhepuupaat-kirikumae-jarvest\/\">Eestist leiti seni vanim vees\u00f5iduk \u2013 Rooma rauaaega dateeritav \u00fchepuupaat Kirikum\u00e4e j\u00e4rvest<\/a><\/h3>\r\n    \r\n<\/div><div class=\"item\">\r\n    <div class=\"thumb\">\r\n        <a href=\"https:\/\/vanavorumaamuuseumid.ee\/vo\/vorumaa-sundmus\/mara-ljutjuki-kunstnikutuur-naitusel-sonatu-sonoldaq\/\"><img decoding=\"async\" width=\"480\" height=\"270\" src=\"https:\/\/vanavorumaamuuseumid.ee\/wp-content\/uploads\/2025\/11\/2097-1-480x270.jpg\" class=\"attachment-thumbnail size-thumbnail wp-post-image\" alt=\"\" \/><\/a>\r\n    <\/div><div class=\"category category-vorumaa-muuseum\">V\u00f5rumaa Muuseum<\/div>    <h3><a href=\"https:\/\/vanavorumaamuuseumid.ee\/vo\/vorumaa-sundmus\/mara-ljutjuki-kunstnikutuur-naitusel-sonatu-sonoldaq\/\">Mara Ljutjuki kunstnikutuur n\u00e4itusel ,,S\u00f5natu-s\u00f5noldaq\u201c<\/a><\/h3>\r\n    \r\n<\/div><div class=\"item\">\r\n    <div class=\"thumb\">\r\n        <a href=\"https:\/\/vanavorumaamuuseumid.ee\/vo\/vorumaa-sundmus\/kandle-kapelli-rahvamuusikapaev-15-novembril\/\"><img decoding=\"async\" width=\"480\" height=\"270\" src=\"https:\/\/vanavorumaamuuseumid.ee\/wp-content\/uploads\/2025\/11\/kandle-kapell-kutsub--480x270.jpg\" class=\"attachment-thumbnail size-thumbnail wp-post-image\" alt=\"\" \/><\/a>\r\n    <\/div><div class=\"category category-vorumaa-muuseum\">V\u00f5rumaa Muuseum<\/div>    <h3><a href=\"https:\/\/vanavorumaamuuseumid.ee\/vo\/vorumaa-sundmus\/kandle-kapelli-rahvamuusikapaev-15-novembril\/\">Kandle Kapelli Rahvamuusikap\u00e4ev 15. novembril<\/a><\/h3>\r\n    \r\n<\/div><div class=\"item\">\r\n    <div class=\"thumb\">\r\n        <a href=\"https:\/\/vanavorumaamuuseumid.ee\/vo\/vorumaa-sundmus\/arheoloogide-liidu-randnaitus-vorumaa-muuseumis\/\"><img decoding=\"async\" width=\"480\" height=\"270\" src=\"https:\/\/vanavorumaamuuseumid.ee\/wp-content\/uploads\/2025\/10\/arhnaitus_kuulutus_2025-480x270.jpg\" class=\"attachment-thumbnail size-thumbnail wp-post-image\" alt=\"\" \/><\/a>\r\n    <\/div><div class=\"category category-vorumaa-muuseum\">V\u00f5rumaa Muuseum<\/div>    <h3><a href=\"https:\/\/vanavorumaamuuseumid.ee\/vo\/vorumaa-sundmus\/arheoloogide-liidu-randnaitus-vorumaa-muuseumis\/\">Arheoloogide liidu r\u00e4ndn\u00e4ituse avamine V\u00f5rumaa Muuseumis<\/a><\/h3>\r\n    \r\n<\/div><div class=\"item\">\r\n    <div class=\"thumb\">\r\n        <a href=\"https:\/\/vanavorumaamuuseumid.ee\/vo\/vorumaa-sundmus\/maalikunstnik-mara-ljutjuki-isikunaituse-avamine-neljapaeval-vorumaa-muuseumis\/\"><img decoding=\"async\" width=\"480\" height=\"270\" src=\"https:\/\/vanavorumaamuuseumid.ee\/wp-content\/uploads\/2025\/10\/Mara-Ljutjuk-FB1-1-480x270.jpg\" class=\"attachment-thumbnail size-thumbnail wp-post-image\" alt=\"\" \/><\/a>\r\n    <\/div><div class=\"category category-vorumaa-muuseum\">V\u00f5rumaa Muuseum<\/div>    <h3><a href=\"https:\/\/vanavorumaamuuseumid.ee\/vo\/vorumaa-sundmus\/maalikunstnik-mara-ljutjuki-isikunaituse-avamine-neljapaeval-vorumaa-muuseumis\/\">Maalikunstnik Mara Ljutjuki isikun\u00e4ituse avamine neljap\u00e4eval V\u00f5rumaa Muuseumis<\/a><\/h3>\r\n    \r\n<\/div><div class=\"item\">\r\n    <div class=\"thumb\">\r\n        <a href=\"https:\/\/vanavorumaamuuseumid.ee\/vo\/vorumaa-sundmus\/kuraatorituur-aet-ollisaarega-tekstiilikunstnike-uhisnaitusel-mitmekihiline\/\"><img decoding=\"async\" width=\"480\" height=\"270\" src=\"https:\/\/vanavorumaamuuseumid.ee\/wp-content\/uploads\/2025\/09\/D_9316-480x270.jpg\" class=\"attachment-thumbnail size-thumbnail wp-post-image\" alt=\"\" \/><\/a>\r\n    <\/div><div class=\"category category-vorumaa-muuseum\">V\u00f5rumaa Muuseum<\/div>    <h3><a href=\"https:\/\/vanavorumaamuuseumid.ee\/vo\/vorumaa-sundmus\/kuraatorituur-aet-ollisaarega-tekstiilikunstnike-uhisnaitusel-mitmekihiline\/\">Kuraatorituur Aet Ollisaarega tekstiilikunstnike \u00fchisn\u00e4itusel &#8220;Mitmekihiline&#8221;<\/a><\/h3>\r\n    \r\n<\/div><div class=\"item\">\r\n    <div class=\"thumb\">\r\n        <a href=\"https:\/\/vanavorumaamuuseumid.ee\/vo\/vorumaa-sundmus\/toomas-kuusingu-isikunaitus-harilikud-maailmad\/\"><img decoding=\"async\" width=\"480\" height=\"270\" src=\"https:\/\/vanavorumaamuuseumid.ee\/wp-content\/uploads\/2025\/05\/toomas-kuusingu-isikunaitus-harilikud-maailmad-250523-480x270.jpg\" class=\"attachment-thumbnail size-thumbnail wp-post-image\" alt=\"Toomas Kuusingu isikun\u00e4itus \u201cHarilikud Maailmad\u201d\" \/><\/a>\r\n    <\/div><div class=\"category category-vorumaa-muuseum\">V\u00f5rumaa Muuseum<\/div>    <h3><a href=\"https:\/\/vanavorumaamuuseumid.ee\/vo\/vorumaa-sundmus\/toomas-kuusingu-isikunaitus-harilikud-maailmad\/\">Toomas Kuusingu isikun\u00e4itus \u201cHarilikud Maailmad\u201d<\/a><\/h3>\r\n    \r\n<\/div><div class=\"item\">\r\n    <div class=\"thumb\">\r\n        <a href=\"https:\/\/vanavorumaamuuseumid.ee\/vo\/vorumaa-sundmus\/14-mail-2025-uhepaevanaitus-ja-infopaev-arheoloogiahuvilistele\/\"><img decoding=\"async\" width=\"480\" height=\"270\" src=\"https:\/\/vanavorumaamuuseumid.ee\/wp-content\/uploads\/2025\/05\/uhepaevanaitus-ja-infopaev-arheoloogiahuvilistele-250523-480x270.jpg\" class=\"attachment-thumbnail size-thumbnail wp-post-image\" alt=\"14. mail 2025 \u00fchep\u00e4evan\u00e4itus ja infop\u00e4ev arheoloogiahuvilistele\" \/><\/a>\r\n    <\/div><div class=\"category category-vorumaa-muuseum\">V\u00f5rumaa Muuseum<\/div>    <h3><a href=\"https:\/\/vanavorumaamuuseumid.ee\/vo\/vorumaa-sundmus\/14-mail-2025-uhepaevanaitus-ja-infopaev-arheoloogiahuvilistele\/\">14. mail 2025 \u00fchep\u00e4evan\u00e4itus ja infop\u00e4ev arheoloogiahuvilistele<\/a><\/h3>\r\n    \r\n<\/div><div class=\"item\">\r\n    <div class=\"thumb\">\r\n        <a href=\"https:\/\/vanavorumaamuuseumid.ee\/vo\/vorumaa-sundmus\/muuseum-sai-endise-nime-tagasi\/\"><img decoding=\"async\" width=\"480\" height=\"270\" src=\"https:\/\/vanavorumaamuuseumid.ee\/wp-content\/uploads\/2025\/05\/muuseum-sai-endise-nime-tagasi-250523-480x270.jpg\" class=\"attachment-thumbnail size-thumbnail wp-post-image\" alt=\"Muuseum sai endise nime tagasi\" \/><\/a>\r\n    <\/div><div class=\"category category-vorumaa-muuseum\">V\u00f5rumaa Muuseum<\/div>    <h3><a href=\"https:\/\/vanavorumaamuuseumid.ee\/vo\/vorumaa-sundmus\/muuseum-sai-endise-nime-tagasi\/\">Muuseum sai endise nime tagasi<\/a><\/h3>\r\n    \r\n<\/div><\/div><\/div>","protected":false},"excerpt":{"rendered":"","protected":false},"author":1,"featured_media":0,"parent":143,"menu_order":0,"comment_status":"closed","ping_status":"closed","template":"","meta":{"_acf_changed":false,"_et_pb_use_builder":"","_et_pb_old_content":"","_et_gb_content_width":"","footnotes":""},"class_list":["post-160","page","type-page","status-publish","hentry"],"acf":[],"yoast_head":"<!-- This site is optimized with the Yoast SEO plugin v27.4 - https:\/\/yoast.com\/product\/yoast-seo-wordpress\/ -->\n<title>S\u00fcndmused - Vana-V\u00f5rumaa muuseumid<\/title>\n<meta name=\"robots\" content=\"index, follow, max-snippet:-1, max-image-preview:large, max-video-preview:-1\" \/>\n<link rel=\"canonical\" href=\"https:\/\/vanavorumaamuuseumid.ee\/vo\/vorumuuseum\/sundmused\/\" \/>\n<meta property=\"og:locale\" content=\"en_US\" \/>\n<meta property=\"og:type\" content=\"article\" \/>\n<meta property=\"og:title\" content=\"S\u00fcndmused - Vana-V\u00f5rumaa muuseumid\" \/>\n<meta property=\"og:url\" content=\"https:\/\/vanavorumaamuuseumid.ee\/vo\/vorumuuseum\/sundmused\/\" \/>\n<meta property=\"og:site_name\" content=\"Vana-V\u00f5rumaa muuseumid\" \/>\n<meta property=\"article:modified_time\" content=\"2025-10-15T13:06:05+00:00\" \/>\n<meta name=\"twitter:card\" content=\"summary_large_image\" \/>\n<meta name=\"twitter:label1\" content=\"Est. reading time\" \/>\n\t<meta name=\"twitter:data1\" content=\"1 minute\" \/>\n<script type=\"application\/ld+json\" class=\"yoast-schema-graph\">{\"@context\":\"https:\\\/\\\/schema.org\",\"@graph\":[{\"@type\":\"WebPage\",\"@id\":\"https:\\\/\\\/vanavorumaamuuseumid.ee\\\/vorumuuseum\\\/sundmused\\\/\",\"url\":\"https:\\\/\\\/vanavorumaamuuseumid.ee\\\/vorumuuseum\\\/sundmused\\\/\",\"name\":\"S\u00fcndmused - Vana-V\u00f5rumaa muuseumid\",\"isPartOf\":{\"@id\":\"https:\\\/\\\/vanavorumaamuuseumid.ee\\\/#website\"},\"datePublished\":\"2025-05-09T07:02:28+00:00\",\"dateModified\":\"2025-10-15T13:06:05+00:00\",\"breadcrumb\":{\"@id\":\"https:\\\/\\\/vanavorumaamuuseumid.ee\\\/vorumuuseum\\\/sundmused\\\/#breadcrumb\"},\"inLanguage\":\"vo\",\"potentialAction\":[{\"@type\":\"ReadAction\",\"target\":[\"https:\\\/\\\/vanavorumaamuuseumid.ee\\\/vorumuuseum\\\/sundmused\\\/\"]}]},{\"@type\":\"BreadcrumbList\",\"@id\":\"https:\\\/\\\/vanavorumaamuuseumid.ee\\\/vorumuuseum\\\/sundmused\\\/#breadcrumb\",\"itemListElement\":[{\"@type\":\"ListItem\",\"position\":1,\"name\":\"Home\",\"item\":\"https:\\\/\\\/vanavorumaamuuseumid.ee\\\/\"},{\"@type\":\"ListItem\",\"position\":2,\"name\":\"V\u00f5rumaa Muuseum\",\"item\":\"https:\\\/\\\/vanavorumaamuuseumid.ee\\\/vorumuuseum\\\/\"},{\"@type\":\"ListItem\",\"position\":3,\"name\":\"S\u00fcndmused\"}]},{\"@type\":\"WebSite\",\"@id\":\"https:\\\/\\\/vanavorumaamuuseumid.ee\\\/#website\",\"url\":\"https:\\\/\\\/vanavorumaamuuseumid.ee\\\/\",\"name\":\"Vana-V\u00f5rumaa Muuseumid\",\"description\":\"V\u00f5rumaa Muuseum, Dr. Fr. R. Kreutzwaldi Memoriaalmuuseum, M\u00f5niste Talurahvamuuseum ja Karilatsi Vaba\u00f5humuuseum\",\"publisher\":{\"@id\":\"https:\\\/\\\/vanavorumaamuuseumid.ee\\\/#organization\"},\"potentialAction\":[{\"@type\":\"SearchAction\",\"target\":{\"@type\":\"EntryPoint\",\"urlTemplate\":\"https:\\\/\\\/vanavorumaamuuseumid.ee\\\/?s={search_term_string}\"},\"query-input\":{\"@type\":\"PropertyValueSpecification\",\"valueRequired\":true,\"valueName\":\"search_term_string\"}}],\"inLanguage\":\"vo\"},{\"@type\":\"Organization\",\"@id\":\"https:\\\/\\\/vanavorumaamuuseumid.ee\\\/#organization\",\"name\":\"V\u00f5ru Instituut\",\"url\":\"https:\\\/\\\/vanavorumaamuuseumid.ee\\\/\",\"logo\":{\"@type\":\"ImageObject\",\"inLanguage\":\"vo\",\"@id\":\"https:\\\/\\\/vanavorumaamuuseumid.ee\\\/#\\\/schema\\\/logo\\\/image\\\/\",\"url\":\"https:\\\/\\\/vanavorumaamuuseumid.ee\\\/wp-content\\\/uploads\\\/2025\\\/05\\\/vana-voromaa-muusoumi-250516.svg\",\"contentUrl\":\"https:\\\/\\\/vanavorumaamuuseumid.ee\\\/wp-content\\\/uploads\\\/2025\\\/05\\\/vana-voromaa-muusoumi-250516.svg\",\"width\":567,\"height\":80,\"caption\":\"V\u00f5ru Instituut\"},\"image\":{\"@id\":\"https:\\\/\\\/vanavorumaamuuseumid.ee\\\/#\\\/schema\\\/logo\\\/image\\\/\"}}]}<\/script>\n<!-- \/ Yoast SEO plugin. -->","yoast_head_json":{"title":"S\u00fcndmused - Vana-V\u00f5rumaa muuseumid","robots":{"index":"index","follow":"follow","max-snippet":"max-snippet:-1","max-image-preview":"max-image-preview:large","max-video-preview":"max-video-preview:-1"},"canonical":"https:\/\/vanavorumaamuuseumid.ee\/vo\/vorumuuseum\/sundmused\/","og_locale":"en_US","og_type":"article","og_title":"S\u00fcndmused - Vana-V\u00f5rumaa muuseumid","og_url":"https:\/\/vanavorumaamuuseumid.ee\/vo\/vorumuuseum\/sundmused\/","og_site_name":"Vana-V\u00f5rumaa muuseumid","article_modified_time":"2025-10-15T13:06:05+00:00","twitter_card":"summary_large_image","twitter_misc":{"Est. reading time":"1 minute"},"schema":{"@context":"https:\/\/schema.org","@graph":[{"@type":"WebPage","@id":"https:\/\/vanavorumaamuuseumid.ee\/vorumuuseum\/sundmused\/","url":"https:\/\/vanavorumaamuuseumid.ee\/vorumuuseum\/sundmused\/","name":"S\u00fcndmused - Vana-V\u00f5rumaa muuseumid","isPartOf":{"@id":"https:\/\/vanavorumaamuuseumid.ee\/#website"},"datePublished":"2025-05-09T07:02:28+00:00","dateModified":"2025-10-15T13:06:05+00:00","breadcrumb":{"@id":"https:\/\/vanavorumaamuuseumid.ee\/vorumuuseum\/sundmused\/#breadcrumb"},"inLanguage":"vo","potentialAction":[{"@type":"ReadAction","target":["https:\/\/vanavorumaamuuseumid.ee\/vorumuuseum\/sundmused\/"]}]},{"@type":"BreadcrumbList","@id":"https:\/\/vanavorumaamuuseumid.ee\/vorumuuseum\/sundmused\/#breadcrumb","itemListElement":[{"@type":"ListItem","position":1,"name":"Home","item":"https:\/\/vanavorumaamuuseumid.ee\/"},{"@type":"ListItem","position":2,"name":"V\u00f5rumaa Muuseum","item":"https:\/\/vanavorumaamuuseumid.ee\/vorumuuseum\/"},{"@type":"ListItem","position":3,"name":"S\u00fcndmused"}]},{"@type":"WebSite","@id":"https:\/\/vanavorumaamuuseumid.ee\/#website","url":"https:\/\/vanavorumaamuuseumid.ee\/","name":"Vana-V\u00f5rumaa Muuseumid","description":"V\u00f5rumaa Muuseum, Dr. Fr. R. Kreutzwaldi Memoriaalmuuseum, M\u00f5niste Talurahvamuuseum ja Karilatsi Vaba\u00f5humuuseum","publisher":{"@id":"https:\/\/vanavorumaamuuseumid.ee\/#organization"},"potentialAction":[{"@type":"SearchAction","target":{"@type":"EntryPoint","urlTemplate":"https:\/\/vanavorumaamuuseumid.ee\/?s={search_term_string}"},"query-input":{"@type":"PropertyValueSpecification","valueRequired":true,"valueName":"search_term_string"}}],"inLanguage":"vo"},{"@type":"Organization","@id":"https:\/\/vanavorumaamuuseumid.ee\/#organization","name":"V\u00f5ru Instituut","url":"https:\/\/vanavorumaamuuseumid.ee\/","logo":{"@type":"ImageObject","inLanguage":"vo","@id":"https:\/\/vanavorumaamuuseumid.ee\/#\/schema\/logo\/image\/","url":"https:\/\/vanavorumaamuuseumid.ee\/wp-content\/uploads\/2025\/05\/vana-voromaa-muusoumi-250516.svg","contentUrl":"https:\/\/vanavorumaamuuseumid.ee\/wp-content\/uploads\/2025\/05\/vana-voromaa-muusoumi-250516.svg","width":567,"height":80,"caption":"V\u00f5ru Instituut"},"image":{"@id":"https:\/\/vanavorumaamuuseumid.ee\/#\/schema\/logo\/image\/"}}]}},"_links":{"self":[{"href":"https:\/\/vanavorumaamuuseumid.ee\/vo\/wp-json\/wp\/v2\/pages\/160","targetHints":{"allow":["GET"]}}],"collection":[{"href":"https:\/\/vanavorumaamuuseumid.ee\/vo\/wp-json\/wp\/v2\/pages"}],"about":[{"href":"https:\/\/vanavorumaamuuseumid.ee\/vo\/wp-json\/wp\/v2\/types\/page"}],"author":[{"embeddable":true,"href":"https:\/\/vanavorumaamuuseumid.ee\/vo\/wp-json\/wp\/v2\/users\/1"}],"replies":[{"embeddable":true,"href":"https:\/\/vanavorumaamuuseumid.ee\/vo\/wp-json\/wp\/v2\/comments?post=160"}],"version-history":[{"count":4,"href":"https:\/\/vanavorumaamuuseumid.ee\/vo\/wp-json\/wp\/v2\/pages\/160\/revisions"}],"predecessor-version":[{"id":1199,"href":"https:\/\/vanavorumaamuuseumid.ee\/vo\/wp-json\/wp\/v2\/pages\/160\/revisions\/1199"}],"up":[{"embeddable":true,"href":"https:\/\/vanavorumaamuuseumid.ee\/vo\/wp-json\/wp\/v2\/pages\/143"}],"wp:attachment":[{"href":"https:\/\/vanavorumaamuuseumid.ee\/vo\/wp-json\/wp\/v2\/media?parent=160"}],"curies":[{"name":"wp","href":"https:\/\/api.w.org\/{rel}","templated":true}]}}