{"id":230,"date":"2025-05-09T11:30:20","date_gmt":"2025-05-09T08:30:20","guid":{"rendered":"https:\/\/vanavorumaamuuseumid.ee\/?page_id=230"},"modified":"2025-11-18T09:01:23","modified_gmt":"2025-11-18T07:01:23","slug":"muuseumist","status":"publish","type":"page","link":"https:\/\/vanavorumaamuuseumid.ee\/vo\/lauluisa\/muuseumist\/","title":{"rendered":"Muus\u00f5umi lugu"},"content":{"rendered":"<p><\/p>\n\n\n\n<p><strong>Dr. Fr. R. Kreutzwaldi Memoriaalmuus\u00f5um<\/strong> - k\u00f5g\u00f5 van\u00f5mb eesti kir\u00e4nigumuus\u00f5um ao\nvarokaehtus\u00f5n.<\/p>\n\n\n\n<p>Dr. Fr. R. Kreutzwaldi elomaja, kon om parhilla muus\u00f5um, ehitedi 1793. a, \u00fctes\u00e4 aastakka\np\u00e4\u00e4lt V\u00f5ro liina asotamis\u00f5, ja om tuuga \u00fcts edim\u00e4idsi liina huunit. <br>Fr. R. Kreutzwald elli V\u00f5rol 44 aastakka (1833-1877). 1877. a m\u00f6i t\u00e4 maja maha ja kol\u00f5 Tartohe.<\/p>\n\n\n\n<p>1923. a l\u00f5iva Johannes K\u00e4is, Jakob Teder ni t\u00f5\u00f5s\u00f5 edengimiilse V\u00f5ro liina inemise Dr. Fr. R.\nKreutzwaldi M\u00e4leht\u00fcse Alal\u00f5hoitmis\u00f5 Seldsi. Tsihis s\u00e4eti Kreutzwaldi maja ostmin\u00f5\nmuus\u00f5umis ni m\u00e4leht\u00fcssamba pist\u00fcpandmin\u00f5 Tamula viirde. Raha soetamis\u00f5s k\u00f5rrald\u00f5di\nkorjuisi, pido\u00f5dagit, n\u00e4\u00fct\u00fcisi ni loengit. 1926. aastagal tettigi vallal\u00f5 Kreutzwaldi\nm\u00e4leht\u00fcssammas (kujorakoi Amandus Adamson). Teno Jakob Tedre teg\u00fcs\u00fcsele ost\u00f5ti\nKreutzwaldi per\u00e4ntul\u00f5jid\u00f5 k\u00e4est m\u00fc\u00fcblit, raamatit jm. Kreutzwald esi kuulut ette, et tim\u00e4\nmuus\u00f5um s\u00fcnn\u00fcs tim\u00e4 saandas s\u00fcnn\u00fcp\u00e4\u00e4v\u00e4s, mi\u00e4 om 1903. aastagal. Kreutzwaldi\nmemoriaalmuus\u00f5umi s\u00fcnn\u00fctunnistus kand s\u00f5ski illats\u00f5mpa kuup\u00e4iv\u00e4 \u2013 10. radokuud 1941.  <\/p>\n\n\n\n<p><strong>I v\u00e4ll\u00e4pan\u00f5gi<\/strong> s\u00e4i kokko kir\u00e4nd\u00fcstiidl\u00e4se Rudolf P\u00f5ldm\u00e4e ni Aino Undla.<\/p>\n\n\n\n<p>1941. aastaga 1. vahts\u00f5aastakuud v\u00f5eti maja saina p\u00e4\u00e4lt maha s\u00f6\u00f6gikotus\u00f5 silt ja pia\nalost\u00f5di p\u00f5halikk\u00f5 tagasitegemist\u00f6id, et vahts\u00f5st k\u00f5rda saia terve maja (ruum\u00f5 jaotus) ja\nkrunt nii, nigu taa oll Laulues\u00e4 V\u00f5ro-p\u00e4ivil. Hoovip\u00e4\u00e4lsehe majja lood\u00f5ti tul\u00f5valaol luvva V\u00f5ro\nliinamuus\u00f5um. Muus\u00f5umi direktris oll m\u00e4\u00e4r\u00e4t kuul\u00f5 inspektri Jaan Reinet, a k\u00f5iki tegemiisi\nk\u00f5rrald \u00f5ks Jakob Teder. \u00d5kva noid\u00f5 inemiisi \u00f5ig\u00f5he s\u00e4ed\u00fc nukakivi omma avitanu\nmuus\u00f5umil l\u00e4bi k\u00e4\u00e4ndlikaidsi aig\u00f5 j\u00e4i\u00e4 Kreutzwaldi s\u00f5noma kandjas.&nbsp; <\/p>\n\n\n\n<p><strong>II v\u00e4ll\u00e4pan\u00f5gi<\/strong> s\u00e4i kokko Aleksander Krull, \u00d5itse Vijard ja Valdeko Leeto; kujondaja oll Kalju\nPuust. 1951. aastagal nakas muus\u00f5ummi juhtma Aleksander Krull. Aig n\u00f5ud vahts\u00f5t\nv\u00e4ll\u00e4pan\u00f5kit: tul\u00f5man oll Kreutzwaldi 150. s\u00fcnn\u00fcaastagap\u00e4iv. Kreutzwaldist tohts\u00f5 ja pidi\nk\u00f5n\u00f5l\u00f5ma.<\/p>\n\n\n\n<p><strong>III v\u00e4ll\u00e4pan\u00f5gi<\/strong> s\u00e4i kokko Aleksander Krull (muus\u00f5umi direktri 1951-1994) ja Salme Lubi;\nkujondaja oll Vello-Ergav Asi.<\/p>\n\n\n\n<p>1961 oll \u201eKal\u00f5vipuja\u201c juub\u00f5liaastak, m\u00fc\u00fcd\u00e4 sai 100 aastakka edim\u00e4dsest tr\u00fck\u00fcst\n(1857\u20131861). Tuu oll k\u00f5igild\u00f5 ausa p\u00f5hjus muus\u00f5ummi vahts\u00f5nda. Ka aig and v\u00e4ll\u00e4pan\u00f5gi\nluujil\u00f5 vabamba k\u00e4e. Tsihis oll Kreutzwaldiga k\u00f6\u00fcdet l\u00e4tteain\u00f5 anda edesi h\u00e4\u00e4n kujondus\u00f5n,\ntarvit\u00f5n \u00f5nn\u00f5 k\u00f5g\u00f5 par\u00f5mbit saia ol\u00f5vit mat\u00f5rjaal\u00f5. Kujondajal\u00f5 Vello-Ergav Asile ku\ninneskidsele V\u00f5ro inemisele oll t\u00fc\u00fc kah meeleperi. Kuunt\u00fc\u00fcn jouti sisu ni vormi kokkok\u00f5lani.\nTuu v\u00e4ll\u00e4pan\u00f5k l\u00f6\u00fcd lajalist t\u00e4helepandmist ja pidi aastit ao pur\u00f5mis\u00f5l\u00f5 vasta.<\/p>\n\n\n\n<p><strong>IV v\u00e4ll\u00e4pan\u00f5k<\/strong> sai valmis k\u00f5rd-k\u00f5rrast: 1989. aastagal elomaja sisekujondus; 1991\/1992.\naastagal kir\u00e4nd\u00fcseosa, kon tekst oll n\u00f5umiisi perr\u00e4 viil ka vinne keelen, t\u00f5llakuur ni jutus\u00f5tar\u00f5\n1993, ildampa tulli mano sann, aid, laub\u00f5, ts\u00e4imaja. Kokkos\u00e4\u00e4dj\u00e4 olli Aimi Hollo ja Siiri\nToomik. Leila P\u00e4rtelpoeg tekk elomaja sisekujondus\u00f5 ja Marika Laretei kir\u00e4nd\u00fcseosa\nk\u00f5rvalmajan ni aidan.<\/p>\n\n\n\n<p><\/p>\n\n\n\n<p>1. vahts\u00f5aastakuud 2015 p\u00e4\u00e4le k\u00e4\u00fc Kreutzwaldi memoriaalmuus\u00f5um V\u00f5ro Instituudi\nmuus\u00f5umiosakunna ala. &nbsp;&nbsp;&nbsp;&nbsp;&nbsp;&nbsp;&nbsp;&nbsp;&nbsp;&nbsp;&nbsp;&nbsp;&nbsp;&nbsp;&nbsp;&nbsp;&nbsp;&nbsp;&nbsp;&nbsp;&nbsp;&nbsp;&nbsp;&nbsp;&nbsp;&nbsp;&nbsp;&nbsp;&nbsp;&nbsp;&nbsp;&nbsp;&nbsp;&nbsp;&nbsp;&nbsp;&nbsp;&nbsp;&nbsp;&nbsp;&nbsp;&nbsp;&nbsp;&nbsp;&nbsp;&nbsp;&nbsp;&nbsp;&nbsp;&nbsp;&nbsp;&nbsp;&nbsp;&nbsp;&nbsp;&nbsp;&nbsp;&nbsp;&nbsp;&nbsp;&nbsp;&nbsp;&nbsp;&nbsp;&nbsp;&nbsp;&nbsp;&nbsp;&nbsp;&nbsp;&nbsp;&nbsp;&nbsp;&nbsp;&nbsp;&nbsp;&nbsp;&nbsp;&nbsp;&nbsp;&nbsp;&nbsp;&nbsp;&nbsp;&nbsp;&nbsp;&nbsp;&nbsp;&nbsp;&nbsp;&nbsp;&nbsp;&nbsp;&nbsp;&nbsp;&nbsp;&nbsp;&nbsp;&nbsp;&nbsp;&nbsp;&nbsp;&nbsp;&nbsp;&nbsp;&nbsp;&nbsp;&nbsp;&nbsp;&nbsp;&nbsp;&nbsp;&nbsp;&nbsp;&nbsp;&nbsp;&nbsp;&nbsp;&nbsp;&nbsp;&nbsp;&nbsp;&nbsp;&nbsp;&nbsp;&nbsp;&nbsp;&nbsp;&nbsp;&nbsp;&nbsp;&nbsp;&nbsp;&nbsp;&nbsp;&nbsp;&nbsp;&nbsp;&nbsp;&nbsp;&nbsp;&nbsp;&nbsp;&nbsp;&nbsp;&nbsp;&nbsp;&nbsp;&nbsp;&nbsp;&nbsp;&nbsp;&nbsp;&nbsp;&nbsp;&nbsp;&nbsp;&nbsp;&nbsp;&nbsp;&nbsp;&nbsp;&nbsp;&nbsp;&nbsp;&nbsp;&nbsp;&nbsp;&nbsp;&nbsp;&nbsp;&nbsp;&nbsp;&nbsp;&nbsp;&nbsp;&nbsp;&nbsp;&nbsp;&nbsp;&nbsp;&nbsp;&nbsp;&nbsp;&nbsp;&nbsp;&nbsp;&nbsp;&nbsp;&nbsp;&nbsp;&nbsp;&nbsp;&nbsp;&nbsp;&nbsp;&nbsp;&nbsp;&nbsp;&nbsp;&nbsp;&nbsp;&nbsp;&nbsp;&nbsp;&nbsp;&nbsp;&nbsp;&nbsp;&nbsp;&nbsp;&nbsp;&nbsp;&nbsp;&nbsp;&nbsp;&nbsp;&nbsp;&nbsp;&nbsp;&nbsp;&nbsp;&nbsp;&nbsp;&nbsp;&nbsp;&nbsp;&nbsp;&nbsp;&nbsp;&nbsp;&nbsp;&nbsp;&nbsp;&nbsp;&nbsp;&nbsp;&nbsp;&nbsp;&nbsp;&nbsp;&nbsp;&nbsp;&nbsp;&nbsp;&nbsp;&nbsp;&nbsp;&nbsp;&nbsp;&nbsp;&nbsp;&nbsp;&nbsp;&nbsp;&nbsp;&nbsp;&nbsp;&nbsp;&nbsp;&nbsp;&nbsp;&nbsp;<\/p>\n\n\n\n<p class=\"has-medium-font-size\"><strong><mark style=\"background-color:rgba(0, 0, 0, 0)\" class=\"has-inline-color has-vivid-red-color\">Kae ka mi digin\u00e4\u00fct\u00fcisi:<\/mark><\/strong><\/p>\n\n\n\n<p><a href=\"https:\/\/vanavorumaamuuseumid.ee\/wp-content\/uploads\/2025\/09\/MUUSEUM-MUUTUVAS-AJAS-I-osa.pdf\"><strong>MUUS\u00d5UM MUUTUVAN AON I osa<\/strong><\/a><br><strong><em>Dr. Fr. R. Kreutzwaldi Memoriaalmuus\u00f5um V\u00f5ron Kreutzwaldi huulitsan<\/em><\/strong><\/p>\n\n\n\n<p><strong><a href=\"https:\/\/vanavorumaamuuseumid.ee\/wp-content\/uploads\/2025\/09\/MUUSEUM-MUUTUVAS-AJAS-II-osa.pdf\">MUUS\u00d5UM MUUTUVAN AON II osa<\/a><\/strong><br><em><strong>Kreutzwaldi muus\u00f5umi huuv l\u00e4bi ao<\/strong><\/em><\/p>\n\n\n\n<p><a href=\"https:\/\/vanavorumaamuuseumid.ee\/wp-content\/uploads\/2025\/09\/MUUSEUM-MUUTUVAS-AJAS-III-osa.pdf\"><strong>MUUS\u00d5UM MUUTUVAN AON III osa<\/strong><\/a><br><em><strong>Kreutzwaldi muus\u00f5umi aid, laub\u00f5, ts\u00e4imaja<\/strong><\/em><\/p>\n\n\n\n<p><a href=\"https:\/\/vanavorumaamuuseumid.ee\/wp-content\/uploads\/2025\/09\/MUUSEUM-MUUTUVAS-AJAS-IV-osa.pdf\"><strong>MUUS\u00d5UM MUUTUVAN AON IV osa<\/strong><\/a><br><em><strong>Dr. Fr. R. Kreutzwaldi Memoriaalmuus\u00f5umi sisem\u00e4dse kaehus\u00f5 (Kreutzwaldi elomaja)<br>Kreutzwaldi muus\u00f5umi v\u00e4ll\u00e4pan\u00f5gi I (valmis 1941); II (valmis 1953); III (valmis 1961) ;\nIV (valmis 1989)<\/strong><\/em><\/p>\n\n\n\n<p><strong><a href=\"https:\/\/vanavorumaamuuseumid.ee\/wp-content\/uploads\/2025\/09\/MUUSEUM-MUUTUVAS-AJAS-V-osa.pdf\">MUUS\u00d5UM MUUTUVAN AON V osa<\/a><\/strong><br><em><strong>Dr. Fr. R. Kreutzwaldi Memoriaalmuus\u00f5umi kir\u00e4nd\u00fcsline v\u00e4ll\u00e4pan\u00f5k, ait, suv\u00f5ait-\nt\u00f5llakuur, sann, ts\u00e4imaja<\/strong><\/em><\/p>\n\n\n\n<figure class=\"wp-block-image aligncenter size-large\"><a  href=\"https:\/\/vanavorumaamuuseumid.ee\/wp-content\/uploads\/2025\/09\/2020-Kreutzwaldi-muuseumi-ou.jpg\" data-rel=\"lightbox-gallery-0\" data-rl_title=\"\" data-rl_caption=\"\" title=\"\"><img decoding=\"async\" width=\"1024\" height=\"327\" src=\"https:\/\/vanavorumaamuuseumid.ee\/wp-content\/uploads\/2025\/09\/2020-Kreutzwaldi-muuseumi-ou-1024x327.jpg\" alt=\"\" class=\"wp-image-2937\" srcset=\"https:\/\/vanavorumaamuuseumid.ee\/wp-content\/uploads\/2025\/09\/2020-Kreutzwaldi-muuseumi-ou-980x313.jpg 980w, https:\/\/vanavorumaamuuseumid.ee\/wp-content\/uploads\/2025\/09\/2020-Kreutzwaldi-muuseumi-ou-480x154.jpg 480w\" sizes=\"(min-width: 0px) and (max-width: 480px) 480px, (min-width: 481px) and (max-width: 980px) 980px, (min-width: 981px) 1024px, 100vw\" \/><\/a><\/figure>","protected":false},"excerpt":{"rendered":"<p>Dr. Fr. R. Kreutzwaldi Memoriaalmuuseum \u2013 vanim eesti kirjanikumuuseum ajapeeglis. Dr. Fr. [&hellip;]<\/p>\n","protected":false},"author":1,"featured_media":0,"parent":227,"menu_order":0,"comment_status":"closed","ping_status":"closed","template":"","meta":{"_acf_changed":false,"_et_pb_use_builder":"","_et_pb_old_content":"","_et_gb_content_width":"","footnotes":""},"class_list":["post-230","page","type-page","status-publish","hentry"],"acf":[],"yoast_head":"<!-- This site is optimized with the Yoast SEO plugin v27.4 - https:\/\/yoast.com\/product\/yoast-seo-wordpress\/ -->\n<title>Muuseumi lugu - Vana-V\u00f5rumaa muuseumid<\/title>\n<meta name=\"robots\" content=\"index, follow, max-snippet:-1, max-image-preview:large, max-video-preview:-1\" \/>\n<link rel=\"canonical\" href=\"https:\/\/vanavorumaamuuseumid.ee\/vo\/lauluisa\/muuseumist\/\" \/>\n<meta property=\"og:locale\" content=\"en_US\" \/>\n<meta property=\"og:type\" content=\"article\" \/>\n<meta property=\"og:title\" content=\"Muuseumi lugu - Vana-V\u00f5rumaa muuseumid\" \/>\n<meta property=\"og:description\" content=\"Dr. Fr. R. Kreutzwaldi Memoriaalmuuseum \u2013 vanim eesti kirjanikumuuseum ajapeeglis. Dr. Fr. [&hellip;]\" \/>\n<meta property=\"og:url\" content=\"https:\/\/vanavorumaamuuseumid.ee\/vo\/lauluisa\/muuseumist\/\" \/>\n<meta property=\"og:site_name\" content=\"Vana-V\u00f5rumaa muuseumid\" \/>\n<meta property=\"article:modified_time\" content=\"2025-11-18T07:01:23+00:00\" \/>\n<meta property=\"og:image\" content=\"https:\/\/vanavorumaamuuseumid.ee\/wp-content\/uploads\/2025\/09\/2020-Kreutzwaldi-muuseumi-ou.jpg\" \/>\n\t<meta property=\"og:image:width\" content=\"1920\" \/>\n\t<meta property=\"og:image:height\" content=\"614\" \/>\n\t<meta property=\"og:image:type\" content=\"image\/jpeg\" \/>\n<meta name=\"twitter:card\" content=\"summary_large_image\" \/>\n<meta name=\"twitter:label1\" content=\"Est. reading time\" \/>\n\t<meta name=\"twitter:data1\" content=\"3 minutes\" \/>\n<script type=\"application\/ld+json\" class=\"yoast-schema-graph\">{\"@context\":\"https:\\\/\\\/schema.org\",\"@graph\":[{\"@type\":\"WebPage\",\"@id\":\"https:\\\/\\\/vanavorumaamuuseumid.ee\\\/lauluisa\\\/muuseumist\\\/\",\"url\":\"https:\\\/\\\/vanavorumaamuuseumid.ee\\\/lauluisa\\\/muuseumist\\\/\",\"name\":\"Muuseumi lugu - Vana-V\u00f5rumaa muuseumid\",\"isPartOf\":{\"@id\":\"https:\\\/\\\/vanavorumaamuuseumid.ee\\\/#website\"},\"primaryImageOfPage\":{\"@id\":\"https:\\\/\\\/vanavorumaamuuseumid.ee\\\/lauluisa\\\/muuseumist\\\/#primaryimage\"},\"image\":{\"@id\":\"https:\\\/\\\/vanavorumaamuuseumid.ee\\\/lauluisa\\\/muuseumist\\\/#primaryimage\"},\"thumbnailUrl\":\"https:\\\/\\\/vanavorumaamuuseumid.ee\\\/wp-content\\\/uploads\\\/2025\\\/09\\\/2020-Kreutzwaldi-muuseumi-ou-1024x327.jpg\",\"datePublished\":\"2025-05-09T08:30:20+00:00\",\"dateModified\":\"2025-11-18T07:01:23+00:00\",\"breadcrumb\":{\"@id\":\"https:\\\/\\\/vanavorumaamuuseumid.ee\\\/lauluisa\\\/muuseumist\\\/#breadcrumb\"},\"inLanguage\":\"vo\",\"potentialAction\":[{\"@type\":\"ReadAction\",\"target\":[\"https:\\\/\\\/vanavorumaamuuseumid.ee\\\/lauluisa\\\/muuseumist\\\/\"]}]},{\"@type\":\"ImageObject\",\"inLanguage\":\"vo\",\"@id\":\"https:\\\/\\\/vanavorumaamuuseumid.ee\\\/lauluisa\\\/muuseumist\\\/#primaryimage\",\"url\":\"https:\\\/\\\/vanavorumaamuuseumid.ee\\\/wp-content\\\/uploads\\\/2025\\\/09\\\/2020-Kreutzwaldi-muuseumi-ou-1024x327.jpg\",\"contentUrl\":\"https:\\\/\\\/vanavorumaamuuseumid.ee\\\/wp-content\\\/uploads\\\/2025\\\/09\\\/2020-Kreutzwaldi-muuseumi-ou-1024x327.jpg\"},{\"@type\":\"BreadcrumbList\",\"@id\":\"https:\\\/\\\/vanavorumaamuuseumid.ee\\\/lauluisa\\\/muuseumist\\\/#breadcrumb\",\"itemListElement\":[{\"@type\":\"ListItem\",\"position\":1,\"name\":\"Home\",\"item\":\"https:\\\/\\\/vanavorumaamuuseumid.ee\\\/\"},{\"@type\":\"ListItem\",\"position\":2,\"name\":\"Dr. Fr. R. Kreutzwaldi Memoriaalmuuseum\",\"item\":\"https:\\\/\\\/vanavorumaamuuseumid.ee\\\/lauluisa\\\/\"},{\"@type\":\"ListItem\",\"position\":3,\"name\":\"Muuseumi lugu\"}]},{\"@type\":\"WebSite\",\"@id\":\"https:\\\/\\\/vanavorumaamuuseumid.ee\\\/#website\",\"url\":\"https:\\\/\\\/vanavorumaamuuseumid.ee\\\/\",\"name\":\"Vana-V\u00f5rumaa Muuseumid\",\"description\":\"V\u00f5rumaa Muuseum, Dr. Fr. R. Kreutzwaldi Memoriaalmuuseum, M\u00f5niste Talurahvamuuseum ja Karilatsi Vaba\u00f5humuuseum\",\"publisher\":{\"@id\":\"https:\\\/\\\/vanavorumaamuuseumid.ee\\\/#organization\"},\"potentialAction\":[{\"@type\":\"SearchAction\",\"target\":{\"@type\":\"EntryPoint\",\"urlTemplate\":\"https:\\\/\\\/vanavorumaamuuseumid.ee\\\/?s={search_term_string}\"},\"query-input\":{\"@type\":\"PropertyValueSpecification\",\"valueRequired\":true,\"valueName\":\"search_term_string\"}}],\"inLanguage\":\"vo\"},{\"@type\":\"Organization\",\"@id\":\"https:\\\/\\\/vanavorumaamuuseumid.ee\\\/#organization\",\"name\":\"V\u00f5ru Instituut\",\"url\":\"https:\\\/\\\/vanavorumaamuuseumid.ee\\\/\",\"logo\":{\"@type\":\"ImageObject\",\"inLanguage\":\"vo\",\"@id\":\"https:\\\/\\\/vanavorumaamuuseumid.ee\\\/#\\\/schema\\\/logo\\\/image\\\/\",\"url\":\"https:\\\/\\\/vanavorumaamuuseumid.ee\\\/wp-content\\\/uploads\\\/2025\\\/05\\\/vana-voromaa-muusoumi-250516.svg\",\"contentUrl\":\"https:\\\/\\\/vanavorumaamuuseumid.ee\\\/wp-content\\\/uploads\\\/2025\\\/05\\\/vana-voromaa-muusoumi-250516.svg\",\"width\":567,\"height\":80,\"caption\":\"V\u00f5ru Instituut\"},\"image\":{\"@id\":\"https:\\\/\\\/vanavorumaamuuseumid.ee\\\/#\\\/schema\\\/logo\\\/image\\\/\"}}]}<\/script>\n<!-- \/ Yoast SEO plugin. -->","yoast_head_json":{"title":"Muuseumi lugu - Vana-V\u00f5rumaa muuseumid","robots":{"index":"index","follow":"follow","max-snippet":"max-snippet:-1","max-image-preview":"max-image-preview:large","max-video-preview":"max-video-preview:-1"},"canonical":"https:\/\/vanavorumaamuuseumid.ee\/vo\/lauluisa\/muuseumist\/","og_locale":"en_US","og_type":"article","og_title":"Muuseumi lugu - Vana-V\u00f5rumaa muuseumid","og_description":"Dr. Fr. R. Kreutzwaldi Memoriaalmuuseum \u2013 vanim eesti kirjanikumuuseum ajapeeglis. Dr. Fr. [&hellip;]","og_url":"https:\/\/vanavorumaamuuseumid.ee\/vo\/lauluisa\/muuseumist\/","og_site_name":"Vana-V\u00f5rumaa muuseumid","article_modified_time":"2025-11-18T07:01:23+00:00","og_image":[{"width":1920,"height":614,"url":"https:\/\/vanavorumaamuuseumid.ee\/wp-content\/uploads\/2025\/09\/2020-Kreutzwaldi-muuseumi-ou.jpg","type":"image\/jpeg"}],"twitter_card":"summary_large_image","twitter_misc":{"Est. reading time":"3 minutes"},"schema":{"@context":"https:\/\/schema.org","@graph":[{"@type":"WebPage","@id":"https:\/\/vanavorumaamuuseumid.ee\/lauluisa\/muuseumist\/","url":"https:\/\/vanavorumaamuuseumid.ee\/lauluisa\/muuseumist\/","name":"Muuseumi lugu - Vana-V\u00f5rumaa muuseumid","isPartOf":{"@id":"https:\/\/vanavorumaamuuseumid.ee\/#website"},"primaryImageOfPage":{"@id":"https:\/\/vanavorumaamuuseumid.ee\/lauluisa\/muuseumist\/#primaryimage"},"image":{"@id":"https:\/\/vanavorumaamuuseumid.ee\/lauluisa\/muuseumist\/#primaryimage"},"thumbnailUrl":"https:\/\/vanavorumaamuuseumid.ee\/wp-content\/uploads\/2025\/09\/2020-Kreutzwaldi-muuseumi-ou-1024x327.jpg","datePublished":"2025-05-09T08:30:20+00:00","dateModified":"2025-11-18T07:01:23+00:00","breadcrumb":{"@id":"https:\/\/vanavorumaamuuseumid.ee\/lauluisa\/muuseumist\/#breadcrumb"},"inLanguage":"vo","potentialAction":[{"@type":"ReadAction","target":["https:\/\/vanavorumaamuuseumid.ee\/lauluisa\/muuseumist\/"]}]},{"@type":"ImageObject","inLanguage":"vo","@id":"https:\/\/vanavorumaamuuseumid.ee\/lauluisa\/muuseumist\/#primaryimage","url":"https:\/\/vanavorumaamuuseumid.ee\/wp-content\/uploads\/2025\/09\/2020-Kreutzwaldi-muuseumi-ou-1024x327.jpg","contentUrl":"https:\/\/vanavorumaamuuseumid.ee\/wp-content\/uploads\/2025\/09\/2020-Kreutzwaldi-muuseumi-ou-1024x327.jpg"},{"@type":"BreadcrumbList","@id":"https:\/\/vanavorumaamuuseumid.ee\/lauluisa\/muuseumist\/#breadcrumb","itemListElement":[{"@type":"ListItem","position":1,"name":"Home","item":"https:\/\/vanavorumaamuuseumid.ee\/"},{"@type":"ListItem","position":2,"name":"Dr. Fr. R. Kreutzwaldi Memoriaalmuuseum","item":"https:\/\/vanavorumaamuuseumid.ee\/lauluisa\/"},{"@type":"ListItem","position":3,"name":"Muuseumi lugu"}]},{"@type":"WebSite","@id":"https:\/\/vanavorumaamuuseumid.ee\/#website","url":"https:\/\/vanavorumaamuuseumid.ee\/","name":"Vana-V\u00f5rumaa Muuseumid","description":"V\u00f5rumaa Muuseum, Dr. Fr. R. Kreutzwaldi Memoriaalmuuseum, M\u00f5niste Talurahvamuuseum ja Karilatsi Vaba\u00f5humuuseum","publisher":{"@id":"https:\/\/vanavorumaamuuseumid.ee\/#organization"},"potentialAction":[{"@type":"SearchAction","target":{"@type":"EntryPoint","urlTemplate":"https:\/\/vanavorumaamuuseumid.ee\/?s={search_term_string}"},"query-input":{"@type":"PropertyValueSpecification","valueRequired":true,"valueName":"search_term_string"}}],"inLanguage":"vo"},{"@type":"Organization","@id":"https:\/\/vanavorumaamuuseumid.ee\/#organization","name":"V\u00f5ru Instituut","url":"https:\/\/vanavorumaamuuseumid.ee\/","logo":{"@type":"ImageObject","inLanguage":"vo","@id":"https:\/\/vanavorumaamuuseumid.ee\/#\/schema\/logo\/image\/","url":"https:\/\/vanavorumaamuuseumid.ee\/wp-content\/uploads\/2025\/05\/vana-voromaa-muusoumi-250516.svg","contentUrl":"https:\/\/vanavorumaamuuseumid.ee\/wp-content\/uploads\/2025\/05\/vana-voromaa-muusoumi-250516.svg","width":567,"height":80,"caption":"V\u00f5ru Instituut"},"image":{"@id":"https:\/\/vanavorumaamuuseumid.ee\/#\/schema\/logo\/image\/"}}]}},"_links":{"self":[{"href":"https:\/\/vanavorumaamuuseumid.ee\/vo\/wp-json\/wp\/v2\/pages\/230","targetHints":{"allow":["GET"]}}],"collection":[{"href":"https:\/\/vanavorumaamuuseumid.ee\/vo\/wp-json\/wp\/v2\/pages"}],"about":[{"href":"https:\/\/vanavorumaamuuseumid.ee\/vo\/wp-json\/wp\/v2\/types\/page"}],"author":[{"embeddable":true,"href":"https:\/\/vanavorumaamuuseumid.ee\/vo\/wp-json\/wp\/v2\/users\/1"}],"replies":[{"embeddable":true,"href":"https:\/\/vanavorumaamuuseumid.ee\/vo\/wp-json\/wp\/v2\/comments?post=230"}],"version-history":[{"count":20,"href":"https:\/\/vanavorumaamuuseumid.ee\/vo\/wp-json\/wp\/v2\/pages\/230\/revisions"}],"predecessor-version":[{"id":4629,"href":"https:\/\/vanavorumaamuuseumid.ee\/vo\/wp-json\/wp\/v2\/pages\/230\/revisions\/4629"}],"up":[{"embeddable":true,"href":"https:\/\/vanavorumaamuuseumid.ee\/vo\/wp-json\/wp\/v2\/pages\/227"}],"wp:attachment":[{"href":"https:\/\/vanavorumaamuuseumid.ee\/vo\/wp-json\/wp\/v2\/media?parent=230"}],"curies":[{"name":"wp","href":"https:\/\/api.w.org\/{rel}","templated":true}]}}