{"id":236,"date":"2025-05-09T11:31:12","date_gmt":"2025-05-09T08:31:12","guid":{"rendered":"https:\/\/vanavorumaamuuseumid.ee\/?page_id=236"},"modified":"2025-10-15T16:00:40","modified_gmt":"2025-10-15T13:00:40","slug":"sundmused","status":"publish","type":"page","link":"https:\/\/vanavorumaamuuseumid.ee\/vo\/lauluisa\/sundmused\/","title":{"rendered":"Ettev\u00f5tmis\u00f5"},"content":{"rendered":"<div class=\"events-posts\"><div class=\"owl-carousel owl-theme sundmused-items\"><div class=\"item\">\r\n    <div class=\"thumb\">\r\n        <a href=\"https:\/\/vanavorumaamuuseumid.ee\/vo\/lauluisa-sundumus\/raamatu-ja-roosi-paev-muuseumis-23-aprillil\/\"><img decoding=\"async\" width=\"480\" height=\"270\" src=\"https:\/\/vanavorumaamuuseumid.ee\/wp-content\/uploads\/2026\/03\/raamtu-ja-roosi-paev-480x270.jpg\" class=\"attachment-thumbnail size-thumbnail wp-post-image\" alt=\"\" \/><\/a>\r\n    <\/div><div class=\"category category-dr-fr-r-kreutzwaldi-memoriaalmuuseum\">Dr. Fr. R. Kreutzwaldi Memoriaalmuus\u00f5um<\/div>    <h3><a href=\"https:\/\/vanavorumaamuuseumid.ee\/vo\/lauluisa-sundumus\/raamatu-ja-roosi-paev-muuseumis-23-aprillil\/\">Raamatu ja roosi p\u00e4ev muuseumis 23. aprillil<\/a><\/h3>\r\n    \r\n<\/div><div class=\"item\">\r\n    <div class=\"thumb\">\r\n        <a href=\"https:\/\/vanavorumaamuuseumid.ee\/vo\/lauluisa-sundumus\/kalevipojad-ja-kalevipojad-uhisnaitusel\/\"><img decoding=\"async\" width=\"480\" height=\"270\" src=\"https:\/\/vanavorumaamuuseumid.ee\/wp-content\/uploads\/2026\/03\/Kalevipoeg-2-480x270.jpg\" class=\"attachment-thumbnail size-thumbnail wp-post-image\" alt=\"\" \/><\/a>\r\n    <\/div><div class=\"category category-dr-fr-r-kreutzwaldi-memoriaalmuuseum\">Dr. Fr. R. Kreutzwaldi Memoriaalmuus\u00f5um<\/div>    <h3><a href=\"https:\/\/vanavorumaamuuseumid.ee\/vo\/lauluisa-sundumus\/kalevipojad-ja-kalevipojad-uhisnaitusel\/\">\u201eKalevipojad\u201c ja Kalevipojad \u00fchisn\u00e4itusel<\/a><\/h3>\r\n    \r\n<\/div><div class=\"item\">\r\n    <div class=\"thumb\">\r\n        <a href=\"https:\/\/vanavorumaamuuseumid.ee\/vo\/lauluisa-sundumus\/kandleansambel-heluhand-muuseumis\/\"><img decoding=\"async\" width=\"480\" height=\"270\" src=\"https:\/\/vanavorumaamuuseumid.ee\/wp-content\/uploads\/2026\/03\/07.03.2026-Heluhand-muuseumis-1-480x270.jpg\" class=\"attachment-thumbnail size-thumbnail wp-post-image\" alt=\"\" \/><\/a>\r\n    <\/div><div class=\"category category-dr-fr-r-kreutzwaldi-memoriaalmuuseum\">Dr. Fr. R. Kreutzwaldi Memoriaalmuus\u00f5um<\/div>    <h3><a href=\"https:\/\/vanavorumaamuuseumid.ee\/vo\/lauluisa-sundumus\/kandleansambel-heluhand-muuseumis\/\">Kandleansambel &#8220;Hel\u00fchand&#8221; muuseumis<\/a><\/h3>\r\n    \r\n<\/div><div class=\"item\">\r\n    <div class=\"thumb\">\r\n        <a href=\"https:\/\/vanavorumaamuuseumid.ee\/vo\/lauluisa-sundumus\/emakeelepaev\/\"><img decoding=\"async\" width=\"480\" height=\"270\" src=\"https:\/\/vanavorumaamuuseumid.ee\/wp-content\/uploads\/2026\/03\/Image-15-480x270.jpg\" class=\"attachment-thumbnail size-thumbnail wp-post-image\" alt=\"\" \/><\/a>\r\n    <\/div><div class=\"category category-dr-fr-r-kreutzwaldi-memoriaalmuuseum\">Dr. Fr. R. Kreutzwaldi Memoriaalmuus\u00f5um<\/div>    <h3><a href=\"https:\/\/vanavorumaamuuseumid.ee\/vo\/lauluisa-sundumus\/emakeelepaev\/\">Emakeelep\u00e4ev<\/a><\/h3>\r\n    \r\n<\/div><div class=\"item\">\r\n    <div class=\"thumb\">\r\n        <a href=\"https:\/\/vanavorumaamuuseumid.ee\/vo\/lauluisa-sundumus\/kreutzwald-ja-koidula-uues-eesti-filmis\/\"><img decoding=\"async\" width=\"480\" height=\"270\" src=\"https:\/\/vanavorumaamuuseumid.ee\/wp-content\/uploads\/2026\/02\/Saarane_mulk_plakat-480x270.jpg\" class=\"attachment-thumbnail size-thumbnail wp-post-image\" alt=\"\" \/><\/a>\r\n    <\/div><div class=\"category category-dr-fr-r-kreutzwaldi-memoriaalmuuseum\">Dr. Fr. R. Kreutzwaldi Memoriaalmuus\u00f5um<\/div>    <h3><a href=\"https:\/\/vanavorumaamuuseumid.ee\/vo\/lauluisa-sundumus\/kreutzwald-ja-koidula-uues-eesti-filmis\/\">Kreutzwald ja Koidula uues Eesti filmis<\/a><\/h3>\r\n    \r\n<\/div><div class=\"item\">\r\n    <div class=\"thumb\">\r\n        <a href=\"https:\/\/vanavorumaamuuseumid.ee\/vo\/lauluisa-sundumus\/xii-koidula-luulekonkurss-taiskasvanutele\/\"><img decoding=\"async\" width=\"480\" height=\"270\" src=\"https:\/\/vanavorumaamuuseumid.ee\/wp-content\/uploads\/2026\/02\/20260211_162018-p-480x270.jpg\" class=\"attachment-thumbnail size-thumbnail wp-post-image\" alt=\"\" \/><\/a>\r\n    <\/div><div class=\"category category-dr-fr-r-kreutzwaldi-memoriaalmuuseum\">Dr. Fr. R. Kreutzwaldi Memoriaalmuus\u00f5um<\/div>    <h3><a href=\"https:\/\/vanavorumaamuuseumid.ee\/vo\/lauluisa-sundumus\/xii-koidula-luulekonkurss-taiskasvanutele\/\">XII Koidula luulekonkurss t\u00e4iskasvanutele<\/a><\/h3>\r\n    \r\n<\/div><div class=\"item\">\r\n    <div class=\"thumb\">\r\n        <a href=\"https:\/\/vanavorumaamuuseumid.ee\/vo\/lauluisa-sundumus\/toimub-traditsioonile-koidula-luulekonkurss\/\"><img decoding=\"async\" width=\"480\" height=\"270\" src=\"https:\/\/vanavorumaamuuseumid.ee\/wp-content\/uploads\/2026\/01\/koidula-480x270.jpg\" class=\"attachment-thumbnail size-thumbnail wp-post-image\" alt=\"\" \/><\/a>\r\n    <\/div><div class=\"category category-dr-fr-r-kreutzwaldi-memoriaalmuuseum\">Dr. Fr. R. Kreutzwaldi Memoriaalmuus\u00f5um<\/div>    <h3><a href=\"https:\/\/vanavorumaamuuseumid.ee\/vo\/lauluisa-sundumus\/toimub-traditsioonile-koidula-luulekonkurss\/\">Toimub traditsioonile Koidula luulekonkurss<\/a><\/h3>\r\n    \r\n<\/div><div class=\"item\">\r\n    <div class=\"thumb\">\r\n        <a href=\"https:\/\/vanavorumaamuuseumid.ee\/vo\/lauluisa-sundumus\/eesti-kirjanduse-paev\/\"><img decoding=\"async\" width=\"480\" height=\"270\" src=\"https:\/\/vanavorumaamuuseumid.ee\/wp-content\/uploads\/2026\/01\/2026.01.30-Eesti-kirjanduse-paev-480x270.jpg\" class=\"attachment-thumbnail size-thumbnail wp-post-image\" alt=\"\" \/><\/a>\r\n    <\/div><div class=\"category category-dr-fr-r-kreutzwaldi-memoriaalmuuseum\">Dr. Fr. R. Kreutzwaldi Memoriaalmuus\u00f5um<\/div>    <h3><a href=\"https:\/\/vanavorumaamuuseumid.ee\/vo\/lauluisa-sundumus\/eesti-kirjanduse-paev\/\">Eesti kirjanduse p\u00e4ev<\/a><\/h3>\r\n    \r\n<\/div><div class=\"item\">\r\n    <div class=\"thumb\">\r\n        <a href=\"https:\/\/vanavorumaamuuseumid.ee\/vo\/lauluisa-sundumus\/raamatuesitlus\/\"><img decoding=\"async\" width=\"480\" height=\"270\" src=\"https:\/\/vanavorumaamuuseumid.ee\/wp-content\/uploads\/2026\/01\/sugupuu-480x270.jpg\" class=\"attachment-thumbnail size-thumbnail wp-post-image\" alt=\"\" \/><\/a>\r\n    <\/div><div class=\"category category-dr-fr-r-kreutzwaldi-memoriaalmuuseum\">Dr. Fr. R. Kreutzwaldi Memoriaalmuus\u00f5um<\/div>    <h3><a href=\"https:\/\/vanavorumaamuuseumid.ee\/vo\/lauluisa-sundumus\/raamatuesitlus\/\">Raamatuesitlus<\/a><\/h3>\r\n    \r\n<\/div><div class=\"item\">\r\n    <div class=\"thumb\">\r\n        <a href=\"https:\/\/vanavorumaamuuseumid.ee\/vo\/lauluisa-sundumus\/kuulutati-valja-kirjatoode-voistlus-kellele-pustitaksin-ausamba\/\"><img decoding=\"async\" width=\"480\" height=\"270\" src=\"https:\/\/vanavorumaamuuseumid.ee\/wp-content\/uploads\/2025\/12\/Raili-Leesalu-480x270.jpg\" class=\"attachment-thumbnail size-thumbnail wp-post-image\" alt=\"\" \/><\/a>\r\n    <\/div><div class=\"category category-dr-fr-r-kreutzwaldi-memoriaalmuuseum\">Dr. Fr. R. Kreutzwaldi Memoriaalmuus\u00f5um<\/div>    <h3><a href=\"https:\/\/vanavorumaamuuseumid.ee\/vo\/lauluisa-sundumus\/kuulutati-valja-kirjatoode-voistlus-kellele-pustitaksin-ausamba\/\">Uus kirjat\u00f6\u00f6de v\u00f5istlus \u201eKellele p\u00fcstitaksin ausamba?\u201c<\/a><\/h3>\r\n    \r\n<\/div><div class=\"item\">\r\n    <div class=\"thumb\">\r\n        <a href=\"https:\/\/vanavorumaamuuseumid.ee\/vo\/lauluisa-sundumus\/valjapanek-eesti-raamatu-aasta-tulmest\/\"><img decoding=\"async\" width=\"480\" height=\"270\" src=\"https:\/\/vanavorumaamuuseumid.ee\/wp-content\/uploads\/2025\/12\/Eesti-raamatu-lood-480x270.jpg\" class=\"attachment-thumbnail size-thumbnail wp-post-image\" alt=\"\" \/><\/a>\r\n    <\/div><div class=\"category category-dr-fr-r-kreutzwaldi-memoriaalmuuseum\">Dr. Fr. R. Kreutzwaldi Memoriaalmuus\u00f5um<\/div>    <h3><a href=\"https:\/\/vanavorumaamuuseumid.ee\/vo\/lauluisa-sundumus\/valjapanek-eesti-raamatu-aasta-tulmest\/\">V\u00e4ljapanek Eesti Raamatu Aasta tulmest<\/a><\/h3>\r\n    \r\n<\/div><div class=\"item\">\r\n    <div class=\"thumb\">\r\n        <a href=\"https:\/\/vanavorumaamuuseumid.ee\/vo\/lauluisa-sundumus\/haid-puhi\/\"><img decoding=\"async\" width=\"480\" height=\"270\" src=\"https:\/\/vanavorumaamuuseumid.ee\/wp-content\/uploads\/2025\/12\/kr-joul-25-480x270.jpg\" class=\"attachment-thumbnail size-thumbnail wp-post-image\" alt=\"\" \/><\/a>\r\n    <\/div><div class=\"category category-dr-fr-r-kreutzwaldi-memoriaalmuuseum\">Dr. Fr. R. Kreutzwaldi Memoriaalmuus\u00f5um<\/div>    <h3><a href=\"https:\/\/vanavorumaamuuseumid.ee\/vo\/lauluisa-sundumus\/haid-puhi\/\">H\u00c4ID P\u00dcHI!<\/a><\/h3>\r\n    \r\n<\/div><div class=\"item\">\r\n    <div class=\"thumb\">\r\n        <a href=\"https:\/\/vanavorumaamuuseumid.ee\/vo\/lauluisa-sundumus\/kreutzwaldi-malestuspaev-toimub-14-detsembril\/\"><img decoding=\"async\" width=\"480\" height=\"270\" src=\"https:\/\/vanavorumaamuuseumid.ee\/wp-content\/uploads\/2025\/11\/Malestuspaev-2025-480x270.jpg\" class=\"attachment-thumbnail size-thumbnail wp-post-image\" alt=\"\" \/><\/a>\r\n    <\/div><div class=\"category category-dr-fr-r-kreutzwaldi-memoriaalmuuseum\">Dr. Fr. R. Kreutzwaldi Memoriaalmuus\u00f5um<\/div>    <h3><a href=\"https:\/\/vanavorumaamuuseumid.ee\/vo\/lauluisa-sundumus\/kreutzwaldi-malestuspaev-toimub-14-detsembril\/\">Kreutzwaldi m\u00e4lestusp\u00e4ev toimub 14. detsembril<\/a><\/h3>\r\n    \r\n<\/div><div class=\"item\">\r\n    <div class=\"thumb\">\r\n        <a href=\"https:\/\/vanavorumaamuuseumid.ee\/vo\/lauluisa-sundumus\/kas-tunnot-kreutzwaldi-muinasjutto\/\"><img decoding=\"async\" width=\"480\" height=\"270\" src=\"https:\/\/vanavorumaamuuseumid.ee\/wp-content\/uploads\/2025\/10\/Muinasjututunn-480x270.jpg\" class=\"attachment-thumbnail size-thumbnail wp-post-image\" alt=\"\" \/><\/a>\r\n    <\/div><div class=\"category category-dr-fr-r-kreutzwaldi-memoriaalmuuseum\">Dr. Fr. R. Kreutzwaldi Memoriaalmuus\u00f5um<\/div>    <h3><a href=\"https:\/\/vanavorumaamuuseumid.ee\/vo\/lauluisa-sundumus\/kas-tunnot-kreutzwaldi-muinasjutto\/\">Kas tunn\u00f5t Kreutzwaldi muinasjutt\u00f5?<\/a><\/h3>\r\n    \r\n<\/div><div class=\"item\">\r\n    <div class=\"thumb\">\r\n        <a href=\"https:\/\/vanavorumaamuuseumid.ee\/vo\/lauluisa-sundumus\/vastseliina-koolerakalmistu-sai-infotahvli\/\"><img decoding=\"async\" width=\"480\" height=\"270\" src=\"https:\/\/vanavorumaamuuseumid.ee\/wp-content\/uploads\/2025\/10\/Koolerakalmistu_01-480x270.jpg\" class=\"attachment-thumbnail size-thumbnail wp-post-image\" alt=\"\" \/><\/a>\r\n    <\/div><div class=\"category category-dr-fr-r-kreutzwaldi-memoriaalmuuseum\">Dr. Fr. R. Kreutzwaldi Memoriaalmuus\u00f5um<\/div>    <h3><a href=\"https:\/\/vanavorumaamuuseumid.ee\/vo\/lauluisa-sundumus\/vastseliina-koolerakalmistu-sai-infotahvli\/\">Vastseliina koolerakalmistu sai infotahvli\u00a0<\/a><\/h3>\r\n    \r\n<\/div><div class=\"item\">\r\n    <div class=\"thumb\">\r\n        <a href=\"https:\/\/vanavorumaamuuseumid.ee\/vo\/lauluisa-sundumus\/nele-reimann-otsarult-ilmus-uus-raamat\/\"><img decoding=\"async\" width=\"480\" height=\"270\" src=\"https:\/\/vanavorumaamuuseumid.ee\/wp-content\/uploads\/2025\/09\/Kullano-kodo-480x270.jpg\" class=\"attachment-thumbnail size-thumbnail wp-post-image\" alt=\"\" \/><\/a>\r\n    <\/div><div class=\"category category-dr-fr-r-kreutzwaldi-memoriaalmuuseum\">Dr. Fr. R. Kreutzwaldi Memoriaalmuus\u00f5um<\/div>    <h3><a href=\"https:\/\/vanavorumaamuuseumid.ee\/vo\/lauluisa-sundumus\/nele-reimann-otsarult-ilmus-uus-raamat\/\">Nele Reimann-Otsarult ilmus uus raamat<\/a><\/h3>\r\n    \r\n<\/div><div class=\"item\">\r\n    <div class=\"thumb\">\r\n        <a href=\"https:\/\/vanavorumaamuuseumid.ee\/vo\/lauluisa-sundumus\/kalevipoja-paev\/\"><img decoding=\"async\" width=\"480\" height=\"270\" src=\"https:\/\/vanavorumaamuuseumid.ee\/wp-content\/uploads\/2025\/09\/kalevipoja-paev-480x270.jpg\" class=\"attachment-thumbnail size-thumbnail wp-post-image\" alt=\"\" \/><\/a>\r\n    <\/div><div class=\"category category-dr-fr-r-kreutzwaldi-memoriaalmuuseum\">Dr. Fr. R. Kreutzwaldi Memoriaalmuus\u00f5um<\/div>    <h3><a href=\"https:\/\/vanavorumaamuuseumid.ee\/vo\/lauluisa-sundumus\/kalevipoja-paev\/\">Kalevipoja p\u00e4ev<\/a><\/h3>\r\n    \r\n<\/div><div class=\"item\">\r\n    <div class=\"thumb\">\r\n        <a href=\"https:\/\/vanavorumaamuuseumid.ee\/vo\/lauluisa-sundumus\/muuseumipiletite-laenutus\/\"><img decoding=\"async\" width=\"480\" height=\"270\" src=\"https:\/\/vanavorumaamuuseumid.ee\/wp-content\/uploads\/2025\/05\/kreutzwaldi-memoriaalmuuseumhero-bg-250509-480x270.jpg\" class=\"attachment-thumbnail size-thumbnail wp-post-image\" alt=\"Dr. Fr. R. Kreutzwaldi Memoriaalmuuseum\" \/><\/a>\r\n    <\/div><div class=\"category category-dr-fr-r-kreutzwaldi-memoriaalmuuseum\">Dr. Fr. R. Kreutzwaldi Memoriaalmuus\u00f5um<\/div>    <h3><a href=\"https:\/\/vanavorumaamuuseumid.ee\/vo\/lauluisa-sundumus\/muuseumipiletite-laenutus\/\">Muuseumipiletite laenutus<\/a><\/h3>\r\n    \r\n<\/div><div class=\"item\">\r\n    <div class=\"thumb\">\r\n        <a href=\"https:\/\/vanavorumaamuuseumid.ee\/vo\/lauluisa-sundumus\/oos-on-raamatut-kreutzwaldi-muuseumis\/\"><img decoding=\"async\" width=\"480\" height=\"270\" src=\"https:\/\/vanavorumaamuuseumid.ee\/wp-content\/uploads\/2025\/05\/oos-on-raamatut-kreutzwaldi-muuseumis-250523-480x270.jpg\" class=\"attachment-thumbnail size-thumbnail wp-post-image\" alt=\"\u201e\u00d6\u00f6s on raamatut\u201c Kreutzwaldi muuseumis\" \/><\/a>\r\n    <\/div><div class=\"category category-dr-fr-r-kreutzwaldi-memoriaalmuuseum\">Dr. Fr. R. Kreutzwaldi Memoriaalmuus\u00f5um<\/div>    <h3><a href=\"https:\/\/vanavorumaamuuseumid.ee\/vo\/lauluisa-sundumus\/oos-on-raamatut-kreutzwaldi-muuseumis\/\">\u201e\u00d6\u00f6s on raamatut\u201c Kreutzwaldi muuseumis<\/a><\/h3>\r\n    \r\n<\/div><\/div><\/div>","protected":false},"excerpt":{"rendered":"","protected":false},"author":1,"featured_media":0,"parent":227,"menu_order":0,"comment_status":"closed","ping_status":"closed","template":"","meta":{"_acf_changed":false,"_et_pb_use_builder":"","_et_pb_old_content":"","_et_gb_content_width":"","footnotes":""},"class_list":["post-236","page","type-page","status-publish","hentry"],"acf":[],"yoast_head":"<!-- This site is optimized with the Yoast SEO plugin v27.4 - https:\/\/yoast.com\/product\/yoast-seo-wordpress\/ -->\n<title>S\u00fcndmused - Vana-V\u00f5rumaa muuseumid<\/title>\n<meta name=\"robots\" content=\"index, follow, max-snippet:-1, max-image-preview:large, max-video-preview:-1\" \/>\n<link rel=\"canonical\" href=\"https:\/\/vanavorumaamuuseumid.ee\/vo\/lauluisa\/sundmused\/\" \/>\n<meta property=\"og:locale\" content=\"en_US\" \/>\n<meta property=\"og:type\" content=\"article\" \/>\n<meta property=\"og:title\" content=\"S\u00fcndmused - Vana-V\u00f5rumaa muuseumid\" \/>\n<meta property=\"og:url\" content=\"https:\/\/vanavorumaamuuseumid.ee\/vo\/lauluisa\/sundmused\/\" \/>\n<meta property=\"og:site_name\" content=\"Vana-V\u00f5rumaa muuseumid\" \/>\n<meta property=\"article:modified_time\" content=\"2025-10-15T13:00:40+00:00\" \/>\n<meta name=\"twitter:card\" content=\"summary_large_image\" \/>\n<meta name=\"twitter:label1\" content=\"Est. reading time\" \/>\n\t<meta name=\"twitter:data1\" content=\"1 minute\" \/>\n<script type=\"application\/ld+json\" class=\"yoast-schema-graph\">{\"@context\":\"https:\\\/\\\/schema.org\",\"@graph\":[{\"@type\":\"WebPage\",\"@id\":\"https:\\\/\\\/vanavorumaamuuseumid.ee\\\/lauluisa\\\/sundmused\\\/\",\"url\":\"https:\\\/\\\/vanavorumaamuuseumid.ee\\\/lauluisa\\\/sundmused\\\/\",\"name\":\"S\u00fcndmused - Vana-V\u00f5rumaa muuseumid\",\"isPartOf\":{\"@id\":\"https:\\\/\\\/vanavorumaamuuseumid.ee\\\/#website\"},\"datePublished\":\"2025-05-09T08:31:12+00:00\",\"dateModified\":\"2025-10-15T13:00:40+00:00\",\"breadcrumb\":{\"@id\":\"https:\\\/\\\/vanavorumaamuuseumid.ee\\\/lauluisa\\\/sundmused\\\/#breadcrumb\"},\"inLanguage\":\"vo\",\"potentialAction\":[{\"@type\":\"ReadAction\",\"target\":[\"https:\\\/\\\/vanavorumaamuuseumid.ee\\\/lauluisa\\\/sundmused\\\/\"]}]},{\"@type\":\"BreadcrumbList\",\"@id\":\"https:\\\/\\\/vanavorumaamuuseumid.ee\\\/lauluisa\\\/sundmused\\\/#breadcrumb\",\"itemListElement\":[{\"@type\":\"ListItem\",\"position\":1,\"name\":\"Home\",\"item\":\"https:\\\/\\\/vanavorumaamuuseumid.ee\\\/\"},{\"@type\":\"ListItem\",\"position\":2,\"name\":\"Dr. Fr. R. Kreutzwaldi Memoriaalmuuseum\",\"item\":\"https:\\\/\\\/vanavorumaamuuseumid.ee\\\/lauluisa\\\/\"},{\"@type\":\"ListItem\",\"position\":3,\"name\":\"S\u00fcndmused\"}]},{\"@type\":\"WebSite\",\"@id\":\"https:\\\/\\\/vanavorumaamuuseumid.ee\\\/#website\",\"url\":\"https:\\\/\\\/vanavorumaamuuseumid.ee\\\/\",\"name\":\"Vana-V\u00f5rumaa Muuseumid\",\"description\":\"V\u00f5rumaa Muuseum, Dr. Fr. R. Kreutzwaldi Memoriaalmuuseum, M\u00f5niste Talurahvamuuseum ja Karilatsi Vaba\u00f5humuuseum\",\"publisher\":{\"@id\":\"https:\\\/\\\/vanavorumaamuuseumid.ee\\\/#organization\"},\"potentialAction\":[{\"@type\":\"SearchAction\",\"target\":{\"@type\":\"EntryPoint\",\"urlTemplate\":\"https:\\\/\\\/vanavorumaamuuseumid.ee\\\/?s={search_term_string}\"},\"query-input\":{\"@type\":\"PropertyValueSpecification\",\"valueRequired\":true,\"valueName\":\"search_term_string\"}}],\"inLanguage\":\"vo\"},{\"@type\":\"Organization\",\"@id\":\"https:\\\/\\\/vanavorumaamuuseumid.ee\\\/#organization\",\"name\":\"V\u00f5ru Instituut\",\"url\":\"https:\\\/\\\/vanavorumaamuuseumid.ee\\\/\",\"logo\":{\"@type\":\"ImageObject\",\"inLanguage\":\"vo\",\"@id\":\"https:\\\/\\\/vanavorumaamuuseumid.ee\\\/#\\\/schema\\\/logo\\\/image\\\/\",\"url\":\"https:\\\/\\\/vanavorumaamuuseumid.ee\\\/wp-content\\\/uploads\\\/2025\\\/05\\\/vana-voromaa-muusoumi-250516.svg\",\"contentUrl\":\"https:\\\/\\\/vanavorumaamuuseumid.ee\\\/wp-content\\\/uploads\\\/2025\\\/05\\\/vana-voromaa-muusoumi-250516.svg\",\"width\":567,\"height\":80,\"caption\":\"V\u00f5ru Instituut\"},\"image\":{\"@id\":\"https:\\\/\\\/vanavorumaamuuseumid.ee\\\/#\\\/schema\\\/logo\\\/image\\\/\"}}]}<\/script>\n<!-- \/ Yoast SEO plugin. -->","yoast_head_json":{"title":"S\u00fcndmused - Vana-V\u00f5rumaa muuseumid","robots":{"index":"index","follow":"follow","max-snippet":"max-snippet:-1","max-image-preview":"max-image-preview:large","max-video-preview":"max-video-preview:-1"},"canonical":"https:\/\/vanavorumaamuuseumid.ee\/vo\/lauluisa\/sundmused\/","og_locale":"en_US","og_type":"article","og_title":"S\u00fcndmused - Vana-V\u00f5rumaa muuseumid","og_url":"https:\/\/vanavorumaamuuseumid.ee\/vo\/lauluisa\/sundmused\/","og_site_name":"Vana-V\u00f5rumaa muuseumid","article_modified_time":"2025-10-15T13:00:40+00:00","twitter_card":"summary_large_image","twitter_misc":{"Est. reading time":"1 minute"},"schema":{"@context":"https:\/\/schema.org","@graph":[{"@type":"WebPage","@id":"https:\/\/vanavorumaamuuseumid.ee\/lauluisa\/sundmused\/","url":"https:\/\/vanavorumaamuuseumid.ee\/lauluisa\/sundmused\/","name":"S\u00fcndmused - Vana-V\u00f5rumaa muuseumid","isPartOf":{"@id":"https:\/\/vanavorumaamuuseumid.ee\/#website"},"datePublished":"2025-05-09T08:31:12+00:00","dateModified":"2025-10-15T13:00:40+00:00","breadcrumb":{"@id":"https:\/\/vanavorumaamuuseumid.ee\/lauluisa\/sundmused\/#breadcrumb"},"inLanguage":"vo","potentialAction":[{"@type":"ReadAction","target":["https:\/\/vanavorumaamuuseumid.ee\/lauluisa\/sundmused\/"]}]},{"@type":"BreadcrumbList","@id":"https:\/\/vanavorumaamuuseumid.ee\/lauluisa\/sundmused\/#breadcrumb","itemListElement":[{"@type":"ListItem","position":1,"name":"Home","item":"https:\/\/vanavorumaamuuseumid.ee\/"},{"@type":"ListItem","position":2,"name":"Dr. Fr. R. Kreutzwaldi Memoriaalmuuseum","item":"https:\/\/vanavorumaamuuseumid.ee\/lauluisa\/"},{"@type":"ListItem","position":3,"name":"S\u00fcndmused"}]},{"@type":"WebSite","@id":"https:\/\/vanavorumaamuuseumid.ee\/#website","url":"https:\/\/vanavorumaamuuseumid.ee\/","name":"Vana-V\u00f5rumaa Muuseumid","description":"V\u00f5rumaa Muuseum, Dr. Fr. R. Kreutzwaldi Memoriaalmuuseum, M\u00f5niste Talurahvamuuseum ja Karilatsi Vaba\u00f5humuuseum","publisher":{"@id":"https:\/\/vanavorumaamuuseumid.ee\/#organization"},"potentialAction":[{"@type":"SearchAction","target":{"@type":"EntryPoint","urlTemplate":"https:\/\/vanavorumaamuuseumid.ee\/?s={search_term_string}"},"query-input":{"@type":"PropertyValueSpecification","valueRequired":true,"valueName":"search_term_string"}}],"inLanguage":"vo"},{"@type":"Organization","@id":"https:\/\/vanavorumaamuuseumid.ee\/#organization","name":"V\u00f5ru Instituut","url":"https:\/\/vanavorumaamuuseumid.ee\/","logo":{"@type":"ImageObject","inLanguage":"vo","@id":"https:\/\/vanavorumaamuuseumid.ee\/#\/schema\/logo\/image\/","url":"https:\/\/vanavorumaamuuseumid.ee\/wp-content\/uploads\/2025\/05\/vana-voromaa-muusoumi-250516.svg","contentUrl":"https:\/\/vanavorumaamuuseumid.ee\/wp-content\/uploads\/2025\/05\/vana-voromaa-muusoumi-250516.svg","width":567,"height":80,"caption":"V\u00f5ru Instituut"},"image":{"@id":"https:\/\/vanavorumaamuuseumid.ee\/#\/schema\/logo\/image\/"}}]}},"_links":{"self":[{"href":"https:\/\/vanavorumaamuuseumid.ee\/vo\/wp-json\/wp\/v2\/pages\/236","targetHints":{"allow":["GET"]}}],"collection":[{"href":"https:\/\/vanavorumaamuuseumid.ee\/vo\/wp-json\/wp\/v2\/pages"}],"about":[{"href":"https:\/\/vanavorumaamuuseumid.ee\/vo\/wp-json\/wp\/v2\/types\/page"}],"author":[{"embeddable":true,"href":"https:\/\/vanavorumaamuuseumid.ee\/vo\/wp-json\/wp\/v2\/users\/1"}],"replies":[{"embeddable":true,"href":"https:\/\/vanavorumaamuuseumid.ee\/vo\/wp-json\/wp\/v2\/comments?post=236"}],"version-history":[{"count":4,"href":"https:\/\/vanavorumaamuuseumid.ee\/vo\/wp-json\/wp\/v2\/pages\/236\/revisions"}],"predecessor-version":[{"id":1194,"href":"https:\/\/vanavorumaamuuseumid.ee\/vo\/wp-json\/wp\/v2\/pages\/236\/revisions\/1194"}],"up":[{"embeddable":true,"href":"https:\/\/vanavorumaamuuseumid.ee\/vo\/wp-json\/wp\/v2\/pages\/227"}],"wp:attachment":[{"href":"https:\/\/vanavorumaamuuseumid.ee\/vo\/wp-json\/wp\/v2\/media?parent=236"}],"curies":[{"name":"wp","href":"https:\/\/api.w.org\/{rel}","templated":true}]}}