{"id":264,"date":"2025-05-09T11:50:17","date_gmt":"2025-05-09T08:50:17","guid":{"rendered":"https:\/\/vanavorumaamuuseumid.ee\/?page_id=264"},"modified":"2025-11-07T11:12:55","modified_gmt":"2025-11-07T09:12:55","slug":"muuseumist","status":"publish","type":"page","link":"https:\/\/vanavorumaamuuseumid.ee\/vo\/monistemuuseum\/muuseumist\/","title":{"rendered":"Muus\u00f5umi lugu"},"content":{"rendered":"<div class=\"wp-block-columns is-layout-flex wp-container-core-columns-is-layout-9d6595d7 wp-block-columns-is-layout-flex\">\n<div class=\"wp-block-column is-layout-flow wp-block-column-is-layout-flow\" style=\"flex-basis:66.66%\">\n<p>M\u00f5nist\u00f5 Talorahvamuus\u00f5um om v\u00e4l\u00e4muus\u00f5um, mink p\u00e4\u00e4tsihis om anda \u00f5ig\u00f5 pilt \u00fcmbrekunna\ntalorahva el\u00e4misest-ol\u00f5mis\u00f5st 19. aastagasaa t\u00f5\u00f5s\u00f5n pool\u00f5n. Muus\u00f5um k\u00e4\u00fc V\u00f5ro Instituudi\nmuus\u00f5umiosakunna ala.<\/p>\n\n\n\n<p>M\u00f5nist\u00f5 Talorahvamuus\u00f5um sai alostus\u00f5 M\u00f5nist\u00f5 kodoluuts\u00f5\u00f5rist. Alfred Lep\u00e4 iistv\u00f5tmis\u00f5l\ntull 22. rehekuul 1948. aastagal kokko ts\u00f5\u00f5ri asotamis\u00f5 kuunol\u00f5k. Osaliisis naksi viil Alfons\nPaas, Aksel Meister, Julius Kond ja Bruno Alfred Hanim\u00e4gi. Kodoluuts\u00f5\u00f5r s\u00e4\u00e4d tsihis korjada\nkodokandist rahvatiid\u00fcslidse ni aoluulids\u00f5 t\u00e4hend\u00fcsega asju. Kogomis\u00f5t\u00fc\u00fcst kasvi v\u00e4ll\u00e4 rahva\nhind\u00e4 kammand\u00f5t kodoluumuus\u00f5um, mi\u00e4 tetti vallal\u00f5 M\u00f5nist\u00f5 Rahvamajan. Ts\u00f5\u00f5ri ja ildampa\nka esiteg\u00fcn\u00fc muus\u00f5umi juhatajas oll Alfons Paas.<\/p>\n<\/div>\n\n\n\n<div class=\"wp-block-column is-layout-flow wp-block-column-is-layout-flow\" style=\"flex-basis:33.33%\">\n<figure class=\"wp-block-image size-full\"><img decoding=\"async\" width=\"751\" height=\"429\" src=\"https:\/\/vanavorumaamuuseumid.ee\/wp-content\/uploads\/2025\/08\/moniste-talurahvamuuseumi-rehielamu-250811-e1755769197243.jpg\" alt=\"M\u00f5niste Talurahvamuuseumi rehielamu\" class=\"wp-image-1763\" srcset=\"https:\/\/vanavorumaamuuseumid.ee\/wp-content\/uploads\/2025\/08\/moniste-talurahvamuuseumi-rehielamu-250811-e1755769197243.jpg 751w, https:\/\/vanavorumaamuuseumid.ee\/wp-content\/uploads\/2025\/08\/moniste-talurahvamuuseumi-rehielamu-250811-e1755769197243-480x270.jpg 480w\" sizes=\"(min-width: 0px) and (max-width: 480px) 480px, (min-width: 481px) 751px, 100vw\" \/><\/figure>\n<\/div>\n<\/div>\n\n\n\n<div class=\"wp-block-columns is-layout-flex wp-container-core-columns-is-layout-9d6595d7 wp-block-columns-is-layout-flex\">\n<div class=\"wp-block-column is-layout-flow wp-block-column-is-layout-flow\" style=\"flex-basis:33.33%\">\n<figure class=\"wp-block-image size-full\"><img decoding=\"async\" width=\"789\" height=\"635\" src=\"https:\/\/vanavorumaamuuseumid.ee\/wp-content\/uploads\/2025\/08\/moniste-talurahvamuuseum-250811-02-e1755769143462.jpg\" alt=\"M\u00f5niste Talurahvamuuseum\" class=\"wp-image-1766\" srcset=\"https:\/\/vanavorumaamuuseumid.ee\/wp-content\/uploads\/2025\/08\/moniste-talurahvamuuseum-250811-02-e1755769143462-789x551.jpg 789w, https:\/\/vanavorumaamuuseumid.ee\/wp-content\/uploads\/2025\/08\/moniste-talurahvamuuseum-250811-02-e1755769143462-480x270.jpg 480w\" sizes=\"(min-width: 0px) and (max-width: 480px) 480px, (min-width: 481px) and (max-width: 789px) 789px, 100vw\" \/><\/figure>\n<\/div>\n\n\n\n<div class=\"wp-block-column is-layout-flow wp-block-column-is-layout-flow\" style=\"flex-basis:66.66%\">\n<p>6. radokuud 1955 kol\u00f5 muus\u00f5um rahvamajast \u00e4r sinn\u00e4, kon t\u00e4 parhilla om. Seo krundi p\u00e4\u00e4l\nol\u00f5va huun\u00f5 olli talomehe ehit\u00e4n\u00fc M\u00f5nist\u00f5 Tarvitajid\u00f5 \u00dctis\u00fcse poodis, aidas ni kuuris.\nEdim\u00e4ne v\u00e4l\u00e4muus\u00f5ummi mano tuud ja v\u00e4ll\u00e4 pant hoon\u00f5 oll riih, mi\u00e4 jouds\u00f5 sii\u00e4 1956.\naastagal.<\/p>\n\n\n\n<p>24. mahlakuud 1957 sai muus\u00f5um riigimuus\u00f5umi \u00f5igus\u00f5 ku Valga Rajuun\u00f5vaih\u00f5lids\u00f5\nkodoluumuus\u00f5umi t\u00fct\u00e4rasotus. Muus\u00f5umi juhatajas sai Alfred Lepp.<\/p>\n<\/div>\n<\/div>\n\n\n\n<div class=\"wp-block-columns is-layout-flex wp-container-core-columns-is-layout-9d6595d7 wp-block-columns-is-layout-flex\">\n<div class=\"wp-block-column is-layout-flow wp-block-column-is-layout-flow\" style=\"flex-basis:66.66%\">\n<p>1961. kooni 2015. aastagani oll M\u00f5nist\u00f5 muus\u00f5um Dr. Fr. R. Kreutzwaldi\nMemoriaalmuus\u00f5umi t\u00fct\u00e4rasotus.<\/p>\n\n\n\n<p>1. vahts\u00f5aastakuud 2015 luudi V\u00f5ro Instituudi mano muus\u00f5umiosakund, kohe ala k\u00e4\u00fc neli\nmuus\u00f5ummi Vanal-V\u00f5romaal: Dr. Fr. R. Kreutzwaldi Memoriaalmuus\u00f5um, M\u00f5nist\u00f5\nTalorahvamuus\u00f5um, Karilatsi Vaba\u00f5humuus\u00f5um ni V\u00f5romaa Muus\u00f5um.<\/p>\n\n\n\n<p>2015. aastaga 1. vahts\u00f5aastakuu p\u00e4\u00e4v\u00e4st p\u00e4\u00e4le om M\u00f5nist\u00f5 muus\u00f5umi nimi M\u00f5nist\u00f5\nTalorahvamuus\u00f5um.<\/p>\n\n\n\n<p>Inneskiidsin poodiruum\u00f5n tetti 2016. aastagal v\u00e4ll\u00e4pan\u00f5gi kujol tagasi M\u00f5nist\u00f5 Tarvitajid\u00f5\n\u00dctis\u00fcse puut ni kaupmehe eloruum.<\/p>\n<\/div>\n\n\n\n<div class=\"wp-block-column is-layout-flow wp-block-column-is-layout-flow\" style=\"flex-basis:33.33%\">\n<figure class=\"wp-block-image size-large\"><img decoding=\"async\" width=\"1024\" height=\"680\" src=\"https:\/\/vanavorumaamuuseumid.ee\/wp-content\/uploads\/2025\/08\/moniste-talurahvamuuseum-250811-03-1024x680.jpg\" alt=\"M\u00f5niste Talurahvamuuseum\" class=\"wp-image-1769\" srcset=\"https:\/\/vanavorumaamuuseumid.ee\/wp-content\/uploads\/2025\/08\/moniste-talurahvamuuseum-250811-03-980x650.jpg 980w, https:\/\/vanavorumaamuuseumid.ee\/wp-content\/uploads\/2025\/08\/moniste-talurahvamuuseum-250811-03-480x319.jpg 480w\" sizes=\"(min-width: 0px) and (max-width: 480px) 480px, (min-width: 481px) and (max-width: 980px) 980px, (min-width: 981px) 1024px, 100vw\" \/><\/figure>\n<\/div>\n<\/div>\n\n\n\n<div style=\"height:55px\" aria-hidden=\"true\" class=\"wp-block-spacer\"><\/div>\n\n\n\n<h2 class=\"wp-block-heading\">Inneskidse juhataja<\/h2>\n\n\n\n<div style=\"height:25px\" aria-hidden=\"true\" class=\"wp-block-spacer\"><\/div>\n\n\n\n<div class=\"wp-block-media-text is-stacked-on-mobile is-vertically-aligned-center\" style=\"grid-template-columns:25% auto\"><figure class=\"wp-block-media-text__media\"><img decoding=\"async\" width=\"765\" height=\"1024\" src=\"https:\/\/vanavorumaamuuseumid.ee\/wp-content\/uploads\/2025\/08\/Alfons_Paas-1-e1755768779439-765x1024.png\" alt=\"\" class=\"wp-image-2043 size-full\"\/><\/figure><div class=\"wp-block-media-text__content\">\n<p><strong>Alfons Paas (juhataja 1948-1957)<\/strong><\/p>\n\n\n\n<p>Alfons Paas oll M\u00f5nist\u00f5 Rahvamaja kodo-uurmis\u00f5 ts\u00f5\u00f5ri ni esiteg\u00fcn\u00fc kodoluumuus\u00f5umi\njuhataja. P\u00e4\u00e4le tuu oll tim\u00e4 p\u00e4\u00e4l ka kogomis\u00f5t\u00fc\u00fc: kogol\u00f5 k\u00f5g\u00f5 edim\u00e4lt kingid\u00fc kraami si\u00e4n\nomma mitu rahvatiid\u00fcslidse t\u00e4hend\u00fcsega asja peri m\u00f5n\u00f5st tim\u00e4 suguseldsi talost.\nKodoluumuus\u00f5umi edim\u00e4idsil aastil oll Alfons Paas ka asjo arv\u00f5l\u00f5v\u00f5tja.<\/p>\n<\/div><\/div>\n\n\n\n<div style=\"height:25px\" aria-hidden=\"true\" class=\"wp-block-spacer\"><\/div>\n\n\n\n<div class=\"wp-block-media-text is-stacked-on-mobile is-vertically-aligned-center\" style=\"grid-template-columns:25% auto\"><figure class=\"wp-block-media-text__media\"><img decoding=\"async\" width=\"472\" height=\"724\" src=\"https:\/\/vanavorumaamuuseumid.ee\/wp-content\/uploads\/2025\/08\/MFF20_4_1-e1756372802863.jpg\" alt=\"\" class=\"wp-image-2252 size-full\"\/><\/figure><div class=\"wp-block-media-text__content\">\n<p><strong>Alfred Lepp (juhataja 1957-1963)<\/strong><\/p>\n\n\n\n<p>1948. aastagal, ku t\u00e4 oll M\u00f5nist\u00f5 Rahvamaja juhataja, pand Alfred Lepp ette luvva\nkotus\u00f5p\u00e4\u00e4line kodo-uurmis\u00f5 ts\u00f5\u00f5r. Tuun ts\u00f5\u00f5rin j\u00e4i tim\u00e4 p\u00e4\u00e4le M\u00f5nist\u00f5 valla\nrevolutsiooniaoluu kokkos\u00e4\u00e4dmine. 1957. aastagal sai Lep\u00e4st Valga Rajuun\u00f5vaih\u00f5lids\u00f5\nKodoluumuus\u00f5umi M\u00f5nist\u00f5 t\u00fct\u00e4rasotus\u00f5 juhataja. Tuun amm\u00f5tin t\u00e4 t\u00fc\u00fct 1963. aastagani.<\/p>\n<\/div><\/div>\n\n\n\n<div style=\"height:25px\" aria-hidden=\"true\" class=\"wp-block-spacer\"><\/div>\n\n\n\n<div class=\"wp-block-media-text is-stacked-on-mobile is-vertically-aligned-center\" style=\"grid-template-columns:25% auto\"><figure class=\"wp-block-media-text__media\"><img decoding=\"async\" width=\"695\" height=\"1024\" src=\"https:\/\/vanavorumaamuuseumid.ee\/wp-content\/uploads\/2025\/08\/VKF1384_5F-n_1-e1755769540773-695x1024.jpg\" alt=\"\" class=\"wp-image-2051 size-full\"\/><\/figure><div class=\"wp-block-media-text__content\">\n<p><strong>Pauline Kenk (juhataja 1969-1987)<\/strong><\/p>\n\n\n\n<p>Pauline Kenk oll aastil 1969\u20131987 Dr. Fr. Kreutzwaldi Memoriaalmuus\u00f5umi M\u00f5nist\u00f5\nt\u00fct\u00e4rasotus\u00f5 van\u00f5mbtiidr\u00fc. Tim\u00e4 k\u00f5g\u00f5 suur\u00f5mb t\u00fc\u00fc, minka t\u00e4 l\u00e4ts muus\u00f5umi aolukku, oll korjatuisi asjo m\u00f5\u00f5tmin\u00f5, t\u00e4ps\u00e4 \u00fclest\u00e4hend\u00e4mine ja uurmin\u00f5, kost nuu peri omma. Kogo saiva\nKengo kokkopantu p\u00f5hjaligu kraamiraamadu, mi\u00e4 omma tarvitus\u00f5l t\u00e4\u00e4mb\u00e4dseni.<\/p>\n<\/div><\/div>\n\n\n\n<div style=\"height:25px\" aria-hidden=\"true\" class=\"wp-block-spacer\"><\/div>\n\n\n\n<div class=\"wp-block-media-text is-stacked-on-mobile is-vertically-aligned-center\" style=\"grid-template-columns:25% auto\"><figure class=\"wp-block-media-text__media\"><img decoding=\"async\" width=\"485\" height=\"720\" src=\"https:\/\/vanavorumaamuuseumid.ee\/wp-content\/uploads\/2025\/08\/DSCN1023-.jpg\" alt=\"\" class=\"wp-image-2053 size-full\" srcset=\"https:\/\/vanavorumaamuuseumid.ee\/wp-content\/uploads\/2025\/08\/DSCN1023-.jpg 485w, https:\/\/vanavorumaamuuseumid.ee\/wp-content\/uploads\/2025\/08\/DSCN1023--480x713.jpg 480w\" sizes=\"(min-width: 0px) and (max-width: 480px) 480px, (min-width: 481px) 485px, 100vw\" \/><\/figure><div class=\"wp-block-media-text__content\">\n<p><strong>Hele Tulviste (juhataja 1990-2022)<\/strong><\/p>\n\n\n\n<p>Hele Tulviste alost M\u00f5nist\u00f5 muus\u00f5umin t\u00fc\u00fcd 1988. aastagal, oll edeotsa van\u00f5mbtiidr\u00fc ni\nper\u00e4n muus\u00f5umi juhataja. T\u00e4 m\u00f5ist muus\u00f5umi nii kammanda, et tuu elli \u00fcle keerolids\u00f5 ao\n\u00f5kva vahts\u00f5st hind\u00e4peri saanun Eestin. Tulviste iistvid\u00e4misel nakati muus\u00f5umin 1995.\naastagast k\u00f5rraldama teemaperitsit opip\u00e4ivi ni 1997. aastagast P\u00e4ss\u00e4pikumaad. Tim\u00e4\nt\u00fc\u00fctiikund M\u00f5nist\u00f5 Talorahvamuus\u00f5umin sai kokko 34 aastakka pikk.<\/p>\n<\/div><\/div>","protected":false},"excerpt":{"rendered":"<p>M\u00f5niste Talurahvamuuseum on vaba\u00f5humuuseum, mille p\u00f5hieesm\u00e4rk on anda t\u00f5etruu pilt \u00fcmbruskonna talurahva [&hellip;]<\/p>\n","protected":false},"author":1,"featured_media":0,"parent":262,"menu_order":0,"comment_status":"closed","ping_status":"closed","template":"","meta":{"_acf_changed":false,"_et_pb_use_builder":"","_et_pb_old_content":"","_et_gb_content_width":"","footnotes":""},"class_list":["post-264","page","type-page","status-publish","hentry"],"acf":[],"yoast_head":"<!-- This site is optimized with the Yoast SEO plugin v27.4 - https:\/\/yoast.com\/product\/yoast-seo-wordpress\/ -->\n<title>Muuseumi lugu - Vana-V\u00f5rumaa muuseumid<\/title>\n<meta name=\"robots\" content=\"index, follow, max-snippet:-1, max-image-preview:large, max-video-preview:-1\" \/>\n<link rel=\"canonical\" href=\"https:\/\/vanavorumaamuuseumid.ee\/vo\/monistemuuseum\/muuseumist\/\" \/>\n<meta property=\"og:locale\" content=\"en_US\" \/>\n<meta property=\"og:type\" content=\"article\" \/>\n<meta property=\"og:title\" content=\"Muuseumi lugu - Vana-V\u00f5rumaa muuseumid\" \/>\n<meta property=\"og:description\" content=\"M\u00f5niste Talurahvamuuseum on vaba\u00f5humuuseum, mille p\u00f5hieesm\u00e4rk on anda t\u00f5etruu pilt \u00fcmbruskonna talurahva [&hellip;]\" \/>\n<meta property=\"og:url\" content=\"https:\/\/vanavorumaamuuseumid.ee\/vo\/monistemuuseum\/muuseumist\/\" \/>\n<meta property=\"og:site_name\" content=\"Vana-V\u00f5rumaa muuseumid\" \/>\n<meta property=\"article:modified_time\" content=\"2025-11-07T09:12:55+00:00\" \/>\n<meta property=\"og:image\" content=\"https:\/\/vanavorumaamuuseumid.ee\/wp-content\/uploads\/2025\/08\/moniste-talurahvamuuseumi-rehielamu-250811-e1755769197243.jpg\" \/>\n\t<meta property=\"og:image:width\" content=\"751\" \/>\n\t<meta property=\"og:image:height\" content=\"429\" \/>\n\t<meta property=\"og:image:type\" content=\"image\/jpeg\" \/>\n<meta name=\"twitter:card\" content=\"summary_large_image\" \/>\n<meta name=\"twitter:label1\" content=\"Est. reading time\" \/>\n\t<meta name=\"twitter:data1\" content=\"4 minutes\" \/>\n<script type=\"application\/ld+json\" class=\"yoast-schema-graph\">{\"@context\":\"https:\\\/\\\/schema.org\",\"@graph\":[{\"@type\":\"WebPage\",\"@id\":\"https:\\\/\\\/vanavorumaamuuseumid.ee\\\/monistemuuseum\\\/muuseumist\\\/\",\"url\":\"https:\\\/\\\/vanavorumaamuuseumid.ee\\\/monistemuuseum\\\/muuseumist\\\/\",\"name\":\"Muuseumi lugu - Vana-V\u00f5rumaa muuseumid\",\"isPartOf\":{\"@id\":\"https:\\\/\\\/vanavorumaamuuseumid.ee\\\/#website\"},\"primaryImageOfPage\":{\"@id\":\"https:\\\/\\\/vanavorumaamuuseumid.ee\\\/monistemuuseum\\\/muuseumist\\\/#primaryimage\"},\"image\":{\"@id\":\"https:\\\/\\\/vanavorumaamuuseumid.ee\\\/monistemuuseum\\\/muuseumist\\\/#primaryimage\"},\"thumbnailUrl\":\"https:\\\/\\\/vanavorumaamuuseumid.ee\\\/wp-content\\\/uploads\\\/2025\\\/08\\\/moniste-talurahvamuuseumi-rehielamu-250811-e1755769197243.jpg\",\"datePublished\":\"2025-05-09T08:50:17+00:00\",\"dateModified\":\"2025-11-07T09:12:55+00:00\",\"breadcrumb\":{\"@id\":\"https:\\\/\\\/vanavorumaamuuseumid.ee\\\/monistemuuseum\\\/muuseumist\\\/#breadcrumb\"},\"inLanguage\":\"vo\",\"potentialAction\":[{\"@type\":\"ReadAction\",\"target\":[\"https:\\\/\\\/vanavorumaamuuseumid.ee\\\/monistemuuseum\\\/muuseumist\\\/\"]}]},{\"@type\":\"ImageObject\",\"inLanguage\":\"vo\",\"@id\":\"https:\\\/\\\/vanavorumaamuuseumid.ee\\\/monistemuuseum\\\/muuseumist\\\/#primaryimage\",\"url\":\"https:\\\/\\\/vanavorumaamuuseumid.ee\\\/wp-content\\\/uploads\\\/2025\\\/08\\\/moniste-talurahvamuuseumi-rehielamu-250811-e1755769197243.jpg\",\"contentUrl\":\"https:\\\/\\\/vanavorumaamuuseumid.ee\\\/wp-content\\\/uploads\\\/2025\\\/08\\\/moniste-talurahvamuuseumi-rehielamu-250811-e1755769197243.jpg\"},{\"@type\":\"BreadcrumbList\",\"@id\":\"https:\\\/\\\/vanavorumaamuuseumid.ee\\\/monistemuuseum\\\/muuseumist\\\/#breadcrumb\",\"itemListElement\":[{\"@type\":\"ListItem\",\"position\":1,\"name\":\"Home\",\"item\":\"https:\\\/\\\/vanavorumaamuuseumid.ee\\\/\"},{\"@type\":\"ListItem\",\"position\":2,\"name\":\"M\u00f5niste Talurahvamuuseum\",\"item\":\"https:\\\/\\\/vanavorumaamuuseumid.ee\\\/monistemuuseum\\\/\"},{\"@type\":\"ListItem\",\"position\":3,\"name\":\"Muuseumi lugu\"}]},{\"@type\":\"WebSite\",\"@id\":\"https:\\\/\\\/vanavorumaamuuseumid.ee\\\/#website\",\"url\":\"https:\\\/\\\/vanavorumaamuuseumid.ee\\\/\",\"name\":\"Vana-V\u00f5rumaa Muuseumid\",\"description\":\"V\u00f5rumaa Muuseum, Dr. Fr. R. Kreutzwaldi Memoriaalmuuseum, M\u00f5niste Talurahvamuuseum ja Karilatsi Vaba\u00f5humuuseum\",\"publisher\":{\"@id\":\"https:\\\/\\\/vanavorumaamuuseumid.ee\\\/#organization\"},\"potentialAction\":[{\"@type\":\"SearchAction\",\"target\":{\"@type\":\"EntryPoint\",\"urlTemplate\":\"https:\\\/\\\/vanavorumaamuuseumid.ee\\\/?s={search_term_string}\"},\"query-input\":{\"@type\":\"PropertyValueSpecification\",\"valueRequired\":true,\"valueName\":\"search_term_string\"}}],\"inLanguage\":\"vo\"},{\"@type\":\"Organization\",\"@id\":\"https:\\\/\\\/vanavorumaamuuseumid.ee\\\/#organization\",\"name\":\"V\u00f5ru Instituut\",\"url\":\"https:\\\/\\\/vanavorumaamuuseumid.ee\\\/\",\"logo\":{\"@type\":\"ImageObject\",\"inLanguage\":\"vo\",\"@id\":\"https:\\\/\\\/vanavorumaamuuseumid.ee\\\/#\\\/schema\\\/logo\\\/image\\\/\",\"url\":\"https:\\\/\\\/vanavorumaamuuseumid.ee\\\/wp-content\\\/uploads\\\/2025\\\/05\\\/vana-voromaa-muusoumi-250516.svg\",\"contentUrl\":\"https:\\\/\\\/vanavorumaamuuseumid.ee\\\/wp-content\\\/uploads\\\/2025\\\/05\\\/vana-voromaa-muusoumi-250516.svg\",\"width\":567,\"height\":80,\"caption\":\"V\u00f5ru Instituut\"},\"image\":{\"@id\":\"https:\\\/\\\/vanavorumaamuuseumid.ee\\\/#\\\/schema\\\/logo\\\/image\\\/\"}}]}<\/script>\n<!-- \/ Yoast SEO plugin. -->","yoast_head_json":{"title":"Muuseumi lugu - Vana-V\u00f5rumaa muuseumid","robots":{"index":"index","follow":"follow","max-snippet":"max-snippet:-1","max-image-preview":"max-image-preview:large","max-video-preview":"max-video-preview:-1"},"canonical":"https:\/\/vanavorumaamuuseumid.ee\/vo\/monistemuuseum\/muuseumist\/","og_locale":"en_US","og_type":"article","og_title":"Muuseumi lugu - Vana-V\u00f5rumaa muuseumid","og_description":"M\u00f5niste Talurahvamuuseum on vaba\u00f5humuuseum, mille p\u00f5hieesm\u00e4rk on anda t\u00f5etruu pilt \u00fcmbruskonna talurahva [&hellip;]","og_url":"https:\/\/vanavorumaamuuseumid.ee\/vo\/monistemuuseum\/muuseumist\/","og_site_name":"Vana-V\u00f5rumaa muuseumid","article_modified_time":"2025-11-07T09:12:55+00:00","og_image":[{"width":751,"height":429,"url":"https:\/\/vanavorumaamuuseumid.ee\/wp-content\/uploads\/2025\/08\/moniste-talurahvamuuseumi-rehielamu-250811-e1755769197243.jpg","type":"image\/jpeg"}],"twitter_card":"summary_large_image","twitter_misc":{"Est. reading time":"4 minutes"},"schema":{"@context":"https:\/\/schema.org","@graph":[{"@type":"WebPage","@id":"https:\/\/vanavorumaamuuseumid.ee\/monistemuuseum\/muuseumist\/","url":"https:\/\/vanavorumaamuuseumid.ee\/monistemuuseum\/muuseumist\/","name":"Muuseumi lugu - Vana-V\u00f5rumaa muuseumid","isPartOf":{"@id":"https:\/\/vanavorumaamuuseumid.ee\/#website"},"primaryImageOfPage":{"@id":"https:\/\/vanavorumaamuuseumid.ee\/monistemuuseum\/muuseumist\/#primaryimage"},"image":{"@id":"https:\/\/vanavorumaamuuseumid.ee\/monistemuuseum\/muuseumist\/#primaryimage"},"thumbnailUrl":"https:\/\/vanavorumaamuuseumid.ee\/wp-content\/uploads\/2025\/08\/moniste-talurahvamuuseumi-rehielamu-250811-e1755769197243.jpg","datePublished":"2025-05-09T08:50:17+00:00","dateModified":"2025-11-07T09:12:55+00:00","breadcrumb":{"@id":"https:\/\/vanavorumaamuuseumid.ee\/monistemuuseum\/muuseumist\/#breadcrumb"},"inLanguage":"vo","potentialAction":[{"@type":"ReadAction","target":["https:\/\/vanavorumaamuuseumid.ee\/monistemuuseum\/muuseumist\/"]}]},{"@type":"ImageObject","inLanguage":"vo","@id":"https:\/\/vanavorumaamuuseumid.ee\/monistemuuseum\/muuseumist\/#primaryimage","url":"https:\/\/vanavorumaamuuseumid.ee\/wp-content\/uploads\/2025\/08\/moniste-talurahvamuuseumi-rehielamu-250811-e1755769197243.jpg","contentUrl":"https:\/\/vanavorumaamuuseumid.ee\/wp-content\/uploads\/2025\/08\/moniste-talurahvamuuseumi-rehielamu-250811-e1755769197243.jpg"},{"@type":"BreadcrumbList","@id":"https:\/\/vanavorumaamuuseumid.ee\/monistemuuseum\/muuseumist\/#breadcrumb","itemListElement":[{"@type":"ListItem","position":1,"name":"Home","item":"https:\/\/vanavorumaamuuseumid.ee\/"},{"@type":"ListItem","position":2,"name":"M\u00f5niste Talurahvamuuseum","item":"https:\/\/vanavorumaamuuseumid.ee\/monistemuuseum\/"},{"@type":"ListItem","position":3,"name":"Muuseumi lugu"}]},{"@type":"WebSite","@id":"https:\/\/vanavorumaamuuseumid.ee\/#website","url":"https:\/\/vanavorumaamuuseumid.ee\/","name":"Vana-V\u00f5rumaa Muuseumid","description":"V\u00f5rumaa Muuseum, Dr. Fr. R. Kreutzwaldi Memoriaalmuuseum, M\u00f5niste Talurahvamuuseum ja Karilatsi Vaba\u00f5humuuseum","publisher":{"@id":"https:\/\/vanavorumaamuuseumid.ee\/#organization"},"potentialAction":[{"@type":"SearchAction","target":{"@type":"EntryPoint","urlTemplate":"https:\/\/vanavorumaamuuseumid.ee\/?s={search_term_string}"},"query-input":{"@type":"PropertyValueSpecification","valueRequired":true,"valueName":"search_term_string"}}],"inLanguage":"vo"},{"@type":"Organization","@id":"https:\/\/vanavorumaamuuseumid.ee\/#organization","name":"V\u00f5ru Instituut","url":"https:\/\/vanavorumaamuuseumid.ee\/","logo":{"@type":"ImageObject","inLanguage":"vo","@id":"https:\/\/vanavorumaamuuseumid.ee\/#\/schema\/logo\/image\/","url":"https:\/\/vanavorumaamuuseumid.ee\/wp-content\/uploads\/2025\/05\/vana-voromaa-muusoumi-250516.svg","contentUrl":"https:\/\/vanavorumaamuuseumid.ee\/wp-content\/uploads\/2025\/05\/vana-voromaa-muusoumi-250516.svg","width":567,"height":80,"caption":"V\u00f5ru Instituut"},"image":{"@id":"https:\/\/vanavorumaamuuseumid.ee\/#\/schema\/logo\/image\/"}}]}},"_links":{"self":[{"href":"https:\/\/vanavorumaamuuseumid.ee\/vo\/wp-json\/wp\/v2\/pages\/264","targetHints":{"allow":["GET"]}}],"collection":[{"href":"https:\/\/vanavorumaamuuseumid.ee\/vo\/wp-json\/wp\/v2\/pages"}],"about":[{"href":"https:\/\/vanavorumaamuuseumid.ee\/vo\/wp-json\/wp\/v2\/types\/page"}],"author":[{"embeddable":true,"href":"https:\/\/vanavorumaamuuseumid.ee\/vo\/wp-json\/wp\/v2\/users\/1"}],"replies":[{"embeddable":true,"href":"https:\/\/vanavorumaamuuseumid.ee\/vo\/wp-json\/wp\/v2\/comments?post=264"}],"version-history":[{"count":15,"href":"https:\/\/vanavorumaamuuseumid.ee\/vo\/wp-json\/wp\/v2\/pages\/264\/revisions"}],"predecessor-version":[{"id":4384,"href":"https:\/\/vanavorumaamuuseumid.ee\/vo\/wp-json\/wp\/v2\/pages\/264\/revisions\/4384"}],"up":[{"embeddable":true,"href":"https:\/\/vanavorumaamuuseumid.ee\/vo\/wp-json\/wp\/v2\/pages\/262"}],"wp:attachment":[{"href":"https:\/\/vanavorumaamuuseumid.ee\/vo\/wp-json\/wp\/v2\/media?parent=264"}],"curies":[{"name":"wp","href":"https:\/\/api.w.org\/{rel}","templated":true}]}}