{"id":301,"date":"2025-05-09T12:15:22","date_gmt":"2025-05-09T09:15:22","guid":{"rendered":"https:\/\/vanavorumaamuuseumid.ee\/?page_id=301"},"modified":"2025-10-21T10:48:59","modified_gmt":"2025-10-21T07:48:59","slug":"muuseumist","status":"publish","type":"page","link":"https:\/\/vanavorumaamuuseumid.ee\/vo\/karilatsimuuseum\/muuseumist\/","title":{"rendered":"Muus\u00f5umi lugu"},"content":{"rendered":"<p><\/p>\n\n\n\n<p>Kuis s\u00fcnd\u00fc ni kasvi Karilatsi Vaba\u00f5humuus\u00f5um? 1960. aastid\u00f5 keskpaigan oll k\u00f5igin\ntoonatsin Eesti maarajoon\u00f5n, P\u00f5lva v\u00e4ll\u00e4 arvat, ol\u00f5man uma kodoluumuus\u00f5um. 1966. aastagal\nKalju Kermas, \u00fcts rajooni juhtvit t\u00fc\u00fct\u00e4jit, k\u00e4ve v\u00e4ll\u00e4 m\u00f5tt\u00f5 luvva ka P\u00f5lva rajoonin muus\u00f5um,\nmi\u00e4 n\u00e4\u00fct\u00e4si tuu kandi aoluku. A tuudaigo ol\u00f5-\u00f5s muus\u00f5umi tegemises paslikku kotust.\nUutmalda johus tull s\u00e4itsmek\u00fcmnendide aastid\u00f5 alostus\u00f5n, ku panti kinni Karilatsi algkuul.\nNii alost\u00f5di jo 1971. aastaga s\u00fcg\u00fcse koolimaja \u00fcmbrelt maa k\u00f5rdas\u00e4\u00e4dmist ja sinn\u00e4 muus\u00f5umi\npargi luumist. Suur\u00f5mb jago t\u00fc\u00fcd tetti \u00fctiskundlids\u00f5n k\u00f5rran. Maa p\u00e4\u00e4le s\u00e4eti P\u00f5lva rajooni\nmakett, pist\u00fc panti tuul\u00f5veski, putit\u00f5di ol\u00f5manol\u00f5vit huunit. Ku 1972. aastaga kev\u00e4j\u00e4 l\u00e4tsi\nKarilatsi algkoolist v\u00e4ll\u00e4 viim\u00e4dse l\u00f5p\u00f5taja, naati t\u00fch\u00e4s j\u00e4\u00e4n\u00fct koolihoon\u00f5t muus\u00f5umi\np\u00e4\u00e4majas \u00fcmbre s\u00e4\u00e4dm\u00e4.<\/p>\n\n\n\n<div class=\"wp-block-columns is-layout-flex wp-container-core-columns-is-layout-9d6595d7 wp-block-columns-is-layout-flex\">\n<div class=\"wp-block-column is-layout-flow wp-block-column-is-layout-flow\" style=\"flex-basis:100%\">\n<div class=\"wp-block-media-text is-stacked-on-mobile\" style=\"grid-template-columns:19% auto\"><figure class=\"wp-block-media-text__media\"><img decoding=\"async\" width=\"579\" height=\"800\" src=\"https:\/\/vanavorumaamuuseumid.ee\/wp-content\/uploads\/2025\/10\/PTMF20_67-F13-6_1_pisipilt-TUULIK.jpg\" alt=\"\" class=\"wp-image-3573 size-full\" srcset=\"https:\/\/vanavorumaamuuseumid.ee\/wp-content\/uploads\/2025\/10\/PTMF20_67-F13-6_1_pisipilt-TUULIK.jpg 579w, https:\/\/vanavorumaamuuseumid.ee\/wp-content\/uploads\/2025\/10\/PTMF20_67-F13-6_1_pisipilt-TUULIK-480x663.jpg 480w\" sizes=\"(min-width: 0px) and (max-width: 480px) 480px, (min-width: 481px) 579px, 100vw\" \/><\/figure><div class=\"wp-block-media-text__content\">\n<p>Karilatsi Vaba\u00f5humuus\u00f5umi (tuu ao nimega P\u00f5lva Talorahvamuus\u00f5um) amm\u00f5tlids\u00f5\nasotamis\u00f5ni jouti k\u00fclh \u00f5nn\u00f5 1978. aastaga 28. detsembril. T\u00fc\u00fct\u00e4jide kuunsais kinn\u00fctedi 1.\njaanuarist 1979 ja edim\u00e4dses direktris m\u00e4\u00e4r\u00e4ti J\u00fcri Nopri. K\u00f5rraga alost\u00f5di vanavara\nkorjamis\u00f5ga ja tuu arv\u00f5l\u00f5v\u00f5tmis\u00f5ga muus\u00f5umin. Edeotsa korati ilma valimalda k\u00f5kk\u00f5 vanna,\nmi\u00e4 saia oll. Per\u00e4npool\u00f5 sai korjamin\u00f5 kolm p\u00e4\u00e4m\u00e4st tsihti, nigu muus\u00f5umiala huun\u00f5 noid\nette n\u00e4\u00fctsi: kuul, taloelo ni umavalitsus.<\/p>\n\n\n\n<p><\/p>\n\n\n\n<p>1982. aastagal alost muus\u00f5umin t\u00fc\u00fcd J\u00fcri Metsalu, edim\u00e4lt p\u00e4\u00e4varahoitja, aastaga per\u00e4st\ndirektri amm\u00f5tin. 1984. aastagal v\u00f5tt p\u00e4\u00e4varahoitja t\u00fc\u00fc hind\u00e4 p\u00e4\u00e4le Tiiu Niinem\u00e4gi. Umb\u00f5s\nj\u00e4rgm\u00e4dse k\u00fcmne aastaga sisen tetti p\u00e4\u00e4majan vallal\u00f5 alalin\u00f5 rahvatiid\u00fcsline n\u00e4\u00fct\u00fcs ni Vanda\nJuhansoo m\u00e4leht\u00fcstar\u00f5. K\u00e4hri k\u00fcl\u00e4st ost\u00f5ti riih ja s\u00e4eti n\u00e4\u00fct\u00e4mises \u00fcles, k\u00f5rda tetti vaest\u00f5maja\nni suidsusann. Tuudaigo luudi ka muus\u00f5umi edim\u00e4ne k\u00fcl\u00e4liisiprogramm \u2013 pruutpaar\u00f5\nvastav\u00f5tmin\u00f5. J\u00e4rgm\u00e4dses tull kaval\u00f5 mano koolilatsil\u00f5 m\u00f5t\u00f5ld vanaaon\u00f5 koolitunn ja\nildampa hulga t\u00f5isi muus\u00f5umitunn\u00f5.<\/p>\n\n\n\n<p><\/p>\n<\/div><\/div>\n<\/div>\n<\/div>\n\n\n\n<div class=\"wp-block-media-text has-media-on-the-right is-stacked-on-mobile is-vertically-aligned-center\" style=\"grid-template-columns:auto 36%\"><div class=\"wp-block-media-text__content\">\n<p>2001. aastagal tull muus\u00f5umi etteotsa Reet Roop, ki\u00e4 j\u00e4i taa t\u00fc\u00fc p\u00e4\u00e4le j\u00e4rgm\u00e4dses 20 aastagas.\nTuuht\u00f5 aigo j\u00e4i mitm\u00f5 muus\u00f5umihuun\u00f5 vahts\u00f5ndamin\u00f5, maa-ala k\u00f5rdas\u00e4\u00e4dmine, Punaku talo\nv\u00f5tmine n\u00e4\u00fct\u00fcste, kommunikatsiuun\u00f5 (toro- ni juhtm\u00f5v\u00e4rke?) luumin\u00f5 ja \u00fcmbres\u00e4\u00e4dmine.\n2004. aastagal tetti koolimajan vallal\u00f5 alalin\u00f5 n\u00e4\u00fct\u00fcs \u201ePerismehest perremehes\u201c, mi\u00e4 jagi\nteed\u00fcst umavalitsuisi aoluust; 2017. aastagal tull tuu as\u00f5m\u00f5l\u00f5 n\u00e4\u00fct\u00fcs \u201eKikas kuts\u00f5 koolitarr\u00f5\u201c.<\/p>\n\n\n\n<p>2015. aastaga 1. jaanuaril luudi V\u00f5ro Instituudi man muus\u00f5umiosakund, kohe tuudi kokko\nneli suur\u00f5mbat Vana-V\u00f5romaa aoluuliidsi piire sisse j\u00e4\u00e4v\u00e4t muus\u00f5ummi: Karilatsi\nVaba\u00f5humuus\u00f5um, M\u00f5nist\u00f5 Talorahvamuus\u00f5um, V\u00f5romaa Muus\u00f5um ni Dr. Fr. R.\nKreutzwaldi Memoriaalmuus\u00f5um. Tuust aost p\u00e4\u00e4le t\u00e4\u00fct Karilatsi Vaba\u00f5humuus\u00f5umi juhataja\nkohussit V\u00f5ro Instituudi muus\u00f5umiosakunna juhataja.<\/p>\n<\/div><figure class=\"wp-block-media-text__media\"><img decoding=\"async\" width=\"600\" height=\"450\" src=\"https:\/\/vanavorumaamuuseumid.ee\/wp-content\/uploads\/2025\/10\/Vana-pusinaitus.jpg\" alt=\"\" class=\"wp-image-3596 size-full\" srcset=\"https:\/\/vanavorumaamuuseumid.ee\/wp-content\/uploads\/2025\/10\/Vana-pusinaitus.jpg 600w, https:\/\/vanavorumaamuuseumid.ee\/wp-content\/uploads\/2025\/10\/Vana-pusinaitus-480x360.jpg 480w\" sizes=\"(min-width: 0px) and (max-width: 480px) 480px, (min-width: 481px) 600px, 100vw\" \/><\/figure><\/div>\n\n\n\n<div class=\"wp-block-columns is-layout-flex wp-container-core-columns-is-layout-9d6595d7 wp-block-columns-is-layout-flex\">\n<div class=\"wp-block-column is-layout-flow wp-block-column-is-layout-flow\" style=\"flex-basis:66%\">\n<p><\/p>\n\n\n\n<figure class=\"wp-block-image is-resized\"><img decoding=\"async\" width=\"1024\" height=\"768\" src=\"https:\/\/vanavorumaamuuseumid.ee\/wp-content\/uploads\/2025\/10\/parisorjast-1024x768.jpg\" alt=\"\" class=\"wp-image-3579\" style=\"width:357px;height:auto\" srcset=\"https:\/\/vanavorumaamuuseumid.ee\/wp-content\/uploads\/2025\/10\/parisorjast-980x735.jpg 980w, https:\/\/vanavorumaamuuseumid.ee\/wp-content\/uploads\/2025\/10\/parisorjast-480x360.jpg 480w\" sizes=\"(min-width: 0px) and (max-width: 480px) 480px, (min-width: 481px) and (max-width: 980px) 980px, (min-width: 981px) 1024px, 100vw\" \/><\/figure>\n\n\n\n<p><em>T\u00e4vvelidsemb\u00e4 \u00fclekaehus\u00f5 Karilatsi muus\u00f5umi luust saa P\u00f5lva Talorahvamuus\u00f5umi v\u00e4ll\u00e4\nantust vihuk\u00f5s\u00f5st \u201eKarilatsi kajastused\u201c (2009).<\/em><\/p>\n<\/div>\n\n\n\n<div class=\"wp-block-column is-layout-flow wp-block-column-is-layout-flow\" style=\"flex-basis:34%\">\n<p><\/p>\n\n\n\n<p><\/p>\n\n\n\n<p class=\"has-text-align-left\">Karilatsi Vaba\u00f5humuus\u00f5umi p\u00e4\u00e4ligu:<\/p>\n\n\n\n<p>1979\u20131983&nbsp;&nbsp;&nbsp;&nbsp;&nbsp; J\u00fcri Nopri<\/p>\n\n\n\n<p>1983\u20131992&nbsp;&nbsp;&nbsp;&nbsp;&nbsp; J\u00fcri Metsalu<\/p>\n\n\n\n<p>1993\u20131995&nbsp;&nbsp;&nbsp;&nbsp;&nbsp; Raimond Kaidro<\/p>\n\n\n\n<p>1995\u20132001&nbsp;&nbsp;&nbsp;&nbsp;&nbsp; Enn Esko<\/p>\n\n\n\n<p>2001\u20132021&nbsp;&nbsp;&nbsp;&nbsp;&nbsp; Reet Roop<\/p>\n\n\n\n<p>2021\u20132023&nbsp;&nbsp;&nbsp;&nbsp;&nbsp; Margit Pensa<\/p>\n\n\n\n<p>2023\u2013&nbsp;&nbsp;&nbsp;&nbsp; &nbsp;&nbsp;&nbsp;&nbsp;&nbsp;&nbsp;&nbsp;&nbsp;  Kersti Liloson<\/p>\n<\/div>\n<\/div>\n\n\n\n<div class=\"wp-block-columns is-layout-flex wp-container-core-columns-is-layout-9d6595d7 wp-block-columns-is-layout-flex\">\n<div class=\"wp-block-column is-layout-flow wp-block-column-is-layout-flow\" style=\"flex-basis:100%\">\n<p><\/p>\n\n\n\n<p><\/p>\n\n\n\n<p><a href=\"https:\/\/www.youtube.com\/watch?v=rweDBOWa-ks\"><strong>Vaata ka Karilatsi Vaba\u00f5humuuseumit tutvustavat videot.<\/strong><\/a><\/p>\n<\/div>\n<\/div>","protected":false},"excerpt":{"rendered":"<p>Kuidas s\u00fcndis ja kasvas Karilatsi Vaba\u00f5humuuseum? 1960. aastate keskpaigaks oli k\u00f5ikides tollastes [&hellip;]<\/p>\n","protected":false},"author":1,"featured_media":0,"parent":299,"menu_order":0,"comment_status":"closed","ping_status":"closed","template":"","meta":{"_acf_changed":false,"_et_pb_use_builder":"","_et_pb_old_content":"","_et_gb_content_width":"","footnotes":""},"class_list":["post-301","page","type-page","status-publish","hentry"],"acf":[],"yoast_head":"<!-- This site is optimized with the Yoast SEO plugin v27.4 - https:\/\/yoast.com\/product\/yoast-seo-wordpress\/ -->\n<title>Muuseumi lugu - Vana-V\u00f5rumaa muuseumid<\/title>\n<meta name=\"robots\" content=\"index, follow, max-snippet:-1, max-image-preview:large, max-video-preview:-1\" \/>\n<link rel=\"canonical\" href=\"https:\/\/vanavorumaamuuseumid.ee\/vo\/karilatsimuuseum\/muuseumist\/\" \/>\n<meta property=\"og:locale\" content=\"en_US\" \/>\n<meta property=\"og:type\" content=\"article\" \/>\n<meta property=\"og:title\" content=\"Muuseumi lugu - Vana-V\u00f5rumaa muuseumid\" \/>\n<meta property=\"og:description\" content=\"Kuidas s\u00fcndis ja kasvas Karilatsi Vaba\u00f5humuuseum? 1960. aastate keskpaigaks oli k\u00f5ikides tollastes [&hellip;]\" \/>\n<meta property=\"og:url\" content=\"https:\/\/vanavorumaamuuseumid.ee\/vo\/karilatsimuuseum\/muuseumist\/\" \/>\n<meta property=\"og:site_name\" content=\"Vana-V\u00f5rumaa muuseumid\" \/>\n<meta property=\"article:modified_time\" content=\"2025-10-21T07:48:59+00:00\" \/>\n<meta property=\"og:image\" content=\"https:\/\/vanavorumaamuuseumid.ee\/wp-content\/uploads\/2025\/10\/PTMF20_67-F13-6_1_pisipilt-TUULIK.jpg\" \/>\n\t<meta property=\"og:image:width\" content=\"579\" \/>\n\t<meta property=\"og:image:height\" content=\"800\" \/>\n\t<meta property=\"og:image:type\" content=\"image\/jpeg\" \/>\n<meta name=\"twitter:card\" content=\"summary_large_image\" \/>\n<meta name=\"twitter:label1\" content=\"Est. reading time\" \/>\n\t<meta name=\"twitter:data1\" content=\"3 minutes\" \/>\n<script type=\"application\/ld+json\" class=\"yoast-schema-graph\">{\"@context\":\"https:\\\/\\\/schema.org\",\"@graph\":[{\"@type\":\"WebPage\",\"@id\":\"https:\\\/\\\/vanavorumaamuuseumid.ee\\\/karilatsimuuseum\\\/muuseumist\\\/\",\"url\":\"https:\\\/\\\/vanavorumaamuuseumid.ee\\\/karilatsimuuseum\\\/muuseumist\\\/\",\"name\":\"Muuseumi lugu - Vana-V\u00f5rumaa muuseumid\",\"isPartOf\":{\"@id\":\"https:\\\/\\\/vanavorumaamuuseumid.ee\\\/#website\"},\"primaryImageOfPage\":{\"@id\":\"https:\\\/\\\/vanavorumaamuuseumid.ee\\\/karilatsimuuseum\\\/muuseumist\\\/#primaryimage\"},\"image\":{\"@id\":\"https:\\\/\\\/vanavorumaamuuseumid.ee\\\/karilatsimuuseum\\\/muuseumist\\\/#primaryimage\"},\"thumbnailUrl\":\"https:\\\/\\\/vanavorumaamuuseumid.ee\\\/wp-content\\\/uploads\\\/2025\\\/10\\\/PTMF20_67-F13-6_1_pisipilt-TUULIK.jpg\",\"datePublished\":\"2025-05-09T09:15:22+00:00\",\"dateModified\":\"2025-10-21T07:48:59+00:00\",\"breadcrumb\":{\"@id\":\"https:\\\/\\\/vanavorumaamuuseumid.ee\\\/karilatsimuuseum\\\/muuseumist\\\/#breadcrumb\"},\"inLanguage\":\"vo\",\"potentialAction\":[{\"@type\":\"ReadAction\",\"target\":[\"https:\\\/\\\/vanavorumaamuuseumid.ee\\\/karilatsimuuseum\\\/muuseumist\\\/\"]}]},{\"@type\":\"ImageObject\",\"inLanguage\":\"vo\",\"@id\":\"https:\\\/\\\/vanavorumaamuuseumid.ee\\\/karilatsimuuseum\\\/muuseumist\\\/#primaryimage\",\"url\":\"https:\\\/\\\/vanavorumaamuuseumid.ee\\\/wp-content\\\/uploads\\\/2025\\\/10\\\/PTMF20_67-F13-6_1_pisipilt-TUULIK.jpg\",\"contentUrl\":\"https:\\\/\\\/vanavorumaamuuseumid.ee\\\/wp-content\\\/uploads\\\/2025\\\/10\\\/PTMF20_67-F13-6_1_pisipilt-TUULIK.jpg\"},{\"@type\":\"BreadcrumbList\",\"@id\":\"https:\\\/\\\/vanavorumaamuuseumid.ee\\\/karilatsimuuseum\\\/muuseumist\\\/#breadcrumb\",\"itemListElement\":[{\"@type\":\"ListItem\",\"position\":1,\"name\":\"Home\",\"item\":\"https:\\\/\\\/vanavorumaamuuseumid.ee\\\/\"},{\"@type\":\"ListItem\",\"position\":2,\"name\":\"Karilatsi Vaba\u00f5humuuseum\",\"item\":\"https:\\\/\\\/vanavorumaamuuseumid.ee\\\/karilatsimuuseum\\\/\"},{\"@type\":\"ListItem\",\"position\":3,\"name\":\"Muuseumi lugu\"}]},{\"@type\":\"WebSite\",\"@id\":\"https:\\\/\\\/vanavorumaamuuseumid.ee\\\/#website\",\"url\":\"https:\\\/\\\/vanavorumaamuuseumid.ee\\\/\",\"name\":\"Vana-V\u00f5rumaa Muuseumid\",\"description\":\"V\u00f5rumaa Muuseum, Dr. Fr. R. Kreutzwaldi Memoriaalmuuseum, M\u00f5niste Talurahvamuuseum ja Karilatsi Vaba\u00f5humuuseum\",\"publisher\":{\"@id\":\"https:\\\/\\\/vanavorumaamuuseumid.ee\\\/#organization\"},\"potentialAction\":[{\"@type\":\"SearchAction\",\"target\":{\"@type\":\"EntryPoint\",\"urlTemplate\":\"https:\\\/\\\/vanavorumaamuuseumid.ee\\\/?s={search_term_string}\"},\"query-input\":{\"@type\":\"PropertyValueSpecification\",\"valueRequired\":true,\"valueName\":\"search_term_string\"}}],\"inLanguage\":\"vo\"},{\"@type\":\"Organization\",\"@id\":\"https:\\\/\\\/vanavorumaamuuseumid.ee\\\/#organization\",\"name\":\"V\u00f5ru Instituut\",\"url\":\"https:\\\/\\\/vanavorumaamuuseumid.ee\\\/\",\"logo\":{\"@type\":\"ImageObject\",\"inLanguage\":\"vo\",\"@id\":\"https:\\\/\\\/vanavorumaamuuseumid.ee\\\/#\\\/schema\\\/logo\\\/image\\\/\",\"url\":\"https:\\\/\\\/vanavorumaamuuseumid.ee\\\/wp-content\\\/uploads\\\/2025\\\/05\\\/vana-voromaa-muusoumi-250516.svg\",\"contentUrl\":\"https:\\\/\\\/vanavorumaamuuseumid.ee\\\/wp-content\\\/uploads\\\/2025\\\/05\\\/vana-voromaa-muusoumi-250516.svg\",\"width\":567,\"height\":80,\"caption\":\"V\u00f5ru Instituut\"},\"image\":{\"@id\":\"https:\\\/\\\/vanavorumaamuuseumid.ee\\\/#\\\/schema\\\/logo\\\/image\\\/\"}}]}<\/script>\n<!-- \/ Yoast SEO plugin. -->","yoast_head_json":{"title":"Muuseumi lugu - Vana-V\u00f5rumaa muuseumid","robots":{"index":"index","follow":"follow","max-snippet":"max-snippet:-1","max-image-preview":"max-image-preview:large","max-video-preview":"max-video-preview:-1"},"canonical":"https:\/\/vanavorumaamuuseumid.ee\/vo\/karilatsimuuseum\/muuseumist\/","og_locale":"en_US","og_type":"article","og_title":"Muuseumi lugu - Vana-V\u00f5rumaa muuseumid","og_description":"Kuidas s\u00fcndis ja kasvas Karilatsi Vaba\u00f5humuuseum? 1960. aastate keskpaigaks oli k\u00f5ikides tollastes [&hellip;]","og_url":"https:\/\/vanavorumaamuuseumid.ee\/vo\/karilatsimuuseum\/muuseumist\/","og_site_name":"Vana-V\u00f5rumaa muuseumid","article_modified_time":"2025-10-21T07:48:59+00:00","og_image":[{"width":579,"height":800,"url":"https:\/\/vanavorumaamuuseumid.ee\/wp-content\/uploads\/2025\/10\/PTMF20_67-F13-6_1_pisipilt-TUULIK.jpg","type":"image\/jpeg"}],"twitter_card":"summary_large_image","twitter_misc":{"Est. reading time":"3 minutes"},"schema":{"@context":"https:\/\/schema.org","@graph":[{"@type":"WebPage","@id":"https:\/\/vanavorumaamuuseumid.ee\/karilatsimuuseum\/muuseumist\/","url":"https:\/\/vanavorumaamuuseumid.ee\/karilatsimuuseum\/muuseumist\/","name":"Muuseumi lugu - Vana-V\u00f5rumaa muuseumid","isPartOf":{"@id":"https:\/\/vanavorumaamuuseumid.ee\/#website"},"primaryImageOfPage":{"@id":"https:\/\/vanavorumaamuuseumid.ee\/karilatsimuuseum\/muuseumist\/#primaryimage"},"image":{"@id":"https:\/\/vanavorumaamuuseumid.ee\/karilatsimuuseum\/muuseumist\/#primaryimage"},"thumbnailUrl":"https:\/\/vanavorumaamuuseumid.ee\/wp-content\/uploads\/2025\/10\/PTMF20_67-F13-6_1_pisipilt-TUULIK.jpg","datePublished":"2025-05-09T09:15:22+00:00","dateModified":"2025-10-21T07:48:59+00:00","breadcrumb":{"@id":"https:\/\/vanavorumaamuuseumid.ee\/karilatsimuuseum\/muuseumist\/#breadcrumb"},"inLanguage":"vo","potentialAction":[{"@type":"ReadAction","target":["https:\/\/vanavorumaamuuseumid.ee\/karilatsimuuseum\/muuseumist\/"]}]},{"@type":"ImageObject","inLanguage":"vo","@id":"https:\/\/vanavorumaamuuseumid.ee\/karilatsimuuseum\/muuseumist\/#primaryimage","url":"https:\/\/vanavorumaamuuseumid.ee\/wp-content\/uploads\/2025\/10\/PTMF20_67-F13-6_1_pisipilt-TUULIK.jpg","contentUrl":"https:\/\/vanavorumaamuuseumid.ee\/wp-content\/uploads\/2025\/10\/PTMF20_67-F13-6_1_pisipilt-TUULIK.jpg"},{"@type":"BreadcrumbList","@id":"https:\/\/vanavorumaamuuseumid.ee\/karilatsimuuseum\/muuseumist\/#breadcrumb","itemListElement":[{"@type":"ListItem","position":1,"name":"Home","item":"https:\/\/vanavorumaamuuseumid.ee\/"},{"@type":"ListItem","position":2,"name":"Karilatsi Vaba\u00f5humuuseum","item":"https:\/\/vanavorumaamuuseumid.ee\/karilatsimuuseum\/"},{"@type":"ListItem","position":3,"name":"Muuseumi lugu"}]},{"@type":"WebSite","@id":"https:\/\/vanavorumaamuuseumid.ee\/#website","url":"https:\/\/vanavorumaamuuseumid.ee\/","name":"Vana-V\u00f5rumaa Muuseumid","description":"V\u00f5rumaa Muuseum, Dr. Fr. R. Kreutzwaldi Memoriaalmuuseum, M\u00f5niste Talurahvamuuseum ja Karilatsi Vaba\u00f5humuuseum","publisher":{"@id":"https:\/\/vanavorumaamuuseumid.ee\/#organization"},"potentialAction":[{"@type":"SearchAction","target":{"@type":"EntryPoint","urlTemplate":"https:\/\/vanavorumaamuuseumid.ee\/?s={search_term_string}"},"query-input":{"@type":"PropertyValueSpecification","valueRequired":true,"valueName":"search_term_string"}}],"inLanguage":"vo"},{"@type":"Organization","@id":"https:\/\/vanavorumaamuuseumid.ee\/#organization","name":"V\u00f5ru Instituut","url":"https:\/\/vanavorumaamuuseumid.ee\/","logo":{"@type":"ImageObject","inLanguage":"vo","@id":"https:\/\/vanavorumaamuuseumid.ee\/#\/schema\/logo\/image\/","url":"https:\/\/vanavorumaamuuseumid.ee\/wp-content\/uploads\/2025\/05\/vana-voromaa-muusoumi-250516.svg","contentUrl":"https:\/\/vanavorumaamuuseumid.ee\/wp-content\/uploads\/2025\/05\/vana-voromaa-muusoumi-250516.svg","width":567,"height":80,"caption":"V\u00f5ru Instituut"},"image":{"@id":"https:\/\/vanavorumaamuuseumid.ee\/#\/schema\/logo\/image\/"}}]}},"_links":{"self":[{"href":"https:\/\/vanavorumaamuuseumid.ee\/vo\/wp-json\/wp\/v2\/pages\/301","targetHints":{"allow":["GET"]}}],"collection":[{"href":"https:\/\/vanavorumaamuuseumid.ee\/vo\/wp-json\/wp\/v2\/pages"}],"about":[{"href":"https:\/\/vanavorumaamuuseumid.ee\/vo\/wp-json\/wp\/v2\/types\/page"}],"author":[{"embeddable":true,"href":"https:\/\/vanavorumaamuuseumid.ee\/vo\/wp-json\/wp\/v2\/users\/1"}],"replies":[{"embeddable":true,"href":"https:\/\/vanavorumaamuuseumid.ee\/vo\/wp-json\/wp\/v2\/comments?post=301"}],"version-history":[{"count":44,"href":"https:\/\/vanavorumaamuuseumid.ee\/vo\/wp-json\/wp\/v2\/pages\/301\/revisions"}],"predecessor-version":[{"id":4221,"href":"https:\/\/vanavorumaamuuseumid.ee\/vo\/wp-json\/wp\/v2\/pages\/301\/revisions\/4221"}],"up":[{"embeddable":true,"href":"https:\/\/vanavorumaamuuseumid.ee\/vo\/wp-json\/wp\/v2\/pages\/299"}],"wp:attachment":[{"href":"https:\/\/vanavorumaamuuseumid.ee\/vo\/wp-json\/wp\/v2\/media?parent=301"}],"curies":[{"name":"wp","href":"https:\/\/api.w.org\/{rel}","templated":true}]}}