{"id":307,"date":"2025-05-09T12:16:17","date_gmt":"2025-05-09T09:16:17","guid":{"rendered":"https:\/\/vanavorumaamuuseumid.ee\/?page_id=307"},"modified":"2025-09-18T10:18:02","modified_gmt":"2025-09-18T07:18:02","slug":"kogud","status":"publish","type":"page","link":"https:\/\/vanavorumaamuuseumid.ee\/vo\/karilatsimuuseum\/kogud\/","title":{"rendered":"Kogo"},"content":{"rendered":"<h2 class=\"wp-block-heading\">Karilatsi Vaba\u00f5humuus\u00f5umi kogo<\/h2>\n\n\n\n<p>Aokir\u00e4nd\u00fcs (AJ)<br>Arhiiv (Arh) sh postkaardi (Pk)<br>Kaardikogo (sainakaardi) (Ka)<br>Arhiivraamadukogo (AR)<br>Opiraamatid\u00f5 kogo (opiraamadu, t\u00fc\u00fcvihu) (AR-\u00d5)<br>Audiovisuaaln\u00f5 (AV)<br>Asakogo (E) sh m\u00e4rgikogo (M)<br>Raudrahakogo (Num)<br>Kunstikogo (K)<br>P\u00e4\u00e4v\u00e4pildikogo (F)<\/p>\n\n\n\n<div class=\"wp-block-buttons is-layout-flex wp-block-buttons-is-layout-flex\">\n<div class=\"wp-block-button\"><a class=\"wp-block-button__link wp-element-button\" href=\"\/vo\/kogude-kasutamise-dokument\/\" target=\"_blank\" rel=\"noreferrer noopener\">Kogude kasutamise dokument<\/a><\/div>\n<\/div>\n\n\n\n<div style=\"height:20px\" aria-hidden=\"true\" class=\"wp-block-spacer\"><\/div>\n\n\n\n<div class=\"wp-block-buttons is-layout-flex wp-block-buttons-is-layout-flex\">\n<div class=\"wp-block-button\"><a class=\"wp-block-button__link wp-element-button\" href=\"\/vo\/kogumispohimotted-dokument\/\" target=\"_blank\" rel=\"noreferrer noopener\">Kogumisp\u00f5him\u00f5tted dokument<\/a><\/div>\n<\/div>\n\n\n\n<div style=\"height:50px\" aria-hidden=\"true\" class=\"wp-block-spacer\"><\/div>\n\n\n\n<h2 class=\"wp-block-heading\">Muuseum kogub<\/h2>\n\n\n\n<p>Kutsume Vana-V\u00f5romaa \u00f5petajaid, \u00f5pilasi ja k\u00f5iki huvilisi j\u00e4\u00e4dvustama koolielu l\u00e4bi fotode.<\/p>\n\n\n\n<p>Muuseumis on palju fotosid koolidest vanal ajal ja n\u00f5ukogude ajal, kuid puudu on t\u00e4nased koolid. Lapsi j\u00e4\u00e4b j\u00e4rjest v\u00e4hemaks ja nii m\u00f5nigi t\u00e4nasel p\u00e4eval tegutsev kool v\u00f5ib olla m\u00f5ne aja p\u00e4rast suletud koolide hulgas.<\/p>\n\n\n\n<p><strong>Ootame fotosid koolimajadest (nii seest kui v\u00e4ljast), koolielust, s\u00fcndmustest, traditsioonidest, \u00f5petajatest, \u00f5pilastest<\/strong> ja k\u00f5igest huvitavast, mis kooliseinte vahel toimub ja v\u00f5iks tulevikus huvitav vaadata olla.<\/p>\n\n\n\n<p>Fotole soovime kindlasti juurde, mis s\u00fcndmuse v\u00f5i objektiga on tegu, kes pildistas. Kui on huvitavaid fotosid varasemast ajast, v\u00f5tame needki hea meelega oma kogusse.<\/p>\n\n\n\n<p>2026. m\u00f6\u00f6dub 260. aastat Karilatsi kooli asutamisest. Karilatsi kool t\u00f6\u00f6tas 1972. aastani.<\/p>\n\n\n\n<p>Inimestega fotode kohta palume teie luba neid fotosid avalikult kasutada.<\/p>\n\n\n\n<p>J\u00e4\u00e4dvustame koos, mida n\u00e4eme t\u00e4na!<\/p>\n\n\n\n<p>Fotod palume saata: &#x70;&#111;&#x6c;&#x76;&#97;&#x6d;&#97;a&#x40;&#119;i&#x2e;&#101;e; &#116;&#x69;&#105;&#x75;&#46;&#x6e;&#105;&#x69;&#110;&#x65;&#109;&#x61;&#103;&#x69;&#64;&#x77;&#105;&#x2e;&#101;&#x65;<\/p>\n\n\n\n<p>K\u00fcsimuste korral vastame: 56 63 09 73 (Tiiu Niinem\u00e4gi);&nbsp; 79 70 310<\/p>\n\n\n\n<p>Kogudega saab tutvuda: <a href=\"http:\/\/www.muis.ee\/\" target=\"_blank\" rel=\"noreferrer noopener\">Karilatsi Vaba\u00f5humuuseumi kogud MuIs-s<\/a><\/p>\n\n\n\n<p>Kogude kohta t\u00e4psemat informatsiooni saab Karilatsi Vaba\u00f5humuuseumi koguhoidjalt. Selleks helistage t\u00f6\u00f6p\u00e4eviti kella 9-15 muuseumi telefonil 797 0310 v\u00f5i saatke e-kiri aadressil: p&#111;&#x6c;&#x76;a&#109;&#x61;&#x61;&#64;&#119;&#x69;&#x2e;e&#101;. Loomulikult v\u00f5ib Karilatsist t\u00f6\u00f6p\u00e4eviti ka l\u00e4bi astuda, kuid siis oleks parem ette teatada (tel +372 5801 8601, 7970 310).<\/p>\n\n\n\n<p>Koguhoidja <strong>Tiiu Niinem\u00e4gi<\/strong>.<\/p>","protected":false},"excerpt":{"rendered":"<p>Karilatsi Vaba\u00f5humuuseumi kogud Ajakirjandus (AJ)Arhiiv (Arh) sh postkaardid (Pk)Kaardikogu (seinakaardid) (Ka)Arhiivraamatukogu (AR)\u00d5pikutekogu [&hellip;]<\/p>\n","protected":false},"author":1,"featured_media":0,"parent":299,"menu_order":0,"comment_status":"closed","ping_status":"closed","template":"","meta":{"_acf_changed":false,"_et_pb_use_builder":"","_et_pb_old_content":"","_et_gb_content_width":"","footnotes":""},"class_list":["post-307","page","type-page","status-publish","hentry"],"acf":[],"yoast_head":"<!-- This site is optimized with the Yoast SEO plugin v27.4 - https:\/\/yoast.com\/product\/yoast-seo-wordpress\/ -->\n<title>Kogud - Vana-V\u00f5rumaa muuseumid<\/title>\n<meta name=\"robots\" content=\"index, follow, max-snippet:-1, max-image-preview:large, max-video-preview:-1\" \/>\n<link rel=\"canonical\" href=\"https:\/\/vanavorumaamuuseumid.ee\/vo\/karilatsimuuseum\/kogud\/\" \/>\n<meta property=\"og:locale\" content=\"en_US\" \/>\n<meta property=\"og:type\" content=\"article\" \/>\n<meta property=\"og:title\" content=\"Kogud - Vana-V\u00f5rumaa muuseumid\" \/>\n<meta property=\"og:description\" content=\"Karilatsi Vaba\u00f5humuuseumi kogud Ajakirjandus (AJ)Arhiiv (Arh) sh postkaardid (Pk)Kaardikogu (seinakaardid) (Ka)Arhiivraamatukogu (AR)\u00d5pikutekogu [&hellip;]\" \/>\n<meta property=\"og:url\" content=\"https:\/\/vanavorumaamuuseumid.ee\/vo\/karilatsimuuseum\/kogud\/\" \/>\n<meta property=\"og:site_name\" content=\"Vana-V\u00f5rumaa muuseumid\" \/>\n<meta property=\"article:modified_time\" content=\"2025-09-18T07:18:02+00:00\" \/>\n<meta name=\"twitter:card\" content=\"summary_large_image\" \/>\n<meta name=\"twitter:label1\" content=\"Est. reading time\" \/>\n\t<meta name=\"twitter:data1\" content=\"1 minute\" \/>\n<script type=\"application\/ld+json\" class=\"yoast-schema-graph\">{\"@context\":\"https:\\\/\\\/schema.org\",\"@graph\":[{\"@type\":\"WebPage\",\"@id\":\"https:\\\/\\\/vanavorumaamuuseumid.ee\\\/karilatsimuuseum\\\/kogud\\\/\",\"url\":\"https:\\\/\\\/vanavorumaamuuseumid.ee\\\/karilatsimuuseum\\\/kogud\\\/\",\"name\":\"Kogud - Vana-V\u00f5rumaa muuseumid\",\"isPartOf\":{\"@id\":\"https:\\\/\\\/vanavorumaamuuseumid.ee\\\/#website\"},\"datePublished\":\"2025-05-09T09:16:17+00:00\",\"dateModified\":\"2025-09-18T07:18:02+00:00\",\"breadcrumb\":{\"@id\":\"https:\\\/\\\/vanavorumaamuuseumid.ee\\\/karilatsimuuseum\\\/kogud\\\/#breadcrumb\"},\"inLanguage\":\"vo\",\"potentialAction\":[{\"@type\":\"ReadAction\",\"target\":[\"https:\\\/\\\/vanavorumaamuuseumid.ee\\\/karilatsimuuseum\\\/kogud\\\/\"]}]},{\"@type\":\"BreadcrumbList\",\"@id\":\"https:\\\/\\\/vanavorumaamuuseumid.ee\\\/karilatsimuuseum\\\/kogud\\\/#breadcrumb\",\"itemListElement\":[{\"@type\":\"ListItem\",\"position\":1,\"name\":\"Home\",\"item\":\"https:\\\/\\\/vanavorumaamuuseumid.ee\\\/\"},{\"@type\":\"ListItem\",\"position\":2,\"name\":\"Karilatsi Vaba\u00f5humuuseum\",\"item\":\"https:\\\/\\\/vanavorumaamuuseumid.ee\\\/karilatsimuuseum\\\/\"},{\"@type\":\"ListItem\",\"position\":3,\"name\":\"Kogud\"}]},{\"@type\":\"WebSite\",\"@id\":\"https:\\\/\\\/vanavorumaamuuseumid.ee\\\/#website\",\"url\":\"https:\\\/\\\/vanavorumaamuuseumid.ee\\\/\",\"name\":\"Vana-V\u00f5rumaa Muuseumid\",\"description\":\"V\u00f5rumaa Muuseum, Dr. Fr. R. Kreutzwaldi Memoriaalmuuseum, M\u00f5niste Talurahvamuuseum ja Karilatsi Vaba\u00f5humuuseum\",\"publisher\":{\"@id\":\"https:\\\/\\\/vanavorumaamuuseumid.ee\\\/#organization\"},\"potentialAction\":[{\"@type\":\"SearchAction\",\"target\":{\"@type\":\"EntryPoint\",\"urlTemplate\":\"https:\\\/\\\/vanavorumaamuuseumid.ee\\\/?s={search_term_string}\"},\"query-input\":{\"@type\":\"PropertyValueSpecification\",\"valueRequired\":true,\"valueName\":\"search_term_string\"}}],\"inLanguage\":\"vo\"},{\"@type\":\"Organization\",\"@id\":\"https:\\\/\\\/vanavorumaamuuseumid.ee\\\/#organization\",\"name\":\"V\u00f5ru Instituut\",\"url\":\"https:\\\/\\\/vanavorumaamuuseumid.ee\\\/\",\"logo\":{\"@type\":\"ImageObject\",\"inLanguage\":\"vo\",\"@id\":\"https:\\\/\\\/vanavorumaamuuseumid.ee\\\/#\\\/schema\\\/logo\\\/image\\\/\",\"url\":\"https:\\\/\\\/vanavorumaamuuseumid.ee\\\/wp-content\\\/uploads\\\/2025\\\/05\\\/vana-voromaa-muusoumi-250516.svg\",\"contentUrl\":\"https:\\\/\\\/vanavorumaamuuseumid.ee\\\/wp-content\\\/uploads\\\/2025\\\/05\\\/vana-voromaa-muusoumi-250516.svg\",\"width\":567,\"height\":80,\"caption\":\"V\u00f5ru Instituut\"},\"image\":{\"@id\":\"https:\\\/\\\/vanavorumaamuuseumid.ee\\\/#\\\/schema\\\/logo\\\/image\\\/\"}}]}<\/script>\n<!-- \/ Yoast SEO plugin. -->","yoast_head_json":{"title":"Kogud - Vana-V\u00f5rumaa muuseumid","robots":{"index":"index","follow":"follow","max-snippet":"max-snippet:-1","max-image-preview":"max-image-preview:large","max-video-preview":"max-video-preview:-1"},"canonical":"https:\/\/vanavorumaamuuseumid.ee\/vo\/karilatsimuuseum\/kogud\/","og_locale":"en_US","og_type":"article","og_title":"Kogud - Vana-V\u00f5rumaa muuseumid","og_description":"Karilatsi Vaba\u00f5humuuseumi kogud Ajakirjandus (AJ)Arhiiv (Arh) sh postkaardid (Pk)Kaardikogu (seinakaardid) (Ka)Arhiivraamatukogu (AR)\u00d5pikutekogu [&hellip;]","og_url":"https:\/\/vanavorumaamuuseumid.ee\/vo\/karilatsimuuseum\/kogud\/","og_site_name":"Vana-V\u00f5rumaa muuseumid","article_modified_time":"2025-09-18T07:18:02+00:00","twitter_card":"summary_large_image","twitter_misc":{"Est. reading time":"1 minute"},"schema":{"@context":"https:\/\/schema.org","@graph":[{"@type":"WebPage","@id":"https:\/\/vanavorumaamuuseumid.ee\/karilatsimuuseum\/kogud\/","url":"https:\/\/vanavorumaamuuseumid.ee\/karilatsimuuseum\/kogud\/","name":"Kogud - Vana-V\u00f5rumaa muuseumid","isPartOf":{"@id":"https:\/\/vanavorumaamuuseumid.ee\/#website"},"datePublished":"2025-05-09T09:16:17+00:00","dateModified":"2025-09-18T07:18:02+00:00","breadcrumb":{"@id":"https:\/\/vanavorumaamuuseumid.ee\/karilatsimuuseum\/kogud\/#breadcrumb"},"inLanguage":"vo","potentialAction":[{"@type":"ReadAction","target":["https:\/\/vanavorumaamuuseumid.ee\/karilatsimuuseum\/kogud\/"]}]},{"@type":"BreadcrumbList","@id":"https:\/\/vanavorumaamuuseumid.ee\/karilatsimuuseum\/kogud\/#breadcrumb","itemListElement":[{"@type":"ListItem","position":1,"name":"Home","item":"https:\/\/vanavorumaamuuseumid.ee\/"},{"@type":"ListItem","position":2,"name":"Karilatsi Vaba\u00f5humuuseum","item":"https:\/\/vanavorumaamuuseumid.ee\/karilatsimuuseum\/"},{"@type":"ListItem","position":3,"name":"Kogud"}]},{"@type":"WebSite","@id":"https:\/\/vanavorumaamuuseumid.ee\/#website","url":"https:\/\/vanavorumaamuuseumid.ee\/","name":"Vana-V\u00f5rumaa Muuseumid","description":"V\u00f5rumaa Muuseum, Dr. Fr. R. Kreutzwaldi Memoriaalmuuseum, M\u00f5niste Talurahvamuuseum ja Karilatsi Vaba\u00f5humuuseum","publisher":{"@id":"https:\/\/vanavorumaamuuseumid.ee\/#organization"},"potentialAction":[{"@type":"SearchAction","target":{"@type":"EntryPoint","urlTemplate":"https:\/\/vanavorumaamuuseumid.ee\/?s={search_term_string}"},"query-input":{"@type":"PropertyValueSpecification","valueRequired":true,"valueName":"search_term_string"}}],"inLanguage":"vo"},{"@type":"Organization","@id":"https:\/\/vanavorumaamuuseumid.ee\/#organization","name":"V\u00f5ru Instituut","url":"https:\/\/vanavorumaamuuseumid.ee\/","logo":{"@type":"ImageObject","inLanguage":"vo","@id":"https:\/\/vanavorumaamuuseumid.ee\/#\/schema\/logo\/image\/","url":"https:\/\/vanavorumaamuuseumid.ee\/wp-content\/uploads\/2025\/05\/vana-voromaa-muusoumi-250516.svg","contentUrl":"https:\/\/vanavorumaamuuseumid.ee\/wp-content\/uploads\/2025\/05\/vana-voromaa-muusoumi-250516.svg","width":567,"height":80,"caption":"V\u00f5ru Instituut"},"image":{"@id":"https:\/\/vanavorumaamuuseumid.ee\/#\/schema\/logo\/image\/"}}]}},"_links":{"self":[{"href":"https:\/\/vanavorumaamuuseumid.ee\/vo\/wp-json\/wp\/v2\/pages\/307","targetHints":{"allow":["GET"]}}],"collection":[{"href":"https:\/\/vanavorumaamuuseumid.ee\/vo\/wp-json\/wp\/v2\/pages"}],"about":[{"href":"https:\/\/vanavorumaamuuseumid.ee\/vo\/wp-json\/wp\/v2\/types\/page"}],"author":[{"embeddable":true,"href":"https:\/\/vanavorumaamuuseumid.ee\/vo\/wp-json\/wp\/v2\/users\/1"}],"replies":[{"embeddable":true,"href":"https:\/\/vanavorumaamuuseumid.ee\/vo\/wp-json\/wp\/v2\/comments?post=307"}],"version-history":[{"count":6,"href":"https:\/\/vanavorumaamuuseumid.ee\/vo\/wp-json\/wp\/v2\/pages\/307\/revisions"}],"predecessor-version":[{"id":3028,"href":"https:\/\/vanavorumaamuuseumid.ee\/vo\/wp-json\/wp\/v2\/pages\/307\/revisions\/3028"}],"up":[{"embeddable":true,"href":"https:\/\/vanavorumaamuuseumid.ee\/vo\/wp-json\/wp\/v2\/pages\/299"}],"wp:attachment":[{"href":"https:\/\/vanavorumaamuuseumid.ee\/vo\/wp-json\/wp\/v2\/media?parent=307"}],"curies":[{"name":"wp","href":"https:\/\/api.w.org\/{rel}","templated":true}]}}