{"id":309,"date":"2025-05-09T12:16:36","date_gmt":"2025-05-09T09:16:36","guid":{"rendered":"https:\/\/vanavorumaamuuseumid.ee\/?page_id=309"},"modified":"2025-10-15T16:02:44","modified_gmt":"2025-10-15T13:02:44","slug":"sundmused","status":"publish","type":"page","link":"https:\/\/vanavorumaamuuseumid.ee\/vo\/karilatsimuuseum\/sundmused\/","title":{"rendered":"Ettev\u00f5tmis\u00f5"},"content":{"rendered":"<div class=\"events-posts\"><div class=\"owl-carousel owl-theme sundmused-items\"><div class=\"item\">\r\n    <div class=\"thumb\">\r\n        <a href=\"https:\/\/vanavorumaamuuseumid.ee\/vo\/karilatsi-sundmus\/muuseumioo-oos-on-haali\/\"><img decoding=\"async\" width=\"480\" height=\"270\" src=\"https:\/\/vanavorumaamuuseumid.ee\/wp-content\/uploads\/2026\/04\/820x360px_muuseum2026_FB-logod-480x270.jpg\" class=\"attachment-thumbnail size-thumbnail wp-post-image\" alt=\"\" \/><\/a>\r\n    <\/div><div class=\"category category-karilatsi-vabaohumuuseum\">Karilatsi Vaba\u00f5humuuseum<\/div>    <h3><a href=\"https:\/\/vanavorumaamuuseumid.ee\/vo\/karilatsi-sundmus\/muuseumioo-oos-on-haali\/\">Muuseumi\u00f6\u00f6 &#8220;\u00d6\u00f6s on h\u00e4\u00e4li&#8221;<\/a><\/h3>\r\n    \r\n<\/div><div class=\"item\">\r\n    <div class=\"thumb\">\r\n        <a href=\"https:\/\/vanavorumaamuuseumid.ee\/vo\/karilatsi-sundmus\/voru-keele-laager-karilatsis\/\"><img decoding=\"async\" width=\"480\" height=\"270\" src=\"https:\/\/vanavorumaamuuseumid.ee\/wp-content\/uploads\/2026\/04\/Kuj.-Karilatsi-Vabaohumuuseum-koopia-2-480x270.jpg\" class=\"attachment-thumbnail size-thumbnail wp-post-image\" alt=\"\" \/><\/a>\r\n    <\/div><div class=\"category category-karilatsi-vabaohumuuseum\">Karilatsi Vaba\u00f5humuuseum<\/div>    <h3><a href=\"https:\/\/vanavorumaamuuseumid.ee\/vo\/karilatsi-sundmus\/voru-keele-laager-karilatsis\/\">V\u00f5ru keele laager Karilatsis<\/a><\/h3>\r\n    \r\n<\/div><div class=\"item\">\r\n    <div class=\"thumb\">\r\n        <a href=\"https:\/\/vanavorumaamuuseumid.ee\/vo\/karilatsi-sundmus\/tasuta-muuseumitunnid-opilasruhmadele-2026-aastal\/\"><img decoding=\"async\" width=\"480\" height=\"270\" src=\"https:\/\/vanavorumaamuuseumid.ee\/wp-content\/uploads\/2026\/03\/Vallakohtunik-480x270.jpg\" class=\"attachment-thumbnail size-thumbnail wp-post-image\" alt=\"\" \/><\/a>\r\n    <\/div><div class=\"category category-karilatsi-vabaohumuuseum\">Karilatsi Vaba\u00f5humuuseum<\/div>    <h3><a href=\"https:\/\/vanavorumaamuuseumid.ee\/vo\/karilatsi-sundmus\/tasuta-muuseumitunnid-opilasruhmadele-2026-aastal\/\">Tasuta muuseumitunnid \u00f5pilasr\u00fchmadele 2026. aastal<\/a><\/h3>\r\n    \r\n<\/div><div class=\"item\">\r\n    <div class=\"thumb\">\r\n        <a href=\"https:\/\/vanavorumaamuuseumid.ee\/vo\/karilatsi-sundmus\/kiigenadal-karilatsis-30-martsist-2-aprillini\/\"><img decoding=\"async\" width=\"480\" height=\"270\" src=\"https:\/\/vanavorumaamuuseumid.ee\/wp-content\/uploads\/2026\/02\/Munapyhad-2026-1-480x270.jpg\" class=\"attachment-thumbnail size-thumbnail wp-post-image\" alt=\"\" \/><\/a>\r\n    <\/div><div class=\"category category-karilatsi-vabaohumuuseum\">Karilatsi Vaba\u00f5humuuseum<\/div>    <h3><a href=\"https:\/\/vanavorumaamuuseumid.ee\/vo\/karilatsi-sundmus\/kiigenadal-karilatsis-30-martsist-2-aprillini\/\">Kiigen\u00e4dal Karilatsis 30. m\u00e4rtsist 2. aprillini<\/a><\/h3>\r\n    \r\n<\/div><div class=\"item\">\r\n    <div class=\"thumb\">\r\n        <a href=\"https:\/\/vanavorumaamuuseumid.ee\/vo\/karilatsi-sundmus\/palju-onne-eesti\/\"><img decoding=\"async\" width=\"480\" height=\"270\" src=\"https:\/\/vanavorumaamuuseumid.ee\/wp-content\/uploads\/2026\/02\/POE-2026-480x270.jpg\" class=\"attachment-thumbnail size-thumbnail wp-post-image\" alt=\"\" \/><\/a>\r\n    <\/div><div class=\"category category-karilatsi-vabaohumuuseum\">Karilatsi Vaba\u00f5humuuseum<\/div>    <h3><a href=\"https:\/\/vanavorumaamuuseumid.ee\/vo\/karilatsi-sundmus\/palju-onne-eesti\/\">Palju \u00f5nne, Eesti!<\/a><\/h3>\r\n    \r\n<\/div><div class=\"item\">\r\n    <div class=\"thumb\">\r\n        <a href=\"https:\/\/vanavorumaamuuseumid.ee\/vo\/karilatsi-sundmus\/vastlatund-liuge-liuge-lihaheited-karilatsis\/\"><img decoding=\"async\" width=\"480\" height=\"270\" src=\"https:\/\/vanavorumaamuuseumid.ee\/wp-content\/uploads\/2026\/01\/Lihaheit-26-480x270.jpg\" class=\"attachment-thumbnail size-thumbnail wp-post-image\" alt=\"\" \/><\/a>\r\n    <\/div><div class=\"category category-karilatsi-vabaohumuuseum\">Karilatsi Vaba\u00f5humuuseum<\/div>    <h3><a href=\"https:\/\/vanavorumaamuuseumid.ee\/vo\/karilatsi-sundmus\/vastlatund-liuge-liuge-lihaheited-karilatsis\/\">Vastlatund \u201eLiuge-liuge, lihaheited!\u201c Karilatsis<\/a><\/h3>\r\n    \r\n<\/div><div class=\"item\">\r\n    <div class=\"thumb\">\r\n        <a href=\"https:\/\/vanavorumaamuuseumid.ee\/vo\/karilatsi-sundmus\/vastlapaeva-perepaev-hoissa-vastlad\/\"><img decoding=\"async\" width=\"480\" height=\"270\" src=\"https:\/\/vanavorumaamuuseumid.ee\/wp-content\/uploads\/2026\/01\/Vastlapaev-1-480x270.jpg\" class=\"attachment-thumbnail size-thumbnail wp-post-image\" alt=\"\" \/><\/a>\r\n    <\/div><div class=\"category category-karilatsi-vabaohumuuseum\">Karilatsi Vaba\u00f5humuuseum<\/div>    <h3><a href=\"https:\/\/vanavorumaamuuseumid.ee\/vo\/karilatsi-sundmus\/vastlapaeva-perepaev-hoissa-vastlad\/\">S\u00f5bralik perep\u00e4ev &#8220;H\u00f5issa, vastlad!&#8221;<\/a><\/h3>\r\n    \r\n<\/div><div class=\"item\">\r\n    <div class=\"thumb\">\r\n        <a href=\"https:\/\/vanavorumaamuuseumid.ee\/vo\/karilatsi-sundmus\/karilatsi-vabaohumuuseumi-tahistab-sunnipaeva\/\"><img decoding=\"async\" width=\"480\" height=\"270\" src=\"https:\/\/vanavorumaamuuseumid.ee\/wp-content\/uploads\/2025\/12\/24.-november-2025.-a._2-480x270.jfif\" class=\"attachment-thumbnail size-thumbnail wp-post-image\" alt=\"\" \/><\/a>\r\n    <\/div><div class=\"category category-karilatsi-vabaohumuuseum\">Karilatsi Vaba\u00f5humuuseum<\/div>    <h3><a href=\"https:\/\/vanavorumaamuuseumid.ee\/vo\/karilatsi-sundmus\/karilatsi-vabaohumuuseumi-tahistab-sunnipaeva\/\">Karilatsi Vaba\u00f5humuuseumi t\u00e4histab s\u00fcnnip\u00e4eva<\/a><\/h3>\r\n    \r\n<\/div><div class=\"item\">\r\n    <div class=\"thumb\">\r\n        <a href=\"https:\/\/vanavorumaamuuseumid.ee\/vo\/karilatsi-sundmus\/tule-muuseumi-ka-talvehooajal\/\"><img decoding=\"async\" width=\"480\" height=\"270\" src=\"https:\/\/vanavorumaamuuseumid.ee\/wp-content\/uploads\/2025\/12\/2026-joulud-1-480x270.jpg\" class=\"attachment-thumbnail size-thumbnail wp-post-image\" alt=\"\" \/><\/a>\r\n    <\/div><div class=\"category category-karilatsi-vabaohumuuseum\">Karilatsi Vaba\u00f5humuuseum<\/div>    <h3><a href=\"https:\/\/vanavorumaamuuseumid.ee\/vo\/karilatsi-sundmus\/tule-muuseumi-ka-talvehooajal\/\">Tule muuseumi ka talvehooajal!<\/a><\/h3>\r\n    \r\n<\/div><div class=\"item\">\r\n    <div class=\"thumb\">\r\n        <a href=\"https:\/\/vanavorumaamuuseumid.ee\/vo\/karilatsi-sundmus\/joulurannak-karilatsis-kooli-ja-lasteaialastele\/\"><img decoding=\"async\" width=\"480\" height=\"270\" src=\"https:\/\/vanavorumaamuuseumid.ee\/wp-content\/uploads\/2025\/12\/reklaam-1-480x270.jpg\" class=\"attachment-thumbnail size-thumbnail wp-post-image\" alt=\"\" \/><\/a>\r\n    <\/div><div class=\"category category-karilatsi-vabaohumuuseum\">Karilatsi Vaba\u00f5humuuseum<\/div>    <h3><a href=\"https:\/\/vanavorumaamuuseumid.ee\/vo\/karilatsi-sundmus\/joulurannak-karilatsis-kooli-ja-lasteaialastele\/\">J\u00f5ulur\u00e4nnak Karilatsis kooli- ja lasteaialastele<\/a><\/h3>\r\n    \r\n<\/div><div class=\"item\">\r\n    <div class=\"thumb\">\r\n        <a href=\"https:\/\/vanavorumaamuuseumid.ee\/vo\/karilatsi-sundmus\/uudishimupaev-karilatsis\/\"><img decoding=\"async\" width=\"480\" height=\"195\" src=\"https:\/\/vanavorumaamuuseumid.ee\/wp-content\/uploads\/2025\/11\/uudishimupaev-muuseumis-2-1024x819_1-480x195.png\" class=\"attachment-thumbnail size-thumbnail wp-post-image\" alt=\"\" \/><\/a>\r\n    <\/div><div class=\"category category-karilatsi-vabaohumuuseum\">Karilatsi Vaba\u00f5humuuseum<\/div>    <h3><a href=\"https:\/\/vanavorumaamuuseumid.ee\/vo\/karilatsi-sundmus\/uudishimupaev-karilatsis\/\">Uudishimup\u00e4ev Karilatsis 16. novembril<\/a><\/h3>\r\n    \r\n<\/div><div class=\"item\">\r\n    <div class=\"thumb\">\r\n        <a href=\"https:\/\/vanavorumaamuuseumid.ee\/vo\/karilatsi-sundmus\/voru-keele-nadal-karilatsi-vabaohumuuseumis\/\"><img decoding=\"async\" width=\"480\" height=\"270\" src=\"https:\/\/vanavorumaamuuseumid.ee\/wp-content\/uploads\/2025\/07\/Karilatsi-koolitunnis-1-480x270.jpg\" class=\"attachment-thumbnail size-thumbnail wp-post-image\" alt=\"\" \/><\/a>\r\n    <\/div><div class=\"category category-karilatsi-vabaohumuuseum\">Karilatsi Vaba\u00f5humuuseum<\/div>    <h3><a href=\"https:\/\/vanavorumaamuuseumid.ee\/vo\/karilatsi-sundmus\/voru-keele-nadal-karilatsi-vabaohumuuseumis\/\">V\u00f5ru keele n\u00e4dal Karilatsi Vaba\u00f5humuuseumis<\/a><\/h3>\r\n    \r\n<\/div><div class=\"item\">\r\n    <div class=\"thumb\">\r\n        <a href=\"https:\/\/vanavorumaamuuseumid.ee\/vo\/karilatsi-sundmus\/karilatsi-mardi-kadrinadalad\/\"><img decoding=\"async\" width=\"480\" height=\"270\" src=\"https:\/\/vanavorumaamuuseumid.ee\/wp-content\/uploads\/2025\/10\/MARTKADRI_UUS_2025-480x270.jpg\" class=\"attachment-thumbnail size-thumbnail wp-post-image\" alt=\"\" \/><\/a>\r\n    <\/div><div class=\"category category-karilatsi-vabaohumuuseum\">Karilatsi Vaba\u00f5humuuseum<\/div>    <h3><a href=\"https:\/\/vanavorumaamuuseumid.ee\/vo\/karilatsi-sundmus\/karilatsi-mardi-kadrinadalad\/\">Mardi- ja kadrin\u00e4dalad Karilatsis 6.\u201325. novembrini<\/a><\/h3>\r\n    \r\n<\/div><div class=\"item\">\r\n    <div class=\"thumb\">\r\n        <a href=\"https:\/\/vanavorumaamuuseumid.ee\/vo\/karilatsi-sundmus\/hapukurgihooaeg\/\"><img decoding=\"async\" width=\"480\" height=\"270\" src=\"https:\/\/vanavorumaamuuseumid.ee\/wp-content\/uploads\/2025\/10\/aardejaht-480x270.jpg\" class=\"attachment-thumbnail size-thumbnail wp-post-image\" alt=\"\" \/><\/a>\r\n    <\/div><div class=\"category category-karilatsi-vabaohumuuseum\">Karilatsi Vaba\u00f5humuuseum<\/div>    <h3><a href=\"https:\/\/vanavorumaamuuseumid.ee\/vo\/karilatsi-sundmus\/hapukurgihooaeg\/\">Hapukurgihooaeg<\/a><\/h3>\r\n    \r\n<\/div><div class=\"item\">\r\n    <div class=\"thumb\">\r\n        <a href=\"https:\/\/vanavorumaamuuseumid.ee\/vo\/karilatsi-sundmus\/hingede-aeg-karilatsis\/\"><img decoding=\"async\" width=\"480\" height=\"270\" src=\"https:\/\/vanavorumaamuuseumid.ee\/wp-content\/uploads\/2025\/09\/Hinged2025-480x270.jpg\" class=\"attachment-thumbnail size-thumbnail wp-post-image\" alt=\"\" \/><\/a>\r\n    <\/div><div class=\"category category-karilatsi-vabaohumuuseum\">Karilatsi Vaba\u00f5humuuseum<\/div>    <h3><a href=\"https:\/\/vanavorumaamuuseumid.ee\/vo\/karilatsi-sundmus\/hingede-aeg-karilatsis\/\">Hingede aeg Karilatsis<\/a><\/h3>\r\n    \r\n<\/div><div class=\"item\">\r\n    <div class=\"thumb\">\r\n        <a href=\"https:\/\/vanavorumaamuuseumid.ee\/vo\/karilatsi-sundmus\/leivanadal-karilatsis\/\"><img decoding=\"async\" width=\"480\" height=\"270\" src=\"https:\/\/vanavorumaamuuseumid.ee\/wp-content\/uploads\/2025\/09\/Leivandl2025-480x270.jpg\" class=\"attachment-thumbnail size-thumbnail wp-post-image\" alt=\"\" \/><\/a>\r\n    <\/div><div class=\"category category-karilatsi-vabaohumuuseum\">Karilatsi Vaba\u00f5humuuseum<\/div>    <h3><a href=\"https:\/\/vanavorumaamuuseumid.ee\/vo\/karilatsi-sundmus\/leivanadal-karilatsis\/\">Leivan\u00e4dal Karilatsis<\/a><\/h3>\r\n    \r\n<\/div><div class=\"item\">\r\n    <div class=\"thumb\">\r\n        <a href=\"https:\/\/vanavorumaamuuseumid.ee\/vo\/karilatsi-sundmus\/karjalaste-mihklipaev\/\"><img decoding=\"async\" width=\"480\" height=\"270\" src=\"https:\/\/vanavorumaamuuseumid.ee\/wp-content\/uploads\/2025\/09\/kaanepilt-480x270.jfif\" class=\"attachment-thumbnail size-thumbnail wp-post-image\" alt=\"\" \/><\/a>\r\n    <\/div><div class=\"category category-karilatsi-vabaohumuuseum\">Karilatsi Vaba\u00f5humuuseum<\/div>    <h3><a href=\"https:\/\/vanavorumaamuuseumid.ee\/vo\/karilatsi-sundmus\/karjalaste-mihklipaev\/\">Karjalaste mihklip\u00e4ev<\/a><\/h3>\r\n    \r\n<\/div><div class=\"item\">\r\n    <div class=\"thumb\">\r\n        <a href=\"https:\/\/vanavorumaamuuseumid.ee\/vo\/karilatsi-sundmus\/kula-laul-ja-hall-lindas\/\"><img decoding=\"async\" width=\"480\" height=\"270\" src=\"https:\/\/vanavorumaamuuseumid.ee\/wp-content\/uploads\/2025\/05\/karilatsi-vabaohumuuseum-hero-bg-250509-480x270.jpg\" class=\"attachment-thumbnail size-thumbnail wp-post-image\" alt=\"Karilatsi Vaba\u00f5humuuseum\" \/><\/a>\r\n    <\/div><div class=\"category category-karilatsi-vabaohumuuseum\">Karilatsi Vaba\u00f5humuuseum<\/div>    <h3><a href=\"https:\/\/vanavorumaamuuseumid.ee\/vo\/karilatsi-sundmus\/kula-laul-ja-hall-lindas\/\">K\u00fcl\u00e4 laul ja h\u00e4ll lindas<\/a><\/h3>\r\n    \r\n<\/div><\/div><\/div>","protected":false},"excerpt":{"rendered":"","protected":false},"author":1,"featured_media":3355,"parent":299,"menu_order":0,"comment_status":"closed","ping_status":"closed","template":"","meta":{"_acf_changed":false,"_et_pb_use_builder":"","_et_pb_old_content":"","_et_gb_content_width":"","footnotes":""},"class_list":["post-309","page","type-page","status-publish","has-post-thumbnail","hentry"],"acf":[],"yoast_head":"<!-- This site is optimized with the Yoast SEO plugin v27.4 - https:\/\/yoast.com\/product\/yoast-seo-wordpress\/ -->\n<title>S\u00fcndmused - Vana-V\u00f5rumaa muuseumid<\/title>\n<meta name=\"robots\" content=\"index, follow, max-snippet:-1, max-image-preview:large, max-video-preview:-1\" \/>\n<link rel=\"canonical\" href=\"https:\/\/vanavorumaamuuseumid.ee\/vo\/karilatsimuuseum\/sundmused\/\" \/>\n<meta property=\"og:locale\" content=\"en_US\" \/>\n<meta property=\"og:type\" content=\"article\" \/>\n<meta property=\"og:title\" content=\"S\u00fcndmused - Vana-V\u00f5rumaa muuseumid\" \/>\n<meta property=\"og:url\" content=\"https:\/\/vanavorumaamuuseumid.ee\/vo\/karilatsimuuseum\/sundmused\/\" \/>\n<meta property=\"og:site_name\" content=\"Vana-V\u00f5rumaa muuseumid\" \/>\n<meta property=\"article:modified_time\" content=\"2025-10-15T13:02:44+00:00\" \/>\n<meta property=\"og:image\" content=\"https:\/\/vanavorumaamuuseumid.ee\/wp-content\/uploads\/2025\/09\/kaanepilt.jfif\" \/>\n\t<meta property=\"og:image:width\" content=\"1600\" \/>\n\t<meta property=\"og:image:height\" content=\"829\" \/>\n\t<meta property=\"og:image:type\" content=\"image\/jpeg\" \/>\n<meta name=\"twitter:card\" content=\"summary_large_image\" \/>\n<meta name=\"twitter:label1\" content=\"Est. reading time\" \/>\n\t<meta name=\"twitter:data1\" content=\"1 minute\" \/>\n<script type=\"application\/ld+json\" class=\"yoast-schema-graph\">{\"@context\":\"https:\\\/\\\/schema.org\",\"@graph\":[{\"@type\":\"WebPage\",\"@id\":\"https:\\\/\\\/vanavorumaamuuseumid.ee\\\/karilatsimuuseum\\\/sundmused\\\/\",\"url\":\"https:\\\/\\\/vanavorumaamuuseumid.ee\\\/karilatsimuuseum\\\/sundmused\\\/\",\"name\":\"S\u00fcndmused - Vana-V\u00f5rumaa muuseumid\",\"isPartOf\":{\"@id\":\"https:\\\/\\\/vanavorumaamuuseumid.ee\\\/#website\"},\"primaryImageOfPage\":{\"@id\":\"https:\\\/\\\/vanavorumaamuuseumid.ee\\\/karilatsimuuseum\\\/sundmused\\\/#primaryimage\"},\"image\":{\"@id\":\"https:\\\/\\\/vanavorumaamuuseumid.ee\\\/karilatsimuuseum\\\/sundmused\\\/#primaryimage\"},\"thumbnailUrl\":\"https:\\\/\\\/vanavorumaamuuseumid.ee\\\/wp-content\\\/uploads\\\/2025\\\/09\\\/kaanepilt.jfif\",\"datePublished\":\"2025-05-09T09:16:36+00:00\",\"dateModified\":\"2025-10-15T13:02:44+00:00\",\"breadcrumb\":{\"@id\":\"https:\\\/\\\/vanavorumaamuuseumid.ee\\\/karilatsimuuseum\\\/sundmused\\\/#breadcrumb\"},\"inLanguage\":\"vo\",\"potentialAction\":[{\"@type\":\"ReadAction\",\"target\":[\"https:\\\/\\\/vanavorumaamuuseumid.ee\\\/karilatsimuuseum\\\/sundmused\\\/\"]}]},{\"@type\":\"ImageObject\",\"inLanguage\":\"vo\",\"@id\":\"https:\\\/\\\/vanavorumaamuuseumid.ee\\\/karilatsimuuseum\\\/sundmused\\\/#primaryimage\",\"url\":\"https:\\\/\\\/vanavorumaamuuseumid.ee\\\/wp-content\\\/uploads\\\/2025\\\/09\\\/kaanepilt.jfif\",\"contentUrl\":\"https:\\\/\\\/vanavorumaamuuseumid.ee\\\/wp-content\\\/uploads\\\/2025\\\/09\\\/kaanepilt.jfif\",\"width\":1600,\"height\":829},{\"@type\":\"BreadcrumbList\",\"@id\":\"https:\\\/\\\/vanavorumaamuuseumid.ee\\\/karilatsimuuseum\\\/sundmused\\\/#breadcrumb\",\"itemListElement\":[{\"@type\":\"ListItem\",\"position\":1,\"name\":\"Home\",\"item\":\"https:\\\/\\\/vanavorumaamuuseumid.ee\\\/\"},{\"@type\":\"ListItem\",\"position\":2,\"name\":\"Karilatsi Vaba\u00f5humuuseum\",\"item\":\"https:\\\/\\\/vanavorumaamuuseumid.ee\\\/karilatsimuuseum\\\/\"},{\"@type\":\"ListItem\",\"position\":3,\"name\":\"S\u00fcndmused\"}]},{\"@type\":\"WebSite\",\"@id\":\"https:\\\/\\\/vanavorumaamuuseumid.ee\\\/#website\",\"url\":\"https:\\\/\\\/vanavorumaamuuseumid.ee\\\/\",\"name\":\"Vana-V\u00f5rumaa Muuseumid\",\"description\":\"V\u00f5rumaa Muuseum, Dr. Fr. R. Kreutzwaldi Memoriaalmuuseum, M\u00f5niste Talurahvamuuseum ja Karilatsi Vaba\u00f5humuuseum\",\"publisher\":{\"@id\":\"https:\\\/\\\/vanavorumaamuuseumid.ee\\\/#organization\"},\"potentialAction\":[{\"@type\":\"SearchAction\",\"target\":{\"@type\":\"EntryPoint\",\"urlTemplate\":\"https:\\\/\\\/vanavorumaamuuseumid.ee\\\/?s={search_term_string}\"},\"query-input\":{\"@type\":\"PropertyValueSpecification\",\"valueRequired\":true,\"valueName\":\"search_term_string\"}}],\"inLanguage\":\"vo\"},{\"@type\":\"Organization\",\"@id\":\"https:\\\/\\\/vanavorumaamuuseumid.ee\\\/#organization\",\"name\":\"V\u00f5ru Instituut\",\"url\":\"https:\\\/\\\/vanavorumaamuuseumid.ee\\\/\",\"logo\":{\"@type\":\"ImageObject\",\"inLanguage\":\"vo\",\"@id\":\"https:\\\/\\\/vanavorumaamuuseumid.ee\\\/#\\\/schema\\\/logo\\\/image\\\/\",\"url\":\"https:\\\/\\\/vanavorumaamuuseumid.ee\\\/wp-content\\\/uploads\\\/2025\\\/05\\\/vana-voromaa-muusoumi-250516.svg\",\"contentUrl\":\"https:\\\/\\\/vanavorumaamuuseumid.ee\\\/wp-content\\\/uploads\\\/2025\\\/05\\\/vana-voromaa-muusoumi-250516.svg\",\"width\":567,\"height\":80,\"caption\":\"V\u00f5ru Instituut\"},\"image\":{\"@id\":\"https:\\\/\\\/vanavorumaamuuseumid.ee\\\/#\\\/schema\\\/logo\\\/image\\\/\"}}]}<\/script>\n<!-- \/ Yoast SEO plugin. -->","yoast_head_json":{"title":"S\u00fcndmused - Vana-V\u00f5rumaa muuseumid","robots":{"index":"index","follow":"follow","max-snippet":"max-snippet:-1","max-image-preview":"max-image-preview:large","max-video-preview":"max-video-preview:-1"},"canonical":"https:\/\/vanavorumaamuuseumid.ee\/vo\/karilatsimuuseum\/sundmused\/","og_locale":"en_US","og_type":"article","og_title":"S\u00fcndmused - Vana-V\u00f5rumaa muuseumid","og_url":"https:\/\/vanavorumaamuuseumid.ee\/vo\/karilatsimuuseum\/sundmused\/","og_site_name":"Vana-V\u00f5rumaa muuseumid","article_modified_time":"2025-10-15T13:02:44+00:00","og_image":[{"width":1600,"height":829,"url":"https:\/\/vanavorumaamuuseumid.ee\/wp-content\/uploads\/2025\/09\/kaanepilt.jfif","type":"image\/jpeg"}],"twitter_card":"summary_large_image","twitter_misc":{"Est. reading time":"1 minute"},"schema":{"@context":"https:\/\/schema.org","@graph":[{"@type":"WebPage","@id":"https:\/\/vanavorumaamuuseumid.ee\/karilatsimuuseum\/sundmused\/","url":"https:\/\/vanavorumaamuuseumid.ee\/karilatsimuuseum\/sundmused\/","name":"S\u00fcndmused - Vana-V\u00f5rumaa muuseumid","isPartOf":{"@id":"https:\/\/vanavorumaamuuseumid.ee\/#website"},"primaryImageOfPage":{"@id":"https:\/\/vanavorumaamuuseumid.ee\/karilatsimuuseum\/sundmused\/#primaryimage"},"image":{"@id":"https:\/\/vanavorumaamuuseumid.ee\/karilatsimuuseum\/sundmused\/#primaryimage"},"thumbnailUrl":"https:\/\/vanavorumaamuuseumid.ee\/wp-content\/uploads\/2025\/09\/kaanepilt.jfif","datePublished":"2025-05-09T09:16:36+00:00","dateModified":"2025-10-15T13:02:44+00:00","breadcrumb":{"@id":"https:\/\/vanavorumaamuuseumid.ee\/karilatsimuuseum\/sundmused\/#breadcrumb"},"inLanguage":"vo","potentialAction":[{"@type":"ReadAction","target":["https:\/\/vanavorumaamuuseumid.ee\/karilatsimuuseum\/sundmused\/"]}]},{"@type":"ImageObject","inLanguage":"vo","@id":"https:\/\/vanavorumaamuuseumid.ee\/karilatsimuuseum\/sundmused\/#primaryimage","url":"https:\/\/vanavorumaamuuseumid.ee\/wp-content\/uploads\/2025\/09\/kaanepilt.jfif","contentUrl":"https:\/\/vanavorumaamuuseumid.ee\/wp-content\/uploads\/2025\/09\/kaanepilt.jfif","width":1600,"height":829},{"@type":"BreadcrumbList","@id":"https:\/\/vanavorumaamuuseumid.ee\/karilatsimuuseum\/sundmused\/#breadcrumb","itemListElement":[{"@type":"ListItem","position":1,"name":"Home","item":"https:\/\/vanavorumaamuuseumid.ee\/"},{"@type":"ListItem","position":2,"name":"Karilatsi Vaba\u00f5humuuseum","item":"https:\/\/vanavorumaamuuseumid.ee\/karilatsimuuseum\/"},{"@type":"ListItem","position":3,"name":"S\u00fcndmused"}]},{"@type":"WebSite","@id":"https:\/\/vanavorumaamuuseumid.ee\/#website","url":"https:\/\/vanavorumaamuuseumid.ee\/","name":"Vana-V\u00f5rumaa Muuseumid","description":"V\u00f5rumaa Muuseum, Dr. Fr. R. Kreutzwaldi Memoriaalmuuseum, M\u00f5niste Talurahvamuuseum ja Karilatsi Vaba\u00f5humuuseum","publisher":{"@id":"https:\/\/vanavorumaamuuseumid.ee\/#organization"},"potentialAction":[{"@type":"SearchAction","target":{"@type":"EntryPoint","urlTemplate":"https:\/\/vanavorumaamuuseumid.ee\/?s={search_term_string}"},"query-input":{"@type":"PropertyValueSpecification","valueRequired":true,"valueName":"search_term_string"}}],"inLanguage":"vo"},{"@type":"Organization","@id":"https:\/\/vanavorumaamuuseumid.ee\/#organization","name":"V\u00f5ru Instituut","url":"https:\/\/vanavorumaamuuseumid.ee\/","logo":{"@type":"ImageObject","inLanguage":"vo","@id":"https:\/\/vanavorumaamuuseumid.ee\/#\/schema\/logo\/image\/","url":"https:\/\/vanavorumaamuuseumid.ee\/wp-content\/uploads\/2025\/05\/vana-voromaa-muusoumi-250516.svg","contentUrl":"https:\/\/vanavorumaamuuseumid.ee\/wp-content\/uploads\/2025\/05\/vana-voromaa-muusoumi-250516.svg","width":567,"height":80,"caption":"V\u00f5ru Instituut"},"image":{"@id":"https:\/\/vanavorumaamuuseumid.ee\/#\/schema\/logo\/image\/"}}]}},"_links":{"self":[{"href":"https:\/\/vanavorumaamuuseumid.ee\/vo\/wp-json\/wp\/v2\/pages\/309","targetHints":{"allow":["GET"]}}],"collection":[{"href":"https:\/\/vanavorumaamuuseumid.ee\/vo\/wp-json\/wp\/v2\/pages"}],"about":[{"href":"https:\/\/vanavorumaamuuseumid.ee\/vo\/wp-json\/wp\/v2\/types\/page"}],"author":[{"embeddable":true,"href":"https:\/\/vanavorumaamuuseumid.ee\/vo\/wp-json\/wp\/v2\/users\/1"}],"replies":[{"embeddable":true,"href":"https:\/\/vanavorumaamuuseumid.ee\/vo\/wp-json\/wp\/v2\/comments?post=309"}],"version-history":[{"count":9,"href":"https:\/\/vanavorumaamuuseumid.ee\/vo\/wp-json\/wp\/v2\/pages\/309\/revisions"}],"predecessor-version":[{"id":4166,"href":"https:\/\/vanavorumaamuuseumid.ee\/vo\/wp-json\/wp\/v2\/pages\/309\/revisions\/4166"}],"up":[{"embeddable":true,"href":"https:\/\/vanavorumaamuuseumid.ee\/vo\/wp-json\/wp\/v2\/pages\/299"}],"wp:featuredmedia":[{"embeddable":true,"href":"https:\/\/vanavorumaamuuseumid.ee\/vo\/wp-json\/wp\/v2\/media\/3355"}],"wp:attachment":[{"href":"https:\/\/vanavorumaamuuseumid.ee\/vo\/wp-json\/wp\/v2\/media?parent=309"}],"curies":[{"name":"wp","href":"https:\/\/api.w.org\/{rel}","templated":true}]}}