{"id":421,"date":"2025-05-14T10:52:21","date_gmt":"2025-05-14T07:52:21","guid":{"rendered":"https:\/\/vanavorumaamuuseumid.ee\/?page_id=421"},"modified":"2025-09-01T10:40:41","modified_gmt":"2025-09-01T07:40:41","slug":"sundmused","status":"publish","type":"page","link":"https:\/\/vanavorumaamuuseumid.ee\/vo\/sundmused\/","title":{"rendered":"Ettev\u00f5tmis\u00f5"},"content":{"rendered":"<div class=\"events-posts\"><div class=\"owl-carousel owl-theme sundmused-items\"><div class=\"item\">\r\n    <div class=\"thumb\">\r\n        <a href=\"https:\/\/vanavorumaamuuseumid.ee\/vo\/karilatsi-sundmus\/muuseumioo-oos-on-haali\/\"><img decoding=\"async\" width=\"480\" height=\"270\" src=\"https:\/\/vanavorumaamuuseumid.ee\/wp-content\/uploads\/2026\/04\/820x360px_muuseum2026_FB-logod-480x270.jpg\" class=\"attachment-thumbnail size-thumbnail wp-post-image\" alt=\"\" \/><\/a>\r\n    <\/div><div class=\"category category-karilatsi-vabaohumuuseum\">Karilatsi Vaba\u00f5humuuseum<\/div>    <h3><a href=\"https:\/\/vanavorumaamuuseumid.ee\/vo\/karilatsi-sundmus\/muuseumioo-oos-on-haali\/\">Muuseumi\u00f6\u00f6 &#8220;\u00d6\u00f6s on h\u00e4\u00e4li&#8221;<\/a><\/h3>\r\n    \r\n<\/div><div class=\"item\">\r\n    <div class=\"thumb\">\r\n        <a href=\"https:\/\/vanavorumaamuuseumid.ee\/vo\/vorumaa-sundmus\/urmas-luusi-isikunaituse-issand-kui-sina-oled-igal-pool-siis-miks-mina-olen-veel-kusagil-naituse-avamine-toimub-30-aprillil-kell-17-00\/\"><img decoding=\"async\" width=\"480\" height=\"270\" src=\"https:\/\/vanavorumaamuuseumid.ee\/wp-content\/uploads\/2026\/04\/FB-event-480x270.png\" class=\"attachment-thumbnail size-thumbnail wp-post-image\" alt=\"\" \/><\/a>\r\n    <\/div><div class=\"category category-vorumaa-muuseum\">V\u00f5rumaa Muuseum<\/div>    <h3><a href=\"https:\/\/vanavorumaamuuseumid.ee\/vo\/vorumaa-sundmus\/urmas-luusi-isikunaituse-issand-kui-sina-oled-igal-pool-siis-miks-mina-olen-veel-kusagil-naituse-avamine-toimub-30-aprillil-kell-17-00\/\">Urmas L\u00fc\u00fcsi isikun\u00e4ituse \u201eIssand, kui sina oled igal pool, siis miks mina olen veel kusagil\u201c n\u00e4ituse avamine toimub 30. aprillil kell 17.00<\/a><\/h3>\r\n    \r\n<\/div><div class=\"item\">\r\n    <div class=\"thumb\">\r\n        <a href=\"https:\/\/vanavorumaamuuseumid.ee\/vo\/karilatsi-sundmus\/voru-keele-laager-karilatsis\/\"><img decoding=\"async\" width=\"480\" height=\"270\" src=\"https:\/\/vanavorumaamuuseumid.ee\/wp-content\/uploads\/2026\/04\/Kuj.-Karilatsi-Vabaohumuuseum-koopia-2-480x270.jpg\" class=\"attachment-thumbnail size-thumbnail wp-post-image\" alt=\"\" \/><\/a>\r\n    <\/div><div class=\"category category-karilatsi-vabaohumuuseum\">Karilatsi Vaba\u00f5humuuseum<\/div>    <h3><a href=\"https:\/\/vanavorumaamuuseumid.ee\/vo\/karilatsi-sundmus\/voru-keele-laager-karilatsis\/\">V\u00f5ru keele laager Karilatsis<\/a><\/h3>\r\n    \r\n<\/div><div class=\"item\">\r\n    <div class=\"thumb\">\r\n        <a href=\"https:\/\/vanavorumaamuuseumid.ee\/vo\/vorumaa-sundmus\/vorumaa-muuseum-60-naitus-krummeri-koolimaja-lugu\/\"><img decoding=\"async\" width=\"480\" height=\"270\" src=\"https:\/\/vanavorumaamuuseumid.ee\/wp-content\/uploads\/2026\/03\/Untitled-design-1-480x270.jpg\" class=\"attachment-thumbnail size-thumbnail wp-post-image\" alt=\"\" \/><\/a>\r\n    <\/div><div class=\"category category-vorumaa-muuseum\">V\u00f5rumaa Muuseum<\/div>    <h3><a href=\"https:\/\/vanavorumaamuuseumid.ee\/vo\/vorumaa-sundmus\/vorumaa-muuseum-60-naitus-krummeri-koolimaja-lugu\/\">V\u00f5rumaa Muuseum 60: n\u00e4itus \u201eKr\u00fcmmeri koolimaja lugu\u201c<\/a><\/h3>\r\n    \r\n<\/div><div class=\"item\">\r\n    <div class=\"thumb\">\r\n        <a href=\"https:\/\/vanavorumaamuuseumid.ee\/vo\/karilatsi-sundmus\/tasuta-muuseumitunnid-opilasruhmadele-2026-aastal\/\"><img decoding=\"async\" width=\"480\" height=\"270\" src=\"https:\/\/vanavorumaamuuseumid.ee\/wp-content\/uploads\/2026\/03\/Vallakohtunik-480x270.jpg\" class=\"attachment-thumbnail size-thumbnail wp-post-image\" alt=\"\" \/><\/a>\r\n    <\/div><div class=\"category category-karilatsi-vabaohumuuseum\">Karilatsi Vaba\u00f5humuuseum<\/div>    <h3><a href=\"https:\/\/vanavorumaamuuseumid.ee\/vo\/karilatsi-sundmus\/tasuta-muuseumitunnid-opilasruhmadele-2026-aastal\/\">Tasuta muuseumitunnid \u00f5pilasr\u00fchmadele 2026. aastal<\/a><\/h3>\r\n    \r\n<\/div><div class=\"item\">\r\n    <div class=\"thumb\">\r\n        <a href=\"https:\/\/vanavorumaamuuseumid.ee\/vo\/lauluisa-sundumus\/raamatu-ja-roosi-paev-muuseumis-23-aprillil\/\"><img decoding=\"async\" width=\"480\" height=\"270\" src=\"https:\/\/vanavorumaamuuseumid.ee\/wp-content\/uploads\/2026\/03\/raamtu-ja-roosi-paev-480x270.jpg\" class=\"attachment-thumbnail size-thumbnail wp-post-image\" alt=\"\" \/><\/a>\r\n    <\/div><div class=\"category category-dr-fr-r-kreutzwaldi-memoriaalmuuseum\">Dr. Fr. R. Kreutzwaldi Memoriaalmuus\u00f5um<\/div>    <h3><a href=\"https:\/\/vanavorumaamuuseumid.ee\/vo\/lauluisa-sundumus\/raamatu-ja-roosi-paev-muuseumis-23-aprillil\/\">Raamatu ja roosi p\u00e4ev muuseumis 23. aprillil<\/a><\/h3>\r\n    \r\n<\/div><div class=\"item\">\r\n    <div class=\"thumb\">\r\n        <a href=\"https:\/\/vanavorumaamuuseumid.ee\/vo\/lauluisa-sundumus\/kalevipojad-ja-kalevipojad-uhisnaitusel\/\"><img decoding=\"async\" width=\"480\" height=\"270\" src=\"https:\/\/vanavorumaamuuseumid.ee\/wp-content\/uploads\/2026\/03\/Kalevipoeg-2-480x270.jpg\" class=\"attachment-thumbnail size-thumbnail wp-post-image\" alt=\"\" \/><\/a>\r\n    <\/div><div class=\"category category-dr-fr-r-kreutzwaldi-memoriaalmuuseum\">Dr. Fr. R. Kreutzwaldi Memoriaalmuus\u00f5um<\/div>    <h3><a href=\"https:\/\/vanavorumaamuuseumid.ee\/vo\/lauluisa-sundumus\/kalevipojad-ja-kalevipojad-uhisnaitusel\/\">\u201eKalevipojad\u201c ja Kalevipojad \u00fchisn\u00e4itusel<\/a><\/h3>\r\n    \r\n<\/div><div class=\"item\">\r\n    <div class=\"thumb\">\r\n        <a href=\"https:\/\/vanavorumaamuuseumid.ee\/vo\/moniste-sundmus\/tasuta-muuseumitunnid-koolidele\/\"><img decoding=\"async\" width=\"480\" height=\"270\" src=\"https:\/\/vanavorumaamuuseumid.ee\/wp-content\/uploads\/2026\/03\/Tule-klassiga-muuseumisse-banner-480x270.png\" class=\"attachment-thumbnail size-thumbnail wp-post-image\" alt=\"\" \/><\/a>\r\n    <\/div><div class=\"category category-moniste-talurahvamuuseum\">M\u00f5niste Talurahvamuuseum<\/div>    <h3><a href=\"https:\/\/vanavorumaamuuseumid.ee\/vo\/moniste-sundmus\/tasuta-muuseumitunnid-koolidele\/\">Tasuta muuseumitunnid koolidele!<\/a><\/h3>\r\n    \r\n<\/div><div class=\"item\">\r\n    <div class=\"thumb\">\r\n        <a href=\"https:\/\/vanavorumaamuuseumid.ee\/vo\/moniste-sundmus\/tegus-koolivaheaja-paev-muuseumis\/\"><img decoding=\"async\" width=\"480\" height=\"270\" src=\"https:\/\/vanavorumaamuuseumid.ee\/wp-content\/uploads\/2026\/03\/Koolivaheaja-uritus-aprill-2026-banner-480x270.jpg\" class=\"attachment-thumbnail size-thumbnail wp-post-image\" alt=\"\" \/><\/a>\r\n    <\/div><div class=\"category category-moniste-talurahvamuuseum\">M\u00f5niste Talurahvamuuseum<\/div>    <h3><a href=\"https:\/\/vanavorumaamuuseumid.ee\/vo\/moniste-sundmus\/tegus-koolivaheaja-paev-muuseumis\/\">Tegus koolivaheaja p\u00e4ev muuseumis<\/a><\/h3>\r\n    \r\n<\/div><div class=\"item\">\r\n    <div class=\"thumb\">\r\n        <a href=\"https:\/\/vanavorumaamuuseumid.ee\/vo\/moniste-sundmus\/lillelised-postkaardid-kuulutavad-kevade-tulekut\/\"><img decoding=\"async\" width=\"480\" height=\"270\" src=\"https:\/\/vanavorumaamuuseumid.ee\/wp-content\/uploads\/2026\/03\/postkaardid-uudiskiri-480x270.jpg\" class=\"attachment-thumbnail size-thumbnail wp-post-image\" alt=\"\" \/><\/a>\r\n    <\/div><div class=\"category category-moniste-talurahvamuuseum\">M\u00f5niste Talurahvamuuseum<\/div>    <h3><a href=\"https:\/\/vanavorumaamuuseumid.ee\/vo\/moniste-sundmus\/lillelised-postkaardid-kuulutavad-kevade-tulekut\/\">Lillelised postkaardid kuulutavad kevade tulekut<\/a><\/h3>\r\n    \r\n<\/div><div class=\"item\">\r\n    <div class=\"thumb\">\r\n        <a href=\"https:\/\/vanavorumaamuuseumid.ee\/vo\/lauluisa-sundumus\/kandleansambel-heluhand-muuseumis\/\"><img decoding=\"async\" width=\"480\" height=\"270\" src=\"https:\/\/vanavorumaamuuseumid.ee\/wp-content\/uploads\/2026\/03\/07.03.2026-Heluhand-muuseumis-1-480x270.jpg\" class=\"attachment-thumbnail size-thumbnail wp-post-image\" alt=\"\" \/><\/a>\r\n    <\/div><div class=\"category category-dr-fr-r-kreutzwaldi-memoriaalmuuseum\">Dr. Fr. R. Kreutzwaldi Memoriaalmuus\u00f5um<\/div>    <h3><a href=\"https:\/\/vanavorumaamuuseumid.ee\/vo\/lauluisa-sundumus\/kandleansambel-heluhand-muuseumis\/\">Kandleansambel &#8220;Hel\u00fchand&#8221; muuseumis<\/a><\/h3>\r\n    \r\n<\/div><div class=\"item\">\r\n    <div class=\"thumb\">\r\n        <a href=\"https:\/\/vanavorumaamuuseumid.ee\/vo\/lauluisa-sundumus\/emakeelepaev\/\"><img decoding=\"async\" width=\"480\" height=\"270\" src=\"https:\/\/vanavorumaamuuseumid.ee\/wp-content\/uploads\/2026\/03\/Image-15-480x270.jpg\" class=\"attachment-thumbnail size-thumbnail wp-post-image\" alt=\"\" \/><\/a>\r\n    <\/div><div class=\"category category-dr-fr-r-kreutzwaldi-memoriaalmuuseum\">Dr. Fr. R. Kreutzwaldi Memoriaalmuus\u00f5um<\/div>    <h3><a href=\"https:\/\/vanavorumaamuuseumid.ee\/vo\/lauluisa-sundumus\/emakeelepaev\/\">Emakeelep\u00e4ev<\/a><\/h3>\r\n    \r\n<\/div><div class=\"item\">\r\n    <div class=\"thumb\">\r\n        <a href=\"https:\/\/vanavorumaamuuseumid.ee\/vo\/vorumaa-sundmus\/moekunstnike-uhisnaituse-avamine-13-martsil-kell-17\/\"><img decoding=\"async\" width=\"480\" height=\"270\" src=\"https:\/\/vanavorumaamuuseumid.ee\/wp-content\/uploads\/2026\/02\/Pinnamood_FB_pais-480x270.jpg\" class=\"attachment-thumbnail size-thumbnail wp-post-image\" alt=\"\" \/><\/a>\r\n    <\/div><div class=\"category category-vorumaa-muuseum\">V\u00f5rumaa Muuseum<\/div>    <h3><a href=\"https:\/\/vanavorumaamuuseumid.ee\/vo\/vorumaa-sundmus\/moekunstnike-uhisnaituse-avamine-13-martsil-kell-17\/\">Moekunstnike \u00fchisn\u00e4ituse avamine 13. m\u00e4rtsil kell 17<\/a><\/h3>\r\n    \r\n<\/div><div class=\"item\">\r\n    <div class=\"thumb\">\r\n        <a href=\"https:\/\/vanavorumaamuuseumid.ee\/vo\/vorumaa-sundmus\/sallitud-sini-must-valge-veriora-sovhoosis\/\"><img decoding=\"async\" width=\"480\" height=\"270\" src=\"https:\/\/vanavorumaamuuseumid.ee\/wp-content\/uploads\/2026\/02\/PXL_20260217_115642739-e1772195475845-480x270.jpg\" class=\"attachment-thumbnail size-thumbnail wp-post-image\" alt=\"\" \/><\/a>\r\n    <\/div><div class=\"category category-vorumaa-muuseum\">V\u00f5rumaa Muuseum<\/div>    <h3><a href=\"https:\/\/vanavorumaamuuseumid.ee\/vo\/vorumaa-sundmus\/sallitud-sini-must-valge-veriora-sovhoosis\/\">Sallitud sini-must-valge Veriora sovhoosis<\/a><\/h3>\r\n    \r\n<\/div><div class=\"item\">\r\n    <div class=\"thumb\">\r\n        <a href=\"https:\/\/vanavorumaamuuseumid.ee\/vo\/moniste-sundmus\/kevadine-pooripaev-toob-lihavotted\/\"><img decoding=\"async\" width=\"480\" height=\"270\" src=\"https:\/\/vanavorumaamuuseumid.ee\/wp-content\/uploads\/2026\/02\/Untitled-design-8-480x270.jpg\" class=\"attachment-thumbnail size-thumbnail wp-post-image\" alt=\"\" \/><\/a>\r\n    <\/div><div class=\"category category-moniste-talurahvamuuseum\">M\u00f5niste Talurahvamuuseum<\/div>    <h3><a href=\"https:\/\/vanavorumaamuuseumid.ee\/vo\/moniste-sundmus\/kevadine-pooripaev-toob-lihavotted\/\">Kevadine p\u00f6\u00f6rip\u00e4ev toob lihav\u00f5tted<\/a><\/h3>\r\n    \r\n<\/div><div class=\"item\">\r\n    <div class=\"thumb\">\r\n        <a href=\"https:\/\/vanavorumaamuuseumid.ee\/vo\/karilatsi-sundmus\/kiigenadal-karilatsis-30-martsist-2-aprillini\/\"><img decoding=\"async\" width=\"480\" height=\"270\" src=\"https:\/\/vanavorumaamuuseumid.ee\/wp-content\/uploads\/2026\/02\/Munapyhad-2026-1-480x270.jpg\" class=\"attachment-thumbnail size-thumbnail wp-post-image\" alt=\"\" \/><\/a>\r\n    <\/div><div class=\"category category-karilatsi-vabaohumuuseum\">Karilatsi Vaba\u00f5humuuseum<\/div>    <h3><a href=\"https:\/\/vanavorumaamuuseumid.ee\/vo\/karilatsi-sundmus\/kiigenadal-karilatsis-30-martsist-2-aprillini\/\">Kiigen\u00e4dal Karilatsis 30. m\u00e4rtsist 2. aprillini<\/a><\/h3>\r\n    \r\n<\/div><div class=\"item\">\r\n    <div class=\"thumb\">\r\n        <a href=\"https:\/\/vanavorumaamuuseumid.ee\/vo\/lauluisa-sundumus\/kreutzwald-ja-koidula-uues-eesti-filmis\/\"><img decoding=\"async\" width=\"480\" height=\"270\" src=\"https:\/\/vanavorumaamuuseumid.ee\/wp-content\/uploads\/2026\/02\/Saarane_mulk_plakat-480x270.jpg\" class=\"attachment-thumbnail size-thumbnail wp-post-image\" alt=\"\" \/><\/a>\r\n    <\/div><div class=\"category category-dr-fr-r-kreutzwaldi-memoriaalmuuseum\">Dr. Fr. R. Kreutzwaldi Memoriaalmuus\u00f5um<\/div>    <h3><a href=\"https:\/\/vanavorumaamuuseumid.ee\/vo\/lauluisa-sundumus\/kreutzwald-ja-koidula-uues-eesti-filmis\/\">Kreutzwald ja Koidula uues Eesti filmis<\/a><\/h3>\r\n    \r\n<\/div><div class=\"item\">\r\n    <div class=\"thumb\">\r\n        <a href=\"https:\/\/vanavorumaamuuseumid.ee\/vo\/vorumaa-sundmus\/valdur-ohaka-naituse-viimane-kuraatorituur\/\"><img decoding=\"async\" width=\"480\" height=\"270\" src=\"https:\/\/vanavorumaamuuseumid.ee\/wp-content\/uploads\/2026\/02\/VIIMANETUUR-480x270.jpg\" class=\"attachment-thumbnail size-thumbnail wp-post-image\" alt=\"\" \/><\/a>\r\n    <\/div><div class=\"category category-vorumaa-muuseum\">V\u00f5rumaa Muuseum<\/div>    <h3><a href=\"https:\/\/vanavorumaamuuseumid.ee\/vo\/vorumaa-sundmus\/valdur-ohaka-naituse-viimane-kuraatorituur\/\">Valdur Ohaka n\u00e4ituse viimane kuraatorituur!<\/a><\/h3>\r\n    \r\n<\/div><div class=\"item\">\r\n    <div class=\"thumb\">\r\n        <a href=\"https:\/\/vanavorumaamuuseumid.ee\/vo\/karilatsi-sundmus\/palju-onne-eesti\/\"><img decoding=\"async\" width=\"480\" height=\"270\" src=\"https:\/\/vanavorumaamuuseumid.ee\/wp-content\/uploads\/2026\/02\/POE-2026-480x270.jpg\" class=\"attachment-thumbnail size-thumbnail wp-post-image\" alt=\"\" \/><\/a>\r\n    <\/div><div class=\"category category-karilatsi-vabaohumuuseum\">Karilatsi Vaba\u00f5humuuseum<\/div>    <h3><a href=\"https:\/\/vanavorumaamuuseumid.ee\/vo\/karilatsi-sundmus\/palju-onne-eesti\/\">Palju \u00f5nne, Eesti!<\/a><\/h3>\r\n    \r\n<\/div><div class=\"item\">\r\n    <div class=\"thumb\">\r\n        <a href=\"https:\/\/vanavorumaamuuseumid.ee\/vo\/lauluisa-sundumus\/xii-koidula-luulekonkurss-taiskasvanutele\/\"><img decoding=\"async\" width=\"480\" height=\"270\" src=\"https:\/\/vanavorumaamuuseumid.ee\/wp-content\/uploads\/2026\/02\/20260211_162018-p-480x270.jpg\" class=\"attachment-thumbnail size-thumbnail wp-post-image\" alt=\"\" \/><\/a>\r\n    <\/div><div class=\"category category-dr-fr-r-kreutzwaldi-memoriaalmuuseum\">Dr. Fr. R. Kreutzwaldi Memoriaalmuus\u00f5um<\/div>    <h3><a href=\"https:\/\/vanavorumaamuuseumid.ee\/vo\/lauluisa-sundumus\/xii-koidula-luulekonkurss-taiskasvanutele\/\">XII Koidula luulekonkurss t\u00e4iskasvanutele<\/a><\/h3>\r\n    \r\n<\/div><div class=\"item\">\r\n    <div class=\"thumb\">\r\n        <a href=\"https:\/\/vanavorumaamuuseumid.ee\/vo\/vorumaa-sundmus\/vorumaa-muuseum-60-lammutustoo-enne-muuseumi-rajamist\/\"><img decoding=\"async\" width=\"480\" height=\"270\" src=\"https:\/\/vanavorumaamuuseumid.ee\/wp-content\/uploads\/2026\/02\/PXL_20260119_091108341-480x270.jpg\" class=\"attachment-thumbnail size-thumbnail wp-post-image\" alt=\"\" \/><\/a>\r\n    <\/div><div class=\"category category-vorumaa-muuseum\">V\u00f5rumaa Muuseum<\/div>    <h3><a href=\"https:\/\/vanavorumaamuuseumid.ee\/vo\/vorumaa-sundmus\/vorumaa-muuseum-60-lammutustoo-enne-muuseumi-rajamist\/\">V\u00f5rumaa Muuseum 60: lammutust\u00f6\u00f6 enne muuseumi rajamist<\/a><\/h3>\r\n    \r\n<\/div><div class=\"item\">\r\n    <div class=\"thumb\">\r\n        <a href=\"https:\/\/vanavorumaamuuseumid.ee\/vo\/karilatsi-sundmus\/vastlatund-liuge-liuge-lihaheited-karilatsis\/\"><img decoding=\"async\" width=\"480\" height=\"270\" src=\"https:\/\/vanavorumaamuuseumid.ee\/wp-content\/uploads\/2026\/01\/Lihaheit-26-480x270.jpg\" class=\"attachment-thumbnail size-thumbnail wp-post-image\" alt=\"\" \/><\/a>\r\n    <\/div><div class=\"category category-karilatsi-vabaohumuuseum\">Karilatsi Vaba\u00f5humuuseum<\/div>    <h3><a href=\"https:\/\/vanavorumaamuuseumid.ee\/vo\/karilatsi-sundmus\/vastlatund-liuge-liuge-lihaheited-karilatsis\/\">Vastlatund \u201eLiuge-liuge, lihaheited!\u201c Karilatsis<\/a><\/h3>\r\n    \r\n<\/div><div class=\"item\">\r\n    <div class=\"thumb\">\r\n        <a href=\"https:\/\/vanavorumaamuuseumid.ee\/vo\/moniste-sundmus\/vastlad-vanad-tavad-ja-tanane-room\/\"><img decoding=\"async\" width=\"480\" height=\"270\" src=\"https:\/\/vanavorumaamuuseumid.ee\/wp-content\/uploads\/2026\/01\/kelk2-002-480x270.jpg\" class=\"attachment-thumbnail size-thumbnail wp-post-image\" alt=\"\" \/><\/a>\r\n    <\/div><div class=\"category category-moniste-talurahvamuuseum\">M\u00f5niste Talurahvamuuseum<\/div>    <h3><a href=\"https:\/\/vanavorumaamuuseumid.ee\/vo\/moniste-sundmus\/vastlad-vanad-tavad-ja-tanane-room\/\">Vastlad \u2013 vanad tavad ja t\u00e4nane r\u00f5\u00f5m!<\/a><\/h3>\r\n    \r\n<\/div><div class=\"item\">\r\n    <div class=\"thumb\">\r\n        <a href=\"https:\/\/vanavorumaamuuseumid.ee\/vo\/lauluisa-sundumus\/toimub-traditsioonile-koidula-luulekonkurss\/\"><img decoding=\"async\" width=\"480\" height=\"270\" src=\"https:\/\/vanavorumaamuuseumid.ee\/wp-content\/uploads\/2026\/01\/koidula-480x270.jpg\" class=\"attachment-thumbnail size-thumbnail wp-post-image\" alt=\"\" \/><\/a>\r\n    <\/div><div class=\"category category-dr-fr-r-kreutzwaldi-memoriaalmuuseum\">Dr. Fr. R. Kreutzwaldi Memoriaalmuus\u00f5um<\/div>    <h3><a href=\"https:\/\/vanavorumaamuuseumid.ee\/vo\/lauluisa-sundumus\/toimub-traditsioonile-koidula-luulekonkurss\/\">Toimub traditsioonile Koidula luulekonkurss<\/a><\/h3>\r\n    \r\n<\/div><\/div><\/div>","protected":false},"excerpt":{"rendered":"","protected":false},"author":1,"featured_media":0,"parent":0,"menu_order":0,"comment_status":"closed","ping_status":"closed","template":"","meta":{"_acf_changed":false,"_et_pb_use_builder":"","_et_pb_old_content":"","_et_gb_content_width":"","footnotes":""},"class_list":["post-421","page","type-page","status-publish","hentry"],"acf":[],"yoast_head":"<!-- This site is optimized with the Yoast SEO plugin v27.4 - https:\/\/yoast.com\/product\/yoast-seo-wordpress\/ -->\n<title>S\u00fcndmused - Vana-V\u00f5rumaa muuseumid<\/title>\n<meta name=\"robots\" content=\"index, follow, max-snippet:-1, max-image-preview:large, max-video-preview:-1\" \/>\n<link rel=\"canonical\" href=\"https:\/\/vanavorumaamuuseumid.ee\/vo\/sundmused\/\" \/>\n<meta property=\"og:locale\" content=\"en_US\" \/>\n<meta property=\"og:type\" content=\"article\" \/>\n<meta property=\"og:title\" content=\"S\u00fcndmused - Vana-V\u00f5rumaa muuseumid\" \/>\n<meta property=\"og:url\" content=\"https:\/\/vanavorumaamuuseumid.ee\/vo\/sundmused\/\" \/>\n<meta property=\"og:site_name\" content=\"Vana-V\u00f5rumaa muuseumid\" \/>\n<meta property=\"article:modified_time\" content=\"2025-09-01T07:40:41+00:00\" \/>\n<meta name=\"twitter:card\" content=\"summary_large_image\" \/>\n<script type=\"application\/ld+json\" class=\"yoast-schema-graph\">{\"@context\":\"https:\\\/\\\/schema.org\",\"@graph\":[{\"@type\":\"WebPage\",\"@id\":\"https:\\\/\\\/vanavorumaamuuseumid.ee\\\/sundmused\\\/\",\"url\":\"https:\\\/\\\/vanavorumaamuuseumid.ee\\\/sundmused\\\/\",\"name\":\"S\u00fcndmused - Vana-V\u00f5rumaa muuseumid\",\"isPartOf\":{\"@id\":\"https:\\\/\\\/vanavorumaamuuseumid.ee\\\/#website\"},\"datePublished\":\"2025-05-14T07:52:21+00:00\",\"dateModified\":\"2025-09-01T07:40:41+00:00\",\"breadcrumb\":{\"@id\":\"https:\\\/\\\/vanavorumaamuuseumid.ee\\\/sundmused\\\/#breadcrumb\"},\"inLanguage\":\"vo\",\"potentialAction\":[{\"@type\":\"ReadAction\",\"target\":[\"https:\\\/\\\/vanavorumaamuuseumid.ee\\\/sundmused\\\/\"]}]},{\"@type\":\"BreadcrumbList\",\"@id\":\"https:\\\/\\\/vanavorumaamuuseumid.ee\\\/sundmused\\\/#breadcrumb\",\"itemListElement\":[{\"@type\":\"ListItem\",\"position\":1,\"name\":\"Home\",\"item\":\"https:\\\/\\\/vanavorumaamuuseumid.ee\\\/\"},{\"@type\":\"ListItem\",\"position\":2,\"name\":\"S\u00fcndmused\"}]},{\"@type\":\"WebSite\",\"@id\":\"https:\\\/\\\/vanavorumaamuuseumid.ee\\\/#website\",\"url\":\"https:\\\/\\\/vanavorumaamuuseumid.ee\\\/\",\"name\":\"Vana-V\u00f5rumaa Muuseumid\",\"description\":\"V\u00f5rumaa Muuseum, Dr. Fr. R. Kreutzwaldi Memoriaalmuuseum, M\u00f5niste Talurahvamuuseum ja Karilatsi Vaba\u00f5humuuseum\",\"publisher\":{\"@id\":\"https:\\\/\\\/vanavorumaamuuseumid.ee\\\/#organization\"},\"potentialAction\":[{\"@type\":\"SearchAction\",\"target\":{\"@type\":\"EntryPoint\",\"urlTemplate\":\"https:\\\/\\\/vanavorumaamuuseumid.ee\\\/?s={search_term_string}\"},\"query-input\":{\"@type\":\"PropertyValueSpecification\",\"valueRequired\":true,\"valueName\":\"search_term_string\"}}],\"inLanguage\":\"vo\"},{\"@type\":\"Organization\",\"@id\":\"https:\\\/\\\/vanavorumaamuuseumid.ee\\\/#organization\",\"name\":\"V\u00f5ru Instituut\",\"url\":\"https:\\\/\\\/vanavorumaamuuseumid.ee\\\/\",\"logo\":{\"@type\":\"ImageObject\",\"inLanguage\":\"vo\",\"@id\":\"https:\\\/\\\/vanavorumaamuuseumid.ee\\\/#\\\/schema\\\/logo\\\/image\\\/\",\"url\":\"https:\\\/\\\/vanavorumaamuuseumid.ee\\\/wp-content\\\/uploads\\\/2025\\\/05\\\/vana-voromaa-muusoumi-250516.svg\",\"contentUrl\":\"https:\\\/\\\/vanavorumaamuuseumid.ee\\\/wp-content\\\/uploads\\\/2025\\\/05\\\/vana-voromaa-muusoumi-250516.svg\",\"width\":567,\"height\":80,\"caption\":\"V\u00f5ru Instituut\"},\"image\":{\"@id\":\"https:\\\/\\\/vanavorumaamuuseumid.ee\\\/#\\\/schema\\\/logo\\\/image\\\/\"}}]}<\/script>\n<!-- \/ Yoast SEO plugin. -->","yoast_head_json":{"title":"S\u00fcndmused - Vana-V\u00f5rumaa muuseumid","robots":{"index":"index","follow":"follow","max-snippet":"max-snippet:-1","max-image-preview":"max-image-preview:large","max-video-preview":"max-video-preview:-1"},"canonical":"https:\/\/vanavorumaamuuseumid.ee\/vo\/sundmused\/","og_locale":"en_US","og_type":"article","og_title":"S\u00fcndmused - Vana-V\u00f5rumaa muuseumid","og_url":"https:\/\/vanavorumaamuuseumid.ee\/vo\/sundmused\/","og_site_name":"Vana-V\u00f5rumaa muuseumid","article_modified_time":"2025-09-01T07:40:41+00:00","twitter_card":"summary_large_image","schema":{"@context":"https:\/\/schema.org","@graph":[{"@type":"WebPage","@id":"https:\/\/vanavorumaamuuseumid.ee\/sundmused\/","url":"https:\/\/vanavorumaamuuseumid.ee\/sundmused\/","name":"S\u00fcndmused - Vana-V\u00f5rumaa muuseumid","isPartOf":{"@id":"https:\/\/vanavorumaamuuseumid.ee\/#website"},"datePublished":"2025-05-14T07:52:21+00:00","dateModified":"2025-09-01T07:40:41+00:00","breadcrumb":{"@id":"https:\/\/vanavorumaamuuseumid.ee\/sundmused\/#breadcrumb"},"inLanguage":"vo","potentialAction":[{"@type":"ReadAction","target":["https:\/\/vanavorumaamuuseumid.ee\/sundmused\/"]}]},{"@type":"BreadcrumbList","@id":"https:\/\/vanavorumaamuuseumid.ee\/sundmused\/#breadcrumb","itemListElement":[{"@type":"ListItem","position":1,"name":"Home","item":"https:\/\/vanavorumaamuuseumid.ee\/"},{"@type":"ListItem","position":2,"name":"S\u00fcndmused"}]},{"@type":"WebSite","@id":"https:\/\/vanavorumaamuuseumid.ee\/#website","url":"https:\/\/vanavorumaamuuseumid.ee\/","name":"Vana-V\u00f5rumaa Muuseumid","description":"V\u00f5rumaa Muuseum, Dr. Fr. R. Kreutzwaldi Memoriaalmuuseum, M\u00f5niste Talurahvamuuseum ja Karilatsi Vaba\u00f5humuuseum","publisher":{"@id":"https:\/\/vanavorumaamuuseumid.ee\/#organization"},"potentialAction":[{"@type":"SearchAction","target":{"@type":"EntryPoint","urlTemplate":"https:\/\/vanavorumaamuuseumid.ee\/?s={search_term_string}"},"query-input":{"@type":"PropertyValueSpecification","valueRequired":true,"valueName":"search_term_string"}}],"inLanguage":"vo"},{"@type":"Organization","@id":"https:\/\/vanavorumaamuuseumid.ee\/#organization","name":"V\u00f5ru Instituut","url":"https:\/\/vanavorumaamuuseumid.ee\/","logo":{"@type":"ImageObject","inLanguage":"vo","@id":"https:\/\/vanavorumaamuuseumid.ee\/#\/schema\/logo\/image\/","url":"https:\/\/vanavorumaamuuseumid.ee\/wp-content\/uploads\/2025\/05\/vana-voromaa-muusoumi-250516.svg","contentUrl":"https:\/\/vanavorumaamuuseumid.ee\/wp-content\/uploads\/2025\/05\/vana-voromaa-muusoumi-250516.svg","width":567,"height":80,"caption":"V\u00f5ru Instituut"},"image":{"@id":"https:\/\/vanavorumaamuuseumid.ee\/#\/schema\/logo\/image\/"}}]}},"_links":{"self":[{"href":"https:\/\/vanavorumaamuuseumid.ee\/vo\/wp-json\/wp\/v2\/pages\/421","targetHints":{"allow":["GET"]}}],"collection":[{"href":"https:\/\/vanavorumaamuuseumid.ee\/vo\/wp-json\/wp\/v2\/pages"}],"about":[{"href":"https:\/\/vanavorumaamuuseumid.ee\/vo\/wp-json\/wp\/v2\/types\/page"}],"author":[{"embeddable":true,"href":"https:\/\/vanavorumaamuuseumid.ee\/vo\/wp-json\/wp\/v2\/users\/1"}],"replies":[{"embeddable":true,"href":"https:\/\/vanavorumaamuuseumid.ee\/vo\/wp-json\/wp\/v2\/comments?post=421"}],"version-history":[{"count":18,"href":"https:\/\/vanavorumaamuuseumid.ee\/vo\/wp-json\/wp\/v2\/pages\/421\/revisions"}],"predecessor-version":[{"id":1215,"href":"https:\/\/vanavorumaamuuseumid.ee\/vo\/wp-json\/wp\/v2\/pages\/421\/revisions\/1215"}],"wp:attachment":[{"href":"https:\/\/vanavorumaamuuseumid.ee\/vo\/wp-json\/wp\/v2\/media?parent=421"}],"curies":[{"name":"wp","href":"https:\/\/api.w.org\/{rel}","templated":true}]}}