{"id":4541,"date":"2025-11-12T15:18:06","date_gmt":"2025-11-12T13:18:06","guid":{"rendered":"https:\/\/vanavorumaamuuseumid.ee\/?page_id=4541"},"modified":"2026-03-09T13:23:41","modified_gmt":"2026-03-09T11:23:41","slug":"menistes-zemnieku-setas-muzeja","status":"publish","type":"page","link":"https:\/\/vanavorumaamuuseumid.ee\/vo\/monistemuuseum\/menistes-zemnieku-setas-muzeja\/","title":{"rendered":"Menistes Zemnieku s\u0113tas muzej\u0101"},"content":{"rendered":"<p><strong>Esat sveicin\u0101ti Menistes Zemnieku s\u0113tas muzej\u0101, Igaunijas vec\u0101kaj\u0101 un vist\u0101l\u0101k uz dienvidiem eso\u0161aj\u0101 br\u012bvdabas muzej\u0101!<\/strong><\/p>\n\n\n\n<p>\u0160eit s\u0101kas Igaunija, jo atrodamies tikai akmens sviediena att\u0101lum\u0101 no Latvijas robe\u017eas. M\u016bsu ekspoz\u012bcija sniedz lielisku p\u0101rskatu par viet\u0113jo lauku dz\u012bvi no akmens laikmeta l\u012bdz 20. gadsimta pirmajai pusei. Apmekl\u0113t\u0101jiem ir reta iesp\u0113ja iepaz\u012bt vienu no retaj\u0101m vec\u0101kaj\u0101m gu\u013cba\u013c\u0137u m\u0101j\u0101m Igaunij\u0101, kas saglab\u0101jusies s\u0101kotn\u0113j\u0101 veidol\u0101, atkl\u0101t divas da\u017e\u0101das d\u016bmu pirtis, dzird\u0113t par viet\u0113j\u0101s mui\u017eas v\u0113sturi un daudz ko citu. Varat ar\u012b apmekl\u0113t un iepirkties Menistes Pat\u0113r\u0113t\u0101ju biedr\u012bbas veikal\u0101. Tas tika atv\u0113rts 1926. gad\u0101 un sl\u0113gts pirms Otr\u0101 pasaules kara, bet p\u0113c biju\u0161\u0101 interjera atjauno\u0161anas veikals atkal ir atv\u0113rts k\u0101 m\u016bsu muzeja veikals.<\/p>\n\n\n\n<p>M\u016bsu ekspoz\u012bcijai ir paskaidrojo\u0161ais teksts ar\u012b latvie\u0161u valod\u0101.<\/p>\n\n\n\n<p>Darba laiki:<br>1. maijs \u2013 31. septembris: katru dienu 10.00-17.00<br>1. oktobris \u2013 30. apr\u012blis: pirmdiena-piektdiena 10.00-14.00<br>Valsts sv\u0113tkos sl\u0113gts!<\/p>\n\n\n\n<p>Ja v\u0113laties apmekl\u0113t muzeju ar liel\u0101ku grupu, apmekl\u0113t \u0101rpus darba laika vai izmantot d\u016bmu pirti, l\u016bdzu, piesakiet savu apmekl\u0113jumu.<\/p>\n\n\n\n<p><strong>Kontaktinform\u0101cija:<br>+372 789 0622<br>+372 5804 6692<br>+372 5622 8538<br><a href=\"\/vo\/&\/#109;a&#x69;l&#x74;o&#x3a;m&#x6f;n&#x69;s&#x74;&#101;&#x6d;&#117;&#x75;&#115;&#x65;&#117;&#x6d;&#64;&#x77;&#105;&#x2e;&#101;e\" target=\"_blank\" rel=\"noreferrer noopener\">&#x6d;&#111;&#110;i&#x73;&#x74;&#101;m&#x75;&#x75;&#115;eu&#x6d;&#64;&#119;i&#x2e;&#x65;&#101;<\/a><\/strong><\/p>\n\n\n\n<p>Adrese: Menistes Zemnieku s\u0113tas muzejs (M\u00f5niste Talurahvamuuseum), Kuutsi k\u00fcla 66018, R\u00f5uge vald, V\u00f5rumaa, ESTONIA<\/p>\n\n\n\n<div class=\"wp-block-buttons is-layout-flex wp-block-buttons-is-layout-flex\">\n<div class=\"wp-block-button\"><a class=\"wp-block-button__link wp-element-button\" href=\"https:\/\/vanavorumaamuuseumid.ee\/wp-content\/uploads\/2026\/03\/Cenu-saraksts-Moniste-2026.pdf\" target=\"_blank\" rel=\"noreferrer noopener\">Cenu saraksts<\/a><\/div>\n<\/div>\n\n\n\n<div style=\"height:60px\" aria-hidden=\"true\" class=\"wp-block-spacer\"><\/div>\n\n\n\n<p><strong>Menistes apgabala v\u0113sture<\/strong><\/p>\n\n\n\n<p>Sen\u0101k\u0101s cilv\u0113ka darb\u012bbas p\u0113das dat\u0113tas pirms 3500\u20134000 gadiem. Pirms 1000 gadiem Menistes apkaime ietilpa Ugaunijas guber\u0146\u0101, milit\u0101r\u0101s eksped\u012bcijas notika gan l\u012bbie\u0161u un latga\u013cu, gan krievu teritorij\u0101s. \u0160eit cauri g\u0101ja ar\u012b tirdzniec\u012bbas ce\u013c\u0161 starp R\u012bgu un Pleskavu, kas igau\u0146u uzbrukumu d\u0113\u013c bija \u013coti b\u012bstams. P\u0113c seno igau\u0146u br\u012bv\u012bbas c\u012b\u0146u sak\u0101ves 1208.\u20131227.gad\u0101 apvidus palika T\u0113rbatas b\u012bskapij\u0101. T\u0101 bija sp\u0113c\u012bg\u0101k\u0101 no Vec\u0101s Livonijas b\u012bskapij\u0101m, kas 1396. gad\u0101 c\u012bn\u012bj\u0101s ne tikai ar krieviem, bet ar\u012b ar V\u0101cu ordeni.<\/p>\n\n\n\n<p>Pirm\u0101s rakstisk\u0101s zi\u0146as par Menistes mui\u017eu ir dat\u0113tas ar 1386. gadu, kad mui\u017eas \u012bpa\u0161nieki Ikskili sadal\u012bja apk\u0101rt\u0113j\u0101s mui\u017eas sav\u0101 starp\u0101. Ikskili bija vieni no liel\u0101kajiem T\u0113rbatas b\u012bskapijas mui\u017eniekiem.<\/p>\n\n\n\n<p>Livonijas kara laik\u0101 krievi 1558. gada janv\u0101r\u012b uzbruka ar\u012b Menistei, ta\u010du tika atvair\u012bti. L\u012bdz Zieme\u013cu karam zeme atrad\u0101s gan po\u013cu, gan zviedru pak\u013caut\u012bb\u0101. Zieme\u013cu kara laik\u0101 Menistes mui\u017e\u0101 1702. gada&nbsp;&nbsp; 5.\u20136. august\u0101 notika divu dienu aplenkums, kur\u0161 beidz\u0101s ar kri\u0161anu krievu sp\u0113ku rok\u0101s.<\/p>\n\n\n\n<p>Menistes un Saru mui\u017eas 1764. gad\u0101 p\u0101rg\u0101ja Koskilu dzimtai un 1837. gad\u0101 Vulfu mui\u017eai, kura mui\u017eas p\u0101rvald\u012bja l\u012bdz Igaunijas Republikai 1918. gad\u0101. V\u0113l pirms tam pa\u0161vald\u012bbas bija k\u013cuvu\u0161as neatkar\u012bgas no zemes \u012bpa\u0161niekiem.<\/p>\n\n\n\n<p>Igaunijas Neatkar\u012bbas kara laik\u0101 Meniste tika p\u0101r\u0146emta no rokas rok\u0101 \u010detras reizes un fronte \u0161eit st\u0101v\u0113ja no 1919. gada 17. apr\u012b\u013ca l\u012bdz 27. maijam, toreiz artil\u0113rijas ap\u0161aud\u0113 tika nopost\u012bta mui\u017eas galven\u0101 \u0113ka. 27. maij\u0101 \u0161eit s\u0101k\u0101s viens no liel\u0101kajiem uzbrukumiem Igaunij\u0101, kas beidz\u0101s tikai J\u0113kabpil\u012b Dienvidlatvij\u0101. \u0160im karag\u0101jienam ir iz\u0161\u0137iro\u0161a noz\u012bme gan Igaunijas, gan Latvijas v\u0113stur\u0113.<\/p>\n\n\n\n<p>1920.\u20131940. gados tika dibin\u0101tas vair\u0101kas biedr\u012bbas, kori un p\u016bt\u0113ju or\u0137estris. Att\u012bst\u012bbu p\u0101rtrauca otrreiz\u0113j\u0101 padomju okup\u0101cija.<\/p>\n\n\n\n<p>\u0160obr\u012bd atkal esam neatkar\u012bg\u0101s Igaunijas Republikas lepna robe\u017ezona ar Latviju. Igaunijas-Latvijas robe\u017ea Eirop\u0101 ir \u013coti reta par\u0101d\u012bba, kur abas tautas \u013coti labi sadz\u012bvo, v\u0113sture gandr\u012bz vien\u0101da, bet valodas viena otrai piln\u012bgi nesaprotamas.<\/p>\n\n\n\n<p>Izst\u0101des projektu finans\u0113ja Igaunijas Kult\u016bras fonds.<\/p>\n\n\n\n<p>Tekstus sast\u0101d\u012bjis Menistes zemnieku muzeja mantzinis Mika Raudvasars.<\/p>\n\n\n\n<p><strong>Jaun\u0101 mui\u017ea<\/strong><\/p>\n\n\n\n<p>Vienu no kr\u0101\u0161\u0146\u0101kaj\u0101m klasicisma stila mui\u017e\u0101m Veru zem\u0113 uzc\u0113la Vulfi, un t\u0101 tika pabeigta 1867. gad\u0101. Akmens \u0113k\u0101 kopum\u0101 bija aptuveni 80 istabas trijos st\u0101vos. Pagrabs atrad\u0101s metru virs zemes, un taj\u0101 bija logi. Galven\u0101 ieeja pav\u0113r\u0101s uz zieme\u013ciem virzien\u0101 uz Saru mui\u017eu, kuru apsaimniekoja tas pats \u012bpa\u0161nieks.<\/p>\n\n\n\n<p>Pagrab\u0101 blakus noliktavas telp\u0101m atrad\u0101s ar\u012b virtuve un mui\u017eas kalpot\u0101ju dz\u012bvojam\u0101s telpas. N\u0101kamos divus st\u0101vus \u0161\u0137\u0113rsoja viens augsts gaitenis caur m\u0101ju. M\u0101jas austrumu sp\u0101rnu galvenok\u0101rt izmantoja sievietes, rietumu sp\u0101rnu \u2013 v\u012brie\u0161i. Galvenaj\u0101 st\u0101v\u0101 atrad\u0101s divas lielas p\u012bl\u0101ru z\u0101les, bibliot\u0113ka, med\u012bbu trofeju telpas, \u0113damistabas un viesu istabas. Virs t\u0101 galvenok\u0101rt atrad\u0101s kunga dz\u012bvojam\u0101s telpas.<\/p>\n\n\n\n<p>\u0112k\u0101 bija lielas kr\u0101snis, bet 20. gadsimta s\u0101kum\u0101 bija pl\u0101nots p\u0101riet uz tvaika apkuri. Darbu p\u0101rtrauca Pirmais pasaules kar\u0161. Igaunijas Neatkar\u012bbas kara laik\u0101 mui\u017eas \u0113ka smagi cieta padomju artil\u0113rijas ap\u0161aud\u0113 1919. gada apr\u012bl\u012b un maij\u0101, un p\u0113c 1926. gada drupas tika nojauktas.<\/p>\n\n\n\n<p><strong>Vec\u0101 mui\u017ea<\/strong><\/p>\n\n\n\n<p>Taut\u0101 to pazina k\u0101 \u201cveco pili\u201d, kas celta p\u0113c Liel\u0101 Zieme\u013cu kara. \u0112kas galven\u0101 ieeja uz rietumiem tobr\u012bd atrad\u0101s pret ieejas ce\u013cu.<\/p>\n\n\n\n<p>Zem \u0113kas atrad\u0101s divi pagrabst\u0101vi, aug\u0161\u0113jais piena produktu, galvenok\u0101rt siera, uzglab\u0101\u0161anai, bet apak\u0161\u0113jais \u013coti dzi\u013ca ledus glab\u0101\u0161anai. No \u0161ejienes bija \u012bs\u0101kais ce\u013c\u0161 uz k\u016bts kompleksu.<\/p>\n\n\n\n<p>Divi st\u0101vi uz zemes bija no akmens, ar\u012b jumts bija kl\u0101ts ar akmens daksti\u0146iem. 20. gadsimta s\u0101kum\u0101 \u201cvec\u0101 pils\u201d tika izmantota k\u0101 galvenais nams. \u0112kas pirm\u0101 st\u0101va virtuv\u0113 tika gatavots \u0113diens mui\u017eas kalpiem.<\/p>\n\n\n\n<p><strong>Kl\u0113ts<\/strong><\/p>\n\n\n\n<p>Kl\u0113ts v\u0113sture ir \u012bpa\u0161i sare\u017e\u0123\u012bta. Vec\u0101k\u0101 da\u013ca, joproj\u0101m pazem\u0113 saglab\u0101ju\u0161ies pagrabi, iesp\u0113jams, celti ilgi pirms Zieme\u013cu kara. 19.\u201320.&nbsp; gadsimt\u0101 pagrab\u0101 atrad\u0101s ar\u012b p\u0101rtikas kr\u0101jumi mui\u017eas str\u0101dniekiem, un ieeja pagrab\u0101 pav\u0113r\u0101s uz mui\u017eas ezera pusi.<\/p>\n\n\n\n<p>Iesp\u0113jams, ka \u0161\u012b \u0113ka min\u0113ta 1627.gada zemes rev\u012bzij\u0101, un iesp\u0113jams, ka \u0161\u012b \u0113ka 1702. gada 5.\u20136. august\u0101 cieta tik smagus boj\u0101jumus, ka Ikskils uzc\u0113la t\u0101 saukto Veco mui\u017eu k\u0101 jaunu dz\u012bvojamo \u0113ku.<\/p>\n\n\n\n<p>19. gadsimt\u0101 t\u0101 bijusi kungu m\u0101ja, bet p\u0113c 1867. gada p\u0101rb\u016bv\u0113ta par kl\u0113ti. \u0112kai gal\u012bgaj\u0101 veidol\u0101 bija divst\u0101vu \u0161inde\u013cu jumts un priek\u0161\u0113jais portiks ar \u010detriem stabiem. Pirmaj\u0101 st\u0101v\u0101 bija kl\u0113tis, t\u0101s pild\u012bja no otr\u0101 st\u0101va. Graudus turp veda ar lielu rite\u0146u pac\u0113l\u0101ju.<\/p>\n\n\n\n<p><strong>Stallis<\/strong><\/p>\n\n\n\n<p>Stallis ar stipr\u0101m akmens sien\u0101m atrad\u0101s mui\u017eas \u0113kas labaj\u0101 pus\u0113 un bija 70\u00d710 metrus liels. \u0112kai bija divi virszemes st\u0101vi un pa vidu \u010detrst\u0101vu un \u010detrpus\u012bgs tornis.<\/p>\n\n\n\n<p>Savu gal\u012bgo veidolu stallis sasniedza 20. gadsimta s\u0101kum\u0101. Priek\u0161pus\u0113 bija iztur\u012bga arka, aiz kuras atrad\u0101s izj\u0101des zirgu stallis ar blakus telp\u0101m. Otraj\u0101 st\u0101v\u0101 blakus vair\u0101k\u0101m noliktavas telp\u0101m atrad\u0101s asto\u0146i dz\u012bvok\u013ci mui\u017eas str\u0101dniekiem un automa\u0161\u012bnu gar\u0101\u017ea ar uzbrauktuvi no mui\u017eas pagalma.<\/p>\n\n\n\n<p>Tor\u0146a tre\u0161aj\u0101 st\u0101v\u0101 atrad\u0101s mui\u017eas pulkstenis, lai inform\u0113tu par darba laika s\u0101kumu un beig\u0101m, ceturtaj\u0101 ar benz\u012bna dzin\u0113ju no akas pild\u012bta \u016bdens tvertne \u2013 tolaik mui\u017eai bija \u016bdens padeve. Uz tor\u0146a jumta atrad\u0101s skatu laukums, no kura saimniekam patika ar t\u0101lskati v\u0113rot lauku darbu norisi.<\/p>\n\n\n\n<p>Lopu k\u016btis un pienotavas tika celtas ap maz\u0101ku pagalmu, kur tika ra\u017eots un p\u0101rstr\u0101d\u0101ts piens. Tas bija neliel\u0101 att\u0101lum\u0101 no pienotavas l\u012bdz tuv\u0113jiem siera pagrabiem.<\/p>\n\n\n\n<p>Saska\u0146\u0101 ar le\u0123endu, p\u0113c posto\u0161\u0101 Zieme\u013cu kara Menistes apgabal\u0101 palicis tikai viens v\u012brs v\u0101rd\u0101 Mehka. Vi\u0146\u0161 atrada sievietes p\u0113das nospiedumu pie Mustjegi upes un v\u0113l\u0101k satika sievieti v\u0101rd\u0101 Hipa, kura dz\u012bvoja upes zieme\u013cu krast\u0101. T\u0101di ir \u0161odienas Menistes apk\u0101rtnes cilv\u0113ku pirms\u0101kumi. L\u012bdz\u012bgi st\u0101sti par \u201cp\u0113d\u0113j\u0101 v\u012brie\u0161a un sievietes\u201d tik\u0161anos ir zin\u0101mi daudzviet Igaunij\u0101 kop\u0161 Zieme\u013cu kara laika. V\u012bri\u0161\u0137ais v\u0101rds Mehka v\u0113l\u0101k k\u013cuva p\u0101r\u0101k izplat\u012bts Menistes apgabal\u0101, un apgabals ir paz\u012bstams k\u0101 \u201cMehkas zeme\u201d.<\/p>","protected":false},"excerpt":{"rendered":"<p>Esat sveicin\u0101ti Menistes Zemnieku s\u0113tas muzej\u0101, Igaunijas vec\u0101kaj\u0101 un vist\u0101l\u0101k uz dienvidiem [&hellip;]<\/p>\n","protected":false},"author":1,"featured_media":0,"parent":262,"menu_order":0,"comment_status":"closed","ping_status":"closed","template":"","meta":{"_acf_changed":false,"_et_pb_use_builder":"","_et_pb_old_content":"","_et_gb_content_width":"","footnotes":""},"class_list":["post-4541","page","type-page","status-publish","hentry"],"acf":[],"yoast_head":"<!-- This site is optimized with the Yoast SEO plugin v27.4 - https:\/\/yoast.com\/product\/yoast-seo-wordpress\/ -->\n<title>Menistes Zemnieku s\u0113tas muzej\u0101 - Vana-V\u00f5rumaa muuseumid<\/title>\n<meta name=\"robots\" content=\"index, follow, max-snippet:-1, max-image-preview:large, max-video-preview:-1\" \/>\n<link rel=\"canonical\" href=\"https:\/\/vanavorumaamuuseumid.ee\/vo\/monistemuuseum\/menistes-zemnieku-setas-muzeja\/\" \/>\n<meta property=\"og:locale\" content=\"en_US\" \/>\n<meta property=\"og:type\" content=\"article\" \/>\n<meta property=\"og:title\" content=\"Menistes Zemnieku s\u0113tas muzej\u0101 - Vana-V\u00f5rumaa muuseumid\" \/>\n<meta property=\"og:description\" content=\"Esat sveicin\u0101ti Menistes Zemnieku s\u0113tas muzej\u0101, Igaunijas vec\u0101kaj\u0101 un vist\u0101l\u0101k uz dienvidiem [&hellip;]\" \/>\n<meta property=\"og:url\" content=\"https:\/\/vanavorumaamuuseumid.ee\/vo\/monistemuuseum\/menistes-zemnieku-setas-muzeja\/\" \/>\n<meta property=\"og:site_name\" content=\"Vana-V\u00f5rumaa muuseumid\" \/>\n<meta property=\"article:modified_time\" content=\"2026-03-09T11:23:41+00:00\" \/>\n<meta name=\"twitter:card\" content=\"summary_large_image\" \/>\n<meta name=\"twitter:label1\" content=\"Est. reading time\" \/>\n\t<meta name=\"twitter:data1\" content=\"6 minutes\" \/>\n<script type=\"application\/ld+json\" class=\"yoast-schema-graph\">{\"@context\":\"https:\\\/\\\/schema.org\",\"@graph\":[{\"@type\":\"WebPage\",\"@id\":\"https:\\\/\\\/vanavorumaamuuseumid.ee\\\/monistemuuseum\\\/menistes-zemnieku-setas-muzeja\\\/\",\"url\":\"https:\\\/\\\/vanavorumaamuuseumid.ee\\\/monistemuuseum\\\/menistes-zemnieku-setas-muzeja\\\/\",\"name\":\"Menistes Zemnieku s\u0113tas muzej\u0101 - Vana-V\u00f5rumaa muuseumid\",\"isPartOf\":{\"@id\":\"https:\\\/\\\/vanavorumaamuuseumid.ee\\\/#website\"},\"datePublished\":\"2025-11-12T13:18:06+00:00\",\"dateModified\":\"2026-03-09T11:23:41+00:00\",\"breadcrumb\":{\"@id\":\"https:\\\/\\\/vanavorumaamuuseumid.ee\\\/monistemuuseum\\\/menistes-zemnieku-setas-muzeja\\\/#breadcrumb\"},\"inLanguage\":\"vo\",\"potentialAction\":[{\"@type\":\"ReadAction\",\"target\":[\"https:\\\/\\\/vanavorumaamuuseumid.ee\\\/monistemuuseum\\\/menistes-zemnieku-setas-muzeja\\\/\"]}]},{\"@type\":\"BreadcrumbList\",\"@id\":\"https:\\\/\\\/vanavorumaamuuseumid.ee\\\/monistemuuseum\\\/menistes-zemnieku-setas-muzeja\\\/#breadcrumb\",\"itemListElement\":[{\"@type\":\"ListItem\",\"position\":1,\"name\":\"Home\",\"item\":\"https:\\\/\\\/vanavorumaamuuseumid.ee\\\/\"},{\"@type\":\"ListItem\",\"position\":2,\"name\":\"M\u00f5niste Talurahvamuuseum\",\"item\":\"https:\\\/\\\/vanavorumaamuuseumid.ee\\\/monistemuuseum\\\/\"},{\"@type\":\"ListItem\",\"position\":3,\"name\":\"Menistes Zemnieku s\u0113tas muzej\u0101\"}]},{\"@type\":\"WebSite\",\"@id\":\"https:\\\/\\\/vanavorumaamuuseumid.ee\\\/#website\",\"url\":\"https:\\\/\\\/vanavorumaamuuseumid.ee\\\/\",\"name\":\"Vana-V\u00f5rumaa Muuseumid\",\"description\":\"V\u00f5rumaa Muuseum, Dr. Fr. R. Kreutzwaldi Memoriaalmuuseum, M\u00f5niste Talurahvamuuseum ja Karilatsi Vaba\u00f5humuuseum\",\"publisher\":{\"@id\":\"https:\\\/\\\/vanavorumaamuuseumid.ee\\\/#organization\"},\"potentialAction\":[{\"@type\":\"SearchAction\",\"target\":{\"@type\":\"EntryPoint\",\"urlTemplate\":\"https:\\\/\\\/vanavorumaamuuseumid.ee\\\/?s={search_term_string}\"},\"query-input\":{\"@type\":\"PropertyValueSpecification\",\"valueRequired\":true,\"valueName\":\"search_term_string\"}}],\"inLanguage\":\"vo\"},{\"@type\":\"Organization\",\"@id\":\"https:\\\/\\\/vanavorumaamuuseumid.ee\\\/#organization\",\"name\":\"V\u00f5ru Instituut\",\"url\":\"https:\\\/\\\/vanavorumaamuuseumid.ee\\\/\",\"logo\":{\"@type\":\"ImageObject\",\"inLanguage\":\"vo\",\"@id\":\"https:\\\/\\\/vanavorumaamuuseumid.ee\\\/#\\\/schema\\\/logo\\\/image\\\/\",\"url\":\"https:\\\/\\\/vanavorumaamuuseumid.ee\\\/wp-content\\\/uploads\\\/2025\\\/05\\\/vana-voromaa-muusoumi-250516.svg\",\"contentUrl\":\"https:\\\/\\\/vanavorumaamuuseumid.ee\\\/wp-content\\\/uploads\\\/2025\\\/05\\\/vana-voromaa-muusoumi-250516.svg\",\"width\":567,\"height\":80,\"caption\":\"V\u00f5ru Instituut\"},\"image\":{\"@id\":\"https:\\\/\\\/vanavorumaamuuseumid.ee\\\/#\\\/schema\\\/logo\\\/image\\\/\"}}]}<\/script>\n<!-- \/ Yoast SEO plugin. -->","yoast_head_json":{"title":"Menistes Zemnieku s\u0113tas muzej\u0101 - Vana-V\u00f5rumaa muuseumid","robots":{"index":"index","follow":"follow","max-snippet":"max-snippet:-1","max-image-preview":"max-image-preview:large","max-video-preview":"max-video-preview:-1"},"canonical":"https:\/\/vanavorumaamuuseumid.ee\/vo\/monistemuuseum\/menistes-zemnieku-setas-muzeja\/","og_locale":"en_US","og_type":"article","og_title":"Menistes Zemnieku s\u0113tas muzej\u0101 - Vana-V\u00f5rumaa muuseumid","og_description":"Esat sveicin\u0101ti Menistes Zemnieku s\u0113tas muzej\u0101, Igaunijas vec\u0101kaj\u0101 un vist\u0101l\u0101k uz dienvidiem [&hellip;]","og_url":"https:\/\/vanavorumaamuuseumid.ee\/vo\/monistemuuseum\/menistes-zemnieku-setas-muzeja\/","og_site_name":"Vana-V\u00f5rumaa muuseumid","article_modified_time":"2026-03-09T11:23:41+00:00","twitter_card":"summary_large_image","twitter_misc":{"Est. reading time":"6 minutes"},"schema":{"@context":"https:\/\/schema.org","@graph":[{"@type":"WebPage","@id":"https:\/\/vanavorumaamuuseumid.ee\/monistemuuseum\/menistes-zemnieku-setas-muzeja\/","url":"https:\/\/vanavorumaamuuseumid.ee\/monistemuuseum\/menistes-zemnieku-setas-muzeja\/","name":"Menistes Zemnieku s\u0113tas muzej\u0101 - Vana-V\u00f5rumaa muuseumid","isPartOf":{"@id":"https:\/\/vanavorumaamuuseumid.ee\/#website"},"datePublished":"2025-11-12T13:18:06+00:00","dateModified":"2026-03-09T11:23:41+00:00","breadcrumb":{"@id":"https:\/\/vanavorumaamuuseumid.ee\/monistemuuseum\/menistes-zemnieku-setas-muzeja\/#breadcrumb"},"inLanguage":"vo","potentialAction":[{"@type":"ReadAction","target":["https:\/\/vanavorumaamuuseumid.ee\/monistemuuseum\/menistes-zemnieku-setas-muzeja\/"]}]},{"@type":"BreadcrumbList","@id":"https:\/\/vanavorumaamuuseumid.ee\/monistemuuseum\/menistes-zemnieku-setas-muzeja\/#breadcrumb","itemListElement":[{"@type":"ListItem","position":1,"name":"Home","item":"https:\/\/vanavorumaamuuseumid.ee\/"},{"@type":"ListItem","position":2,"name":"M\u00f5niste Talurahvamuuseum","item":"https:\/\/vanavorumaamuuseumid.ee\/monistemuuseum\/"},{"@type":"ListItem","position":3,"name":"Menistes Zemnieku s\u0113tas muzej\u0101"}]},{"@type":"WebSite","@id":"https:\/\/vanavorumaamuuseumid.ee\/#website","url":"https:\/\/vanavorumaamuuseumid.ee\/","name":"Vana-V\u00f5rumaa Muuseumid","description":"V\u00f5rumaa Muuseum, Dr. Fr. R. Kreutzwaldi Memoriaalmuuseum, M\u00f5niste Talurahvamuuseum ja Karilatsi Vaba\u00f5humuuseum","publisher":{"@id":"https:\/\/vanavorumaamuuseumid.ee\/#organization"},"potentialAction":[{"@type":"SearchAction","target":{"@type":"EntryPoint","urlTemplate":"https:\/\/vanavorumaamuuseumid.ee\/?s={search_term_string}"},"query-input":{"@type":"PropertyValueSpecification","valueRequired":true,"valueName":"search_term_string"}}],"inLanguage":"vo"},{"@type":"Organization","@id":"https:\/\/vanavorumaamuuseumid.ee\/#organization","name":"V\u00f5ru Instituut","url":"https:\/\/vanavorumaamuuseumid.ee\/","logo":{"@type":"ImageObject","inLanguage":"vo","@id":"https:\/\/vanavorumaamuuseumid.ee\/#\/schema\/logo\/image\/","url":"https:\/\/vanavorumaamuuseumid.ee\/wp-content\/uploads\/2025\/05\/vana-voromaa-muusoumi-250516.svg","contentUrl":"https:\/\/vanavorumaamuuseumid.ee\/wp-content\/uploads\/2025\/05\/vana-voromaa-muusoumi-250516.svg","width":567,"height":80,"caption":"V\u00f5ru Instituut"},"image":{"@id":"https:\/\/vanavorumaamuuseumid.ee\/#\/schema\/logo\/image\/"}}]}},"_links":{"self":[{"href":"https:\/\/vanavorumaamuuseumid.ee\/vo\/wp-json\/wp\/v2\/pages\/4541","targetHints":{"allow":["GET"]}}],"collection":[{"href":"https:\/\/vanavorumaamuuseumid.ee\/vo\/wp-json\/wp\/v2\/pages"}],"about":[{"href":"https:\/\/vanavorumaamuuseumid.ee\/vo\/wp-json\/wp\/v2\/types\/page"}],"author":[{"embeddable":true,"href":"https:\/\/vanavorumaamuuseumid.ee\/vo\/wp-json\/wp\/v2\/users\/1"}],"replies":[{"embeddable":true,"href":"https:\/\/vanavorumaamuuseumid.ee\/vo\/wp-json\/wp\/v2\/comments?post=4541"}],"version-history":[{"count":4,"href":"https:\/\/vanavorumaamuuseumid.ee\/vo\/wp-json\/wp\/v2\/pages\/4541\/revisions"}],"predecessor-version":[{"id":5361,"href":"https:\/\/vanavorumaamuuseumid.ee\/vo\/wp-json\/wp\/v2\/pages\/4541\/revisions\/5361"}],"up":[{"embeddable":true,"href":"https:\/\/vanavorumaamuuseumid.ee\/vo\/wp-json\/wp\/v2\/pages\/262"}],"wp:attachment":[{"href":"https:\/\/vanavorumaamuuseumid.ee\/vo\/wp-json\/wp\/v2\/media?parent=4541"}],"curies":[{"name":"wp","href":"https:\/\/api.w.org\/{rel}","templated":true}]}}