{"id":5021,"date":"2026-01-06T11:38:18","date_gmt":"2026-01-06T09:38:18","guid":{"rendered":"https:\/\/vanavorumaamuuseumid.ee\/?page_id=5021"},"modified":"2026-01-06T11:38:19","modified_gmt":"2026-01-06T09:38:19","slug":"esat-sveicinati-karilatsi-brivdabas-muzeja","status":"publish","type":"page","link":"https:\/\/vanavorumaamuuseumid.ee\/vo\/karilatsimuuseum\/esat-sveicinati-karilatsi-brivdabas-muzeja\/","title":{"rendered":"Esat sveicin\u0101ti Karilatsi Br\u012bvdabas muzej\u0101"},"content":{"rendered":"<p>Darba laiki:<br>1. maijs \u2013 31. septembris: katru dienu 10.00-18.00<br>1. oktobris \u2013 30. apr\u012blis: pirmdiena-piektdiena 10.00-16. 00<br>Valsts sv\u0113tkos sl\u0113gts!<\/p>\n\n\n\n<p>Ja v\u0113laties apmekl\u0113t muzeju ar liel\u0101ku grupu, apmekl\u0113t \u0101rpus darba laika vai izmantot d\u016bmu pirti, l\u016bdzu, piesakiet savu apmekl\u0113jumu.<\/p>\n\n\n\n<p>Kontaktinform\u0101cija:<br>+372 79 70 310<br>+372 5801 8601<br>&#x70;&#x6f;&#108;va&#x6d;&#x61;&#97;&#64;w&#x69;&#x2e;&#101;&#101;<\/p>\n\n\n\n<p>Adrese: Karilatsi Br\u012bvdabas muzej\u0101 (Karilatsi Vaba\u00f5humuuseum), Karilatsi k\u00fcla Kanepi vald, P\u00f5lvamaa, ESTONIA<\/p>\n\n\n\n<p>Karilatsi Br\u012bvdabas muzejs ir liel\u0101kais br\u012bvdabas muzejs Dienvidigaunij\u0101 un atrodas k\u0101dreiz\u0113j\u0101 novada centra teritorij\u0101. Novada centra v\u0113sturisk\u0101s \u0113kas veido muzeja galveno ekspoz\u012bciju. V\u0113stures un dabas aizsardz\u012bbas entuziasts Kalju Kermass gadiem ilgi mekl\u0113ja muzejam piem\u0113rotu vietu. Vi\u0146\u0161 to atrada 1972. gad\u0101, kad \u0161eit sl\u0113dza Karilatsi s\u0101kumskolu. P\u0113c gada jau rit\u0113ja spraigs darbs ar muzeja iek\u0101rto\u0161anu. Ofici\u0101lu statusu Pelvas Ziemnieku s\u0113tas muzejs ieguva 1978. gada nogal\u0113. 2015. gad\u0101 muzeju apvienoja ar Vana-V\u00f5romaa muzejiem, bet 2019. gad\u0101 tas ieguva nosaukumu: Karilatsi Br\u012bvdabas muzejs.<\/p>\n\n\n\n<p>Br\u012bvdabas muzeja galven\u0101 \u0113ka ir sena skolas \u0113ka ar t\u0101s saimniec\u012bbas \u0113k\u0101m. Cauri muzeja teritorijai tek P\u012bgastes strauts. Otr\u0101 pus\u0113 strautam atrodas pa\u0161vald\u012bbas centra \u0113kas \u2013 gu\u013cam\u0101 kl\u0113ts, pa\u0161vald\u012bbas \u0113ka un nabagm\u0101ja. Muzeja s\u0101kuma gados \u0161eit tika atvestas v\u0113jdzirnavas un v\u0113l\u0101k kl\u0113ts bi\u0161u stropiem. V\u0113rts apskat\u012bt muzeja parku, taj\u0101 koki tiek st\u0101d\u012bti kop\u0161 pag\u0101ju\u0161\u0101 gadsimta 70. gadiem, lai piemin\u0113tu svar\u012bgus notikumus un cilv\u0113kus, kas saist\u012bti ar Pelvas apri\u0146\u0137i. Piem\u0113ram, park\u0101 var atrast koru vad\u012bt\u0101ju birzi, kur\u0101 iest\u0101d\u012bti koki Pelvas Intsikurmu notiku\u0161aj\u0101s Visigaunijas dziesmu dien\u0101s. Tik daudz koku tika iest\u0101d\u012bti Igaunijas 100. dzim\u0161anas dien\u0101. Parka modelis biju\u0161\u0101 Pelvas rajona robe\u017e\u0101s ir unik\u0101ls.<\/p>\n\n\n\n<p>Karilatsi muzejs atrodas ab\u0101s v\u0113sturisk\u0101 Pasta ce\u013ca pus\u0113s. Otrpus ce\u013cam atrodas jaun\u0101 Karilatsi ciema m\u0101ja, kas Padomju laik\u0101 p\u0101rveidota par tautas namu, bag\u0101t\u012bga lauksaimniec\u012bbas darbar\u012bku un tehnikas ekspoz\u012bcija un divas Dienvidigaunijai rakstur\u012bgas autentiski iek\u0101rtotas dz\u012bvojam\u0101s \u0113kas.<\/p>\n\n\n\n<p>Nov\u0113lam jums pat\u012bkamu skat\u012b\u0161anos!<\/p>","protected":false},"excerpt":{"rendered":"<p>Darba laiki:1. maijs \u2013 31. septembris: katru dienu 10.00-18.001. oktobris \u2013 30. [&hellip;]<\/p>\n","protected":false},"author":1,"featured_media":0,"parent":299,"menu_order":0,"comment_status":"closed","ping_status":"closed","template":"","meta":{"_acf_changed":false,"_et_pb_use_builder":"","_et_pb_old_content":"","_et_gb_content_width":"","footnotes":""},"class_list":["post-5021","page","type-page","status-publish","hentry"],"acf":[],"yoast_head":"<!-- This site is optimized with the Yoast SEO plugin v27.4 - https:\/\/yoast.com\/product\/yoast-seo-wordpress\/ -->\n<title>Esat sveicin\u0101ti Karilatsi Br\u012bvdabas muzej\u0101 - Vana-V\u00f5rumaa muuseumid<\/title>\n<meta name=\"robots\" content=\"index, follow, max-snippet:-1, max-image-preview:large, max-video-preview:-1\" \/>\n<link rel=\"canonical\" href=\"https:\/\/vanavorumaamuuseumid.ee\/vo\/karilatsimuuseum\/esat-sveicinati-karilatsi-brivdabas-muzeja\/\" \/>\n<meta property=\"og:locale\" content=\"en_US\" \/>\n<meta property=\"og:type\" content=\"article\" \/>\n<meta property=\"og:title\" content=\"Esat sveicin\u0101ti Karilatsi Br\u012bvdabas muzej\u0101 - Vana-V\u00f5rumaa muuseumid\" \/>\n<meta property=\"og:description\" content=\"Darba laiki:1. maijs \u2013 31. septembris: katru dienu 10.00-18.001. oktobris \u2013 30. [&hellip;]\" \/>\n<meta property=\"og:url\" content=\"https:\/\/vanavorumaamuuseumid.ee\/vo\/karilatsimuuseum\/esat-sveicinati-karilatsi-brivdabas-muzeja\/\" \/>\n<meta property=\"og:site_name\" content=\"Vana-V\u00f5rumaa muuseumid\" \/>\n<meta property=\"article:modified_time\" content=\"2026-01-06T09:38:19+00:00\" \/>\n<meta name=\"twitter:card\" content=\"summary_large_image\" \/>\n<meta name=\"twitter:label1\" content=\"Est. reading time\" \/>\n\t<meta name=\"twitter:data1\" content=\"2 minutes\" \/>\n<script type=\"application\/ld+json\" class=\"yoast-schema-graph\">{\"@context\":\"https:\\\/\\\/schema.org\",\"@graph\":[{\"@type\":\"WebPage\",\"@id\":\"https:\\\/\\\/vanavorumaamuuseumid.ee\\\/karilatsimuuseum\\\/esat-sveicinati-karilatsi-brivdabas-muzeja\\\/\",\"url\":\"https:\\\/\\\/vanavorumaamuuseumid.ee\\\/karilatsimuuseum\\\/esat-sveicinati-karilatsi-brivdabas-muzeja\\\/\",\"name\":\"Esat sveicin\u0101ti Karilatsi Br\u012bvdabas muzej\u0101 - Vana-V\u00f5rumaa muuseumid\",\"isPartOf\":{\"@id\":\"https:\\\/\\\/vanavorumaamuuseumid.ee\\\/#website\"},\"datePublished\":\"2026-01-06T09:38:18+00:00\",\"dateModified\":\"2026-01-06T09:38:19+00:00\",\"breadcrumb\":{\"@id\":\"https:\\\/\\\/vanavorumaamuuseumid.ee\\\/karilatsimuuseum\\\/esat-sveicinati-karilatsi-brivdabas-muzeja\\\/#breadcrumb\"},\"inLanguage\":\"vo\",\"potentialAction\":[{\"@type\":\"ReadAction\",\"target\":[\"https:\\\/\\\/vanavorumaamuuseumid.ee\\\/karilatsimuuseum\\\/esat-sveicinati-karilatsi-brivdabas-muzeja\\\/\"]}]},{\"@type\":\"BreadcrumbList\",\"@id\":\"https:\\\/\\\/vanavorumaamuuseumid.ee\\\/karilatsimuuseum\\\/esat-sveicinati-karilatsi-brivdabas-muzeja\\\/#breadcrumb\",\"itemListElement\":[{\"@type\":\"ListItem\",\"position\":1,\"name\":\"Home\",\"item\":\"https:\\\/\\\/vanavorumaamuuseumid.ee\\\/\"},{\"@type\":\"ListItem\",\"position\":2,\"name\":\"Karilatsi Vaba\u00f5humuuseum\",\"item\":\"https:\\\/\\\/vanavorumaamuuseumid.ee\\\/karilatsimuuseum\\\/\"},{\"@type\":\"ListItem\",\"position\":3,\"name\":\"Esat sveicin\u0101ti Karilatsi Br\u012bvdabas muzej\u0101\"}]},{\"@type\":\"WebSite\",\"@id\":\"https:\\\/\\\/vanavorumaamuuseumid.ee\\\/#website\",\"url\":\"https:\\\/\\\/vanavorumaamuuseumid.ee\\\/\",\"name\":\"Vana-V\u00f5rumaa Muuseumid\",\"description\":\"V\u00f5rumaa Muuseum, Dr. Fr. R. Kreutzwaldi Memoriaalmuuseum, M\u00f5niste Talurahvamuuseum ja Karilatsi Vaba\u00f5humuuseum\",\"publisher\":{\"@id\":\"https:\\\/\\\/vanavorumaamuuseumid.ee\\\/#organization\"},\"potentialAction\":[{\"@type\":\"SearchAction\",\"target\":{\"@type\":\"EntryPoint\",\"urlTemplate\":\"https:\\\/\\\/vanavorumaamuuseumid.ee\\\/?s={search_term_string}\"},\"query-input\":{\"@type\":\"PropertyValueSpecification\",\"valueRequired\":true,\"valueName\":\"search_term_string\"}}],\"inLanguage\":\"vo\"},{\"@type\":\"Organization\",\"@id\":\"https:\\\/\\\/vanavorumaamuuseumid.ee\\\/#organization\",\"name\":\"V\u00f5ru Instituut\",\"url\":\"https:\\\/\\\/vanavorumaamuuseumid.ee\\\/\",\"logo\":{\"@type\":\"ImageObject\",\"inLanguage\":\"vo\",\"@id\":\"https:\\\/\\\/vanavorumaamuuseumid.ee\\\/#\\\/schema\\\/logo\\\/image\\\/\",\"url\":\"https:\\\/\\\/vanavorumaamuuseumid.ee\\\/wp-content\\\/uploads\\\/2025\\\/05\\\/vana-voromaa-muusoumi-250516.svg\",\"contentUrl\":\"https:\\\/\\\/vanavorumaamuuseumid.ee\\\/wp-content\\\/uploads\\\/2025\\\/05\\\/vana-voromaa-muusoumi-250516.svg\",\"width\":567,\"height\":80,\"caption\":\"V\u00f5ru Instituut\"},\"image\":{\"@id\":\"https:\\\/\\\/vanavorumaamuuseumid.ee\\\/#\\\/schema\\\/logo\\\/image\\\/\"}}]}<\/script>\n<!-- \/ Yoast SEO plugin. -->","yoast_head_json":{"title":"Esat sveicin\u0101ti Karilatsi Br\u012bvdabas muzej\u0101 - Vana-V\u00f5rumaa muuseumid","robots":{"index":"index","follow":"follow","max-snippet":"max-snippet:-1","max-image-preview":"max-image-preview:large","max-video-preview":"max-video-preview:-1"},"canonical":"https:\/\/vanavorumaamuuseumid.ee\/vo\/karilatsimuuseum\/esat-sveicinati-karilatsi-brivdabas-muzeja\/","og_locale":"en_US","og_type":"article","og_title":"Esat sveicin\u0101ti Karilatsi Br\u012bvdabas muzej\u0101 - Vana-V\u00f5rumaa muuseumid","og_description":"Darba laiki:1. maijs \u2013 31. septembris: katru dienu 10.00-18.001. oktobris \u2013 30. [&hellip;]","og_url":"https:\/\/vanavorumaamuuseumid.ee\/vo\/karilatsimuuseum\/esat-sveicinati-karilatsi-brivdabas-muzeja\/","og_site_name":"Vana-V\u00f5rumaa muuseumid","article_modified_time":"2026-01-06T09:38:19+00:00","twitter_card":"summary_large_image","twitter_misc":{"Est. reading time":"2 minutes"},"schema":{"@context":"https:\/\/schema.org","@graph":[{"@type":"WebPage","@id":"https:\/\/vanavorumaamuuseumid.ee\/karilatsimuuseum\/esat-sveicinati-karilatsi-brivdabas-muzeja\/","url":"https:\/\/vanavorumaamuuseumid.ee\/karilatsimuuseum\/esat-sveicinati-karilatsi-brivdabas-muzeja\/","name":"Esat sveicin\u0101ti Karilatsi Br\u012bvdabas muzej\u0101 - Vana-V\u00f5rumaa muuseumid","isPartOf":{"@id":"https:\/\/vanavorumaamuuseumid.ee\/#website"},"datePublished":"2026-01-06T09:38:18+00:00","dateModified":"2026-01-06T09:38:19+00:00","breadcrumb":{"@id":"https:\/\/vanavorumaamuuseumid.ee\/karilatsimuuseum\/esat-sveicinati-karilatsi-brivdabas-muzeja\/#breadcrumb"},"inLanguage":"vo","potentialAction":[{"@type":"ReadAction","target":["https:\/\/vanavorumaamuuseumid.ee\/karilatsimuuseum\/esat-sveicinati-karilatsi-brivdabas-muzeja\/"]}]},{"@type":"BreadcrumbList","@id":"https:\/\/vanavorumaamuuseumid.ee\/karilatsimuuseum\/esat-sveicinati-karilatsi-brivdabas-muzeja\/#breadcrumb","itemListElement":[{"@type":"ListItem","position":1,"name":"Home","item":"https:\/\/vanavorumaamuuseumid.ee\/"},{"@type":"ListItem","position":2,"name":"Karilatsi Vaba\u00f5humuuseum","item":"https:\/\/vanavorumaamuuseumid.ee\/karilatsimuuseum\/"},{"@type":"ListItem","position":3,"name":"Esat sveicin\u0101ti Karilatsi Br\u012bvdabas muzej\u0101"}]},{"@type":"WebSite","@id":"https:\/\/vanavorumaamuuseumid.ee\/#website","url":"https:\/\/vanavorumaamuuseumid.ee\/","name":"Vana-V\u00f5rumaa Muuseumid","description":"V\u00f5rumaa Muuseum, Dr. Fr. R. Kreutzwaldi Memoriaalmuuseum, M\u00f5niste Talurahvamuuseum ja Karilatsi Vaba\u00f5humuuseum","publisher":{"@id":"https:\/\/vanavorumaamuuseumid.ee\/#organization"},"potentialAction":[{"@type":"SearchAction","target":{"@type":"EntryPoint","urlTemplate":"https:\/\/vanavorumaamuuseumid.ee\/?s={search_term_string}"},"query-input":{"@type":"PropertyValueSpecification","valueRequired":true,"valueName":"search_term_string"}}],"inLanguage":"vo"},{"@type":"Organization","@id":"https:\/\/vanavorumaamuuseumid.ee\/#organization","name":"V\u00f5ru Instituut","url":"https:\/\/vanavorumaamuuseumid.ee\/","logo":{"@type":"ImageObject","inLanguage":"vo","@id":"https:\/\/vanavorumaamuuseumid.ee\/#\/schema\/logo\/image\/","url":"https:\/\/vanavorumaamuuseumid.ee\/wp-content\/uploads\/2025\/05\/vana-voromaa-muusoumi-250516.svg","contentUrl":"https:\/\/vanavorumaamuuseumid.ee\/wp-content\/uploads\/2025\/05\/vana-voromaa-muusoumi-250516.svg","width":567,"height":80,"caption":"V\u00f5ru Instituut"},"image":{"@id":"https:\/\/vanavorumaamuuseumid.ee\/#\/schema\/logo\/image\/"}}]}},"_links":{"self":[{"href":"https:\/\/vanavorumaamuuseumid.ee\/vo\/wp-json\/wp\/v2\/pages\/5021","targetHints":{"allow":["GET"]}}],"collection":[{"href":"https:\/\/vanavorumaamuuseumid.ee\/vo\/wp-json\/wp\/v2\/pages"}],"about":[{"href":"https:\/\/vanavorumaamuuseumid.ee\/vo\/wp-json\/wp\/v2\/types\/page"}],"author":[{"embeddable":true,"href":"https:\/\/vanavorumaamuuseumid.ee\/vo\/wp-json\/wp\/v2\/users\/1"}],"replies":[{"embeddable":true,"href":"https:\/\/vanavorumaamuuseumid.ee\/vo\/wp-json\/wp\/v2\/comments?post=5021"}],"version-history":[{"count":1,"href":"https:\/\/vanavorumaamuuseumid.ee\/vo\/wp-json\/wp\/v2\/pages\/5021\/revisions"}],"predecessor-version":[{"id":5022,"href":"https:\/\/vanavorumaamuuseumid.ee\/vo\/wp-json\/wp\/v2\/pages\/5021\/revisions\/5022"}],"up":[{"embeddable":true,"href":"https:\/\/vanavorumaamuuseumid.ee\/vo\/wp-json\/wp\/v2\/pages\/299"}],"wp:attachment":[{"href":"https:\/\/vanavorumaamuuseumid.ee\/vo\/wp-json\/wp\/v2\/media?parent=5021"}],"curies":[{"name":"wp","href":"https:\/\/api.w.org\/{rel}","templated":true}]}}