{"id":716,"date":"2025-05-29T10:37:04","date_gmt":"2025-05-29T07:37:04","guid":{"rendered":"https:\/\/vanavorumaamuuseumid.ee\/?page_id=716"},"modified":"2026-01-26T15:03:41","modified_gmt":"2026-01-26T13:03:41","slug":"tootajad","status":"publish","type":"page","link":"https:\/\/vanavorumaamuuseumid.ee\/vo\/vorumuuseum\/tootajad\/","title":{"rendered":"T\u00f6\u00f6tajad"},"content":{"rendered":"<div class=\"wp-block-columns row-tootajad is-layout-flex wp-container-core-columns-is-layout-9d6595d7 wp-block-columns-is-layout-flex\">\n<div class=\"wp-block-column is-layout-flow wp-block-column-is-layout-flow\">\n<p><strong><strong>Mirja Ots<\/strong><\/strong><br>juhataja kt, peavarahoidja<\/p>\n<\/div>\n\n\n\n<div class=\"wp-block-column is-layout-flow wp-block-column-is-layout-flow\">\n<p>&#109;i&#114;j&#97;&#46;&#x6f;t&#x73;&#64;&#x77;i&#x2e;e&#x65;<br>56297354<\/p>\n<\/div>\n<\/div>\n\n\n\n<div class=\"wp-block-columns row-tootajad is-layout-flex wp-container-core-columns-is-layout-9d6595d7 wp-block-columns-is-layout-flex\">\n<div class=\"wp-block-column is-layout-flow wp-block-column-is-layout-flow\">\n<p><strong><strong><strong>Karin Tohvri<\/strong><\/strong><\/strong><br>koguhoidja<\/p>\n<\/div>\n\n\n\n<div class=\"wp-block-column is-layout-flow wp-block-column-is-layout-flow\">\n<p>k&#97;&#x72;&#x69;n&#46;&#116;&#x6f;&#x68;v&#114;&#105;&#x40;&#x77;i&#46;&#x65;&#x65;<br>7824479<\/p>\n<\/div>\n<\/div>\n\n\n\n<div class=\"wp-block-columns row-tootajad is-layout-flex wp-container-core-columns-is-layout-9d6595d7 wp-block-columns-is-layout-flex\">\n<div class=\"wp-block-column is-layout-flow wp-block-column-is-layout-flow\">\n<p><strong><strong><strong><strong>Hipp Saar<\/strong><\/strong><\/strong><\/strong><br>muuseumiteadur<\/p>\n<\/div>\n\n\n\n<div class=\"wp-block-column is-layout-flow wp-block-column-is-layout-flow\">\n<p>hi&#112;&#112;&#46;&#115;&#x61;&#x61;&#x72;&#x40;&#x77;i&#46;&#101;&#101;<br>7824479<\/p>\n<\/div>\n<\/div>\n\n\n\n<div class=\"wp-block-columns row-tootajad is-layout-flex wp-container-core-columns-is-layout-9d6595d7 wp-block-columns-is-layout-flex\">\n<div class=\"wp-block-column is-layout-flow wp-block-column-is-layout-flow\">\n<p><strong><strong><strong><strong><strong>Lagle Lindenberg<\/strong><\/strong><\/strong><\/strong><\/strong><br>muuseumipedagoog<\/p>\n<\/div>\n\n\n\n<div class=\"wp-block-column is-layout-flow wp-block-column-is-layout-flow\">\n<p>&#108;&#x61;&#x67;l&#101;&#x2e;l&#105;&#x6e;&#x64;e&#110;&#x62;e&#114;&#x67;&#x40;w&#105;&#x2e;e&#101;<br>56616862<\/p>\n<\/div>\n<\/div>\n\n\n\n<div class=\"wp-block-columns row-tootajad is-layout-flex wp-container-core-columns-is-layout-9d6595d7 wp-block-columns-is-layout-flex\">\n<div class=\"wp-block-column is-layout-flow wp-block-column-is-layout-flow\">\n<p><strong><strong><strong><strong><strong><strong>Jana Huul<\/strong><\/strong><\/strong><\/strong><\/strong><\/strong><br>galerist<\/p>\n<\/div>\n\n\n\n<div class=\"wp-block-column is-layout-flow wp-block-column-is-layout-flow\">\n<p>j&#97;&#110;&#x61;&#x2e;&#x68;uu&#108;&#64;&#x77;&#x69;&#x2e;e&#101;<br>58038819<\/p>\n<\/div>\n<\/div>\n\n\n\n<div class=\"wp-block-columns row-tootajad is-layout-flex wp-container-core-columns-is-layout-9d6595d7 wp-block-columns-is-layout-flex\">\n<div class=\"wp-block-column is-layout-flow wp-block-column-is-layout-flow\">\n<p><strong><strong><strong><strong><strong><strong><strong>Eike Koemets<\/strong><\/strong><\/strong><\/strong><\/strong><\/strong><\/strong><br>k\u00fclastusjuht<\/p>\n<\/div>\n\n\n\n<div class=\"wp-block-column is-layout-flow wp-block-column-is-layout-flow\">\n<p>&#105;&#x6e;&#x66;&#111;&#x40;&#x76;o&#x72;&#x75;m&#117;&#x75;s&#101;&#x75;m&#46;&#x65;e<br>7824479<\/p>\n<\/div>\n<\/div>\n\n\n\n<div class=\"wp-block-columns row-tootajad is-layout-flex wp-container-core-columns-is-layout-9d6595d7 wp-block-columns-is-layout-flex\">\n<div class=\"wp-block-column is-layout-flow wp-block-column-is-layout-flow\">\n<p><strong><strong><strong><strong><strong><strong><strong><strong>Irina Taro<\/strong><\/strong><\/strong><\/strong><\/strong><\/strong><\/strong><\/strong><br>k\u00fclastusjuht<\/p>\n<\/div>\n\n\n\n<div class=\"wp-block-column is-layout-flow wp-block-column-is-layout-flow\">\n<p>i&#110;&#102;&#x6f;&#x40;&#x76;o&#114;&#117;&#x6d;&#x75;&#x75;se&#117;&#x6d;&#x2e;&#x65;e<br>7824479<\/p>\n<\/div>\n<\/div>\n\n\n\n<div class=\"wp-block-columns row-tootajad is-layout-flex wp-container-core-columns-is-layout-9d6595d7 wp-block-columns-is-layout-flex\">\n<div class=\"wp-block-column is-layout-flow wp-block-column-is-layout-flow\">\n<p><strong><strong><strong><strong><strong><strong><strong><strong><strong>Tiia Haug<\/strong><\/strong><\/strong><\/strong><\/strong><\/strong><\/strong><\/strong><\/strong><br>k\u00fclastusjuht<\/p>\n<\/div>\n\n\n\n<div class=\"wp-block-column is-layout-flow wp-block-column-is-layout-flow\">\n<p>&#x69;&#110;&#102;&#x6f;&#x40;&#118;&#111;&#x72;&#x75;&#109;&#117;&#x75;&#x73;&#101;&#117;&#x6d;&#x2e;&#101;&#101;<br>7824479<\/p>\n<\/div>\n<\/div>","protected":false},"excerpt":{"rendered":"<p>Mirja Otsjuhataja kt, peavarahoidja &#109;&#x69;&#114;&#x6a;&#97;&#x2e;o&#x74;s&#x40;w&#105;&#x2e;&#101;&#x65;56297354 Karin Tohvrikoguhoidja karin&#46;tohvri&#64;wi&#46;ee7824479 Hipp Saarmuuseumiteadur &#104;&#x69;p&#112;&#x2e;s&#97;&#x61;r&#64;&#x77;i&#46;&#x65;e7824479 Lagle [&hellip;]<\/p>\n","protected":false},"author":1,"featured_media":0,"parent":143,"menu_order":0,"comment_status":"closed","ping_status":"closed","template":"","meta":{"_acf_changed":false,"_et_pb_use_builder":"","_et_pb_old_content":"","_et_gb_content_width":"","footnotes":""},"class_list":["post-716","page","type-page","status-publish","hentry"],"acf":[],"yoast_head":"<!-- This site is optimized with the Yoast SEO plugin v27.4 - https:\/\/yoast.com\/product\/yoast-seo-wordpress\/ -->\n<title>T\u00f6\u00f6tajad - Vana-V\u00f5rumaa muuseumid<\/title>\n<meta name=\"robots\" content=\"index, follow, max-snippet:-1, max-image-preview:large, max-video-preview:-1\" \/>\n<link rel=\"canonical\" href=\"https:\/\/vanavorumaamuuseumid.ee\/vo\/vorumuuseum\/tootajad\/\" \/>\n<meta property=\"og:locale\" content=\"en_US\" \/>\n<meta property=\"og:type\" content=\"article\" \/>\n<meta property=\"og:title\" content=\"T\u00f6\u00f6tajad - Vana-V\u00f5rumaa muuseumid\" \/>\n<meta property=\"og:description\" content=\"Mirja Otsjuhataja kt, peavarahoidja &#x6d;&#x69;&#x72;&#x6a;&#x61;&#046;&#111;&#116;&#115;&#064;wi&#x2e;&#x65;&#x65;56297354 Karin Tohvrikoguhoidja &#x6b;&#x61;&#x72;&#x69;&#x6e;&#x2e;&#x74;&#x6f;&#x68;&#x76;&#x72;&#x69;&#x40;&#x77;&#x69;&#x2e;&#x65;&#x65;7824479 Hipp Saarmuuseumiteadur &#104;i&#x70;p&#x2e;s&#x61;&#097;&#x72;&#064;&#x77;&#105;&#046;&#x65;e7824479 Lagle [&hellip;]\" \/>\n<meta property=\"og:url\" content=\"https:\/\/vanavorumaamuuseumid.ee\/vo\/vorumuuseum\/tootajad\/\" \/>\n<meta property=\"og:site_name\" content=\"Vana-V\u00f5rumaa muuseumid\" \/>\n<meta property=\"article:modified_time\" content=\"2026-01-26T13:03:41+00:00\" \/>\n<meta name=\"twitter:card\" content=\"summary_large_image\" \/>\n<meta name=\"twitter:label1\" content=\"Est. reading time\" \/>\n\t<meta name=\"twitter:data1\" content=\"1 minute\" \/>\n<script type=\"application\/ld+json\" class=\"yoast-schema-graph\">{\"@context\":\"https:\\\/\\\/schema.org\",\"@graph\":[{\"@type\":\"WebPage\",\"@id\":\"https:\\\/\\\/vanavorumaamuuseumid.ee\\\/vorumuuseum\\\/tootajad\\\/\",\"url\":\"https:\\\/\\\/vanavorumaamuuseumid.ee\\\/vorumuuseum\\\/tootajad\\\/\",\"name\":\"T\u00f6\u00f6tajad - Vana-V\u00f5rumaa muuseumid\",\"isPartOf\":{\"@id\":\"https:\\\/\\\/vanavorumaamuuseumid.ee\\\/#website\"},\"datePublished\":\"2025-05-29T07:37:04+00:00\",\"dateModified\":\"2026-01-26T13:03:41+00:00\",\"breadcrumb\":{\"@id\":\"https:\\\/\\\/vanavorumaamuuseumid.ee\\\/vorumuuseum\\\/tootajad\\\/#breadcrumb\"},\"inLanguage\":\"vo\",\"potentialAction\":[{\"@type\":\"ReadAction\",\"target\":[\"https:\\\/\\\/vanavorumaamuuseumid.ee\\\/vorumuuseum\\\/tootajad\\\/\"]}]},{\"@type\":\"BreadcrumbList\",\"@id\":\"https:\\\/\\\/vanavorumaamuuseumid.ee\\\/vorumuuseum\\\/tootajad\\\/#breadcrumb\",\"itemListElement\":[{\"@type\":\"ListItem\",\"position\":1,\"name\":\"Home\",\"item\":\"https:\\\/\\\/vanavorumaamuuseumid.ee\\\/\"},{\"@type\":\"ListItem\",\"position\":2,\"name\":\"V\u00f5rumaa Muuseum\",\"item\":\"https:\\\/\\\/vanavorumaamuuseumid.ee\\\/vorumuuseum\\\/\"},{\"@type\":\"ListItem\",\"position\":3,\"name\":\"T\u00f6\u00f6tajad\"}]},{\"@type\":\"WebSite\",\"@id\":\"https:\\\/\\\/vanavorumaamuuseumid.ee\\\/#website\",\"url\":\"https:\\\/\\\/vanavorumaamuuseumid.ee\\\/\",\"name\":\"Vana-V\u00f5rumaa Muuseumid\",\"description\":\"V\u00f5rumaa Muuseum, Dr. Fr. R. Kreutzwaldi Memoriaalmuuseum, M\u00f5niste Talurahvamuuseum ja Karilatsi Vaba\u00f5humuuseum\",\"publisher\":{\"@id\":\"https:\\\/\\\/vanavorumaamuuseumid.ee\\\/#organization\"},\"potentialAction\":[{\"@type\":\"SearchAction\",\"target\":{\"@type\":\"EntryPoint\",\"urlTemplate\":\"https:\\\/\\\/vanavorumaamuuseumid.ee\\\/?s={search_term_string}\"},\"query-input\":{\"@type\":\"PropertyValueSpecification\",\"valueRequired\":true,\"valueName\":\"search_term_string\"}}],\"inLanguage\":\"vo\"},{\"@type\":\"Organization\",\"@id\":\"https:\\\/\\\/vanavorumaamuuseumid.ee\\\/#organization\",\"name\":\"V\u00f5ru Instituut\",\"url\":\"https:\\\/\\\/vanavorumaamuuseumid.ee\\\/\",\"logo\":{\"@type\":\"ImageObject\",\"inLanguage\":\"vo\",\"@id\":\"https:\\\/\\\/vanavorumaamuuseumid.ee\\\/#\\\/schema\\\/logo\\\/image\\\/\",\"url\":\"https:\\\/\\\/vanavorumaamuuseumid.ee\\\/wp-content\\\/uploads\\\/2025\\\/05\\\/vana-voromaa-muusoumi-250516.svg\",\"contentUrl\":\"https:\\\/\\\/vanavorumaamuuseumid.ee\\\/wp-content\\\/uploads\\\/2025\\\/05\\\/vana-voromaa-muusoumi-250516.svg\",\"width\":567,\"height\":80,\"caption\":\"V\u00f5ru Instituut\"},\"image\":{\"@id\":\"https:\\\/\\\/vanavorumaamuuseumid.ee\\\/#\\\/schema\\\/logo\\\/image\\\/\"}}]}<\/script>\n<!-- \/ Yoast SEO plugin. -->","yoast_head_json":{"title":"T\u00f6\u00f6tajad - Vana-V\u00f5rumaa muuseumid","robots":{"index":"index","follow":"follow","max-snippet":"max-snippet:-1","max-image-preview":"max-image-preview:large","max-video-preview":"max-video-preview:-1"},"canonical":"https:\/\/vanavorumaamuuseumid.ee\/vo\/vorumuuseum\/tootajad\/","og_locale":"en_US","og_type":"article","og_title":"T\u00f6\u00f6tajad - Vana-V\u00f5rumaa muuseumid","og_description":"Mirja Otsjuhataja kt, peavarahoidja &#x6d;&#x69;&#x72;&#x6a;&#x61;&#46;&#111;&#116;&#115;&#64;wi&#x2e;&#x65;&#x65;56297354 Karin Tohvrikoguhoidja &#x6b;&#x61;&#x72;&#x69;&#x6e;&#x2e;&#x74;&#x6f;&#x68;&#x76;&#x72;&#x69;&#x40;&#x77;&#x69;&#x2e;&#x65;&#x65;7824479 Hipp Saarmuuseumiteadur &#104;i&#x70;p&#x2e;s&#x61;&#97;&#x72;&#64;&#x77;&#105;&#46;&#x65;e7824479 Lagle [&hellip;]","og_url":"https:\/\/vanavorumaamuuseumid.ee\/vo\/vorumuuseum\/tootajad\/","og_site_name":"Vana-V\u00f5rumaa muuseumid","article_modified_time":"2026-01-26T13:03:41+00:00","twitter_card":"summary_large_image","twitter_misc":{"Est. reading time":"1 minute"},"schema":{"@context":"https:\/\/schema.org","@graph":[{"@type":"WebPage","@id":"https:\/\/vanavorumaamuuseumid.ee\/vorumuuseum\/tootajad\/","url":"https:\/\/vanavorumaamuuseumid.ee\/vorumuuseum\/tootajad\/","name":"T\u00f6\u00f6tajad - Vana-V\u00f5rumaa muuseumid","isPartOf":{"@id":"https:\/\/vanavorumaamuuseumid.ee\/#website"},"datePublished":"2025-05-29T07:37:04+00:00","dateModified":"2026-01-26T13:03:41+00:00","breadcrumb":{"@id":"https:\/\/vanavorumaamuuseumid.ee\/vorumuuseum\/tootajad\/#breadcrumb"},"inLanguage":"vo","potentialAction":[{"@type":"ReadAction","target":["https:\/\/vanavorumaamuuseumid.ee\/vorumuuseum\/tootajad\/"]}]},{"@type":"BreadcrumbList","@id":"https:\/\/vanavorumaamuuseumid.ee\/vorumuuseum\/tootajad\/#breadcrumb","itemListElement":[{"@type":"ListItem","position":1,"name":"Home","item":"https:\/\/vanavorumaamuuseumid.ee\/"},{"@type":"ListItem","position":2,"name":"V\u00f5rumaa Muuseum","item":"https:\/\/vanavorumaamuuseumid.ee\/vorumuuseum\/"},{"@type":"ListItem","position":3,"name":"T\u00f6\u00f6tajad"}]},{"@type":"WebSite","@id":"https:\/\/vanavorumaamuuseumid.ee\/#website","url":"https:\/\/vanavorumaamuuseumid.ee\/","name":"Vana-V\u00f5rumaa Muuseumid","description":"V\u00f5rumaa Muuseum, Dr. Fr. R. Kreutzwaldi Memoriaalmuuseum, M\u00f5niste Talurahvamuuseum ja Karilatsi Vaba\u00f5humuuseum","publisher":{"@id":"https:\/\/vanavorumaamuuseumid.ee\/#organization"},"potentialAction":[{"@type":"SearchAction","target":{"@type":"EntryPoint","urlTemplate":"https:\/\/vanavorumaamuuseumid.ee\/?s={search_term_string}"},"query-input":{"@type":"PropertyValueSpecification","valueRequired":true,"valueName":"search_term_string"}}],"inLanguage":"vo"},{"@type":"Organization","@id":"https:\/\/vanavorumaamuuseumid.ee\/#organization","name":"V\u00f5ru Instituut","url":"https:\/\/vanavorumaamuuseumid.ee\/","logo":{"@type":"ImageObject","inLanguage":"vo","@id":"https:\/\/vanavorumaamuuseumid.ee\/#\/schema\/logo\/image\/","url":"https:\/\/vanavorumaamuuseumid.ee\/wp-content\/uploads\/2025\/05\/vana-voromaa-muusoumi-250516.svg","contentUrl":"https:\/\/vanavorumaamuuseumid.ee\/wp-content\/uploads\/2025\/05\/vana-voromaa-muusoumi-250516.svg","width":567,"height":80,"caption":"V\u00f5ru Instituut"},"image":{"@id":"https:\/\/vanavorumaamuuseumid.ee\/#\/schema\/logo\/image\/"}}]}},"_links":{"self":[{"href":"https:\/\/vanavorumaamuuseumid.ee\/vo\/wp-json\/wp\/v2\/pages\/716","targetHints":{"allow":["GET"]}}],"collection":[{"href":"https:\/\/vanavorumaamuuseumid.ee\/vo\/wp-json\/wp\/v2\/pages"}],"about":[{"href":"https:\/\/vanavorumaamuuseumid.ee\/vo\/wp-json\/wp\/v2\/types\/page"}],"author":[{"embeddable":true,"href":"https:\/\/vanavorumaamuuseumid.ee\/vo\/wp-json\/wp\/v2\/users\/1"}],"replies":[{"embeddable":true,"href":"https:\/\/vanavorumaamuuseumid.ee\/vo\/wp-json\/wp\/v2\/comments?post=716"}],"version-history":[{"count":10,"href":"https:\/\/vanavorumaamuuseumid.ee\/vo\/wp-json\/wp\/v2\/pages\/716\/revisions"}],"predecessor-version":[{"id":5197,"href":"https:\/\/vanavorumaamuuseumid.ee\/vo\/wp-json\/wp\/v2\/pages\/716\/revisions\/5197"}],"up":[{"embeddable":true,"href":"https:\/\/vanavorumaamuuseumid.ee\/vo\/wp-json\/wp\/v2\/pages\/143"}],"wp:attachment":[{"href":"https:\/\/vanavorumaamuuseumid.ee\/vo\/wp-json\/wp\/v2\/media?parent=716"}],"curies":[{"name":"wp","href":"https:\/\/api.w.org\/{rel}","templated":true}]}}