{"id":789,"date":"2025-05-29T15:54:01","date_gmt":"2025-05-29T12:54:01","guid":{"rendered":"https:\/\/vanavorumaamuuseumid.ee\/?page_id=789"},"modified":"2025-10-08T10:26:33","modified_gmt":"2025-10-08T07:26:33","slug":"naitused","status":"publish","type":"page","link":"https:\/\/vanavorumaamuuseumid.ee\/vo\/naitused\/","title":{"rendered":"N\u00e4\u00fct\u00fcse"},"content":{"rendered":"<div class=\"events-posts\"><h2 class=\"mod-title\">Avatud n\u00e4itused<\/h2><div class=\"owl-carousel owl-theme naitused-items\"><div class=\"item\">\r\n    <div class=\"thumb\">\r\n        \r\n        \r\n        <a href=\"https:\/\/vanavorumaamuuseumid.ee\/vo\/vorumaa-naitus\/vorumaa-muuseum-60\/\"><img decoding=\"async\" width=\"480\" height=\"270\" src=\"https:\/\/vanavorumaamuuseumid.ee\/wp-content\/uploads\/2026\/04\/PXL_20260413_0657482862-480x270.jpg\" class=\"attachment-thumbnail size-thumbnail wp-post-image\" alt=\"\" \/><\/a>\r\n    <\/div>\r\n    <div class=\"category category-vorumaa-muuseum\">V\u00f5rumaa Muuseum<\/div>\r\n    <div class=\"date\">01.04.2026 - 31.12.2026<\/div>\r\n    <h3><a href=\"https:\/\/vanavorumaamuuseumid.ee\/vo\/vorumaa-naitus\/vorumaa-muuseum-60\/\">V\u00f5rumaa Muuseum 60<\/a><\/h3>\r\n<\/div><div class=\"item\">\r\n    <div class=\"thumb\">\r\n        \r\n        \r\n        <a href=\"https:\/\/vanavorumaamuuseumid.ee\/vo\/vorumaa-naitus\/koik-ei-olegi-must-ja-valge-esimesed-trukikojad-vorus\/\"><img decoding=\"async\" width=\"480\" height=\"270\" src=\"https:\/\/vanavorumaamuuseumid.ee\/wp-content\/uploads\/2025\/09\/koik-ei-olegi-must-ja-valge-esimesed-trukikojad-vorus-e1759230224649-480x270.jpg\" class=\"attachment-thumbnail size-thumbnail wp-post-image\" alt=\"K\u00f5ik ei olegi must ja valge. Esimesed tr\u00fckikojad V\u00f5rus\" \/><\/a>\r\n    <\/div>\r\n    <div class=\"category category-vorumaa-muuseum\">V\u00f5rumaa Muuseum<\/div>\r\n    \r\n    <h3><a href=\"https:\/\/vanavorumaamuuseumid.ee\/vo\/vorumaa-naitus\/koik-ei-olegi-must-ja-valge-esimesed-trukikojad-vorus\/\">K\u00f5ik ei olegi must ja valge. Esimesed tr\u00fckikojad V\u00f5rus<\/a><\/h3>\r\n<\/div><div class=\"item\">\r\n    <div class=\"thumb\">\r\n        <div class=\"label-pusinaitus vorumaa-muuseum\">P\u00fcsin\u00e4itus<\/div>\r\n        \r\n        <a href=\"https:\/\/vanavorumaamuuseumid.ee\/vo\/vorumaa-naitus\/vorumaa-ajaloo-pusinaitus\/\"><img decoding=\"async\" width=\"480\" height=\"270\" src=\"https:\/\/vanavorumaamuuseumid.ee\/wp-content\/uploads\/2025\/10\/IMG_20250703_110037-480x270.jpg\" class=\"attachment-thumbnail size-thumbnail wp-post-image\" alt=\"\" \/><\/a>\r\n    <\/div>\r\n    <div class=\"category category-vorumaa-muuseum\">V\u00f5rumaa Muuseum<\/div>\r\n    <div class=\"date\">02.10.2025<\/div>\r\n    <h3><a href=\"https:\/\/vanavorumaamuuseumid.ee\/vo\/vorumaa-naitus\/vorumaa-ajaloo-pusinaitus\/\">V\u00f5rumaa ajaloo p\u00fcsin\u00e4itus<\/a><\/h3>\r\n<\/div><div class=\"item\">\r\n    <div class=\"thumb\">\r\n        <div class=\"label-pusinaitus karilatsi-vabaohumuuseum\">P\u00fcsin\u00e4itus<\/div>\r\n        \r\n        <a href=\"https:\/\/vanavorumaamuuseumid.ee\/vo\/karilatsi-naitus\/pusinaitus-kuke-kannul-kooliteel\/\"><img decoding=\"async\" width=\"480\" height=\"270\" src=\"https:\/\/vanavorumaamuuseumid.ee\/wp-content\/uploads\/2025\/10\/kuke-pilt-480x270.jpg\" class=\"attachment-thumbnail size-thumbnail wp-post-image\" alt=\"\" \/><\/a>\r\n    <\/div>\r\n    <div class=\"category category-karilatsi-vabaohumuuseum\">Karilatsi Vaba\u00f5humuuseum<\/div>\r\n    \r\n    <h3><a href=\"https:\/\/vanavorumaamuuseumid.ee\/vo\/karilatsi-naitus\/pusinaitus-kuke-kannul-kooliteel\/\">Alalin\u00f5 n\u00e4\u00fct\u00fcs \u201eKikas kuts\u00f5 koolitarr\u00f5\u201c<\/a><\/h3>\r\n<\/div><div class=\"item\">\r\n    <div class=\"thumb\">\r\n        <div class=\"label-pusinaitus karilatsi-vabaohumuuseum\">P\u00fcsin\u00e4itus<\/div>\r\n        \r\n        <a href=\"https:\/\/vanavorumaamuuseumid.ee\/vo\/karilatsi-naitus\/4203\/\"><img decoding=\"async\" width=\"480\" height=\"270\" src=\"https:\/\/vanavorumaamuuseumid.ee\/wp-content\/uploads\/2025\/10\/Vanda-Juhansoo-tuba-005-480x270.jpg\" class=\"attachment-thumbnail size-thumbnail wp-post-image\" alt=\"\" \/><\/a>\r\n    <\/div>\r\n    <div class=\"category category-karilatsi-vabaohumuuseum\">Karilatsi Vaba\u00f5humuuseum<\/div>\r\n    \r\n    <h3><a href=\"https:\/\/vanavorumaamuuseumid.ee\/vo\/karilatsi-naitus\/4203\/\">Vanda Juhansoo m\u00e4leht\u00fcstar\u00f5<\/a><\/h3>\r\n<\/div><div class=\"item\">\r\n    <div class=\"thumb\">\r\n        <div class=\"label-pusinaitus dr-fr-r-kreutzwaldi-memoriaalmuuseum\">P\u00fcsin\u00e4itus<\/div>\r\n        \r\n        <a href=\"https:\/\/vanavorumaamuuseumid.ee\/vo\/lauluisa-naitus\/pusinaitused\/\"><img decoding=\"async\" width=\"480\" height=\"270\" src=\"https:\/\/vanavorumaamuuseumid.ee\/wp-content\/uploads\/2025\/09\/MG_8226-480x270.jpg\" class=\"attachment-thumbnail size-thumbnail wp-post-image\" alt=\"\" \/><\/a>\r\n    <\/div>\r\n    <div class=\"category category-dr-fr-r-kreutzwaldi-memoriaalmuuseum\">Dr. Fr. R. Kreutzwaldi Memoriaalmuus\u00f5um<\/div>\r\n    \r\n    <h3><a href=\"https:\/\/vanavorumaamuuseumid.ee\/vo\/lauluisa-naitus\/pusinaitused\/\">P\u00dcSIN\u00c4ITUSED<\/a><\/h3>\r\n<\/div><div class=\"item\">\r\n    <div class=\"thumb\">\r\n        <div class=\"label-pusinaitus moniste-talurahvamuuseum\">P\u00fcsin\u00e4itus<\/div>\r\n        \r\n        <a href=\"https:\/\/vanavorumaamuuseumid.ee\/vo\/moniste-naitus\/uus-naitus-tutvustab-helisevat-parandit\/\"><img decoding=\"async\" width=\"480\" height=\"270\" src=\"https:\/\/vanavorumaamuuseumid.ee\/wp-content\/uploads\/2025\/06\/Uhe-pilli-lugu_plakat-A3-600dpi-1-waike-480x270.jpg\" class=\"attachment-thumbnail size-thumbnail wp-post-image\" alt=\"\" \/><\/a>\r\n    <\/div>\r\n    <div class=\"category category-moniste-talurahvamuuseum\">M\u00f5niste Talurahvamuuseum<\/div>\r\n    <div class=\"date\">24.05.2025<\/div>\r\n    <h3><a href=\"https:\/\/vanavorumaamuuseumid.ee\/vo\/moniste-naitus\/uus-naitus-tutvustab-helisevat-parandit\/\">Alalin\u00f5 n\u00e4\u00fct\u00fcs tege tutvas helisev\u00e4 per\u00e4nd\u00fcsega<\/a><\/h3>\r\n<\/div><div class=\"item\">\r\n    <div class=\"thumb\">\r\n        <div class=\"label-pusinaitus moniste-talurahvamuuseum\">P\u00fcsin\u00e4itus<\/div>\r\n        \r\n        <a href=\"https:\/\/vanavorumaamuuseumid.ee\/vo\/moniste-naitus\/valinaitus-avab-mesinduse-ajalugu\/\"><img decoding=\"async\" width=\"480\" height=\"270\" src=\"https:\/\/vanavorumaamuuseumid.ee\/wp-content\/uploads\/2025\/09\/MFF28_7-n_1-e1757413558284-480x270.jpg\" class=\"attachment-thumbnail size-thumbnail wp-post-image\" alt=\"\" \/><\/a>\r\n    <\/div>\r\n    <div class=\"category category-moniste-talurahvamuuseum\">M\u00f5niste Talurahvamuuseum<\/div>\r\n    <div class=\"date\">27.06.2024<\/div>\r\n    <h3><a href=\"https:\/\/vanavorumaamuuseumid.ee\/vo\/moniste-naitus\/valinaitus-avab-mesinduse-ajalugu\/\">V\u00e4lin\u00e4itus avab mesinduse ajalugu<\/a><\/h3>\r\n<\/div><div class=\"item\">\r\n    <div class=\"thumb\">\r\n        <div class=\"label-pusinaitus moniste-talurahvamuuseum\">P\u00fcsin\u00e4itus<\/div>\r\n        \r\n        <a href=\"https:\/\/vanavorumaamuuseumid.ee\/vo\/moniste-naitus\/tsaariaegne-popsitalu\/\"><img decoding=\"async\" width=\"480\" height=\"270\" src=\"https:\/\/vanavorumaamuuseumid.ee\/wp-content\/uploads\/2026\/03\/popsitalu-ait-480x270.jpg\" class=\"attachment-thumbnail size-thumbnail wp-post-image\" alt=\"\" \/><\/a>\r\n    <\/div>\r\n    <div class=\"category category-moniste-talurahvamuuseum\">M\u00f5niste Talurahvamuuseum<\/div>\r\n    \r\n    <h3><a href=\"https:\/\/vanavorumaamuuseumid.ee\/vo\/moniste-naitus\/tsaariaegne-popsitalu\/\">Tsaariaegne popsitalu<\/a><\/h3>\r\n<\/div><div class=\"item\">\r\n    <div class=\"thumb\">\r\n        <div class=\"label-pusinaitus moniste-talurahvamuuseum\">P\u00fcsin\u00e4itus<\/div>\r\n        \r\n        <a href=\"https:\/\/vanavorumaamuuseumid.ee\/vo\/moniste-naitus\/eestiaegne-moniste-tarvitajate-uhisuse-kauplus\/\"><img decoding=\"async\" width=\"480\" height=\"270\" src=\"https:\/\/vanavorumaamuuseumid.ee\/wp-content\/uploads\/2026\/03\/pood-480x270.jpg\" class=\"attachment-thumbnail size-thumbnail wp-post-image\" alt=\"\" \/><\/a>\r\n    <\/div>\r\n    <div class=\"category category-moniste-talurahvamuuseum\">M\u00f5niste Talurahvamuuseum<\/div>\r\n    \r\n    <h3><a href=\"https:\/\/vanavorumaamuuseumid.ee\/vo\/moniste-naitus\/eestiaegne-moniste-tarvitajate-uhisuse-kauplus\/\">Eestiaegne M\u00f5niste Tarvitajate \u00dchisuse kauplus<\/a><\/h3>\r\n<\/div><\/div><div class=\"divider\"><\/div><\/div>","protected":false},"excerpt":{"rendered":"","protected":false},"author":1,"featured_media":0,"parent":0,"menu_order":0,"comment_status":"closed","ping_status":"closed","template":"","meta":{"_acf_changed":false,"_et_pb_use_builder":"","_et_pb_old_content":"","_et_gb_content_width":"","footnotes":""},"class_list":["post-789","page","type-page","status-publish","hentry"],"acf":[],"yoast_head":"<!-- This site is optimized with the Yoast SEO plugin v27.4 - https:\/\/yoast.com\/product\/yoast-seo-wordpress\/ -->\n<title>N\u00e4itused - Vana-V\u00f5rumaa muuseumid<\/title>\n<meta name=\"robots\" content=\"index, follow, max-snippet:-1, max-image-preview:large, max-video-preview:-1\" \/>\n<link rel=\"canonical\" href=\"https:\/\/vanavorumaamuuseumid.ee\/vo\/naitused\/\" \/>\n<meta property=\"og:locale\" content=\"en_US\" \/>\n<meta property=\"og:type\" content=\"article\" \/>\n<meta property=\"og:title\" content=\"N\u00e4itused - Vana-V\u00f5rumaa muuseumid\" \/>\n<meta property=\"og:url\" content=\"https:\/\/vanavorumaamuuseumid.ee\/vo\/naitused\/\" \/>\n<meta property=\"og:site_name\" content=\"Vana-V\u00f5rumaa muuseumid\" \/>\n<meta property=\"article:modified_time\" content=\"2025-10-08T07:26:33+00:00\" \/>\n<meta name=\"twitter:card\" content=\"summary_large_image\" \/>\n<script type=\"application\/ld+json\" class=\"yoast-schema-graph\">{\"@context\":\"https:\\\/\\\/schema.org\",\"@graph\":[{\"@type\":\"WebPage\",\"@id\":\"https:\\\/\\\/vanavorumaamuuseumid.ee\\\/naitused\\\/\",\"url\":\"https:\\\/\\\/vanavorumaamuuseumid.ee\\\/naitused\\\/\",\"name\":\"N\u00e4itused - Vana-V\u00f5rumaa muuseumid\",\"isPartOf\":{\"@id\":\"https:\\\/\\\/vanavorumaamuuseumid.ee\\\/#website\"},\"datePublished\":\"2025-05-29T12:54:01+00:00\",\"dateModified\":\"2025-10-08T07:26:33+00:00\",\"breadcrumb\":{\"@id\":\"https:\\\/\\\/vanavorumaamuuseumid.ee\\\/naitused\\\/#breadcrumb\"},\"inLanguage\":\"vo\",\"potentialAction\":[{\"@type\":\"ReadAction\",\"target\":[\"https:\\\/\\\/vanavorumaamuuseumid.ee\\\/naitused\\\/\"]}]},{\"@type\":\"BreadcrumbList\",\"@id\":\"https:\\\/\\\/vanavorumaamuuseumid.ee\\\/naitused\\\/#breadcrumb\",\"itemListElement\":[{\"@type\":\"ListItem\",\"position\":1,\"name\":\"Home\",\"item\":\"https:\\\/\\\/vanavorumaamuuseumid.ee\\\/\"},{\"@type\":\"ListItem\",\"position\":2,\"name\":\"N\u00e4itused\"}]},{\"@type\":\"WebSite\",\"@id\":\"https:\\\/\\\/vanavorumaamuuseumid.ee\\\/#website\",\"url\":\"https:\\\/\\\/vanavorumaamuuseumid.ee\\\/\",\"name\":\"Vana-V\u00f5rumaa Muuseumid\",\"description\":\"V\u00f5rumaa Muuseum, Dr. Fr. R. Kreutzwaldi Memoriaalmuuseum, M\u00f5niste Talurahvamuuseum ja Karilatsi Vaba\u00f5humuuseum\",\"publisher\":{\"@id\":\"https:\\\/\\\/vanavorumaamuuseumid.ee\\\/#organization\"},\"potentialAction\":[{\"@type\":\"SearchAction\",\"target\":{\"@type\":\"EntryPoint\",\"urlTemplate\":\"https:\\\/\\\/vanavorumaamuuseumid.ee\\\/?s={search_term_string}\"},\"query-input\":{\"@type\":\"PropertyValueSpecification\",\"valueRequired\":true,\"valueName\":\"search_term_string\"}}],\"inLanguage\":\"vo\"},{\"@type\":\"Organization\",\"@id\":\"https:\\\/\\\/vanavorumaamuuseumid.ee\\\/#organization\",\"name\":\"V\u00f5ru Instituut\",\"url\":\"https:\\\/\\\/vanavorumaamuuseumid.ee\\\/\",\"logo\":{\"@type\":\"ImageObject\",\"inLanguage\":\"vo\",\"@id\":\"https:\\\/\\\/vanavorumaamuuseumid.ee\\\/#\\\/schema\\\/logo\\\/image\\\/\",\"url\":\"https:\\\/\\\/vanavorumaamuuseumid.ee\\\/wp-content\\\/uploads\\\/2025\\\/05\\\/vana-voromaa-muusoumi-250516.svg\",\"contentUrl\":\"https:\\\/\\\/vanavorumaamuuseumid.ee\\\/wp-content\\\/uploads\\\/2025\\\/05\\\/vana-voromaa-muusoumi-250516.svg\",\"width\":567,\"height\":80,\"caption\":\"V\u00f5ru Instituut\"},\"image\":{\"@id\":\"https:\\\/\\\/vanavorumaamuuseumid.ee\\\/#\\\/schema\\\/logo\\\/image\\\/\"}}]}<\/script>\n<!-- \/ Yoast SEO plugin. -->","yoast_head_json":{"title":"N\u00e4itused - Vana-V\u00f5rumaa muuseumid","robots":{"index":"index","follow":"follow","max-snippet":"max-snippet:-1","max-image-preview":"max-image-preview:large","max-video-preview":"max-video-preview:-1"},"canonical":"https:\/\/vanavorumaamuuseumid.ee\/vo\/naitused\/","og_locale":"en_US","og_type":"article","og_title":"N\u00e4itused - Vana-V\u00f5rumaa muuseumid","og_url":"https:\/\/vanavorumaamuuseumid.ee\/vo\/naitused\/","og_site_name":"Vana-V\u00f5rumaa muuseumid","article_modified_time":"2025-10-08T07:26:33+00:00","twitter_card":"summary_large_image","schema":{"@context":"https:\/\/schema.org","@graph":[{"@type":"WebPage","@id":"https:\/\/vanavorumaamuuseumid.ee\/naitused\/","url":"https:\/\/vanavorumaamuuseumid.ee\/naitused\/","name":"N\u00e4itused - Vana-V\u00f5rumaa muuseumid","isPartOf":{"@id":"https:\/\/vanavorumaamuuseumid.ee\/#website"},"datePublished":"2025-05-29T12:54:01+00:00","dateModified":"2025-10-08T07:26:33+00:00","breadcrumb":{"@id":"https:\/\/vanavorumaamuuseumid.ee\/naitused\/#breadcrumb"},"inLanguage":"vo","potentialAction":[{"@type":"ReadAction","target":["https:\/\/vanavorumaamuuseumid.ee\/naitused\/"]}]},{"@type":"BreadcrumbList","@id":"https:\/\/vanavorumaamuuseumid.ee\/naitused\/#breadcrumb","itemListElement":[{"@type":"ListItem","position":1,"name":"Home","item":"https:\/\/vanavorumaamuuseumid.ee\/"},{"@type":"ListItem","position":2,"name":"N\u00e4itused"}]},{"@type":"WebSite","@id":"https:\/\/vanavorumaamuuseumid.ee\/#website","url":"https:\/\/vanavorumaamuuseumid.ee\/","name":"Vana-V\u00f5rumaa Muuseumid","description":"V\u00f5rumaa Muuseum, Dr. Fr. R. Kreutzwaldi Memoriaalmuuseum, M\u00f5niste Talurahvamuuseum ja Karilatsi Vaba\u00f5humuuseum","publisher":{"@id":"https:\/\/vanavorumaamuuseumid.ee\/#organization"},"potentialAction":[{"@type":"SearchAction","target":{"@type":"EntryPoint","urlTemplate":"https:\/\/vanavorumaamuuseumid.ee\/?s={search_term_string}"},"query-input":{"@type":"PropertyValueSpecification","valueRequired":true,"valueName":"search_term_string"}}],"inLanguage":"vo"},{"@type":"Organization","@id":"https:\/\/vanavorumaamuuseumid.ee\/#organization","name":"V\u00f5ru Instituut","url":"https:\/\/vanavorumaamuuseumid.ee\/","logo":{"@type":"ImageObject","inLanguage":"vo","@id":"https:\/\/vanavorumaamuuseumid.ee\/#\/schema\/logo\/image\/","url":"https:\/\/vanavorumaamuuseumid.ee\/wp-content\/uploads\/2025\/05\/vana-voromaa-muusoumi-250516.svg","contentUrl":"https:\/\/vanavorumaamuuseumid.ee\/wp-content\/uploads\/2025\/05\/vana-voromaa-muusoumi-250516.svg","width":567,"height":80,"caption":"V\u00f5ru Instituut"},"image":{"@id":"https:\/\/vanavorumaamuuseumid.ee\/#\/schema\/logo\/image\/"}}]}},"_links":{"self":[{"href":"https:\/\/vanavorumaamuuseumid.ee\/vo\/wp-json\/wp\/v2\/pages\/789","targetHints":{"allow":["GET"]}}],"collection":[{"href":"https:\/\/vanavorumaamuuseumid.ee\/vo\/wp-json\/wp\/v2\/pages"}],"about":[{"href":"https:\/\/vanavorumaamuuseumid.ee\/vo\/wp-json\/wp\/v2\/types\/page"}],"author":[{"embeddable":true,"href":"https:\/\/vanavorumaamuuseumid.ee\/vo\/wp-json\/wp\/v2\/users\/1"}],"replies":[{"embeddable":true,"href":"https:\/\/vanavorumaamuuseumid.ee\/vo\/wp-json\/wp\/v2\/comments?post=789"}],"version-history":[{"count":13,"href":"https:\/\/vanavorumaamuuseumid.ee\/vo\/wp-json\/wp\/v2\/pages\/789\/revisions"}],"predecessor-version":[{"id":3940,"href":"https:\/\/vanavorumaamuuseumid.ee\/vo\/wp-json\/wp\/v2\/pages\/789\/revisions\/3940"}],"wp:attachment":[{"href":"https:\/\/vanavorumaamuuseumid.ee\/vo\/wp-json\/wp\/v2\/media?parent=789"}],"curies":[{"name":"wp","href":"https:\/\/api.w.org\/{rel}","templated":true}]}}