{"id":3265,"date":"2025-09-24T18:14:55","date_gmt":"2025-09-24T15:14:55","guid":{"rendered":"https:\/\/vanavorumaamuuseumid.ee\/?post_type=vorumaa-naitus&#038;p=3265"},"modified":"2025-10-06T00:02:09","modified_gmt":"2025-10-05T21:02:09","slug":"tu-viljandi-kultuuriakadeemia-naitus-ajajogi","status":"publish","type":"vorumaa-naitus","link":"https:\/\/vanavorumaamuuseumid.ee\/vo\/vorumaa-naitus\/tu-viljandi-kultuuriakadeemia-naitus-ajajogi\/","title":{"rendered":"T\u00dc Viljandi kultuuriakadeemia n\u00e4itus &#8220;Ajaj\u00f5gi&#8221;"},"content":{"rendered":"<p>N\u00e4itus tutvustab <a href=\"https:\/\/viljandi.ut.ee\/et\">T\u00dc Viljandi kultuuriakadeemia<\/a> tegevusi ja seel\u00e4bi j\u00f5uab praktiline p\u00e4randik\u00e4sitlus n\u00e4ituse k\u00fclastajani.<\/p>\n\n\n\n<p>2024. a t\u00e4histab T\u00dc Viljandi kultuuriakadeemia p\u00e4randtehnoloogia \u00f5ppekava 30 aastast tegutsemist. Rahvusliku tekstiili eriala kutsusid Viljandis 1994. a ellu Anu Raud ja Mare Hunt. Hiljem on lisandunud veel kolm eriala ja magistriprogramm. Tegemist on kogu Euroopa k\u00f5rgharidusmaastikul unikaalse \u00f5ppekavaga, kus \u00f5petatakse\/\u00f5pitakse p\u00e4randip\u00f5hist k\u00e4sit\u00f6\u00f6d nii tehniliselt kui ka loovalt kasutama.<\/p>\n\n\n\n<p>Esimest korda kogu p\u00e4randtehnoloogia \u00f5ppekava tegutsemise v\u00e4ltel telliti n\u00e4ituse peamised produktsioonit\u00f6\u00f6d professionaalidelt, kes igap\u00e4evaselt oma kutsealal t\u00f6\u00f6tavad ja tagavad k\u00f5rge kunstilise taseme. N\u00e4itus on \u00fchelt poolt uudne, ent teisalt tutvustab erinevaid k\u00e4sit\u00f6\u00f6 traditsioone uues kuues.<br>Kujunduse idee ja vormi t\u00f6\u00f6tas v\u00e4lja Mae Kivilo ja kunstilise terviku teostas Triin Amur, minimalistliku, ajavoolu kujutava muusikalise kujunduse tegi multiinstrumentalist Indrek Anteploon ansamblist Minimal Veiv. N\u00e4ituse tutvustuse ja lood kirjutas Kristi J\u00f5este (koost\u00f6\u00f6s autoritega), kes ka kogu n\u00e4ituse protsessi kureeris.<\/p>\n\n\n\n<p>N\u00e4ituse t\u00e4pne kirjeldus: N\u00e4ituse kujundlik kontseptsioon on aja voolamine l\u00e4bi p\u00e4randikihtide ehk k\u00e4sit\u00f6\u00f6 ilmingute, mida kujundlikult markeerib ajaj\u00f5ge kujutav looklev, eraldiseisev sein galeriiruumi keskel. Moodulseina k\u00fcljes ja sees asuvad eksponaadid, mida on v\u00f5imalik kahelt poolt vaadelda l\u00e4bi akende vms. Autoritest tehtud fotod ja nende tekstid oma teoste kohta, aga ka vastus k\u00fcsimusele, miks nad p\u00e4randk\u00e4sit\u00f6\u00f6 tegemist t\u00e4nap\u00e4eval v\u00e4\u00e4rtustavad, on kinnitatud kleebistena ajaj\u00f5e seinale. Nendest esemetest, mida kannavad inimesed, on tehtud tervikliku stilistika ja kontseptsiooniga A1 suuruses kunstilised fotod, mis on vaadeldavad galerii seintel. Taolise lisandv\u00e4\u00e4rtuse loomise kaudu on eksponaatidest v\u00f5imalik publikul paremini aru saada.<\/p>\n\n\n\n<p>Konkursiga valiti v\u00e4lja 16 meistri v\u00f5i kunstniku t\u00f6\u00f6d: Christi K\u00fctt, Andres Ansper, Made Uus, Astri Kaljus, Kristi Everst, Maarja Palu ja Grete K\u00fcppar (\u00fchist\u00f6\u00f6), Eilve Manglus, Kirsti Tuum, Kristi J\u00f5este, T\u00f5nis Luik, Ene Koppelmann, Evelin Siiman, Mart Reino, Diana Jezierska, Gert Evert, Reelika Ilves.<\/p>\n\n\n\n<p>Meediakajastus <a href=\"https:\/\/lounapostimees.postimees.ee\/8189266\/videolugu-ajajoge-mooda-soudes-pohja-jaamere-saartele-valja-kaks-naitust-viivad-meeled-randama\">L\u00f5una- Eesti Postimehe<\/a>s.<\/p>\n\n\n\n<p>Fotod: Andres Treial<\/p>\n\n\n\n<figure class=\"wp-block-gallery has-nested-images columns-2 is-cropped wp-block-gallery-1 is-layout-flex wp-block-gallery-is-layout-flex\">\n<figure class=\"wp-block-image size-large\"><a  href=\"https:\/\/vanavorumaamuuseumid.ee\/wp-content\/uploads\/2025\/09\/tu-viljandi-kultuuriakadeemia-naitus-ajajogi-01.jpg\" data-rel=\"lightbox-gallery-0\" data-rl_title=\"\" data-rl_caption=\"\" title=\"\"><img decoding=\"async\" width=\"1024\" height=\"683\" data-id=\"3266\" src=\"https:\/\/vanavorumaamuuseumid.ee\/wp-content\/uploads\/2025\/09\/tu-viljandi-kultuuriakadeemia-naitus-ajajogi-01-1024x683.jpg\" alt=\"T\u00dc Viljandi kultuuriakadeemia n\u00e4itus &quot;Ajaj\u00f5gi&quot;\" class=\"wp-image-3266\" srcset=\"https:\/\/vanavorumaamuuseumid.ee\/wp-content\/uploads\/2025\/09\/tu-viljandi-kultuuriakadeemia-naitus-ajajogi-01-980x654.jpg 980w, https:\/\/vanavorumaamuuseumid.ee\/wp-content\/uploads\/2025\/09\/tu-viljandi-kultuuriakadeemia-naitus-ajajogi-01-480x320.jpg 480w\" sizes=\"(min-width: 0px) and (max-width: 480px) 480px, (min-width: 481px) and (max-width: 980px) 980px, (min-width: 981px) 1024px, 100vw\" \/><\/a><\/figure>\n\n\n\n<figure class=\"wp-block-image size-large\"><a  href=\"https:\/\/vanavorumaamuuseumid.ee\/wp-content\/uploads\/2025\/09\/tu-viljandi-kultuuriakadeemia-naitus-ajajogi-02.jpg\" data-rel=\"lightbox-gallery-0\" data-rl_title=\"\" data-rl_caption=\"\" title=\"\"><img decoding=\"async\" width=\"1024\" height=\"661\" data-id=\"3270\" src=\"https:\/\/vanavorumaamuuseumid.ee\/wp-content\/uploads\/2025\/09\/tu-viljandi-kultuuriakadeemia-naitus-ajajogi-02-1024x661.jpg\" alt=\"T\u00dc Viljandi kultuuriakadeemia n\u00e4itus &quot;Ajaj\u00f5gi&quot;\" class=\"wp-image-3270\" srcset=\"https:\/\/vanavorumaamuuseumid.ee\/wp-content\/uploads\/2025\/09\/tu-viljandi-kultuuriakadeemia-naitus-ajajogi-02-980x633.jpg 980w, https:\/\/vanavorumaamuuseumid.ee\/wp-content\/uploads\/2025\/09\/tu-viljandi-kultuuriakadeemia-naitus-ajajogi-02-480x310.jpg 480w\" sizes=\"(min-width: 0px) and (max-width: 480px) 480px, (min-width: 481px) and (max-width: 980px) 980px, (min-width: 981px) 1024px, 100vw\" \/><\/a><\/figure>\n\n\n\n<figure class=\"wp-block-image size-large\"><a  href=\"https:\/\/vanavorumaamuuseumid.ee\/wp-content\/uploads\/2025\/09\/tu-viljandi-kultuuriakadeemia-naitus-ajajogi-03.jpg\" data-rel=\"lightbox-gallery-0\" data-rl_title=\"\" data-rl_caption=\"\" title=\"\"><img decoding=\"async\" width=\"1024\" height=\"676\" data-id=\"3269\" src=\"https:\/\/vanavorumaamuuseumid.ee\/wp-content\/uploads\/2025\/09\/tu-viljandi-kultuuriakadeemia-naitus-ajajogi-03-1024x676.jpg\" alt=\"T\u00dc Viljandi kultuuriakadeemia n\u00e4itus &quot;Ajaj\u00f5gi&quot;\" class=\"wp-image-3269\" srcset=\"https:\/\/vanavorumaamuuseumid.ee\/wp-content\/uploads\/2025\/09\/tu-viljandi-kultuuriakadeemia-naitus-ajajogi-03-980x647.jpg 980w, https:\/\/vanavorumaamuuseumid.ee\/wp-content\/uploads\/2025\/09\/tu-viljandi-kultuuriakadeemia-naitus-ajajogi-03-480x317.jpg 480w\" sizes=\"(min-width: 0px) and (max-width: 480px) 480px, (min-width: 481px) and (max-width: 980px) 980px, (min-width: 981px) 1024px, 100vw\" \/><\/a><\/figure>\n\n\n\n<figure class=\"wp-block-image size-large\"><a  href=\"https:\/\/vanavorumaamuuseumid.ee\/wp-content\/uploads\/2025\/09\/tu-viljandi-kultuuriakadeemia-naitus-ajajogi-04.jpg\" data-rel=\"lightbox-gallery-0\" data-rl_title=\"\" data-rl_caption=\"\" title=\"\"><img decoding=\"async\" width=\"1024\" height=\"701\" data-id=\"3268\" src=\"https:\/\/vanavorumaamuuseumid.ee\/wp-content\/uploads\/2025\/09\/tu-viljandi-kultuuriakadeemia-naitus-ajajogi-04-1024x701.jpg\" alt=\"T\u00dc Viljandi kultuuriakadeemia n\u00e4itus &quot;Ajaj\u00f5gi&quot;\" class=\"wp-image-3268\" srcset=\"https:\/\/vanavorumaamuuseumid.ee\/wp-content\/uploads\/2025\/09\/tu-viljandi-kultuuriakadeemia-naitus-ajajogi-04-980x671.jpg 980w, https:\/\/vanavorumaamuuseumid.ee\/wp-content\/uploads\/2025\/09\/tu-viljandi-kultuuriakadeemia-naitus-ajajogi-04-480x329.jpg 480w\" sizes=\"(min-width: 0px) and (max-width: 480px) 480px, (min-width: 481px) and (max-width: 980px) 980px, (min-width: 981px) 1024px, 100vw\" \/><\/a><\/figure>\n<\/figure>\n\n\n\n<figure class=\"wp-block-gallery has-nested-images columns-default is-cropped wp-block-gallery-2 is-layout-flex wp-block-gallery-is-layout-flex\">\n<figure class=\"wp-block-image size-large\"><a href=\"https:\/\/vanavorumaamuuseumid.ee\/vo\/vorumaa-naitus\/tu-viljandi-kultuuriakadeemia-naitus-ajajogi\/d_2498\/\"><img decoding=\"async\" width=\"1024\" height=\"639\" data-id=\"3707\" src=\"https:\/\/vanavorumaamuuseumid.ee\/wp-content\/uploads\/2025\/09\/D_2498-1024x639.jpg\" alt=\"\" class=\"wp-image-3707\" srcset=\"https:\/\/vanavorumaamuuseumid.ee\/wp-content\/uploads\/2025\/09\/D_2498-980x612.jpg 980w, https:\/\/vanavorumaamuuseumid.ee\/wp-content\/uploads\/2025\/09\/D_2498-480x300.jpg 480w\" sizes=\"(min-width: 0px) and (max-width: 480px) 480px, (min-width: 481px) and (max-width: 980px) 980px, (min-width: 981px) 1024px, 100vw\" \/><\/a><\/figure>\n\n\n\n<figure class=\"wp-block-image size-large\"><a href=\"https:\/\/vanavorumaamuuseumid.ee\/vo\/vorumaa-naitus\/tu-viljandi-kultuuriakadeemia-naitus-ajajogi\/d_2511\/\"><img decoding=\"async\" width=\"1024\" height=\"603\" data-id=\"3708\" src=\"https:\/\/vanavorumaamuuseumid.ee\/wp-content\/uploads\/2025\/09\/D_2511-1024x603.jpg\" alt=\"\" class=\"wp-image-3708\" srcset=\"https:\/\/vanavorumaamuuseumid.ee\/wp-content\/uploads\/2025\/09\/D_2511-980x577.jpg 980w, https:\/\/vanavorumaamuuseumid.ee\/wp-content\/uploads\/2025\/09\/D_2511-480x283.jpg 480w\" sizes=\"(min-width: 0px) and (max-width: 480px) 480px, (min-width: 481px) and (max-width: 980px) 980px, (min-width: 981px) 1024px, 100vw\" \/><\/a><\/figure>\n\n\n\n<figure class=\"wp-block-image size-large\"><a href=\"https:\/\/vanavorumaamuuseumid.ee\/vo\/vorumaa-naitus\/tu-viljandi-kultuuriakadeemia-naitus-ajajogi\/d_2562\/\"><img decoding=\"async\" width=\"1024\" height=\"670\" data-id=\"3709\" src=\"https:\/\/vanavorumaamuuseumid.ee\/wp-content\/uploads\/2025\/09\/D_2562-1024x670.jpg\" alt=\"\" class=\"wp-image-3709\" srcset=\"https:\/\/vanavorumaamuuseumid.ee\/wp-content\/uploads\/2025\/09\/D_2562-980x642.jpg 980w, https:\/\/vanavorumaamuuseumid.ee\/wp-content\/uploads\/2025\/09\/D_2562-480x314.jpg 480w\" sizes=\"(min-width: 0px) and (max-width: 480px) 480px, (min-width: 481px) and (max-width: 980px) 980px, (min-width: 981px) 1024px, 100vw\" \/><\/a><\/figure>\n<\/figure>","protected":false},"featured_media":3705,"template":"","class_list":["post-3265","vorumaa-naitus","type-vorumaa-naitus","status-publish","has-post-thumbnail","hentry"],"acf":[],"yoast_head":"<!-- This site is optimized with the Yoast SEO plugin v27.4 - https:\/\/yoast.com\/product\/yoast-seo-wordpress\/ -->\n<title>T\u00dc Viljandi kultuuriakadeemia n\u00e4itus &quot;Ajaj\u00f5gi&quot; - Vana-V\u00f5rumaa muuseumid<\/title>\n<meta name=\"robots\" content=\"index, follow, max-snippet:-1, max-image-preview:large, max-video-preview:-1\" \/>\n<link rel=\"canonical\" href=\"https:\/\/vanavorumaamuuseumid.ee\/vo\/vorumaa-naitus\/tu-viljandi-kultuuriakadeemia-naitus-ajajogi\/\" \/>\n<meta property=\"og:locale\" content=\"en_US\" \/>\n<meta property=\"og:type\" content=\"article\" \/>\n<meta property=\"og:title\" content=\"T\u00dc Viljandi kultuuriakadeemia n\u00e4itus &quot;Ajaj\u00f5gi&quot; - Vana-V\u00f5rumaa muuseumid\" \/>\n<meta property=\"og:description\" content=\"N\u00e4itus tutvustab T\u00dc Viljandi kultuuriakadeemia tegevusi ja seel\u00e4bi j\u00f5uab praktiline p\u00e4randik\u00e4sitlus n\u00e4ituse [&hellip;]\" \/>\n<meta property=\"og:url\" content=\"https:\/\/vanavorumaamuuseumid.ee\/vo\/vorumaa-naitus\/tu-viljandi-kultuuriakadeemia-naitus-ajajogi\/\" \/>\n<meta property=\"og:site_name\" content=\"Vana-V\u00f5rumaa muuseumid\" \/>\n<meta property=\"article:modified_time\" content=\"2025-10-05T21:02:09+00:00\" \/>\n<meta property=\"og:image\" content=\"https:\/\/vanavorumaamuuseumid.ee\/wp-content\/uploads\/2025\/09\/820x360px_Tln_FB-kaas_ajajogi-1024x450.png\" \/>\n\t<meta property=\"og:image:width\" content=\"1024\" \/>\n\t<meta property=\"og:image:height\" content=\"450\" \/>\n\t<meta property=\"og:image:type\" content=\"image\/png\" \/>\n<meta name=\"twitter:card\" content=\"summary_large_image\" \/>\n<meta name=\"twitter:label1\" content=\"Est. reading time\" \/>\n\t<meta name=\"twitter:data1\" content=\"2 minutes\" \/>\n<script type=\"application\/ld+json\" class=\"yoast-schema-graph\">{\"@context\":\"https:\\\/\\\/schema.org\",\"@graph\":[{\"@type\":\"WebPage\",\"@id\":\"https:\\\/\\\/vanavorumaamuuseumid.ee\\\/vorumaa-naitus\\\/tu-viljandi-kultuuriakadeemia-naitus-ajajogi\\\/\",\"url\":\"https:\\\/\\\/vanavorumaamuuseumid.ee\\\/vorumaa-naitus\\\/tu-viljandi-kultuuriakadeemia-naitus-ajajogi\\\/\",\"name\":\"T\u00dc Viljandi kultuuriakadeemia n\u00e4itus \\\"Ajaj\u00f5gi\\\" - Vana-V\u00f5rumaa muuseumid\",\"isPartOf\":{\"@id\":\"https:\\\/\\\/vanavorumaamuuseumid.ee\\\/#website\"},\"primaryImageOfPage\":{\"@id\":\"https:\\\/\\\/vanavorumaamuuseumid.ee\\\/vorumaa-naitus\\\/tu-viljandi-kultuuriakadeemia-naitus-ajajogi\\\/#primaryimage\"},\"image\":{\"@id\":\"https:\\\/\\\/vanavorumaamuuseumid.ee\\\/vorumaa-naitus\\\/tu-viljandi-kultuuriakadeemia-naitus-ajajogi\\\/#primaryimage\"},\"thumbnailUrl\":\"https:\\\/\\\/vanavorumaamuuseumid.ee\\\/wp-content\\\/uploads\\\/2025\\\/09\\\/820x360px_Tln_FB-kaas_ajajogi.png\",\"datePublished\":\"2025-09-24T15:14:55+00:00\",\"dateModified\":\"2025-10-05T21:02:09+00:00\",\"breadcrumb\":{\"@id\":\"https:\\\/\\\/vanavorumaamuuseumid.ee\\\/vorumaa-naitus\\\/tu-viljandi-kultuuriakadeemia-naitus-ajajogi\\\/#breadcrumb\"},\"inLanguage\":\"vo\",\"potentialAction\":[{\"@type\":\"ReadAction\",\"target\":[\"https:\\\/\\\/vanavorumaamuuseumid.ee\\\/vorumaa-naitus\\\/tu-viljandi-kultuuriakadeemia-naitus-ajajogi\\\/\"]}]},{\"@type\":\"ImageObject\",\"inLanguage\":\"vo\",\"@id\":\"https:\\\/\\\/vanavorumaamuuseumid.ee\\\/vorumaa-naitus\\\/tu-viljandi-kultuuriakadeemia-naitus-ajajogi\\\/#primaryimage\",\"url\":\"https:\\\/\\\/vanavorumaamuuseumid.ee\\\/wp-content\\\/uploads\\\/2025\\\/09\\\/820x360px_Tln_FB-kaas_ajajogi.png\",\"contentUrl\":\"https:\\\/\\\/vanavorumaamuuseumid.ee\\\/wp-content\\\/uploads\\\/2025\\\/09\\\/820x360px_Tln_FB-kaas_ajajogi.png\",\"width\":1920,\"height\":843},{\"@type\":\"BreadcrumbList\",\"@id\":\"https:\\\/\\\/vanavorumaamuuseumid.ee\\\/vorumaa-naitus\\\/tu-viljandi-kultuuriakadeemia-naitus-ajajogi\\\/#breadcrumb\",\"itemListElement\":[{\"@type\":\"ListItem\",\"position\":1,\"name\":\"Home\",\"item\":\"https:\\\/\\\/vanavorumaamuuseumid.ee\\\/\"},{\"@type\":\"ListItem\",\"position\":2,\"name\":\"T\u00dc Viljandi kultuuriakadeemia n\u00e4itus &#8220;Ajaj\u00f5gi&#8221;\"}]},{\"@type\":\"WebSite\",\"@id\":\"https:\\\/\\\/vanavorumaamuuseumid.ee\\\/#website\",\"url\":\"https:\\\/\\\/vanavorumaamuuseumid.ee\\\/\",\"name\":\"Vana-V\u00f5rumaa Muuseumid\",\"description\":\"V\u00f5rumaa Muuseum, Dr. Fr. R. Kreutzwaldi Memoriaalmuuseum, M\u00f5niste Talurahvamuuseum ja Karilatsi Vaba\u00f5humuuseum\",\"publisher\":{\"@id\":\"https:\\\/\\\/vanavorumaamuuseumid.ee\\\/#organization\"},\"potentialAction\":[{\"@type\":\"SearchAction\",\"target\":{\"@type\":\"EntryPoint\",\"urlTemplate\":\"https:\\\/\\\/vanavorumaamuuseumid.ee\\\/?s={search_term_string}\"},\"query-input\":{\"@type\":\"PropertyValueSpecification\",\"valueRequired\":true,\"valueName\":\"search_term_string\"}}],\"inLanguage\":\"vo\"},{\"@type\":\"Organization\",\"@id\":\"https:\\\/\\\/vanavorumaamuuseumid.ee\\\/#organization\",\"name\":\"V\u00f5ru Instituut\",\"url\":\"https:\\\/\\\/vanavorumaamuuseumid.ee\\\/\",\"logo\":{\"@type\":\"ImageObject\",\"inLanguage\":\"vo\",\"@id\":\"https:\\\/\\\/vanavorumaamuuseumid.ee\\\/#\\\/schema\\\/logo\\\/image\\\/\",\"url\":\"https:\\\/\\\/vanavorumaamuuseumid.ee\\\/wp-content\\\/uploads\\\/2025\\\/05\\\/vana-voromaa-muusoumi-250516.svg\",\"contentUrl\":\"https:\\\/\\\/vanavorumaamuuseumid.ee\\\/wp-content\\\/uploads\\\/2025\\\/05\\\/vana-voromaa-muusoumi-250516.svg\",\"width\":567,\"height\":80,\"caption\":\"V\u00f5ru Instituut\"},\"image\":{\"@id\":\"https:\\\/\\\/vanavorumaamuuseumid.ee\\\/#\\\/schema\\\/logo\\\/image\\\/\"}}]}<\/script>\n<!-- \/ Yoast SEO plugin. -->","yoast_head_json":{"title":"T\u00dc Viljandi kultuuriakadeemia n\u00e4itus \"Ajaj\u00f5gi\" - Vana-V\u00f5rumaa muuseumid","robots":{"index":"index","follow":"follow","max-snippet":"max-snippet:-1","max-image-preview":"max-image-preview:large","max-video-preview":"max-video-preview:-1"},"canonical":"https:\/\/vanavorumaamuuseumid.ee\/vo\/vorumaa-naitus\/tu-viljandi-kultuuriakadeemia-naitus-ajajogi\/","og_locale":"en_US","og_type":"article","og_title":"T\u00dc Viljandi kultuuriakadeemia n\u00e4itus \"Ajaj\u00f5gi\" - Vana-V\u00f5rumaa muuseumid","og_description":"N\u00e4itus tutvustab T\u00dc Viljandi kultuuriakadeemia tegevusi ja seel\u00e4bi j\u00f5uab praktiline p\u00e4randik\u00e4sitlus n\u00e4ituse [&hellip;]","og_url":"https:\/\/vanavorumaamuuseumid.ee\/vo\/vorumaa-naitus\/tu-viljandi-kultuuriakadeemia-naitus-ajajogi\/","og_site_name":"Vana-V\u00f5rumaa muuseumid","article_modified_time":"2025-10-05T21:02:09+00:00","og_image":[{"width":1024,"height":450,"url":"https:\/\/vanavorumaamuuseumid.ee\/wp-content\/uploads\/2025\/09\/820x360px_Tln_FB-kaas_ajajogi-1024x450.png","type":"image\/png"}],"twitter_card":"summary_large_image","twitter_misc":{"Est. reading time":"2 minutes"},"schema":{"@context":"https:\/\/schema.org","@graph":[{"@type":"WebPage","@id":"https:\/\/vanavorumaamuuseumid.ee\/vorumaa-naitus\/tu-viljandi-kultuuriakadeemia-naitus-ajajogi\/","url":"https:\/\/vanavorumaamuuseumid.ee\/vorumaa-naitus\/tu-viljandi-kultuuriakadeemia-naitus-ajajogi\/","name":"T\u00dc Viljandi kultuuriakadeemia n\u00e4itus \"Ajaj\u00f5gi\" - Vana-V\u00f5rumaa muuseumid","isPartOf":{"@id":"https:\/\/vanavorumaamuuseumid.ee\/#website"},"primaryImageOfPage":{"@id":"https:\/\/vanavorumaamuuseumid.ee\/vorumaa-naitus\/tu-viljandi-kultuuriakadeemia-naitus-ajajogi\/#primaryimage"},"image":{"@id":"https:\/\/vanavorumaamuuseumid.ee\/vorumaa-naitus\/tu-viljandi-kultuuriakadeemia-naitus-ajajogi\/#primaryimage"},"thumbnailUrl":"https:\/\/vanavorumaamuuseumid.ee\/wp-content\/uploads\/2025\/09\/820x360px_Tln_FB-kaas_ajajogi.png","datePublished":"2025-09-24T15:14:55+00:00","dateModified":"2025-10-05T21:02:09+00:00","breadcrumb":{"@id":"https:\/\/vanavorumaamuuseumid.ee\/vorumaa-naitus\/tu-viljandi-kultuuriakadeemia-naitus-ajajogi\/#breadcrumb"},"inLanguage":"vo","potentialAction":[{"@type":"ReadAction","target":["https:\/\/vanavorumaamuuseumid.ee\/vorumaa-naitus\/tu-viljandi-kultuuriakadeemia-naitus-ajajogi\/"]}]},{"@type":"ImageObject","inLanguage":"vo","@id":"https:\/\/vanavorumaamuuseumid.ee\/vorumaa-naitus\/tu-viljandi-kultuuriakadeemia-naitus-ajajogi\/#primaryimage","url":"https:\/\/vanavorumaamuuseumid.ee\/wp-content\/uploads\/2025\/09\/820x360px_Tln_FB-kaas_ajajogi.png","contentUrl":"https:\/\/vanavorumaamuuseumid.ee\/wp-content\/uploads\/2025\/09\/820x360px_Tln_FB-kaas_ajajogi.png","width":1920,"height":843},{"@type":"BreadcrumbList","@id":"https:\/\/vanavorumaamuuseumid.ee\/vorumaa-naitus\/tu-viljandi-kultuuriakadeemia-naitus-ajajogi\/#breadcrumb","itemListElement":[{"@type":"ListItem","position":1,"name":"Home","item":"https:\/\/vanavorumaamuuseumid.ee\/"},{"@type":"ListItem","position":2,"name":"T\u00dc Viljandi kultuuriakadeemia n\u00e4itus &#8220;Ajaj\u00f5gi&#8221;"}]},{"@type":"WebSite","@id":"https:\/\/vanavorumaamuuseumid.ee\/#website","url":"https:\/\/vanavorumaamuuseumid.ee\/","name":"Vana-V\u00f5rumaa Muuseumid","description":"V\u00f5rumaa Muuseum, Dr. Fr. R. Kreutzwaldi Memoriaalmuuseum, M\u00f5niste Talurahvamuuseum ja Karilatsi Vaba\u00f5humuuseum","publisher":{"@id":"https:\/\/vanavorumaamuuseumid.ee\/#organization"},"potentialAction":[{"@type":"SearchAction","target":{"@type":"EntryPoint","urlTemplate":"https:\/\/vanavorumaamuuseumid.ee\/?s={search_term_string}"},"query-input":{"@type":"PropertyValueSpecification","valueRequired":true,"valueName":"search_term_string"}}],"inLanguage":"vo"},{"@type":"Organization","@id":"https:\/\/vanavorumaamuuseumid.ee\/#organization","name":"V\u00f5ru Instituut","url":"https:\/\/vanavorumaamuuseumid.ee\/","logo":{"@type":"ImageObject","inLanguage":"vo","@id":"https:\/\/vanavorumaamuuseumid.ee\/#\/schema\/logo\/image\/","url":"https:\/\/vanavorumaamuuseumid.ee\/wp-content\/uploads\/2025\/05\/vana-voromaa-muusoumi-250516.svg","contentUrl":"https:\/\/vanavorumaamuuseumid.ee\/wp-content\/uploads\/2025\/05\/vana-voromaa-muusoumi-250516.svg","width":567,"height":80,"caption":"V\u00f5ru Instituut"},"image":{"@id":"https:\/\/vanavorumaamuuseumid.ee\/#\/schema\/logo\/image\/"}}]}},"_links":{"self":[{"href":"https:\/\/vanavorumaamuuseumid.ee\/vo\/wp-json\/wp\/v2\/vorumaa-naitus\/3265","targetHints":{"allow":["GET"]}}],"collection":[{"href":"https:\/\/vanavorumaamuuseumid.ee\/vo\/wp-json\/wp\/v2\/vorumaa-naitus"}],"about":[{"href":"https:\/\/vanavorumaamuuseumid.ee\/vo\/wp-json\/wp\/v2\/types\/vorumaa-naitus"}],"wp:featuredmedia":[{"embeddable":true,"href":"https:\/\/vanavorumaamuuseumid.ee\/vo\/wp-json\/wp\/v2\/media\/3705"}],"wp:attachment":[{"href":"https:\/\/vanavorumaamuuseumid.ee\/vo\/wp-json\/wp\/v2\/media?parent=3265"}],"curies":[{"name":"wp","href":"https:\/\/api.w.org\/{rel}","templated":true}]}}