{"id":3272,"date":"2025-09-24T18:32:30","date_gmt":"2025-09-24T15:32:30","guid":{"rendered":"https:\/\/vanavorumaamuuseumid.ee\/?post_type=vorumaa-naitus&#038;p=3272"},"modified":"2025-10-12T11:31:17","modified_gmt":"2025-10-12T08:31:17","slug":"ago-ruusi-isikunaitus-kutse","status":"publish","type":"vorumaa-naitus","link":"https:\/\/vanavorumaamuuseumid.ee\/vo\/vorumaa-naitus\/ago-ruusi-isikunaitus-kutse\/","title":{"rendered":"Ago Ruusi isikun\u00e4itus &#8220;Kutse&#8221;"},"content":{"rendered":"<p>Mida k\u00e4tkeb eneses kutse, mis meid valdab, kui alustame r\u00e4nnakut silmapiiri v\u00f5i m\u00e4eaheliku taha, et olla oma silmaga tunnistajaks millelegi tundmatule ja uuele? Sellele k\u00fcsimusele p\u00fc\u00fcabki filmimees <a href=\"https:\/\/et.wikipedia.org\/wiki\/Ago_Ruus\">Ago Ruus<\/a> leida vastust oma fotov\u00e4ljapanekuga \u201eKutse\u201c.<\/p>\n\n\n\n<p>Need fotod on v\u00f5etud \u00fcles Arktika j\u00e4\u00e4v\u00e4ljadel 75 aastat p\u00e4rast baltisakslasest geoloogi ja polaaruurija Eduard von Tolli hukku. Siis juba kinostuudio Tallinnfilm korraldatud filmiekspeditsiooni k\u00e4igus, mis viis paikadesse, kus Eduard von Toll saladuslikku Sannikovi maad otsides aastatel 1900\u20131902 r\u00e4ndas.<\/p>\n\n\n\n<p>Toll oma kolme meeskonnaliikmega j\u00e4i ekspeditsioonil kadunuks. Tallinnfilmi uurimisreisi p\u00f5hjal valmis aga film \u201eEduard Toll. Kiindumused\u201d (1977), stsenaristiks Lennart Meri, re\u017eiss\u00f6\u00f6riks Sergei Rahom\u00e4gi ja operaatoriks Ago Ruus.<\/p>\n\n\n\n<p>Ago Ruusile kui toonasele Moskva filmiinstituudi tudengile oli see t\u00f6\u00f6 v\u00e4ljakutse, aga andis aimu ka teisest kutsest \u2013 sellest, mida tajusid Eduard Toll ja teised maadeavastajad: mida varjavad m\u00e4ed, mis on silmapiiri taga, milliseid elamusi pakuvad seni k\u00e4imata rajad?<\/p>\n\n\n\n<p>\u201eSellist kutset tajusin tol suvel Arktikas, kui filmisin kaadreid Eduard Tolli filmile ja tegin fotosid inimt\u00fchjadel randadel. See tunne on minus s\u00e4ilinud t\u00e4naseni ja sunnib ikka ettepoole vaatama. Nagu oli Eduard von Tolli deviis: \u201eEdasi ja ainult edasi!\u201d,\u201d \u00fctleb Ago Ruus.<\/p>\n\n\n\n<p>N\u00e4itust toetab Eesti Kultuurkapital. <\/p>\n\n\n\n<p>Meediakajastus <a href=\"https:\/\/www.err.ee\/1609603400\/vorus-saab-naha-ago-ruusa-fotonaitust-tema-esimestelt-filmivotetelt-arktikas\">ERR<\/a>\u00b4is ja <a href=\"https:\/\/lounapostimees.postimees.ee\/8189266\/videolugu-ajajoge-mooda-soudes-pohja-jaamere-saartele-valja-kaks-naitust-viivad-meeled-randama\">L\u00f5una- Eesti Postimehes<\/a>. <\/p>\n\n\n\n<p>Fotod: Andres Treial<\/p>\n\n\n\n<figure class=\"wp-block-gallery has-nested-images columns-default is-cropped wp-block-gallery-1 is-layout-flex wp-block-gallery-is-layout-flex\">\n<figure class=\"wp-block-image size-large\"><a  href=\"https:\/\/vanavorumaamuuseumid.ee\/wp-content\/uploads\/2025\/09\/ago-ruusi-isikunaitus-kutse-01.jpg\" data-rel=\"lightbox-gallery-0\" data-rl_title=\"\" data-rl_caption=\"\" title=\"\"><img decoding=\"async\" width=\"1024\" height=\"599\" data-id=\"3275\" src=\"https:\/\/vanavorumaamuuseumid.ee\/wp-content\/uploads\/2025\/09\/ago-ruusi-isikunaitus-kutse-01-1024x599.jpg\" alt=\"Ago Ruusi isikun\u00e4itus &quot;Kutse&quot;\" class=\"wp-image-3275\" srcset=\"https:\/\/vanavorumaamuuseumid.ee\/wp-content\/uploads\/2025\/09\/ago-ruusi-isikunaitus-kutse-01-980x574.jpg 980w, https:\/\/vanavorumaamuuseumid.ee\/wp-content\/uploads\/2025\/09\/ago-ruusi-isikunaitus-kutse-01-480x281.jpg 480w\" sizes=\"(min-width: 0px) and (max-width: 480px) 480px, (min-width: 481px) and (max-width: 980px) 980px, (min-width: 981px) 1024px, 100vw\" \/><\/a><\/figure>\n\n\n\n<figure class=\"wp-block-image size-large\"><a  href=\"https:\/\/vanavorumaamuuseumid.ee\/wp-content\/uploads\/2025\/09\/ago-ruusi-isikunaitus-kutse-02.jpg\" data-rel=\"lightbox-gallery-0\" data-rl_title=\"\" data-rl_caption=\"\" title=\"\"><img decoding=\"async\" width=\"1024\" height=\"546\" data-id=\"3274\" src=\"https:\/\/vanavorumaamuuseumid.ee\/wp-content\/uploads\/2025\/09\/ago-ruusi-isikunaitus-kutse-02-1024x546.jpg\" alt=\"Ago Ruusi isikun\u00e4itus &quot;Kutse&quot;\" class=\"wp-image-3274\" srcset=\"https:\/\/vanavorumaamuuseumid.ee\/wp-content\/uploads\/2025\/09\/ago-ruusi-isikunaitus-kutse-02-980x523.jpg 980w, https:\/\/vanavorumaamuuseumid.ee\/wp-content\/uploads\/2025\/09\/ago-ruusi-isikunaitus-kutse-02-480x256.jpg 480w\" sizes=\"(min-width: 0px) and (max-width: 480px) 480px, (min-width: 481px) and (max-width: 980px) 980px, (min-width: 981px) 1024px, 100vw\" \/><\/a><\/figure>\n<\/figure>\n\n\n\n<figure class=\"wp-block-gallery has-nested-images columns-default is-cropped wp-block-gallery-2 is-layout-flex wp-block-gallery-is-layout-flex\">\n<figure class=\"wp-block-image size-large\"><a  href=\"https:\/\/vanavorumaamuuseumid.ee\/wp-content\/uploads\/2025\/09\/D_2484.jpg\" data-rel=\"lightbox-gallery-0\" data-rl_title=\"\" data-rl_caption=\"\" title=\"\"><img decoding=\"async\" width=\"1024\" height=\"626\" data-id=\"3679\" src=\"https:\/\/vanavorumaamuuseumid.ee\/wp-content\/uploads\/2025\/09\/D_2484-1024x626.jpg\" alt=\"\" class=\"wp-image-3679\" srcset=\"https:\/\/vanavorumaamuuseumid.ee\/wp-content\/uploads\/2025\/09\/D_2484-980x599.jpg 980w, https:\/\/vanavorumaamuuseumid.ee\/wp-content\/uploads\/2025\/09\/D_2484-480x294.jpg 480w\" sizes=\"(min-width: 0px) and (max-width: 480px) 480px, (min-width: 481px) and (max-width: 980px) 980px, (min-width: 981px) 1024px, 100vw\" \/><\/a><\/figure>\n\n\n\n<figure class=\"wp-block-image size-large\"><a  href=\"https:\/\/vanavorumaamuuseumid.ee\/wp-content\/uploads\/2025\/09\/foto_08.jpg\" data-rel=\"lightbox-gallery-0\" data-rl_title=\"\" data-rl_caption=\"\" title=\"\"><img decoding=\"async\" width=\"1024\" height=\"861\" data-id=\"3678\" src=\"https:\/\/vanavorumaamuuseumid.ee\/wp-content\/uploads\/2025\/09\/foto_08-1024x861.jpg\" alt=\"\" class=\"wp-image-3678\" srcset=\"https:\/\/vanavorumaamuuseumid.ee\/wp-content\/uploads\/2025\/09\/foto_08-980x824.jpg 980w, https:\/\/vanavorumaamuuseumid.ee\/wp-content\/uploads\/2025\/09\/foto_08-480x404.jpg 480w\" sizes=\"(min-width: 0px) and (max-width: 480px) 480px, (min-width: 481px) and (max-width: 980px) 980px, (min-width: 981px) 1024px, 100vw\" \/><\/a><\/figure>\n<\/figure>\n\n\n\n<figure class=\"wp-block-gallery has-nested-images columns-default is-cropped wp-block-gallery-3 is-layout-flex wp-block-gallery-is-layout-flex\">\n<figure class=\"wp-block-image size-large\"><a  href=\"https:\/\/vanavorumaamuuseumid.ee\/wp-content\/uploads\/2025\/09\/D_2470.jpg\" data-rel=\"lightbox-gallery-0\" data-rl_title=\"\" data-rl_caption=\"\" title=\"\"><img decoding=\"async\" width=\"1024\" height=\"620\" data-id=\"3682\" src=\"https:\/\/vanavorumaamuuseumid.ee\/wp-content\/uploads\/2025\/09\/D_2470-1024x620.jpg\" alt=\"\" class=\"wp-image-3682\" srcset=\"https:\/\/vanavorumaamuuseumid.ee\/wp-content\/uploads\/2025\/09\/D_2470-980x593.jpg 980w, https:\/\/vanavorumaamuuseumid.ee\/wp-content\/uploads\/2025\/09\/D_2470-480x291.jpg 480w\" sizes=\"(min-width: 0px) and (max-width: 480px) 480px, (min-width: 481px) and (max-width: 980px) 980px, (min-width: 981px) 1024px, 100vw\" \/><\/a><\/figure>\n\n\n\n<figure class=\"wp-block-image size-large\"><a  href=\"https:\/\/vanavorumaamuuseumid.ee\/wp-content\/uploads\/2025\/09\/D_2480.jpg\" data-rel=\"lightbox-gallery-0\" data-rl_title=\"\" data-rl_caption=\"\" title=\"\"><img decoding=\"async\" width=\"1024\" height=\"611\" data-id=\"3681\" src=\"https:\/\/vanavorumaamuuseumid.ee\/wp-content\/uploads\/2025\/09\/D_2480-1024x611.jpg\" alt=\"\" class=\"wp-image-3681\" srcset=\"https:\/\/vanavorumaamuuseumid.ee\/wp-content\/uploads\/2025\/09\/D_2480-980x584.jpg 980w, https:\/\/vanavorumaamuuseumid.ee\/wp-content\/uploads\/2025\/09\/D_2480-480x286.jpg 480w\" sizes=\"(min-width: 0px) and (max-width: 480px) 480px, (min-width: 481px) and (max-width: 980px) 980px, (min-width: 981px) 1024px, 100vw\" \/><\/a><\/figure>\n\n\n\n<figure class=\"wp-block-image size-large\"><a  href=\"https:\/\/vanavorumaamuuseumid.ee\/wp-content\/uploads\/2025\/09\/D_2580.jpg\" data-rel=\"lightbox-gallery-0\" data-rl_title=\"\" data-rl_caption=\"\" title=\"\"><img decoding=\"async\" width=\"1024\" height=\"683\" data-id=\"3680\" src=\"https:\/\/vanavorumaamuuseumid.ee\/wp-content\/uploads\/2025\/09\/D_2580-1024x683.jpg\" alt=\"\" class=\"wp-image-3680\" srcset=\"https:\/\/vanavorumaamuuseumid.ee\/wp-content\/uploads\/2025\/09\/D_2580-980x654.jpg 980w, https:\/\/vanavorumaamuuseumid.ee\/wp-content\/uploads\/2025\/09\/D_2580-480x320.jpg 480w\" sizes=\"(min-width: 0px) and (max-width: 480px) 480px, (min-width: 481px) and (max-width: 980px) 980px, (min-width: 981px) 1024px, 100vw\" \/><\/a><\/figure>\n<\/figure>","protected":false},"featured_media":3711,"template":"","class_list":["post-3272","vorumaa-naitus","type-vorumaa-naitus","status-publish","has-post-thumbnail","hentry"],"acf":[],"yoast_head":"<!-- This site is optimized with the Yoast SEO plugin v27.4 - https:\/\/yoast.com\/product\/yoast-seo-wordpress\/ -->\n<title>Ago Ruusi isikun\u00e4itus &quot;Kutse&quot; - Vana-V\u00f5rumaa muuseumid<\/title>\n<meta name=\"robots\" content=\"index, follow, max-snippet:-1, max-image-preview:large, max-video-preview:-1\" \/>\n<link rel=\"canonical\" href=\"https:\/\/vanavorumaamuuseumid.ee\/vo\/vorumaa-naitus\/ago-ruusi-isikunaitus-kutse\/\" \/>\n<meta property=\"og:locale\" content=\"en_US\" \/>\n<meta property=\"og:type\" content=\"article\" \/>\n<meta property=\"og:title\" content=\"Ago Ruusi isikun\u00e4itus &quot;Kutse&quot; - Vana-V\u00f5rumaa muuseumid\" \/>\n<meta property=\"og:description\" content=\"Mida k\u00e4tkeb eneses kutse, mis meid valdab, kui alustame r\u00e4nnakut silmapiiri v\u00f5i [&hellip;]\" \/>\n<meta property=\"og:url\" content=\"https:\/\/vanavorumaamuuseumid.ee\/vo\/vorumaa-naitus\/ago-ruusi-isikunaitus-kutse\/\" \/>\n<meta property=\"og:site_name\" content=\"Vana-V\u00f5rumaa muuseumid\" \/>\n<meta property=\"article:modified_time\" content=\"2025-10-12T08:31:17+00:00\" \/>\n<meta property=\"og:image\" content=\"https:\/\/vanavorumaamuuseumid.ee\/wp-content\/uploads\/2025\/09\/fb.jpg\" \/>\n\t<meta property=\"og:image:width\" content=\"707\" \/>\n\t<meta property=\"og:image:height\" content=\"433\" \/>\n\t<meta property=\"og:image:type\" content=\"image\/jpeg\" \/>\n<meta name=\"twitter:card\" content=\"summary_large_image\" \/>\n<meta name=\"twitter:label1\" content=\"Est. reading time\" \/>\n\t<meta name=\"twitter:data1\" content=\"3 minutes\" \/>\n<script type=\"application\/ld+json\" class=\"yoast-schema-graph\">{\"@context\":\"https:\\\/\\\/schema.org\",\"@graph\":[{\"@type\":\"WebPage\",\"@id\":\"https:\\\/\\\/vanavorumaamuuseumid.ee\\\/vorumaa-naitus\\\/ago-ruusi-isikunaitus-kutse\\\/\",\"url\":\"https:\\\/\\\/vanavorumaamuuseumid.ee\\\/vorumaa-naitus\\\/ago-ruusi-isikunaitus-kutse\\\/\",\"name\":\"Ago Ruusi isikun\u00e4itus \\\"Kutse\\\" - Vana-V\u00f5rumaa muuseumid\",\"isPartOf\":{\"@id\":\"https:\\\/\\\/vanavorumaamuuseumid.ee\\\/#website\"},\"primaryImageOfPage\":{\"@id\":\"https:\\\/\\\/vanavorumaamuuseumid.ee\\\/vorumaa-naitus\\\/ago-ruusi-isikunaitus-kutse\\\/#primaryimage\"},\"image\":{\"@id\":\"https:\\\/\\\/vanavorumaamuuseumid.ee\\\/vorumaa-naitus\\\/ago-ruusi-isikunaitus-kutse\\\/#primaryimage\"},\"thumbnailUrl\":\"https:\\\/\\\/vanavorumaamuuseumid.ee\\\/wp-content\\\/uploads\\\/2025\\\/09\\\/fb.jpg\",\"datePublished\":\"2025-09-24T15:32:30+00:00\",\"dateModified\":\"2025-10-12T08:31:17+00:00\",\"breadcrumb\":{\"@id\":\"https:\\\/\\\/vanavorumaamuuseumid.ee\\\/vorumaa-naitus\\\/ago-ruusi-isikunaitus-kutse\\\/#breadcrumb\"},\"inLanguage\":\"vo\",\"potentialAction\":[{\"@type\":\"ReadAction\",\"target\":[\"https:\\\/\\\/vanavorumaamuuseumid.ee\\\/vorumaa-naitus\\\/ago-ruusi-isikunaitus-kutse\\\/\"]}]},{\"@type\":\"ImageObject\",\"inLanguage\":\"vo\",\"@id\":\"https:\\\/\\\/vanavorumaamuuseumid.ee\\\/vorumaa-naitus\\\/ago-ruusi-isikunaitus-kutse\\\/#primaryimage\",\"url\":\"https:\\\/\\\/vanavorumaamuuseumid.ee\\\/wp-content\\\/uploads\\\/2025\\\/09\\\/fb.jpg\",\"contentUrl\":\"https:\\\/\\\/vanavorumaamuuseumid.ee\\\/wp-content\\\/uploads\\\/2025\\\/09\\\/fb.jpg\",\"width\":707,\"height\":433},{\"@type\":\"BreadcrumbList\",\"@id\":\"https:\\\/\\\/vanavorumaamuuseumid.ee\\\/vorumaa-naitus\\\/ago-ruusi-isikunaitus-kutse\\\/#breadcrumb\",\"itemListElement\":[{\"@type\":\"ListItem\",\"position\":1,\"name\":\"Home\",\"item\":\"https:\\\/\\\/vanavorumaamuuseumid.ee\\\/\"},{\"@type\":\"ListItem\",\"position\":2,\"name\":\"Ago Ruusi isikun\u00e4itus &#8220;Kutse&#8221;\"}]},{\"@type\":\"WebSite\",\"@id\":\"https:\\\/\\\/vanavorumaamuuseumid.ee\\\/#website\",\"url\":\"https:\\\/\\\/vanavorumaamuuseumid.ee\\\/\",\"name\":\"Vana-V\u00f5rumaa Muuseumid\",\"description\":\"V\u00f5rumaa Muuseum, Dr. Fr. R. Kreutzwaldi Memoriaalmuuseum, M\u00f5niste Talurahvamuuseum ja Karilatsi Vaba\u00f5humuuseum\",\"publisher\":{\"@id\":\"https:\\\/\\\/vanavorumaamuuseumid.ee\\\/#organization\"},\"potentialAction\":[{\"@type\":\"SearchAction\",\"target\":{\"@type\":\"EntryPoint\",\"urlTemplate\":\"https:\\\/\\\/vanavorumaamuuseumid.ee\\\/?s={search_term_string}\"},\"query-input\":{\"@type\":\"PropertyValueSpecification\",\"valueRequired\":true,\"valueName\":\"search_term_string\"}}],\"inLanguage\":\"vo\"},{\"@type\":\"Organization\",\"@id\":\"https:\\\/\\\/vanavorumaamuuseumid.ee\\\/#organization\",\"name\":\"V\u00f5ru Instituut\",\"url\":\"https:\\\/\\\/vanavorumaamuuseumid.ee\\\/\",\"logo\":{\"@type\":\"ImageObject\",\"inLanguage\":\"vo\",\"@id\":\"https:\\\/\\\/vanavorumaamuuseumid.ee\\\/#\\\/schema\\\/logo\\\/image\\\/\",\"url\":\"https:\\\/\\\/vanavorumaamuuseumid.ee\\\/wp-content\\\/uploads\\\/2025\\\/05\\\/vana-voromaa-muusoumi-250516.svg\",\"contentUrl\":\"https:\\\/\\\/vanavorumaamuuseumid.ee\\\/wp-content\\\/uploads\\\/2025\\\/05\\\/vana-voromaa-muusoumi-250516.svg\",\"width\":567,\"height\":80,\"caption\":\"V\u00f5ru Instituut\"},\"image\":{\"@id\":\"https:\\\/\\\/vanavorumaamuuseumid.ee\\\/#\\\/schema\\\/logo\\\/image\\\/\"}}]}<\/script>\n<!-- \/ Yoast SEO plugin. -->","yoast_head_json":{"title":"Ago Ruusi isikun\u00e4itus \"Kutse\" - Vana-V\u00f5rumaa muuseumid","robots":{"index":"index","follow":"follow","max-snippet":"max-snippet:-1","max-image-preview":"max-image-preview:large","max-video-preview":"max-video-preview:-1"},"canonical":"https:\/\/vanavorumaamuuseumid.ee\/vo\/vorumaa-naitus\/ago-ruusi-isikunaitus-kutse\/","og_locale":"en_US","og_type":"article","og_title":"Ago Ruusi isikun\u00e4itus \"Kutse\" - Vana-V\u00f5rumaa muuseumid","og_description":"Mida k\u00e4tkeb eneses kutse, mis meid valdab, kui alustame r\u00e4nnakut silmapiiri v\u00f5i [&hellip;]","og_url":"https:\/\/vanavorumaamuuseumid.ee\/vo\/vorumaa-naitus\/ago-ruusi-isikunaitus-kutse\/","og_site_name":"Vana-V\u00f5rumaa muuseumid","article_modified_time":"2025-10-12T08:31:17+00:00","og_image":[{"width":707,"height":433,"url":"https:\/\/vanavorumaamuuseumid.ee\/wp-content\/uploads\/2025\/09\/fb.jpg","type":"image\/jpeg"}],"twitter_card":"summary_large_image","twitter_misc":{"Est. reading time":"3 minutes"},"schema":{"@context":"https:\/\/schema.org","@graph":[{"@type":"WebPage","@id":"https:\/\/vanavorumaamuuseumid.ee\/vorumaa-naitus\/ago-ruusi-isikunaitus-kutse\/","url":"https:\/\/vanavorumaamuuseumid.ee\/vorumaa-naitus\/ago-ruusi-isikunaitus-kutse\/","name":"Ago Ruusi isikun\u00e4itus \"Kutse\" - Vana-V\u00f5rumaa muuseumid","isPartOf":{"@id":"https:\/\/vanavorumaamuuseumid.ee\/#website"},"primaryImageOfPage":{"@id":"https:\/\/vanavorumaamuuseumid.ee\/vorumaa-naitus\/ago-ruusi-isikunaitus-kutse\/#primaryimage"},"image":{"@id":"https:\/\/vanavorumaamuuseumid.ee\/vorumaa-naitus\/ago-ruusi-isikunaitus-kutse\/#primaryimage"},"thumbnailUrl":"https:\/\/vanavorumaamuuseumid.ee\/wp-content\/uploads\/2025\/09\/fb.jpg","datePublished":"2025-09-24T15:32:30+00:00","dateModified":"2025-10-12T08:31:17+00:00","breadcrumb":{"@id":"https:\/\/vanavorumaamuuseumid.ee\/vorumaa-naitus\/ago-ruusi-isikunaitus-kutse\/#breadcrumb"},"inLanguage":"vo","potentialAction":[{"@type":"ReadAction","target":["https:\/\/vanavorumaamuuseumid.ee\/vorumaa-naitus\/ago-ruusi-isikunaitus-kutse\/"]}]},{"@type":"ImageObject","inLanguage":"vo","@id":"https:\/\/vanavorumaamuuseumid.ee\/vorumaa-naitus\/ago-ruusi-isikunaitus-kutse\/#primaryimage","url":"https:\/\/vanavorumaamuuseumid.ee\/wp-content\/uploads\/2025\/09\/fb.jpg","contentUrl":"https:\/\/vanavorumaamuuseumid.ee\/wp-content\/uploads\/2025\/09\/fb.jpg","width":707,"height":433},{"@type":"BreadcrumbList","@id":"https:\/\/vanavorumaamuuseumid.ee\/vorumaa-naitus\/ago-ruusi-isikunaitus-kutse\/#breadcrumb","itemListElement":[{"@type":"ListItem","position":1,"name":"Home","item":"https:\/\/vanavorumaamuuseumid.ee\/"},{"@type":"ListItem","position":2,"name":"Ago Ruusi isikun\u00e4itus &#8220;Kutse&#8221;"}]},{"@type":"WebSite","@id":"https:\/\/vanavorumaamuuseumid.ee\/#website","url":"https:\/\/vanavorumaamuuseumid.ee\/","name":"Vana-V\u00f5rumaa Muuseumid","description":"V\u00f5rumaa Muuseum, Dr. Fr. R. Kreutzwaldi Memoriaalmuuseum, M\u00f5niste Talurahvamuuseum ja Karilatsi Vaba\u00f5humuuseum","publisher":{"@id":"https:\/\/vanavorumaamuuseumid.ee\/#organization"},"potentialAction":[{"@type":"SearchAction","target":{"@type":"EntryPoint","urlTemplate":"https:\/\/vanavorumaamuuseumid.ee\/?s={search_term_string}"},"query-input":{"@type":"PropertyValueSpecification","valueRequired":true,"valueName":"search_term_string"}}],"inLanguage":"vo"},{"@type":"Organization","@id":"https:\/\/vanavorumaamuuseumid.ee\/#organization","name":"V\u00f5ru Instituut","url":"https:\/\/vanavorumaamuuseumid.ee\/","logo":{"@type":"ImageObject","inLanguage":"vo","@id":"https:\/\/vanavorumaamuuseumid.ee\/#\/schema\/logo\/image\/","url":"https:\/\/vanavorumaamuuseumid.ee\/wp-content\/uploads\/2025\/05\/vana-voromaa-muusoumi-250516.svg","contentUrl":"https:\/\/vanavorumaamuuseumid.ee\/wp-content\/uploads\/2025\/05\/vana-voromaa-muusoumi-250516.svg","width":567,"height":80,"caption":"V\u00f5ru Instituut"},"image":{"@id":"https:\/\/vanavorumaamuuseumid.ee\/#\/schema\/logo\/image\/"}}]}},"_links":{"self":[{"href":"https:\/\/vanavorumaamuuseumid.ee\/vo\/wp-json\/wp\/v2\/vorumaa-naitus\/3272","targetHints":{"allow":["GET"]}}],"collection":[{"href":"https:\/\/vanavorumaamuuseumid.ee\/vo\/wp-json\/wp\/v2\/vorumaa-naitus"}],"about":[{"href":"https:\/\/vanavorumaamuuseumid.ee\/vo\/wp-json\/wp\/v2\/types\/vorumaa-naitus"}],"wp:featuredmedia":[{"embeddable":true,"href":"https:\/\/vanavorumaamuuseumid.ee\/vo\/wp-json\/wp\/v2\/media\/3711"}],"wp:attachment":[{"href":"https:\/\/vanavorumaamuuseumid.ee\/vo\/wp-json\/wp\/v2\/media?parent=3272"}],"curies":[{"name":"wp","href":"https:\/\/api.w.org\/{rel}","templated":true}]}}