{"id":3276,"date":"2025-09-24T18:34:22","date_gmt":"2025-09-24T15:34:22","guid":{"rendered":"https:\/\/vanavorumaamuuseumid.ee\/?post_type=vorumaa-naitus&#038;p=3276"},"modified":"2025-10-12T11:30:08","modified_gmt":"2025-10-12T08:30:08","slug":"johannes-luige-isikunaitus-moeldes-jogedes","status":"publish","type":"vorumaa-naitus","link":"https:\/\/vanavorumaamuuseumid.ee\/vo\/vorumaa-naitus\/johannes-luige-isikunaitus-moeldes-jogedes\/","title":{"rendered":"Johannes Luige isikun\u00e4itus &#8220;M\u00f5eldes j\u00f5gedes&#8221;"},"content":{"rendered":"<p>Kunstnik on asetanud m\u00f5ned oma varasemad skulptuurid dialoogi uute t\u00f6\u00f6dega. Ta sekkub galeriiruumi, ehitades sinna oma maailma. N\u00e4itus j\u00e4\u00e4b avatuks kuni 11. maini.<\/p>\n\n\n\n<p>V\u00e4ljapanekus \u201eM\u00f5eldes j\u00f5gedes\u201c uuritakse loomeprotsessi, keskendudes idee tekkimisele, selle arenemisele ja l\u00f5puks vormumisele. Idee ei s\u00fcnni vaakumis ega ilmuta end hetkega \u2013 see v\u00f5tab kuju katsetuste, materjalidega t\u00f6\u00f6tamise ja otsingute k\u00e4igus. N\u00e4ituseruum on jaotatud eri etappideks: algus, protsess ja tulemus. Teosed ei ole isoleeritud, vaid suhestuvad omavahel, moodustades installatsiooni, kus piirid visandi ja valminud t\u00f6\u00f6 vahel hajuvad.<\/p>\n\n\n\n<p>N\u00e4ituse \u00fcks keskseid metafoore on idee kui tuli \u2013 see ei s\u00fcti iseenesest, vaid vajab s\u00fc\u00fcdet ja hapnikku, pidevat t\u00f6\u00f6d ja suunamist. Samuti v\u00f5ib ideede tagaajamist v\u00f5rrelda m\u00fc\u00fctilise jahtimisega: ka idee ei ole alati kergesti tabatav ja v\u00f5ib protsessi k\u00e4igus muutuda v\u00f5i kaduda. K\u00fcsimus pole ainult tulemuses, vaid ka selles, et loomeprotsess ise v\u00f5ib olla v\u00e4\u00e4rtuslik. Kas kunst on ainult l\u00f5pptulemus v\u00f5i ka protsess, mille kaudu see s\u00fcnnib? N\u00e4itus julgustab vaatama loomet\u00f6\u00f6d tervikuna \u2013 mitte ainult valmis objektina, vaid kui d\u00fcnaamilist s\u00fcsteemi, mis areneb ja muutub.<\/p>\n\n\n\n<p>Johannes Luik (1988) on l\u00f5petanud Eesti Kunstiakadeemias installatsiooni- ja skulptuuriosakonna ning omandanud Belgias LUCA kunstikoolis magistrikraadi kaunite kunstide erialal. 2018. ja 2019. aastal p\u00e4lvis Luik noore skulptori preemia ja 2020. aastal tunnustati teda Adamson-Ericu stipendiumiga.<\/p>\n\n\n\n<p>N\u00e4itust toetab Eesti Kultuurkapital.<\/p>\n\n\n\n<p>Johannes Luige loominguga saab tutvuda kunstniku <a href=\"https:\/\/johannesluik.ee\/\">kodulehel<\/a>.  <\/p>\n\n\n\n<p>N\u00e4itusest meediakajastus <a href=\"https:\/\/lounapostimees.postimees.ee\/8220633\/videolugu-eks-ta-natuke-kohedust-tekitav-on-johannes-luik-viib-vaataja-soudma-kahtlase-lopuga-joele\">L\u00f5una- Eesti Postimehes<\/a> ja <a href=\"https:\/\/www.err.ee\/1609648256\/vorus-avati-skulptor-johannes-luige-naitus\">ERR<\/a>\u00b4is.  <\/p>\n\n\n\n<p>Fotod Andres Treial<\/p>\n\n\n\n<figure class=\"wp-block-gallery has-nested-images columns-default is-cropped wp-block-gallery-1 is-layout-flex wp-block-gallery-is-layout-flex\">\n<figure class=\"wp-block-image size-large\"><a  href=\"https:\/\/vanavorumaamuuseumid.ee\/wp-content\/uploads\/2025\/09\/D_5477.jpg\" data-rel=\"lightbox-gallery-0\" data-rl_title=\"\" data-rl_caption=\"\" title=\"\"><img decoding=\"async\" width=\"1024\" height=\"735\" data-id=\"3675\" src=\"https:\/\/vanavorumaamuuseumid.ee\/wp-content\/uploads\/2025\/09\/D_5477-1024x735.jpg\" alt=\"\" class=\"wp-image-3675\" srcset=\"https:\/\/vanavorumaamuuseumid.ee\/wp-content\/uploads\/2025\/09\/D_5477-980x704.jpg 980w, https:\/\/vanavorumaamuuseumid.ee\/wp-content\/uploads\/2025\/09\/D_5477-480x345.jpg 480w\" sizes=\"(min-width: 0px) and (max-width: 480px) 480px, (min-width: 481px) and (max-width: 980px) 980px, (min-width: 981px) 1024px, 100vw\" \/><\/a><\/figure>\n\n\n\n<figure class=\"wp-block-image size-large\"><a  href=\"https:\/\/vanavorumaamuuseumid.ee\/wp-content\/uploads\/2025\/09\/D_53511.jpg\" data-rel=\"lightbox-gallery-0\" data-rl_title=\"\" data-rl_caption=\"\" title=\"\"><img decoding=\"async\" width=\"1024\" height=\"683\" data-id=\"3674\" src=\"https:\/\/vanavorumaamuuseumid.ee\/wp-content\/uploads\/2025\/09\/D_53511-1024x683.jpg\" alt=\"\" class=\"wp-image-3674\" srcset=\"https:\/\/vanavorumaamuuseumid.ee\/wp-content\/uploads\/2025\/09\/D_53511-980x654.jpg 980w, https:\/\/vanavorumaamuuseumid.ee\/wp-content\/uploads\/2025\/09\/D_53511-480x320.jpg 480w\" sizes=\"(min-width: 0px) and (max-width: 480px) 480px, (min-width: 481px) and (max-width: 980px) 980px, (min-width: 981px) 1024px, 100vw\" \/><\/a><\/figure>\n\n\n\n<figure class=\"wp-block-image size-large\"><a  href=\"https:\/\/vanavorumaamuuseumid.ee\/wp-content\/uploads\/2025\/09\/D_55152.jpg\" data-rel=\"lightbox-gallery-0\" data-rl_title=\"\" data-rl_caption=\"\" title=\"\"><img decoding=\"async\" width=\"1024\" height=\"683\" data-id=\"3673\" src=\"https:\/\/vanavorumaamuuseumid.ee\/wp-content\/uploads\/2025\/09\/D_55152-1024x683.jpg\" alt=\"\" class=\"wp-image-3673\" srcset=\"https:\/\/vanavorumaamuuseumid.ee\/wp-content\/uploads\/2025\/09\/D_55152-980x654.jpg 980w, https:\/\/vanavorumaamuuseumid.ee\/wp-content\/uploads\/2025\/09\/D_55152-480x320.jpg 480w\" sizes=\"(min-width: 0px) and (max-width: 480px) 480px, (min-width: 481px) and (max-width: 980px) 980px, (min-width: 981px) 1024px, 100vw\" \/><\/a><\/figure>\n\n\n\n<figure class=\"wp-block-image size-large\"><a  href=\"https:\/\/vanavorumaamuuseumid.ee\/wp-content\/uploads\/2025\/09\/D_5368.jpg\" data-rel=\"lightbox-gallery-0\" data-rl_title=\"\" data-rl_caption=\"\" title=\"\"><img decoding=\"async\" width=\"711\" height=\"1024\" data-id=\"3671\" src=\"https:\/\/vanavorumaamuuseumid.ee\/wp-content\/uploads\/2025\/09\/D_5368-711x1024.jpg\" alt=\"\" class=\"wp-image-3671\"\/><\/a><\/figure>\n\n\n\n<figure class=\"wp-block-image size-large\"><a  href=\"https:\/\/vanavorumaamuuseumid.ee\/wp-content\/uploads\/2025\/09\/D_5331.jpg\" data-rel=\"lightbox-gallery-0\" data-rl_title=\"\" data-rl_caption=\"\" title=\"\"><img decoding=\"async\" width=\"706\" height=\"1024\" data-id=\"3670\" src=\"https:\/\/vanavorumaamuuseumid.ee\/wp-content\/uploads\/2025\/09\/D_5331-706x1024.jpg\" alt=\"\" class=\"wp-image-3670\"\/><\/a><\/figure>\n\n\n\n<figure class=\"wp-block-image size-large\"><a  href=\"https:\/\/vanavorumaamuuseumid.ee\/wp-content\/uploads\/2025\/09\/D_5390.jpg\" data-rel=\"lightbox-gallery-0\" data-rl_title=\"\" data-rl_caption=\"\" title=\"\"><img decoding=\"async\" width=\"1024\" height=\"683\" data-id=\"3672\" src=\"https:\/\/vanavorumaamuuseumid.ee\/wp-content\/uploads\/2025\/09\/D_5390-1024x683.jpg\" alt=\"\" class=\"wp-image-3672\" srcset=\"https:\/\/vanavorumaamuuseumid.ee\/wp-content\/uploads\/2025\/09\/D_5390-980x654.jpg 980w, https:\/\/vanavorumaamuuseumid.ee\/wp-content\/uploads\/2025\/09\/D_5390-480x320.jpg 480w\" sizes=\"(min-width: 0px) and (max-width: 480px) 480px, (min-width: 481px) and (max-width: 980px) 980px, (min-width: 981px) 1024px, 100vw\" \/><\/a><\/figure>\n<\/figure>","protected":false},"featured_media":3669,"template":"","class_list":["post-3276","vorumaa-naitus","type-vorumaa-naitus","status-publish","has-post-thumbnail","hentry"],"acf":[],"yoast_head":"<!-- This site is optimized with the Yoast SEO plugin v27.4 - https:\/\/yoast.com\/product\/yoast-seo-wordpress\/ -->\n<title>Johannes Luige isikun\u00e4itus &quot;M\u00f5eldes j\u00f5gedes&quot; - Vana-V\u00f5rumaa muuseumid<\/title>\n<meta name=\"robots\" content=\"index, follow, max-snippet:-1, max-image-preview:large, max-video-preview:-1\" \/>\n<link rel=\"canonical\" href=\"https:\/\/vanavorumaamuuseumid.ee\/vo\/vorumaa-naitus\/johannes-luige-isikunaitus-moeldes-jogedes\/\" \/>\n<meta property=\"og:locale\" content=\"en_US\" \/>\n<meta property=\"og:type\" content=\"article\" \/>\n<meta property=\"og:title\" content=\"Johannes Luige isikun\u00e4itus &quot;M\u00f5eldes j\u00f5gedes&quot; - Vana-V\u00f5rumaa muuseumid\" \/>\n<meta property=\"og:description\" content=\"Kunstnik on asetanud m\u00f5ned oma varasemad skulptuurid dialoogi uute t\u00f6\u00f6dega. Ta sekkub [&hellip;]\" \/>\n<meta property=\"og:url\" content=\"https:\/\/vanavorumaamuuseumid.ee\/vo\/vorumaa-naitus\/johannes-luige-isikunaitus-moeldes-jogedes\/\" \/>\n<meta property=\"og:site_name\" content=\"Vana-V\u00f5rumaa muuseumid\" \/>\n<meta property=\"article:modified_time\" content=\"2025-10-12T08:30:08+00:00\" \/>\n<meta property=\"og:image\" content=\"https:\/\/vanavorumaamuuseumid.ee\/wp-content\/uploads\/2025\/09\/IMG-20250324-WA0010.jpg\" \/>\n\t<meta property=\"og:image:width\" content=\"1167\" \/>\n\t<meta property=\"og:image:height\" content=\"1127\" \/>\n\t<meta property=\"og:image:type\" content=\"image\/jpeg\" \/>\n<meta name=\"twitter:card\" content=\"summary_large_image\" \/>\n<meta name=\"twitter:label1\" content=\"Est. reading time\" \/>\n\t<meta name=\"twitter:data1\" content=\"3 minutes\" \/>\n<script type=\"application\/ld+json\" class=\"yoast-schema-graph\">{\"@context\":\"https:\\\/\\\/schema.org\",\"@graph\":[{\"@type\":\"WebPage\",\"@id\":\"https:\\\/\\\/vanavorumaamuuseumid.ee\\\/vorumaa-naitus\\\/johannes-luige-isikunaitus-moeldes-jogedes\\\/\",\"url\":\"https:\\\/\\\/vanavorumaamuuseumid.ee\\\/vorumaa-naitus\\\/johannes-luige-isikunaitus-moeldes-jogedes\\\/\",\"name\":\"Johannes Luige isikun\u00e4itus \\\"M\u00f5eldes j\u00f5gedes\\\" - Vana-V\u00f5rumaa muuseumid\",\"isPartOf\":{\"@id\":\"https:\\\/\\\/vanavorumaamuuseumid.ee\\\/#website\"},\"primaryImageOfPage\":{\"@id\":\"https:\\\/\\\/vanavorumaamuuseumid.ee\\\/vorumaa-naitus\\\/johannes-luige-isikunaitus-moeldes-jogedes\\\/#primaryimage\"},\"image\":{\"@id\":\"https:\\\/\\\/vanavorumaamuuseumid.ee\\\/vorumaa-naitus\\\/johannes-luige-isikunaitus-moeldes-jogedes\\\/#primaryimage\"},\"thumbnailUrl\":\"https:\\\/\\\/vanavorumaamuuseumid.ee\\\/wp-content\\\/uploads\\\/2025\\\/09\\\/IMG-20250324-WA0010.jpg\",\"datePublished\":\"2025-09-24T15:34:22+00:00\",\"dateModified\":\"2025-10-12T08:30:08+00:00\",\"breadcrumb\":{\"@id\":\"https:\\\/\\\/vanavorumaamuuseumid.ee\\\/vorumaa-naitus\\\/johannes-luige-isikunaitus-moeldes-jogedes\\\/#breadcrumb\"},\"inLanguage\":\"vo\",\"potentialAction\":[{\"@type\":\"ReadAction\",\"target\":[\"https:\\\/\\\/vanavorumaamuuseumid.ee\\\/vorumaa-naitus\\\/johannes-luige-isikunaitus-moeldes-jogedes\\\/\"]}]},{\"@type\":\"ImageObject\",\"inLanguage\":\"vo\",\"@id\":\"https:\\\/\\\/vanavorumaamuuseumid.ee\\\/vorumaa-naitus\\\/johannes-luige-isikunaitus-moeldes-jogedes\\\/#primaryimage\",\"url\":\"https:\\\/\\\/vanavorumaamuuseumid.ee\\\/wp-content\\\/uploads\\\/2025\\\/09\\\/IMG-20250324-WA0010.jpg\",\"contentUrl\":\"https:\\\/\\\/vanavorumaamuuseumid.ee\\\/wp-content\\\/uploads\\\/2025\\\/09\\\/IMG-20250324-WA0010.jpg\",\"width\":1167,\"height\":1127},{\"@type\":\"BreadcrumbList\",\"@id\":\"https:\\\/\\\/vanavorumaamuuseumid.ee\\\/vorumaa-naitus\\\/johannes-luige-isikunaitus-moeldes-jogedes\\\/#breadcrumb\",\"itemListElement\":[{\"@type\":\"ListItem\",\"position\":1,\"name\":\"Home\",\"item\":\"https:\\\/\\\/vanavorumaamuuseumid.ee\\\/\"},{\"@type\":\"ListItem\",\"position\":2,\"name\":\"Johannes Luige isikun\u00e4itus &#8220;M\u00f5eldes j\u00f5gedes&#8221;\"}]},{\"@type\":\"WebSite\",\"@id\":\"https:\\\/\\\/vanavorumaamuuseumid.ee\\\/#website\",\"url\":\"https:\\\/\\\/vanavorumaamuuseumid.ee\\\/\",\"name\":\"Vana-V\u00f5rumaa Muuseumid\",\"description\":\"V\u00f5rumaa Muuseum, Dr. Fr. R. Kreutzwaldi Memoriaalmuuseum, M\u00f5niste Talurahvamuuseum ja Karilatsi Vaba\u00f5humuuseum\",\"publisher\":{\"@id\":\"https:\\\/\\\/vanavorumaamuuseumid.ee\\\/#organization\"},\"potentialAction\":[{\"@type\":\"SearchAction\",\"target\":{\"@type\":\"EntryPoint\",\"urlTemplate\":\"https:\\\/\\\/vanavorumaamuuseumid.ee\\\/?s={search_term_string}\"},\"query-input\":{\"@type\":\"PropertyValueSpecification\",\"valueRequired\":true,\"valueName\":\"search_term_string\"}}],\"inLanguage\":\"vo\"},{\"@type\":\"Organization\",\"@id\":\"https:\\\/\\\/vanavorumaamuuseumid.ee\\\/#organization\",\"name\":\"V\u00f5ru Instituut\",\"url\":\"https:\\\/\\\/vanavorumaamuuseumid.ee\\\/\",\"logo\":{\"@type\":\"ImageObject\",\"inLanguage\":\"vo\",\"@id\":\"https:\\\/\\\/vanavorumaamuuseumid.ee\\\/#\\\/schema\\\/logo\\\/image\\\/\",\"url\":\"https:\\\/\\\/vanavorumaamuuseumid.ee\\\/wp-content\\\/uploads\\\/2025\\\/05\\\/vana-voromaa-muusoumi-250516.svg\",\"contentUrl\":\"https:\\\/\\\/vanavorumaamuuseumid.ee\\\/wp-content\\\/uploads\\\/2025\\\/05\\\/vana-voromaa-muusoumi-250516.svg\",\"width\":567,\"height\":80,\"caption\":\"V\u00f5ru Instituut\"},\"image\":{\"@id\":\"https:\\\/\\\/vanavorumaamuuseumid.ee\\\/#\\\/schema\\\/logo\\\/image\\\/\"}}]}<\/script>\n<!-- \/ Yoast SEO plugin. -->","yoast_head_json":{"title":"Johannes Luige isikun\u00e4itus \"M\u00f5eldes j\u00f5gedes\" - Vana-V\u00f5rumaa muuseumid","robots":{"index":"index","follow":"follow","max-snippet":"max-snippet:-1","max-image-preview":"max-image-preview:large","max-video-preview":"max-video-preview:-1"},"canonical":"https:\/\/vanavorumaamuuseumid.ee\/vo\/vorumaa-naitus\/johannes-luige-isikunaitus-moeldes-jogedes\/","og_locale":"en_US","og_type":"article","og_title":"Johannes Luige isikun\u00e4itus \"M\u00f5eldes j\u00f5gedes\" - Vana-V\u00f5rumaa muuseumid","og_description":"Kunstnik on asetanud m\u00f5ned oma varasemad skulptuurid dialoogi uute t\u00f6\u00f6dega. Ta sekkub [&hellip;]","og_url":"https:\/\/vanavorumaamuuseumid.ee\/vo\/vorumaa-naitus\/johannes-luige-isikunaitus-moeldes-jogedes\/","og_site_name":"Vana-V\u00f5rumaa muuseumid","article_modified_time":"2025-10-12T08:30:08+00:00","og_image":[{"width":1167,"height":1127,"url":"https:\/\/vanavorumaamuuseumid.ee\/wp-content\/uploads\/2025\/09\/IMG-20250324-WA0010.jpg","type":"image\/jpeg"}],"twitter_card":"summary_large_image","twitter_misc":{"Est. reading time":"3 minutes"},"schema":{"@context":"https:\/\/schema.org","@graph":[{"@type":"WebPage","@id":"https:\/\/vanavorumaamuuseumid.ee\/vorumaa-naitus\/johannes-luige-isikunaitus-moeldes-jogedes\/","url":"https:\/\/vanavorumaamuuseumid.ee\/vorumaa-naitus\/johannes-luige-isikunaitus-moeldes-jogedes\/","name":"Johannes Luige isikun\u00e4itus \"M\u00f5eldes j\u00f5gedes\" - Vana-V\u00f5rumaa muuseumid","isPartOf":{"@id":"https:\/\/vanavorumaamuuseumid.ee\/#website"},"primaryImageOfPage":{"@id":"https:\/\/vanavorumaamuuseumid.ee\/vorumaa-naitus\/johannes-luige-isikunaitus-moeldes-jogedes\/#primaryimage"},"image":{"@id":"https:\/\/vanavorumaamuuseumid.ee\/vorumaa-naitus\/johannes-luige-isikunaitus-moeldes-jogedes\/#primaryimage"},"thumbnailUrl":"https:\/\/vanavorumaamuuseumid.ee\/wp-content\/uploads\/2025\/09\/IMG-20250324-WA0010.jpg","datePublished":"2025-09-24T15:34:22+00:00","dateModified":"2025-10-12T08:30:08+00:00","breadcrumb":{"@id":"https:\/\/vanavorumaamuuseumid.ee\/vorumaa-naitus\/johannes-luige-isikunaitus-moeldes-jogedes\/#breadcrumb"},"inLanguage":"vo","potentialAction":[{"@type":"ReadAction","target":["https:\/\/vanavorumaamuuseumid.ee\/vorumaa-naitus\/johannes-luige-isikunaitus-moeldes-jogedes\/"]}]},{"@type":"ImageObject","inLanguage":"vo","@id":"https:\/\/vanavorumaamuuseumid.ee\/vorumaa-naitus\/johannes-luige-isikunaitus-moeldes-jogedes\/#primaryimage","url":"https:\/\/vanavorumaamuuseumid.ee\/wp-content\/uploads\/2025\/09\/IMG-20250324-WA0010.jpg","contentUrl":"https:\/\/vanavorumaamuuseumid.ee\/wp-content\/uploads\/2025\/09\/IMG-20250324-WA0010.jpg","width":1167,"height":1127},{"@type":"BreadcrumbList","@id":"https:\/\/vanavorumaamuuseumid.ee\/vorumaa-naitus\/johannes-luige-isikunaitus-moeldes-jogedes\/#breadcrumb","itemListElement":[{"@type":"ListItem","position":1,"name":"Home","item":"https:\/\/vanavorumaamuuseumid.ee\/"},{"@type":"ListItem","position":2,"name":"Johannes Luige isikun\u00e4itus &#8220;M\u00f5eldes j\u00f5gedes&#8221;"}]},{"@type":"WebSite","@id":"https:\/\/vanavorumaamuuseumid.ee\/#website","url":"https:\/\/vanavorumaamuuseumid.ee\/","name":"Vana-V\u00f5rumaa Muuseumid","description":"V\u00f5rumaa Muuseum, Dr. Fr. R. Kreutzwaldi Memoriaalmuuseum, M\u00f5niste Talurahvamuuseum ja Karilatsi Vaba\u00f5humuuseum","publisher":{"@id":"https:\/\/vanavorumaamuuseumid.ee\/#organization"},"potentialAction":[{"@type":"SearchAction","target":{"@type":"EntryPoint","urlTemplate":"https:\/\/vanavorumaamuuseumid.ee\/?s={search_term_string}"},"query-input":{"@type":"PropertyValueSpecification","valueRequired":true,"valueName":"search_term_string"}}],"inLanguage":"vo"},{"@type":"Organization","@id":"https:\/\/vanavorumaamuuseumid.ee\/#organization","name":"V\u00f5ru Instituut","url":"https:\/\/vanavorumaamuuseumid.ee\/","logo":{"@type":"ImageObject","inLanguage":"vo","@id":"https:\/\/vanavorumaamuuseumid.ee\/#\/schema\/logo\/image\/","url":"https:\/\/vanavorumaamuuseumid.ee\/wp-content\/uploads\/2025\/05\/vana-voromaa-muusoumi-250516.svg","contentUrl":"https:\/\/vanavorumaamuuseumid.ee\/wp-content\/uploads\/2025\/05\/vana-voromaa-muusoumi-250516.svg","width":567,"height":80,"caption":"V\u00f5ru Instituut"},"image":{"@id":"https:\/\/vanavorumaamuuseumid.ee\/#\/schema\/logo\/image\/"}}]}},"_links":{"self":[{"href":"https:\/\/vanavorumaamuuseumid.ee\/vo\/wp-json\/wp\/v2\/vorumaa-naitus\/3276","targetHints":{"allow":["GET"]}}],"collection":[{"href":"https:\/\/vanavorumaamuuseumid.ee\/vo\/wp-json\/wp\/v2\/vorumaa-naitus"}],"about":[{"href":"https:\/\/vanavorumaamuuseumid.ee\/vo\/wp-json\/wp\/v2\/types\/vorumaa-naitus"}],"wp:featuredmedia":[{"embeddable":true,"href":"https:\/\/vanavorumaamuuseumid.ee\/vo\/wp-json\/wp\/v2\/media\/3669"}],"wp:attachment":[{"href":"https:\/\/vanavorumaamuuseumid.ee\/vo\/wp-json\/wp\/v2\/media?parent=3276"}],"curies":[{"name":"wp","href":"https:\/\/api.w.org\/{rel}","templated":true}]}}